{"id":63991,"date":"2020-05-01T17:28:48","date_gmt":"2020-05-01T15:28:48","guid":{"rendered":"https:\/\/obera.fr\/mentions-legales\/"},"modified":"2025-04-11T10:40:30","modified_gmt":"2025-04-11T08:40:30","slug":"mentions-legales","status":"publish","type":"page","link":"https:\/\/obera.fr\/pt-pt\/mentions-legales\/","title":{"rendered":"Informa\u00e7\u00e3o jur\u00eddica"},"content":{"rendered":"\n<h2 class=\"wp-block-heading\" id=\"l-annonceur\">O anunciante<\/h2>\n\n<p>Este s\u00edtio Web \u00e9 editado e colocado \u00e0 tua disposi\u00e7\u00e3o por oberA, com um capital de 20 000 euros, com sede social em 4 Rue Denis Papin 67400 Illkirch-Graffenstaden, sob o n\u00famero SIRET 832 913 487 00027, c\u00f3digo NAF 4674B.<\/p>\n\n<p>O objetivo do s\u00edtio \u00e9 fornecer-te informa\u00e7\u00f5es sobre o anunciante e liga\u00e7\u00f5es a v\u00e1rios s\u00edtios Web. O s\u00edtio \u00e9 propriedade do anunciante. <\/p>\n\n<p>Este s\u00edtio \u00e9 alojado por Nome do anfitri\u00e3o: o2switch SAS com um capital de 100 000 euros, Endere\u00e7o: Chemin des Pardiaux, 63000 Clermont-Ferrand, SIRET: 510 909 807 00032 RCS Clermont Ferrand<\/p>\n\n<h2 class=\"wp-block-heading\" id=\"respect-des-droits-de-propriete-et-marques\">Respeita os direitos de propriedade e as marcas registadas<\/h2>\n\n<p>Todos os elementos que v\u00eas, ouves ou l\u00eas no s\u00edtio, bem como o pr\u00f3prio s\u00edtio, est\u00e3o protegidos pela lei dos direitos de autor. N\u00e3o podes, em caso algum, utilizar, distribuir, copiar, reproduzir, modificar, alterar ou transmitir o s\u00edtio ou elementos do s\u00edtio, tais como textos, imagens ou sons, sem a autoriza\u00e7\u00e3o pr\u00e9via por escrito do anunciante. As marcas e os log\u00f3tipos que figuram no s\u00edtio s\u00e3o propriedade do anunciante ou s\u00e3o objeto de uma autoriza\u00e7\u00e3o de utiliza\u00e7\u00e3o. Nenhum direito ou licen\u00e7a pode ser concedido relativamente a qualquer um destes elementos sem a autoriza\u00e7\u00e3o escrita do anunciante ou do terceiro detentor dos direitos da marca ou do log\u00f3tipo que figuram no s\u00edtio. A Fondation Pierre Berg\u00e9 &#8211; Yves Saint Laurent reserva-se o direito de intentar ac\u00e7\u00f5es judiciais contra qualquer viola\u00e7\u00e3o dos seus direitos de propriedade intelectual, incluindo ac\u00e7\u00f5es penais.    <\/p>\n\n<h2 class=\"wp-block-heading\" id=\"respect-des-images\">Respeito pelas imagens<\/h2>\n\n<p>As imagens ou fotografias de pessoas ou locais que aparecem no s\u00edtio s\u00e3o propriedade do anunciante e\/ou s\u00e3o utilizadas pelo anunciante com o acordo dos titulares dos direitos. A utiliza\u00e7\u00e3o destas imagens ou fotografias \u00e9 proibida sem autoriza\u00e7\u00e3o expressa e espec\u00edfica do anunciante. Qualquer utiliza\u00e7\u00e3o n\u00e3o autorizada pode implicar uma viola\u00e7\u00e3o dos direitos de autor, dos direitos de imagem, dos direitos de personalidade ou de qualquer outra regulamenta\u00e7\u00e3o aplic\u00e1vel \u00e0s comunica\u00e7\u00f5es ou \u00e0 publicidade.  <\/p>\n\n<h3 class=\"wp-block-heading\">Cr\u00e9ditos<\/h3>\n\n<ul class=\"wp-block-list\">\n<li>Design da p\u00e1gina inicial por <a href=\"https:\/\/pleaseagency.com\/\" data-type=\"link\" data-id=\"https:\/\/pleaseagency.com\/\">PLEASE CREATIVE AGENCY <\/a> <\/li>\n<\/ul>\n\n<h2 class=\"wp-block-heading\" id=\"mise-en-garde-generale\">Aviso geral<\/h2>\n\n<p>A Fondation Pierre Berg\u00e9 &#8211; Yves Saint Laurent n\u00e3o pode ser responsabilizada por qualquer dano que possa resultar do acesso ou utiliza\u00e7\u00e3o do site, incluindo qualquer deteriora\u00e7\u00e3o ou v\u00edrus que possa infetar o teu equipamento inform\u00e1tico ou qualquer outra propriedade. Embora a Fondation Pierre Berg\u00e9 &#8211; Yves Saint Laurent fa\u00e7a todos os esfor\u00e7os razo\u00e1veis para atualizar as informa\u00e7\u00f5es exactas publicadas no s\u00edtio, a Fondation Pierre Berg\u00e9 &#8211; Yves Saint Laurent n\u00e3o pode ser responsabilizada por quaisquer erros ou omiss\u00f5es. <\/p>\n\n<h2 class=\"wp-block-heading\" id=\"exclusion-de-responsabilite-et-indemnisation\">Exclus\u00e3o de responsabilidade e indemniza\u00e7\u00e3o<\/h2>\n\n<p>Nem a Fondation Pierre Berg\u00e9 &#8211; Yves Saint Laurent nem qualquer outra parte envolvida em rela\u00e7\u00e3o ao site pode ser responsabilizada por qualquer dano direto, indireto ou outro que possa resultar do acesso ou utiliza\u00e7\u00e3o do site ou da informa\u00e7\u00e3o nele contida. Indemnizar\u00e1s, defender\u00e1s e isentar\u00e1s de responsabilidade o anunciante e as suas filiais, bem como os seus diretores, funcion\u00e1rios, empregados, representantes, licenciados ou qualquer outra pessoa envolvida na cria\u00e7\u00e3o, produ\u00e7\u00e3o e distribui\u00e7\u00e3o do s\u00edtio, de e contra todas e quaisquer reivindica\u00e7\u00f5es, responsabilidades, custos e despesas decorrentes da tua viola\u00e7\u00e3o destes termos de utiliza\u00e7\u00e3o ou relacionados com a tua utiliza\u00e7\u00e3o do s\u00edtio. <\/p>\n\n<h2 class=\"wp-block-heading\" id=\"informations-personnelles\">Informa\u00e7\u00f5es pessoais<\/h2>\n\n<p>A informa\u00e7\u00e3o pessoal \u00e9 definida como &#8220;informa\u00e7\u00e3o que permite, sob qualquer forma, direta ou indiretamente, a identifica\u00e7\u00e3o das pessoas singulares a que se aplica&#8221; (extrato do artigo 4.\u00ba da lei n.\u00ba 78-17 de 6 de janeiro de 1978).<\/p>\n\n<p>Por exemplo :<\/p>\n\n<ul class=\"wp-block-list\">\n<li>um nome,<\/li>\n\n\n\n<li>um endere\u00e7o postal,<\/li>\n\n\n\n<li>um n\u00famero de telefone,<\/li>\n\n\n\n<li>um endere\u00e7o de correio eletr\u00f3nico.<\/li>\n<\/ul>\n\n<p>Os cookies s\u00e3o utilizados para configurar automaticamente o s\u00edtio quando inicias sess\u00e3o e para pr\u00e9-selecionar informa\u00e7\u00f5es.<\/p>\n\n<p>Isto significa que a configura\u00e7\u00e3o do s\u00edtio est\u00e1 ligada ao teu computador, para que todos os que utilizam o teu computador tenham um s\u00edtio configurado da mesma forma.<\/p>\n\n<h2 class=\"wp-block-heading\" id=\"utilisation-de-vos-donnees-personnelles-communication-a-des-tiers\">Utiliza\u00e7\u00e3o dos teus dados pessoais &#8211; Divulga\u00e7\u00e3o a terceiros<\/h2>\n\n<p>Ao utilizar este s\u00edtio, autoriza a utiliza\u00e7\u00e3o pelo nosso s\u00edtio dos dados pessoais que lhe dizem respeito, que comunicou ou que s\u00e3o recolhidos atrav\u00e9s do funcionamento do s\u00edtio. Estes dados s\u00e3o necess\u00e1rios para te enviar boletins informativos e para te permitir beneficiar de determinados servi\u00e7os oferecidos por este s\u00edtio. <\/p>\n\n<p>De acordo com a lei de 6 de janeiro de 1978, tens o direito de aceder, retificar ou opor-se a quaisquer dados pessoais recolhidos a teu respeito. Estes direitos podem ser exercidos enviando-nos um e-mail ou uma carta dirigida ao anunciante. <\/p>\n\n<p>Gostar\u00edamos de salientar que, atrav\u00e9s do funcionamento do s\u00edtio, recolhemos automaticamente informa\u00e7\u00f5es relativas, nomeadamente, \u00e0s p\u00e1ginas do s\u00edtio que mais te interessam, de modo a podermos utilizar essas informa\u00e7\u00f5es para efetuar an\u00e1lises e estat\u00edsticas, a fim de conhecermos melhor os teus desejos e as tuas \u00e1reas de interesse. Desta forma, e sob reserva do que se segue, poderemos enviar-te informa\u00e7\u00f5es orientadas de acordo com as tuas \u00e1reas de interesse. Podemos utilizar cookies para este efeito.  <\/p>\n\n<p>Podemos comunicar, com exce\u00e7\u00e3o do teu endere\u00e7o de correio eletr\u00f3nico, os dados pessoais assim recolhidos a terceiros da nossa escolha, como os nossos prestadores de servi\u00e7os ou fornecedores que contribuam para a presta\u00e7\u00e3o dos servi\u00e7os oferecidos. A comunica\u00e7\u00e3o destas informa\u00e7\u00f5es a estes fornecedores e prestadores de servi\u00e7os pode ser necess\u00e1ria para a presta\u00e7\u00e3o dos servi\u00e7os. Podes opor-te expressamente \u00e0 comunica\u00e7\u00e3o dos teus dados a terceiros por correio eletr\u00f3nico e\/ou por carta dirigida ao anunciante.  <\/p>\n\n<h2 class=\"wp-block-heading\" id=\"concernant-votre-adresse-e-mail\">Relativamente ao teu endere\u00e7o de correio eletr\u00f3nico<\/h2>\n\n<p>Ao fornecer-nos o teu endere\u00e7o de correio eletr\u00f3nico, o anunciante reserva-se o direito de te enviar boletins informativos e informa\u00e7\u00f5es sobre os nossos produtos e servi\u00e7os por correio eletr\u00f3nico. Se n\u00e3o desejares receber essas mensagens, podes anular a tua inscri\u00e7\u00e3o a qualquer momento, clicando na liga\u00e7\u00e3o fornecida para o efeito em cada newsletter enviada. <\/p>\n\n<p>Al\u00e9m disso, podemos transmitir o teu endere\u00e7o de correio eletr\u00f3nico a terceiros que podem enviar-te mensagens n\u00e3o solicitadas por correio eletr\u00f3nico que podem ser do teu interesse. Podes contactar-nos a qualquer momento, nomeadamente por correio eletr\u00f3nico, para nos pedires que deixemos de comunicar o teu endere\u00e7o de correio eletr\u00f3nico desta forma. <\/p>\n\n<p>Em conformidade com a legisla\u00e7\u00e3o francesa, estas informa\u00e7\u00f5es podem ser comunicadas pelo anunciante a qualquer pessoa singular, entidade jur\u00eddica ou organismo administrativo que as solicite.<\/p>\n\n<p>Por \u00faltimo, o anunciante utiliza os dados dos utilizadores (quer contenham ou n\u00e3o informa\u00e7\u00f5es pessoais) para criar an\u00e1lises estat\u00edsticas para os seus pr\u00f3prios fins. Como os dados resultantes destas an\u00e1lises s\u00e3o agregados e, portanto, totalmente an\u00f3nimos, o anunciante pode transferi-los ou vend\u00ea-los a terceiros. <\/p>\n\n<h2 class=\"wp-block-heading\" id=\"abonnement-a-la-newsletter-l-annonceur\">Subscri\u00e7\u00e3o do boletim informativo do anunciante<\/h2>\n\n<p>Atrav\u00e9s do s\u00edtio, podes subscrever a newsletter do anunciante.<\/p>\n\n<p>Esta newsletter destina-se a informar-te sobre os servi\u00e7os e os novos produtos do anunciante.<\/p>\n\n<p>Podes, a qualquer momento, informar o s\u00edtio em causa, por correio eletr\u00f3nico, de que j\u00e1 n\u00e3o desejas ser subscritor da newsletter, clicando em &#8220;Cancelar subscri\u00e7\u00e3o&#8221; ou em qualquer outra indica\u00e7\u00e3o semelhante.<\/p>\n\n<p>As condi\u00e7\u00f5es de utiliza\u00e7\u00e3o dos teus dados pessoais ser\u00e3o as do s\u00edtio em causa. Por conseguinte, pedimos-te que leias as condi\u00e7\u00f5es de utiliza\u00e7\u00e3o do s\u00edtio em causa. <\/p>\n\n<h2 class=\"wp-block-heading\" id=\"liens-externes\">Liga\u00e7\u00f5es externas<\/h2>\n\n<p>O anunciante prop\u00f5e liga\u00e7\u00f5es do seu s\u00edtio a outros s\u00edtios afiliados e n\u00e3o afiliados. Estes s\u00edtios s\u00e3o independentes do s\u00edtio. O anunciante n\u00e3o publica nem controla estes s\u00edtios. As liga\u00e7\u00f5es a estes sites n\u00e3o constituem de forma alguma uma aprova\u00e7\u00e3o ou parceria entre o anunciante e estes sites. Consequentemente, a Fondation Pierre Berg\u00e9 &#8211; Yves Saint Laurent n\u00e3o pode ser considerada respons\u00e1vel pelo conte\u00fado, produtos, publicidade ou quaisquer outros elementos ou servi\u00e7os apresentados nesses s\u00edtios. Recordamos-te que os s\u00edtios afiliados e n\u00e3o afiliados est\u00e3o sujeitos \u00e0s suas pr\u00f3prias condi\u00e7\u00f5es de utiliza\u00e7\u00e3o e pol\u00edticas de prote\u00e7\u00e3o da vida privada.     <\/p>\n\n<h2 class=\"wp-block-heading\" id=\"droit-applicable\">Direito aplic\u00e1vel<\/h2>\n\n<p>Este s\u00edtio \u00e9 regido pela lei francesa.<\/p>\n\n<h2 class=\"wp-block-heading\" id=\"modification-des-conditions\">Altera\u00e7\u00e3o das condi\u00e7\u00f5es<\/h2>\n\n<p>O anunciante reserva-se o direito de modificar ou, de um modo mais geral, de atualizar as presentes condi\u00e7\u00f5es gerais a qualquer momento e sem aviso pr\u00e9vio. Por conseguinte, convidamos-te a consult\u00e1-las regularmente. <\/p>\n\n<h2 class=\"wp-block-heading\" id=\"comment-nous-contacter-si-vous-avez-des-questions-sur-cette-charte\">Como podes contactar-nos se tiveres alguma d\u00favida sobre esta carta?<\/h2>\n\n<p>Uma vez que o objetivo desta carta \u00e9 proteger a tua privacidade, agradecemos que nos comuniques os teus desejos e coment\u00e1rios.<\/p>\n\n<p>Se considerares que os teus dados n\u00e3o est\u00e3o a ser tratados de acordo com os teus desejos quando visitas este s\u00edtio, informa-nos. Responderemos com a maior brevidade poss\u00edvel. <\/p>\n\n<p>Se, no futuro, n\u00e3o desejares ser contactado na sequ\u00eancia de uma visita a este s\u00edtio, ou se desejares verificar, corrigir ou atualizar qualquer informa\u00e7\u00e3o nominativa que nos tenhas comunicado, <a href=\"https:\/\/obera.fr\/pt-pt\/contact\/\" data-type=\"page\" data-id=\"124\">escreve-nos<\/a>.<\/p>\n\n<p>\u00daltima modifica\u00e7\u00e3o em 24 de abril de 2017.<\/p>\n","protected":false},"excerpt":{"rendered":"<p>O anunciante Este s\u00edtio Web \u00e9 editado e colocado \u00e0 tua disposi\u00e7\u00e3o por oberA, com um capital de 20 000 euros, com sede social em 4 Rue Denis Papin 67400 Illkirch-Graffenstaden, sob o n\u00famero SIRET 832 913 487 00027, c\u00f3digo NAF 4674B. O objetivo do s\u00edtio \u00e9 fornecer-te informa\u00e7\u00f5es sobre o anunciante e liga\u00e7\u00f5es a v\u00e1rios s\u00edtios Web. O s\u00edtio \u00e9 propriedade do anunciante. Este s\u00edtio \u00e9 alojado por Nome do anfitri\u00e3o: o2switch SAS com um capital de 100 000 euros, Endere\u00e7o: Chemin des Pardiaux, 63000 Clermont-Ferrand, SIRET: 510 909 807 00032 RCS Clermont Ferrand Respeita os direitos de propriedade &#8230; <\/p>\n<p class=\"read-more-container\"><a title=\"Informa\u00e7\u00e3o jur\u00eddica\" class=\"read-more button\" href=\"https:\/\/obera.fr\/pt-pt\/mentions-legales\/#more-63991\" aria-label=\"Leia mais sobre Informa\u00e7\u00e3o jur\u00eddica\">Lire la suite<\/a><\/p>\n","protected":false},"author":4,"featured_media":103626,"parent":0,"menu_order":0,"comment_status":"closed","ping_status":"closed","template":"","meta":{"_acf_changed":false,"_seopress_robots_primary_cat":"","_seopress_titles_title":"oberA.fr aviso legal","_seopress_titles_desc":"Este s\u00edtio Web \u00e9 publicado e disponibilizado pela oberA, uma empresa com um capital social de 20 000 euros, n\u00famero SIRET 832 913 487 00019, c\u00f3digo NAF 282514.","_seopress_robots_index":"sim","footnotes":""},"class_list":{"0":"post-63991","1":"page","2":"type-page","3":"status-publish","4":"has-post-thumbnail","6":"no-featured-image-padding","7":"resize-featured-image"},"acf":[],"_links":{"self":[{"href":"https:\/\/obera.fr\/pt-pt\/wp-json\/wp\/v2\/pages\/63991","targetHints":{"allow":["GET"]}}],"collection":[{"href":"https:\/\/obera.fr\/pt-pt\/wp-json\/wp\/v2\/pages"}],"about":[{"href":"https:\/\/obera.fr\/pt-pt\/wp-json\/wp\/v2\/types\/page"}],"author":[{"embeddable":true,"href":"https:\/\/obera.fr\/pt-pt\/wp-json\/wp\/v2\/users\/4"}],"replies":[{"embeddable":true,"href":"https:\/\/obera.fr\/pt-pt\/wp-json\/wp\/v2\/comments?post=63991"}],"version-history":[{"count":3,"href":"https:\/\/obera.fr\/pt-pt\/wp-json\/wp\/v2\/pages\/63991\/revisions"}],"predecessor-version":[{"id":79419,"href":"https:\/\/obera.fr\/pt-pt\/wp-json\/wp\/v2\/pages\/63991\/revisions\/79419"}],"wp:featuredmedia":[{"embeddable":true,"href":"https:\/\/obera.fr\/pt-pt\/wp-json\/wp\/v2\/media\/103626"}],"wp:attachment":[{"href":"https:\/\/obera.fr\/pt-pt\/wp-json\/wp\/v2\/media?parent=63991"}],"curies":[{"name":"wp","href":"https:\/\/api.w.org\/{rel}","templated":true}]}}