{"id":65234,"date":"2024-04-05T22:42:52","date_gmt":"2024-04-05T20:42:52","guid":{"rendered":"https:\/\/obera.fr\/produits\/aspirateurs-industriels\/w2-haute-filtration-polyvalence\/"},"modified":"2025-06-03T10:36:02","modified_gmt":"2025-06-03T08:36:02","slug":"w2-haute-filtration-polyvalence","status":"publish","type":"page","link":"https:\/\/obera.fr\/pt-pt\/produits\/aspirateurs-industriels\/w2-haute-filtration-polyvalence\/","title":{"rendered":"aspirador industrial W2"},"content":{"rendered":"\n<p>Compacto e m\u00f3vel, o<a href=\"https:\/\/obera.fr\/pt-pt\/produits\/aspirateurs-industriels\/\" data-type=\"page\" data-id=\"41\">aspirador industrial<\/a> W2 \u00e9 um dos equipamentos mais eficientes do mercado, reconhecido pela sua robustez, elevada capacidade de filtragem e desempenho.<\/p>\n\n\n\n<h2 class=\"wp-block-heading\">W2 aspiradores industriais a seco e a h\u00famido: como funcionam e onde s\u00e3o utilizados?<\/h2>\n\n\n\n<div class=\"wp-block-columns is-layout-flex wp-container-core-columns-is-layout-28f84493 wp-block-columns-is-layout-flex\">\n<div class=\"wp-block-column is-layout-flow wp-block-column-is-layout-flow\" style=\"flex-basis:33.33%\">\n<figure class=\"wp-block-image size-full is-resized\"><img decoding=\"async\" width=\"711\" height=\"622\" src=\"https:\/\/obera.fr\/wp-content\/uploads\/2024\/10\/w2.png\" alt=\"Aspiradores industriais\" class=\"wp-image-35424\" style=\"object-fit:cover;width:300px;height:300px\" srcset=\"https:\/\/obera.fr\/wp-content\/uploads\/2024\/10\/w2.png 711w, https:\/\/obera.fr\/wp-content\/uploads\/2024\/10\/w2-300x262.png 300w\" sizes=\"(max-width: 711px) 100vw, 711px\" \/><\/figure>\n<\/div>\n\n\n\n<div class=\"wp-block-column is-layout-flow wp-block-column-is-layout-flow\" style=\"flex-basis:66.66%\">\n<p>A principal vantagem do<strong>aspirador industrial a seco e a h\u00famido W2<\/strong> \u00e9 a sua versatilidade. O seu poder de suc\u00e7\u00e3o permite-lhe levantar e aspirar simultaneamente materiais s\u00f3lidos e l\u00edquidos. Est\u00e1 equipado com dois motores monof\u00e1sicos de by-pass protegidos por uma robusta cabe\u00e7a de motor em a\u00e7o e insonorizados no interior. O aspirador possui um sistema de separa\u00e7\u00e3o \u00e1gua\/poeira para filtrar os l\u00edquidos das part\u00edculas secas. As part\u00edculas de p\u00f3 aspiradas s\u00e3o armazenadas num recipiente de a\u00e7o, enquanto os l\u00edquidos s\u00e3o recolhidos num tanque.    <\/p>\n\n\n\n<p>O aspirador industrial W2 \u00e9 ideal para <strong>limpar<\/strong> e <strong>tratar<\/strong> <strong>pequenas e m\u00e9dias quantidades de p\u00f3<\/strong>. \u00c9 tamb\u00e9m eficaz na aspira\u00e7\u00e3o de materiais s\u00f3lidos e l\u00edquidos. A sua versatilidade torna-o perfeito para todos os tipos de ind\u00fastria. \u00c9 particularmente eficaz nas ind\u00fastrias qu\u00edmica, farmac\u00eautica, alimentar e de moagem, bem como nas padarias e na limpeza de fornos.   <\/p>\n\n\n\n<div class=\"wp-block-columns is-layout-flex wp-container-core-columns-is-layout-28f84493 wp-block-columns-is-layout-flex\">\n<div class=\"wp-block-column is-layout-flow wp-block-column-is-layout-flow\">\n<div class=\"wp-block-buttons is-layout-flex wp-block-buttons-is-layout-flex\">\n<div class=\"wp-block-button\"><a class=\"wp-block-button__link wp-element-button\" href=\"https:\/\/obera.fr\/wp-content\/uploads\/2025\/06\/brochure-w2-en.pdf\">DESCARREGA A BROCHURA<\/a><\/div>\n<\/div>\n<\/div>\n\n\n\n<div class=\"wp-block-column is-layout-flow wp-block-column-is-layout-flow\">\n<div class=\"wp-block-buttons is-horizontal is-content-justification-center is-layout-flex wp-container-core-buttons-is-layout-03627597 wp-block-buttons-is-layout-flex\">\n<div class=\"wp-block-button has-custom-width wp-block-button__width-100\"><a class=\"wp-block-button__link wp-element-button\" href=\"https:\/\/obera.fr\/pt-pt\/contacta-nos\/\">Saber mais<\/a><\/div>\n<\/div>\n<\/div>\n\n\n\n<div class=\"wp-block-column is-layout-flow wp-block-column-is-layout-flow\">\n<div class=\"wp-block-buttons is-content-justification-center is-layout-flex wp-container-core-buttons-is-layout-a89b3969 wp-block-buttons-is-layout-flex\">\n<div class=\"wp-block-button btn-devis-source\"><a class=\"wp-block-button__link wp-element-button\" href=\"https:\/\/obera.fr\/pt-pt\/devis\/\">Solicita um or\u00e7amento<\/a><\/div>\n<\/div>\n\n\n<script>\r\ndocument.addEventListener('DOMContentLoaded', function() {\r\n    \/\/ 1. On cherche le titre H1 de la page\r\n    var h1 = document.querySelector('h1');\r\n    var productTitle = h1 ? h1.innerText.trim() : \"\";\r\n\r\n    \/\/ 2. On cherche les boutons via la classe CSS .btn-devis-source\r\n    var buttons = document.querySelectorAll('.btn-devis-source a');\r\n\r\n    \/\/ 3. Si on a le titre et les boutons, on ajoute le param\u00e8tre\r\n    if (buttons.length > 0 && productTitle !== \"\") {\r\n        var encodedTitle = encodeURIComponent(productTitle);\r\n\r\n        buttons.forEach(function(btn) {\r\n            var currentHref = btn.getAttribute('href');\r\n            \r\n            \/\/ S\u00e9curit\u00e9 pour ne pas ajouter le param\u00e8tre 2 fois\r\n            if (currentHref.indexOf('sujet=') === -1) {\r\n                var separator = currentHref.indexOf('?') !== -1 ? '&' : '?';\r\n                var newLink = currentHref + separator + 'sujet=' + encodedTitle;\r\n                \r\n                btn.setAttribute('href', newLink);\r\n            }\r\n        });\r\n    }\r\n});\r\n<\/script><\/div>\n<\/div>\n<\/div>\n<\/div>\n\n\n\n<h2 class=\"wp-block-heading\">Aspirador industrial W2: alta filtragem, alta mobilidade&#8230; todas as suas carater\u00edsticas t\u00e9cnicas<\/h2>\n\n\n\n<p>O aspirador industrial W2 n\u00e3o tem nada a invejar aos modelos maiores:<strong> a sua pot\u00eancia de aspira\u00e7\u00e3o e a sua superf\u00edcie de filtragem de 20 000 cm2<\/strong> conferem a este equipamento uma filtragem elevada, bem como uma grande mobilidade. Com um caudal de ar de 360 m3\/h, o aspirador garante uma filtragem refor\u00e7ada para melhorar a qualidade do ar \u00e0 tua volta e eliminar mais rapidamente a sujidade.   <\/p>\n\n\n\n<p>Com um filtro de saco de poli\u00e9ster de 420 mm e uma conce\u00e7\u00e3o industrial em a\u00e7o (motor, c\u00e2mara de filtragem, recipiente e estrutura), o equipamento oferece uma durabilidade m\u00e1xima. Os seus dois motores monof\u00e1sicos est\u00e3o dimensionados para um funcionamento cont\u00ednuo, 24 horas por dia, 7 dias por semana. Outra vantagem \u00e9 o facto de o aspirador ter um sistema de desentupimento para remover os materiais depositados e evitar que o aparelho fique entupido.<\/p>\n\n\n\n<p>Outra carater\u00edstica t\u00e9cnica essencial: a sua efic\u00e1cia de filtragem at\u00e9 3 m\u00edcrones e o seu filtro de bolso, que assegura uma elevada reten\u00e7\u00e3o do p\u00f3, garantem ao aspirador W2 a pureza do ar que expele.<\/p>\n\n\n\n<p>O aspirador a seco e a h\u00famido W2 \u00e9 fornecido com <strong>acess\u00f3rios concebidos para profissionais de limpeza<\/strong> (mangueira de aspira\u00e7\u00e3o flex\u00edvel, escovas, bocal, adaptadores).<\/p>\n\n\n\n<blockquote class=\"wp-block-quote is-layout-flow wp-block-quote-is-layout-flow\">\n<p>Op\u00e7\u00f5es: o aspirador industrial W2 est\u00e1 dispon\u00edvel numa vers\u00e3o <strong>ATEX 22 zonas<\/strong> para uma limpeza segura em ambientes que geram poeiras explosivas. Tamb\u00e9m pode ser equipado com filtros nomex (resistentes ao calor at\u00e9 250\u00b0), Hepa H14, PTFE classe M, Teflon hidro-oleof\u00f3bico classe L, M ou M. Em fun\u00e7\u00e3o da sua ind\u00fastria, as nossas equipas aconselham-no sobre o filtro mais adaptado \u00e0s suas unidades de produ\u00e7\u00e3o.  <\/p>\n<\/blockquote>\n\n\n\n<h3 class=\"wp-block-heading has-text-align-center\">IND\u00daSTRIAS<\/h3>\n\n\n\n<div class=\"wp-block-columns is-layout-flex wp-container-core-columns-is-layout-28f84493 wp-block-columns-is-layout-flex\">\n<div class=\"wp-block-column is-layout-flow wp-block-column-is-layout-flow\">\n<hr class=\"wp-block-separator has-alpha-channel-opacity\"\/>\n\n\n\n<div class=\"wp-block-columns is-layout-flex wp-container-core-columns-is-layout-28f84493 wp-block-columns-is-layout-flex\">\n<div class=\"wp-block-column is-layout-flow wp-block-column-is-layout-flow\">\n<figure class=\"wp-block-image aligncenter size-thumbnail is-resized\"><img decoding=\"async\" width=\"150\" height=\"150\" src=\"https:\/\/obera.fr\/wp-content\/uploads\/2022\/02\/Textile-150x150.png\" alt=\"t\u00eaxtil\" class=\"wp-image-8855\"\/><figcaption class=\"wp-element-caption\">T\u00eaxteis<\/figcaption><\/figure>\n\n\n\n<figure class=\"wp-block-image aligncenter size-thumbnail is-resized\"><img decoding=\"async\" width=\"150\" height=\"150\" src=\"https:\/\/obera.fr\/wp-content\/uploads\/2022\/02\/Plastique-150x150.png\" alt=\"pl\u00e1stico\" class=\"wp-image-8854\"\/><figcaption class=\"wp-element-caption\">Pl\u00e1stico<\/figcaption><\/figure>\n<\/div>\n\n\n\n<div class=\"wp-block-column is-layout-flow wp-block-column-is-layout-flow\">\n<figure class=\"wp-block-image aligncenter size-thumbnail is-resized\"><img decoding=\"async\" width=\"150\" height=\"150\" src=\"https:\/\/obera.fr\/wp-content\/uploads\/2022\/02\/MINERAIS-150x150.png\" alt=\"min\u00e9rios\" class=\"wp-image-8847\"\/><figcaption class=\"wp-element-caption\">Minerais<\/figcaption><\/figure>\n\n\n\n<figure class=\"wp-block-image aligncenter size-thumbnail is-resized\"><img decoding=\"async\" width=\"150\" height=\"150\" src=\"https:\/\/obera.fr\/wp-content\/uploads\/2022\/02\/Metalurgie-150x150.png\" alt=\"metalurgia\" class=\"wp-image-8857\"\/><figcaption class=\"wp-element-caption\">Metalurgia<\/figcaption><\/figure>\n\n\n\n<figure class=\"wp-block-image aligncenter size-thumbnail is-resized\"><img decoding=\"async\" width=\"150\" height=\"150\" src=\"https:\/\/obera.fr\/wp-content\/uploads\/2023\/02\/sans-titre-2023-02-14t102211.641-150x150.png\" alt=\"Agricultura\" class=\"wp-image-18828\"\/><figcaption class=\"wp-element-caption\">Agricultura<\/figcaption><\/figure>\n<\/div>\n<\/div>\n<\/div>\n\n\n\n<div class=\"wp-block-column is-layout-flow wp-block-column-is-layout-flow\">\n<hr class=\"wp-block-separator has-alpha-channel-opacity\"\/>\n\n\n\n<div class=\"wp-block-columns is-layout-flex wp-container-core-columns-is-layout-28f84493 wp-block-columns-is-layout-flex\">\n<div class=\"wp-block-column is-layout-flow wp-block-column-is-layout-flow\">\n<figure class=\"wp-block-image aligncenter size-thumbnail is-resized\"><img decoding=\"async\" width=\"150\" height=\"150\" src=\"https:\/\/obera.fr\/wp-content\/uploads\/2022\/02\/Chimie-150x150.png\" alt=\"qu\u00edmica\" class=\"wp-image-8846\"\/><figcaption class=\"wp-element-caption\">Qu\u00edmica<\/figcaption><\/figure>\n\n\n\n<figure class=\"wp-block-image aligncenter size-thumbnail is-resized\"><img decoding=\"async\" width=\"150\" height=\"150\" src=\"https:\/\/obera.fr\/wp-content\/uploads\/2022\/02\/Travail-du-bois-150x150.png\" alt=\"trabalho da madeira\" class=\"wp-image-8856\"\/><figcaption class=\"wp-element-caption\">Trabalhos em madeira<\/figcaption><\/figure>\n\n\n\n<figure class=\"wp-block-image aligncenter size-thumbnail is-resized\"><img decoding=\"async\" width=\"150\" height=\"150\" src=\"https:\/\/obera.fr\/wp-content\/uploads\/2023\/02\/sans-titre-2023-02-14t101920.185-150x150.png\" alt=\"Avia\u00e7\u00e3o\" class=\"wp-image-18831\"\/><figcaption class=\"wp-element-caption\">Avia\u00e7\u00e3o<\/figcaption><\/figure>\n<\/div>\n\n\n\n<div class=\"wp-block-column is-layout-flow wp-block-column-is-layout-flow\">\n<figure class=\"wp-block-image aligncenter size-thumbnail is-resized\"><img decoding=\"async\" width=\"150\" height=\"150\" src=\"https:\/\/obera.fr\/wp-content\/uploads\/2022\/02\/AGROALIMENTAIRE-150x150.png\" alt=\"agroalimentar\" class=\"wp-image-8844\"\/><figcaption class=\"wp-element-caption\">Ind\u00fastria alimentar<\/figcaption><\/figure>\n\n\n\n<figure class=\"wp-block-image aligncenter size-thumbnail is-resized\"><img decoding=\"async\" width=\"150\" height=\"150\" src=\"https:\/\/obera.fr\/wp-content\/uploads\/2022\/02\/Papier-carton-150x150.png\" alt=\"papel e cart\u00e3o\" class=\"wp-image-8853\"\/><figcaption class=\"wp-element-caption\">Papel\/Cart\u00e3o<\/figcaption><\/figure>\n\n\n\n<figure class=\"wp-block-image aligncenter size-thumbnail is-resized\"><img decoding=\"async\" width=\"150\" height=\"150\" src=\"https:\/\/obera.fr\/wp-content\/uploads\/2023\/02\/sans-titre-2023-02-14t101712.416-150x150.png\" alt=\"Autom\u00f3vel\" class=\"wp-image-18834\"\/><figcaption class=\"wp-element-caption\">Autom\u00f3vel<\/figcaption><\/figure>\n<\/div>\n<\/div>\n<\/div>\n<\/div>\n\n\n\n<figure class=\"wp-block-table\"><table class=\"has-fixed-layout\"><tbody><tr><td>Tens\u00e3o<\/td><td>V-HZ<\/td><td>230-50<\/td><\/tr><tr><td>Pot\u00eancia<\/td><td>kW<\/td><td>2&#215;1.1<\/td><\/tr><tr><td>Depress\u00e3o m\u00e1xima<\/td><td>Pa<\/td><td>2.400 Pa<\/td><\/tr><tr><td>Fluxo de ar m\u00e1ximo<\/td><td>m3\/h<\/td><td>360<\/td><\/tr><tr><td>Di\u00e2metro do bocal<\/td><td>mm<\/td><td>50<\/td><\/tr><tr><td>Tipo de filtro<\/td><td><\/td><td>Com bolsos em forma de estrela<\/td><\/tr><tr><td>Superf\u00edcie<\/td><td>cm2<\/td><td>20.000<\/td><\/tr><tr><td>Sistema de limpeza<\/td><td><\/td><td>Manuel<\/td><\/tr><tr><td>Caixa de colheita<\/td><td><\/td><td>A\u00e7o<\/td><\/tr><tr><td>Sistema de drenagem<\/td><td><\/td><td>Contentor amov\u00edvel<\/td><\/tr><tr><td>Capacidade<\/td><td>litro<\/td><td>40<\/td><\/tr><tr><td>Dimens\u00f5es<\/td><td>cm<\/td><td>55x63x115<\/td><\/tr><\/tbody><\/table><\/figure>\n\n\n\n<div class=\"wp-block-buttons is-content-justification-center is-layout-flex wp-container-core-buttons-is-layout-a89b3969 wp-block-buttons-is-layout-flex\">\n<div class=\"wp-block-button\"><a class=\"wp-block-button__link wp-element-button\" href=\"https:\/\/obera.fr\/wp-content\/uploads\/2024\/04\/obera_brochure-w2-fr.pdf\">DESCARREGA A FICHA T\u00c9CNICA DO PRODUTO<\/a><\/div>\n<\/div>\n\n\n\n<h2 class=\"wp-block-heading\">Potente e vers\u00e1til: todas as vantagens do aspirador W2<\/h2>\n\n\n\n<p>A W2 combina a facilidade de utiliza\u00e7\u00e3o de uma m\u00e1quina compacta com a pot\u00eancia de um aspirador industrial. Para al\u00e9m da sua elevada mobilidade e desempenho de aspira\u00e7\u00e3o, o seu revestimento insonorizante minimiza o ru\u00eddo durante a utiliza\u00e7\u00e3o, de modo a n\u00e3o incomodar o operador ou outros funcion\u00e1rios na oficina. Tamb\u00e9m para facilitar a utiliza\u00e7\u00e3o, a sua sa\u00edda virada para baixo evita que o p\u00f3 seja agitado na superf\u00edcie e atrapalhe o operador.<\/p>\n\n\n\n<p>O aspirador n\u00e3o necessita de manuten\u00e7\u00e3o e est\u00e1 equipado com um agitador de filtro vertical para evitar a satura\u00e7\u00e3o e, sobretudo, para facilitar a limpeza manual.<\/p>\n\n\n\n<p>Por \u00faltimo, mas n\u00e3o menos importante, a sua versatilidade \u00e9 a sua principal vantagem, uma vez que a aspira\u00e7\u00e3o de materiais s\u00f3lidos e l\u00edquidos permite a sua utiliza\u00e7\u00e3o para uma multiplicidade de fins: limpeza de pavimentos, paredes, estaleiros, oficinas, m\u00e1quinas, equipamentos de restaura\u00e7\u00e3o, etc.<\/p>\n\n\n\n<div class=\"wp-block-columns is-layout-flex wp-container-core-columns-is-layout-28f84493 wp-block-columns-is-layout-flex\">\n<div class=\"wp-block-column is-layout-flow wp-block-column-is-layout-flow\" style=\"flex-basis:33.34%\">\n<h3 class=\"wp-block-heading\">Vantagens :<\/h3>\n\n\n\n<ul class=\"wp-block-list\">\n<li>Sistema de filtragem elevado para extrair simultaneamente poeiras s\u00f3lidas e l\u00edquidas;<\/li>\n\n\n\n<li>Ultra-compacto e m\u00f3vel;<\/li>\n\n\n\n<li>Utiliza-o de forma muito silenciosa.  <\/li>\n<\/ul>\n<\/div>\n\n\n\n<div class=\"wp-block-column is-layout-flow wp-block-column-is-layout-flow\" style=\"flex-basis:33.34%\">\n<h3 class=\"wp-block-heading\">Carater\u00edsticas especiais:<\/h3>\n\n\n\n<ul class=\"wp-block-list\">\n<li>Dois motores monof\u00e1sicos com interruptores independentes;<\/li>\n\n\n\n<li>Opcional: Filtro Hepa H14, classe M, L, M Teflon oleof\u00f3bico \u00e0 \u00e1gua, M PTFE, filtro nomex;<\/li>\n\n\n\n<li>Dispon\u00edvel na vers\u00e3o ATEX Zona 22.<\/li>\n<\/ul>\n<\/div>\n\n\n\n<div class=\"wp-block-column is-layout-flow wp-block-column-is-layout-flow\" style=\"flex-basis:33.33%\">\n<h3 class=\"wp-block-heading\">Carater\u00edsticas :<\/h3>\n\n\n\n<ul class=\"wp-block-list\">\n<li>Luz indicadora de filtro entupido ;<\/li>\n\n\n\n<li>Prote\u00e7\u00e3o da unidade de aspira\u00e7\u00e3o com o seu filtro estrela (poli\u00e9ster).<\/li>\n<\/ul>\n<\/div>\n<\/div>\n\n\n\n<h2 class=\"wp-block-heading\">Gostarias de testar o aspirador industrial W2 no teu local de produ\u00e7\u00e3o?<\/h2>\n\n\n\n<p>Testa a solu\u00e7\u00e3o nas tuas oficinas! Para todas as nossas solu\u00e7\u00f5es, oferecemos uma fase de teste com op\u00e7\u00e3o de compra por um per\u00edodo m\u00e9dio de 1 m\u00eas. No final do teste, ou a adopta ou sugerimos uma solu\u00e7\u00e3o mais adequada \u00e0s suas necessidades.<\/p>\n\n\n\n<div class=\"wp-block-buttons is-content-justification-center is-layout-flex wp-container-core-buttons-is-layout-a89b3969 wp-block-buttons-is-layout-flex\">\n<div class=\"wp-block-button\"><a class=\"wp-block-button__link wp-element-button\" href=\"https:\/\/obera.fr\/pt-pt\/contact\/\">TESTA O ASPIRADOR W2<\/a><\/div>\n<\/div>\n\n\n\n<h2 class=\"wp-block-heading\">Outros aspiradores industriais da gama<\/h2>\n\n\n\n<div class=\"wp-block-columns is-layout-flex wp-container-core-columns-is-layout-28f84493 wp-block-columns-is-layout-flex\">\n<div class=\"wp-block-column is-layout-flow wp-block-column-is-layout-flow\">\n<figure class=\"wp-block-image aligncenter size-full is-resized\"><a href=\"https:\/\/obera.fr\/produits\/aspirateurs-industriels\/w2-xr-atex-22\/\"><img decoding=\"async\" width=\"566\" height=\"671\" src=\"https:\/\/obera.fr\/wp-content\/uploads\/2024\/10\/w2-xr-2.png\" alt=\"Aspiradores industriais\" class=\"wp-image-35431\" style=\"object-fit:cover;width:300px;height:300px\" srcset=\"https:\/\/obera.fr\/wp-content\/uploads\/2024\/10\/w2-xr-2.png 566w, https:\/\/obera.fr\/wp-content\/uploads\/2024\/10\/w2-xr-2-253x300.png 253w\" sizes=\"(max-width: 566px) 100vw, 566px\" \/><\/a><figcaption class=\"wp-element-caption\">W2 XR<\/figcaption><\/figure>\n<\/div>\n\n\n\n<div class=\"wp-block-column is-layout-flow wp-block-column-is-layout-flow\">\n<figure class=\"wp-block-image aligncenter size-full\"><a href=\"https:\/\/obera.fr\/produits\/aspirateurs-industriels\/ventilateurs-aspiration-gamme-eurosog-rg-100-800\/\"><img decoding=\"async\" width=\"600\" height=\"600\" src=\"https:\/\/obera.fr\/wp-content\/uploads\/2024\/04\/obera-ventilateur-aspiration-rg-300-400.jpg\" alt=\"ventilador de aspira\u00e7\u00e3o obera rg 300 400\" class=\"wp-image-29437\" srcset=\"https:\/\/obera.fr\/wp-content\/uploads\/2024\/04\/obera-ventilateur-aspiration-rg-300-400.jpg 600w, https:\/\/obera.fr\/wp-content\/uploads\/2024\/04\/obera-ventilateur-aspiration-rg-300-400-300x300.jpg 300w, https:\/\/obera.fr\/wp-content\/uploads\/2024\/04\/obera-ventilateur-aspiration-rg-300-400-150x150.jpg 150w\" sizes=\"(max-width: 600px) 100vw, 600px\" \/><\/a><figcaption class=\"wp-element-caption\">RG 300\/400<\/figcaption><\/figure>\n<\/div>\n\n\n\n<div class=\"wp-block-column is-layout-flow wp-block-column-is-layout-flow\">\n<figure class=\"wp-block-image aligncenter size-full is-resized\"><a href=\"https:\/\/obera.fr\/produits\/aspirateurs-industriels\/w3-pour-nettoyage-general\/\"><img decoding=\"async\" width=\"658\" height=\"652\" src=\"https:\/\/obera.fr\/wp-content\/uploads\/2024\/10\/w3.png\" alt=\"w3\" class=\"wp-image-35427\" style=\"object-fit:cover;width:300px;height:300px\" srcset=\"https:\/\/obera.fr\/wp-content\/uploads\/2024\/10\/w3.png 658w, https:\/\/obera.fr\/wp-content\/uploads\/2024\/10\/w3-300x297.png 300w, https:\/\/obera.fr\/wp-content\/uploads\/2024\/10\/w3-150x150.png 150w, https:\/\/obera.fr\/wp-content\/uploads\/2024\/10\/w3-24x24.png 24w, https:\/\/obera.fr\/wp-content\/uploads\/2024\/10\/w3-48x48.png 48w, https:\/\/obera.fr\/wp-content\/uploads\/2024\/10\/w3-96x96.png 96w\" sizes=\"(max-width: 658px) 100vw, 658px\" \/><\/a><figcaption class=\"wp-element-caption\">W3<\/figcaption><\/figure>\n<\/div>\n<\/div>\n","protected":false},"excerpt":{"rendered":"<p>Compacto e m\u00f3vel, oaspirador industrial W2 \u00e9 um dos equipamentos mais eficientes do mercado, reconhecido pela sua robustez, elevada capacidade de filtragem e desempenho. W2 aspiradores industriais a seco e a h\u00famido: como funcionam e onde s\u00e3o utilizados? A principal vantagem doaspirador industrial a seco e a h\u00famido W2 \u00e9 a sua versatilidade. O seu poder de suc\u00e7\u00e3o permite-lhe levantar e aspirar simultaneamente materiais s\u00f3lidos e l\u00edquidos. Est\u00e1 equipado com dois motores monof\u00e1sicos de by-pass protegidos por uma robusta cabe\u00e7a de motor em a\u00e7o e insonorizados no interior. O aspirador possui um sistema de separa\u00e7\u00e3o \u00e1gua\/poeira para filtrar os l\u00edquidos &#8230; <\/p>\n<p class=\"read-more-container\"><a title=\"aspirador industrial W2\" class=\"read-more button\" href=\"https:\/\/obera.fr\/pt-pt\/produits\/aspirateurs-industriels\/w2-haute-filtration-polyvalence\/#more-65234\" aria-label=\"Leia mais sobre aspirador industrial W2\">Lire la suite<\/a><\/p>\n","protected":false},"author":4,"featured_media":83747,"parent":48486,"menu_order":0,"comment_status":"closed","ping_status":"closed","template":"","meta":{"_acf_changed":false,"_seopress_robots_primary_cat":"","_seopress_titles_title":"Aspirador industrial W2: elevada filtragem e versatilidade","_seopress_titles_desc":"Escolhe a s\u00e9rie W2 com o seu sistema de alta filtragem para a extra\u00e7\u00e3o simult\u00e2nea de poeiras s\u00f3lidas e l\u00edquidas.","_seopress_robots_index":"","footnotes":""},"class_list":{"0":"post-65234","1":"page","2":"type-page","3":"status-publish","4":"has-post-thumbnail","6":"no-featured-image-padding","7":"resize-featured-image"},"acf":[],"_links":{"self":[{"href":"https:\/\/obera.fr\/pt-pt\/wp-json\/wp\/v2\/pages\/65234","targetHints":{"allow":["GET"]}}],"collection":[{"href":"https:\/\/obera.fr\/pt-pt\/wp-json\/wp\/v2\/pages"}],"about":[{"href":"https:\/\/obera.fr\/pt-pt\/wp-json\/wp\/v2\/types\/page"}],"author":[{"embeddable":true,"href":"https:\/\/obera.fr\/pt-pt\/wp-json\/wp\/v2\/users\/4"}],"replies":[{"embeddable":true,"href":"https:\/\/obera.fr\/pt-pt\/wp-json\/wp\/v2\/comments?post=65234"}],"version-history":[{"count":6,"href":"https:\/\/obera.fr\/pt-pt\/wp-json\/wp\/v2\/pages\/65234\/revisions"}],"predecessor-version":[{"id":107394,"href":"https:\/\/obera.fr\/pt-pt\/wp-json\/wp\/v2\/pages\/65234\/revisions\/107394"}],"up":[{"embeddable":true,"href":"https:\/\/obera.fr\/pt-pt\/wp-json\/wp\/v2\/pages\/48486"}],"wp:featuredmedia":[{"embeddable":true,"href":"https:\/\/obera.fr\/pt-pt\/wp-json\/wp\/v2\/media\/83747"}],"wp:attachment":[{"href":"https:\/\/obera.fr\/pt-pt\/wp-json\/wp\/v2\/media?parent=65234"}],"curies":[{"name":"wp","href":"https:\/\/api.w.org\/{rel}","templated":true}]}}