{"id":37413,"date":"2024-04-01T13:32:19","date_gmt":"2024-04-01T11:32:19","guid":{"rendered":"https:\/\/obera.fr\/ic22-racitor-de-aer-cu-filtru-evaporativ\/"},"modified":"2025-04-24T12:24:01","modified_gmt":"2025-04-24T10:24:01","slug":"ic22-filtrant-par-evaporation","status":"publish","type":"page","link":"https:\/\/obera.fr\/ro\/produits\/rafraichisseurs-air\/rafraichisseurs-par-evaporation-ic\/ic22-filtrant-par-evaporation\/","title":{"rendered":"IC22 r\u0103citor de aer cu filtru evaporativ"},"content":{"rendered":"\n<p>Ecologic \u0219i economic, <strong>odorizatorul de aer cu filtru evaporativ<\/strong> este ideal pentru a genera un aer mai rece de aproximativ 10 p\u00e2n\u0103 la 20\u00b0C \u00een spa\u021biile dvs. de lucru.<\/p>\n\n\n\n<h2 class=\"wp-block-heading\">R\u0103citor de aer cu filtru evaporativ OberA: cum func\u021bioneaz\u0103?<\/h2>\n\n\n\n<div class=\"wp-block-columns is-layout-flex wp-container-core-columns-is-layout-28f84493 wp-block-columns-is-layout-flex\">\n<div class=\"wp-block-column is-vertically-aligned-top is-layout-flow wp-block-column-is-layout-flow\" style=\"flex-basis:50%\">\n<figure class=\"wp-block-image aligncenter size-full is-resized\"><img decoding=\"async\" width=\"600\" height=\"600\" src=\"https:\/\/obera.fr\/wp-content\/uploads\/2024\/02\/ic22-carre.jpg\" alt=\"IC22 r\u0103citor de aer cu filtru evaporativ\" class=\"wp-image-28148\" style=\"width:370px;height:auto\" srcset=\"https:\/\/obera.fr\/wp-content\/uploads\/2024\/02\/ic22-carre.jpg 600w, https:\/\/obera.fr\/wp-content\/uploads\/2024\/02\/ic22-carre-300x300.jpg 300w, https:\/\/obera.fr\/wp-content\/uploads\/2024\/02\/ic22-carre-150x150.jpg 150w\" sizes=\"(max-width: 600px) 100vw, 600px\" \/><figcaption class=\"wp-element-caption\">IC 22<\/figcaption><\/figure>\n<\/div>\n\n\n\n<div class=\"wp-block-column is-vertically-aligned-center is-layout-flow wp-block-column-is-layout-flow\" style=\"flex-basis:66.66%\">\n<p>Gama IC22 de r\u0103citoare evaporative de aer are panouri din fagure de miere care sunt \u00eenmuiate constant \u00een ap\u0103. Ventilatorul axial elicoidal din partea din spate a aparatului aspir\u0103 aerul cald \u0219i \u00eel trece prin panourile de r\u0103cire. Aerul fierbinte se vaporizeaz\u0103 \u0219i se r\u0103ce\u0219te la contactul cu apa. Acest fenomen este cunoscut sub numele de <strong>&#8222;efect de r\u0103cire<\/strong> &#8221; \u0219i reduce temperatura aerului aspirat cu p\u00e2n\u0103 la 20\u00b0C. Aerul mai rece, filtrat, este apoi \u00eempins prin unitate \u0219i circul\u0103 prin spa\u021biul de lucru. Este \u00een continuare esen\u021bial ca \u00eenc\u0103perea s\u0103 fie ventilat\u0103 pentru a permite aerului s\u0103 circule corect, s\u0103 evacueze umiditatea \u0219i s\u0103 aduc\u0103 aer cald nou care va fi filtrat de <strong>r\u0103citorul mobil<\/strong>. Pe scurt, cu c\u00e2t aerul este mai cald, cu at\u00e2t r\u0103cirea este mai bun\u0103.      <\/p>\n\n\n\n<p><a href=\"https:\/\/obera.fr\/ro\/produits\/rafraichisseurs-air\/rafraichisseurs-par-evaporation-ic\/\" data-type=\"page\" data-id=\"18698\">R\u0103citorul de aer adiabatic IC este proiectat pentru<\/a> utilizare \u00een <strong>toate sectoarele<\/strong> industriei, depozitelor logistice \u0219i agriculturii. Acesta poate fi utilizat pentru a r\u0103ci posturile de lucru sau spa\u021biile angaja\u021bilor. Este deosebit de popular \u00een fabrici, garaje, hale de depozitare, ateliere, sere \u0219i depozite.  <\/p>\n\n\n\n<div class=\"wp-block-columns is-layout-flex wp-container-core-columns-is-layout-28f84493 wp-block-columns-is-layout-flex\">\n<div class=\"wp-block-column is-layout-flow wp-block-column-is-layout-flow\" style=\"flex-basis:33.33%\">\n<div class=\"wp-block-buttons is-layout-flex wp-block-buttons-is-layout-flex\">\n<div class=\"wp-block-button\"><a class=\"wp-block-button__link wp-element-button\" href=\"https:\/\/obera.fr\/wp-content\/uploads\/2025\/04\/brochure-ic-22-en.pdf\">DESC\u0102RCA\u021aI BRO\u0218URA<\/a><\/div>\n<\/div>\n<\/div>\n\n\n\n<div class=\"wp-block-column is-layout-flow wp-block-column-is-layout-flow\" style=\"flex-basis:33.34%\">\n<div class=\"wp-block-buttons is-horizontal is-content-justification-center is-layout-flex wp-container-core-buttons-is-layout-03627597 wp-block-buttons-is-layout-flex\">\n<div class=\"wp-block-button has-custom-width wp-block-button__width-100\"><a class=\"wp-block-button__link wp-element-button\" href=\"https:\/\/obera.fr\/ro\/contactati-ne\/\">Afl\u0103 mai multe<\/a><\/div>\n<\/div>\n\n\n\n<p><\/p>\n<\/div>\n\n\n\n<div class=\"wp-block-column is-layout-flow wp-block-column-is-layout-flow\" style=\"flex-basis:33.34%\">\n<div class=\"wp-block-buttons is-content-justification-center is-layout-flex wp-container-core-buttons-is-layout-a89b3969 wp-block-buttons-is-layout-flex\">\n<div class=\"wp-block-button btn-devis-source\"><a class=\"wp-block-button__link wp-element-button\" href=\"https:\/\/obera.fr\/ro\/devis\/\">Solicita\u021bi o ofert\u0103<\/a><\/div>\n<\/div>\n\n\n<script>\r\ndocument.addEventListener('DOMContentLoaded', function() {\r\n    \/\/ 1. On cherche le titre H1 de la page\r\n    var h1 = document.querySelector('h1');\r\n    var productTitle = h1 ? h1.innerText.trim() : \"\";\r\n\r\n    \/\/ 2. On cherche les boutons via la classe CSS .btn-devis-source\r\n    var buttons = document.querySelectorAll('.btn-devis-source a');\r\n\r\n    \/\/ 3. Si on a le titre et les boutons, on ajoute le param\u00e8tre\r\n    if (buttons.length > 0 && productTitle !== \"\") {\r\n        var encodedTitle = encodeURIComponent(productTitle);\r\n\r\n        buttons.forEach(function(btn) {\r\n            var currentHref = btn.getAttribute('href');\r\n            \r\n            \/\/ S\u00e9curit\u00e9 pour ne pas ajouter le param\u00e8tre 2 fois\r\n            if (currentHref.indexOf('sujet=') === -1) {\r\n                var separator = currentHref.indexOf('?') !== -1 ? '&' : '?';\r\n                var newLink = currentHref + separator + 'sujet=' + encodedTitle;\r\n                \r\n                btn.setAttribute('href', newLink);\r\n            }\r\n        });\r\n    }\r\n});\r\n<\/script><\/div>\n<\/div>\n<\/div>\n<\/div>\n\n\n\n<div class=\"wp-block-columns is-layout-flex wp-container-core-columns-is-layout-28f84493 wp-block-columns-is-layout-flex\">\n<div class=\"wp-block-column is-layout-flow wp-block-column-is-layout-flow\" style=\"flex-basis:25%\"><\/div>\n\n\n\n<div class=\"wp-block-column is-layout-flow wp-block-column-is-layout-flow\" style=\"flex-basis:50%\">\n<figure class=\"wp-block-embed is-type-video is-provider-youtube wp-block-embed-youtube wp-embed-aspect-16-9 wp-has-aspect-ratio\"><div class=\"wp-block-embed__wrapper\">\n<iframe title=\"Rafraichisseur d&#039;air - Gamme IC - OberA\" width=\"1200\" height=\"675\" src=\"https:\/\/www.youtube.com\/embed\/NG-Ssy2oM70?feature=oembed\" frameborder=\"0\" allow=\"accelerometer; autoplay; clipboard-write; encrypted-media; gyroscope; picture-in-picture; web-share\" referrerpolicy=\"strict-origin-when-cross-origin\" allowfullscreen><\/iframe>\n<\/div><\/figure>\n\n\n\n<p><\/p>\n<\/div>\n\n\n\n<div class=\"wp-block-column is-layout-flow wp-block-column-is-layout-flow\" style=\"flex-basis:25%\"><\/div>\n<\/div>\n\n\n\n<h2 class=\"wp-block-heading\">Care sunt caracteristicile r\u0103citorului de aer IC22?<\/h2>\n\n\n\n<p>Odorizatorul de aer evaporativ mobil IC22 are 3 viteze pentru a men\u021bine controlul puterii \u0219i a se adapta nevoilor echipelor. Panoul de control poate fi utilizat pentru a configura direc\u021bia fluxului de aer al unit\u0103\u021bii, tratarea apei prin intermediul unui ionizator \u0219i activarea fluxului de ap\u0103 peste mediul filtrant. <\/p>\n\n\n\n<p>Aceast\u0103 unitate puternic\u0103 are un debit de 22.000 m3\/h, suficient pentru a r\u0103ci o suprafa\u021b\u0103 de p\u00e2n\u0103 la 250 m2. Rezervorul de ap\u0103 poate stoca p\u00e2n\u0103 la 130 litri de ap\u0103, garant\u00e2nd func\u021bionarea ne\u00eentrerupt\u0103 pe o suprafa\u021b\u0103 mare. <\/p>\n\n\n\n<p>Un alt avantaj tehnic, \u0219i nu cel din urm\u0103, este c\u0103 un <strong>r\u0103citor de aer necesit\u0103 foarte pu\u021bin\u0103 ap\u0103 \u0219i electricitate<\/strong>. Consumul de ap\u0103 este \u00eentre 10 \u0219i 15 litri pe or\u0103. Mult mai eficient dec\u00e2t un umidificator de aer sau un sistem de ventila\u021bie pentru r\u0103cirea spa\u021biilor mari.  <\/p>\n\n\n\n<p>\u00cen cele din urm\u0103, r\u0103citorul de aer IC22 este mobil \u0219i stabil. C\u00e2nt\u0103re\u0219te <strong>50 kg<\/strong> \u0219i are roti\u021be moi, astfel \u00eenc\u00e2t s\u0103 \u00eel pute\u021bi muta dup\u0103 bunul plac. Este inclus\u0103 o telecomand\u0103 pentru un control u\u0219or de la distan\u021b\u0103.  <\/p>\n\n\n\n<blockquote class=\"wp-block-quote is-layout-flow wp-block-quote-is-layout-flow\">\n<figure class=\"wp-block-image aligncenter size-full\"><img decoding=\"async\" width=\"290\" height=\"98\" src=\"https:\/\/obera.fr\/wp-content\/uploads\/2025\/02\/green-modern-marketing-logo.png\" alt=\"logo marketing modern verde\" class=\"wp-image-61494\"\/><\/figure>\n\n\n\n<p>Filtru G4: r\u0103citorul de aer evaporativ IC22 este echipat cu un filtru de aer G4 pentru a \u00eembun\u0103t\u0103\u021bi calitatea aerului. Acesta este un avantaj clar pentru s\u0103n\u0103tatea angaja\u021bilor \u0219i pentru garantarea performan\u021bei ma\u0219inii. De asemenea, prelunge\u0219te durata de via\u021b\u0103 a r\u0103citorului, deoarece este mai pu\u021bin \u00eenfundat cu murd\u0103rie \u0219i praf.  <\/p>\n<\/blockquote>\n\n\n\n<div class=\"wp-block-columns is-layout-flex wp-container-core-columns-is-layout-28f84493 wp-block-columns-is-layout-flex\">\n<div class=\"wp-block-column is-layout-flow wp-block-column-is-layout-flow\"><\/div>\n\n\n\n<div class=\"wp-block-column is-layout-flow wp-block-column-is-layout-flow\"><\/div>\n\n\n\n<div class=\"wp-block-column is-layout-flow wp-block-column-is-layout-flow\"><\/div>\n<\/div>\n\n\n\n<h3 class=\"wp-block-heading has-text-align-center\">INDUSTRII<\/h3>\n\n\n\n<div class=\"wp-block-columns is-layout-flex wp-container-core-columns-is-layout-28f84493 wp-block-columns-is-layout-flex\">\n<div class=\"wp-block-column is-layout-flow wp-block-column-is-layout-flow\">\n<hr class=\"wp-block-separator has-alpha-channel-opacity\"\/>\n\n\n\n<div class=\"wp-block-columns is-layout-flex wp-container-core-columns-is-layout-28f84493 wp-block-columns-is-layout-flex\">\n<div class=\"wp-block-column is-layout-flow wp-block-column-is-layout-flow\">\n<figure class=\"wp-block-image aligncenter size-thumbnail is-resized\"><img decoding=\"async\" width=\"150\" height=\"150\" src=\"https:\/\/obera.fr\/wp-content\/uploads\/2022\/02\/Textile-150x150.png\" alt=\"textile\" class=\"wp-image-8855\"\/><figcaption class=\"wp-element-caption\">Textile<\/figcaption><\/figure>\n\n\n\n<figure class=\"wp-block-image aligncenter size-thumbnail is-resized\"><img decoding=\"async\" width=\"150\" height=\"150\" src=\"https:\/\/obera.fr\/wp-content\/uploads\/2022\/02\/Plastique-150x150.png\" alt=\"plastic\" class=\"wp-image-8854\"\/><figcaption class=\"wp-element-caption\">Plastic<\/figcaption><\/figure>\n\n\n\n<figure class=\"wp-block-image aligncenter size-thumbnail is-resized\"><img decoding=\"async\" width=\"150\" height=\"150\" src=\"https:\/\/obera.fr\/wp-content\/uploads\/2023\/02\/sans-titre-2023-02-14t104609.147-150x150.png\" alt=\"Logistic\u0103\" class=\"wp-image-18825\"\/><figcaption class=\"wp-element-caption\">Logistic\u0103<\/figcaption><\/figure>\n<\/div>\n\n\n\n<div class=\"wp-block-column is-layout-flow wp-block-column-is-layout-flow\">\n<figure class=\"wp-block-image aligncenter size-thumbnail is-resized\"><img decoding=\"async\" width=\"150\" height=\"150\" src=\"https:\/\/obera.fr\/wp-content\/uploads\/2022\/02\/MINERAIS-150x150.png\" alt=\"minereuri\" class=\"wp-image-8847\"\/><figcaption class=\"wp-element-caption\">Minerale<\/figcaption><\/figure>\n\n\n\n<figure class=\"wp-block-image aligncenter size-thumbnail is-resized\"><img decoding=\"async\" width=\"150\" height=\"150\" src=\"https:\/\/obera.fr\/wp-content\/uploads\/2022\/02\/Metalurgie-150x150.png\" alt=\"metalurgie\" class=\"wp-image-8857\"\/><figcaption class=\"wp-element-caption\">Metalurgie<\/figcaption><\/figure>\n\n\n\n<figure class=\"wp-block-image aligncenter size-thumbnail is-resized\"><img decoding=\"async\" width=\"150\" height=\"150\" src=\"https:\/\/obera.fr\/wp-content\/uploads\/2023\/02\/sans-titre-2023-02-14t102211.641-150x150.png\" alt=\"Agricultur\u0103\" class=\"wp-image-18828\"\/><figcaption class=\"wp-element-caption\">Agricultur\u0103<\/figcaption><\/figure>\n<\/div>\n<\/div>\n<\/div>\n\n\n\n<div class=\"wp-block-column is-layout-flow wp-block-column-is-layout-flow\">\n<hr class=\"wp-block-separator has-alpha-channel-opacity\"\/>\n\n\n\n<div class=\"wp-block-columns is-layout-flex wp-container-core-columns-is-layout-28f84493 wp-block-columns-is-layout-flex\">\n<div class=\"wp-block-column is-layout-flow wp-block-column-is-layout-flow\">\n<figure class=\"wp-block-image aligncenter size-thumbnail is-resized\"><img decoding=\"async\" width=\"150\" height=\"150\" src=\"https:\/\/obera.fr\/wp-content\/uploads\/2022\/02\/Chimie-150x150.png\" alt=\"chimie\" class=\"wp-image-8846\"\/><figcaption class=\"wp-element-caption\">Chimie<\/figcaption><\/figure>\n\n\n\n<figure class=\"wp-block-image aligncenter size-thumbnail is-resized\"><img decoding=\"async\" width=\"150\" height=\"150\" src=\"https:\/\/obera.fr\/wp-content\/uploads\/2022\/02\/Travail-du-bois-150x150.png\" alt=\"prelucrarea lemnului\" class=\"wp-image-8856\"\/><figcaption class=\"wp-element-caption\">Prelucrarea lemnului<\/figcaption><\/figure>\n\n\n\n<figure class=\"wp-block-image aligncenter size-thumbnail is-resized\"><img decoding=\"async\" width=\"150\" height=\"150\" src=\"https:\/\/obera.fr\/wp-content\/uploads\/2023\/02\/sans-titre-2023-02-14t101920.185-150x150.png\" alt=\"Avia\u021bie\" class=\"wp-image-18831\"\/><figcaption class=\"wp-element-caption\">Avia\u021bie<\/figcaption><\/figure>\n<\/div>\n\n\n\n<div class=\"wp-block-column is-layout-flow wp-block-column-is-layout-flow\">\n<figure class=\"wp-block-image aligncenter size-thumbnail is-resized\"><img decoding=\"async\" width=\"150\" height=\"150\" src=\"https:\/\/obera.fr\/wp-content\/uploads\/2022\/02\/AGROALIMENTAIRE-150x150.png\" alt=\"agroalimentare\" class=\"wp-image-8844\"\/><figcaption class=\"wp-element-caption\">Industria alimentar\u0103<\/figcaption><\/figure>\n\n\n\n<figure class=\"wp-block-image aligncenter size-thumbnail is-resized\"><img decoding=\"async\" width=\"150\" height=\"150\" src=\"https:\/\/obera.fr\/wp-content\/uploads\/2022\/02\/Papier-carton-150x150.png\" alt=\"h\u00e2rtie \u0219i carton\" class=\"wp-image-8853\"\/><figcaption class=\"wp-element-caption\">H\u00e2rtie\/carton<\/figcaption><\/figure>\n\n\n\n<figure class=\"wp-block-image aligncenter size-thumbnail is-resized\"><img decoding=\"async\" width=\"150\" height=\"150\" src=\"https:\/\/obera.fr\/wp-content\/uploads\/2023\/02\/sans-titre-2023-02-14t101712.416-150x150.png\" alt=\"Automobile\" class=\"wp-image-18834\"\/><figcaption class=\"wp-element-caption\">Automobile<\/figcaption><\/figure>\n<\/div>\n<\/div>\n<\/div>\n<\/div>\n\n\n\n<figure class=\"wp-block-table\"><table class=\"has-fixed-layout\"><tbody><tr><td>Flux<\/td><td>m3\/h<\/td><td>22 000<\/td><\/tr><tr><td>Num\u0103r de viteze<\/td><td><\/td><td>3<\/td><\/tr><tr><td>Tensiune<\/td><td>V<\/td><td>230<\/td><\/tr><tr><td>Curent nominal<\/td><td>A<\/td><td>2.8<\/td><\/tr><tr><td>Putere<\/td><td>W<\/td><td>640<\/td><\/tr><tr><td>Dimensiuni<\/td><td>l\/L\/h (mm)<\/td><td>1120 x 640 x 1600<\/td><\/tr><tr><td>Greutate<\/td><td>kg<\/td><td>50<\/td><\/tr><tr><td>Nivelul de zgomot<\/td><td>dB(A)<\/td><td>58\/64\/68<\/td><\/tr><tr><td>Suprafa\u021b\u0103 tratat\u0103<\/td><td>m\u00b2<\/td><td>150 \u00e0 250<\/td><\/tr><tr><td>Capacitatea rezervorului<\/td><td>L<\/td><td>130<\/td><\/tr><tr><td>Consumul de ap\u0103<\/td><td>L\/h<\/td><td>10 \u00e0 15<\/td><\/tr><\/tbody><\/table><\/figure>\n\n\n\n<div class=\"wp-block-columns is-layout-flex wp-container-core-columns-is-layout-28f84493 wp-block-columns-is-layout-flex\">\n<div class=\"wp-block-column is-layout-flow wp-block-column-is-layout-flow\">\n<div class=\"wp-block-buttons is-content-justification-center is-layout-flex wp-container-core-buttons-is-layout-a89b3969 wp-block-buttons-is-layout-flex\">\n<div class=\"wp-block-button\"><a class=\"wp-block-button__link wp-element-button\" href=\"https:\/\/obera.fr\/wp-content\/uploads\/2025\/04\/brochure-ic-22-en.pdf\">DESC\u0102RCA\u021aI BRO\u0218URA<\/a><\/div>\n<\/div>\n<\/div>\n\n\n\n<div class=\"wp-block-column is-layout-flow wp-block-column-is-layout-flow\">\n<div class=\"wp-block-buttons is-horizontal is-content-justification-center is-layout-flex wp-container-core-buttons-is-layout-03627597 wp-block-buttons-is-layout-flex\">\n<div class=\"wp-block-button has-custom-width wp-block-button__width-100\"><a class=\"wp-block-button__link wp-element-button\" href=\"https:\/\/obera.fr\/ro\/contactati-ne\/\">Afl\u0103 mai multe<\/a><\/div>\n<\/div>\n<\/div>\n<\/div>\n\n\n\n<blockquote class=\"wp-block-quote is-layout-flow wp-block-quote-is-layout-flow\">\n<p>Bine de \u0219tiut: <strong>OberA ofer\u0103 spre v\u00e2nzare at\u00e2t aparate noi, c\u00e2t \u0219i second-hand<\/strong>. Produsele second-hand sunt reparate, revizuite \u0219i recondi\u021bionate \u0219i au o garan\u021bie de un an. Fiecare produs second-hand are o clasificare: clasa A (aproape nou), clasa B (stare intermediar\u0103 cu u\u0219oare semne de uzur\u0103) \u0219i clasa C (stare deteriorat\u0103, dar numai din punct de vedere estetic). Magazinul nostru online garanteaz\u0103 plata sigur\u0103 \u0219i livrarea rapid\u0103 a produselor.   <\/p>\n<\/blockquote>\n\n\n\n<h2 class=\"wp-block-heading\">R\u0103citoare evaporative: avantajele modelului IC22<\/h2>\n\n\n\n<p>Designul odorizatorului de aer IC22 \u00eel face deosebit de <strong>confortabil pentru personalul dumneavoastr\u0103<\/strong>. Are o contribu\u021bie major\u0103 la bun\u0103starea acestora prin r\u0103sp\u00e2ndirea de aer proasp\u0103t f\u0103r\u0103 niciun efect de r\u0103cire. Cu un nivel sonor de 66 dB(A), aparatul este silen\u021bios f\u0103r\u0103 a compromite performan\u021ba. \u0218i pentru c\u0103 este at\u00e2t de u\u0219or de manevrat, personalul dvs. \u00eel poate muta oriunde dore\u0219te pentru a se bucura de un aer pl\u0103cut.   <\/p>\n\n\n\n<p>Nivelul de umiditate generat \u00een aer (\u00eentre 5% \u0219i 10%) contribuie, de asemenea, la protejarea echipamentelor dvs. Aceast\u0103 caracteristic\u0103 este <strong>potrivit\u0103<\/strong> \u00een special <strong>pentru sere sau spa\u021bii agricole<\/strong> cu echipamente \u0219i produse sensibile la c\u0103ldur\u0103 \u0219i aer uscat. <\/p>\n\n\n\n<p>\u00cen ceea ce prive\u0219te investi\u021bia, acest <a href=\"https:\/\/obera.fr\/ro\/produits\/rafraichisseurs-air\/\" data-type=\"page\" data-id=\"368\">r\u0103citor de aer adiabatic<\/a> consum\u0103 cu p\u00e2n\u0103 la 80% mai pu\u021bin\u0103 energie dec\u00e2t un aparat de aer condi\u021bionat conven\u021bional. \u00cen plus fa\u021b\u0103 de consumul de energie electric\u0103, <strong>un r\u0103citor utilizeaz\u0103 un compresor \u0219i un agent frigorific pentru a r\u0103ci aerul ambiant<\/strong>, care este, de asemenea, o component\u0103 mai pu\u021bin ecologic\u0103. <\/p>\n\n\n\n<div class=\"wp-block-columns is-layout-flex wp-container-core-columns-is-layout-28f84493 wp-block-columns-is-layout-flex\">\n<div class=\"wp-block-column is-layout-flow wp-block-column-is-layout-flow\">\n<h3 class=\"wp-block-heading\">Avantaje :<\/h3>\n\n\n\n<ul class=\"wp-block-list\">\n<li>Ecologic;<\/li>\n\n\n\n<li>Echipament mobil u\u0219or de manevrat;<\/li>\n\n\n\n<li>Debit care poate r\u0103ci spa\u021bii de 250 m2 ;<\/li>\n\n\n\n<li>Plug &amp; play.<\/li>\n<\/ul>\n<\/div>\n\n\n\n<div class=\"wp-block-column is-layout-flow wp-block-column-is-layout-flow\">\n<h3 class=\"wp-block-heading\">Caracteristici speciale:<\/h3>\n\n\n\n<ul class=\"wp-block-list\">\n<li>Eficien\u021b\u0103 energetic\u0103 (ap\u0103 \u0219i electricitate) ;<\/li>\n\n\n\n<li>Filtrarea prafului (filtru G4) ;<\/li>\n\n\n\n<li>Func\u021bie de temporizare pentru pornire \u0219i oprire automat\u0103<\/li>\n\n\n\n<li>Nu se instaleaz\u0103 conducte sau conducte de extrac\u021bie;<\/li>\n\n\n\n<li>F\u0103r\u0103 costuri de instalare.<\/li>\n<\/ul>\n<\/div>\n\n\n\n<div class=\"wp-block-column is-layout-flow wp-block-column-is-layout-flow\">\n<h3 class=\"wp-block-heading\">Caracteristici :<\/h3>\n\n\n\n<ul class=\"wp-block-list\">\n<li>F\u0103r\u0103 efect de &#8222;val de frig&#8221;;<\/li>\n\n\n\n<li>Modul de oscila\u021bie a fluxului de aer ;<\/li>\n\n\n\n<li>Men\u021bine nivelul optim de umiditate.<\/li>\n<\/ul>\n<\/div>\n<\/div>\n\n\n\n<h2 class=\"wp-block-heading\">Testa\u021bi r\u0103citorul nostru de aer IC22<\/h2>\n\n\n\n<p>Oferim<strong> op\u021biunea de a \u00eenchiria\/testa acest echipament pentru o perioad\u0103 medie de o lun\u0103<\/strong>, cu livrare rapid\u0103 pentru o testare aproape instantanee \u00een atelierul dumneavoastr\u0103. Dac\u0103 decide\u021bi s\u0103 valida\u021bi solu\u021bia, nu ve\u021bi pl\u0103ti nicio diferen\u021b\u0103! \u00cen caz contrar, vom evalua performan\u021bele echipamentului \u0219i v\u0103 vom sugera un r\u0103citor care se potrive\u0219te mai bine nevoilor \u0219i specifica\u021biilor dvs.  <\/p>\n\n\n\n<div class=\"wp-block-buttons is-content-justification-center is-layout-flex wp-container-core-buttons-is-layout-a89b3969 wp-block-buttons-is-layout-flex\">\n<div class=\"wp-block-button\"><a class=\"wp-block-button__link wp-element-button\" href=\"https:\/\/obera.fr\/ro\/contact\/\">CONTACTA\u021aI-NE<\/a><\/div>\n<\/div>\n","protected":false},"excerpt":{"rendered":"<p>Ecologic \u0219i economic, odorizatorul de aer cu filtru evaporativ este ideal pentru a genera un aer mai rece de aproximativ 10 p\u00e2n\u0103 la 20\u00b0C \u00een spa\u021biile dvs. de lucru. R\u0103citor de aer cu filtru evaporativ OberA: cum func\u021bioneaz\u0103? Gama IC22 de r\u0103citoare evaporative de aer are panouri din fagure de miere care sunt \u00eenmuiate constant \u00een ap\u0103. Ventilatorul axial elicoidal din partea din spate a aparatului aspir\u0103 aerul cald \u0219i \u00eel trece prin panourile de r\u0103cire. Aerul fierbinte se vaporizeaz\u0103 \u0219i se r\u0103ce\u0219te la contactul cu apa. Acest fenomen este cunoscut sub numele de &#8222;efect de r\u0103cire &#8221; \u0219i reduce &#8230; <\/p>\n<p class=\"read-more-container\"><a title=\"IC22 r\u0103citor de aer cu filtru evaporativ\" class=\"read-more button\" href=\"https:\/\/obera.fr\/ro\/produits\/rafraichisseurs-air\/rafraichisseurs-par-evaporation-ic\/ic22-filtrant-par-evaporation\/#more-37413\" aria-label=\"Cite\u0219te mai multe despre IC22 r\u0103citor de aer cu filtru evaporativ\">Lire la suite<\/a><\/p>\n","protected":false},"author":4,"featured_media":83748,"parent":37629,"menu_order":0,"comment_status":"closed","ping_status":"closed","template":"","meta":{"_acf_changed":false,"_seopress_robots_primary_cat":"","_seopress_titles_title":"IC22, R\u0103citor evaporativ industrial","_seopress_titles_desc":"Ecologic \u0219i economic, odorizatorul de aer cu filtru evaporativ IC22 este ideal pentru a genera un aer mai rece de aproximativ 10 p\u00e2n\u0103 la 20\u00b0C \u00een spa\u021biile dvs. de lucru.","_seopress_robots_index":"","footnotes":""},"class_list":{"0":"post-37413","1":"page","2":"type-page","3":"status-publish","4":"has-post-thumbnail","6":"no-featured-image-padding","7":"resize-featured-image"},"acf":[],"_links":{"self":[{"href":"https:\/\/obera.fr\/ro\/wp-json\/wp\/v2\/pages\/37413","targetHints":{"allow":["GET"]}}],"collection":[{"href":"https:\/\/obera.fr\/ro\/wp-json\/wp\/v2\/pages"}],"about":[{"href":"https:\/\/obera.fr\/ro\/wp-json\/wp\/v2\/types\/page"}],"author":[{"embeddable":true,"href":"https:\/\/obera.fr\/ro\/wp-json\/wp\/v2\/users\/4"}],"replies":[{"embeddable":true,"href":"https:\/\/obera.fr\/ro\/wp-json\/wp\/v2\/comments?post=37413"}],"version-history":[{"count":8,"href":"https:\/\/obera.fr\/ro\/wp-json\/wp\/v2\/pages\/37413\/revisions"}],"predecessor-version":[{"id":88709,"href":"https:\/\/obera.fr\/ro\/wp-json\/wp\/v2\/pages\/37413\/revisions\/88709"}],"up":[{"embeddable":true,"href":"https:\/\/obera.fr\/ro\/wp-json\/wp\/v2\/pages\/37629"}],"wp:featuredmedia":[{"embeddable":true,"href":"https:\/\/obera.fr\/ro\/wp-json\/wp\/v2\/media\/83748"}],"wp:attachment":[{"href":"https:\/\/obera.fr\/ro\/wp-json\/wp\/v2\/media?parent=37413"}],"curies":[{"name":"wp","href":"https:\/\/api.w.org\/{rel}","templated":true}]}}