{"id":37821,"date":"2022-01-20T11:56:45","date_gmt":"2022-01-20T09:56:45","guid":{"rendered":"https:\/\/obera.fr\/ei-vorbesc-despre-noi\/"},"modified":"2024-11-18T14:40:31","modified_gmt":"2024-11-18T12:40:31","slug":"ei-vorbesc-despre-noi-2","status":"publish","type":"page","link":"https:\/\/obera.fr\/ro\/ei-vorbesc-despre-noi-2\/","title":{"rendered":"Ei vorbesc despre noi"},"content":{"rendered":"\n<h2 class=\"wp-block-heading\" id=\"les-reportages-tv-d-obera-dans-la-presse-et-media-traditionnels\">Rapoartele TV ale OberA \u00een pres\u0103 \u0219i \u00een media tradi\u021bional\u0103<\/h2>\n\n<p>Confruntate cu o cre\u0219tere a cererii de produse anti-covid \u0219i cu expertiza noastr\u0103 vast\u0103, canalele de \u0219tiri au vizitat OberA pentru a eviden\u021bia produsele noastre \u0219i eficien\u021ba noastr\u0103 \u00een rezolvarea problemelor legate de covid.<\/p>\n\n<h3 class=\"wp-block-heading\" id=\"tf1\">BFM Alsacia<\/h3>\n\n<div class=\"wp-block-columns are-vertically-aligned-center is-layout-flex wp-container-core-columns-is-layout-28f84493 wp-block-columns-is-layout-flex\">\n<div class=\"wp-block-column is-vertically-aligned-center is-layout-flow wp-block-column-is-layout-flow\" style=\"flex-basis:33.33%\">\n<figure class=\"wp-block-image aligncenter size-full is-resized\"><img decoding=\"async\" width=\"200\" height=\"200\" src=\"https:\/\/obera.fr\/wp-content\/uploads\/2023\/01\/bfm-alsace.svg_.png\" alt=\"bfm alsace.svg  \" class=\"wp-image-18330\" style=\"width:100px;height:100px\" srcset=\"https:\/\/obera.fr\/wp-content\/uploads\/2023\/01\/bfm-alsace.svg_.png 200w, https:\/\/obera.fr\/wp-content\/uploads\/2023\/01\/bfm-alsace.svg_-150x150.png 150w\" sizes=\"(max-width: 200px) 100vw, 200px\" \/><\/figure>\n<\/div>\n\n\n\n<div class=\"wp-block-column is-vertically-aligned-center is-layout-flow wp-block-column-is-layout-flow\" style=\"flex-basis:66.66%\">\n<p>Canalul de \u0219tiri<strong> BFM Alsace <\/strong>ne-a intervievat \u00een numele CCI pentru a promova industria \u00een Alsacia. Afla\u021bi mai multe despre obiectivele noastre \u0219i despre activitatea noastr\u0103 principal\u0103. Disponibil \u00een prezent \u00een direct pe canalul BFM Alsace.  <\/p>\n\n\n\n<div class=\"wp-block-buttons alignwide is-content-justification-center is-layout-flex wp-container-core-buttons-is-layout-a89b3969 wp-block-buttons-is-layout-flex\">\n<div class=\"wp-block-button\"><a class=\"wp-block-button__link wp-element-button\" href=\"https:\/\/obera.fr\/conseils\/obera-se-devoile-sur-bfm-alsace\/\">VEZI raportul video<\/a><\/div>\n<\/div>\n<\/div>\n<\/div>\n\n<h3 class=\"wp-block-heading\" id=\"tf1\">TF1<\/h3>\n\n<div class=\"wp-block-columns are-vertically-aligned-center is-layout-flex wp-container-core-columns-is-layout-28f84493 wp-block-columns-is-layout-flex\">\n<div class=\"wp-block-column is-vertically-aligned-center is-layout-flow wp-block-column-is-layout-flow\" style=\"flex-basis:33.33%\">\n<figure class=\"wp-block-image aligncenter size-medium is-resized\"><img decoding=\"async\" width=\"300\" height=\"169\" src=\"https:\/\/obera.fr\/wp-content\/uploads\/2022\/01\/LOGO-TF1-300x169.jpg\" alt=\"logo-ul tf1\" class=\"wp-image-8389\" style=\"width:150px;height:85px\" srcset=\"https:\/\/obera.fr\/wp-content\/uploads\/2022\/01\/LOGO-TF1-300x169.jpg 300w, https:\/\/obera.fr\/wp-content\/uploads\/2022\/01\/LOGO-TF1-1024x576.jpg 1024w, https:\/\/obera.fr\/wp-content\/uploads\/2022\/01\/LOGO-TF1-768x432.jpg 768w, https:\/\/obera.fr\/wp-content\/uploads\/2022\/01\/LOGO-TF1-1536x864.jpg 1536w, https:\/\/obera.fr\/wp-content\/uploads\/2022\/01\/LOGO-TF1.jpg 1920w\" sizes=\"(max-width: 300px) 100vw, 300px\" \/><\/figure>\n<\/div>\n\n\n\n<div class=\"wp-block-column is-vertically-aligned-center is-layout-flow wp-block-column-is-layout-flow\" style=\"flex-basis:66.66%\">\n<p><strong>TF1<\/strong> a vizitat sediul nostru pentru a afla mai multe despre proiectarea \u0219i utilitatea senzorilor de CO2 \u0219i a purificatoarelor de aer \u00een lupta \u00eempotriva Covid-19. Un reportaj filmat a fost difuzat la \u0219tirile de la ora 13:00 din 18\/01\/2022. <\/p>\n\n\n\n<div class=\"wp-block-buttons is-horizontal is-content-justification-center is-layout-flex wp-container-core-buttons-is-layout-03627597 wp-block-buttons-is-layout-flex\">\n<div class=\"wp-block-button\"><a class=\"wp-block-button__link wp-element-button\" href=\"https:\/\/www.tf1info.fr\/societe\/video-purificateurs-d-air-les-usines-francaises-a-plein-regime-2207515.html\" target=\"_blank\" rel=\"noreferrer noopener\">vezi interviul pe MYtf1.FR<\/a><\/div>\n<\/div>\n<\/div>\n<\/div>\n\n<h3 class=\"wp-block-heading\">20 DE MINUTE<\/h3>\n\n<div class=\"wp-block-columns is-layout-flex wp-container-core-columns-is-layout-28f84493 wp-block-columns-is-layout-flex\">\n<div class=\"wp-block-column is-layout-flow wp-block-column-is-layout-flow\" style=\"flex-basis:33.33%\">\n<figure class=\"wp-block-image aligncenter size-thumbnail is-resized\"><img decoding=\"async\" width=\"150\" height=\"150\" src=\"https:\/\/obera.fr\/wp-content\/uploads\/2022\/02\/20_Minutes_logo-150x150.png\" alt=\"20 de minute logo\" class=\"wp-image-8975\" style=\"width:99px;height:99px\" srcset=\"https:\/\/obera.fr\/wp-content\/uploads\/2022\/02\/20_Minutes_logo-150x150.png 150w, https:\/\/obera.fr\/wp-content\/uploads\/2022\/02\/20_Minutes_logo-300x300.png 300w, https:\/\/obera.fr\/wp-content\/uploads\/2022\/02\/20_Minutes_logo.png 640w\" sizes=\"(max-width: 150px) 100vw, 150px\" \/><\/figure>\n<\/div>\n\n\n\n<div class=\"wp-block-column is-layout-flow wp-block-column-is-layout-flow\" style=\"flex-basis:66.66%\">\n<p>Ziarul<strong> 20 Minutes<\/strong> a eviden\u021biat cre\u0219terea OberA \u00een perioada cov\u0103snean\u0103, vorbind despre cererea puternic\u0103 de pe pia\u021b\u0103 pentru senzorii de CO2 \u0219i purificatoarele de aer anti-covid. Un interviu scris de Luc Sorgius, publicat pe 05 februarie 2022.   <\/p>\n\n\n\n<div class=\"wp-block-buttons is-content-justification-center is-layout-flex wp-container-core-buttons-is-layout-a89b3969 wp-block-buttons-is-layout-flex\">\n<div class=\"wp-block-button\"><a class=\"wp-block-button__link wp-element-button\" href=\"https:\/\/www.20minutes.fr\/economie\/3227303-20220201-coronavirus-alsace-fabricant-capteurs-co2-multiplie-production-huit\">A se vedea articolul privind 20 de minute<\/a><\/div>\n<\/div>\n<\/div>\n<\/div>\n\n<h3 class=\"wp-block-heading\" id=\"france-3\">FRAN\u021aA 3<\/h3>\n\n<div class=\"wp-block-columns are-vertically-aligned-center is-layout-flex wp-container-core-columns-is-layout-28f84493 wp-block-columns-is-layout-flex\">\n<div class=\"wp-block-column is-vertically-aligned-center is-layout-flow wp-block-column-is-layout-flow\" style=\"flex-basis:33.33%\">\n<figure class=\"wp-block-image aligncenter size-medium is-resized\"><img decoding=\"async\" width=\"300\" height=\"300\" src=\"https:\/\/obera.fr\/wp-content\/uploads\/2022\/01\/logo-france3-region-300x300.jpeg\" alt=\"logo-ul regiunii france3\" class=\"wp-image-8392\" style=\"width:150px;height:150px\" srcset=\"https:\/\/obera.fr\/wp-content\/uploads\/2022\/01\/logo-france3-region-300x300.jpeg 300w, https:\/\/obera.fr\/wp-content\/uploads\/2022\/01\/logo-france3-region-150x150.jpeg 150w, https:\/\/obera.fr\/wp-content\/uploads\/2022\/01\/logo-france3-region.jpeg 512w\" sizes=\"(max-width: 300px) 100vw, 300px\" \/><\/figure>\n<\/div>\n\n\n\n<div class=\"wp-block-column is-vertically-aligned-center is-layout-flow wp-block-column-is-layout-flow\" style=\"flex-basis:66.66%\">\n<p><strong>France 3<\/strong> r\u00e9gions a vizitat OberA pentru a scrie un articol pe site-ul lor despre senzorii no\u0219tri de CO2 \u0219i purificatoarele de aer anti-covid. Cum func\u021bioneaz\u0103 acestea? \u0218i cum ajut\u0103 acestea cu Covid-19? Ve\u021bi g\u0103si toate r\u0103spunsurile \u00een acest articol scris de Catherine Munsch.   <\/p>\n\n\n\n<div class=\"wp-block-columns is-layout-flex wp-container-core-columns-is-layout-28f84493 wp-block-columns-is-layout-flex\">\n<div class=\"wp-block-column is-vertically-aligned-center is-layout-flow wp-block-column-is-layout-flow\">\n<div class=\"wp-block-buttons is-horizontal is-content-justification-center is-layout-flex wp-container-core-buttons-is-layout-03627597 wp-block-buttons-is-layout-flex\">\n<div class=\"wp-block-button\"><a class=\"wp-block-button__link wp-element-button\" href=\"https:\/\/france3-regions.francetvinfo.fr\/grand-est\/alsace\/covid-19-un-fabricant-alsacien-de-capteurs-de-co2-multiplie-sa-production-par-huit-2411887.html\">Citi\u021bi articolul pe france 3<\/a><\/div>\n<\/div>\n<\/div>\n\n\n\n<div class=\"wp-block-column is-vertically-aligned-center is-layout-flow wp-block-column-is-layout-flow\">\n<div class=\"wp-block-buttons is-horizontal is-content-justification-center is-layout-flex wp-container-core-buttons-is-layout-03627597 wp-block-buttons-is-layout-flex\">\n<div class=\"wp-block-button\"><a class=\"wp-block-button__link wp-element-button\" href=\"https:\/\/www.youtube.com\/watch?v=KicoN9pj0d0\">VEZI raportul video<\/a><\/div>\n<\/div>\n<\/div>\n<\/div>\n<\/div>\n<\/div>\n\n<h2 class=\"wp-block-heading\" id=\"les-apparitions-d-obera-en-radio\"><meta charset=\"utf-8\"\/>Apari\u021biile la radio ale lui OberA<\/h2>\n\n<h3 class=\"wp-block-heading\" id=\"europe-1\">EUROPA 1<\/h3>\n\n<div class=\"wp-block-columns are-vertically-aligned-center is-layout-flex wp-container-core-columns-is-layout-28f84493 wp-block-columns-is-layout-flex\">\n<div class=\"wp-block-column is-vertically-aligned-center is-layout-flow wp-block-column-is-layout-flow\" style=\"flex-basis:33.33%\">\n<figure class=\"wp-block-image aligncenter size-medium is-resized\"><img decoding=\"async\" width=\"300\" height=\"151\" src=\"https:\/\/obera.fr\/wp-content\/uploads\/2022\/01\/Logo_Europe1-300x151.png\" alt=\"logo-ul europe1\" class=\"wp-image-8398\" style=\"width:150px;height:76px\" srcset=\"https:\/\/obera.fr\/wp-content\/uploads\/2022\/01\/Logo_Europe1-300x151.png 300w, https:\/\/obera.fr\/wp-content\/uploads\/2022\/01\/Logo_Europe1.png 640w\" sizes=\"(max-width: 300px) 100vw, 300px\" \/><\/figure>\n<\/div>\n\n\n\n<div class=\"wp-block-column is-vertically-aligned-center is-layout-flow wp-block-column-is-layout-flow\" style=\"flex-basis:66.66%\">\n<p><strong>Europe 1<\/strong> a realizat un <a href=\"https:\/\/obera.fr\/conseils\/europe-1-capteur-co2-obcare\/\" data-type=\"post\" data-id=\"8353\">reportaj radio<\/a> \u0219i un articol pe site-ul s\u0103u web despre cererea \u00een cre\u0219tere de senzori de CO2 \u00een sistemul educa\u021bional francez. Cererea este \u00een cre\u0219tere pentru bun\u0103starea copiilor \u0219i a profesorilor no\u0219tri. <\/p>\n\n\n\n<div class=\"wp-block-buttons is-horizontal is-content-justification-center is-layout-flex wp-container-core-buttons-is-layout-03627597 wp-block-buttons-is-layout-flex\">\n<div class=\"wp-block-button\"><a class=\"wp-block-button__link wp-element-button\" href=\"https:\/\/www.europe1.fr\/societe\/covid-19-pres-de-strasbourg-le-succes-dun-fabriquant-de-capteurs-de-co2-4087565\" target=\"_blank\" rel=\"noreferrer noopener\">VEZI \u0218I ascult\u0103 articolul de pe Europe 1<\/a><\/div>\n<\/div>\n<\/div>\n<\/div>\n\n<h3 class=\"wp-block-heading\" id=\"france-bleu\">FRAN\u021aA BLEU<\/h3>\n\n<div class=\"wp-block-columns is-layout-flex wp-container-core-columns-is-layout-28f84493 wp-block-columns-is-layout-flex\">\n<div class=\"wp-block-column is-vertically-aligned-center is-layout-flow wp-block-column-is-layout-flow\" style=\"flex-basis:33.33%\">\n<figure class=\"wp-block-image aligncenter size-medium is-resized\"><img decoding=\"async\" width=\"300\" height=\"300\" src=\"https:\/\/obera.fr\/wp-content\/uploads\/2022\/01\/France_Bleu_logo-300x300.png\" alt=\"france bleu logo\" class=\"wp-image-8395\" style=\"width:132px;height:132px\" srcset=\"https:\/\/obera.fr\/wp-content\/uploads\/2022\/01\/France_Bleu_logo-300x300.png 300w, https:\/\/obera.fr\/wp-content\/uploads\/2022\/01\/France_Bleu_logo-1024x1024.png 1024w, https:\/\/obera.fr\/wp-content\/uploads\/2022\/01\/France_Bleu_logo-150x150.png 150w, https:\/\/obera.fr\/wp-content\/uploads\/2022\/01\/France_Bleu_logo-768x768.png 768w, https:\/\/obera.fr\/wp-content\/uploads\/2022\/01\/France_Bleu_logo.png 1200w\" sizes=\"(max-width: 300px) 100vw, 300px\" \/><\/figure>\n<\/div>\n\n\n\n<div class=\"wp-block-column is-vertically-aligned-center is-layout-flow wp-block-column-is-layout-flow\" style=\"flex-basis:66.66%\">\n<p><strong>France Bleu<\/strong> a realizat un reportaj radio urmat de un articol despre senzorii no\u0219tri de CO2 \u0219i purificatoarele de aer anti-covid. Afla\u021bi mai multe despre dezvoltarea OberA \u0219i de ce am decis s\u0103 cre\u0103m o divizie dedicat\u0103 tratamentului Covid-19.   <\/p>\n\n\n\n<div class=\"wp-block-buttons is-horizontal is-content-justification-center is-layout-flex wp-container-core-buttons-is-layout-03627597 wp-block-buttons-is-layout-flex\">\n<div class=\"wp-block-button\"><a class=\"wp-block-button__link wp-element-button\" href=\"https:\/\/www.francebleu.fr\/emissions\/la-nouvelle-eco-en-alsace\/alsace\/la-nouvelle-eco-la-ruee-sur-les-capteurs-de-co2-de-la-societe-obera-a-geispolsheim\" target=\"_blank\" rel=\"noreferrer noopener\">vede\u021bi \u0219i asculta\u021bi articolul de pe France bleu<\/a><\/div>\n<\/div>\n<\/div>\n<\/div>\n\n<h3 class=\"wp-block-heading\" id=\"radio-chretienne-france\">RADIO CHR\u00c9TIENNE FRAN\u021aA<\/h3>\n\n<div class=\"wp-block-columns are-vertically-aligned-center is-layout-flex wp-container-core-columns-is-layout-28f84493 wp-block-columns-is-layout-flex\">\n<div class=\"wp-block-column is-vertically-aligned-center is-layout-flow wp-block-column-is-layout-flow\" style=\"flex-basis:33.33%\">\n<figure class=\"wp-block-image aligncenter size-full is-resized\"><img decoding=\"async\" width=\"300\" height=\"200\" src=\"https:\/\/obera.fr\/wp-content\/uploads\/2022\/01\/RCF-logo.png\" alt=\"logo-ul rcf\" class=\"wp-image-8400\" style=\"width:150px;height:100px\"\/><\/figure>\n<\/div>\n\n\n\n<div class=\"wp-block-column is-vertically-aligned-center is-layout-flow wp-block-column-is-layout-flow\" style=\"flex-basis:66.66%\">\n<p><strong>Radio Chr\u00e9tienne France<\/strong> prezint\u0103 OberA \u00een articolul s\u0103u pe tema senzorilor de CO2. Afla\u021bi mai multe despre senzorii no\u0219tri de CO2 \u0219i despre traseul OberA.   <\/p>\n\n\n\n<div class=\"wp-block-buttons is-horizontal is-content-justification-center is-layout-flex wp-container-core-buttons-is-layout-03627597 wp-block-buttons-is-layout-flex\">\n<div class=\"wp-block-button\"><a class=\"wp-block-button__link wp-element-button\" href=\"https:\/\/www.rcf.fr\/articles\/actualite\/a-geispolsheim-la-societe-obera-produit-plus-de-capteurs-de-co2-que-jamais\" target=\"_blank\" rel=\"noreferrer noopener\">VEZI articolul de pe Radio chr\u00e9tienne France<\/a><\/div>\n<\/div>\n<\/div>\n<\/div>\n\n<div style=\"height:20px\" aria-hidden=\"true\" class=\"wp-block-spacer\"><\/div>\n\n<p>De asemenea, pute\u021bi citi articolele \u0219i sfaturile noastre pe <strong><a href=\"https:\/\/obera.fr\/ro\/sfaturile-noastre-practice-si-bine-informate-va-vor-ghida-eficient\/\" data-type=\"URL\" data-id=\"https:\/\/obera.fr\/conseils\/\">blogul<\/a><\/strong> nostru <strong>.<\/strong><\/p>\n","protected":false},"excerpt":{"rendered":"<p>Rapoartele TV ale OberA \u00een pres\u0103 \u0219i \u00een media tradi\u021bional\u0103 Confruntate cu o cre\u0219tere a cererii de produse anti-covid \u0219i cu expertiza noastr\u0103 vast\u0103, canalele de \u0219tiri au vizitat OberA pentru a eviden\u021bia produsele noastre \u0219i eficien\u021ba noastr\u0103 \u00een rezolvarea problemelor legate de covid. BFM Alsacia Canalul de \u0219tiri BFM Alsace ne-a intervievat \u00een numele CCI pentru a promova industria \u00een Alsacia. Afla\u021bi mai multe despre obiectivele noastre \u0219i despre activitatea noastr\u0103 principal\u0103. Disponibil \u00een prezent \u00een direct pe canalul BFM Alsace. TF1 TF1 a vizitat sediul nostru pentru a afla mai multe despre proiectarea \u0219i utilitatea senzorilor de CO2 &#8230; <\/p>\n<p class=\"read-more-container\"><a title=\"Ei vorbesc despre noi\" class=\"read-more button\" href=\"https:\/\/obera.fr\/ro\/ei-vorbesc-despre-noi-2\/#more-37821\" aria-label=\"Cite\u0219te mai multe despre Ei vorbesc despre noi\">Lire la suite<\/a><\/p>\n","protected":false},"author":4,"featured_media":37324,"parent":0,"menu_order":0,"comment_status":"closed","ping_status":"closed","template":"","meta":{"_acf_changed":false,"_seopress_robots_primary_cat":"","_seopress_titles_title":"Presa \u0219i media Radio \/ TV vorbesc despre noi: oberA","_seopress_titles_desc":"Datorit\u0103 expertizei noastre extinse, \u00een special \u00een ceea ce prive\u0219te produsele noastre anticovice, canalele de \u0219tiri au atras aten\u021bia asupra oberA: afla\u021bi mai multe despre aceste reportaje radio \u0219i TV.","_seopress_robots_index":"","footnotes":""},"class_list":{"0":"post-37821","1":"page","2":"type-page","3":"status-publish","4":"has-post-thumbnail","6":"no-featured-image-padding","7":"resize-featured-image"},"acf":[],"_links":{"self":[{"href":"https:\/\/obera.fr\/ro\/wp-json\/wp\/v2\/pages\/37821","targetHints":{"allow":["GET"]}}],"collection":[{"href":"https:\/\/obera.fr\/ro\/wp-json\/wp\/v2\/pages"}],"about":[{"href":"https:\/\/obera.fr\/ro\/wp-json\/wp\/v2\/types\/page"}],"author":[{"embeddable":true,"href":"https:\/\/obera.fr\/ro\/wp-json\/wp\/v2\/users\/4"}],"replies":[{"embeddable":true,"href":"https:\/\/obera.fr\/ro\/wp-json\/wp\/v2\/comments?post=37821"}],"version-history":[{"count":1,"href":"https:\/\/obera.fr\/ro\/wp-json\/wp\/v2\/pages\/37821\/revisions"}],"predecessor-version":[{"id":37826,"href":"https:\/\/obera.fr\/ro\/wp-json\/wp\/v2\/pages\/37821\/revisions\/37826"}],"wp:featuredmedia":[{"embeddable":true,"href":"https:\/\/obera.fr\/ro\/wp-json\/wp\/v2\/media\/37324"}],"wp:attachment":[{"href":"https:\/\/obera.fr\/ro\/wp-json\/wp\/v2\/media?parent=37821"}],"curies":[{"name":"wp","href":"https:\/\/api.w.org\/{rel}","templated":true}]}}