{"id":38712,"date":"2022-09-13T10:52:39","date_gmt":"2022-09-13T08:52:39","guid":{"rendered":"https:\/\/obera.fr\/produsele-noastre\/brate-si-dispozitive-de-preluare\/inele-pouyes\/"},"modified":"2025-08-29T09:25:48","modified_gmt":"2025-08-29T07:25:48","slug":"anneaux-de-pouyes","status":"publish","type":"page","link":"https:\/\/obera.fr\/ro\/produits\/bras-dispositifs-captation\/anneaux-de-pouyes\/","title":{"rendered":"Inele Pouy\u00e8s"},"content":{"rendered":"\n<h2 class=\"wp-block-heading\">Senzori de aspira\u021bie \u0219i inelare<\/h2>\n\n<p>Pentru a men\u021bine mediul de lucru curat \u0219i s\u0103n\u0103tos \u0219i pentru a proteja astfel s\u0103n\u0103tatea operatorilor, poluan\u021bii trebuie capta\u021bi imediat ce sunt produ\u0219i, c\u00e2t mai aproape posibil de sursa de emisie \u0219i c\u00e2t mai eficient posibil. Acest lucru ia \u00een considerare natura, caracteristicile \u0219i concentra\u021bia poluantului \u00een sine. \u00cen func\u021bie de cerin\u021bele clientului, OberA proiecteaz\u0103 diferite inele Pouyes \u0219i senzori de aspira\u021bie.<\/p>\n\n<p><\/p>\n\n<div class=\"wp-block-columns is-layout-flex wp-container-core-columns-is-layout-28f84493 wp-block-columns-is-layout-flex\">\n<div class=\"wp-block-column is-vertically-aligned-top is-layout-flow wp-block-column-is-layout-flow\" style=\"flex-basis:33.33%\">\n<p><\/p>\n\n\n\n<figure class=\"wp-block-image aligncenter size-large\"><img decoding=\"async\" width=\"1024\" height=\"768\" src=\"https:\/\/obera.fr\/wp-content\/uploads\/2025\/08\/img_20250827_130840-1024x768.jpg\" alt=\"img 20250827 130840\" class=\"wp-image-127390\" srcset=\"https:\/\/obera.fr\/wp-content\/uploads\/2025\/08\/img_20250827_130840-1024x768.jpg 1024w, https:\/\/obera.fr\/wp-content\/uploads\/2025\/08\/img_20250827_130840-300x225.jpg 300w, https:\/\/obera.fr\/wp-content\/uploads\/2025\/08\/img_20250827_130840-768x576.jpg 768w, https:\/\/obera.fr\/wp-content\/uploads\/2025\/08\/img_20250827_130840-1536x1152.jpg 1536w, https:\/\/obera.fr\/wp-content\/uploads\/2025\/08\/img_20250827_130840-2048x1536.jpg 2048w\" sizes=\"(max-width: 1024px) 100vw, 1024px\" \/><\/figure>\n<\/div>\n\n\n\n<div class=\"wp-block-column is-vertically-aligned-center is-layout-flow wp-block-column-is-layout-flow\" style=\"flex-basis:66.66%\">\n<h3 class=\"wp-block-heading\">SENZORI INELARI<\/h3>\n\n\n\n<p>Inelele Pouy\u00e8s sau colectoarele inelare sunt mijloace foarte eficiente de captare a energiei la surs\u0103. Acestea au fost concepute pentru a asigura o vitez\u0103 optim\u0103 de aspirare \u0219i un flux de aer uniform, l\u0103s\u00e2nd \u00een acela\u0219i timp liber spa\u021biul de deasupra zonei de lucru.<\/p>\n\n\n\n<h3 class=\"wp-block-heading\">cum func\u021bioneaz\u0103 un inel pouy\u00e8s<\/h3>\n\n\n\n<p>Datorit\u0103 presiunii negative create de ventilator, poluan\u021bii volatili sunt capta\u021bi c\u00e2t mai aproape posibil de sursa de emisie, de unde sunt transporta\u021bi prin fantele de aspira\u021bie la colectorul conectat la sistemul de filtrare.<\/p>\n\n\n\n<h3 class=\"wp-block-heading\">BENEFICII<\/h3>\n\n\n\n<p class=\"has-contrast-color has-text-color\">Pe l\u00e2ng\u0103 protejarea s\u0103n\u0103t\u0103\u021bii operatorilor \u0219i a mediului lor de lucru, inelele Pouy\u00e8s<span class=\"JsGRdQ\" style=\"color: rgb(33, 45, 87); font-weight: 400; font-style: normal; text-decoration: none;\"> optimizeaz\u0103 ratele de aspira\u021bie \u0219i realizeaz\u0103 economii reale de energie<\/span>. Din punct de vedere ergonomic, inelele Pouy\u00e8s evit\u0103 orice disconfort pentru operator. \u00cen configura\u021bia sa cu un suport pentru sac, inelul Pouy\u00e8s poate face munca zilnic\u0103 mai u\u0219oar\u0103 \u0219i mai confortabil\u0103 pentru utilizator. De asemenea, designul lor face ca \u00eentre\u021binerea s\u0103 fie rapid\u0103 \u0219i u\u0219oar\u0103.   <\/p>\n\n\n\n<div class=\"wp-block-columns is-layout-flex wp-container-core-columns-is-layout-28f84493 wp-block-columns-is-layout-flex\">\n<div class=\"wp-block-column is-vertically-aligned-top is-layout-flow wp-block-column-is-layout-flow\">\n<div class=\"wp-block-buttons is-content-justification-center is-layout-flex wp-container-core-buttons-is-layout-a89b3969 wp-block-buttons-is-layout-flex\">\n<div class=\"wp-block-button is-style-fill\"><a class=\"wp-block-button__link wp-element-button\" href=\"https:\/\/obera.fr\/wp-content\/uploads\/2025\/06\/brochure-anneaux-de-pouyes.pdf\">Desc\u0103rca\u021bi bro\u0219ura<\/a><\/div>\n<\/div>\n<\/div>\n\n\n\n<div class=\"wp-block-column is-vertically-aligned-top is-layout-flow wp-block-column-is-layout-flow\">\n<div class=\"wp-block-buttons is-horizontal is-content-justification-center is-layout-flex wp-container-core-buttons-is-layout-03627597 wp-block-buttons-is-layout-flex\">\n<div class=\"wp-block-button has-custom-width wp-block-button__width-100\"><a class=\"wp-block-button__link wp-element-button\" href=\"https:\/\/obera.fr\/ro\/contactati-ne\/\">Afl\u0103 mai multe<\/a><\/div>\n<\/div>\n<\/div>\n\n\n\n<div class=\"wp-block-column is-layout-flow wp-block-column-is-layout-flow\">\n<div class=\"wp-block-buttons is-content-justification-center is-layout-flex wp-container-core-buttons-is-layout-a89b3969 wp-block-buttons-is-layout-flex\">\n<div class=\"wp-block-button btn-devis-source\"><a class=\"wp-block-button__link wp-element-button\" href=\"https:\/\/obera.fr\/ro\/devis\/\">Solicita\u021bi o ofert\u0103<\/a><\/div>\n<\/div>\n\n\n<script>\r\ndocument.addEventListener('DOMContentLoaded', function() {\r\n    \/\/ 1. On cherche le titre H1 de la page\r\n    var h1 = document.querySelector('h1');\r\n    var productTitle = h1 ? h1.innerText.trim() : \"\";\r\n\r\n    \/\/ 2. On cherche les boutons via la classe CSS .btn-devis-source\r\n    var buttons = document.querySelectorAll('.btn-devis-source a');\r\n\r\n    \/\/ 3. Si on a le titre et les boutons, on ajoute le param\u00e8tre\r\n    if (buttons.length > 0 && productTitle !== \"\") {\r\n        var encodedTitle = encodeURIComponent(productTitle);\r\n\r\n        buttons.forEach(function(btn) {\r\n            var currentHref = btn.getAttribute('href');\r\n            \r\n            \/\/ S\u00e9curit\u00e9 pour ne pas ajouter le param\u00e8tre 2 fois\r\n            if (currentHref.indexOf('sujet=') === -1) {\r\n                var separator = currentHref.indexOf('?') !== -1 ? '&' : '?';\r\n                var newLink = currentHref + separator + 'sujet=' + encodedTitle;\r\n                \r\n                btn.setAttribute('href', newLink);\r\n            }\r\n        });\r\n    }\r\n});\r\n<\/script><\/div>\n<\/div>\n<\/div>\n<\/div>\n\n<h2 class=\"wp-block-heading\">Ce poluan\u021bi pot trata cu inele Pouy\u00e8s?<\/h2>\n\n<p><\/p>\n\n<div class=\"wp-block-columns is-layout-flex wp-container-core-columns-is-layout-28f84493 wp-block-columns-is-layout-flex\">\n<div class=\"wp-block-column is-layout-flow wp-block-column-is-layout-flow\" style=\"flex-basis:33.33%\">\n<figure class=\"wp-block-image aligncenter size-full is-resized\"><img decoding=\"async\" width=\"500\" height=\"500\" src=\"https:\/\/obera.fr\/wp-content\/uploads\/2024\/05\/anneau-de-pouyes-2-1.jpg\" alt=\"anneau de pouyes 2 1\" class=\"wp-image-31088\" style=\"width:169px;height:auto\" srcset=\"https:\/\/obera.fr\/wp-content\/uploads\/2024\/05\/anneau-de-pouyes-2-1.jpg 500w, https:\/\/obera.fr\/wp-content\/uploads\/2024\/05\/anneau-de-pouyes-2-1-300x300.jpg 300w, https:\/\/obera.fr\/wp-content\/uploads\/2024\/05\/anneau-de-pouyes-2-1-150x150.jpg 150w\" sizes=\"(max-width: 500px) 100vw, 500px\" \/><\/figure>\n<\/div>\n\n\n\n<div class=\"wp-block-column is-layout-flow wp-block-column-is-layout-flow\" style=\"flex-basis:66.66%\">\n<div class=\"wp-block-columns is-layout-flex wp-container-core-columns-is-layout-28f84493 wp-block-columns-is-layout-flex\">\n<div class=\"wp-block-column is-layout-flow wp-block-column-is-layout-flow\"><\/div>\n<\/div>\n\n\n\n<div class=\"wp-block-columns is-layout-flex wp-container-core-columns-is-layout-28f84493 wp-block-columns-is-layout-flex\">\n<div class=\"wp-block-column is-layout-flow wp-block-column-is-layout-flow\"><\/div>\n<\/div>\n\n\n\n<p>Senzorii inelari pot fi utiliza\u021bi \u00eentr-o varietate de sectoare industriale \u0219i sunt recomanda\u021bi \u00een special pentru opera\u021biuni de amestecare \u0219i prelevare de probe, \u00eensamblare, umplere, ambalare, golire, m\u0103cinare \u0219i cernere, \u00eenc\u0103rcare reactor \u0219i c\u00e2nt\u0103rire.<\/p>\n\n\n\n<div class=\"wp-block-columns is-layout-flex wp-container-core-columns-is-layout-28f84493 wp-block-columns-is-layout-flex\">\n<div class=\"wp-block-column is-layout-flow wp-block-column-is-layout-flow\"><\/div>\n<\/div>\n<\/div>\n<\/div>\n\n<div class=\"wp-block-columns is-layout-flex wp-container-core-columns-is-layout-28f84493 wp-block-columns-is-layout-flex\">\n<div class=\"wp-block-column is-layout-flow wp-block-column-is-layout-flow\"><\/div>\n<\/div>\n\n<div class=\"wp-block-columns is-layout-flex wp-container-core-columns-is-layout-28f84493 wp-block-columns-is-layout-flex\">\n<div class=\"wp-block-column is-layout-flow wp-block-column-is-layout-flow\"><\/div>\n\n\n\n<div class=\"wp-block-column is-layout-flow wp-block-column-is-layout-flow\"><\/div>\n<\/div>\n\n<h3 class=\"wp-block-heading\">Sectoare de activitate<\/h3>\n\n<div class=\"wp-block-columns is-layout-flex wp-container-core-columns-is-layout-28f84493 wp-block-columns-is-layout-flex\">\n<div class=\"wp-block-column is-layout-flow wp-block-column-is-layout-flow\">\n<figure class=\"wp-block-image aligncenter size-full\"><img decoding=\"async\" width=\"150\" height=\"150\" src=\"https:\/\/obera.fr\/wp-content\/uploads\/2022\/02\/Chimie.png\" alt=\"chimie\" class=\"wp-image-8846\"\/><figcaption class=\"wp-element-caption\">Chimie<\/figcaption><\/figure>\n<\/div>\n\n\n\n<div class=\"wp-block-column is-layout-flow wp-block-column-is-layout-flow\">\n<figure class=\"wp-block-image aligncenter size-full\"><img decoding=\"async\" width=\"150\" height=\"150\" src=\"https:\/\/obera.fr\/wp-content\/uploads\/2022\/09\/Sans-titre-2022-09-13T095047.797.jpg\" alt=\"Cosmetice\" class=\"wp-image-14491\"\/><figcaption class=\"wp-element-caption\">Cosmetice<\/figcaption><\/figure>\n<\/div>\n\n\n\n<div class=\"wp-block-column is-layout-flow wp-block-column-is-layout-flow\">\n<figure class=\"wp-block-image aligncenter size-full\"><img decoding=\"async\" width=\"150\" height=\"150\" src=\"https:\/\/obera.fr\/wp-content\/uploads\/2022\/02\/AGROALIMENTAIRE.png\" alt=\"agroalimentare\" class=\"wp-image-8844\"\/><figcaption class=\"wp-element-caption\">Industria alimentar\u0103<\/figcaption><\/figure>\n<\/div>\n\n\n\n<div class=\"wp-block-column is-layout-flow wp-block-column-is-layout-flow\">\n<figure class=\"wp-block-image aligncenter size-full\"><img decoding=\"async\" width=\"150\" height=\"150\" src=\"https:\/\/obera.fr\/wp-content\/uploads\/2022\/09\/Sans-titre-2022-09-13T095545.356.jpg\" alt=\"Produse farmaceutice\" class=\"wp-image-14497\"\/><figcaption class=\"wp-element-caption\">Produse farmaceutice<\/figcaption><\/figure>\n<\/div>\n\n\n\n<div class=\"wp-block-column is-layout-flow wp-block-column-is-layout-flow\">\n<figure class=\"wp-block-image aligncenter size-full\"><img decoding=\"async\" width=\"150\" height=\"150\" src=\"https:\/\/obera.fr\/wp-content\/uploads\/2022\/09\/Sans-titre-2022-09-13T095819.046.jpg\" alt=\"Inginerie mecanic&#x103;\" class=\"wp-image-14500\"\/><figcaption class=\"wp-element-caption\">Inginerie mecanic\u0103<\/figcaption><\/figure>\n<\/div>\n<\/div>\n\n<h2 class=\"wp-block-heading\">Care sunt caracteristicile?<\/h2>\n\n<p>Colectoarele inelare pot fi fabricate la comand\u0103 din o\u021bel galvanizat, o\u021bel vopsit, o\u021bel inoxidabil 304L \u0219i o\u021bel inoxidabil 316L. \u00cen func\u021bie de aplica\u021bie \u0219i de cerin\u021bele specifice, acestea sunt disponibile \u00een finisaje industriale sau farmaceutice \u0219i \u00een versiuni monobloc sau demontabile.<\/p>\n\n<figure class=\"wp-block-image aligncenter size-large is-resized\"><img decoding=\"async\" width=\"1024\" height=\"342\" src=\"https:\/\/obera.fr\/wp-content\/uploads\/2022\/09\/Sans-titre-2022-09-13T102420.496-1024x342.jpg\" alt=\"Caracteristici ale inelelor Pouy&#xE8;s OberA\" class=\"wp-image-14505\" style=\"width:768px;height:257px\" srcset=\"https:\/\/obera.fr\/wp-content\/uploads\/2022\/09\/Sans-titre-2022-09-13T102420.496-1024x342.jpg 1024w, https:\/\/obera.fr\/wp-content\/uploads\/2022\/09\/Sans-titre-2022-09-13T102420.496-300x100.jpg 300w, https:\/\/obera.fr\/wp-content\/uploads\/2022\/09\/Sans-titre-2022-09-13T102420.496-768x256.jpg 768w, https:\/\/obera.fr\/wp-content\/uploads\/2022\/09\/Sans-titre-2022-09-13T102420.496-1536x512.jpg 1536w, https:\/\/obera.fr\/wp-content\/uploads\/2022\/09\/Sans-titre-2022-09-13T102420.496.jpg 2000w\" sizes=\"(max-width: 1024px) 100vw, 1024px\" \/><\/figure>\n\n<h2 class=\"wp-block-heading\">Alte echipamente de aspirare \u0219i colectare OberA<\/h2>\n\n<div class=\"wp-block-columns is-layout-flex wp-container-core-columns-is-layout-28f84493 wp-block-columns-is-layout-flex\">\n<div class=\"wp-block-column is-layout-flow wp-block-column-is-layout-flow\">\n<figure class=\"wp-block-image aligncenter size-full is-resized\"><a href=\"https:\/\/obera.fr\/?page_id=489\"><img decoding=\"async\" width=\"433\" height=\"433\" src=\"https:\/\/obera.fr\/wp-content\/uploads\/2020\/10\/table-SF.png\" alt=\"Sudare - Fum\" class=\"wp-image-1179\" style=\"object-fit:cover;width:120px;height:120px\" srcset=\"https:\/\/obera.fr\/wp-content\/uploads\/2020\/10\/table-SF.png 433w, https:\/\/obera.fr\/wp-content\/uploads\/2020\/10\/table-SF-300x300.png 300w, https:\/\/obera.fr\/wp-content\/uploads\/2020\/10\/table-SF-150x150.png 150w\" sizes=\"(max-width: 433px) 100vw, 433px\" \/><\/a><figcaption class=\"wp-element-caption\">Mas\u0103 de aspira\u021bie<\/figcaption><\/figure>\n<\/div>\n\n\n\n<div class=\"wp-block-column is-layout-flow wp-block-column-is-layout-flow\">\n<figure class=\"wp-block-image aligncenter size-large is-resized\"><a href=\"https:\/\/obera.fr\/produits\/bras-dispositifs-captation\/bras-de-laboratoire\/\"><img decoding=\"async\" width=\"1024\" height=\"1024\" src=\"https:\/\/obera.fr\/wp-content\/uploads\/2020\/11\/22-bras-de-labo-1024x1024.jpg\" alt=\"Fumex - Laborator\" class=\"wp-image-1662\" style=\"object-fit:cover;width:120px;height:120px\" srcset=\"https:\/\/obera.fr\/wp-content\/uploads\/2020\/11\/22-bras-de-labo-1024x1024.jpg 1024w, https:\/\/obera.fr\/wp-content\/uploads\/2020\/11\/22-bras-de-labo-300x300.jpg 300w, https:\/\/obera.fr\/wp-content\/uploads\/2020\/11\/22-bras-de-labo-150x150.jpg 150w, https:\/\/obera.fr\/wp-content\/uploads\/2020\/11\/22-bras-de-labo-768x768.jpg 768w, https:\/\/obera.fr\/wp-content\/uploads\/2020\/11\/22-bras-de-labo.jpg 1500w\" sizes=\"(max-width: 1024px) 100vw, 1024px\" \/><\/a><figcaption class=\"wp-element-caption\">Bra\u021be de laborator<\/figcaption><\/figure>\n<\/div>\n\n\n\n<div class=\"wp-block-column is-layout-flow wp-block-column-is-layout-flow\">\n<figure class=\"wp-block-image aligncenter size-thumbnail is-resized\"><a href=\"https:\/\/obera.fr\/produits\/bras-dispositifs-captation\/dosserets-aspirants\/\"><img decoding=\"async\" width=\"150\" height=\"150\" src=\"https:\/\/obera.fr\/wp-content\/uploads\/2020\/10\/Dosserets-oberA-150x150.png\" alt=\"Produs - Proiectarea produsului\" class=\"wp-image-1174\" style=\"object-fit:cover;width:120px;height:120px\"\/><\/a><figcaption class=\"wp-element-caption\">Backsplash-uri cu aspira\u021bie<\/figcaption><\/figure>\n<\/div>\n<\/div>\n\n<div class=\"wp-block-columns is-layout-flex wp-container-core-columns-is-layout-28f84493 wp-block-columns-is-layout-flex\">\n<div class=\"wp-block-column is-layout-flow wp-block-column-is-layout-flow\">\n<figure class=\"wp-block-image aligncenter size-thumbnail is-resized\"><img decoding=\"async\" width=\"150\" height=\"150\" src=\"https:\/\/obera.fr\/wp-content\/uploads\/2024\/06\/hotte-de-captation-rectangulaire-industrielle-600x600-1-1-150x150.png\" alt=\"hot&#x103; industrial&#x103; dreptunghiular&#x103; 600x600 1 1\" class=\"wp-image-31520\" style=\"object-fit:cover;width:120px;height:120px\" srcset=\"https:\/\/obera.fr\/wp-content\/uploads\/2024\/06\/hotte-de-captation-rectangulaire-industrielle-600x600-1-1-150x150.png 150w, https:\/\/obera.fr\/wp-content\/uploads\/2024\/06\/hotte-de-captation-rectangulaire-industrielle-600x600-1-1-300x300.png 300w, https:\/\/obera.fr\/wp-content\/uploads\/2024\/06\/hotte-de-captation-rectangulaire-industrielle-600x600-1-1-1024x1024.png 1024w, https:\/\/obera.fr\/wp-content\/uploads\/2024\/06\/hotte-de-captation-rectangulaire-industrielle-600x600-1-1-768x768.png 768w, https:\/\/obera.fr\/wp-content\/uploads\/2024\/06\/hotte-de-captation-rectangulaire-industrielle-600x600-1-1.png 1280w\" sizes=\"(max-width: 150px) 100vw, 150px\" \/><figcaption class=\"wp-element-caption\">Hota de extrac\u021bie dreptunghiular\u0103 industrial\u0103<\/figcaption><\/figure>\n<\/div>\n\n\n\n<div class=\"wp-block-column is-layout-flow wp-block-column-is-layout-flow\">\n<figure class=\"wp-block-image aligncenter size-thumbnail is-resized\"><img decoding=\"async\" width=\"150\" height=\"150\" src=\"https:\/\/obera.fr\/wp-content\/uploads\/2024\/06\/hotte-de-captation-modulaire-600x600-1-150x150.png\" alt=\"hot&#x103; modular&#x103; 600x600 1\" class=\"wp-image-31479\" style=\"object-fit:cover;width:120px;height:120px\" srcset=\"https:\/\/obera.fr\/wp-content\/uploads\/2024\/06\/hotte-de-captation-modulaire-600x600-1-150x150.png 150w, https:\/\/obera.fr\/wp-content\/uploads\/2024\/06\/hotte-de-captation-modulaire-600x600-1-300x300.png 300w, https:\/\/obera.fr\/wp-content\/uploads\/2024\/06\/hotte-de-captation-modulaire-600x600-1-1024x1024.png 1024w, https:\/\/obera.fr\/wp-content\/uploads\/2024\/06\/hotte-de-captation-modulaire-600x600-1-768x768.png 768w, https:\/\/obera.fr\/wp-content\/uploads\/2024\/06\/hotte-de-captation-modulaire-600x600-1.png 1280w\" sizes=\"(max-width: 150px) 100vw, 150px\" \/><figcaption class=\"wp-element-caption\">Hote modulare<\/figcaption><\/figure>\n<\/div>\n\n\n\n<div class=\"wp-block-column is-layout-flow wp-block-column-is-layout-flow\">\n<figure class=\"wp-block-image aligncenter size-full is-resized\"><a href=\"https:\/\/obera.fr\/produits\/bras-dispositifs-captation\/capot-industriel\/\"><img decoding=\"async\" width=\"150\" height=\"150\" src=\"https:\/\/obera.fr\/wp-content\/uploads\/2020\/10\/capots.png\" alt=\"Standard de culoare RAL - Lac\" class=\"wp-image-1173\" style=\"object-fit:cover;width:120px;height:120px\"\/><\/a><figcaption class=\"wp-element-caption\">Capota de aspira\u021bie \u0219i colectare<\/figcaption><\/figure>\n<\/div>\n<\/div>\n","protected":false},"excerpt":{"rendered":"<p>Senzori de aspira\u021bie \u0219i inelare Pentru a men\u021bine mediul de lucru curat \u0219i s\u0103n\u0103tos \u0219i pentru a proteja astfel s\u0103n\u0103tatea operatorilor, poluan\u021bii trebuie capta\u021bi imediat ce sunt produ\u0219i, c\u00e2t mai aproape posibil de sursa de emisie \u0219i c\u00e2t mai eficient posibil. Acest lucru ia \u00een considerare natura, caracteristicile \u0219i concentra\u021bia poluantului \u00een sine. \u00cen func\u021bie de cerin\u021bele clientului, OberA proiecteaz\u0103 diferite inele Pouyes \u0219i senzori de aspira\u021bie. SENZORI INELARI Inelele Pouy\u00e8s sau colectoarele inelare sunt mijloace foarte eficiente de captare a energiei la surs\u0103. Acestea au fost concepute pentru a asigura o vitez\u0103 optim\u0103 de aspirare \u0219i un flux de &#8230; <\/p>\n<p class=\"read-more-container\"><a title=\"Inele Pouy\u00e8s\" class=\"read-more button\" href=\"https:\/\/obera.fr\/ro\/produits\/bras-dispositifs-captation\/anneaux-de-pouyes\/#more-38712\" aria-label=\"Cite\u0219te mai multe despre Inele Pouy\u00e8s\">Lire la suite<\/a><\/p>\n","protected":false},"author":4,"featured_media":83748,"parent":38253,"menu_order":0,"comment_status":"closed","ping_status":"closed","template":"","meta":{"_acf_changed":false,"_seopress_robots_primary_cat":"","_seopress_titles_title":"Descoperi\u021bi avantajele excep\u021bionale ale inelelor Pouy\u00e8s","_seopress_titles_desc":"Descoperi\u021bi de ce inelele Pouy\u00e8s sunt cheia esen\u021bial\u0103 a celor mai eficiente purificatoare de aer pentru o mai bun\u0103 calitate a aerului interior.","_seopress_robots_index":"","footnotes":""},"class_list":{"0":"post-38712","1":"page","2":"type-page","3":"status-publish","4":"has-post-thumbnail","6":"no-featured-image-padding","7":"resize-featured-image"},"acf":[],"_links":{"self":[{"href":"https:\/\/obera.fr\/ro\/wp-json\/wp\/v2\/pages\/38712","targetHints":{"allow":["GET"]}}],"collection":[{"href":"https:\/\/obera.fr\/ro\/wp-json\/wp\/v2\/pages"}],"about":[{"href":"https:\/\/obera.fr\/ro\/wp-json\/wp\/v2\/types\/page"}],"author":[{"embeddable":true,"href":"https:\/\/obera.fr\/ro\/wp-json\/wp\/v2\/users\/4"}],"replies":[{"embeddable":true,"href":"https:\/\/obera.fr\/ro\/wp-json\/wp\/v2\/comments?post=38712"}],"version-history":[{"count":9,"href":"https:\/\/obera.fr\/ro\/wp-json\/wp\/v2\/pages\/38712\/revisions"}],"predecessor-version":[{"id":127527,"href":"https:\/\/obera.fr\/ro\/wp-json\/wp\/v2\/pages\/38712\/revisions\/127527"}],"up":[{"embeddable":true,"href":"https:\/\/obera.fr\/ro\/wp-json\/wp\/v2\/pages\/38253"}],"wp:featuredmedia":[{"embeddable":true,"href":"https:\/\/obera.fr\/ro\/wp-json\/wp\/v2\/media\/83748"}],"wp:attachment":[{"href":"https:\/\/obera.fr\/ro\/wp-json\/wp\/v2\/media?parent=38712"}],"curies":[{"name":"wp","href":"https:\/\/api.w.org\/{rel}","templated":true}]}}