{"id":38824,"date":"2020-08-26T12:55:27","date_gmt":"2020-08-26T10:55:27","guid":{"rendered":"https:\/\/obera.fr\/produsele-noastre\/brate-si-dispozitive-de-preluare\/brate-de-aspiratie-industriale\/"},"modified":"2025-06-02T14:40:59","modified_gmt":"2025-06-02T12:40:59","slug":"bras-hotte-ovale-rectangulaire","status":"publish","type":"page","link":"https:\/\/obera.fr\/ro\/produits\/bras-dispositifs-captation\/bras-hotte-ovale-rectangulaire\/","title":{"rendered":"Bra\u021be de aspira\u021bie industriale"},"content":{"rendered":"\n<p><strong> Bra\u021bele de aspirare,<\/strong> cunoscute \u0219i sub numele de bra\u021be de extrac\u021bie sau bra\u021be articulate, sunt un dispozitiv de colectare important \u00een industrie \u0219i \u00een meserii, pentru a crea un mediu de lucru curat \u0219i sigur. <strong>Bra\u021bele de aspirare sunt flexibile<\/strong> \u0219i foarte des utilizate \u00een combina\u021bie cu sistemele de aspirare. Sistemele de aspira\u021bie colecteaz\u0103 particulele aspirate de bra\u021bul de aspira\u021bie \u0219i de filtre.  <\/p>\n\n\n\n<p>Bra\u021bele de aspirare \u0219i <strong>sistemele de aspirare sunt indispensabile \u00een multe sectoare<\/strong>, contribuind la \u00eembun\u0103t\u0103\u021birea calit\u0103\u021bii aerului, la protejarea s\u0103n\u0103t\u0103\u021bii lucr\u0103torilor \u0219i la cre\u0219terea productivit\u0103\u021bii. Pentru a ob\u021bine rezultate optime, este important s\u0103 alege\u021bi un bra\u021b de aspirare care s\u0103 \u00eendeplineasc\u0103 cerin\u021bele specifice ale aplica\u021biei. Oferim bra\u021be de aspira\u021bie ATEX rezistente la explozii, compatibile cu ESD \u0219i rezistente la substan\u021be chimice. Gama noastr\u0103 include produse de la produc\u0103torii FUMEX, ALSIDENT, ESTA \u0219i GEOVENT.   <\/p>\n\n\n\n<div class=\"wp-block-columns is-layout-flex wp-container-core-columns-is-layout-28f84493 wp-block-columns-is-layout-flex\">\n<div class=\"wp-block-column is-layout-flow wp-block-column-is-layout-flow\">\n<figure class=\"wp-block-image aligncenter size-full is-resized\"><img decoding=\"async\" width=\"1280\" height=\"1280\" src=\"https:\/\/obera.fr\/wp-content\/uploads\/2024\/10\/11-bras-de-captation-fixation-sol.png\" alt=\"bra\u021b de preluare montat pe podea\" class=\"wp-image-35798\" style=\"object-fit:cover;width:200px;height:200px\" srcset=\"https:\/\/obera.fr\/wp-content\/uploads\/2024\/10\/11-bras-de-captation-fixation-sol.png 1280w, https:\/\/obera.fr\/wp-content\/uploads\/2024\/10\/11-bras-de-captation-fixation-sol-300x300.png 300w, https:\/\/obera.fr\/wp-content\/uploads\/2024\/10\/11-bras-de-captation-fixation-sol-1024x1024.png 1024w, https:\/\/obera.fr\/wp-content\/uploads\/2024\/10\/11-bras-de-captation-fixation-sol-150x150.png 150w, https:\/\/obera.fr\/wp-content\/uploads\/2024\/10\/11-bras-de-captation-fixation-sol-768x768.png 768w, https:\/\/obera.fr\/wp-content\/uploads\/2024\/10\/11-bras-de-captation-fixation-sol-24x24.png 24w, https:\/\/obera.fr\/wp-content\/uploads\/2024\/10\/11-bras-de-captation-fixation-sol-48x48.png 48w, https:\/\/obera.fr\/wp-content\/uploads\/2024\/10\/11-bras-de-captation-fixation-sol-96x96.png 96w\" sizes=\"(max-width: 1280px) 100vw, 1280px\" \/><figcaption class=\"wp-element-caption\">Bra\u021b senzor montare pe podea<\/figcaption><\/figure>\n<\/div>\n\n\n\n<div class=\"wp-block-column is-layout-flow wp-block-column-is-layout-flow\">\n<figure class=\"wp-block-image aligncenter size-full is-resized\"><img decoding=\"async\" width=\"1280\" height=\"1279\" src=\"https:\/\/obera.fr\/wp-content\/uploads\/2024\/10\/12-bras-de-captation-fixation-murale-1.png\" alt=\"bra\u021b cu senzor montat pe perete\" class=\"wp-image-35818\" style=\"object-fit:cover;width:200px;height:200px\" srcset=\"https:\/\/obera.fr\/wp-content\/uploads\/2024\/10\/12-bras-de-captation-fixation-murale-1.png 1280w, https:\/\/obera.fr\/wp-content\/uploads\/2024\/10\/12-bras-de-captation-fixation-murale-1-300x300.png 300w, https:\/\/obera.fr\/wp-content\/uploads\/2024\/10\/12-bras-de-captation-fixation-murale-1-1024x1024.png 1024w, https:\/\/obera.fr\/wp-content\/uploads\/2024\/10\/12-bras-de-captation-fixation-murale-1-150x150.png 150w, https:\/\/obera.fr\/wp-content\/uploads\/2024\/10\/12-bras-de-captation-fixation-murale-1-768x767.png 768w, https:\/\/obera.fr\/wp-content\/uploads\/2024\/10\/12-bras-de-captation-fixation-murale-1-24x24.png 24w, https:\/\/obera.fr\/wp-content\/uploads\/2024\/10\/12-bras-de-captation-fixation-murale-1-48x48.png 48w, https:\/\/obera.fr\/wp-content\/uploads\/2024\/10\/12-bras-de-captation-fixation-murale-1-96x96.png 96w\" sizes=\"(max-width: 1280px) 100vw, 1280px\" \/><figcaption class=\"wp-element-caption\">Bra\u021b de captare pentru montare pe perete<\/figcaption><\/figure>\n<\/div>\n\n\n\n<div class=\"wp-block-column is-layout-flow wp-block-column-is-layout-flow\">\n<figure class=\"wp-block-image aligncenter size-full is-resized\"><img decoding=\"async\" width=\"1280\" height=\"1279\" src=\"https:\/\/obera.fr\/wp-content\/uploads\/2024\/10\/13-bras-de-captation-fixation-murale-avec-rallonge.png\" alt=\"bra\u021b senzor montat pe perete cu prelungitor\" class=\"wp-image-35821\" style=\"object-fit:cover;width:200px;height:200px\" srcset=\"https:\/\/obera.fr\/wp-content\/uploads\/2024\/10\/13-bras-de-captation-fixation-murale-avec-rallonge.png 1280w, https:\/\/obera.fr\/wp-content\/uploads\/2024\/10\/13-bras-de-captation-fixation-murale-avec-rallonge-300x300.png 300w, https:\/\/obera.fr\/wp-content\/uploads\/2024\/10\/13-bras-de-captation-fixation-murale-avec-rallonge-1024x1024.png 1024w, https:\/\/obera.fr\/wp-content\/uploads\/2024\/10\/13-bras-de-captation-fixation-murale-avec-rallonge-150x150.png 150w, https:\/\/obera.fr\/wp-content\/uploads\/2024\/10\/13-bras-de-captation-fixation-murale-avec-rallonge-768x767.png 768w, https:\/\/obera.fr\/wp-content\/uploads\/2024\/10\/13-bras-de-captation-fixation-murale-avec-rallonge-24x24.png 24w, https:\/\/obera.fr\/wp-content\/uploads\/2024\/10\/13-bras-de-captation-fixation-murale-avec-rallonge-48x48.png 48w, https:\/\/obera.fr\/wp-content\/uploads\/2024\/10\/13-bras-de-captation-fixation-murale-avec-rallonge-96x96.png 96w\" sizes=\"(max-width: 1280px) 100vw, 1280px\" \/><figcaption class=\"wp-element-caption\">Bra\u021b cu senzor pentru montare pe perete cu extensie<\/figcaption><\/figure>\n<\/div>\n\n\n\n<div class=\"wp-block-column is-layout-flow wp-block-column-is-layout-flow\">\n<figure class=\"wp-block-image aligncenter size-full is-resized\"><img decoding=\"async\" width=\"1280\" height=\"1279\" src=\"https:\/\/obera.fr\/wp-content\/uploads\/2024\/10\/14-bras-de-captation-fixation-support-depoussiereur.png\" alt=\"bra\u021b colector suport colector de praf\" class=\"wp-image-35824\" style=\"object-fit:cover;width:200px;height:200px\" srcset=\"https:\/\/obera.fr\/wp-content\/uploads\/2024\/10\/14-bras-de-captation-fixation-support-depoussiereur.png 1280w, https:\/\/obera.fr\/wp-content\/uploads\/2024\/10\/14-bras-de-captation-fixation-support-depoussiereur-300x300.png 300w, https:\/\/obera.fr\/wp-content\/uploads\/2024\/10\/14-bras-de-captation-fixation-support-depoussiereur-1024x1024.png 1024w, https:\/\/obera.fr\/wp-content\/uploads\/2024\/10\/14-bras-de-captation-fixation-support-depoussiereur-150x150.png 150w, https:\/\/obera.fr\/wp-content\/uploads\/2024\/10\/14-bras-de-captation-fixation-support-depoussiereur-768x767.png 768w, https:\/\/obera.fr\/wp-content\/uploads\/2024\/10\/14-bras-de-captation-fixation-support-depoussiereur-24x24.png 24w, https:\/\/obera.fr\/wp-content\/uploads\/2024\/10\/14-bras-de-captation-fixation-support-depoussiereur-48x48.png 48w, https:\/\/obera.fr\/wp-content\/uploads\/2024\/10\/14-bras-de-captation-fixation-support-depoussiereur-96x96.png 96w\" sizes=\"(max-width: 1280px) 100vw, 1280px\" \/><figcaption class=\"wp-element-caption\">Suport de fixare a bra\u021bului de captare Colector de praf<\/figcaption><\/figure>\n<\/div>\n<\/div>\n\n\n\n<div class=\"wp-block-columns is-layout-flex wp-container-core-columns-is-layout-28f84493 wp-block-columns-is-layout-flex\">\n<div class=\"wp-block-column is-layout-flow wp-block-column-is-layout-flow\" style=\"flex-basis:33.34%\">\n<div class=\"wp-block-buttons is-content-justification-center is-layout-flex wp-container-core-buttons-is-layout-a89b3969 wp-block-buttons-is-layout-flex\">\n<div class=\"wp-block-button\"><a class=\"wp-block-button__link wp-element-button\" href=\"https:\/\/obera.fr\/wp-content\/uploads\/2025\/06\/en-hotte-ovale.pdf\">Desc\u0103rca\u021bi bro\u0219ura<\/a><\/div>\n<\/div>\n<\/div>\n\n\n\n<div class=\"wp-block-column is-layout-flow wp-block-column-is-layout-flow\" style=\"flex-basis:33.34%\">\n<div class=\"wp-block-buttons is-horizontal is-content-justification-center is-layout-flex wp-container-core-buttons-is-layout-03627597 wp-block-buttons-is-layout-flex\">\n<div class=\"wp-block-button has-custom-width wp-block-button__width-100\"><a class=\"wp-block-button__link wp-element-button\" href=\"https:\/\/obera.fr\/ro\/contactati-ne\/\">Afl\u0103 mai multe<\/a><\/div>\n<\/div>\n\n\n\n<div style=\"height:58px\" aria-hidden=\"true\" class=\"wp-block-spacer\"><\/div>\n<\/div>\n\n\n\n<div class=\"wp-block-column is-layout-flow wp-block-column-is-layout-flow\" style=\"flex-basis:33.33%\">\n<div class=\"wp-block-buttons is-content-justification-center is-layout-flex wp-container-core-buttons-is-layout-a89b3969 wp-block-buttons-is-layout-flex\">\n<div class=\"wp-block-button btn-devis-source\"><a class=\"wp-block-button__link wp-element-button\" href=\"https:\/\/obera.fr\/ro\/devis\/\">Solicita\u021bi o ofert\u0103<\/a><\/div>\n<\/div>\n\n\n<script>\r\ndocument.addEventListener('DOMContentLoaded', function() {\r\n    \/\/ 1. On cherche le titre H1 de la page\r\n    var h1 = document.querySelector('h1');\r\n    var productTitle = h1 ? h1.innerText.trim() : \"\";\r\n\r\n    \/\/ 2. On cherche les boutons via la classe CSS .btn-devis-source\r\n    var buttons = document.querySelectorAll('.btn-devis-source a');\r\n\r\n    \/\/ 3. Si on a le titre et les boutons, on ajoute le param\u00e8tre\r\n    if (buttons.length > 0 && productTitle !== \"\") {\r\n        var encodedTitle = encodeURIComponent(productTitle);\r\n\r\n        buttons.forEach(function(btn) {\r\n            var currentHref = btn.getAttribute('href');\r\n            \r\n            \/\/ S\u00e9curit\u00e9 pour ne pas ajouter le param\u00e8tre 2 fois\r\n            if (currentHref.indexOf('sujet=') === -1) {\r\n                var separator = currentHref.indexOf('?') !== -1 ? '&' : '?';\r\n                var newLink = currentHref + separator + 'sujet=' + encodedTitle;\r\n                \r\n                btn.setAttribute('href', newLink);\r\n            }\r\n        });\r\n    }\r\n});\r\n<\/script><\/div>\n<\/div>\n\n\n\n<p><strong>Bra\u021bele de aspira\u021bie OberA capteaz\u0103 praful<\/strong>, vaporii de sudur\u0103 \u0219i lipire, gazele \u0219i vaporii direct la surs\u0103. Bra\u021bele de aspira\u021bie pot fi conectate la ventilatoare de aspira\u021bie pentru a aspira poluan\u021bii \u0219i a-i evacua f\u0103r\u0103 filtrare, sau la o <strong>instala\u021bie central\u0103 de aspira\u021bie \u0219i filtrare<\/strong> prin conducte, sau la o unitate mobil\u0103 de aspira\u021bie. <\/p>\n\n\n\n<p>Este util s\u0103 se<strong>utilizeze un bra\u021b atunci c\u00e2nd pozi\u021bia zonei de lucru variaz\u0103<\/strong> sau c\u00e2nd este important s\u0103 se poat\u0103 retrage dispozitivul de aspirare pentru a nu st\u00e2njeni munca operatorilor atunci c\u00e2nd ace\u0219tia nu trebuie s\u0103 utilizeze aspirarea.<\/p>\n\n\n\n<p>\u00cen general, se consider\u0103 c\u0103 un bra\u021b de aspira\u021bie poate fi deplasat \u00eentr-un spa\u021biu de lucru corespunz\u0103tor cel mult lungimii sale. Pentru a <strong>verifica c\u00e2t de departe pot fi deplasate bra\u021bele<\/strong>, arunca\u021bi o privire la videoclipurile noastre care arat\u0103 cum poate fi deplasat fiecare bra\u021b \u00een func\u021bie de lungimea sa.   <\/p>\n\n\n\n<p>Toate bra\u021bele noastre sunt proiectate pentru a combina robuste\u021bea, durabilitatea \u0219i manevrabilitatea.<\/p>\n\n\n\n<p>Bra\u021bele noastre de aspira\u021bie sunt livrate complet preasamblate \u0219i sunt disponibile cu diferite capace de aspira\u021bie, diferite furtunuri, diferite tipuri de montare \u0219i \u00eentr-o gam\u0103 larg\u0103 de l\u0103\u021bimi nominale (50 mm p\u00e2n\u0103 la 200 mm) \u0219i deschideri (1,5 m p\u00e2n\u0103 la 8,0 m).<\/p>\n\n\n\n<p>Bra\u021bele de aspira\u021bie OberA sunt articulate \u0219i echipate cu supor\u021bi cu gaz pentru a <strong>asigura mi\u0219carea u\u0219oar\u0103 a bra\u021bului<\/strong> \u0219i pentru a plasa gura de colectare \u00een orice pozi\u021bie la \u00eendem\u00e2n\u0103. Construc\u021bia extern\u0103 a sistemului de sus\u021binere \u0219i articulare asigur\u0103 faptul c\u0103 fluxul de aer nu este \u00eempiedicat \u0219i c\u0103 se poate realiza o aspira\u021bie eficient\u0103. Unele tipuri de bra\u021be au o <strong>articula\u021bie \u00een interiorul bra\u021bului<\/strong>. Aceast\u0103 solu\u021bie trebuie evitat\u0103, dac\u0103 este posibil, pentru a preveni orice risc de deteriorare sau abraziune \u00een cazul prafului sau de coroziune \u00een cazul poluan\u021bilor gazo\u0219i.   <\/p>\n\n\n\n<div style=\"height:15px\" aria-hidden=\"true\" class=\"wp-block-spacer\"><\/div>\n\n\n\n<div class=\"wp-block-columns is-layout-flex wp-container-core-columns-is-layout-28f84493 wp-block-columns-is-layout-flex\">\n<div class=\"wp-block-column is-layout-flow wp-block-column-is-layout-flow\">\n<figure class=\"wp-block-image aligncenter size-full\"><img decoding=\"async\" width=\"1024\" height=\"768\" src=\"https:\/\/obera.fr\/wp-content\/uploads\/2020\/11\/9-bras-de-captation.jpg\" alt=\"Ma\u0219in\u0103 - aspirator\" class=\"wp-image-1646\" srcset=\"https:\/\/obera.fr\/wp-content\/uploads\/2020\/11\/9-bras-de-captation.jpg 1024w, https:\/\/obera.fr\/wp-content\/uploads\/2020\/11\/9-bras-de-captation-300x225.jpg 300w, https:\/\/obera.fr\/wp-content\/uploads\/2020\/11\/9-bras-de-captation-768x576.jpg 768w\" sizes=\"(max-width: 1024px) 100vw, 1024px\" \/><figcaption class=\"wp-element-caption\">Sisteme de aspira\u021bie \u00een uz<\/figcaption><\/figure>\n<\/div>\n\n\n\n<div class=\"wp-block-column is-layout-flow wp-block-column-is-layout-flow\">\n<figure class=\"wp-block-image aligncenter size-full\"><img decoding=\"async\" width=\"1024\" height=\"768\" src=\"https:\/\/obera.fr\/wp-content\/uploads\/2020\/11\/10-bras-de-captation.jpg\" alt=\"Inginerie - Captare\" class=\"wp-image-1647\" srcset=\"https:\/\/obera.fr\/wp-content\/uploads\/2020\/11\/10-bras-de-captation.jpg 1024w, https:\/\/obera.fr\/wp-content\/uploads\/2020\/11\/10-bras-de-captation-300x225.jpg 300w, https:\/\/obera.fr\/wp-content\/uploads\/2020\/11\/10-bras-de-captation-768x576.jpg 768w\" sizes=\"(max-width: 1024px) 100vw, 1024px\" \/><figcaption class=\"wp-element-caption\">Captarea armelor in situ<\/figcaption><\/figure>\n<\/div>\n<\/div>\n\n\n\n<h2 class=\"wp-block-heading\">Ce criterii ar trebui s\u0103 iau \u00een considerare atunci c\u00e2nd aleg un bra\u021b de aspirare industrial?<\/h2>\n\n\n\n<h3 class=\"wp-block-heading\">1. Ce diametru ar trebui s\u0103 aleg pentru un bra\u021b de aspira\u021bie?<\/h3>\n\n\n\n<p><strong>Bra\u021bele de aspira\u021bie OberA sunt disponibile \u00een diametre de la d50mm<\/strong> <strong>la d200mm<\/strong>.<\/p>\n\n\n\n<p>Debitul de aspira\u021bie variaz\u0103 de la 100 m3\/h la un maxim de 3000 m3\/h.<\/p>\n\n\n\n<p><strong>Diametrul pe care \u00eel alege\u021bi<\/strong> va depinde de debitul de aspira\u021bie pe care dori\u021bi s\u0103 \u00eel utiliza\u021bi \u0219i de capacitatea sistemului de aspira\u021bie \u0219i filtrare la care este conectat bra\u021bul.<\/p>\n\n\n\n<p>Chiar dac\u0103 bra\u021bele OberA sunt <strong>deosebit de eficiente \u0219i economisesc energie<\/strong>, pierderea de presiune a unui bra\u021b de aspira\u021bie este \u00eenc\u0103 relativ ridicat\u0103, av\u00e2nd \u00een vedere curbele de la \u00eembin\u0103ri \u0219i lungimea conductelor flexibile. \u00cen plus, cu c\u00e2t este mai mare viteza de aspira\u021bie \u00een bra\u021b, cu at\u00e2t este mai mare pierderea de \u00een\u0103l\u021bime \u00een bra\u021b (care se dezvolt\u0103 mai mult sau mai pu\u021bin propor\u021bional cu p\u0103tratul vitezei de aspira\u021bie). <\/p>\n\n\n\n<p>Prin urmare, este important s\u0103 se asigure c\u0103<strong> sistemul de extrac\u021bie la care va fi conectat bra\u021bul<\/strong> are o capacitate de aspira\u021bie suficient\u0103 at\u00e2t \u00een ceea ce prive\u0219te debitul, c\u00e2t \u0219i presiunea disponibil\u0103. Sistemele de ventila\u021bie (AHU) adesea nu au suficient\u0103 presiune negativ\u0103 pentru a garanta un debit adecvat pentru bra\u021b. <\/p>\n\n\n\n<p>Alegerea unui bra\u021b cu un diametru mai mare va reduce c\u0103derea de presiune, dar tot trebuie s\u0103 v\u0103 asigura\u021bi c\u0103 viteza de aspirare este suficient\u0103 c\u00e2nd vine vorba de aspirarea prafului. \u00cen plus, cu c\u00e2t <strong>diametrul unui bra\u021b de aspirare este mai mare<\/strong>, cu at\u00e2t acesta este mai voluminos! <\/p>\n\n\n\n<div class=\"wp-block-columns is-layout-flex wp-container-core-columns-is-layout-28f84493 wp-block-columns-is-layout-flex\">\n<div class=\"wp-block-column is-layout-flow wp-block-column-is-layout-flow\" style=\"flex-basis:50%\">\n<h3 class=\"wp-block-heading\">2. Ce lungime a bra\u021bului de aspira\u021bie ar trebui s\u0103 aleg?<\/h3>\n\n\n\n<p><strong>Lungimea bra\u021bului de aspirare <\/strong>depinde de mi\u0219carea care trebuie efectuat\u0103 \u0219i de suprafa\u021ba care trebuie acoperit\u0103. Cu toate acestea, cu c\u00e2t bra\u021bul este mai lung, cu at\u00e2t este mai pu\u021bin manevrabil. A\u0219adar, asigura\u021bi-v\u0103 c\u0103 alege\u021bi un bra\u021b suficient de lung, dar nu prea lung.  <\/p>\n<\/div>\n\n\n\n<div class=\"wp-block-column is-layout-flow wp-block-column-is-layout-flow\" style=\"flex-basis:50%\">\n<h3 class=\"wp-block-heading\">3. Ce hot\u0103 sau dispozitiv de captare a fumului trebuie utilizat la cap\u0103tul unui bra\u021b de aspira\u021bie?<\/h3>\n\n\n\n<p>Bra\u021bele OberA pot fi echipate cu o varietate de hote de extrac\u021bie:<\/p>\n\n\n\n<ul class=\"wp-block-list\">\n<li><strong>Hota rotund\u0103 sau oval\u0103 pentru aspirarea prafului \u0219i a fumului<\/strong>.<\/li>\n\n\n\n<li>Hota dreptunghiular\u0103 pentru extrac\u021bie pe suprafe\u021be mari.<\/li>\n\n\n\n<li>Hota <strong>patentat\u0103 cu dublu efect<\/strong> pentru extragerea fumurilor, gazelor \u0219i solven\u021bilor.<\/li>\n<\/ul>\n<\/div>\n<\/div>\n\n\n\n<div class=\"wp-block-buttons is-content-justification-center is-layout-flex wp-container-core-buttons-is-layout-a89b3969 wp-block-buttons-is-layout-flex\">\n<div class=\"wp-block-button\"><a class=\"wp-block-button__link wp-element-button\" href=\"https:\/\/boutique.obera.fr\/40-64-acheter-bras-d-aspiration-avec-capot-en-plastique.html#\/3-taille-4m\/27-diametres_bras-140mm\/33-type_de_fixation-support_mural\">Cump\u0103r\u0103 Bra\u021b de aspira\u021bie cu capac din plastic<\/a><\/div>\n<\/div>\n\n\n\n<h3 class=\"wp-block-heading\">4. Cum ata\u0219ez un bra\u021b de aspirare?<\/h3>\n\n\n\n<p>Exist\u0103<strong> diferite modalit\u0103\u021bi de ata\u0219are a unui bra\u021b de aspira\u021bie<\/strong>:<\/p>\n\n\n\n<ul class=\"wp-block-list\">\n<li>Suport de podea cu picior de sprijin pentru fixarea pe podea.<\/li>\n\n\n\n<li>Suport pentru <strong>pozi\u021bionarea pe un aspirator mobil<\/strong>.<\/li>\n\n\n\n<li>Montat pe perete cu articula\u021bie sferic\u0103 de 360\u00b0.<\/li>\n\n\n\n<li>Suport de montare pe perete.<\/li>\n\n\n\n<li>Suport pentru montare pe perete cu bra\u021b \u0219i extensie de la 1m la 3m.<\/li>\n<\/ul>\n\n\n\n<h3 class=\"wp-block-heading\">5. C\u00e2nd ar trebui s\u0103 alege\u021bi un bra\u021b ATEX?<\/h3>\n\n\n\n<p>Atunci c\u00e2nd produsul aspirat este exploziv (praf sau gaz exploziv) sau c\u00e2nd bra\u021bul \u00een sine se afl\u0103 \u00eentr-o zon\u0103 ATEX, trebuie ales un bra\u021b ATEX adecvat: bra\u021b pentru praf ATEX Zona 22 sau bra\u021b pentru gaz ATEX Zona 2.<\/p>\n\n\n\n<h3 class=\"wp-block-heading\">6. Ce op\u021biuni sunt disponibile pentru bra\u021bele de aspira\u021bie?<\/h3>\n\n\n\n<p><strong> Sunt disponibile<\/strong> mai multe<strong> op\u021biuni, \u00een func\u021bie de utilizare<\/strong>. Acestea includ : <\/p>\n\n\n\n<ul class=\"wp-block-list\">\n<li>Lumina LED de pe dispozitivul de captur\u0103.<\/li>\n\n\n\n<li>Supap\u0103 de control al debitului sau supap\u0103 de deschidere\/\u00eenchidere.<\/li>\n\n\n\n<li>O gam\u0103 de furtunuri speciale de aspira\u021bie pentru a \u00eendeplini cerin\u021be specifice, cum ar fi zgur\u0103, praf abraziv, fumuri sau gaze corozive etc. ATEX, furtunuri pentru temperaturi ridicate.<\/li>\n<\/ul>\n\n\n\n<div class=\"wp-block-columns is-layout-flex wp-container-core-columns-is-layout-28f84493 wp-block-columns-is-layout-flex\">\n<div class=\"wp-block-column is-layout-flow wp-block-column-is-layout-flow\">\n<h2 class=\"wp-block-heading has-text-align-center\"><br>Capot\u0103 oval\u0103 cu bra\u021b extractor<\/h2>\n\n\n\n<figure class=\"wp-block-image aligncenter size-medium is-resized\"><img decoding=\"async\" width=\"300\" height=\"300\" src=\"https:\/\/obera.fr\/wp-content\/uploads\/2020\/09\/Bras-SF-300x300.jpg\" alt=\"Bra\u021b Sf\" class=\"wp-image-969\" style=\"width:225px;height:225px\" srcset=\"https:\/\/obera.fr\/wp-content\/uploads\/2020\/09\/Bras-SF-300x300.jpg 300w, https:\/\/obera.fr\/wp-content\/uploads\/2020\/09\/Bras-SF-150x150.jpg 150w, https:\/\/obera.fr\/wp-content\/uploads\/2020\/09\/Bras-SF.jpg 433w\" sizes=\"(max-width: 300px) 100vw, 300px\" \/><\/figure>\n<\/div>\n\n\n\n<div class=\"wp-block-column is-layout-flow wp-block-column-is-layout-flow\">\n<h2 class=\"wp-block-heading has-text-align-center\"><br>Capot\u0103 dreptunghiular\u0103 cu bra\u021b extractor<\/h2>\n\n\n\n<figure class=\"wp-block-image aligncenter size-medium is-resized\"><img decoding=\"async\" width=\"300\" height=\"300\" src=\"https:\/\/obera.fr\/wp-content\/uploads\/2020\/09\/Hotte-SF-300x300.jpg\" alt=\"Capota Sf\" class=\"wp-image-968\" style=\"width:225px;height:225px\" srcset=\"https:\/\/obera.fr\/wp-content\/uploads\/2020\/09\/Hotte-SF-300x300.jpg 300w, https:\/\/obera.fr\/wp-content\/uploads\/2020\/09\/Hotte-SF-150x150.jpg 150w, https:\/\/obera.fr\/wp-content\/uploads\/2020\/09\/Hotte-SF.jpg 433w\" sizes=\"(max-width: 300px) 100vw, 300px\" \/><\/figure>\n<\/div>\n<\/div>\n\n\n\n<h2 class=\"wp-block-heading\">Care sunt criteriile de care trebuie s\u0103 \u021bine\u021bi cont atunci c\u00e2nd alege\u021bi  <\/h2>\n\n\n\n<div class=\"wp-block-columns is-layout-flex wp-container-core-columns-is-layout-28f84493 wp-block-columns-is-layout-flex\">\n<div class=\"wp-block-column is-layout-flow wp-block-column-is-layout-flow\">\n<h3 class=\"wp-block-heading has-text-align-center\"><strong>Beneficii<\/strong><\/h3>\n\n\n\n<ul class=\"wp-block-list\">\n<li>Pentru captarea perfect\u0103 a vaporilor, solven\u021bilor \u0219i prafului la surs\u0103<\/li>\n\n\n\n<li>Aspirarea uneia sau mai multor sta\u021bii de lucru<\/li>\n\n\n\n<li>Pentru a fi conectat la o <a href=\"https:\/\/obera.fr\/ro\/produits\/bras-dispositifs-captation\/\">re\u021bea de colectare<\/a> sau la un colector de praf mobil<\/li>\n<\/ul>\n<\/div>\n\n\n\n<div class=\"wp-block-column is-layout-flow wp-block-column-is-layout-flow\">\n<h3 class=\"wp-block-heading has-text-align-center\"><strong>Caracteristici speciale<\/strong><\/h3>\n\n\n\n<ul class=\"wp-block-list\">\n<li>Mecanismul de sus\u021binere a bra\u021bului este la exterior \u0219i nu interfereaz\u0103 cu fluxul de aer.<\/li>\n\n\n\n<li>Fluxul de aer din bra\u021b nu este perturbat. Pierderile de presiune sunt reduse<\/li>\n\n\n\n<li>Arcurile pneumatice sus\u021bin \u0219i asist\u0103 mi\u0219carea<\/li>\n<\/ul>\n<\/div>\n\n\n\n<div class=\"wp-block-column is-layout-flow wp-block-column-is-layout-flow\">\n<h3 class=\"wp-block-heading has-text-align-center\"><strong>Caracteristici<\/strong><\/h3>\n\n\n\n<ul class=\"wp-block-list\">\n<li>O gam\u0103 larg\u0103 de dimensiuni \u0219i diametre<\/li>\n\n\n\n<li>Flexibilitate ridicat\u0103<\/li>\n\n\n\n<li>U\u0219or de utilizat \u0219i de mutat<\/li>\n\n\n\n<li>Aspirare c\u00e2t mai aproape posibil de surs\u0103<\/li>\n<\/ul>\n<\/div>\n<\/div>\n\n\n\n<h2 class=\"wp-block-heading\">Aplica\u021bii<\/h2>\n\n\n\n<div class=\"wp-block-columns is-layout-flex wp-container-core-columns-is-layout-28f84493 wp-block-columns-is-layout-flex\">\n<div class=\"wp-block-column is-layout-flow wp-block-column-is-layout-flow\">\n<h3 class=\"wp-block-heading has-text-align-center\">Poluan\u021bi<\/h3>\n\n\n\n<hr class=\"wp-block-separator has-css-opacity is-style-wide\"\/>\n\n\n\n<div class=\"wp-block-columns is-layout-flex wp-container-core-columns-is-layout-28f84493 wp-block-columns-is-layout-flex\">\n<div class=\"wp-block-column is-layout-flow wp-block-column-is-layout-flow\">\n<figure class=\"wp-block-image aligncenter size-large\"><img decoding=\"async\" width=\"70\" height=\"70\" src=\"https:\/\/obera.fr\/wp-content\/uploads\/2020\/08\/polluants-poussieres.jpg\" alt=\"Poluan\u021bi Praf\" class=\"wp-image-675\"\/><figcaption class=\"wp-element-caption\">Praf<\/figcaption><\/figure>\n\n\n\n<figure class=\"wp-block-image aligncenter size-large\"><img decoding=\"async\" width=\"70\" height=\"70\" src=\"https:\/\/obera.fr\/wp-content\/uploads\/2020\/08\/industrie-fumees.jpg\" alt=\"Fumul din industrie\" class=\"wp-image-722\"\/><figcaption class=\"wp-element-caption\">Fumuri<\/figcaption><\/figure>\n\n\n\n<figure class=\"wp-block-image aligncenter size-large\"><img decoding=\"async\" width=\"70\" height=\"70\" src=\"https:\/\/obera.fr\/wp-content\/uploads\/2020\/09\/cov.png\" alt=\"Cov\" class=\"wp-image-959\"\/><figcaption class=\"wp-element-caption\">VOCS<\/figcaption><\/figure>\n<\/div>\n\n\n\n<div class=\"wp-block-column is-layout-flow wp-block-column-is-layout-flow\">\n<figure class=\"wp-block-image aligncenter size-large\"><img decoding=\"async\" width=\"70\" height=\"70\" src=\"https:\/\/obera.fr\/wp-content\/uploads\/2020\/08\/polluants-copeaux-bois.jpg\" alt=\"Poluan\u021bi A\u0219chii de lemn\" class=\"wp-image-674\"\/><figcaption class=\"wp-element-caption\">Chipsuri<\/figcaption><\/figure>\n\n\n\n<figure class=\"wp-block-image aligncenter size-large\"><img decoding=\"async\" width=\"70\" height=\"70\" src=\"https:\/\/obera.fr\/wp-content\/uploads\/2020\/08\/industrie-odeur.jpg\" alt=\"Odoare industrial\u0103\" class=\"wp-image-723\"\/><figcaption class=\"wp-element-caption\">Mirosuri<\/figcaption><\/figure>\n\n\n\n<figure class=\"wp-block-image aligncenter size-large\"><img decoding=\"async\" width=\"70\" height=\"70\" src=\"https:\/\/obera.fr\/wp-content\/uploads\/2020\/08\/industrie-brouillard-huile.jpg\" alt=\"Ulei de cea\u021b\u0103 pentru industrie\" class=\"wp-image-721\"\/><figcaption class=\"wp-element-caption\">Cea\u021b\u0103 de ulei<\/figcaption><\/figure>\n<\/div>\n<\/div>\n<\/div>\n\n\n\n<div class=\"wp-block-column is-layout-flow wp-block-column-is-layout-flow\">\n<h3 class=\"wp-block-heading has-text-align-center\">Industrii<\/h3>\n\n\n\n<hr class=\"wp-block-separator has-css-opacity is-style-wide\"\/>\n\n\n\n<div class=\"wp-block-columns is-layout-flex wp-container-core-columns-is-layout-28f84493 wp-block-columns-is-layout-flex\">\n<div class=\"wp-block-column is-layout-flow wp-block-column-is-layout-flow\">\n<figure class=\"wp-block-image aligncenter size-large\"><img decoding=\"async\" width=\"70\" height=\"70\" src=\"https:\/\/obera.fr\/wp-content\/uploads\/2020\/08\/industrie-metallurgie.jpg\" alt=\"Industria metalurgic\u0103\" class=\"wp-image-673\"\/><figcaption class=\"wp-element-caption\">Metalurgie<\/figcaption><\/figure>\n\n\n\n<figure class=\"wp-block-image aligncenter size-large\"><img decoding=\"async\" width=\"70\" height=\"70\" src=\"https:\/\/obera.fr\/wp-content\/uploads\/2020\/08\/industrie-plastique.jpg\" alt=\"Industria maselor plastice\" class=\"wp-image-669\"\/><figcaption class=\"wp-element-caption\">Materiale plastice<\/figcaption><\/figure>\n\n\n\n<figure class=\"wp-block-image aligncenter size-large\"><img decoding=\"async\" width=\"70\" height=\"70\" src=\"https:\/\/obera.fr\/wp-content\/uploads\/2020\/08\/industrie-chimie.jpg\" alt=\"Industria chimic\u0103\" class=\"wp-image-725\"\/><figcaption class=\"wp-element-caption\">Produse chimice\/petrochimice<\/figcaption><\/figure>\n\n\n\n<figure class=\"wp-block-image aligncenter size-large\"><img decoding=\"async\" width=\"70\" height=\"70\" src=\"https:\/\/obera.fr\/wp-content\/uploads\/2020\/08\/industrie-dechets.jpg\" alt=\"De\u0219euri industriale\" class=\"wp-image-726\"\/><figcaption class=\"wp-element-caption\">Colectarea \u0219i sortarea de\u0219eurilor<\/figcaption><\/figure>\n<\/div>\n\n\n\n<div class=\"wp-block-column is-layout-flow wp-block-column-is-layout-flow\">\n<figure class=\"wp-block-image aligncenter size-large\"><img decoding=\"async\" width=\"70\" height=\"70\" src=\"https:\/\/obera.fr\/wp-content\/uploads\/2020\/08\/industrie-bois.jpg\" alt=\"Industria lemnului\" class=\"wp-image-672\"\/><figcaption class=\"wp-element-caption\">Prelucrarea lemnului<\/figcaption><\/figure>\n\n\n\n<figure class=\"wp-block-image aligncenter size-large\"><img decoding=\"async\" width=\"70\" height=\"70\" src=\"https:\/\/obera.fr\/wp-content\/uploads\/2020\/08\/industrie-textile.jpg\" alt=\"Industria textil\u0103\" class=\"wp-image-671\"\/><figcaption class=\"wp-element-caption\">Textile<\/figcaption><\/figure>\n\n\n\n<figure class=\"wp-block-image aligncenter size-large\"><img decoding=\"async\" width=\"70\" height=\"70\" src=\"https:\/\/obera.fr\/wp-content\/uploads\/2020\/08\/industrie-minerai.jpg\" alt=\"Industria minereurilor\" class=\"wp-image-724\"\/><figcaption class=\"wp-element-caption\">Minerale<\/figcaption><\/figure>\n\n\n\n<figure class=\"wp-block-image aligncenter size-large\"><img decoding=\"async\" width=\"70\" height=\"70\" src=\"https:\/\/obera.fr\/wp-content\/uploads\/2020\/08\/industrie-papier-carton.jpg\" alt=\"Industria h\u00e2rtiei \u0219i cartonului\" class=\"wp-image-670\"\/><figcaption class=\"wp-element-caption\">H\u00e2rtie\/carton<\/figcaption><\/figure>\n<\/div>\n<\/div>\n<\/div>\n<\/div>\n\n\n\n<h3 class=\"wp-block-heading\">\u00cen optioN<\/h3>\n\n\n\n<div class=\"wp-block-columns is-layout-flex wp-container-core-columns-is-layout-28f84493 wp-block-columns-is-layout-flex\">\n<div class=\"wp-block-column is-layout-flow wp-block-column-is-layout-flow\">\n<figure class=\"wp-block-image aligncenter size-full is-resized\"><img decoding=\"async\" width=\"150\" height=\"150\" src=\"https:\/\/obera.fr\/wp-content\/uploads\/2022\/02\/ATEX.png\" alt=\"atex\" class=\"wp-image-8858\" style=\"width:108px;height:108px\"\/><figcaption class=\"wp-element-caption\">Atex<\/figcaption><\/figure>\n<\/div>\n\n\n\n<div class=\"wp-block-column is-layout-flow wp-block-column-is-layout-flow\">\n<figure class=\"wp-block-image aligncenter size-full is-resized\"><img decoding=\"async\" width=\"100\" height=\"100\" src=\"https:\/\/obera.fr\/wp-content\/uploads\/2020\/09\/lumiere-integree.jpg\" alt=\"Fum - praf\" class=\"wp-image-973\" style=\"width:105px;height:105px\"\/><figcaption class=\"wp-element-caption\">Lumin\u0103 integrat\u0103<\/figcaption><\/figure>\n<\/div>\n\n\n\n<div class=\"wp-block-column is-layout-flow wp-block-column-is-layout-flow\"><\/div>\n\n\n\n<div class=\"wp-block-column is-layout-flow wp-block-column-is-layout-flow\"><\/div>\n<\/div>\n\n\n\n<div class=\"wp-block-buttons is-horizontal is-content-justification-center is-layout-flex wp-container-core-buttons-is-layout-03627597 wp-block-buttons-is-layout-flex\">\n<div class=\"wp-block-button has-custom-width wp-block-button__width-100\"><a class=\"wp-block-button__link wp-element-button\" href=\"https:\/\/obera.fr\/ro\/contactati-ne\/\">Afl\u0103 mai multe<\/a><\/div>\n<\/div>\n\n\n\n<hr class=\"wp-block-separator has-css-opacity is-style-dots\"\/>\n\n\n\n<h2 class=\"wp-block-heading\">Alte produse de aspirare \u0219i colectare OberA<\/h2>\n\n\n\n<div class=\"wp-block-columns is-layout-flex wp-container-core-columns-is-layout-28f84493 wp-block-columns-is-layout-flex\">\n<div class=\"wp-block-column is-layout-flow wp-block-column-is-layout-flow\">\n<figure class=\"wp-block-image aligncenter size-thumbnail\"><a href=\"https:\/\/obera.fr\/?page_id=489\"><img decoding=\"async\" width=\"150\" height=\"150\" src=\"https:\/\/obera.fr\/wp-content\/uploads\/2020\/10\/table-SF-150x150.png\" alt=\"Mese de aspira\u021bie\" class=\"wp-image-1179\" srcset=\"https:\/\/obera.fr\/wp-content\/uploads\/2020\/10\/table-SF-150x150.png 150w, https:\/\/obera.fr\/wp-content\/uploads\/2020\/10\/table-SF-300x300.png 300w, https:\/\/obera.fr\/wp-content\/uploads\/2020\/10\/table-SF.png 433w\" sizes=\"(max-width: 150px) 100vw, 150px\" \/><\/a><figcaption class=\"wp-element-caption\">Mese de aspira\u021bie<\/figcaption><\/figure>\n<\/div>\n\n\n\n<div class=\"wp-block-column is-layout-flow wp-block-column-is-layout-flow\">\n<figure class=\"wp-block-image aligncenter size-thumbnail\"><a href=\"https:\/\/obera.fr\/produits\/bras-dispositifs-captation\/bras-de-laboratoire\/\"><img decoding=\"async\" width=\"150\" height=\"150\" src=\"https:\/\/obera.fr\/wp-content\/uploads\/2020\/11\/22-bras-de-labo-150x150.jpg\" alt=\"Bra\u021be de laborator\" class=\"wp-image-1662\" srcset=\"https:\/\/obera.fr\/wp-content\/uploads\/2020\/11\/22-bras-de-labo-150x150.jpg 150w, https:\/\/obera.fr\/wp-content\/uploads\/2020\/11\/22-bras-de-labo-300x300.jpg 300w, https:\/\/obera.fr\/wp-content\/uploads\/2020\/11\/22-bras-de-labo-1024x1024.jpg 1024w, https:\/\/obera.fr\/wp-content\/uploads\/2020\/11\/22-bras-de-labo-768x768.jpg 768w, https:\/\/obera.fr\/wp-content\/uploads\/2020\/11\/22-bras-de-labo.jpg 1500w\" sizes=\"(max-width: 150px) 100vw, 150px\" \/><\/a><figcaption class=\"wp-element-caption\">Bra\u021be de laborator<\/figcaption><\/figure>\n<\/div>\n\n\n\n<div class=\"wp-block-column is-layout-flow wp-block-column-is-layout-flow\">\n<figure class=\"wp-block-image aligncenter size-thumbnail\"><a href=\"https:\/\/obera.fr\/produits\/bras-dispositifs-captation\/dosserets-aspirants\/\"><img decoding=\"async\" width=\"150\" height=\"150\" src=\"https:\/\/obera.fr\/wp-content\/uploads\/2020\/10\/Dosserets-oberA-150x150.png\" alt=\"Splashbacks Obera\" class=\"wp-image-1174\"\/><\/a><figcaption class=\"wp-element-caption\">Backsplash-uri cu aspira\u021bie<\/figcaption><\/figure>\n<\/div>\n\n\n\n<div class=\"wp-block-column is-layout-flow wp-block-column-is-layout-flow\">\n<figure class=\"wp-block-image aligncenter size-thumbnail\"><a href=\"https:\/\/obera.fr\/produits\/bras-dispositifs-captation\/anneaux-de-pouyes\/\"><img decoding=\"async\" width=\"150\" height=\"150\" src=\"https:\/\/obera.fr\/wp-content\/uploads\/2022\/09\/Anneau-de-pouyes-2-150x150.jpg\" alt=\"inelul de pouyes\" class=\"wp-image-14482\" srcset=\"https:\/\/obera.fr\/wp-content\/uploads\/2022\/09\/Anneau-de-pouyes-2-150x150.jpg 150w, https:\/\/obera.fr\/wp-content\/uploads\/2022\/09\/Anneau-de-pouyes-2-300x300.jpg 300w, https:\/\/obera.fr\/wp-content\/uploads\/2022\/09\/Anneau-de-pouyes-2.jpg 500w\" sizes=\"(max-width: 150px) 100vw, 150px\" \/><\/a><figcaption class=\"wp-element-caption\">Inele de pui<\/figcaption><\/figure>\n<\/div>\n<\/div>\n\n\n\n<div class=\"wp-block-columns is-layout-flex wp-container-core-columns-is-layout-28f84493 wp-block-columns-is-layout-flex\">\n<div class=\"wp-block-column is-layout-flow wp-block-column-is-layout-flow\">\n<figure class=\"wp-block-image aligncenter size-thumbnail\"><a href=\"https:\/\/obera.fr\/produits\/bras-dispositifs-captation\/hotte-rectangulaire\/\"><img decoding=\"async\" width=\"150\" height=\"150\" src=\"https:\/\/obera.fr\/wp-content\/uploads\/2020\/10\/hotte-rectangulaire-150x150.png\" alt=\"Capot\u0103 dreptunghiular\u0103\" class=\"wp-image-1178\" srcset=\"https:\/\/obera.fr\/wp-content\/uploads\/2020\/10\/hotte-rectangulaire-150x150.png 150w, https:\/\/obera.fr\/wp-content\/uploads\/2020\/10\/hotte-rectangulaire.png 158w\" sizes=\"(max-width: 150px) 100vw, 150px\" \/><\/a><figcaption class=\"wp-element-caption\">Hote industriale dreptunghiulare<\/figcaption><\/figure>\n<\/div>\n\n\n\n<div class=\"wp-block-column is-layout-flow wp-block-column-is-layout-flow\">\n<figure class=\"wp-block-image aligncenter size-thumbnail\"><img decoding=\"async\" width=\"150\" height=\"150\" src=\"https:\/\/obera.fr\/wp-content\/uploads\/2024\/06\/hotte-de-captation-modulaire-600x600-1-150x150.png\" alt=\"hot\u0103 modular\u0103 600x600 1\" class=\"wp-image-31479\" srcset=\"https:\/\/obera.fr\/wp-content\/uploads\/2024\/06\/hotte-de-captation-modulaire-600x600-1-150x150.png 150w, https:\/\/obera.fr\/wp-content\/uploads\/2024\/06\/hotte-de-captation-modulaire-600x600-1-300x300.png 300w, https:\/\/obera.fr\/wp-content\/uploads\/2024\/06\/hotte-de-captation-modulaire-600x600-1-1024x1024.png 1024w, https:\/\/obera.fr\/wp-content\/uploads\/2024\/06\/hotte-de-captation-modulaire-600x600-1-768x768.png 768w, https:\/\/obera.fr\/wp-content\/uploads\/2024\/06\/hotte-de-captation-modulaire-600x600-1.png 1280w\" sizes=\"(max-width: 150px) 100vw, 150px\" \/><figcaption class=\"wp-element-caption\">Hote modulare<\/figcaption><\/figure>\n<\/div>\n\n\n\n<div class=\"wp-block-column is-layout-flow wp-block-column-is-layout-flow\">\n<figure class=\"wp-block-image aligncenter size-full\"><a href=\"https:\/\/obera.fr\/produits\/bras-dispositifs-captation\/capot-industriel\/\"><img decoding=\"async\" width=\"150\" height=\"150\" src=\"https:\/\/obera.fr\/wp-content\/uploads\/2020\/10\/capots.png\" alt=\"Bonete de aspira\u021bie\" class=\"wp-image-1173\"\/><\/a><figcaption class=\"wp-element-caption\">Capota de aspira\u021bie \u0219i colectare<\/figcaption><\/figure>\n<\/div>\n\n\n\n<div class=\"wp-block-column is-layout-flow wp-block-column-is-layout-flow\"><\/div>\n<\/div>\n\n\n\n<p><\/p>\n","protected":false},"excerpt":{"rendered":"<p>Bra\u021bele de aspirare, cunoscute \u0219i sub numele de bra\u021be de extrac\u021bie sau bra\u021be articulate, sunt un dispozitiv de colectare important \u00een industrie \u0219i \u00een meserii, pentru a crea un mediu de lucru curat \u0219i sigur. Bra\u021bele de aspirare sunt flexibile \u0219i foarte des utilizate \u00een combina\u021bie cu sistemele de aspirare. Sistemele de aspira\u021bie colecteaz\u0103 particulele aspirate de bra\u021bul de aspira\u021bie \u0219i de filtre. Bra\u021bele de aspirare \u0219i sistemele de aspirare sunt indispensabile \u00een multe sectoare, contribuind la \u00eembun\u0103t\u0103\u021birea calit\u0103\u021bii aerului, la protejarea s\u0103n\u0103t\u0103\u021bii lucr\u0103torilor \u0219i la cre\u0219terea productivit\u0103\u021bii. Pentru a ob\u021bine rezultate optime, este important s\u0103 alege\u021bi un bra\u021b de &#8230; <\/p>\n<p class=\"read-more-container\"><a title=\"Bra\u021be de aspira\u021bie industriale\" class=\"read-more button\" href=\"https:\/\/obera.fr\/ro\/produits\/bras-dispositifs-captation\/bras-hotte-ovale-rectangulaire\/#more-38824\" aria-label=\"Cite\u0219te mai multe despre Bra\u021be de aspira\u021bie industriale\">Lire la suite<\/a><\/p>\n","protected":false},"author":4,"featured_media":83748,"parent":38253,"menu_order":0,"comment_status":"closed","ping_status":"closed","template":"","meta":{"_acf_changed":false,"_seopress_robots_primary_cat":"","_seopress_titles_title":"Bra\u021be de extragere pentru hote ovale \u0219i dreptunghiulare - oberA","_seopress_titles_desc":"Bra\u021bele de aspirare sunt ideale pentru captarea prafului, a fumului de sudur\u0103 \u0219i a poluan\u021bilor la surs\u0103 la locul de munc\u0103.","_seopress_robots_index":"","footnotes":""},"class_list":{"0":"post-38824","1":"page","2":"type-page","3":"status-publish","4":"has-post-thumbnail","6":"no-featured-image-padding","7":"resize-featured-image"},"acf":[],"_links":{"self":[{"href":"https:\/\/obera.fr\/ro\/wp-json\/wp\/v2\/pages\/38824","targetHints":{"allow":["GET"]}}],"collection":[{"href":"https:\/\/obera.fr\/ro\/wp-json\/wp\/v2\/pages"}],"about":[{"href":"https:\/\/obera.fr\/ro\/wp-json\/wp\/v2\/types\/page"}],"author":[{"embeddable":true,"href":"https:\/\/obera.fr\/ro\/wp-json\/wp\/v2\/users\/4"}],"replies":[{"embeddable":true,"href":"https:\/\/obera.fr\/ro\/wp-json\/wp\/v2\/comments?post=38824"}],"version-history":[{"count":4,"href":"https:\/\/obera.fr\/ro\/wp-json\/wp\/v2\/pages\/38824\/revisions"}],"predecessor-version":[{"id":106353,"href":"https:\/\/obera.fr\/ro\/wp-json\/wp\/v2\/pages\/38824\/revisions\/106353"}],"up":[{"embeddable":true,"href":"https:\/\/obera.fr\/ro\/wp-json\/wp\/v2\/pages\/38253"}],"wp:featuredmedia":[{"embeddable":true,"href":"https:\/\/obera.fr\/ro\/wp-json\/wp\/v2\/media\/83748"}],"wp:attachment":[{"href":"https:\/\/obera.fr\/ro\/wp-json\/wp\/v2\/media?parent=38824"}],"curies":[{"name":"wp","href":"https:\/\/api.w.org\/{rel}","templated":true}]}}