{"id":42565,"date":"2020-08-26T16:20:18","date_gmt":"2020-08-26T14:20:18","guid":{"rendered":"https:\/\/obera.fr\/descoperiti-obera\/"},"modified":"2025-07-21T15:04:22","modified_gmt":"2025-07-21T13:04:22","slug":"decouvrir","status":"publish","type":"page","link":"https:\/\/obera.fr\/ro\/decouvrir\/","title":{"rendered":"Descoperi\u021bi OberA"},"content":{"rendered":"\n<h2 class=\"wp-block-heading\">Sloganul nostru: &#8222;OberA, garanteaz\u0103 calitatea aerului <mark style=\"background-color:rgba(0, 0, 0, 0)\" class=\"has-inline-color has-global-color-8-color\">din compania dumneavoastr\u0103 <\/mark>!&#8221;<\/h2>\n\n<p><\/p>\n\n<p>Av\u00e2nd sediul \u00een Alsacia, OberA este un expert \u00een tratarea aerului industrial. De la proiectare la produc\u021bie \u0219i distribu\u021bie, prezen\u021ba noastr\u0103 se extinde \u00een Fran\u021ba \u0219i Europa. Cu solu\u021biile noastre ecologice \u0219i economice, adaptate nevoilor dumneavoastr\u0103, v\u0103 pute\u021bi bucura de un mediu de lucru s\u0103n\u0103tos, care \u00eembun\u0103t\u0103\u021be\u0219te condi\u021biile de munc\u0103 \u0219i spore\u0219te productivitatea companiei dumneavoastr\u0103.  <\/p>\n\n<div class=\"wp-block-columns is-layout-flex wp-container-core-columns-is-layout-28f84493 wp-block-columns-is-layout-flex\">\n<div class=\"wp-block-column is-layout-flow wp-block-column-is-layout-flow\" style=\"flex-basis:25%\"><\/div>\n\n\n\n<div class=\"wp-block-column is-layout-flow wp-block-column-is-layout-flow\" style=\"flex-basis:50%\">\n<p><\/p>\n\n\n\n<figure class=\"wp-block-video\"><video height=\"1080\" style=\"aspect-ratio: 1920 \/ 1080;\" width=\"1920\" autoplay=\"\" controls=\"\" loop=\"\" muted=\"\" poster=\"https:\/\/obera.fr\/wp-content\/uploads\/2025\/05\/capture-decran-2025-05-14-100342.png\" src=\"https:\/\/obera.fr\/wp-content\/uploads\/2025\/05\/made_in_france_obera_fr.mp4\"><\/video><\/figure>\n<\/div>\n\n\n\n<div class=\"wp-block-column is-layout-flow wp-block-column-is-layout-flow\" style=\"flex-basis:25%\"><\/div>\n<\/div>\n\n<p><\/p>\n\n<div class=\"wp-block-buttons is-content-justification-center is-layout-flex wp-container-core-buttons-is-layout-a89b3969 wp-block-buttons-is-layout-flex\">\n<div class=\"wp-block-button\"><a class=\"wp-block-button__link wp-element-button\" href=\"https:\/\/obera.fr\/ro\/ils-parlent-de-nous-presse-media\/\">Ei vorbesc despre noi<\/a><\/div>\n\n\n\n<div class=\"wp-block-button\"><a class=\"wp-block-button__link wp-element-button\" href=\"https:\/\/obera.fr\/ro\/decouvrir\/salons\/\">T\u00e2rguri comerciale viitoare<\/a><\/div>\n<\/div>\n\n<h2 class=\"wp-block-heading\">Misiunea noastr\u0103<\/h2>\n\n<div class=\"wp-block-columns is-layout-flex wp-container-core-columns-is-layout-28f84493 wp-block-columns-is-layout-flex\">\n<div class=\"wp-block-column is-layout-flow wp-block-column-is-layout-flow\" style=\"flex-basis:66.66%\">\n<p>\u00cen calitate de specialist \u00een tratarea aerului industrial, OberA v\u0103 garanteaz\u0103 un mediu de lucru s\u0103n\u0103tos, promov\u00e2nd condi\u021bii optime de lucru \u0219i contribuind la \u00eembun\u0103t\u0103\u021birea productivit\u0103\u021bii companiei dumneavoastr\u0103.<\/p>\n\n\n\n<blockquote class=\"wp-block-quote is-layout-flow wp-block-quote-is-layout-flow\">\n<p>Garantul calit\u0103\u021bii aerului dumneavoastr\u0103  <\/p>\n<\/blockquote>\n<\/div>\n\n\n\n<div class=\"wp-block-column is-layout-flow wp-block-column-is-layout-flow\" style=\"flex-basis:33.33%\">\n<figure class=\"wp-block-image aligncenter size-large is-resized\"><img decoding=\"async\" width=\"1024\" height=\"1024\" src=\"https:\/\/obera.fr\/wp-content\/uploads\/2025\/05\/ic-30-entrepot-travail-1024x1024.png\" alt=\"ic 30 munc&#x103; &#xEE;n depozit\" class=\"wp-image-93435\" style=\"width:259px;height:auto\" srcset=\"https:\/\/obera.fr\/wp-content\/uploads\/2025\/05\/ic-30-entrepot-travail-1024x1024.png 1024w, https:\/\/obera.fr\/wp-content\/uploads\/2025\/05\/ic-30-entrepot-travail-300x300.png 300w, https:\/\/obera.fr\/wp-content\/uploads\/2025\/05\/ic-30-entrepot-travail-150x150.png 150w, https:\/\/obera.fr\/wp-content\/uploads\/2025\/05\/ic-30-entrepot-travail-768x768.png 768w, https:\/\/obera.fr\/wp-content\/uploads\/2025\/05\/ic-30-entrepot-travail.png 1200w\" sizes=\"(max-width: 1024px) 100vw, 1024px\" \/><\/figure>\n<\/div>\n<\/div>\n\n<h3 class=\"wp-block-heading\">\u00cembun\u0103t\u0103\u021birea calit\u0103\u021bii aerului pentru o mai bun\u0103 s\u0103n\u0103tate \u0219i productivitate<\/h3>\n\n<p>La OberA, \u0219tim c\u00e2t de esen\u021bial este s\u0103 lucra\u021bi \u00eentr-un mediu s\u0103n\u0103tos. De aceea, am dezvoltat solu\u021bii eficiente \u0219i inovatoare pentru a v\u0103 asigura un aer curat, \u00eembun\u0103t\u0103\u021bindu-v\u0103 condi\u021biile de lucru \u0219i sporindu-v\u0103 productivitatea. Solu\u021biile noastre personalizate, adaptate la nevoile dumneavoastr\u0103 specifice, se integreaz\u0103 perfect \u00een mediul dumneavoastr\u0103. Ecologice \u0219i economice, inova\u021biile noastre garanteaz\u0103 rezultate excep\u021bionale.   <\/p>\n\n<h3 class=\"wp-block-heading\">Solu\u021bii personalizate pentru fiecare situa\u021bie<\/h3>\n\n<p>Ne angaj\u0103m s\u0103 oferim solu\u021bii personalizate pentru provoc\u0103rile unice cu care v\u0103 confrunta\u021bi. Fie c\u0103 ave\u021bi nevoie de o solu\u021bie mobil\u0103 sau fix\u0103, lucr\u0103m \u00eendeaproape cu dvs. pentru a analiza mediul de lucru, pentru a v\u0103 \u00een\u021belege nevoile specifice \u0219i pentru a proiecta sisteme de \u00eembun\u0103t\u0103\u021bire a calit\u0103\u021bii aerului care se potrivesc perfect a\u0219tept\u0103rilor dvs. <\/p>\n\n<h2 class=\"wp-block-heading\">Liniile de activitate ale OberA<\/h2>\n\n<p>Suntem m\u00e2ndri s\u0103 oferim produse \u0219i servicii de ultim\u0103 or\u0103 care \u00eei ajut\u0103 pe clien\u021bii no\u0219tri s\u0103 rezolve problemele legate de <strong>praf, mirosuri, COV \u0219i c\u0103ldur\u0103<\/strong>, cre\u00e2nd \u00een acela\u0219i timp un mediu de lucru mai s\u0103n\u0103tos \u0219i mai productiv.<\/p>\n\n<p><\/p>\n\n<div class=\"wp-block-columns is-layout-flex wp-container-core-columns-is-layout-28f84493 wp-block-columns-is-layout-flex\">\n<div class=\"wp-block-column is-layout-flow wp-block-column-is-layout-flow\" style=\"flex-basis:25%\"><\/div>\n\n\n\n<div class=\"wp-block-column is-layout-flow wp-block-column-is-layout-flow\" style=\"flex-basis:50%\">\n<figure class=\"wp-block-video\"><video height=\"1080\" style=\"aspect-ratio: 1920 \/ 1080;\" width=\"1920\" autoplay=\"\" controls=\"\" loop=\"\" poster=\"https:\/\/obera.fr\/wp-content\/uploads\/2025\/05\/capture-decran-2025-05-13-093745.png\" src=\"https:\/\/obera.fr\/wp-content\/uploads\/2025\/05\/le-depoussierage-des-espaces-de-travail-1.mp4\"><\/video><\/figure>\n<\/div>\n\n\n\n<div class=\"wp-block-column is-layout-flow wp-block-column-is-layout-flow\" style=\"flex-basis:25%\"><\/div>\n<\/div>\n\n<p><\/p>\n\n<h2 class=\"wp-block-heading\">O metodologie riguroas\u0103 pentru rezultate fiabile<\/h2>\n\n<p>La OberA, urm\u0103m o metodologie riguroas\u0103 pentru a garanta rezultate optime pentru clien\u021bii no\u0219tri. \u00cenainte de instalarea echipamentelor noastre, v\u0103 propunem s\u0103 efectua\u021bi un <strong>diagnostic al<\/strong> <strong>prafului<\/strong>. Aceast\u0103 abordare ne permite s\u0103 determin\u0103m nivelul \u0219i tipul de praf prezent \u00een spa\u021biul dumneavoastr\u0103 de lucru. \u00cen urma acestei analize, v\u0103 <strong>recomand\u0103m o solu\u021bie adaptat\u0103<\/strong> situa\u021biei \u0219i un <strong>rezultat a\u0219teptat<\/strong>. Dup\u0103 ce am convenit cu dumneavoastr\u0103, trecem la punerea \u00een aplicare a solu\u021biei. Pentru a verifica eficien\u021ba solu\u021biei implementate, se efectueaz\u0103 ulterior <strong>o a doua m\u0103surare<\/strong>. Dac\u0103 rezultatele corespund celor a\u0219teptate, nu schimb\u0103m nimic. Dac\u0103 solu\u021bia nu este suficient de eficient\u0103, <strong>o reajust\u0103m<\/strong>.      <\/p>\n\n<div class=\"wp-block-columns is-layout-flex wp-container-core-columns-is-layout-28f84493 wp-block-columns-is-layout-flex\">\n<div class=\"wp-block-column is-layout-flow wp-block-column-is-layout-flow\" style=\"flex-basis:25%\"><\/div>\n\n\n\n<div class=\"wp-block-column is-layout-flow wp-block-column-is-layout-flow\" style=\"flex-basis:50%\">\n<figure class=\"wp-block-video\"><video height=\"1080\" style=\"aspect-ratio: 1920 \/ 1080;\" width=\"1920\" autoplay=\"\" controls=\"\" loop=\"\" poster=\"https:\/\/obera.fr\/wp-content\/uploads\/2025\/05\/capture-decran-2025-05-13-161820.png\" src=\"https:\/\/obera.fr\/wp-content\/uploads\/2025\/05\/mesurer-disgnostiquer.mp4\"><\/video><\/figure>\n<\/div>\n\n\n\n<div class=\"wp-block-column is-layout-flow wp-block-column-is-layout-flow\" style=\"flex-basis:25%\"><\/div>\n<\/div>\n\n<p><\/p>\n\n<p>OberA este singura companie care v\u0103 ofer\u0103 acest serviciu. Pentru a garanta o investi\u021bie sigur\u0103 \u0219i eficient\u0103, este posibil s\u0103 <strong>testa\u021bi echipamentul nostru pentru o perioad\u0103 de 1 p\u00e2n\u0103 la 3 luni, deductibil\u0103 din pre\u021bul de achizi\u021bie<\/strong>. Pentru utilizarea pe o anumit\u0103 perioad\u0103 sau pentru nevoi pe termen scurt, pute\u021bi <strong>\u00eenchiria<\/strong> <strong>echipamentul<\/strong> <strong>nostru<\/strong> <strong>pentru o perioad\u0103 de 12 p\u00e2n\u0103 la 63 de luni, cu op\u021biune de cump\u0103rare<\/strong>. <\/p>\n\n<p><\/p>\n\n<div class=\"wp-block-columns is-layout-flex wp-container-core-columns-is-layout-28f84493 wp-block-columns-is-layout-flex\">\n<div class=\"wp-block-column is-layout-flow wp-block-column-is-layout-flow\" style=\"flex-basis:25%\"><\/div>\n\n\n\n<div class=\"wp-block-column is-layout-flow wp-block-column-is-layout-flow\" style=\"flex-basis:50%\">\n<figure class=\"wp-block-video\"><video height=\"1080\" style=\"aspect-ratio: 1920 \/ 1080;\" width=\"1920\" autoplay=\"\" controls=\"\" loop=\"\" poster=\"https:\/\/obera.fr\/wp-content\/uploads\/2025\/05\/capture-decran-2025-05-13-093822.png\" src=\"https:\/\/obera.fr\/wp-content\/uploads\/2025\/05\/testez-de-1-a-3-mois-deductibles-du-prix-dacquisition.mp4\"><\/video><\/figure>\n<\/div>\n\n\n\n<div class=\"wp-block-column is-layout-flow wp-block-column-is-layout-flow\" style=\"flex-basis:25%\"><\/div>\n<\/div>\n\n<p><\/p>\n\n<h2 class=\"wp-block-heading\">Angajamentul nostru fa\u021b\u0103 de satisfac\u021bia clien\u021bilor<\/h2>\n\n<p>Satisfac\u021bia clientului este prioritatea noastr\u0103 principal\u0103. Ne angaj\u0103m s\u0103 oferim servicii excep\u021bionale clien\u021bilor la fiecare etap\u0103 a procesului. Echipa noastr\u0103 tehnic\u0103\/SAV cu \u00eenalt\u0103 calificare este disponibil\u0103 pentru a r\u0103spunde la orice \u00eentreb\u0103ri pe care le pute\u021bi avea, pentru a v\u0103 ghida \u00een alegerea solu\u021biei celei mai potrivite pentru nevoile dvs. \u0219i pentru a oferi asisten\u021b\u0103 continu\u0103 pentru a v\u0103 asigura c\u0103 produsele noastre func\u021bioneaz\u0103 corect.  <\/p>\n\n<p>Fie c\u0103 sunte\u021bi o companie industrial\u0103 preocupat\u0103 de s\u0103n\u0103tatea angaja\u021bilor dvs. sau un logistician care dore\u0219te s\u0103 optimizeze mediul de lucru, OberA este aici pentru a v\u0103 sprijini. Descoperi\u021bi expertiza noastr\u0103, solu\u021biile noastre de ultim\u0103 or\u0103 \u0219i angajamentul nostru pentru \u00eembun\u0103t\u0103\u021birea calit\u0103\u021bii aerului. \u00cempreun\u0103, putem crea un mediu de lucru mai s\u0103n\u0103tos \u0219i mai productiv.  <\/p>\n\n<p>Contacta\u021bi-ne ast\u0103zi pentru a discuta despre cerin\u021bele dumneavoastr\u0103 specifice \u0219i pentru a afla cum OberA poate \u00eembun\u0103t\u0103\u021bi calitatea aerului \u00een afacerea dumneavoastr\u0103.<\/p>\n\n<div class=\"wp-block-buttons is-horizontal is-content-justification-center is-layout-flex wp-container-core-buttons-is-layout-03627597 wp-block-buttons-is-layout-flex\">\n<div class=\"wp-block-button has-custom-width wp-block-button__width-100\"><a class=\"wp-block-button__link wp-element-button\" href=\"https:\/\/obera.fr\/ro\/contactati-ne\/\">Afl\u0103 mai multe<\/a><\/div>\n<\/div>\n\n<div style=\"height:30px\" aria-hidden=\"true\" class=\"wp-block-spacer\"><\/div>\n\n<p>Descoperi\u021bi <a href=\"https:\/\/obera.fr\/ro\/decouvrir\/clientii-nostri\/\" data-type=\"page\" data-id=\"743\">clien\u021bii<\/a> no\u0219tri fideli.<\/p>\n\n<p><\/p>\n","protected":false},"excerpt":{"rendered":"<p>Sloganul nostru: &#8222;OberA, garanteaz\u0103 calitatea aerului din compania dumneavoastr\u0103 !&#8221; Av\u00e2nd sediul \u00een Alsacia, OberA este un expert \u00een tratarea aerului industrial. De la proiectare la produc\u021bie \u0219i distribu\u021bie, prezen\u021ba noastr\u0103 se extinde \u00een Fran\u021ba \u0219i Europa. Cu solu\u021biile noastre ecologice \u0219i economice, adaptate nevoilor dumneavoastr\u0103, v\u0103 pute\u021bi bucura de un mediu de lucru s\u0103n\u0103tos, care \u00eembun\u0103t\u0103\u021be\u0219te condi\u021biile de munc\u0103 \u0219i spore\u0219te productivitatea companiei dumneavoastr\u0103. Misiunea noastr\u0103 \u00cen calitate de specialist \u00een tratarea aerului industrial, OberA v\u0103 garanteaz\u0103 un mediu de lucru s\u0103n\u0103tos, promov\u00e2nd condi\u021bii optime de lucru \u0219i contribuind la \u00eembun\u0103t\u0103\u021birea productivit\u0103\u021bii companiei dumneavoastr\u0103. Garantul calit\u0103\u021bii aerului dumneavoastr\u0103 \u00cembun\u0103t\u0103\u021birea &#8230; <\/p>\n<p class=\"read-more-container\"><a title=\"Descoperi\u021bi OberA\" class=\"read-more button\" href=\"https:\/\/obera.fr\/ro\/decouvrir\/#more-42565\" aria-label=\"Cite\u0219te mai multe despre Descoperi\u021bi OberA\">Lire la suite<\/a><\/p>\n","protected":false},"author":4,"featured_media":84821,"parent":0,"menu_order":0,"comment_status":"closed","ping_status":"closed","template":"","meta":{"_acf_changed":false,"_seopress_robots_primary_cat":"","_seopress_titles_title":"D\u00e9couvrir oberA : La solution compl\u00e8te pour votre entreprise.","_seopress_titles_desc":"En savoir plus sur oberA, notre mission, nos m\u00e9tiers, notre m\u00e9thodologie et nos implantations g\u00e9ographiques.","_seopress_robots_index":"","footnotes":""},"class_list":{"0":"post-42565","1":"page","2":"type-page","3":"status-publish","4":"has-post-thumbnail","6":"no-featured-image-padding","7":"resize-featured-image"},"acf":[],"_links":{"self":[{"href":"https:\/\/obera.fr\/ro\/wp-json\/wp\/v2\/pages\/42565","targetHints":{"allow":["GET"]}}],"collection":[{"href":"https:\/\/obera.fr\/ro\/wp-json\/wp\/v2\/pages"}],"about":[{"href":"https:\/\/obera.fr\/ro\/wp-json\/wp\/v2\/types\/page"}],"author":[{"embeddable":true,"href":"https:\/\/obera.fr\/ro\/wp-json\/wp\/v2\/users\/4"}],"replies":[{"embeddable":true,"href":"https:\/\/obera.fr\/ro\/wp-json\/wp\/v2\/comments?post=42565"}],"version-history":[{"count":10,"href":"https:\/\/obera.fr\/ro\/wp-json\/wp\/v2\/pages\/42565\/revisions"}],"predecessor-version":[{"id":124555,"href":"https:\/\/obera.fr\/ro\/wp-json\/wp\/v2\/pages\/42565\/revisions\/124555"}],"wp:featuredmedia":[{"embeddable":true,"href":"https:\/\/obera.fr\/ro\/wp-json\/wp\/v2\/media\/84821"}],"wp:attachment":[{"href":"https:\/\/obera.fr\/ro\/wp-json\/wp\/v2\/media?parent=42565"}],"curies":[{"name":"wp","href":"https:\/\/api.w.org\/{rel}","templated":true}]}}