{"id":44220,"date":"2024-04-06T01:24:32","date_gmt":"2024-04-05T23:24:32","guid":{"rendered":"https:\/\/obera.fr\/na-2-2-colector-de-praf-umed-mobil\/"},"modified":"2025-06-27T15:39:50","modified_gmt":"2025-06-27T13:39:50","slug":"na-2-2-depoussiereur-a-voie-humide","status":"publish","type":"page","link":"https:\/\/obera.fr\/ro\/produits\/depoussiereurs-industriels\/mobiles\/na-2-2-depoussiereur-a-voie-humide\/","title":{"rendered":"NA 2.2 : colector de praf umed mobil"},"content":{"rendered":"\n<p>Descoperi\u021bi colectorul de praf umed NA 2.2 pentru aspirarea substan\u021belor lipicioase \u0219i a prafului cu efect de secer\u0103 generat \u00een atelierele dumneavoastr\u0103.<\/p>\n\n<h2 class=\"wp-block-heading\">NA 2.2 colector de praf umed: func\u021bionare \u0219i utilizare<\/h2>\n\n<div class=\"wp-block-columns is-layout-flex wp-container-core-columns-is-layout-28f84493 wp-block-columns-is-layout-flex\">\n<div class=\"wp-block-column is-layout-flow wp-block-column-is-layout-flow\" style=\"flex-basis:33.33%\">\n<figure class=\"wp-block-image aligncenter size-full\"><img decoding=\"async\" width=\"600\" height=\"600\" src=\"https:\/\/obera.fr\/wp-content\/uploads\/2024\/04\/obera-na-2-2-depoussiereur-a-voie-humide-mobile.jpg\" alt=\"NA 2.2 : colector de praf umed mobil\" class=\"wp-image-29475\" srcset=\"https:\/\/obera.fr\/wp-content\/uploads\/2024\/04\/obera-na-2-2-depoussiereur-a-voie-humide-mobile.jpg 600w, https:\/\/obera.fr\/wp-content\/uploads\/2024\/04\/obera-na-2-2-depoussiereur-a-voie-humide-mobile-300x300.jpg 300w, https:\/\/obera.fr\/wp-content\/uploads\/2024\/04\/obera-na-2-2-depoussiereur-a-voie-humide-mobile-150x150.jpg 150w\" sizes=\"(max-width: 600px) 100vw, 600px\" \/><\/figure>\n<\/div>\n\n\n\n<div class=\"wp-block-column is-layout-flow wp-block-column-is-layout-flow\" style=\"flex-basis:66.66%\">\n<p>Sistemul de filtrare utilizat \u00een colectoarele de praf umed se bazeaz\u0103 pe principiul for\u021bei centrifuge, folosind apa ca mediu de filtrare. \u00cen termeni practici, aerul \u00eenc\u0103rcat cu particule fine \u0219i praf este captat \u00een colectorul de praf de ventilatorul \u00eencorporat. Aerul este apoi saturat cu ap\u0103 prin intermediul duzelor de pulverizare, ceea ce aglomereaz\u0103 praful \u0219i \u00eel face mai u\u0219or de captat. Pentru a separa particulele, aerul \u0219i apa se rotesc la vitez\u0103 mare pentru a le arunca \u00eempotriva peretelui colectorului de praf (principiul vortexului). Aerul curat este extras \u0219i eliberat \u00een atmosfer\u0103 de ventilatorul centrifugal de extrac\u021bie.<\/p>\n\n\n\n<p>Ideal pentru t\u0103iere, t\u0103iere \u0219i feliere, dar \u0219i pentru \u0219lefuire, lustruire, \u00eendep\u0103rtarea a\u0219chiilor, frezare, decantare, umplere \u0219i amestecare. Versiunea ATEX disponibil\u0103 op\u021bional.<\/p>\n\n\n\n<p>Pentru ce utiliz\u0103ri? Colectorul de praf umed NA 2.2 are performan\u021be deosebit de bune atunci c\u00e2nd aspir\u0103 substan\u021be lipicioase \u0219i \u00een timpul opera\u021biunilor care genereaz\u0103 sc\u00e2ntei puternice. Este ideal pentru extragerea prafului metalic, a prafului lipicios \u0219i a prafului combustibil. Acest lucru \u00eel face ideal pentru utilizarea \u00een industriile de prelucrare a alimentelor \u0219i a metalelor.<\/p>\n\n\n\n<div class=\"wp-block-columns is-layout-flex wp-container-core-columns-is-layout-28f84493 wp-block-columns-is-layout-flex\">\n<div class=\"wp-block-column is-layout-flow wp-block-column-is-layout-flow\">\n<div class=\"wp-block-buttons is-layout-flex wp-block-buttons-is-layout-flex\">\n<div class=\"wp-block-button\"><a class=\"wp-block-button__link wp-element-button\" href=\"https:\/\/obera.fr\/wp-content\/uploads\/2025\/04\/brochure-na-2.2-fr.pdf\">Desc\u0103rca\u021bi bro\u0219ura<\/a><\/div>\n<\/div>\n<\/div>\n\n\n\n<div class=\"wp-block-column is-layout-flow wp-block-column-is-layout-flow\">\n<div class=\"wp-block-buttons is-layout-flex wp-block-buttons-is-layout-flex\">\n<div class=\"wp-block-button\"><a class=\"wp-block-button__link wp-element-button\" href=\"https:\/\/obera.fr\/contact\/\">Ave\u021bi nevoie de consiliere personalizat\u0103?<\/a><\/div>\n<\/div>\n<\/div>\n\n\n\n<div class=\"wp-block-column is-layout-flow wp-block-column-is-layout-flow\">\n<div class=\"wp-block-buttons is-content-justification-center is-layout-flex wp-container-core-buttons-is-layout-a89b3969 wp-block-buttons-is-layout-flex\">\n<div class=\"wp-block-button btn-devis-source\"><a class=\"wp-block-button__link wp-element-button\" href=\"https:\/\/obera.fr\/ro\/devis\/\">Solicita\u021bi o ofert\u0103<\/a><\/div>\n<\/div>\n\n\n<script>\r\ndocument.addEventListener('DOMContentLoaded', function() {\r\n    \/\/ 1. On cherche le titre H1 de la page\r\n    var h1 = document.querySelector('h1');\r\n    var productTitle = h1 ? h1.innerText.trim() : \"\";\r\n\r\n    \/\/ 2. On cherche les boutons via la classe CSS .btn-devis-source\r\n    var buttons = document.querySelectorAll('.btn-devis-source a');\r\n\r\n    \/\/ 3. Si on a le titre et les boutons, on ajoute le param\u00e8tre\r\n    if (buttons.length > 0 && productTitle !== \"\") {\r\n        var encodedTitle = encodeURIComponent(productTitle);\r\n\r\n        buttons.forEach(function(btn) {\r\n            var currentHref = btn.getAttribute('href');\r\n            \r\n            \/\/ S\u00e9curit\u00e9 pour ne pas ajouter le param\u00e8tre 2 fois\r\n            if (currentHref.indexOf('sujet=') === -1) {\r\n                var separator = currentHref.indexOf('?') !== -1 ? '&' : '?';\r\n                var newLink = currentHref + separator + 'sujet=' + encodedTitle;\r\n                \r\n                btn.setAttribute('href', newLink);\r\n            }\r\n        });\r\n    }\r\n});\r\n<\/script><\/div>\n<\/div>\n<\/div>\n<\/div>\n\n<h2 class=\"wp-block-heading\">Caracteristici ale colectorului de praf umed NA 2.2<\/h2>\n\n<p>Pe l\u00e2ng\u0103 faptul c\u0103 este foarte mobil, designul s\u0103u ofer\u0103, de asemenea, ceva ce nu a mai fost v\u0103zut p\u00e2n\u0103 acum \u00een dispozitivele NA: un design compact, care economise\u0219te spa\u021biu. P\u00e2n\u0103 acum, separatoarele de ap\u0103 puteau fi doar fixe, cu o amprent\u0103 mai mare (dimensiuni mult mai mari) pentru a acoperi o gam\u0103 larg\u0103 de aplica\u021bii. Colectorii de praf NA au reu\u0219it acum s\u0103 combine performan\u021ba \u0219i u\u0219urin\u021ba de utilizare cu unit\u0103\u021bi mobile flexibile \u0219i compacte. \u00cen plus, echipamentul NA este \u00eentotdeauna prev\u0103zut cu o sec\u021biune superioar\u0103 \u00eenclinabil\u0103 pentru acces u\u0219or la interiorul aparatului.<\/p>\n\n<p>De asemenea, seria NA emite foarte pu\u021bin zgomot: 68 dB(A). Acest lucru \u00eenseamn\u0103 c\u0103 poate fi utilizat direct la diferitele sta\u021bii de lucru, f\u0103r\u0103 a deranja operatorii.<\/p>\n\n<blockquote class=\"wp-block-quote is-layout-flow wp-block-quote-is-layout-flow\">\n<p>Op\u021biuni: colectorul de praf umed NA 2.2 este disponibil \u0219i ca aspirator de cur\u0103\u021bare cu un furtun cu diametrul de 50 mm. Acesta este disponibil \u00eentr-o versiune din o\u021bel inoxidabil pentru a \u00eendeplini cerin\u021bele industriei alimentare, care genereaz\u0103 praf fin \u0219i organic \u0219i este supus\u0103 unor reglement\u0103ri stricte privind igiena \u0219i siguran\u021ba alimentar\u0103. O alt\u0103 op\u021biune esen\u021bial\u0103 pentru industriile care opereaz\u0103 \u00een zone cu poten\u021bial exploziv (Zona 22): versiunea ATEX, pentru extragerea \u00een siguran\u021b\u0103 a prafului uscat, combustibil, neconductor.<\/p>\n<\/blockquote>\n\n<h3 class=\"wp-block-heading has-text-align-center\">INDUSTRII<\/h3>\n\n<div class=\"wp-block-columns is-layout-flex wp-container-core-columns-is-layout-28f84493 wp-block-columns-is-layout-flex\">\n<div class=\"wp-block-column is-layout-flow wp-block-column-is-layout-flow\">\n<hr class=\"wp-block-separator has-alpha-channel-opacity\"\/>\n\n\n\n<div class=\"wp-block-columns is-layout-flex wp-container-core-columns-is-layout-28f84493 wp-block-columns-is-layout-flex\">\n<div class=\"wp-block-column is-layout-flow wp-block-column-is-layout-flow\">\n<figure class=\"wp-block-image aligncenter size-thumbnail is-resized\"><img decoding=\"async\" width=\"150\" height=\"150\" src=\"https:\/\/obera.fr\/wp-content\/uploads\/2022\/02\/Metalurgie-150x150.png\" alt=\"metalurgie\" class=\"wp-image-8857\"\/><figcaption class=\"wp-element-caption\">Metalurgie<\/figcaption><\/figure>\n<\/div>\n\n\n\n<div class=\"wp-block-column is-layout-flow wp-block-column-is-layout-flow\">\n<figure class=\"wp-block-image aligncenter size-thumbnail is-resized\"><img decoding=\"async\" width=\"150\" height=\"150\" src=\"https:\/\/obera.fr\/wp-content\/uploads\/2022\/02\/AGROALIMENTAIRE-150x150.png\" alt=\"agroalimentare\" class=\"wp-image-8844\"\/><figcaption class=\"wp-element-caption\">Industria alimentar\u0103<\/figcaption><\/figure>\n<\/div>\n<\/div>\n<\/div>\n\n\n\n<div class=\"wp-block-column is-layout-flow wp-block-column-is-layout-flow\">\n<hr class=\"wp-block-separator has-alpha-channel-opacity\"\/>\n\n\n\n<div class=\"wp-block-columns is-layout-flex wp-container-core-columns-is-layout-28f84493 wp-block-columns-is-layout-flex\">\n<div class=\"wp-block-column is-layout-flow wp-block-column-is-layout-flow\"><\/div>\n\n\n\n<div class=\"wp-block-column is-layout-flow wp-block-column-is-layout-flow\"><\/div>\n<\/div>\n<\/div>\n<\/div>\n\n<table id=\"tablepress-201\" class=\"tablepress tablepress-id-201\">\n<tbody class=\"row-striping row-hover\">\n<tr class=\"row-1\">\n\t<td class=\"column-1\">Volume d\u2019air max. D\u00e9bit d\u2019air<\/td><td class=\"column-2\">M3\/h<\/td><td class=\"column-3\">300<\/td>\n<\/tr>\n<tr class=\"row-2\">\n\t<td class=\"column-1\">Diam\u00e8tre d\u2019entr\u00e9e\/de sortie<\/td><td class=\"column-2\">mm<\/td><td class=\"column-3\">50\/-<\/td>\n<\/tr>\n<tr class=\"row-3\">\n\t<td class=\"column-1\">Pression d\u2019air max. D\u00e9pression<\/td><td class=\"column-2\">Pa<\/td><td class=\"column-3\">21.000<\/td>\n<\/tr>\n<tr class=\"row-4\">\n\t<td class=\"column-1\">Puissance d\u2019entra\u00eenement<\/td><td class=\"column-2\">kW<\/td><td class=\"column-3\">2.2<\/td>\n<\/tr>\n<tr class=\"row-5\">\n\t<td class=\"column-1\">Contenu en eau<\/td><td class=\"column-2\">L<\/td><td class=\"column-3\">40<\/td>\n<\/tr>\n<tr class=\"row-6\">\n\t<td class=\"column-1\">R\u00e9servoir de collecte de volume<\/td><td class=\"column-2\">L<\/td><td class=\"column-3\">100<\/td>\n<\/tr>\n<tr class=\"row-7\">\n\t<td class=\"column-1\">Dimensions (L\/l\/h)<\/td><td class=\"column-2\">mm<\/td><td class=\"column-3\">1.260x630x1.560<\/td>\n<\/tr>\n<tr class=\"row-8\">\n\t<td class=\"column-1\">Poids (sans eau)<\/td><td class=\"column-2\">kg<\/td><td class=\"column-3\">130<\/td>\n<\/tr>\n<tr class=\"row-9\">\n\t<td class=\"column-1\">\u00c9missions sonores<\/td><td class=\"column-2\">dB(A)<\/td><td class=\"column-3\">68<\/td>\n<\/tr>\n<\/tbody>\n<\/table>\n\n\n<div class=\"wp-block-buttons is-content-justification-center is-layout-flex wp-container-core-buttons-is-layout-a89b3969 wp-block-buttons-is-layout-flex\">\n<div class=\"wp-block-button\"><a class=\"wp-block-button__link wp-element-button\" href=\"https:\/\/obera.fr\/wp-content\/uploads\/2025\/04\/brochure-na-2.2-de.pdf\">DESC\u0102RCA\u021aI FI\u0218A TEHNIC\u0102 A PRODUSULUI<\/a><\/div>\n<\/div>\n\n<figure class=\"wp-block-table\"><table class=\"has-fixed-layout\"><tbody><tr><td>Volumul maxim de aer Debitul de aer<\/td><td>M3\/h<\/td><td>300<\/td><\/tr><tr><td>Diametrul de intrare\/ie\u0219ire<\/td><td>mm<\/td><td>50\/-<\/td><\/tr><tr><td>Presiunea maxim\u0103 a aerului Vid <\/td><td>Pa<\/td><td>21.000<\/td><\/tr><tr><td>Putere de ac\u021bionare<\/td><td>kW<\/td><td>2.2<\/td><\/tr><tr><td>Con\u021binutul de ap\u0103<\/td><td>L<\/td><td>40<\/td><\/tr><tr><td>Rezervor de colectare a volumului<\/td><td>L<\/td><td>100<\/td><\/tr><tr><td>Dimensiuni (L\/W\/H)<\/td><td>mm<\/td><td>1,260x630x1,560 cm<\/td><\/tr><tr><td>Greutate (f\u0103r\u0103 ap\u0103)<\/td><td>kg<\/td><td>130<\/td><\/tr><tr><td>Emisiile de zgomot<\/td><td>dB(A)<\/td><td>68<\/td><\/tr><\/tbody><\/table><\/figure>\n\n<div style=\"height:34px\" aria-hidden=\"true\" class=\"wp-block-spacer\"><\/div>\n\n<h2 class=\"wp-block-heading\">Care sunt avantajele colectorului de praf umed NA 2.2?<\/h2>\n\n<p>Colectorul de praf umed utilizeaz\u0103 tehnologia de filtrare pentru a asigura o calitate optim\u0103 a aerului \u00een instala\u021biile de produc\u021bie. Pe l\u00e2ng\u0103 protejarea s\u0103n\u0103t\u0103\u021bii echipelor dumneavoastr\u0103, reduce\u021bi riscul de defec\u021biuni \u0219i de deteriorare a utilajelor \u0219i echipamentelor.<\/p>\n\n<p>Mobil \u0219i flexibil, colectorul de praf umed NA 2.2 este u\u0219or de manevrat datorit\u0103 ro\u021bilor sale netede. Este ideal pentru schimb\u0103ri frecvente de loca\u021bie, pentru un confort maxim al utilizatorului. De asemenea, este compact, cu o amprent\u0103 redus\u0103.<\/p>\n\n<p>Colectorul de praf umed NA 2.2 poate fi combinat cu alte echipamente pentru confortul maxim al utilizatorului, cum ar fi controlul automat al nivelului de ap\u0103 sau o supap\u0103 solenoidal\u0103 pentru alimentarea automat\u0103 cu ap\u0103 a unit\u0103\u021bii.<\/p>\n\n<div class=\"wp-block-columns is-layout-flex wp-container-core-columns-is-layout-28f84493 wp-block-columns-is-layout-flex\">\n<div class=\"wp-block-column is-layout-flow wp-block-column-is-layout-flow\" style=\"flex-basis:33.34%\">\n<h3 class=\"wp-block-heading\">Avantaje :<\/h3>\n\n\n\n<ul class=\"wp-block-list\">\n<li>Silen\u021bios \u0219i compact;<\/li>\n\n\n\n<li>Posibilit\u0103\u021bi flexibile de aplicare.<\/li>\n<\/ul>\n<\/div>\n\n\n\n<div class=\"wp-block-column is-layout-flow wp-block-column-is-layout-flow\" style=\"flex-basis:33.34%\">\n<h3 class=\"wp-block-heading\">Caracteristici speciale:<\/h3>\n\n\n\n<ul class=\"wp-block-list\">\n<li>Extrac\u021bia prafului lipicios, adecvat\u0103 pentru procesele de lucru cu proiec\u021bie de sc\u00e2ntei;<\/li>\n\n\n\n<li>Disponibil ca aspirator de cur\u0103\u021bare.<\/li>\n<\/ul>\n\n\n\n<div style=\"height:26px\" aria-hidden=\"true\" class=\"wp-block-spacer\"><\/div>\n<\/div>\n\n\n\n<div class=\"wp-block-column is-layout-flow wp-block-column-is-layout-flow\" style=\"flex-basis:33.33%\">\n<h3 class=\"wp-block-heading\">Caracteristici :<\/h3>\n\n\n\n<ul class=\"wp-block-list\">\n<li>Versiune <a href=\"https:\/\/obera.fr\/ro\/produits\/atex\/\" data-type=\"page\" data-id=\"372\">ATEX<\/a> op\u021bional\u0103 ;<\/li>\n\n\n\n<li>Disponibil \u00een o\u021bel inoxidabil.<\/li>\n<\/ul>\n<\/div>\n<\/div>\n\n<div class=\"wp-block-buttons is-content-justification-center is-layout-flex wp-container-core-buttons-is-layout-a89b3969 wp-block-buttons-is-layout-flex\">\n<div class=\"wp-block-button\"><a class=\"wp-block-button__link wp-element-button\" href=\"https:\/\/obera.fr\/ro\/contact\/\">TESTA\u021aI COLECTORUL DE PRAF NA 2.2<\/a><\/div>\n<\/div>\n\n<div style=\"height:25px\" aria-hidden=\"true\" class=\"wp-block-spacer\"><\/div>\n\n<h2 class=\"wp-block-heading\">Alte colectoare de praf mobile ale m\u0103rcii OberA<\/h2>\n\n<div class=\"wp-block-columns is-layout-flex wp-container-core-columns-is-layout-28f84493 wp-block-columns-is-layout-flex\">\n<div class=\"wp-block-column is-layout-flow wp-block-column-is-layout-flow\">\n<figure class=\"wp-block-image aligncenter size-medium\"><a href=\"https:\/\/obera.fr\/produits\/depoussiereurs-industriels\/mobiles\/srf-k\/\"><img decoding=\"async\" width=\"300\" height=\"300\" src=\"https:\/\/obera.fr\/wp-content\/uploads\/2020\/10\/SRF-K-SF-300x300.png\" alt=\"Srf K Sf\" class=\"wp-image-1309\" srcset=\"https:\/\/obera.fr\/wp-content\/uploads\/2020\/10\/SRF-K-SF-300x300.png 300w, https:\/\/obera.fr\/wp-content\/uploads\/2020\/10\/SRF-K-SF-150x150.png 150w, https:\/\/obera.fr\/wp-content\/uploads\/2020\/10\/SRF-K-SF.png 600w\" sizes=\"(max-width: 300px) 100vw, 300px\" \/><\/a><figcaption class=\"wp-element-caption\">SRF-K<\/figcaption><\/figure>\n<\/div>\n\n\n\n<div class=\"wp-block-column is-layout-flow wp-block-column-is-layout-flow\">\n<figure class=\"wp-block-image aligncenter size-medium\"><a href=\"https:\/\/obera.fr\/produits\/depoussiereurs-industriels\/mobiles\/aspiration-poussiere-dustomat-10\/\"><img decoding=\"async\" width=\"300\" height=\"300\" src=\"https:\/\/obera.fr\/wp-content\/uploads\/2020\/10\/extracteur-poussiere-mobile-DUSTOMAT-10-300x300.png\" alt=\"Dustomat 10 Extractor de praf mobil\" class=\"wp-image-1306\" srcset=\"https:\/\/obera.fr\/wp-content\/uploads\/2020\/10\/extracteur-poussiere-mobile-DUSTOMAT-10-300x300.png 300w, https:\/\/obera.fr\/wp-content\/uploads\/2020\/10\/extracteur-poussiere-mobile-DUSTOMAT-10-150x150.png 150w, https:\/\/obera.fr\/wp-content\/uploads\/2020\/10\/extracteur-poussiere-mobile-DUSTOMAT-10.png 600w\" sizes=\"(max-width: 300px) 100vw, 300px\" \/><\/a><figcaption class=\"wp-element-caption\">DUSTOMAT 10<\/figcaption><\/figure>\n<\/div>\n\n\n\n<div class=\"wp-block-column is-layout-flow wp-block-column-is-layout-flow\">\n<figure class=\"wp-block-image aligncenter size-medium\"><a href=\"https:\/\/obera.fr\/produits\/depoussiereurs-industriels\/mobiles\/extracteur-poussiere-pulverulente-dustomat-16m\/\"><img decoding=\"async\" width=\"300\" height=\"300\" src=\"https:\/\/obera.fr\/wp-content\/uploads\/2020\/10\/extracteur-poussiere-pulverulente-DUSTOMAT-16-300x300.png\" alt=\"Extractor de praf pulverulent Dustomat 16\" class=\"wp-image-1307\" srcset=\"https:\/\/obera.fr\/wp-content\/uploads\/2020\/10\/extracteur-poussiere-pulverulente-DUSTOMAT-16-300x300.png 300w, https:\/\/obera.fr\/wp-content\/uploads\/2020\/10\/extracteur-poussiere-pulverulente-DUSTOMAT-16-150x150.png 150w, https:\/\/obera.fr\/wp-content\/uploads\/2020\/10\/extracteur-poussiere-pulverulente-DUSTOMAT-16.png 600w\" sizes=\"(max-width: 300px) 100vw, 300px\" \/><\/a><figcaption class=\"wp-element-caption\">DUSTOMAT 16<\/figcaption><\/figure>\n<\/div>\n\n\n\n<div class=\"wp-block-column is-layout-flow wp-block-column-is-layout-flow\">\n<figure class=\"wp-block-image aligncenter size-medium\"><a href=\"https:\/\/obera.fr\/produits\/depoussiereurs-industriels\/mobiles\/extracteur-poussiere-dustomat-4\/\"><img decoding=\"async\" width=\"300\" height=\"300\" src=\"https:\/\/obera.fr\/wp-content\/uploads\/2023\/02\/dustomat-4-300x300.png\" alt=\"Dustomat 4 Extractor de praf\" class=\"wp-image-19008\" srcset=\"https:\/\/obera.fr\/wp-content\/uploads\/2023\/02\/dustomat-4-300x300.png 300w, https:\/\/obera.fr\/wp-content\/uploads\/2023\/02\/dustomat-4-150x150.png 150w, https:\/\/obera.fr\/wp-content\/uploads\/2023\/02\/dustomat-4.png 500w\" sizes=\"(max-width: 300px) 100vw, 300px\" \/><\/a><figcaption class=\"wp-element-caption\">Dustomat 4<\/figcaption><\/figure>\n<\/div>\n<\/div>\n\n<div class=\"wp-block-columns is-layout-flex wp-container-core-columns-is-layout-28f84493 wp-block-columns-is-layout-flex\">\n<div class=\"wp-block-column is-layout-flow wp-block-column-is-layout-flow\">\n<figure class=\"wp-block-image aligncenter size-medium is-resized\"><a href=\"https:\/\/obera.fr\/produits\/depoussiereurs-industriels\/mobiles\/extracteur-de-poussiere-dustomat-dry\/#more-24274\"><img decoding=\"async\" width=\"300\" height=\"300\" src=\"https:\/\/obera.fr\/wp-content\/uploads\/2023\/09\/dustomat-dry-300x300.png\" alt=\"dustomat uscat\" class=\"wp-image-24355\" style=\"width:auto;height:250px\" srcset=\"https:\/\/obera.fr\/wp-content\/uploads\/2023\/09\/dustomat-dry-300x300.png 300w, https:\/\/obera.fr\/wp-content\/uploads\/2023\/09\/dustomat-dry-150x150.png 150w, https:\/\/obera.fr\/wp-content\/uploads\/2023\/09\/dustomat-dry.png 320w\" sizes=\"(max-width: 300px) 100vw, 300px\" \/><\/a><figcaption class=\"wp-element-caption\">DUSTOMAT DRY<\/figcaption><\/figure>\n<\/div>\n\n\n\n<div class=\"wp-block-column is-layout-flow wp-block-column-is-layout-flow\"><\/div>\n<\/div>\n","protected":false},"excerpt":{"rendered":"<p>Descoperi\u021bi colectorul de praf umed NA 2.2 pentru aspirarea substan\u021belor lipicioase \u0219i a prafului cu efect de secer\u0103 generat \u00een atelierele dumneavoastr\u0103. NA 2.2 colector de praf umed: func\u021bionare \u0219i utilizare Sistemul de filtrare utilizat \u00een colectoarele de praf umed se bazeaz\u0103 pe principiul for\u021bei centrifuge, folosind apa ca mediu de filtrare. \u00cen termeni practici, aerul \u00eenc\u0103rcat cu particule fine \u0219i praf este captat \u00een colectorul de praf de ventilatorul \u00eencorporat. Aerul este apoi saturat cu ap\u0103 prin intermediul duzelor de pulverizare, ceea ce aglomereaz\u0103 praful \u0219i \u00eel face mai u\u0219or de captat. Pentru a separa particulele, aerul \u0219i apa &#8230; <\/p>\n<p class=\"read-more-container\"><a title=\"NA 2.2 : colector de praf umed mobil\" class=\"read-more button\" href=\"https:\/\/obera.fr\/ro\/produits\/depoussiereurs-industriels\/mobiles\/na-2-2-depoussiereur-a-voie-humide\/#more-44220\" aria-label=\"Cite\u0219te mai multe despre NA 2.2 : colector de praf umed mobil\">Lire la suite<\/a><\/p>\n","protected":false},"author":4,"featured_media":83748,"parent":46856,"menu_order":0,"comment_status":"closed","ping_status":"closed","template":"","meta":{"_acf_changed":false,"_seopress_robots_primary_cat":"","_seopress_titles_title":"","_seopress_titles_desc":"","_seopress_robots_index":"","footnotes":""},"class_list":{"0":"post-44220","1":"page","2":"type-page","3":"status-publish","4":"has-post-thumbnail","6":"no-featured-image-padding","7":"resize-featured-image"},"acf":[],"_links":{"self":[{"href":"https:\/\/obera.fr\/ro\/wp-json\/wp\/v2\/pages\/44220","targetHints":{"allow":["GET"]}}],"collection":[{"href":"https:\/\/obera.fr\/ro\/wp-json\/wp\/v2\/pages"}],"about":[{"href":"https:\/\/obera.fr\/ro\/wp-json\/wp\/v2\/types\/page"}],"author":[{"embeddable":true,"href":"https:\/\/obera.fr\/ro\/wp-json\/wp\/v2\/users\/4"}],"replies":[{"embeddable":true,"href":"https:\/\/obera.fr\/ro\/wp-json\/wp\/v2\/comments?post=44220"}],"version-history":[{"count":9,"href":"https:\/\/obera.fr\/ro\/wp-json\/wp\/v2\/pages\/44220\/revisions"}],"predecessor-version":[{"id":117266,"href":"https:\/\/obera.fr\/ro\/wp-json\/wp\/v2\/pages\/44220\/revisions\/117266"}],"up":[{"embeddable":true,"href":"https:\/\/obera.fr\/ro\/wp-json\/wp\/v2\/pages\/46856"}],"wp:featuredmedia":[{"embeddable":true,"href":"https:\/\/obera.fr\/ro\/wp-json\/wp\/v2\/media\/83748"}],"wp:attachment":[{"href":"https:\/\/obera.fr\/ro\/wp-json\/wp\/v2\/media?parent=44220"}],"curies":[{"name":"wp","href":"https:\/\/api.w.org\/{rel}","templated":true}]}}