{"id":45323,"date":"2020-08-26T12:41:28","date_gmt":"2020-08-26T10:41:28","guid":{"rendered":"https:\/\/obera.fr\/produsele-noastre\/purificatoare-de-aer-industriale\/purificator-de-aer-profesional-epur-ca\/"},"modified":"2025-04-24T11:41:46","modified_gmt":"2025-04-24T09:41:46","slug":"professionnel-epur-ca","status":"publish","type":"page","link":"https:\/\/obera.fr\/ro\/produits\/purificateurs-air\/professionnel-epur-ca\/","title":{"rendered":"Purificator de aer profesional ePUR CA"},"content":{"rendered":"\n<p><a href=\"https:\/\/obera.fr\/ro\/produits\/purificateurs-air\/\" data-type=\"page\" data-id=\"26\">Purificatoarele noastre de aer profesionale<\/a> <strong>ePUR CA<\/strong> sunt unit\u0103\u021bi mobile de tratare a aerului cu c\u0103rbune activ care nu necesit\u0103 conducte sau asamblare.<\/p>\n\n\n\n\n\n\n<h2 class=\"wp-block-heading\">Cum func\u021bioneaz\u0103 purificatoarele noastre profesionale de aer?<\/h2>\n\n\n\n<div class=\"wp-block-columns is-layout-flex wp-container-core-columns-is-layout-28f84493 wp-block-columns-is-layout-flex\">\n<div class=\"wp-block-column is-layout-flow wp-block-column-is-layout-flow\" style=\"flex-basis:33.33%\">\n<figure class=\"wp-block-image aligncenter size-large is-resized\"><img decoding=\"async\" src=\"https:\/\/obera.fr\/wp-content\/uploads\/2020\/09\/gamme-epur-ca-300x300.jpg\" alt=\"epur50 ca\" style=\"width:260px;height:auto\"\/><figcaption class=\"wp-element-caption\">ePUR CA<\/figcaption><\/figure>\n<\/div>\n\n\n\n<div class=\"wp-block-column is-layout-flow wp-block-column-is-layout-flow\" style=\"flex-basis:66.66%\">\n<p>Func\u021bionarea este simpl\u0103: aerul poluat este aspirat prin partea superioar\u0103 a unit\u0103\u021bii. Ulterior, particulele solide \u0219i lichide sunt oprite de straturi succesive de filtre, iar poluan\u021bii gazo\u0219i de filtrul de c\u0103rbune activ.   <\/p>\n\n\n\n<p><strong>Purificatorul de aer<\/strong> purific\u0103 aerul dintr-un spa\u021biu de lucru for\u021b\u00e2ndu-l s\u0103 treac\u0103 prin diferite etape de filtrare. Purificatorul de aer aspir\u0103 o coloan\u0103 de aer u\u0219or mai cald de sus \u0219i o evacueaz\u0103 \u00eenapoi \u00een spa\u021biul de lucru la nivelul podelei. Acest aer mai u\u0219or se ridic\u0103 \u00een mod natural \u00een \u00eenc\u0103pere, cre\u00e2nd o mi\u0219care circular\u0103 care trateaz\u0103 tot aerul din volum. De fiecare dat\u0103 c\u00e2nd trece prin purificatorul de aer, \u00eentre 80% \u0219i 99,995% (\u00een func\u021bie de configura\u021bia filtrului ales) din poluare este captat\u0103,<strong>\u00eembun\u0103t\u0103\u021bind calitatea aerului \u00een \u00eentregul spa\u021biu de lucru<\/strong>.     <\/p>\n\n\n\n<p>Toate purificatoarele de aer din gam\u0103 sunt echipate cu un <strong>poten\u021biometru<\/strong>, care permite reglarea debitului de aer de la 0 la 100%. Debitul de aer se regleaz\u0103 \u00een func\u021bie de concentra\u021bia ini\u021bial\u0103 a poluan\u021bilor, de rezultatul dorit \u0219i de volumul zonei de tratat. \u00cen func\u021bie de ace\u0219ti parametri, se poate selecta num\u0103rul de re\u00eennoiri ale volumului zonei pe or\u0103.  <\/p>\n\n\n\n<div class=\"wp-block-columns is-layout-flex wp-container-core-columns-is-layout-28f84493 wp-block-columns-is-layout-flex\">\n<div class=\"wp-block-column is-layout-flow wp-block-column-is-layout-flow\" style=\"flex-basis:33.34%\">\n<div class=\"wp-block-buttons is-content-justification-center is-layout-flex wp-container-core-buttons-is-layout-a89b3969 wp-block-buttons-is-layout-flex\">\n<div class=\"wp-block-button\"><a class=\"wp-block-button__link wp-element-button\" href=\"https:\/\/obera.fr\/wp-content\/uploads\/2025\/04\/catalogue-epur-en.pdf\">Desc\u0103rca\u021bi bro\u0219ura<\/a><\/div>\n<\/div>\n<\/div>\n\n\n\n<div class=\"wp-block-column is-layout-flow wp-block-column-is-layout-flow\" style=\"flex-basis:33.34%\">\n<div class=\"wp-block-buttons is-horizontal is-content-justification-center is-layout-flex wp-container-core-buttons-is-layout-03627597 wp-block-buttons-is-layout-flex\">\n<div class=\"wp-block-button has-custom-width wp-block-button__width-100\"><a class=\"wp-block-button__link wp-element-button\" href=\"https:\/\/obera.fr\/ro\/contactati-ne\/\">Afl\u0103 mai multe<\/a><\/div>\n<\/div>\n<\/div>\n\n\n\n<div class=\"wp-block-column is-layout-flow wp-block-column-is-layout-flow\" style=\"flex-basis:33.33%\">\n<div class=\"wp-block-buttons is-content-justification-center is-layout-flex wp-container-core-buttons-is-layout-a89b3969 wp-block-buttons-is-layout-flex\">\n<div class=\"wp-block-button btn-devis-source\"><a class=\"wp-block-button__link wp-element-button\" href=\"https:\/\/obera.fr\/ro\/devis\/\">Solicita\u021bi o ofert\u0103<\/a><\/div>\n<\/div>\n\n\n<script>\r\ndocument.addEventListener('DOMContentLoaded', function() {\r\n    \/\/ 1. On cherche le titre H1 de la page\r\n    var h1 = document.querySelector('h1');\r\n    var productTitle = h1 ? h1.innerText.trim() : \"\";\r\n\r\n    \/\/ 2. On cherche les boutons via la classe CSS .btn-devis-source\r\n    var buttons = document.querySelectorAll('.btn-devis-source a');\r\n\r\n    \/\/ 3. Si on a le titre et les boutons, on ajoute le param\u00e8tre\r\n    if (buttons.length > 0 && productTitle !== \"\") {\r\n        var encodedTitle = encodeURIComponent(productTitle);\r\n\r\n        buttons.forEach(function(btn) {\r\n            var currentHref = btn.getAttribute('href');\r\n            \r\n            \/\/ S\u00e9curit\u00e9 pour ne pas ajouter le param\u00e8tre 2 fois\r\n            if (currentHref.indexOf('sujet=') === -1) {\r\n                var separator = currentHref.indexOf('?') !== -1 ? '&' : '?';\r\n                var newLink = currentHref + separator + 'sujet=' + encodedTitle;\r\n                \r\n                btn.setAttribute('href', newLink);\r\n            }\r\n        });\r\n    }\r\n});\r\n<\/script><\/div>\n<\/div>\n\n\n\n<p><\/p>\n<\/div>\n<\/div>\n\n\n\n<div class=\"wp-block-columns is-layout-flex wp-container-core-columns-is-layout-28f84493 wp-block-columns-is-layout-flex\">\n<div class=\"wp-block-column is-layout-flow wp-block-column-is-layout-flow\" style=\"flex-basis:25%\"><\/div>\n\n\n\n<div class=\"wp-block-column is-layout-flow wp-block-column-is-layout-flow\" style=\"flex-basis:50%\">\n<figure class=\"wp-block-embed is-type-video is-provider-youtube wp-block-embed-youtube wp-embed-aspect-16-9 wp-has-aspect-ratio\"><div class=\"wp-block-embed__wrapper\">\n<iframe title=\"Fonctionnement charbon actif - OberA\" width=\"1200\" height=\"675\" src=\"https:\/\/www.youtube.com\/embed\/eto9V0iSJOc?feature=oembed\" frameborder=\"0\" allow=\"accelerometer; autoplay; clipboard-write; encrypted-media; gyroscope; picture-in-picture; web-share\" referrerpolicy=\"strict-origin-when-cross-origin\" allowfullscreen><\/iframe>\n<\/div><\/figure>\n<\/div>\n\n\n\n<div class=\"wp-block-column is-layout-flow wp-block-column-is-layout-flow\" style=\"flex-basis:25%\"><\/div>\n<\/div>\n\n\n\n<p><\/p>\n\n\n\n<h2 class=\"wp-block-heading\">Ce poluan\u021bi sunt trata\u021bi cu purificatoarele de aer cu c\u0103rbune activ ePUR CA?<\/h2>\n\n\n\n<div class=\"wp-block-columns is-layout-flex wp-container-core-columns-is-layout-28f84493 wp-block-columns-is-layout-flex\">\n<div class=\"wp-block-column is-layout-flow wp-block-column-is-layout-flow\" style=\"flex-basis:66.66%\">\n<p><strong>Purificatoarele de aer ePUR CA<\/strong> sunt ideale pentru <strong>tratarea mirosurilor<\/strong>, <strong>COV-urilor<\/strong> (compu\u0219i organici volatili) \u0219i a altor <strong>poluan\u021bi gazo\u0219i<\/strong>. Mai precis, acestea permit : <\/p>\n\n\n\n<ul class=\"wp-block-list\">\n<li><strong>Captarea \u0219i tratarea mirosurilor<\/strong> \u0219i a polu\u0103rii olfactive.<\/li>\n\n\n\n<li>Procese care utilizeaz\u0103 <strong>solven\u021bi<\/strong> (vopsele, lacuri, cur\u0103\u021bare, degresare, aerosoli etc.). Ace\u0219tia sunt compu\u0219i organici volatili constitui\u021bi din hidrocarburi alifatice (hexan, ciclohexan etc.), hidrocarburi clorurate (tricloretilen\u0103, tricloroetan, monoclorobenzen etc.), hidrocarburi aromatice (toluen, xilen etc.), alcooli (metanol, glicoli etc.) \u0219i hidrocarburi cu volatilitate ridicat\u0103. ), aromatice (toluen, xilen etc.), alcooli (metanol, glicoli etc.), cetone (aceton\u0103, acetat de etil, metiletilceton\u0103 MEK sau butanon\u0103 etc.), eteri de glicol, tetrahidrofuran THF etc&#8230; <\/li>\n\n\n\n<li>Poluan\u021bi proveni\u021bi din <strong>lipire<\/strong> (mirosuri \u0219i poluan\u021bi gazo\u0219i proveni\u021bi de la cleiurile de neopren sau &#8211; \u00cent\u0103ritori \u0219i acceleratori de priz\u0103. \u00cent\u0103ritorii utiliza\u021bi sunt amine alifatice sau aromatice \u0219i poliizociana\u021bi. <\/li>\n\n\n\n<li>Poluan\u021bii gazo\u0219i din <strong>r\u0103\u0219ini<\/strong> (polimeri cianoacrilici, viniluri, epoxii, poliuretani, poliesteri, policloropreni, poliamide, formofenolici, furanici, polisilani, polisiloxani, formaldehid\u0103 etc.) sunt o surs\u0103 major\u0103 de poluare.<\/li>\n<\/ul>\n\n\n\n<p>Datorit\u0103 suprafe\u021bei specifice foarte mari a cavit\u0103\u021bilor sale, c\u0103rbunele activ este capabil s\u0103 re\u021bin\u0103 multe tipuri de poluan\u021bi gazo\u0219i.<\/p>\n<\/div>\n\n\n\n<div class=\"wp-block-column is-layout-flow wp-block-column-is-layout-flow\" style=\"flex-basis:33.33%\">\n<p><\/p>\n\n\n\n<p><\/p>\n\n\n\n<p><\/p>\n\n\n\n<figure class=\"wp-block-image aligncenter size-large\"><img decoding=\"async\" width=\"1024\" height=\"549\" src=\"https:\/\/obera.fr\/wp-content\/uploads\/2025\/03\/charbon-actif-mix-1024x549.jpg\" alt=\"amestec de c\u0103rbune activ\" class=\"wp-image-76515\" srcset=\"https:\/\/obera.fr\/wp-content\/uploads\/2025\/03\/charbon-actif-mix-1024x549.jpg 1024w, https:\/\/obera.fr\/wp-content\/uploads\/2025\/03\/charbon-actif-mix-300x161.jpg 300w, https:\/\/obera.fr\/wp-content\/uploads\/2025\/03\/charbon-actif-mix-768x412.jpg 768w, https:\/\/obera.fr\/wp-content\/uploads\/2025\/03\/charbon-actif-mix.jpg 1200w\" sizes=\"(max-width: 1024px) 100vw, 1024px\" \/><\/figure>\n<\/div>\n<\/div>\n\n\n\n<p><\/p>\n\n\n\n<h2 class=\"wp-block-heading\">Pentru ce sunt utilizate?<\/h2>\n\n\n\n<p>Purificatoarele noastre de aer ePUR CA sunt adesea utilizate \u00een combina\u021bie cu <strong>extrac\u021bia<\/strong> la surs\u0103 pentru a extrage \u0219i filtra poluan\u021bii gazo\u0219i r\u0103ma\u0219i \u00een mediu direct \u00een atmosfer\u0103. De asemenea, este posibil s\u0103 se utilizeze aceste dispozitive pentru extrac\u021bia la surs\u0103 prin echiparea lor cu un bra\u021b de extrac\u021bie, o hot\u0103 de extrac\u021bie sau prin conectarea lor direct\u0103 la o ma\u0219in\u0103 de produc\u021bie sau la o mas\u0103 de aspira\u021bie.   <\/p>\n\n\n\n<blockquote class=\"wp-block-quote is-layout-flow wp-block-quote-is-layout-flow\">\n<p>Utilizarea recomandat\u0103 este pur profesional\u0103.<\/p>\n<\/blockquote>\n\n\n\n<p>Aceste purificatoare de aer cu c\u0103rbune activ sunt ideale pentru utilizare \u00een sectoarele metalurgie, mase plastice, produse chimice, agroalimentar, textile, lemn, h\u00e2rtie \u0219i carton, minerale, colectarea \u0219i reciclarea de\u0219eurilor \u0219i restaurarea artei.<\/p>\n\n\n\n<p>  Mai jos sunt prezentate c\u00e2teva exemple de <strong>aplica\u021bii<\/strong> pentru purificatoarele noastre de aer profesionale ePUR CA.<\/p>\n\n\n\n<div class=\"wp-block-columns is-layout-flex wp-container-core-columns-is-layout-28f84493 wp-block-columns-is-layout-flex\">\n<div class=\"wp-block-column is-layout-flow wp-block-column-is-layout-flow\">\n<h3 class=\"wp-block-heading has-text-align-center\">Poluan\u021bi<\/h3>\n\n\n\n<hr class=\"wp-block-separator has-css-opacity is-style-wide\"\/>\n\n\n\n<div class=\"wp-block-columns is-layout-flex wp-container-core-columns-is-layout-28f84493 wp-block-columns-is-layout-flex\">\n<div class=\"wp-block-column is-layout-flow wp-block-column-is-layout-flow\">\n<figure class=\"wp-block-image aligncenter size-large\"><img decoding=\"async\" width=\"70\" height=\"70\" src=\"https:\/\/obera.fr\/wp-content\/uploads\/2020\/08\/polluants-poussieres.jpg\" alt=\"Poluan\u021bi Praf\" class=\"wp-image-675\"\/><figcaption class=\"wp-element-caption\">Praf<\/figcaption><\/figure>\n\n\n\n<figure class=\"wp-block-image aligncenter size-large\"><img decoding=\"async\" width=\"70\" height=\"70\" src=\"https:\/\/obera.fr\/wp-content\/uploads\/2020\/08\/industrie-fumees.jpg\" alt=\"Fumul din industrie\" class=\"wp-image-722\"\/><figcaption class=\"wp-element-caption\">Fumuri<\/figcaption><\/figure>\n<\/div>\n\n\n\n<div class=\"wp-block-column is-layout-flow wp-block-column-is-layout-flow\">\n<figure class=\"wp-block-image aligncenter size-large\"><img decoding=\"async\" width=\"70\" height=\"70\" src=\"https:\/\/obera.fr\/wp-content\/uploads\/2020\/10\/industrie-aerosols.jpg\" alt=\"Industria aerosolilor\" class=\"wp-image-1201\"\/><figcaption class=\"wp-element-caption\">VOCS<\/figcaption><\/figure>\n\n\n\n<figure class=\"wp-block-image aligncenter size-large\"><img decoding=\"async\" width=\"70\" height=\"70\" src=\"https:\/\/obera.fr\/wp-content\/uploads\/2020\/08\/industrie-odeur.jpg\" alt=\"Odoare industrial\u0103\" class=\"wp-image-723\"\/><figcaption class=\"wp-element-caption\">Mirosuri<\/figcaption><\/figure>\n<\/div>\n<\/div>\n\n\n\n<p><\/p>\n<\/div>\n\n\n\n<div class=\"wp-block-column is-layout-flow wp-block-column-is-layout-flow\">\n<h3 class=\"wp-block-heading has-text-align-center\">Industrii<\/h3>\n\n\n\n<hr class=\"wp-block-separator has-css-opacity is-style-wide\"\/>\n\n\n\n<div class=\"wp-block-columns is-layout-flex wp-container-core-columns-is-layout-28f84493 wp-block-columns-is-layout-flex\">\n<div class=\"wp-block-column is-layout-flow wp-block-column-is-layout-flow\">\n<figure class=\"wp-block-image aligncenter size-large\"><img decoding=\"async\" width=\"70\" height=\"70\" src=\"https:\/\/obera.fr\/wp-content\/uploads\/2020\/08\/industrie-metallurgie.jpg\" alt=\"Industria metalurgic\u0103\" class=\"wp-image-673\"\/><figcaption class=\"wp-element-caption\">Metalurgie<\/figcaption><\/figure>\n\n\n\n<figure class=\"wp-block-image aligncenter size-large\"><img decoding=\"async\" width=\"70\" height=\"70\" src=\"https:\/\/obera.fr\/wp-content\/uploads\/2020\/08\/industrie-textile.jpg\" alt=\"Industria textil\u0103\" class=\"wp-image-671\"\/><figcaption class=\"wp-element-caption\">Textile<\/figcaption><\/figure>\n\n\n\n<figure class=\"wp-block-image aligncenter size-large\"><img decoding=\"async\" width=\"70\" height=\"70\" src=\"https:\/\/obera.fr\/wp-content\/uploads\/2020\/08\/industrie-plastique.jpg\" alt=\"Industria maselor plastice\" class=\"wp-image-669\"\/><figcaption class=\"wp-element-caption\">Materiale plastice<\/figcaption><\/figure>\n\n\n\n<figure class=\"wp-block-image aligncenter size-large\"><img decoding=\"async\" width=\"70\" height=\"70\" src=\"https:\/\/obera.fr\/wp-content\/uploads\/2020\/08\/industrie-agroalimentaire.jpg\" alt=\"Industria alimentar\u0103\" class=\"wp-image-727\"\/><figcaption class=\"wp-element-caption\">Industria alimentar\u0103<\/figcaption><\/figure>\n<\/div>\n\n\n\n<div class=\"wp-block-column is-layout-flow wp-block-column-is-layout-flow\">\n<figure class=\"wp-block-image aligncenter size-large\"><img decoding=\"async\" width=\"70\" height=\"70\" src=\"https:\/\/obera.fr\/wp-content\/uploads\/2020\/08\/industrie-bois.jpg\" alt=\"Industria lemnului\" class=\"wp-image-672\"\/><figcaption class=\"wp-element-caption\">Prelucrarea lemnului<\/figcaption><\/figure>\n\n\n\n<figure class=\"wp-block-image aligncenter size-large\"><img decoding=\"async\" width=\"70\" height=\"70\" src=\"https:\/\/obera.fr\/wp-content\/uploads\/2020\/08\/industrie-papier-carton.jpg\" alt=\"Industria h\u00e2rtiei \u0219i cartonului\" class=\"wp-image-670\"\/><figcaption class=\"wp-element-caption\">H\u00e2rtie\/carton<\/figcaption><\/figure>\n\n\n\n<figure class=\"wp-block-image aligncenter size-large\"><img decoding=\"async\" width=\"70\" height=\"70\" src=\"https:\/\/obera.fr\/wp-content\/uploads\/2020\/08\/industrie-dechets.jpg\" alt=\"De\u0219euri industriale\" class=\"wp-image-726\"\/><figcaption class=\"wp-element-caption\">Colectarea \u0219i reciclarea de\u0219eurilor<\/figcaption><\/figure>\n\n\n\n<figure class=\"wp-block-image aligncenter size-large\"><img decoding=\"async\" width=\"70\" height=\"70\" src=\"https:\/\/obera.fr\/wp-content\/uploads\/2020\/08\/industrie-chimie.jpg\" alt=\"Industria chimic\u0103\" class=\"wp-image-725\"\/><figcaption class=\"wp-element-caption\">Produse chimice\/petrochimice<\/figcaption><\/figure>\n<\/div>\n<\/div>\n<\/div>\n<\/div>\n\n\n\n<h3 class=\"wp-block-heading\">Ce tip de c\u0103rbune ar trebui s\u0103 aleg pentru aplica\u021bia mea?<\/h3>\n\n\n\n<p><\/p>\n\n\n\n<p>Purificatoarele de aer ePUR CA pot fi echipate cu o gam\u0103 larg\u0103 de<strong>adsorban\u021bi<\/strong>.<\/p>\n\n\n\n<p>OBERA are un c\u0103rbune activ generic de \u00eenalt\u0103 eficien\u021b\u0103 <strong>, OBCKV<\/strong>. Cu toate acestea, este posibil s\u0103 se selecteze c\u0103rbune activat termic sau chimic, precum \u0219i un c\u0103rbune activ oxidat sau unul activat prin impregnare chimic\u0103. <\/p>\n\n\n\n<p>Aceste c\u0103rbuni activi &#8222;dopa\u021bi&#8221; cresc eficien\u021ba tratamentului.<\/p>\n\n\n\n<div class=\"wp-block-columns is-layout-flex wp-container-core-columns-is-layout-28f84493 wp-block-columns-is-layout-flex\">\n<div class=\"wp-block-column is-layout-flow wp-block-column-is-layout-flow\">\n<figure class=\"wp-block-image aligncenter size-large is-resized\"><img decoding=\"async\" width=\"1024\" height=\"549\" src=\"https:\/\/obera.fr\/wp-content\/uploads\/2025\/03\/charbon-actif-noir-1024x549.jpg\" alt=\"c\u0103rbune activ negru\" class=\"wp-image-76492\" style=\"width:297px;height:auto\" srcset=\"https:\/\/obera.fr\/wp-content\/uploads\/2025\/03\/charbon-actif-noir-1024x549.jpg 1024w, https:\/\/obera.fr\/wp-content\/uploads\/2025\/03\/charbon-actif-noir-300x161.jpg 300w, https:\/\/obera.fr\/wp-content\/uploads\/2025\/03\/charbon-actif-noir-768x412.jpg 768w, https:\/\/obera.fr\/wp-content\/uploads\/2025\/03\/charbon-actif-noir.jpg 1200w\" sizes=\"(max-width: 1024px) 100vw, 1024px\" \/><\/figure>\n<\/div>\n\n\n\n<div class=\"wp-block-column is-layout-flow wp-block-column-is-layout-flow\">\n<figure class=\"wp-block-image aligncenter size-large is-resized\"><img decoding=\"async\" width=\"1024\" height=\"549\" src=\"https:\/\/obera.fr\/wp-content\/uploads\/2025\/03\/charbon-actif-mix-1024x549.jpg\" alt=\"amestec de c\u0103rbune activ\" class=\"wp-image-76515\" style=\"width:302px;height:auto\" srcset=\"https:\/\/obera.fr\/wp-content\/uploads\/2025\/03\/charbon-actif-mix-1024x549.jpg 1024w, https:\/\/obera.fr\/wp-content\/uploads\/2025\/03\/charbon-actif-mix-300x161.jpg 300w, https:\/\/obera.fr\/wp-content\/uploads\/2025\/03\/charbon-actif-mix-768x412.jpg 768w, https:\/\/obera.fr\/wp-content\/uploads\/2025\/03\/charbon-actif-mix.jpg 1200w\" sizes=\"(max-width: 1024px) 100vw, 1024px\" \/><\/figure>\n<\/div>\n\n\n\n<div class=\"wp-block-column is-layout-flow wp-block-column-is-layout-flow\">\n<figure class=\"wp-block-image aligncenter size-large is-resized\"><img decoding=\"async\" width=\"1024\" height=\"549\" src=\"https:\/\/obera.fr\/wp-content\/uploads\/2025\/03\/charbon-actif-purple-1024x549.png\" alt=\"carbon activ violet\" class=\"wp-image-76468\" style=\"width:293px;height:auto\" srcset=\"https:\/\/obera.fr\/wp-content\/uploads\/2025\/03\/charbon-actif-purple-1024x549.png 1024w, https:\/\/obera.fr\/wp-content\/uploads\/2025\/03\/charbon-actif-purple-300x161.png 300w, https:\/\/obera.fr\/wp-content\/uploads\/2025\/03\/charbon-actif-purple-768x412.png 768w, https:\/\/obera.fr\/wp-content\/uploads\/2025\/03\/charbon-actif-purple.png 1200w\" sizes=\"(max-width: 1024px) 100vw, 1024px\" \/><\/figure>\n<\/div>\n<\/div>\n\n\n\n<h2 class=\"wp-block-heading\">Care sunt caracteristicile purificatoarelor noastre de aer profesionale?<\/h2>\n\n\n\n<p>Puternice \u0219i silen\u021bioase, purificatoarele de aer ePUR CA au fost concepute pentru a fi u\u0219or de utilizat. Nu exist\u0103 nicio conduct\u0103 de asamblare sau de extrac\u021bie, doar o simpl\u0103 conectare la o priz\u0103 electric\u0103 \u0219i sunte\u021bi gata de func\u021bionare. Montate pe ro\u021bi, pute\u021bi deplasa unit\u0103\u021bile pentru o u\u0219urin\u021b\u0103 maxim\u0103 de utilizare.    <\/p>\n\n\n\n<p>Consum\u0103 mai pu\u021bin\u0103 energie (mai pu\u021bin dec\u00e2t un aspirator casnic), iar mediul filtrant poate fi schimbat \u00een 5 minute cu ajutorul unei singure chei hexagonale, ceea ce face ca \u00eentre\u021binerea s\u0103 fie rapid\u0103 \u0219i u\u0219oar\u0103. Cartu\u0219ele \u00eenc\u0103rcate cu c\u0103rbune activ sunt selectate \u00een func\u021bie de problema dumneavoastr\u0103 \u0219i de poluan\u021bii care trebuie trata\u021bi. Debitele variaz\u0103 \u00een func\u021bie de aparat. Pentru cel mai mic aparat din gam\u0103, <strong>ePUR CA 10, debitul este de 1000m3\/h<\/strong>. Pentru aparatul de mijloc din gam\u0103, <strong>ePUR CA 30, debitul este de 3500 m3\/h<\/strong>. \u00cen cele din urm\u0103, cel mai puternic aparat,<strong> ePUR CA 100<\/strong>, disponibil numai la cerere, are un<strong> debit de 10 000 m3\/h<\/strong>.    <\/p>\n\n\n\n<figure class=\"wp-block-table\"><table class=\"has-fixed-layout\"><thead><tr><th>Dispozitiv<\/th><th><\/th><th>ePUR 10<\/th><th>ePUR 30<\/th><th>ePUR 100<\/th><\/tr><\/thead><tbody><tr><td>Flux<\/td><td>m3\/h<\/td><td>1 000<\/td><td>3 500<\/td><td>10 000<\/td><\/tr><tr><td>Intensitate<\/td><td>A<\/td><td>0.7<\/td><td>1.1<\/td><td>3.3<\/td><\/tr><tr><td>Tensiunea de alimentare<\/td><td>V<\/td><td>230<\/td><td>230<\/td><td>230<\/td><\/tr><tr><td>Putere<\/td><td>kW<\/td><td>0.08<\/td><td>0.25<\/td><td>0,75<\/td><\/tr><tr><td>Dimensiuni<\/td><td>l\/L\/h (cm)<\/td><td>66 x 37 x 78 cm<\/td><td>66 x 68 x 125 cm<\/td><td>90 x 90 x 182<\/td><\/tr><tr><td>Sarcina de carbon activat<\/td><td>kg<\/td><td>7.5<\/td><td>26<\/td><td>La cerere<\/td><\/tr><tr><td>Nivelul sonor<\/td><td>dB(A)<\/td><td>63<\/td><td>65<\/td><td>69<\/td><\/tr><\/tbody><\/table><\/figure>\n\n\n\n<div class=\"wp-block-buttons is-horizontal is-content-justification-center is-layout-flex wp-container-core-buttons-is-layout-03627597 wp-block-buttons-is-layout-flex\">\n<div class=\"wp-block-button is-style-outline is-style-outline--1\"><a class=\"wp-block-button__link wp-element-button\" href=\"https:\/\/obera.fr\/wp-content\/uploads\/2023\/05\/catalogue-epur-10-30-50-100-150.pdf\">Desc\u0103rca\u021bi fi\u0219a produsului \u00een format PDF<\/a><\/div>\n<\/div>\n\n\n\n<h2 class=\"wp-block-heading\">Care sunt avantajele acestei game de purificatoare de aer profesionale ePUR CA?<\/h2>\n\n\n\n<figure class=\"wp-block-image alignright size-thumbnail\"><img decoding=\"async\" width=\"150\" height=\"150\" src=\"https:\/\/obera.fr\/wp-content\/uploads\/2020\/09\/ePUR-CA-Filtres-150x150.jpg\" alt=\"Epur Ca Filtre\" class=\"wp-image-1014\"\/><figcaption class=\"wp-element-caption\">Filtre pentru ePUR<\/figcaption><\/figure>\n\n\n\n<p>Pe l\u00e2ng\u0103<strong>\u00eembun\u0103t\u0103\u021birea calit\u0103\u021bii aerului<\/strong>, purificatoarele noastre profesionale de aer protejeaz\u0103 angaja\u021bii \u00eempotriva particulelor fine \u0219i a altor poluan\u021bi gazo\u0219i, pentru a minimiza expunerea la orice tip de boal\u0103 pulmonar\u0103 sau cardiac\u0103.  <\/p>\n\n\n\n<p>Economiile \u00een ceea ce prive\u0219te energia \u0219i costurile de cur\u0103\u021bare sunt, de asemenea, semnificative, datorit\u0103 fluxului de aer creat de ma\u0219in\u0103, care aduce aerul cald de sus \u00een jos, temper\u00e2nd astfel spa\u021biul de lucru. De asemenea, c\u0103ldura din aerul filtrat este reintrodus\u0103 \u00een cl\u0103dire, reduc\u00e2nd consumul de \u00eenc\u0103lzire.   <\/p>\n\n\n\n<p>Un alt avantaj este acela c\u0103 protec\u021bia instrumentelor de produc\u021bie \u00eenseamn\u0103 mai pu\u021bine defec\u021biuni \u0219i, prin urmare, contribuie la cre\u0219terea longevit\u0103\u021bii ma\u0219inilor de produc\u021bie. Purificatoarele noastre de aer industrial respect\u0103, de asemenea, limita de expunere profesional\u0103<strong>(<\/strong>OEL). <\/p>\n\n\n\n<p><\/p>\n\n\n\n<div class=\"wp-block-columns is-layout-flex wp-container-core-columns-is-layout-28f84493 wp-block-columns-is-layout-flex\">\n<div class=\"wp-block-column is-layout-flow wp-block-column-is-layout-flow\">\n<h3 class=\"wp-block-heading has-text-align-center\">Beneficii<\/h3>\n\n\n\n<ul class=\"wp-block-list\">\n<li>Plug &amp; Play: trebuie doar s\u0103 \u00eel conecta\u021bi la re\u021bea \u0219i este gata de utilizare<\/li>\n\n\n\n<li>Puternic \u0219i silen\u021bios<\/li>\n\n\n\n<li>Nu exist\u0103 conducte de instalare sau de extrac\u021bie<\/li>\n\n\n\n<li>Proiectat pentru a fi u\u0219or de mutat datorit\u0103 ro\u021bilor sale<\/li>\n\n\n\n<li>Consum de energie foarte redus (mai pu\u021bin dec\u00e2t un aspirator casnic)<\/li>\n<\/ul>\n<\/div>\n\n\n\n<div class=\"wp-block-column is-layout-flow wp-block-column-is-layout-flow\">\n<h3 class=\"wp-block-heading has-text-align-center\">Caracteristici speciale<\/h3>\n\n\n\n<ul class=\"wp-block-list\">\n<li>Cartu\u0219e \u00eenc\u0103rcate cu c\u0103rbune activ selectat \u00een func\u021bie de poluan\u021bii care urmeaz\u0103 s\u0103 fie trata\u021bi.<\/li>\n\n\n\n<li>Cartu\u0219e reutilizabile \u0219i reciclabile<\/li>\n\n\n\n<li>Schimba\u021bi singur materialul filtrant \u00een doar 5 minute, folosind doar o cheie Allen.<\/li>\n\n\n\n<li>Se conecteaz\u0103 la o priz\u0103 standard de 220V<\/li>\n<\/ul>\n<\/div>\n\n\n\n<div class=\"wp-block-column is-layout-flow wp-block-column-is-layout-flow\">\n<h3 class=\"wp-block-heading has-text-align-center\">Caracteristici<\/h3>\n\n\n\n<ul class=\"wp-block-list\">\n<li>\u00cembun\u0103t\u0103\u021be\u0219te semnificativ calitatea aerului \u00een atelierele de produc\u021bie prin completarea sistemelor existente<\/li>\n\n\n\n<li>Capteaz\u0103 poluan\u021bii atunci c\u00e2nd captarea la surs\u0103 nu este posibil\u0103<\/li>\n<\/ul>\n<\/div>\n<\/div>\n\n\n\n<div class=\"wp-block-buttons is-horizontal is-content-justification-center is-layout-flex wp-container-core-buttons-is-layout-03627597 wp-block-buttons-is-layout-flex\">\n<div class=\"wp-block-button has-custom-width wp-block-button__width-100\"><a class=\"wp-block-button__link wp-element-button\" href=\"https:\/\/obera.fr\/ro\/contactati-ne\/\">Afl\u0103 mai multe<\/a><\/div>\n<\/div>\n\n\n\n<p><\/p>\n\n\n\n<h2 class=\"wp-block-heading\">Exemple de aplica\u021bii pentru purificatoarele noastre de aer cu c\u0103rbune activ:<\/h2>\n\n\n\n<h3 class=\"wp-block-heading\">Saloane de coafur\u0103, saloane de manichiur\u0103 \u0219i saloane de \u00eenfrumuse\u021bare<\/h3>\n\n\n\n<figure class=\"wp-block-image alignright size-medium\"><img decoding=\"async\" width=\"300\" height=\"200\" src=\"https:\/\/obera.fr\/wp-content\/uploads\/2020\/10\/salon-de-coiffure-300x200.jpg\" alt=\"Salon de coafur\u0103\" class=\"wp-image-1228\" srcset=\"https:\/\/obera.fr\/wp-content\/uploads\/2020\/10\/salon-de-coiffure-300x200.jpg 300w, https:\/\/obera.fr\/wp-content\/uploads\/2020\/10\/salon-de-coiffure-768x512.jpg 768w, https:\/\/obera.fr\/wp-content\/uploads\/2020\/10\/salon-de-coiffure.jpg 1024w\" sizes=\"(max-width: 300px) 100vw, 300px\" \/><figcaption class=\"wp-element-caption\">Salon de coafur\u0103<\/figcaption><\/figure>\n\n\n\n<p><strong>Coaforii<\/strong>, saloanele de manichiur\u0103 \u0219i saloanele de \u00eenfrumuse\u021bare sunt deosebit de expu\u0219i riscurilor legate de calitatea aerului, iar activit\u0103\u021bile lor genereaz\u0103 poluan\u021bi sub form\u0103 de aerosoli, praf fin \u0219i numero\u0219i <strong>poluan\u021bi gazo\u0219i<\/strong> proveni\u021bi din produsele pe care le utilizeaz\u0103, cum ar fi amoniacul, produsele pentru permanent, produsele pentru decolorarea \u0219i colorarea p\u0103rului, spray-urile, peroxidul de hidrogen, formaldehidele \u0219i p\u0103rul.  <\/p>\n\n\n\n<p>Coaforii \u0219i cosmeticienii au adesea de-a face cu <strong>mirosuri<\/strong> puternice, <strong>irita\u021bii<\/strong>, <strong>dureri de cap \u0219i alergii respiratorii<\/strong>. Saloanele de coafur\u0103, saloanele de manichiur\u0103 \u0219i saloanele de \u00eenfrumuse\u021bare sunt, \u00een general, slab ventilate. Purificatoarele de aer sunt o solu\u021bie pentru \u00eembun\u0103t\u0103\u021birea calit\u0103\u021bii generale a aerului. Acestea pot fi utilizate fie cu un bra\u021b pentru captarea sursei \u0219i\/sau direct \u00een mediu.     <\/p>\n\n\n\n<blockquote class=\"wp-block-quote is-layout-flow wp-block-quote-is-layout-flow\">\n<p>Configura\u021bia recomandat\u0103 a filtrului: G4 + E11 + Carbon activ (cu bra\u021b de colectare)<\/p>\n<\/blockquote>\n\n\n\n<h3 class=\"wp-block-heading\">Spa\u021bii deschise \/ birouri<\/h3>\n\n\n\n<figure class=\"wp-block-image alignright size-medium\"><img decoding=\"async\" width=\"300\" height=\"200\" src=\"https:\/\/obera.fr\/wp-content\/uploads\/2020\/10\/salle-open-space-300x200.jpg\" alt=\"Spa\u021biu deschis\" class=\"wp-image-1230\" srcset=\"https:\/\/obera.fr\/wp-content\/uploads\/2020\/10\/salle-open-space-300x200.jpg 300w, https:\/\/obera.fr\/wp-content\/uploads\/2020\/10\/salle-open-space-768x512.jpg 768w, https:\/\/obera.fr\/wp-content\/uploads\/2020\/10\/salle-open-space.jpg 1024w\" sizes=\"(max-width: 300px) 100vw, 300px\" \/><figcaption class=\"wp-element-caption\">Camer\u0103 open space<\/figcaption><\/figure>\n\n\n\n<p>Personalul care lucreaz\u0103 \u00een birouri sau \u00een spa\u021bii deschise este <strong>expus \u00een special la poluarea aerului din exterior<\/strong> (praf, mirosuri, polen \u0219i poluarea din zonele urbane), la poluarea din interior (biologic\u0103: viru\u0219i, bacterii, microbi) \u0219i la poluarea chimic\u0103 (mirosuri, produse de cur\u0103\u021bat \u0219i poluan\u021bi degaja\u021bi de mobilier, vopsea, covoare \u0219i alte materiale de construc\u021bie).<\/p>\n\n\n\n<p>Acest fenomen este exacerbat dac\u0103 birourile sunt ventilate, cu presiune sc\u0103zut\u0103 \u0219i adiacente unui atelier de produc\u021bie sau unei zone urbane poluate. \u00cen acest caz, poluarea aerului este transmis\u0103 \u00een birouri. <\/p>\n\n\n\n<blockquote class=\"wp-block-quote is-layout-flow wp-block-quote-is-layout-flow\">\n<p>Configura\u021bia recomandat\u0103 a filtrului: G4 + F8 sau G4 + H14 sau G4 + H14 + carbon activ<\/p>\n<\/blockquote>\n\n\n\n<p><\/p>\n\n\n\n<h3 class=\"wp-block-heading\">Sectorul medical (spitale, c\u0103mine de b\u0103tr\u00e2ni, veterinari, pedichiuri\u0219ti, denti\u0219ti \u0219i tehnicieni dentari, cabinete medicale, pompe funebre)<\/h3>\n\n\n\n<figure class=\"wp-block-image alignright size-medium\"><img decoding=\"async\" width=\"200\" height=\"300\" src=\"https:\/\/obera.fr\/wp-content\/uploads\/2020\/10\/hopital-200x300.jpg\" alt=\"Spital\" class=\"wp-image-1232\" srcset=\"https:\/\/obera.fr\/wp-content\/uploads\/2020\/10\/hopital-200x300.jpg 200w, https:\/\/obera.fr\/wp-content\/uploads\/2020\/10\/hopital-683x1024.jpg 683w, https:\/\/obera.fr\/wp-content\/uploads\/2020\/10\/hopital-768x1152.jpg 768w, https:\/\/obera.fr\/wp-content\/uploads\/2020\/10\/hopital.jpg 1024w\" sizes=\"(max-width: 200px) 100vw, 200px\" \/><figcaption class=\"wp-element-caption\">Spital<\/figcaption><\/figure>\n\n\n\n<p>Nevoile sunt diverse:<\/p>\n\n\n\n<ul class=\"wp-block-list\">\n<li>\u00cembun\u0103t\u0103\u021birea calit\u0103\u021bii aerului pentru a <strong>reduce contaminarea transmis\u0103 prin aer<\/strong> (viru\u0219i, bacterii).<\/li>\n\n\n\n<li>Dezinfecta\u021bi \u0219i <strong>preveni\u021bi r\u0103sp\u00e2ndirea viru\u0219ilor<\/strong>, bacteriilor etc.<\/li>\n\n\n\n<li>Eliminarea mirosurilor nepl\u0103cute \u0219i <strong>neutralizarea diferitelor forme de poluare olfactiv\u0103<\/strong>.<\/li>\n\n\n\n<li><strong>Reducerea nivelului de praf<\/strong> \u00een activit\u0103\u021bile generatoare de praf.<\/li>\n<\/ul>\n\n\n\n<p><\/p>\n\n\n\n<h3 class=\"wp-block-heading\">Institu\u021bii deschise publicului (autorit\u0103\u021bi locale, cre\u0219e, \u0219coli)<\/h3>\n\n\n\n<p>Monitorizarea calit\u0103\u021bii aerului interior este obligatorie \u00een unit\u0103\u021bile de \u00eenv\u0103\u021b\u0103m\u00e2nt de la<sup>1<\/sup> ianuarie 2020, iar \u00een cre\u0219e de la<sup>1<\/sup> ianuarie 2018.<\/p>\n\n\n\n<p>Parametrii de calitate a aerului includ <strong>particule fine<\/strong>, <strong>formaldehide<\/strong>, <strong>COV<\/strong>, <strong>benzen<\/strong> \u0219i <strong>dioxid de carbon<\/strong>. Simptomele calit\u0103\u021bii sc\u0103zute a aerului includ dureri de cap, irita\u021bii \u0219i alergii respiratorii.   <\/p>\n\n\n\n<p>Fenomenul este exacerbat dac\u0103 spa\u021biile sunt slab ventilate sau nu sunt aerisite. Un purificator de aer de camer\u0103 poate fi instalat pentru a trata aceste diferite surse de poluare. <\/p>\n\n\n\n<p><\/p>\n\n\n\n<h2 class=\"wp-block-heading\">Cum \u00eemi configurez purificatorul de aer profesional cu c\u0103rbune activ?<\/h2>\n\n\n\n<p>Este important de \u0219tiut c\u0103 poluan\u021bii gazo\u0219i (moleculari) sunt opri\u021bi de un adsorbant cum ar fi <strong>c\u0103rbunele activ<\/strong>. Poluan\u021bii particulari (praf, fum, cea\u021b\u0103 etc.) sunt opri\u021bi de un filtru de particule. <\/p>\n\n\n\n<p>Purificatoarele de aer ePUR CA pot con\u021bine 2 sau 3 trepte de filtrare configurabile.<\/p>\n\n\n\n<p>Dac\u0103 poluarea este sub form\u0103 de particule, cele 4 trepte de filtrare sunt dedicate separ\u0103rii succesive a diferitelor dimensiuni ale particulelor. Pot fi utilizate toate clasele de filtrare, de la <strong>ISO Coarse 50%<\/strong> (anterior G3) la <strong>HEPA H14<\/strong>. <\/p>\n\n\n\n<p>Dac\u0103 poluan\u021bii sunt gazo\u0219i, sunt necesare dou\u0103 etape de c\u0103rbune activ \u0219i o prim\u0103 etap\u0103 de filtru de particule pentru a proteja c\u0103rbunele activ.<\/p>\n\n\n\n<p>Atunci c\u00e2nd poluan\u021bii gazo\u0219i \u0219i particulele sunt combina\u021bi, treptele de filtrare a particulelor sunt combinate cu una sau mai multe trepte de filtrare a c\u0103rbunelui activ. Filtrele de particule au rolul de a proteja filtrul de c\u0103rbune activ, garant\u00e2ndu-i astfel longevitatea \u0219i eficien\u021ba. <\/p>\n\n\n\n<blockquote class=\"wp-block-quote is-layout-flow wp-block-quote-is-layout-flow\">\n<p>\u00cen cazul \u00een care sunt prezen\u021bi viru\u0219i, bacterii, CMR sau pulberi periculoase, trebuie selectate <strong>filtre de \u00eenalt\u0103 eficien\u021b\u0103<\/strong> (EPE E11 \u0219i superioare).<\/p>\n<\/blockquote>\n\n\n\n<p>Acolo unde exist\u0103 concentra\u021bii mari de praf, este important s\u0103 cre\u0219te\u021bi num\u0103rul de etape de prefiltrare pentru a proteja filtrul de cea mai \u00eenalt\u0103 calitate. Un filtru H14 poate valora de p\u00e2n\u0103 la 4 ori pre\u021bul unui filtru F8. <\/p>\n\n\n\n<p>De asemenea, trebuie s\u0103 \u0219ti\u021bi c\u0103 un filtru de \u00eenalt\u0103 eficien\u021b\u0103 nu este neap\u0103rat necesar dac\u0103 praful care urmeaz\u0103 s\u0103 fie tratat este grosier. Riscul este ca acesta s\u0103 se \u00eenfund\u0103 mult mai repede dec\u00e2t un filtru adecvat pentru praful grosier \u0219i, prin urmare, s\u0103 fie mai scump de \u00eenlocuit. <\/p>\n\n\n\n<p>Iat\u0103 c\u00e2teva exemple de configura\u021bii posibile ale filtrului de aer:<\/p>\n\n\n\n<ul class=\"wp-block-list\">\n<li>G4\/F8 pentru clasele de praf L<\/li>\n\n\n\n<li>G4\/E11 pentru clasele de praf de la M la H<\/li>\n\n\n\n<li>G4 \/F8 \/ HEPA H14 pentru clase de praf H<\/li>\n\n\n\n<li>G3\/F8\/H14 pentru clasele de praf H<\/li>\n\n\n\n<li>G4 \/ F8 \/ E11 pentru clasele de praf M p\u00e2n\u0103 la H<\/li>\n\n\n\n<li>G3 \/ F8 \/ E11 pentru clasele de praf M p\u00e2n\u0103 la H<\/li>\n\n\n\n<li>G4 \/ F8\/ C\u0103rbune activat pentru clase de praf L \u0219i tratarea mirosurilor<\/li>\n\n\n\n<li>G3 \/ F8\/ C\u0103rbune activat pentru clase de praf L \u0219i tratarea mirosurilor<\/li>\n\n\n\n<li>F7\/ H14 \/ c\u0103rbune activ pentru clasa de praf H \u0219i tratarea mirosurilor<\/li>\n\n\n\n<li>F7\/E11\/ c\u0103rbune activ pentru clase de praf de la M la H \u0219i tratarea mirosurilor.<\/li>\n\n\n\n<li>G4 \/ CA\/ CA Numai pentru tratarea mirosurilor.<\/li>\n<\/ul>\n\n\n\n<blockquote class=\"wp-block-quote is-layout-flow wp-block-quote-is-layout-flow\">\n<p>Majoritatea filtrelor noastre p\u00e2n\u0103 la EPA E11 sunt 100% poliester, nu con\u021bin coloran\u021bi, solven\u021bi sau lian\u021bi, astfel \u00eenc\u00e2t nu folosim fibre de sticl\u0103 care elibereaz\u0103 fibre cancerigene.<\/p>\n<\/blockquote>\n\n\n\n<h2 class=\"wp-block-heading\">Alte purificatoare de aer de la marca oberA<\/h2>\n\n\n\n<div class=\"wp-block-columns is-layout-flex wp-container-core-columns-is-layout-28f84493 wp-block-columns-is-layout-flex\">\n<div class=\"wp-block-column is-layout-flow wp-block-column-is-layout-flow\">\n<figure class=\"wp-block-image aligncenter size-medium\"><a href=\"https:\/\/obera.fr\/produits\/purificateurs-air\/filtower\/\"><img decoding=\"async\" width=\"300\" height=\"300\" src=\"https:\/\/obera.fr\/wp-content\/uploads\/2020\/09\/FILTOWER-SF-300x300.png\" alt=\"Filtower Sf\" class=\"wp-image-1017\" srcset=\"https:\/\/obera.fr\/wp-content\/uploads\/2020\/09\/FILTOWER-SF-300x300.png 300w, https:\/\/obera.fr\/wp-content\/uploads\/2020\/09\/FILTOWER-SF-150x150.png 150w, https:\/\/obera.fr\/wp-content\/uploads\/2020\/09\/FILTOWER-SF.png 600w\" sizes=\"(max-width: 300px) 100vw, 300px\" \/><\/a><figcaption class=\"wp-element-caption\">Filtower<\/figcaption><\/figure>\n<\/div>\n\n\n\n<div class=\"wp-block-column is-layout-flow wp-block-column-is-layout-flow\">\n<figure class=\"wp-block-image aligncenter size-medium\"><a href=\"https:\/\/obera.fr\/produits\/purificateurs-air\/industriel-epur\/\"><img decoding=\"async\" width=\"214\" height=\"300\" src=\"https:\/\/obera.fr\/wp-content\/uploads\/2020\/10\/ePUR100-214x300.png\" alt=\"Epur100\" class=\"wp-image-1210\" srcset=\"https:\/\/obera.fr\/wp-content\/uploads\/2020\/10\/ePUR100-214x300.png 214w, https:\/\/obera.fr\/wp-content\/uploads\/2020\/10\/ePUR100.png 400w\" sizes=\"(max-width: 214px) 100vw, 214px\" \/><\/a><figcaption class=\"wp-element-caption\">ePUR<\/figcaption><\/figure>\n<\/div>\n\n\n\n<div class=\"wp-block-column is-layout-flow wp-block-column-is-layout-flow\">\n<figure class=\"wp-block-image aligncenter size-medium\"><a href=\"https:\/\/obera.fr\/produits\/purificateurs-air\/poussieres-epur-b01-ecoprime\/\"><img decoding=\"async\" width=\"300\" height=\"300\" src=\"https:\/\/obera.fr\/wp-content\/uploads\/2020\/09\/epur-b01-ecoprime-300x300.jpg\" alt=\"Epur B01 Ecoprime\" class=\"wp-image-1008\" srcset=\"https:\/\/obera.fr\/wp-content\/uploads\/2020\/09\/epur-b01-ecoprime-300x300.jpg 300w, https:\/\/obera.fr\/wp-content\/uploads\/2020\/09\/epur-b01-ecoprime-150x150.jpg 150w, https:\/\/obera.fr\/wp-content\/uploads\/2020\/09\/epur-b01-ecoprime.jpg 433w\" sizes=\"(max-width: 300px) 100vw, 300px\" \/><\/a><figcaption class=\"wp-element-caption\">ePUR B01 Ecoprime<\/figcaption><\/figure>\n<\/div>\n<\/div>\n\n\n\n<p><\/p>\n","protected":false},"excerpt":{"rendered":"<p>Purificatoarele noastre de aer profesionale ePUR CA sunt unit\u0103\u021bi mobile de tratare a aerului cu c\u0103rbune activ care nu necesit\u0103 conducte sau asamblare. Cum func\u021bioneaz\u0103 purificatoarele noastre profesionale de aer? Func\u021bionarea este simpl\u0103: aerul poluat este aspirat prin partea superioar\u0103 a unit\u0103\u021bii. Ulterior, particulele solide \u0219i lichide sunt oprite de straturi succesive de filtre, iar poluan\u021bii gazo\u0219i de filtrul de c\u0103rbune activ. Purificatorul de aer purific\u0103 aerul dintr-un spa\u021biu de lucru for\u021b\u00e2ndu-l s\u0103 treac\u0103 prin diferite etape de filtrare. Purificatorul de aer aspir\u0103 o coloan\u0103 de aer u\u0219or mai cald de sus \u0219i o evacueaz\u0103 \u00eenapoi \u00een spa\u021biul de lucru &#8230; <\/p>\n<p class=\"read-more-container\"><a title=\"Purificator de aer profesional ePUR CA\" class=\"read-more button\" href=\"https:\/\/obera.fr\/ro\/produits\/purificateurs-air\/professionnel-epur-ca\/#more-45323\" aria-label=\"Cite\u0219te mai multe despre Purificator de aer profesional ePUR CA\">Lire la suite<\/a><\/p>\n","protected":false},"author":4,"featured_media":83748,"parent":37704,"menu_order":0,"comment_status":"closed","ping_status":"closed","template":"","meta":{"_acf_changed":false,"_seopress_robots_primary_cat":"","_seopress_titles_title":"ePUR CA purificator de aer profesional cu carbon activ","_seopress_titles_desc":"Purificatorul de aer profesional oberA ePUR CA este o unitate mobil\u0103 de tratare a aerului cu c\u0103rbune activ care nu necesit\u0103 conducte.","_seopress_robots_index":"","footnotes":""},"class_list":{"0":"post-45323","1":"page","2":"type-page","3":"status-publish","4":"has-post-thumbnail","6":"no-featured-image-padding","7":"resize-featured-image"},"acf":[],"_links":{"self":[{"href":"https:\/\/obera.fr\/ro\/wp-json\/wp\/v2\/pages\/45323","targetHints":{"allow":["GET"]}}],"collection":[{"href":"https:\/\/obera.fr\/ro\/wp-json\/wp\/v2\/pages"}],"about":[{"href":"https:\/\/obera.fr\/ro\/wp-json\/wp\/v2\/types\/page"}],"author":[{"embeddable":true,"href":"https:\/\/obera.fr\/ro\/wp-json\/wp\/v2\/users\/4"}],"replies":[{"embeddable":true,"href":"https:\/\/obera.fr\/ro\/wp-json\/wp\/v2\/comments?post=45323"}],"version-history":[{"count":11,"href":"https:\/\/obera.fr\/ro\/wp-json\/wp\/v2\/pages\/45323\/revisions"}],"predecessor-version":[{"id":88558,"href":"https:\/\/obera.fr\/ro\/wp-json\/wp\/v2\/pages\/45323\/revisions\/88558"}],"up":[{"embeddable":true,"href":"https:\/\/obera.fr\/ro\/wp-json\/wp\/v2\/pages\/37704"}],"wp:featuredmedia":[{"embeddable":true,"href":"https:\/\/obera.fr\/ro\/wp-json\/wp\/v2\/media\/83748"}],"wp:attachment":[{"href":"https:\/\/obera.fr\/ro\/wp-json\/wp\/v2\/media?parent=45323"}],"curies":[{"name":"wp","href":"https:\/\/api.w.org\/{rel}","templated":true}]}}