{"id":46832,"date":"2020-08-26T16:21:27","date_gmt":"2020-08-26T14:21:27","guid":{"rendered":"https:\/\/obera.fr\/descoperiti-obera\/sa-ne-intalnim\/"},"modified":"2025-06-20T15:51:57","modified_gmt":"2025-06-20T13:51:57","slug":"salons","status":"publish","type":"page","link":"https:\/\/obera.fr\/ro\/decouvrir\/salons\/","title":{"rendered":"S\u0103 ne \u00eent\u00e2lnim?"},"content":{"rendered":"\n<p>Mai jos, pute\u021bi vedea diferitele evenimente la care vom participa \u00een 2025.<\/p>\n\n<p>A\u0219tept\u0103m cu ner\u0103bdare s\u0103 v\u0103 cunoa\u0219tem.<\/p>\n\n<p><strong>OberA.<\/strong><\/p>\n\n<h2 class=\"wp-block-heading\" id=\"prochains-evenements\">Urm\u0103toarele evenimente din 2025<\/h2>\n\n<div class=\"wp-block-columns are-vertically-aligned-center is-layout-flex wp-container-core-columns-is-layout-28f84493 wp-block-columns-is-layout-flex\">\n<div class=\"wp-block-column is-vertically-aligned-center is-layout-flow wp-block-column-is-layout-flow\" style=\"flex-basis:33.33%\">\n<figure class=\"wp-block-image aligncenter size-full is-resized\"><img decoding=\"async\" width=\"287\" height=\"60\" src=\"https:\/\/obera.fr\/wp-content\/uploads\/2024\/12\/preventica.png\" alt=\"preventica obera\" class=\"wp-image-57169\" style=\"width:320px;height:auto\"\/><\/figure>\n<\/div>\n\n\n\n<div class=\"wp-block-column is-vertically-aligned-center is-layout-flow wp-block-column-is-layout-flow\" style=\"flex-basis:66.66%\">\n<h3 class=\"wp-block-heading has-text-align-left\" id=\"sitl-villepinte-2022\">Preventica Bordeaux<\/h3>\n\n\n\n<p>OberA va fi prezent\u0103 la standul H24 din centrul expozi\u021bional \u00een perioada <strong>14-16 octombrie 2025<\/strong>.<\/p>\n\n\n\n<p><\/p>\n<\/div>\n<\/div>\n\n<div style=\"height:34px\" aria-hidden=\"true\" class=\"wp-block-spacer\"><\/div>\n\n<h2 class=\"wp-block-heading\" id=\"evenements-passes\">Evenimente anterioare<\/h2>\n\n<h3 class=\"wp-block-heading\">Evenimentele noastre \u00een 2025<\/h3>\n\n<div class=\"wp-block-columns is-layout-flex wp-container-core-columns-is-layout-28f84493 wp-block-columns-is-layout-flex\">\n<div class=\"wp-block-column is-layout-flow wp-block-column-is-layout-flow\" style=\"flex-basis:33.33%\">\n<figure class=\"wp-block-image aligncenter size-full is-resized\"><img decoding=\"async\" width=\"287\" height=\"60\" src=\"https:\/\/obera.fr\/wp-content\/uploads\/2024\/12\/preventica.png\" alt=\"preventica obera\" class=\"wp-image-57169\" style=\"width:320px;height:auto\"\/><\/figure>\n<\/div>\n\n\n\n<div class=\"wp-block-column is-layout-flow wp-block-column-is-layout-flow\" style=\"flex-basis:66.66%\">\n<h3 class=\"wp-block-heading\" id=\"sitl-villepinte-2022\">Pr\u00e9ventica Paris<\/h3>\n\n\n\n<p>OberA va fi prezent la Preventica Paris la Porte de Versailles \u00een perioada <strong>10-12 iunie 2025<\/strong><\/p>\n\n\n\n<p><\/p>\n<\/div>\n<\/div>\n\n<div class=\"wp-block-columns are-vertically-aligned-center is-layout-flex wp-container-core-columns-is-layout-28f84493 wp-block-columns-is-layout-flex\">\n<div class=\"wp-block-column is-vertically-aligned-center is-layout-flow wp-block-column-is-layout-flow\" style=\"flex-basis:33.33%\">\n<figure class=\"wp-block-image aligncenter size-full is-resized\"><img decoding=\"async\" width=\"604\" height=\"162\" src=\"https:\/\/obera.fr\/wp-content\/uploads\/2024\/12\/sepem-douai-obera.png\" alt=\"sepem douai obera\" class=\"wp-image-57328\" style=\"width:320px;height:auto\" srcset=\"https:\/\/obera.fr\/wp-content\/uploads\/2024\/12\/sepem-douai-obera.png 604w, https:\/\/obera.fr\/wp-content\/uploads\/2024\/12\/sepem-douai-obera-300x80.png 300w, https:\/\/obera.fr\/wp-content\/uploads\/2024\/12\/sepem-douai-obera-600x162.png 600w\" sizes=\"(max-width: 604px) 100vw, 604px\" \/><\/figure>\n\n\n\n<p><\/p>\n<\/div>\n\n\n\n<div class=\"wp-block-column is-vertically-aligned-center is-layout-flow wp-block-column-is-layout-flow\" style=\"flex-basis:66.66%\">\n<h3 class=\"wp-block-heading\" id=\"sitl-villepinte-2022\">SEPEM Douai<\/h3>\n\n\n\n<p>OberA a participat la SEPEM 2025 din Douai \u00een perioada <strong>28-30 ianuarie 2025<\/strong>.<\/p>\n\n\n\n<p><\/p>\n<\/div>\n<\/div>\n\n<div class=\"wp-block-columns is-layout-flex wp-container-core-columns-is-layout-28f84493 wp-block-columns-is-layout-flex\">\n<div class=\"wp-block-column is-layout-flow wp-block-column-is-layout-flow\" style=\"flex-basis:33.33%\">\n<figure class=\"wp-block-image aligncenter size-large is-resized\"><img decoding=\"async\" width=\"1024\" height=\"279\" src=\"https:\/\/obera.fr\/wp-content\/uploads\/2024\/12\/jec-world-2025-obera-1024x279.jpg\" alt=\"jec world 2025 obera\" class=\"wp-image-57147\" style=\"width:344px;height:auto\" srcset=\"https:\/\/obera.fr\/wp-content\/uploads\/2024\/12\/jec-world-2025-obera-1024x279.jpg 1024w, https:\/\/obera.fr\/wp-content\/uploads\/2024\/12\/jec-world-2025-obera-300x82.jpg 300w, https:\/\/obera.fr\/wp-content\/uploads\/2024\/12\/jec-world-2025-obera-768x209.jpg 768w, https:\/\/obera.fr\/wp-content\/uploads\/2024\/12\/jec-world-2025-obera.jpg 1412w\" sizes=\"(max-width: 1024px) 100vw, 1024px\" \/><\/figure>\n<\/div>\n\n\n\n<div class=\"wp-block-column is-layout-flow wp-block-column-is-layout-flow\" style=\"flex-basis:66.66%\">\n<h3 class=\"wp-block-heading\" id=\"sitl-villepinte-2022\">Lumea JEC 2025<\/h3>\n\n\n\n<p>OberA a fost prezent la standul 6C73 de la Paris-Nord Villepinte \u00een perioada <strong>04 &#8211; 06 martie 2025<\/strong>.<\/p>\n<\/div>\n<\/div>\n\n<div style=\"height:34px\" aria-hidden=\"true\" class=\"wp-block-spacer\"><\/div>\n\n<h3 class=\"wp-block-heading\">Evenimentele noastre \u00een 2024<\/h3>\n\n<div class=\"wp-block-columns are-vertically-aligned-center is-layout-flex wp-container-core-columns-is-layout-28f84493 wp-block-columns-is-layout-flex\">\n<div class=\"wp-block-column is-vertically-aligned-center is-layout-flow wp-block-column-is-layout-flow\" style=\"flex-basis:33.33%\">\n<figure class=\"wp-block-image aligncenter size-full is-resized\"><img decoding=\"async\" width=\"341\" height=\"85\" src=\"https:\/\/obera.fr\/wp-content\/uploads\/2024\/09\/screenshot-2024-09-23-at-17-45-25-accueil-sepem-torino.png\" alt=\"SEPEM Torino 2024\" class=\"wp-image-35089\" style=\"width:320px;height:auto\" srcset=\"https:\/\/obera.fr\/wp-content\/uploads\/2024\/09\/screenshot-2024-09-23-at-17-45-25-accueil-sepem-torino.png 341w, https:\/\/obera.fr\/wp-content\/uploads\/2024\/09\/screenshot-2024-09-23-at-17-45-25-accueil-sepem-torino-300x75.png 300w\" sizes=\"(max-width: 341px) 100vw, 341px\" \/><\/figure>\n<\/div>\n\n\n\n<div class=\"wp-block-column is-vertically-aligned-center is-layout-flow wp-block-column-is-layout-flow\" style=\"flex-basis:66.66%\">\n<h3 class=\"wp-block-heading\" id=\"sitl-villepinte-2022\">SEPEM Torino 2024<\/h3>\n\n\n\n<p>OberA a fost prezent\u0103 la SEPEM Torino \u00eentre <strong>03 \u0219i 04 decembrie 2024<\/strong><\/p>\n\n\n\n<p><\/p>\n<\/div>\n<\/div>\n\n<div class=\"wp-block-columns are-vertically-aligned-center is-layout-flex wp-container-core-columns-is-layout-28f84493 wp-block-columns-is-layout-flex\">\n<div class=\"wp-block-column is-vertically-aligned-center is-layout-flow wp-block-column-is-layout-flow\" style=\"flex-basis:33.33%\">\n<figure class=\"wp-block-image aligncenter size-full is-resized\"><img decoding=\"async\" width=\"2048\" height=\"678\" src=\"https:\/\/obera.fr\/wp-content\/uploads\/2024\/09\/as_messe_logo_4c-2048x678-1.png\" alt=\"Arbeitsschutz Aktuell Stuttgart\" class=\"wp-image-34549\" style=\"width:320px;height:auto\" srcset=\"https:\/\/obera.fr\/wp-content\/uploads\/2024\/09\/as_messe_logo_4c-2048x678-1.png 2048w, https:\/\/obera.fr\/wp-content\/uploads\/2024\/09\/as_messe_logo_4c-2048x678-1-300x99.png 300w, https:\/\/obera.fr\/wp-content\/uploads\/2024\/09\/as_messe_logo_4c-2048x678-1-1024x339.png 1024w, https:\/\/obera.fr\/wp-content\/uploads\/2024\/09\/as_messe_logo_4c-2048x678-1-768x254.png 768w, https:\/\/obera.fr\/wp-content\/uploads\/2024\/09\/as_messe_logo_4c-2048x678-1-1536x509.png 1536w\" sizes=\"(max-width: 2048px) 100vw, 2048px\" \/><\/figure>\n<\/div>\n\n\n\n<div class=\"wp-block-column is-vertically-aligned-center is-layout-flow wp-block-column-is-layout-flow\" style=\"flex-basis:66.66%\">\n<h3 class=\"wp-block-heading\" id=\"sitl-villepinte-2022\">Arbeitsschutz Aktuell Stuttgart 2024<\/h3>\n\n\n\n<p>OberA a fost prezent\u0103 la <a href=\"https:\/\/arbeitsschutz-aktuell.hinte-messe.de\/\" target=\"_blank\" rel=\"noreferrer noopener\">Arbeitsschutz Aktuell<\/a> de la <strong>5 la 7 noiembrie 2024<\/strong><\/p>\n<\/div>\n<\/div>\n\n<div class=\"wp-block-columns are-vertically-aligned-center is-layout-flex wp-container-core-columns-is-layout-28f84493 wp-block-columns-is-layout-flex\">\n<div class=\"wp-block-column is-vertically-aligned-center is-layout-flow wp-block-column-is-layout-flow\" style=\"flex-basis:33.33%\">\n<figure class=\"wp-block-image aligncenter size-full is-resized\"><img decoding=\"async\" width=\"1200\" height=\"431\" src=\"https:\/\/obera.fr\/wp-content\/uploads\/2024\/06\/visuels-1200-x-630-px-3.jpg\" alt=\"Preventica Lyon 8 - 10 octombrie 2024\" class=\"wp-image-32422\" style=\"width:320px;height:auto\" srcset=\"https:\/\/obera.fr\/wp-content\/uploads\/2024\/06\/visuels-1200-x-630-px-3.jpg 1200w, https:\/\/obera.fr\/wp-content\/uploads\/2024\/06\/visuels-1200-x-630-px-3-300x108.jpg 300w, https:\/\/obera.fr\/wp-content\/uploads\/2024\/06\/visuels-1200-x-630-px-3-1024x368.jpg 1024w, https:\/\/obera.fr\/wp-content\/uploads\/2024\/06\/visuels-1200-x-630-px-3-768x276.jpg 768w\" sizes=\"(max-width: 1200px) 100vw, 1200px\" \/><\/figure>\n<\/div>\n\n\n\n<div class=\"wp-block-column is-vertically-aligned-center is-layout-flow wp-block-column-is-layout-flow\" style=\"flex-basis:66.66%\">\n<h3 class=\"wp-block-heading\" id=\"sitl-villepinte-2022\">Preventica Lyon 2024<\/h3>\n\n\n\n<p>OberA a fost prezent\u0103 la Salonul 5 al t\u00e2rgului <a href=\"https:\/\/www.preventica.com\/congres-salon-preventica-lyon-2024.php\">Preventica<\/a> de la Lyon din 8 p\u00e2n\u0103 \u00een 10 octombrie 2024<\/p>\n<\/div>\n<\/div>\n\n<div class=\"wp-block-columns are-vertically-aligned-center is-layout-flex wp-container-core-columns-is-layout-28f84493 wp-block-columns-is-layout-flex\">\n<div class=\"wp-block-column is-vertically-aligned-center is-layout-flow wp-block-column-is-layout-flow\" style=\"flex-basis:33.33%\">\n<figure class=\"wp-block-image aligncenter size-full is-resized\"><img decoding=\"async\" width=\"572\" height=\"240\" src=\"https:\/\/obera.fr\/wp-content\/uploads\/2024\/04\/25720.jpg\" alt=\"25720\" class=\"wp-image-29832\" style=\"width:320px;height:auto\" srcset=\"https:\/\/obera.fr\/wp-content\/uploads\/2024\/04\/25720.jpg 572w, https:\/\/obera.fr\/wp-content\/uploads\/2024\/04\/25720-300x126.jpg 300w\" sizes=\"(max-width: 572px) 100vw, 572px\" \/><\/figure>\n<\/div>\n\n\n\n<div class=\"wp-block-column is-vertically-aligned-center is-layout-flow wp-block-column-is-layout-flow\" style=\"flex-basis:66.66%\">\n<h3 class=\"wp-block-heading\" id=\"sitl-villepinte-2022\">Preventica Strasbourg 2024<\/h3>\n\n\n\n<p>OberA a fost prezent\u0103 la <a href=\"https:\/\/www.preventica.com\/congres-salon-preventica-strasbourg-2024.php\">Preventica din Strasbourg \u00een<\/a> perioada 18-20 iunie 2024.<\/p>\n<\/div>\n<\/div>\n\n<div style=\"height:25px\" aria-hidden=\"true\" class=\"wp-block-spacer\"><\/div>\n\n<div class=\"wp-block-columns are-vertically-aligned-center is-layout-flex wp-container-core-columns-is-layout-28f84493 wp-block-columns-is-layout-flex\">\n<div class=\"wp-block-column is-vertically-aligned-center is-layout-flow wp-block-column-is-layout-flow\" style=\"flex-basis:33.33%\">\n<figure class=\"wp-block-image aligncenter size-full\"><img decoding=\"async\" width=\"1107\" height=\"276\" src=\"https:\/\/obera.fr\/wp-content\/uploads\/2024\/04\/logo_sepem_est_blocdate_2024-hd_0.png\" alt=\"logo sepem est blocdate 2024 hd 0\" class=\"wp-image-29823\" srcset=\"https:\/\/obera.fr\/wp-content\/uploads\/2024\/04\/logo_sepem_est_blocdate_2024-hd_0.png 1107w, https:\/\/obera.fr\/wp-content\/uploads\/2024\/04\/logo_sepem_est_blocdate_2024-hd_0-300x75.png 300w, https:\/\/obera.fr\/wp-content\/uploads\/2024\/04\/logo_sepem_est_blocdate_2024-hd_0-1024x255.png 1024w, https:\/\/obera.fr\/wp-content\/uploads\/2024\/04\/logo_sepem_est_blocdate_2024-hd_0-768x191.png 768w\" sizes=\"(max-width: 1107px) 100vw, 1107px\" \/><\/figure>\n<\/div>\n\n\n\n<div class=\"wp-block-column is-vertically-aligned-center is-layout-flow wp-block-column-is-layout-flow\" style=\"flex-basis:66.66%\">\n<h3 class=\"wp-block-heading\" id=\"sitl-villepinte-2022\">SEPEM Colmar 2024<\/h3>\n\n\n\n<p>OberA a fost prezent\u0103 la SEPEM \u00een <strong>Colmar <\/strong>\u00een perioada 4-6 iunie 2024.<\/p>\n<\/div>\n<\/div>\n\n<div style=\"height:25px\" aria-hidden=\"true\" class=\"wp-block-spacer\"><\/div>\n\n<div class=\"wp-block-columns are-vertically-aligned-center is-layout-flex wp-container-core-columns-is-layout-28f84493 wp-block-columns-is-layout-flex\">\n<div class=\"wp-block-column is-vertically-aligned-center is-layout-flow wp-block-column-is-layout-flow\" style=\"flex-basis:33.33%\">\n<figure class=\"wp-block-image aligncenter size-full is-resized\"><img decoding=\"async\" width=\"642\" height=\"270\" src=\"https:\/\/obera.fr\/wp-content\/uploads\/2024\/04\/preventica-casablanca-2024.jpg\" alt=\"preventica casablanca 2024\" class=\"wp-image-29818\" style=\"width:381px;height:auto\" srcset=\"https:\/\/obera.fr\/wp-content\/uploads\/2024\/04\/preventica-casablanca-2024.jpg 642w, https:\/\/obera.fr\/wp-content\/uploads\/2024\/04\/preventica-casablanca-2024-300x126.jpg 300w\" sizes=\"(max-width: 642px) 100vw, 642px\" \/><\/figure>\n<\/div>\n\n\n\n<div class=\"wp-block-column is-vertically-aligned-center is-layout-flow wp-block-column-is-layout-flow\" style=\"flex-basis:66.66%\">\n<h3 class=\"wp-block-heading\" id=\"sitl-villepinte-2022\">Preventica Casablanca 2024<\/h3>\n\n\n\n<p>OberA a fost prezent la <a href=\"https:\/\/www.preventica.ma\/\">Preventica din <strong>Casablanca<\/strong><\/a> \u00eentre 21 \u0219i 23 mai 2024.<\/p>\n<\/div>\n<\/div>\n\n<div style=\"height:25px\" aria-hidden=\"true\" class=\"wp-block-spacer\"><\/div>\n\n<div class=\"wp-block-columns are-vertically-aligned-center is-layout-flex wp-container-core-columns-is-layout-28f84493 wp-block-columns-is-layout-flex\">\n<div class=\"wp-block-column is-vertically-aligned-center is-layout-flow wp-block-column-is-layout-flow\" style=\"flex-basis:33.33%\">\n<figure class=\"wp-block-image aligncenter size-full\"><img decoding=\"async\" width=\"240\" height=\"112\" src=\"https:\/\/obera.fr\/wp-content\/uploads\/2024\/02\/screenshot-2024-02-06-at-12-16-26-cfia-rennes-2024.png\" alt=\"captur&#x103; de ecran 2024 02 06 at 12 16 26 cfia rennes 2024\" class=\"wp-image-27856\"\/><\/figure>\n<\/div>\n\n\n\n<div class=\"wp-block-column is-vertically-aligned-center is-layout-flow wp-block-column-is-layout-flow\" style=\"flex-basis:66.66%\">\n<h3 class=\"wp-block-heading\" id=\"sitl-villepinte-2022\">CFIA 2024 \u00een Rennes  <\/h3>\n\n\n\n<p>OberA a fost prezent\u0103 la CFIA 2024 din <strong>Rennes<\/strong> \u00een perioada 12-14 martie 2024.<\/p>\n<\/div>\n<\/div>\n\n<div style=\"height:25px\" aria-hidden=\"true\" class=\"wp-block-spacer\"><\/div>\n\n<div class=\"wp-block-columns are-vertically-aligned-center is-layout-flex wp-container-core-columns-is-layout-28f84493 wp-block-columns-is-layout-flex\">\n<div class=\"wp-block-column is-vertically-aligned-center is-layout-flow wp-block-column-is-layout-flow\" style=\"flex-basis:33.33%\">\n<figure class=\"wp-block-image aligncenter size-medium\"><img decoding=\"async\" width=\"300\" height=\"161\" src=\"https:\/\/obera.fr\/wp-content\/uploads\/2024\/02\/jec-world-2024-300x161.jpeg\" alt=\"jec mondial 2024\" class=\"wp-image-27765\" srcset=\"https:\/\/obera.fr\/wp-content\/uploads\/2024\/02\/jec-world-2024-300x161.jpeg 300w, https:\/\/obera.fr\/wp-content\/uploads\/2024\/02\/jec-world-2024-1024x550.jpeg 1024w, https:\/\/obera.fr\/wp-content\/uploads\/2024\/02\/jec-world-2024-768x413.jpeg 768w, https:\/\/obera.fr\/wp-content\/uploads\/2024\/02\/jec-world-2024.jpeg 1172w\" sizes=\"(max-width: 300px) 100vw, 300px\" \/><\/figure>\n<\/div>\n\n\n\n<div class=\"wp-block-column is-vertically-aligned-center is-layout-flow wp-block-column-is-layout-flow\" style=\"flex-basis:66.66%\">\n<h3 class=\"wp-block-heading\" id=\"sitl-villepinte-2022\">Expozi\u021bia mondial\u0103 de materiale compozite JEC 2024<\/h3>\n\n\n\n<p>OberA a fost prezent\u0103 la <a href=\"https:\/\/www.jec-world.events\/\" data-type=\"link\" data-id=\"https:\/\/www.jec-world.events\/\">JEC Composites Show de<\/a> la Paris din 5 p\u00e2n\u0103 \u00een 7 martie 2024.<\/p>\n<\/div>\n<\/div>\n\n<div style=\"height:25px\" aria-hidden=\"true\" class=\"wp-block-spacer\"><\/div>\n\n<h3 class=\"wp-block-heading\">Evenimentele noastre \u00een 2023<\/h3>\n\n<div class=\"wp-block-columns is-layout-flex wp-container-core-columns-is-layout-28f84493 wp-block-columns-is-layout-flex\">\n<div class=\"wp-block-column is-layout-flow wp-block-column-is-layout-flow\" style=\"flex-basis:33.33%\">\n<figure class=\"wp-block-image aligncenter size-full is-resized\"><img decoding=\"async\" width=\"290\" height=\"174\" src=\"https:\/\/obera.fr\/wp-content\/uploads\/2022\/06\/Sans-titre-1.png\" alt=\"Lan&#x21B;ul european de aprovizionare Mulhouse 2023\" class=\"wp-image-13152\"\/><\/figure>\n<\/div>\n\n\n\n<div class=\"wp-block-column is-layout-flow wp-block-column-is-layout-flow\" style=\"flex-basis:66.66%\">\n<h3 class=\"wp-block-heading\" id=\"sepem-grenoble-2022\">euro SUPPLY CHAIN MULHOUSE 2023<\/h3>\n\n\n\n<p>OberA a fost prezent\u0103 la t\u00e2rgul Euro Supply Chain <strong>Mulhouse <\/strong>din 8 iunie 2023.  <\/p>\n<\/div>\n<\/div>\n\n<div style=\"height:25px\" aria-hidden=\"true\" class=\"wp-block-spacer\"><\/div>\n\n<div class=\"wp-block-columns is-layout-flex wp-container-core-columns-is-layout-28f84493 wp-block-columns-is-layout-flex\">\n<div class=\"wp-block-column is-vertically-aligned-center is-layout-flow wp-block-column-is-layout-flow\" style=\"flex-basis:33.33%\">\n<figure class=\"wp-block-image aligncenter size-medium is-resized\"><img decoding=\"async\" width=\"300\" height=\"75\" src=\"https:\/\/obera.fr\/wp-content\/uploads\/2022\/09\/Logo_SEPEM_Sud_Est_blocdate_2023_0-300x75.png\" alt=\"sepem sud est 2023 logo\" class=\"wp-image-14647\" srcset=\"https:\/\/obera.fr\/wp-content\/uploads\/2022\/09\/Logo_SEPEM_Sud_Est_blocdate_2023_0-300x75.png 300w, https:\/\/obera.fr\/wp-content\/uploads\/2022\/09\/Logo_SEPEM_Sud_Est_blocdate_2023_0.png 600w\" sizes=\"(max-width: 300px) 100vw, 300px\" \/><\/figure>\n<\/div>\n\n\n\n<div class=\"wp-block-column is-layout-flow wp-block-column-is-layout-flow\" style=\"flex-basis:66.66%\">\n<h3 class=\"wp-block-heading\" id=\"sepem-grenoble-2022\">SEPEM MARTIGUES 2023<\/h3>\n\n\n\n<p>OberA a fost la SEPEM <strong>Martigues<\/strong> de la 06 la 08 iunie 2023.<\/p>\n<\/div>\n<\/div>\n\n<div style=\"height:25px\" aria-hidden=\"true\" class=\"wp-block-spacer\"><\/div>\n\n<div class=\"wp-block-columns are-vertically-aligned-center is-layout-flex wp-container-core-columns-is-layout-28f84493 wp-block-columns-is-layout-flex\">\n<div class=\"wp-block-column is-vertically-aligned-center is-layout-flow wp-block-column-is-layout-flow\" style=\"flex-basis:33.33%\">\n<figure class=\"wp-block-image aligncenter size-medium is-resized\"><img decoding=\"async\" width=\"300\" height=\"78\" src=\"https:\/\/obera.fr\/wp-content\/uploads\/2022\/06\/logo-preventica-300x78.png\" alt=\"logo-ul preventica 2023\" class=\"wp-image-13130\" srcset=\"https:\/\/obera.fr\/wp-content\/uploads\/2022\/06\/logo-preventica-300x78.png 300w, https:\/\/obera.fr\/wp-content\/uploads\/2022\/06\/logo-preventica-1024x265.png 1024w, https:\/\/obera.fr\/wp-content\/uploads\/2022\/06\/logo-preventica-768x199.png 768w, https:\/\/obera.fr\/wp-content\/uploads\/2022\/06\/logo-preventica-1536x398.png 1536w, https:\/\/obera.fr\/wp-content\/uploads\/2022\/06\/logo-preventica.png 1843w\" sizes=\"(max-width: 300px) 100vw, 300px\" \/><\/figure>\n<\/div>\n\n\n\n<div class=\"wp-block-column is-vertically-aligned-center is-layout-flow wp-block-column-is-layout-flow\" style=\"flex-basis:66.66%\">\n<h3 class=\"wp-block-heading\" id=\"sitl-villepinte-2022\">PREVENTICA 2023<\/h3>\n\n\n\n<p>OberA a fost prezent\u0103 la t\u00e2rgul <a href=\"https:\/\/www.preventica.com\/congres-salon-preventica-paris-2023-infos-pratiques.php\">Pr\u00e9ventica <\/a>din <strong>Paris Portes de Versailles<\/strong> \u00een perioada 23-25 mai 2023.<\/p>\n<\/div>\n<\/div>\n\n<div style=\"height:25px\" aria-hidden=\"true\" class=\"wp-block-spacer\"><\/div>\n\n<div class=\"wp-block-columns are-vertically-aligned-center is-layout-flex wp-container-core-columns-is-layout-28f84493 wp-block-columns-is-layout-flex\">\n<div class=\"wp-block-column is-vertically-aligned-center is-layout-flow wp-block-column-is-layout-flow\" style=\"flex-basis:33.33%\">\n<figure class=\"wp-block-image aligncenter size-full\"><img decoding=\"async\" width=\"225\" height=\"56\" src=\"https:\/\/obera.fr\/wp-content\/uploads\/2022\/12\/07-10-mars-2023-2.png\" alt=\"JEC Composites arat&#x103; 2023\" class=\"wp-image-16887\"\/><\/figure>\n<\/div>\n\n\n\n<div class=\"wp-block-column is-vertically-aligned-center is-layout-flow wp-block-column-is-layout-flow\" style=\"flex-basis:66.66%\">\n<h3 class=\"wp-block-heading\" id=\"sitl-villepinte-2022\">Expozi\u021bia mondial\u0103 de materiale compozite JEC 2023<\/h3>\n\n\n\n<p>OberA a fost prezent\u0103 la JEC Composites Show din <strong>Paris Nord Villepinte<\/strong> \u00eentre 25 \u0219i 27 aprilie 2023.<\/p>\n<\/div>\n<\/div>\n\n<div style=\"height:25px\" aria-hidden=\"true\" class=\"wp-block-spacer\"><\/div>\n\n<div class=\"wp-block-columns are-vertically-aligned-center is-layout-flex wp-container-core-columns-is-layout-28f84493 wp-block-columns-is-layout-flex\">\n<div class=\"wp-block-column is-vertically-aligned-center is-layout-flow wp-block-column-is-layout-flow\" style=\"flex-basis:33.33%\">\n<figure class=\"wp-block-image aligncenter size-medium is-resized\"><img decoding=\"async\" width=\"300\" height=\"186\" src=\"https:\/\/obera.fr\/wp-content\/uploads\/2021\/09\/LogoSiTL-couleurs_v2-300x186.png\" alt=\"Logo SITL 2023\" class=\"wp-image-6989\" srcset=\"https:\/\/obera.fr\/wp-content\/uploads\/2021\/09\/LogoSiTL-couleurs_v2-300x186.png 300w, https:\/\/obera.fr\/wp-content\/uploads\/2021\/09\/LogoSiTL-couleurs_v2.png 592w\" sizes=\"(max-width: 300px) 100vw, 300px\" \/><\/figure>\n<\/div>\n\n\n\n<div class=\"wp-block-column is-vertically-aligned-center is-layout-flow wp-block-column-is-layout-flow\" style=\"flex-basis:66.66%\">\n<h3 class=\"wp-block-heading\" id=\"sitl-villepinte-2022\">SITL PORTE DE VERSAILLES 2023<\/h3>\n\n\n\n<p>OberA a fost prezent\u0103 la expozi\u021bia SITL din <strong>Paris Porte de Versailles<\/strong> \u00een perioada 28-30 martie 2023.<\/p>\n<\/div>\n<\/div>\n\n<div style=\"height:25px\" aria-hidden=\"true\" class=\"wp-block-spacer\"><\/div>\n\n<div class=\"wp-block-columns are-vertically-aligned-center is-layout-flex wp-container-core-columns-is-layout-28f84493 wp-block-columns-is-layout-flex\">\n<div class=\"wp-block-column is-vertically-aligned-center is-layout-flow wp-block-column-is-layout-flow\" style=\"flex-basis:33.33%\">\n<figure class=\"wp-block-image aligncenter size-full is-resized\"><img decoding=\"async\" width=\"225\" height=\"56\" src=\"https:\/\/obera.fr\/wp-content\/uploads\/2022\/11\/07-10-mars-2023.png\" alt=\"Industria global&#x103; Lyon 2023\" class=\"wp-image-16106\"\/><\/figure>\n<\/div>\n\n\n\n<div class=\"wp-block-column is-vertically-aligned-center is-layout-flow wp-block-column-is-layout-flow\" style=\"flex-basis:66.66%\">\n<h3 class=\"wp-block-heading\" id=\"sitl-villepinte-2022\">INDUSTRIA GLOBAL\u0102 2023<\/h3>\n\n\n\n<p>OberA a fost prezent\u0103 la expozi\u021bia <a href=\"https:\/\/www.preventica.com\/congres-salon-preventica-paris-2023-infos-pratiques.php\">Global Industrie <\/a>din<strong> Lyon <\/strong>Eurexpo<strong> <\/strong>\u00een perioada 07-10 martie 2023.<\/p>\n<\/div>\n<\/div>\n\n<div style=\"height:25px\" aria-hidden=\"true\" class=\"wp-block-spacer\"><\/div>\n\n<h3 class=\"wp-block-heading\">Evenimentele noastre \u00een 2022<\/h3>\n\n<div class=\"wp-block-columns is-layout-flex wp-container-core-columns-is-layout-28f84493 wp-block-columns-is-layout-flex\">\n<div class=\"wp-block-column is-vertically-aligned-center is-layout-flow wp-block-column-is-layout-flow\" style=\"flex-basis:33.33%\">\n<figure class=\"wp-block-image aligncenter size-full is-resized\"><img decoding=\"async\" width=\"225\" height=\"56\" src=\"https:\/\/obera.fr\/wp-content\/uploads\/2022\/11\/sans-titre-2022-11-23t083000.127.png\" alt=\"T&#xE2;rgul industrial SEPEM Grenoble\" class=\"wp-image-16099\"\/><\/figure>\n<\/div>\n\n\n\n<div class=\"wp-block-column is-layout-flow wp-block-column-is-layout-flow\" style=\"flex-basis:66.66%\">\n<h3 class=\"wp-block-heading\" id=\"sepem-grenoble-2022\">SEPEM GRENOBLE 2022<\/h3>\n\n\n\n<p>OberA a participat la expozi\u021bia industrial\u0103 SEPEM Grenoble \u00een perioada 22-24 noiembrie 2022.<\/p>\n<\/div>\n<\/div>\n\n<div style=\"height:25px\" aria-hidden=\"true\" class=\"wp-block-spacer\"><\/div>\n\n<div class=\"wp-block-columns is-layout-flex wp-container-core-columns-is-layout-28f84493 wp-block-columns-is-layout-flex\">\n<div class=\"wp-block-column is-vertically-aligned-top is-layout-flow wp-block-column-is-layout-flow\" style=\"flex-basis:33.3%\">\n<figure class=\"wp-block-image aligncenter size-full is-resized\"><img decoding=\"async\" width=\"350\" height=\"288\" src=\"https:\/\/obera.fr\/wp-content\/uploads\/2022\/10\/logo_ws_france_pms302_rgb-1.png\" alt=\"logo wordskills fran&#x21B;a  &#10;\" class=\"wp-image-15549\" style=\"width:177px;height:auto\" srcset=\"https:\/\/obera.fr\/wp-content\/uploads\/2022\/10\/logo_ws_france_pms302_rgb-1.png 350w, https:\/\/obera.fr\/wp-content\/uploads\/2022\/10\/logo_ws_france_pms302_rgb-1-300x247.png 300w\" sizes=\"(max-width: 350px) 100vw, 350px\" \/><\/figure>\n\n\n\n<div style=\"height:25px\" aria-hidden=\"true\" class=\"wp-block-spacer\"><\/div>\n<\/div>\n\n\n\n<div class=\"wp-block-column is-layout-flow wp-block-column-is-layout-flow\" style=\"flex-basis:66.7%\">\n<p><\/p>\n\n\n\n<h3 class=\"wp-block-heading\" id=\"sepem-colmar-2022\">Worldskills Fran\u021ba 2022<\/h3>\n\n\n\n<p>OberA a fost prezent\u0103 la evenimentul <a href=\"https:\/\/www.worldskills-france.org\/\">Worldskills<strong> Bordeaux<\/strong><\/a> din 19 p\u00e2n\u0103 \u00een 22 octombrie 2022.<\/p>\n<\/div>\n<\/div>\n\n<div class=\"wp-block-columns is-layout-flex wp-container-core-columns-is-layout-28f84493 wp-block-columns-is-layout-flex\">\n<div class=\"wp-block-column is-layout-flow wp-block-column-is-layout-flow\" style=\"flex-basis:33.33%\">\n<figure class=\"wp-block-image aligncenter size-full is-resized\"><img decoding=\"async\" width=\"1000\" height=\"275\" src=\"https:\/\/obera.fr\/wp-content\/uploads\/2023\/08\/logo_sepem_2022_1.jpg\" alt=\"logo sepem 2022 1\" class=\"wp-image-23857\" srcset=\"https:\/\/obera.fr\/wp-content\/uploads\/2023\/08\/logo_sepem_2022_1.jpg 1000w, https:\/\/obera.fr\/wp-content\/uploads\/2023\/08\/logo_sepem_2022_1-300x83.jpg 300w, https:\/\/obera.fr\/wp-content\/uploads\/2023\/08\/logo_sepem_2022_1-768x211.jpg 768w\" sizes=\"(max-width: 1000px) 100vw, 1000px\" \/><\/figure>\n\n\n\n<div style=\"height:25px\" aria-hidden=\"true\" class=\"wp-block-spacer\"><\/div>\n<\/div>\n\n\n\n<div class=\"wp-block-column is-layout-flow wp-block-column-is-layout-flow\" style=\"flex-basis:66.66%\">\n<h3 class=\"wp-block-heading\" id=\"sepem-colmar-2022\">SEPEM COLMAR 2022<\/h3>\n\n\n\n<p>OberA a fost prezent la SEPEM <strong>Colmar <\/strong>\u00een perioada 14-16 iunie 2022.<\/p>\n<\/div>\n<\/div>\n\n<div class=\"wp-block-columns are-vertically-aligned-center is-layout-flex wp-container-core-columns-is-layout-28f84493 wp-block-columns-is-layout-flex\">\n<div class=\"wp-block-column is-vertically-aligned-center is-layout-flow wp-block-column-is-layout-flow\" style=\"flex-basis:33.33%\">\n<figure class=\"wp-block-image aligncenter size-full is-resized\"><img decoding=\"async\" width=\"290\" height=\"174\" src=\"https:\/\/obera.fr\/wp-content\/uploads\/2022\/06\/Sans-titre-1.png\" alt=\"Lan&#x21B;ul european de aprovizionare Mulhouse 2022\" class=\"wp-image-13152\"\/><\/figure>\n<\/div>\n\n\n\n<div class=\"wp-block-column is-vertically-aligned-center is-layout-flow wp-block-column-is-layout-flow\" style=\"flex-basis:66.66%\">\n<h3 class=\"wp-block-heading\" id=\"sitl-villepinte-2022\">LAN\u021aUL EUROPEAN DE APROVIZIONARE MULHOUSE 2022<\/h3>\n\n\n\n<p>OberA a fost prezent\u0103 la t\u00e2rgul Euro Supply Chain din <strong>Mulhouse <\/strong>pe 2 iunie 2022.<\/p>\n<\/div>\n<\/div>\n\n<div style=\"height:25px\" aria-hidden=\"true\" class=\"wp-block-spacer\"><\/div>\n\n<div class=\"wp-block-columns are-vertically-aligned-center is-layout-flex wp-container-core-columns-is-layout-28f84493 wp-block-columns-is-layout-flex\">\n<div class=\"wp-block-column is-vertically-aligned-center is-layout-flow wp-block-column-is-layout-flow\" style=\"flex-basis:33.33%\">\n<figure class=\"wp-block-image aligncenter size-medium is-resized\"><img decoding=\"async\" width=\"300\" height=\"78\" src=\"https:\/\/obera.fr\/wp-content\/uploads\/2022\/06\/logo-preventica-300x78.png\" alt=\"logo-ul preventica 2022\" class=\"wp-image-13130\" srcset=\"https:\/\/obera.fr\/wp-content\/uploads\/2022\/06\/logo-preventica-300x78.png 300w, https:\/\/obera.fr\/wp-content\/uploads\/2022\/06\/logo-preventica-1024x265.png 1024w, https:\/\/obera.fr\/wp-content\/uploads\/2022\/06\/logo-preventica-768x199.png 768w, https:\/\/obera.fr\/wp-content\/uploads\/2022\/06\/logo-preventica-1536x398.png 1536w, https:\/\/obera.fr\/wp-content\/uploads\/2022\/06\/logo-preventica.png 1843w\" sizes=\"(max-width: 300px) 100vw, 300px\" \/><\/figure>\n<\/div>\n\n\n\n<div class=\"wp-block-column is-vertically-aligned-center is-layout-flow wp-block-column-is-layout-flow\" style=\"flex-basis:66.66%\">\n<h3 class=\"wp-block-heading\" id=\"sitl-villepinte-2022\">PREVENTICA 2022<\/h3>\n\n\n\n<p>OberA a fost prezent\u0103 la t\u00e2rgul <a href=\"https:\/\/www.preventica.com\/?gclid=CjwKCAjw7vuUBhBUEiwAEdu2pFGIhuTgp5sxe5VimwdNeQlANKIQJWpRUYiHN8m4bbNa0Qgn9UXt_hoCdCMQAvD_BwE\">Pr\u00e9ventica <\/a>din <strong>Nantes <\/strong>\u00een perioada 17-19 mai 2022.<\/p>\n<\/div>\n<\/div>\n\n<div style=\"height:25px\" aria-hidden=\"true\" class=\"wp-block-spacer\"><\/div>\n\n<div class=\"wp-block-columns are-vertically-aligned-center is-layout-flex wp-container-core-columns-is-layout-28f84493 wp-block-columns-is-layout-flex\">\n<div class=\"wp-block-column is-vertically-aligned-center is-layout-flow wp-block-column-is-layout-flow\" style=\"flex-basis:33.33%\">\n<figure class=\"wp-block-image aligncenter size-medium is-resized\"><img decoding=\"async\" width=\"300\" height=\"186\" src=\"https:\/\/obera.fr\/wp-content\/uploads\/2021\/09\/LogoSiTL-couleurs_v2-300x186.png\" alt=\"logo sitl 2022\" class=\"wp-image-6989\" srcset=\"https:\/\/obera.fr\/wp-content\/uploads\/2021\/09\/LogoSiTL-couleurs_v2-300x186.png 300w, https:\/\/obera.fr\/wp-content\/uploads\/2021\/09\/LogoSiTL-couleurs_v2.png 592w\" sizes=\"(max-width: 300px) 100vw, 300px\" \/><\/figure>\n<\/div>\n\n\n\n<div class=\"wp-block-column is-vertically-aligned-center is-layout-flow wp-block-column-is-layout-flow\" style=\"flex-basis:66.66%\">\n<h3 class=\"wp-block-heading\" id=\"sitl-villepinte-2022\">SITL VILLEPINTE 2022<\/h3>\n\n\n\n<p>OberA a fost prezent la <a href=\"https:\/\/sitl.portail-exposant.com\/\">SITL <\/a>din <strong>Paris Nord Villepinte<\/strong> \u00een perioada 5-8 aprilie 2022.<\/p>\n<\/div>\n<\/div>\n\n<div style=\"height:25px\" aria-hidden=\"true\" class=\"wp-block-spacer\"><\/div>\n\n<h3 class=\"wp-block-heading\">Evenimentele noastre \u00een 2021<\/h3>\n\n<div class=\"wp-block-columns are-vertically-aligned-center is-layout-flex wp-container-core-columns-is-layout-28f84493 wp-block-columns-is-layout-flex\">\n<div class=\"wp-block-column is-vertically-aligned-center is-layout-flow wp-block-column-is-layout-flow\" style=\"flex-basis:33.33%\">\n<figure class=\"wp-block-image aligncenter size-large\"><img decoding=\"async\" width=\"143\" height=\"123\" src=\"https:\/\/obera.fr\/wp-content\/uploads\/2020\/11\/be-4-mulhouse-2021.png\" alt=\"Be 4 Mulhouse 2021\" class=\"wp-image-1562\"\/><\/figure>\n\n\n\n<div style=\"height:25px\" aria-hidden=\"true\" class=\"wp-block-spacer\"><\/div>\n<\/div>\n\n\n\n<div class=\"wp-block-column is-vertically-aligned-center is-layout-flow wp-block-column-is-layout-flow\" style=\"flex-basis:66.66%\">\n<h3 class=\"wp-block-heading\" id=\"be-4-0-mulhouse\">BE 4.0 Mulhouse 2021<\/h3>\n\n\n\n<p>OberA a fost prezent\u0103 la t\u00e2rgul BE 4.0 din <strong>Mulhouse <\/strong>pe 30 noiembrie \u0219i<sup>1<\/sup> decembrie 2021.<\/p>\n<\/div>\n<\/div>\n\n<div class=\"wp-block-columns are-vertically-aligned-center is-layout-flex wp-container-core-columns-is-layout-28f84493 wp-block-columns-is-layout-flex\">\n<div class=\"wp-block-column is-vertically-aligned-center is-layout-flow wp-block-column-is-layout-flow\" style=\"flex-basis:33.33%\">\n<figure class=\"wp-block-image aligncenter size-medium is-resized\"><img decoding=\"async\" width=\"300\" height=\"186\" src=\"https:\/\/obera.fr\/wp-content\/uploads\/2021\/09\/LogoSiTL-couleurs_v2-300x186.png\" alt=\"logositl culori v2\" class=\"wp-image-6989\" srcset=\"https:\/\/obera.fr\/wp-content\/uploads\/2021\/09\/LogoSiTL-couleurs_v2-300x186.png 300w, https:\/\/obera.fr\/wp-content\/uploads\/2021\/09\/LogoSiTL-couleurs_v2.png 592w\" sizes=\"(max-width: 300px) 100vw, 300px\" \/><\/figure>\n<\/div>\n\n\n\n<div class=\"wp-block-column is-vertically-aligned-center is-layout-flow wp-block-column-is-layout-flow\" style=\"flex-basis:66.66%\">\n<h3 class=\"wp-block-heading\" id=\"sitl-villepinte-2021\">SITL VILLEPINTE 2021<\/h3>\n\n\n\n<p>OberA a fost prezent la SITL <strong>Paris Nord Villepinte<\/strong> \u00een perioada 13-15 septembrie 2021.<\/p>\n<\/div>\n<\/div>\n\n<div style=\"height:25px\" aria-hidden=\"true\" class=\"wp-block-spacer\"><\/div>\n\n<div class=\"wp-block-columns are-vertically-aligned-center is-layout-flex wp-container-core-columns-is-layout-28f84493 wp-block-columns-is-layout-flex\">\n<div class=\"wp-block-column is-vertically-aligned-center is-layout-flow wp-block-column-is-layout-flow\" style=\"flex-basis:33.33%\">\n<figure class=\"wp-block-image aligncenter size-full is-resized\"><img decoding=\"async\" width=\"400\" height=\"105\" src=\"https:\/\/obera.fr\/wp-content\/uploads\/2020\/11\/sepem-colmar-2021.png\" alt=\"Sepem Colmar 2021\" class=\"wp-image-1561\" style=\"width:381px;height:auto\" srcset=\"https:\/\/obera.fr\/wp-content\/uploads\/2020\/11\/sepem-colmar-2021.png 400w, https:\/\/obera.fr\/wp-content\/uploads\/2020\/11\/sepem-colmar-2021-300x79.png 300w\" sizes=\"(max-width: 400px) 100vw, 400px\" \/><\/figure>\n<\/div>\n\n\n\n<div class=\"wp-block-column is-vertically-aligned-center is-layout-flow wp-block-column-is-layout-flow\" style=\"flex-basis:66.66%\">\n<h3 class=\"wp-block-heading\" id=\"sepem-colmar\">SEPEM INDUSTRIES Colmar 2021<\/h3>\n\n\n\n<p>OberA a fost prezent la SEPEM Industries din <strong>Colmar<\/strong> \u00een perioada 15-21 iunie 2021.<\/p>\n<\/div>\n<\/div>\n\n<div style=\"height:25px\" aria-hidden=\"true\" class=\"wp-block-spacer\"><\/div>\n\n<h3 class=\"wp-block-heading\">Evenimentele noastre \u00een 2020<\/h3>\n\n<div class=\"wp-block-columns are-vertically-aligned-center is-layout-flex wp-container-core-columns-is-layout-28f84493 wp-block-columns-is-layout-flex\">\n<div class=\"wp-block-column is-vertically-aligned-center is-layout-flow wp-block-column-is-layout-flow\" style=\"flex-basis:33.33%\">\n<figure class=\"wp-block-image aligncenter size-full is-resized\"><img decoding=\"async\" width=\"300\" height=\"78\" src=\"https:\/\/obera.fr\/wp-content\/uploads\/2020\/10\/sepem_grenoble_2020.png\" alt=\"Sepem Grenoble 2020\" class=\"wp-image-1194\"\/><\/figure>\n<\/div>\n\n\n\n<div class=\"wp-block-column is-vertically-aligned-center is-layout-flow wp-block-column-is-layout-flow\" style=\"flex-basis:66.66%\">\n<h3 class=\"wp-block-heading\" id=\"salon-sepem-industries-grenoble-2020\">SEPEM Industries Grenoble 2020<\/h3>\n\n\n\n<p>OberA a fost prezent la SEPEM Industries din <strong>Grenoble<\/strong> \u00een zilele de 11, 12 \u0219i 13 februarie 2020.<\/p>\n<\/div>\n<\/div>\n\n<div style=\"height:25px\" aria-hidden=\"true\" class=\"wp-block-spacer\"><\/div>\n\n<h3 class=\"wp-block-heading\">Evenimentele noastre \u00een 2019<\/h3>\n\n<div class=\"wp-block-group is-layout-flow wp-block-group-is-layout-flow\">\n<div class=\"wp-block-columns are-vertically-aligned-center is-layout-flex wp-container-core-columns-is-layout-28f84493 wp-block-columns-is-layout-flex\">\n<div class=\"wp-block-column is-vertically-aligned-center is-layout-flow wp-block-column-is-layout-flow\" style=\"flex-basis:33.33%\">\n<figure class=\"wp-block-image alignleft size-full is-resized\"><img decoding=\"async\" width=\"300\" height=\"186\" src=\"https:\/\/obera.fr\/wp-content\/uploads\/2020\/10\/euromanut_2019.jpg\" alt=\"Euromanut 2019\" class=\"wp-image-1193\"\/><\/figure>\n<\/div>\n\n\n\n<div class=\"wp-block-column is-vertically-aligned-center is-layout-flow wp-block-column-is-layout-flow\" style=\"flex-basis:66.66%\">\n<h3 class=\"wp-block-heading\" id=\"salon-europack-euromanut-cfia-2019\">Europack Euromanut CFIA 2019<\/h3>\n\n\n\n<p>OberA a fost prezent\u0103 la expozi\u021bia <a href=\"https:\/\/www.prodandpack.com\/\">Europack Euromanut CFIA<\/a> din <strong>LYON<\/strong> pe 19, 20 \u0219i 21 noiembrie 2019.<\/p>\n<\/div>\n<\/div>\n<\/div>\n\n<div style=\"height:25px\" aria-hidden=\"true\" class=\"wp-block-spacer\"><\/div>\n\n<h3 class=\"wp-block-heading\">Evenimentele noastre \u00een 2018<\/h3>\n\n<div class=\"wp-block-group is-layout-flow wp-block-group-is-layout-flow\">\n<div class=\"wp-block-columns are-vertically-aligned-center is-layout-flex wp-container-core-columns-is-layout-28f84493 wp-block-columns-is-layout-flex\">\n<div class=\"wp-block-column is-vertically-aligned-center is-layout-flow wp-block-column-is-layout-flow\" style=\"flex-basis:33.33%\">\n<figure class=\"wp-block-image alignleft size-full is-resized\"><img decoding=\"async\" width=\"400\" height=\"250\" src=\"https:\/\/obera.fr\/wp-content\/uploads\/2020\/10\/pollutech-2018.png\" alt=\"Pollutech 2018\" class=\"wp-image-1192\" srcset=\"https:\/\/obera.fr\/wp-content\/uploads\/2020\/10\/pollutech-2018.png 400w, https:\/\/obera.fr\/wp-content\/uploads\/2020\/10\/pollutech-2018-300x188.png 300w\" sizes=\"(max-width: 400px) 100vw, 400px\" \/><\/figure>\n\n\n\n<div style=\"height:34px\" aria-hidden=\"true\" class=\"wp-block-spacer\"><\/div>\n<\/div>\n\n\n\n<div class=\"wp-block-column is-vertically-aligned-center is-layout-flow wp-block-column-is-layout-flow\" style=\"flex-basis:66.66%\">\n<h3 class=\"wp-block-heading\" id=\"pollutec-lyon-2018\">POLUTEC LYON 2018<\/h3>\n\n\n\n<p>OberA a fost prezent\u0103 la POLLUTEC din <strong>Lyon <\/strong>\u00eentre 27 \u0219i 30 noiembrie 2018<\/p>\n\n\n\n<div style=\"height:33px\" aria-hidden=\"true\" class=\"wp-block-spacer\"><\/div>\n<\/div>\n<\/div>\n<\/div>\n\n<div class=\"wp-block-group is-layout-flow wp-block-group-is-layout-flow\">\n<div class=\"wp-block-columns are-vertically-aligned-center is-layout-flex wp-container-core-columns-is-layout-28f84493 wp-block-columns-is-layout-flex\">\n<div class=\"wp-block-column is-vertically-aligned-center is-layout-flow wp-block-column-is-layout-flow\" style=\"flex-basis:33.33%\">\n<figure class=\"wp-block-image size-large is-resized\"><img decoding=\"async\" width=\"400\" height=\"250\" src=\"https:\/\/obera.fr\/wp-content\/uploads\/2020\/10\/Vrac-Tech-2018.png\" alt=\"Bulk Tech 2018\" class=\"wp-image-1191\" style=\"width:381px;height:auto\" srcset=\"https:\/\/obera.fr\/wp-content\/uploads\/2020\/10\/Vrac-Tech-2018.png 400w, https:\/\/obera.fr\/wp-content\/uploads\/2020\/10\/Vrac-Tech-2018-300x188.png 300w\" sizes=\"(max-width: 400px) 100vw, 400px\" \/><\/figure>\n<\/div>\n\n\n\n<div class=\"wp-block-column is-vertically-aligned-center is-layout-flow wp-block-column-is-layout-flow\" style=\"flex-basis:66.66%\">\n<h3 class=\"wp-block-heading\" id=\"vractech-bulktech-2018\">VRACTECH BULKTECH 2018<\/h3>\n\n\n\n<p>OberA a fost prezent\u0103 la expozi\u021bia VRACTECH BULKTECH din <strong>M\u00c2CON<\/strong>, \u00een perioada 16-18 octombrie 2018.<\/p>\n<\/div>\n<\/div>\n\n\n\n<hr class=\"wp-block-separator has-css-opacity\"\/>\n<\/div>\n","protected":false},"excerpt":{"rendered":"<p>Mai jos, pute\u021bi vedea diferitele evenimente la care vom participa \u00een 2025. A\u0219tept\u0103m cu ner\u0103bdare s\u0103 v\u0103 cunoa\u0219tem. OberA. Urm\u0103toarele evenimente din 2025 Preventica Bordeaux OberA va fi prezent\u0103 la standul H24 din centrul expozi\u021bional \u00een perioada 14-16 octombrie 2025. Evenimente anterioare Evenimentele noastre \u00een 2025 Pr\u00e9ventica Paris OberA va fi prezent la Preventica Paris la Porte de Versailles \u00een perioada 10-12 iunie 2025 SEPEM Douai OberA a participat la SEPEM 2025 din Douai \u00een perioada 28-30 ianuarie 2025. Lumea JEC 2025 OberA a fost prezent la standul 6C73 de la Paris-Nord Villepinte \u00een perioada 04 &#8211; 06 martie 2025. &#8230; <\/p>\n<p class=\"read-more-container\"><a title=\"S\u0103 ne \u00eent\u00e2lnim?\" class=\"read-more button\" href=\"https:\/\/obera.fr\/ro\/decouvrir\/salons\/#more-46832\" aria-label=\"Cite\u0219te mai multe despre S\u0103 ne \u00eent\u00e2lnim?\">Lire la suite<\/a><\/p>\n","protected":false},"author":4,"featured_media":83748,"parent":42565,"menu_order":0,"comment_status":"closed","ping_status":"closed","template":"","meta":{"_acf_changed":false,"_seopress_robots_primary_cat":"","_seopress_titles_title":"oberA: prezen\u021ba noastr\u0103 la t\u00e2rgurile industriale din 2018","_seopress_titles_desc":"Evenimente trecute \u0219i viitoare. Prezen\u021ba noastr\u0103 la viitoarele t\u00e2rguri industriale din Fran\u021ba. Aceast\u0103 pagin\u0103 poate fi actualizat\u0103 periodic.  ","_seopress_robots_index":"","footnotes":""},"class_list":{"0":"post-46832","1":"page","2":"type-page","3":"status-publish","4":"has-post-thumbnail","6":"no-featured-image-padding","7":"resize-featured-image"},"acf":[],"_links":{"self":[{"href":"https:\/\/obera.fr\/ro\/wp-json\/wp\/v2\/pages\/46832","targetHints":{"allow":["GET"]}}],"collection":[{"href":"https:\/\/obera.fr\/ro\/wp-json\/wp\/v2\/pages"}],"about":[{"href":"https:\/\/obera.fr\/ro\/wp-json\/wp\/v2\/types\/page"}],"author":[{"embeddable":true,"href":"https:\/\/obera.fr\/ro\/wp-json\/wp\/v2\/users\/4"}],"replies":[{"embeddable":true,"href":"https:\/\/obera.fr\/ro\/wp-json\/wp\/v2\/comments?post=46832"}],"version-history":[{"count":10,"href":"https:\/\/obera.fr\/ro\/wp-json\/wp\/v2\/pages\/46832\/revisions"}],"predecessor-version":[{"id":114417,"href":"https:\/\/obera.fr\/ro\/wp-json\/wp\/v2\/pages\/46832\/revisions\/114417"}],"up":[{"embeddable":true,"href":"https:\/\/obera.fr\/ro\/wp-json\/wp\/v2\/pages\/42565"}],"wp:featuredmedia":[{"embeddable":true,"href":"https:\/\/obera.fr\/ro\/wp-json\/wp\/v2\/media\/83748"}],"wp:attachment":[{"href":"https:\/\/obera.fr\/ro\/wp-json\/wp\/v2\/media?parent=46832"}],"curies":[{"name":"wp","href":"https:\/\/api.w.org\/{rel}","templated":true}]}}