{"id":47207,"date":"2021-09-17T09:11:07","date_gmt":"2021-09-17T07:11:07","guid":{"rendered":"https:\/\/obera.fr\/senzor-co2-obcare\/"},"modified":"2025-06-03T15:03:08","modified_gmt":"2025-06-03T13:03:08","slug":"capteur-co2-obcare","status":"publish","type":"page","link":"https:\/\/obera.fr\/ro\/produits\/analyseurs-air\/capteur-co2-obcare\/","title":{"rendered":"Senzor CO2 OBCARE"},"content":{"rendered":"\n<h2 class=\"wp-block-heading\">M\u0103surarea calit\u0103\u021bii aerului cu ajutorul semafoarelor<\/h2>\n\n\n\n<div class=\"wp-block-columns is-layout-flex wp-container-core-columns-is-layout-28f84493 wp-block-columns-is-layout-flex\">\n<div class=\"wp-block-column is-layout-flow wp-block-column-is-layout-flow\" style=\"flex-basis:33.33%\">\n<figure class=\"wp-block-image aligncenter size-full is-resized\"><img decoding=\"async\" width=\"300\" height=\"212\" src=\"https:\/\/obera.fr\/wp-content\/uploads\/2021\/11\/Capteur_CO2_OBCARE.png\" alt=\"senzor co2 obcare\" class=\"wp-image-7611\" style=\"width:300px;height:212px\"\/><figcaption class=\"wp-element-caption\">OBCARE<\/figcaption><\/figure>\n<\/div>\n\n\n\n<div class=\"wp-block-column is-vertically-aligned-center is-layout-flow wp-block-column-is-layout-flow\" style=\"flex-basis:66.66%\">\n<p>Senzorul de CO2 <strong>OBCARE <\/strong>monitorizeaz\u0103 \u00een timp real calitatea aerului \u00een spa\u021bii \u00eenchise. Afi\u0219ajul s\u0103u multicolor cu lumini de avertizare ofer\u0103 o imagine de ansamblu imediat\u0103 a calit\u0103\u021bii aerului \u0219i afi\u0219eaz\u0103 <strong>concentra\u021bia de CO2 \u00een ppm<\/strong>. Aceste lumini ofer\u0103 indicii vizuale clare \u0219i avertizeaz\u0103 utilizatorii cu privire la m\u0103surile pe care trebuie s\u0103 le ia: <strong>purificarea aerului <\/strong>prin instalarea de unit\u0103\u021bi mobile de purificare a aerului \u0219i\/sau <strong>ventilarea natural\u0103<\/strong>.  <\/p>\n\n\n\n<div class=\"wp-block-columns is-layout-flex wp-container-core-columns-is-layout-28f84493 wp-block-columns-is-layout-flex\">\n<div class=\"wp-block-column is-layout-flow wp-block-column-is-layout-flow\" style=\"flex-basis:33.34%\">\n<div class=\"wp-block-buttons is-content-justification-center is-layout-flex wp-container-core-buttons-is-layout-a89b3969 wp-block-buttons-is-layout-flex\">\n<div class=\"wp-block-button\"><a class=\"wp-block-button__link wp-element-button\" href=\"https:\/\/obera.fr\/wp-content\/uploads\/2025\/06\/en-brochure-obcare.pdf\">Desc\u0103rca\u021bi bro\u0219ura<\/a><\/div>\n<\/div>\n<\/div>\n\n\n\n<div class=\"wp-block-column is-layout-flow wp-block-column-is-layout-flow\" style=\"flex-basis:33.34%\">\n<div class=\"wp-block-buttons is-horizontal is-content-justification-center is-layout-flex wp-container-core-buttons-is-layout-03627597 wp-block-buttons-is-layout-flex\">\n<div class=\"wp-block-button\"><a class=\"wp-block-button__link wp-element-button\" href=\"https:\/\/boutique.obera.fr\/52-acheter-capteur-co2-obcare.html\" target=\"_blank\" rel=\"noreferrer noopener\">Cump\u0103ra\u021bi senzorul de CO2 OBCARE  <\/a><\/div>\n<\/div>\n<\/div>\n\n\n\n<div class=\"wp-block-column is-layout-flow wp-block-column-is-layout-flow\" style=\"flex-basis:33.33%\">\n<div class=\"wp-block-buttons is-content-justification-center is-layout-flex wp-container-core-buttons-is-layout-a89b3969 wp-block-buttons-is-layout-flex\">\n<div class=\"wp-block-button btn-devis-source\"><a class=\"wp-block-button__link wp-element-button\" href=\"https:\/\/obera.fr\/ro\/devis\/\">Solicita\u021bi o ofert\u0103<\/a><\/div>\n<\/div>\n\n\n<script>\r\ndocument.addEventListener('DOMContentLoaded', function() {\r\n    \/\/ 1. On cherche le titre H1 de la page\r\n    var h1 = document.querySelector('h1');\r\n    var productTitle = h1 ? h1.innerText.trim() : \"\";\r\n\r\n    \/\/ 2. On cherche les boutons via la classe CSS .btn-devis-source\r\n    var buttons = document.querySelectorAll('.btn-devis-source a');\r\n\r\n    \/\/ 3. Si on a le titre et les boutons, on ajoute le param\u00e8tre\r\n    if (buttons.length > 0 && productTitle !== \"\") {\r\n        var encodedTitle = encodeURIComponent(productTitle);\r\n\r\n        buttons.forEach(function(btn) {\r\n            var currentHref = btn.getAttribute('href');\r\n            \r\n            \/\/ S\u00e9curit\u00e9 pour ne pas ajouter le param\u00e8tre 2 fois\r\n            if (currentHref.indexOf('sujet=') === -1) {\r\n                var separator = currentHref.indexOf('?') !== -1 ? '&' : '?';\r\n                var newLink = currentHref + separator + 'sujet=' + encodedTitle;\r\n                \r\n                btn.setAttribute('href', newLink);\r\n            }\r\n        });\r\n    }\r\n});\r\n<\/script><\/div>\n<\/div>\n<\/div>\n<\/div>\n\n\n\n<h2 class=\"wp-block-heading\">Avantajele OBCARE<\/h2>\n\n\n\n<div class=\"wp-block-columns is-layout-flex wp-container-core-columns-is-layout-28f84493 wp-block-columns-is-layout-flex\">\n<div class=\"wp-block-column is-layout-flow wp-block-column-is-layout-flow\">\n<h3 class=\"wp-block-heading has-text-align-left\">CaPter CO2<\/h3>\n\n\n\n<p>Senzorul de CO2 <strong>OBCARE <\/strong>m\u0103soar\u0103 calitatea aerului \u00een mod continuu. Informa\u021biile afi\u0219ate \u00een ppm sunt furnizate \u00een timp real. Dispozitivul este u\u0219or de configurat \u0219i de deplasat.    <\/p>\n<\/div>\n\n\n\n<div class=\"wp-block-column is-layout-flow wp-block-column-is-layout-flow\">\n<h3 class=\"wp-block-heading has-text-align-left\">EXEMPLE DE INDUSTRII<\/h3>\n\n\n\n<ul class=\"wp-block-list\">\n<li>ERP<\/li>\n\n\n\n<li>Birouri<\/li>\n\n\n\n<li>S\u0103li de sport  <\/li>\n\n\n\n<li>S\u0103li de a\u0219teptare<\/li>\n\n\n\n<li>\u0219coli<\/li>\n\n\n\n<li>Spa\u021bii deschise<\/li>\n\n\n\n<li>Stocuri<\/li>\n<\/ul>\n<\/div>\n<\/div>\n\n\n\n<h2 class=\"wp-block-heading\">Tipuri de asamblare<\/h2>\n\n\n\n<p>Instrumentul de m\u0103surare a calit\u0103\u021bii aerului poate fi montat pe o mas\u0103 sau pe perete. Suportul s\u0103u din o\u021bel inoxidabil<strong>(disponibil op\u021bional<\/strong>) \u00eei permite s\u0103 fie pozi\u021bionat optim \u00een \u00eenc\u0103pere. O bun\u0103 pozi\u021bionare este esen\u021bial\u0103 \u0219i va avea un impact asupra reprezentativit\u0103\u021bii m\u0103sur\u0103torilor. \u00cen special, evita\u021bi amplasarea senzorilor pe ferestre sau \u00een imediata apropiere.   <\/p>\n\n\n\n<blockquote class=\"wp-block-quote is-layout-flow wp-block-quote-is-layout-flow\">\n<p>V\u0103 recomand\u0103m <strong>s\u0103 instala\u021bi un senzor de CO2 pentru fiecare spa\u021biu de 40 m\u00b2<\/strong>.<\/p>\n<\/blockquote>\n\n\n\n<div class=\"wp-block-buttons is-horizontal is-content-justification-center is-layout-flex wp-container-core-buttons-is-layout-03627597 wp-block-buttons-is-layout-flex\">\n<div class=\"wp-block-button has-custom-width wp-block-button__width-100\"><a class=\"wp-block-button__link wp-element-button\" href=\"https:\/\/obera.fr\/ro\/contactati-ne\/\">Afl\u0103 mai multe<\/a><\/div>\n<\/div>\n\n\n\n<h2 class=\"wp-block-heading\">Specifica\u021bii tehnice<\/h2>\n\n\n\n<figure class=\"wp-block-table\"><table class=\"has-fixed-layout\"><tbody><tr><td>Senzor de CO2<\/td><td>Tehnologie NDIR (senzor infraro\u0219u nedispersiv) cu autocalibrare<br>Interval de m\u0103surare: 0 la 5000 ppm (+- 60ppm)<\/td><\/tr><tr><td>Senzor de umiditate \u0219i temperatur\u0103<\/td><td>Op\u021bional<\/td><\/tr><tr><td>Afi\u0219aj semafor verde\/galben\/ro\u0219u<\/td><td>Verde: &lt; 800 ppm<br>Galben: 800 &#8211; 2000 ppm<br>Ro\u0219u &gt; 2000 ppm<\/td><\/tr><tr><td>Alarm\u0103 sonor\u0103<\/td><td>Op\u021biune<br>Alarma sun\u0103 la fiecare minut atunci c\u00e2nd pragul este dep\u0103\u0219it.<\/td><\/tr><tr><td>Cablu de alimentare<\/td><td>Surs\u0103 de alimentare de 12V cu conector UE inclus (lungime: 1,5 metri)<\/td><\/tr><tr><td>Surs\u0103 de alimentare<\/td><td>12V &#8211; 34V AC\/DC<\/td><\/tr><tr><td>Consumul de energie<\/td><td>40 &#8211; 80 mA<\/td><\/tr><tr><td>Cantit\u0103\u021bi fizice m\u0103surate<\/td><td>CO2 \u00een ppm<\/td><\/tr><tr><td>Cutie<\/td><td>Carcas\u0103 ABS, alb RAL 9010<br>Orificii pentru montare pe perete<br>Dimensiuni 87.5 x 87.5 x 30mm<\/td><\/tr><tr><td>Suport pentru montare pe birou<\/td><td>Suport de afi\u0219are op\u021bional<br>Baz\u0103 din o\u021bel inoxidabil<\/td><\/tr><tr><td>Clasa de protec\u021bie<\/td><td>IP30<\/td><\/tr><\/tbody><\/table><\/figure>\n\n\n\n<div style=\"height:25px\" aria-hidden=\"true\" class=\"wp-block-spacer\"><\/div>\n\n\n\n<h2 class=\"wp-block-heading\">Alte analizoare de aer OberA<\/h2>\n\n\n\n<div class=\"wp-block-columns is-layout-flex wp-container-core-columns-is-layout-28f84493 wp-block-columns-is-layout-flex\">\n<div class=\"wp-block-column is-layout-flow wp-block-column-is-layout-flow\">\n<figure class=\"wp-block-image aligncenter size-thumbnail is-resized\"><a href=\"https:\/\/obera.fr\/produits\/analyseurs-air\/compteur-particules\/\"><img decoding=\"async\" width=\"150\" height=\"150\" src=\"https:\/\/obera.fr\/wp-content\/uploads\/2020\/08\/compteur-de-particules-150x150.png\" alt=\"Contor de particule Trotec PC220 - Contor de particule\" class=\"wp-image-714\" style=\"width:150px;height:150px\" srcset=\"https:\/\/obera.fr\/wp-content\/uploads\/2020\/08\/compteur-de-particules-150x150.png 150w, https:\/\/obera.fr\/wp-content\/uploads\/2020\/08\/compteur-de-particules-300x300.png 300w, https:\/\/obera.fr\/wp-content\/uploads\/2020\/08\/compteur-de-particules.png 433w\" sizes=\"(max-width: 150px) 100vw, 150px\" \/><\/a><figcaption class=\"wp-element-caption\">Contor de particule<\/figcaption><\/figure>\n<\/div>\n<\/div>\n","protected":false},"excerpt":{"rendered":"<p>M\u0103surarea calit\u0103\u021bii aerului cu ajutorul semafoarelor Senzorul de CO2 OBCARE monitorizeaz\u0103 \u00een timp real calitatea aerului \u00een spa\u021bii \u00eenchise. Afi\u0219ajul s\u0103u multicolor cu lumini de avertizare ofer\u0103 o imagine de ansamblu imediat\u0103 a calit\u0103\u021bii aerului \u0219i afi\u0219eaz\u0103 concentra\u021bia de CO2 \u00een ppm. Aceste lumini ofer\u0103 indicii vizuale clare \u0219i avertizeaz\u0103 utilizatorii cu privire la m\u0103surile pe care trebuie s\u0103 le ia: purificarea aerului prin instalarea de unit\u0103\u021bi mobile de purificare a aerului \u0219i\/sau ventilarea natural\u0103. Avantajele OBCARE CaPter CO2 Senzorul de CO2 OBCARE m\u0103soar\u0103 calitatea aerului \u00een mod continuu. Informa\u021biile afi\u0219ate \u00een ppm sunt furnizate \u00een timp real. Dispozitivul este &#8230; <\/p>\n<p class=\"read-more-container\"><a title=\"Senzor CO2 OBCARE\" class=\"read-more button\" href=\"https:\/\/obera.fr\/ro\/produits\/analyseurs-air\/capteur-co2-obcare\/#more-47207\" aria-label=\"Cite\u0219te mai multe despre Senzor CO2 OBCARE\">Lire la suite<\/a><\/p>\n","protected":false},"author":4,"featured_media":83748,"parent":48371,"menu_order":0,"comment_status":"closed","ping_status":"closed","template":"","meta":{"_acf_changed":false,"_seopress_robots_primary_cat":"","_seopress_titles_title":"Senzor CO2 OBCARE pentru m\u0103surarea calit\u0103\u021bii aerului","_seopress_titles_desc":"Descoperi\u021bi senzorul nostru de CO2, ideal pentru completarea unui tratament covid-19. Indic\u0103 nivelurile de CO2 \u00een ppm \u0219i ofer\u0103 informa\u021bii \u00een timp real privind calitatea aerului.","_seopress_robots_index":"","footnotes":""},"class_list":{"0":"post-47207","1":"page","2":"type-page","3":"status-publish","4":"has-post-thumbnail","6":"no-featured-image-padding","7":"resize-featured-image"},"acf":[],"_links":{"self":[{"href":"https:\/\/obera.fr\/ro\/wp-json\/wp\/v2\/pages\/47207","targetHints":{"allow":["GET"]}}],"collection":[{"href":"https:\/\/obera.fr\/ro\/wp-json\/wp\/v2\/pages"}],"about":[{"href":"https:\/\/obera.fr\/ro\/wp-json\/wp\/v2\/types\/page"}],"author":[{"embeddable":true,"href":"https:\/\/obera.fr\/ro\/wp-json\/wp\/v2\/users\/4"}],"replies":[{"embeddable":true,"href":"https:\/\/obera.fr\/ro\/wp-json\/wp\/v2\/comments?post=47207"}],"version-history":[{"count":5,"href":"https:\/\/obera.fr\/ro\/wp-json\/wp\/v2\/pages\/47207\/revisions"}],"predecessor-version":[{"id":108426,"href":"https:\/\/obera.fr\/ro\/wp-json\/wp\/v2\/pages\/47207\/revisions\/108426"}],"up":[{"embeddable":true,"href":"https:\/\/obera.fr\/ro\/wp-json\/wp\/v2\/pages\/48371"}],"wp:featuredmedia":[{"embeddable":true,"href":"https:\/\/obera.fr\/ro\/wp-json\/wp\/v2\/media\/83748"}],"wp:attachment":[{"href":"https:\/\/obera.fr\/ro\/wp-json\/wp\/v2\/media?parent=47207"}],"curies":[{"name":"wp","href":"https:\/\/api.w.org\/{rel}","templated":true}]}}