{"id":62074,"date":"2021-07-23T14:22:11","date_gmt":"2021-07-23T12:22:11","guid":{"rendered":"https:\/\/obera.fr\/achat-merci\/"},"modified":"2025-02-17T11:38:19","modified_gmt":"2025-02-17T09:38:19","slug":"achat-merci","status":"publish","type":"page","link":"https:\/\/obera.fr\/ro\/achat-merci\/","title":{"rendered":"V\u0103 mul\u021bumim pentru c\u0103 a\u021bi comandat de la obera.fr"},"content":{"rendered":"\n<p>\u00cen timp ce a\u0219tepta\u021bi s\u0103 v\u0103 soseasc\u0103 comanda, pute\u021bi citi cele mai recente articole de pe blog<\/p>\n<ul class=\"wp-block-latest-posts__list is-grid columns-2 wp-block-latest-posts\"><li><a class=\"wp-block-latest-posts__post-title\" href=\"https:\/\/obera.fr\/ro\/presa\/francezii-respira-sanatos-la-locul-de-munca-iarna\/\">Francezii respir\u0103 s\u0103n\u0103tos la locul de munc\u0103 iarna?<\/a><div class=\"wp-block-latest-posts__post-excerpt\">OberA dezv\u0103luie rezultatele unui nou sondaj* realizat pe 4.102 persoane care eviden\u021biaz\u0103 o discrepan\u021b\u0103 persistent\u0103 \u00eentre confortul termic \u0219i calitatea aerului la locul de munc\u0103: temperaturi ideale foarte disputate, aerisire iarna rar\u0103, absen\u021ba dispozitivelor de purificare a aerului, umiditate slab controlat\u0103 \u0219i ezit\u0103ri privind gesturile corecte \u00een fa\u021ba viru\u0219ilor. Studiul subliniaz\u0103, &#8230; <p class=\"read-more-container\"><a title=\"Francezii respir\u0103 s\u0103n\u0103tos la locul de munc\u0103 iarna?\" class=\"read-more button\" href=\"https:\/\/obera.fr\/ro\/presa\/francezii-respira-sanatos-la-locul-de-munca-iarna\/#more-145734\" aria-label=\"Cite\u0219te mai multe despre Francezii respir\u0103 s\u0103n\u0103tos la locul de munc\u0103 iarna?\">Lire la suite<\/a><\/p><\/div><\/li>\n<li><a class=\"wp-block-latest-posts__post-title\" href=\"https:\/\/obera.fr\/ro\/presse\/89-dintre-francezi-subestimeaza-poluarea-aerului-la-locul-de-munca\/\">89% dintre francezi subestimeaz\u0103 poluarea aerului la locul de munc\u0103<\/a><div class=\"wp-block-latest-posts__post-excerpt\">O poluare care poate fi de 5 p\u00e2n\u0103 la 10 ori mai mare dec\u00e2t afar\u0103 Doar 22% dintre angaja\u021bi \u0219tiu c\u0103 men\u021binerea unui aer interior s\u0103n\u0103tos este o obliga\u021bie legal\u0103 pentru angajator Ce p\u0103rere ai despre calitatea aerului la locul t\u0103u de munc\u0103? Aceasta este \u00eentrebarea pe care compania OberA a &#8230; <p class=\"read-more-container\"><a title=\"89% dintre francezi subestimeaz\u0103 poluarea aerului la locul de munc\u0103\" class=\"read-more button\" href=\"https:\/\/obera.fr\/ro\/presse\/89-dintre-francezi-subestimeaza-poluarea-aerului-la-locul-de-munca\/#more-145709\" aria-label=\"Cite\u0219te mai multe despre 89% dintre francezi subestimeaz\u0103 poluarea aerului la locul de munc\u0103\">Lire la suite<\/a><\/p><\/div><\/li>\n<li><div class=\"wp-block-latest-posts__featured-image aligncenter\"><a href=\"https:\/\/obera.fr\/ro\/sfatul-nostru\/masurarea-calitatii-aerului-interior-importanta-si-principiu\/\" aria-label=\"M\u0103surarea calit\u0103\u021bii aerului interior: importan\u021b\u0103 \u0219i principiu\"><img decoding=\"async\" width=\"1024\" height=\"181\" src=\"https:\/\/obera.fr\/wp-content\/uploads\/2022\/10\/banniere-obera-1024x181.png\" class=\"attachment-large size-large wp-post-image\" alt=\"banni\u00e8re obera protection pr\u00e9-s\u00e9parateur\" style=\"max-width:500px;\" srcset=\"https:\/\/obera.fr\/wp-content\/uploads\/2022\/10\/banniere-obera-1024x181.png 1024w, https:\/\/obera.fr\/wp-content\/uploads\/2022\/10\/banniere-obera-300x53.png 300w, https:\/\/obera.fr\/wp-content\/uploads\/2022\/10\/banniere-obera-768x136.png 768w, https:\/\/obera.fr\/wp-content\/uploads\/2022\/10\/banniere-obera-1536x272.png 1536w, https:\/\/obera.fr\/wp-content\/uploads\/2022\/10\/banniere-obera.png 1980w\" sizes=\"(max-width: 1024px) 100vw, 1024px\" \/><\/a><\/div><a class=\"wp-block-latest-posts__post-title\" href=\"https:\/\/obera.fr\/ro\/sfatul-nostru\/masurarea-calitatii-aerului-interior-importanta-si-principiu\/\">M\u0103surarea calit\u0103\u021bii aerului interior: importan\u021b\u0103 \u0219i principiu<\/a><div class=\"wp-block-latest-posts__post-excerpt\">Conform datelor OMS, Fran\u021ba ar \u00eenregistra aproape 50.000 de decese pe an legate de poluarea aerului, adic\u0103 de 10 ori mai multe dec\u00e2t accidentele rutiere! \u00cen plus, se estimeaz\u0103 c\u0103 aerul din interior, fie c\u0103 este vorba de o locuin\u021b\u0103 sau de un spa\u021biu profesional, este de 5 p\u00e2n\u0103 la 10 ori mai poluat dec\u00e2t cel din mediul exterior.<\/div><\/li>\n<li><div class=\"wp-block-latest-posts__featured-image aligncenter\"><a href=\"https:\/\/obera.fr\/ro\/industria-farmaceutica\/industria-farmaceutica-controlul-pulberilor-si-expunerii-in-timpul-cantaririi-si-transferului-hpapi\/\" aria-label=\"Industria farmaceutic\u0103: Controlul pulberilor \u0219i expunerii \u00een timpul c\u00e2nt\u0103ririi \u0219i transferului HPAPI\"><img decoding=\"async\" width=\"1024\" height=\"181\" src=\"https:\/\/obera.fr\/wp-content\/uploads\/2025\/04\/banniere-obera-6-1-1024x181.png\" class=\"attachment-large size-large wp-post-image\" alt=\"banner obera (6)\" style=\"max-width:500px;\" srcset=\"https:\/\/obera.fr\/wp-content\/uploads\/2025\/04\/banniere-obera-6-1-1024x181.png 1024w, https:\/\/obera.fr\/wp-content\/uploads\/2025\/04\/banniere-obera-6-1-300x53.png 300w, https:\/\/obera.fr\/wp-content\/uploads\/2025\/04\/banniere-obera-6-1-768x136.png 768w, https:\/\/obera.fr\/wp-content\/uploads\/2025\/04\/banniere-obera-6-1-1536x272.png 1536w, https:\/\/obera.fr\/wp-content\/uploads\/2025\/04\/banniere-obera-6-1.png 1980w\" sizes=\"(max-width: 1024px) 100vw, 1024px\" \/><\/a><\/div><a class=\"wp-block-latest-posts__post-title\" href=\"https:\/\/obera.fr\/ro\/industria-farmaceutica\/industria-farmaceutica-controlul-pulberilor-si-expunerii-in-timpul-cantaririi-si-transferului-hpapi\/\">Industria farmaceutic\u0103: Controlul pulberilor \u0219i expunerii \u00een timpul c\u00e2nt\u0103ririi \u0219i transferului HPAPI<\/a><div class=\"wp-block-latest-posts__post-excerpt\">Cre\u0219terea utiliz\u0103rii HPAPI (Highly Potent Active Pharmaceutical Ingredients \u2013 ingrediente active farmaceutice foarte puternice) transform\u0103 profund practicile de produc\u021bie farmaceutic\u0103.<\/div><\/li>\n<li><div class=\"wp-block-latest-posts__featured-image aligncenter\"><a href=\"https:\/\/obera.fr\/ro\/sport\/racire-mobila-pentru-evenimente-sportive-solutia-ic-de-la-obera-eficienta-si-imediata\/\" aria-label=\"R\u0103cire mobil\u0103 pentru evenimente sportive: solu\u021bia IC de la OberA, eficient\u0103 \u0219i imediat\u0103\"><img decoding=\"async\" width=\"1024\" height=\"181\" src=\"https:\/\/obera.fr\/wp-content\/uploads\/2025\/04\/banniere-obera-6-1-1024x181.png\" class=\"attachment-large size-large wp-post-image\" alt=\"banner obera (6)\" style=\"max-width:500px;\" srcset=\"https:\/\/obera.fr\/wp-content\/uploads\/2025\/04\/banniere-obera-6-1-1024x181.png 1024w, https:\/\/obera.fr\/wp-content\/uploads\/2025\/04\/banniere-obera-6-1-300x53.png 300w, https:\/\/obera.fr\/wp-content\/uploads\/2025\/04\/banniere-obera-6-1-768x136.png 768w, https:\/\/obera.fr\/wp-content\/uploads\/2025\/04\/banniere-obera-6-1-1536x272.png 1536w, https:\/\/obera.fr\/wp-content\/uploads\/2025\/04\/banniere-obera-6-1.png 1980w\" sizes=\"(max-width: 1024px) 100vw, 1024px\" \/><\/a><\/div><a class=\"wp-block-latest-posts__post-title\" href=\"https:\/\/obera.fr\/ro\/sport\/racire-mobila-pentru-evenimente-sportive-solutia-ic-de-la-obera-eficienta-si-imediata\/\">R\u0103cire mobil\u0103 pentru evenimente sportive: solu\u021bia IC de la OberA, eficient\u0103 \u0219i imediat\u0103<\/a><div class=\"wp-block-latest-posts__post-excerpt\">Fie c\u0103 este vorba de competi\u021bii \u00een aer liber, turnee indoor, structuri temporare sau manifest\u0103ri de amploare, evenimentele sportive sunt puternic expuse varia\u021biilor climatice.<\/div><\/li>\n<li><div class=\"wp-block-latest-posts__featured-image aligncenter\"><a href=\"https:\/\/obera.fr\/ro\/sfatul-nostru\/silicose-menace-invisible\/\" aria-label=\"Silicoza: o amenin\u021bare invizibil\u0103 la adresa pietrarilor \u0219i a speran\u021bei lor de via\u021b\u0103\"><img decoding=\"async\" width=\"1024\" height=\"181\" src=\"https:\/\/obera.fr\/wp-content\/uploads\/2025\/07\/taille-de-pierre-1-1-1024x181.png\" class=\"attachment-large size-large wp-post-image\" alt=\"\" style=\"max-width:500px;\" srcset=\"https:\/\/obera.fr\/wp-content\/uploads\/2025\/07\/taille-de-pierre-1-1-1024x181.png 1024w, https:\/\/obera.fr\/wp-content\/uploads\/2025\/07\/taille-de-pierre-1-1-300x53.png 300w, https:\/\/obera.fr\/wp-content\/uploads\/2025\/07\/taille-de-pierre-1-1-768x136.png 768w, https:\/\/obera.fr\/wp-content\/uploads\/2025\/07\/taille-de-pierre-1-1-1536x272.png 1536w, https:\/\/obera.fr\/wp-content\/uploads\/2025\/07\/taille-de-pierre-1-1.png 1980w\" sizes=\"(max-width: 1024px) 100vw, 1024px\" \/><\/a><\/div><a class=\"wp-block-latest-posts__post-title\" href=\"https:\/\/obera.fr\/ro\/sfatul-nostru\/silicose-menace-invisible\/\">Silicoza: o amenin\u021bare invizibil\u0103 la adresa pietrarilor \u0219i a speran\u021bei lor de via\u021b\u0103<\/a><div class=\"wp-block-latest-posts__post-excerpt\">T\u0103ierea pietrei este o profesie nobil\u0103, \u00eenc\u0103rcat\u0103 de istorie \u0219i expertiz\u0103. Dar \u00een spatele frumuse\u021bii meseriei se ascunde un risc de s\u0103n\u0103tate adesea subestimat: silicoza, o boal\u0103 pulmonar\u0103 ireversibil\u0103 cauzat\u0103 de inhalarea prafului de siliciu. <\/div><\/li>\n<li><div class=\"wp-block-latest-posts__featured-image aligncenter\"><a href=\"https:\/\/obera.fr\/ro\/sfatul-nostru\/vie-artisan-tailleur\/\" aria-label=\"S\u0103-mi tr\u0103iesc via\u021ba de croitor \u00een 2025: \u00eentre pasiune \u0219i precau\u021bie\"><img decoding=\"async\" width=\"1024\" height=\"181\" src=\"https:\/\/obera.fr\/wp-content\/uploads\/2025\/07\/taille-de-pierre-1-1024x181.png\" class=\"attachment-large size-large wp-post-image\" alt=\"\" style=\"max-width:500px;\" srcset=\"https:\/\/obera.fr\/wp-content\/uploads\/2025\/07\/taille-de-pierre-1-1024x181.png 1024w, https:\/\/obera.fr\/wp-content\/uploads\/2025\/07\/taille-de-pierre-1-300x53.png 300w, https:\/\/obera.fr\/wp-content\/uploads\/2025\/07\/taille-de-pierre-1-768x136.png 768w, https:\/\/obera.fr\/wp-content\/uploads\/2025\/07\/taille-de-pierre-1-1536x272.png 1536w, https:\/\/obera.fr\/wp-content\/uploads\/2025\/07\/taille-de-pierre-1.png 1980w\" sizes=\"(max-width: 1024px) 100vw, 1024px\" \/><\/a><\/div><a class=\"wp-block-latest-posts__post-title\" href=\"https:\/\/obera.fr\/ro\/sfatul-nostru\/vie-artisan-tailleur\/\">S\u0103-mi tr\u0103iesc via\u021ba de croitor \u00een 2025: \u00eentre pasiune \u0219i precau\u021bie<\/a><div class=\"wp-block-latest-posts__post-excerpt\">Asta mi-a spus antrenorul meu \u00een prima zi. Zece ani mai t\u00e2rziu, a devenit mantra mea. A fi pietrar \u00een 2025 este \u00eenc\u0103 o chestiune de pasiune. Dar ast\u0103zi, este vorba \u0219i despre a lua m\u0103suri de precau\u021bie.     <\/div><\/li>\n<li><div class=\"wp-block-latest-posts__featured-image aligncenter\"><a href=\"https:\/\/obera.fr\/ro\/sfatul-nostru\/silice-cristalline-loi-obligations\/\" aria-label=\"Siliciul cristalin: ce spune legea? Obliga\u021bii legale pentru atelierele de t\u0103iere a pietrei\"><img decoding=\"async\" width=\"1024\" height=\"181\" src=\"https:\/\/obera.fr\/wp-content\/uploads\/2025\/07\/taille-de-pierre-1024x181.png\" class=\"attachment-large size-large wp-post-image\" alt=\"\" style=\"max-width:500px;\" srcset=\"https:\/\/obera.fr\/wp-content\/uploads\/2025\/07\/taille-de-pierre-1024x181.png 1024w, https:\/\/obera.fr\/wp-content\/uploads\/2025\/07\/taille-de-pierre-300x53.png 300w, https:\/\/obera.fr\/wp-content\/uploads\/2025\/07\/taille-de-pierre-768x136.png 768w, https:\/\/obera.fr\/wp-content\/uploads\/2025\/07\/taille-de-pierre-1536x272.png 1536w, https:\/\/obera.fr\/wp-content\/uploads\/2025\/07\/taille-de-pierre.png 1980w\" sizes=\"(max-width: 1024px) 100vw, 1024px\" \/><\/a><\/div><a class=\"wp-block-latest-posts__post-title\" href=\"https:\/\/obera.fr\/ro\/sfatul-nostru\/silice-cristalline-loi-obligations\/\">Siliciul cristalin: ce spune legea? Obliga\u021bii legale pentru atelierele de t\u0103iere a pietrei<\/a><div class=\"wp-block-latest-posts__post-excerpt\">De mai mul\u021bi ani, autorit\u0103\u021bile publice au \u00een\u0103sprit normele care reglementeaz\u0103 expunerea la praful de siliciu cristalin, \u00een special \u00een domeniul construc\u021biilor \u0219i al zid\u0103riei.<\/div><\/li>\n<\/ul>","protected":false},"excerpt":{"rendered":"<p>\u00cen timp ce a\u0219tepta\u021bi s\u0103 v\u0103 soseasc\u0103 comanda, pute\u021bi citi cele mai recente articole de pe blog<\/p>\n","protected":false},"author":4,"featured_media":0,"parent":0,"menu_order":0,"comment_status":"closed","ping_status":"closed","template":"","meta":{"_acf_changed":false,"_seopress_robots_primary_cat":"","_seopress_titles_title":"","_seopress_titles_desc":"","_seopress_robots_index":"da","footnotes":""},"class_list":{"0":"post-62074","1":"page","2":"type-page","3":"status-publish","5":"no-featured-image-padding"},"acf":[],"_links":{"self":[{"href":"https:\/\/obera.fr\/ro\/wp-json\/wp\/v2\/pages\/62074","targetHints":{"allow":["GET"]}}],"collection":[{"href":"https:\/\/obera.fr\/ro\/wp-json\/wp\/v2\/pages"}],"about":[{"href":"https:\/\/obera.fr\/ro\/wp-json\/wp\/v2\/types\/page"}],"author":[{"embeddable":true,"href":"https:\/\/obera.fr\/ro\/wp-json\/wp\/v2\/users\/4"}],"replies":[{"embeddable":true,"href":"https:\/\/obera.fr\/ro\/wp-json\/wp\/v2\/comments?post=62074"}],"version-history":[{"count":1,"href":"https:\/\/obera.fr\/ro\/wp-json\/wp\/v2\/pages\/62074\/revisions"}],"predecessor-version":[{"id":62076,"href":"https:\/\/obera.fr\/ro\/wp-json\/wp\/v2\/pages\/62074\/revisions\/62076"}],"wp:attachment":[{"href":"https:\/\/obera.fr\/ro\/wp-json\/wp\/v2\/media?parent=62074"}],"curies":[{"name":"wp","href":"https:\/\/api.w.org\/{rel}","templated":true}]}}