{"id":38347,"date":"2022-10-15T01:42:46","date_gmt":"2022-10-14T23:42:46","guid":{"rendered":"https:\/\/obera.fr\/nase-produkty\/ramena-a-zberne-zariadenia\/"},"modified":"2025-04-22T09:37:18","modified_gmt":"2025-04-22T07:37:18","slug":"bras-dispositifs-captation","status":"publish","type":"page","link":"https:\/\/obera.fr\/sk\/produits\/bras-dispositifs-captation\/","title":{"rendered":"Ramen\u00e1 a zbern\u00e9 zariadenia"},"content":{"rendered":"\n<p>Na\u0161e <strong>priemyseln\u00e9 ods\u00e1vacie a zbern\u00e9 zariadenia<\/strong> zah\u0155\u0148aj\u00fa ods\u00e1vacie a zbern\u00e9 ramen\u00e1, ods\u00e1vacie stoly, ods\u00e1vacie backsplashe a r\u00f4zne ods\u00e1va\u010de vzduchu. Tieto priemyseln\u00e9 syst\u00e9my zachyt\u00e1vania vzduchu umo\u017e\u0148uj\u00fa efekt\u00edvne a presne odv\u00e1dza\u0165 a zachyt\u00e1va\u0165 zne\u010dis\u0165uj\u00face l\u00e1tky priamo pri zdroji. <\/p>\n\n\n<h2 class=\"wp-block-heading\">V na\u0161om sortimente priemyseln\u00fdch ods\u00e1vac\u00edch a zbern\u00fdch zariaden\u00ed<\/h2>\n\n<div class=\"wp-block-columns is-layout-flex wp-container-core-columns-is-layout-28f84493 wp-block-columns-is-layout-flex\">\n<div class=\"wp-block-column is-layout-flow wp-block-column-is-layout-flow\">\n<h3 class=\"wp-block-heading has-text-align-center\"><br\/>Laborat\u00f3rne rameno priemyseln\u00e9<\/h3>\n\n\n\n<figure class=\"wp-block-image aligncenter size-medium is-resized\"><a href=\"https:\/\/obera.fr\/produits\/bras-dispositifs-captation\/bras-de-laboratoire\/\"><img decoding=\"async\" width=\"300\" height=\"300\" src=\"https:\/\/obera.fr\/wp-content\/uploads\/2022\/12\/bras-laboratoire-fumees-gar-odeur-600x600-1-300x300.png\" alt=\"rameno laborat&#xF3;ria dymu a z&#xE1;pachu 600x600 1\" class=\"wp-image-16559\" srcset=\"https:\/\/obera.fr\/wp-content\/uploads\/2022\/12\/bras-laboratoire-fumees-gar-odeur-600x600-1-300x300.png 300w, https:\/\/obera.fr\/wp-content\/uploads\/2022\/12\/bras-laboratoire-fumees-gar-odeur-600x600-1-150x150.png 150w, https:\/\/obera.fr\/wp-content\/uploads\/2022\/12\/bras-laboratoire-fumees-gar-odeur-600x600-1.png 600w\" sizes=\"(max-width: 300px) 100vw, 300px\" \/><\/a><figcaption class=\"wp-element-caption\">Laborat\u00f3rne ramen\u00e1<\/figcaption><\/figure>\n\n\n\n<p>N\u00e1\u0161 sortiment <a href=\"https:\/\/obera.fr\/sk\/produits\/bras-dispositifs-captation\/bras-de-laboratoire\/\" data-type=\"page\" data-id=\"497\">laborat\u00f3rnych ramien<\/a> je ide\u00e1lnym rie\u0161en\u00edm na ods\u00e1vanie a zachyt\u00e1vanie v\u00fdparov z pevn\u00fdch pracovn\u00fdch miest (pracovn\u00e9 stoly, laborat\u00f3ri\u00e1). \u013dahko sa s nimi manipuluje a mo\u017eno ich umiestni\u0165 \u010do najbli\u017e\u0161ie k zdroju zne\u010distenia. N\u00e1\u0161 sortiment laborat\u00f3rnych ramien je mo\u017en\u00e9 doda\u0165 s mno\u017estvom pr\u00edslu\u0161enstva vr\u00e1tane n\u00e1stenn\u00e9ho dr\u017eiaka a okr\u00fahleho alebo obd\u013a\u017enikov\u00e9ho ods\u00e1va\u010da.  <\/p>\n\n\n\n<p>Na\u0161e laborat\u00f3rne ramen\u00e1 s\u00fa k dispoz\u00edcii v :<\/p>\n\n\n\n<ul class=\"wp-block-list\">\n<li>Hlin\u00edk, pre v\u00e4\u010d\u0161inu aplik\u00e1ci\u00ed.<\/li>\n\n\n\n<li>Antistatick\u00e9 (ATEX), pre citliv\u00e9 a v\u00fdbu\u0161n\u00e9 prostredia.<\/li>\n\n\n\n<li>Antikor\u00f3zna ochrana, pre koroz\u00edvne prostredia.<\/li>\n<\/ul>\n\n\n\n<p>Priemyseln\u00e9 ods\u00e1vacie a zbern\u00e9 ramen\u00e1 mo\u017eno prisp\u00f4sobi\u0165 aj <a href=\"https:\/\/obera.fr\/sk\/produits\/atex\/\">norm\u00e1m ATEX<\/a> (ako volite\u013en\u00e9 pr\u00edslu\u0161enstvo) na pou\u017eitie v prostred\u00ed s nebezpe\u010denstvom v\u00fdbuchu alebo na ods\u00e1vanie v\u00fdbu\u0161n\u00fdch zmes\u00ed.<\/p>\n<\/div>\n\n\n\n<div class=\"wp-block-column is-layout-flow wp-block-column-is-layout-flow\">\n<h3 class=\"wp-block-heading has-text-align-center\"><br\/>Ov\u00e1lny ods\u00e1va\u010d p\u00e1r a obd\u013a\u017enikov\u00e9 ods\u00e1va\u010de p\u00e1r<\/h3>\n\n\n\n<figure class=\"wp-block-image aligncenter size-medium is-resized\"><a href=\"https:\/\/obera.fr\/produits\/bras-dispositifs-captation\/bras-hotte-ovale-rectangulaire\/\"><img decoding=\"async\" width=\"300\" height=\"300\" src=\"https:\/\/obera.fr\/wp-content\/uploads\/2022\/12\/bras-laboratoire-industriel-fumees-poussieres-600x600-2-300x300.png\" alt=\"Laborat&#xF3;rne rameno na priemyseln&#xFD; dym a prach 600x600 2\" class=\"wp-image-16562\" srcset=\"https:\/\/obera.fr\/wp-content\/uploads\/2022\/12\/bras-laboratoire-industriel-fumees-poussieres-600x600-2-300x300.png 300w, https:\/\/obera.fr\/wp-content\/uploads\/2022\/12\/bras-laboratoire-industriel-fumees-poussieres-600x600-2-150x150.png 150w, https:\/\/obera.fr\/wp-content\/uploads\/2022\/12\/bras-laboratoire-industriel-fumees-poussieres-600x600-2.png 600w\" sizes=\"(max-width: 300px) 100vw, 300px\" \/><\/a><figcaption class=\"wp-element-caption\">Rameno zbera\u010da<\/figcaption><\/figure>\n\n\n\n<p>Na\u0161e <strong>priemyseln\u00e9 ods\u00e1vacie a zbern\u00e9 ramen\u00e1<\/strong>, dostupn\u00e9 s <a href=\"https:\/\/obera.fr\/sk\/produits\/bras-dispositifs-captation\/bras-hotte-ovale-rectangulaire\/\" data-type=\"URL\" data-id=\"https:\/\/obera.fr\/produits\/bras-dispositifs-captation\/bras-hotte-ovale-rectangulaire\/\">ov\u00e1lnym alebo obd\u013a\u017enikov\u00fdm krytom<\/a>. Tieto priemyseln\u00e9 ods\u00e1vacie a zbern\u00e9 ramen\u00e1 s\u00fa ide\u00e1lne na zber prachu a triesok, zv\u00e1rac\u00edch v\u00fdparov, p\u00e1r, plynov, pachov a olejov\u00fdch hmiel. <\/p>\n\n\n\n<p>\u013dahko sa prip\u00e1jaj\u00fa k zbernej sieti, <a href=\"https:\/\/obera.fr\/sk\/produits\/depoussiereurs-industriels\/mobiles\/aspiration-poussiere-dustomat-10\/\">mobiln\u00e9mu vys\u00e1va\u010du<\/a>, <a href=\"https:\/\/obera.fr\/sk\/produits\/depoussiereurs-industriels\/\">priemyseln\u00e9mu vys\u00e1va\u010du<\/a> alebo centr\u00e1lnemu ods\u00e1vaciemu syst\u00e9mu.<\/p>\n\n\n\n<p>S\u00fa vybaven\u00e9 pneumatick\u00fdmi pru\u017einami, \u013eahko sa s nimi manipuluje a umiest\u0148uj\u00fa sa \u010do najbli\u017e\u0161ie k emisi\u00e1m zne\u010dis\u0165uj\u00facich l\u00e1tok. Pre optim\u00e1lny komfort a \u00fa\u010dinnos\u0165 s\u00fa priemyseln\u00e9 ods\u00e1vacie a zbern\u00e9 ramen\u00e1 k dispoz\u00edcii v \u0161irokom rozsahu d\u013a\u017eok a priemerov. <\/p>\n\n\n\n<p>Vonkaj\u0161ia kon\u0161trukcia pantografu neobmedzuje prietok v potrub\u00ed a je mimoriadne robustn\u00e1 a \u013eahko ovl\u00e1date\u013en\u00e1. Priemyseln\u00e1 verzia zbern\u00fdch a sac\u00edch ramien je k dispoz\u00edcii v priemeroch od 50 do 200 s pracovn\u00fdm polomerom od 1,50 do 8 metrov. <\/p>\n\n\n\n<div style=\"height:45px\" aria-hidden=\"true\" class=\"wp-block-spacer\"><\/div>\n<\/div>\n<\/div>\n\n<div class=\"wp-block-columns is-layout-flex wp-container-core-columns-is-layout-28f84493 wp-block-columns-is-layout-flex\">\n<div class=\"wp-block-column is-layout-flow wp-block-column-is-layout-flow\">\n<h3 class=\"wp-block-heading has-text-align-center\">Priemyseln\u00e9 ods\u00e1vacie strie\u0161ky<\/h3>\n\n\n\n<figure class=\"wp-block-image aligncenter size-medium is-resized\"><a href=\"https:\/\/obera.fr\/produits\/bras-dispositifs-captation\/dosserets-aspirants\/\"><img decoding=\"async\" width=\"300\" height=\"300\" src=\"https:\/\/obera.fr\/wp-content\/uploads\/2022\/12\/dosserets-apirants-600x600-1-300x300.png\" alt=\"priedu&#x161;n&#xE9; striekaj&#xFA;ce dosky 600x600 1\" class=\"wp-image-16565\" style=\"object-fit:cover;width:150px;height:150px\" srcset=\"https:\/\/obera.fr\/wp-content\/uploads\/2022\/12\/dosserets-apirants-600x600-1-300x300.png 300w, https:\/\/obera.fr\/wp-content\/uploads\/2022\/12\/dosserets-apirants-600x600-1-150x150.png 150w, https:\/\/obera.fr\/wp-content\/uploads\/2022\/12\/dosserets-apirants-600x600-1.png 600w\" sizes=\"(max-width: 300px) 100vw, 300px\" \/><\/a><figcaption class=\"wp-element-caption\">Backsplashes  <\/figcaption><\/figure>\n\n\n\n<p>N\u00e1\u0161 sortiment <a href=\"https:\/\/obera.fr\/sk\/produits\/bras-dispositifs-captation\/dosserets-aspirants\/\" data-type=\"URL\" data-id=\"https:\/\/obera.fr\/produits\/bras-dispositifs-captation\/dosserets-aspirants\/\">priemyseln\u00fdch ods\u00e1vac\u00edch striekac\u00edch dosiek<\/a>,<strong> <\/strong>Tieto zadn\u00e9 steny s\u00fa ve\u013emi \u00fa\u010dinn\u00e9 pri spracovan\u00ed v\u00fdparov, plynov, prachu alebo v\u00fdparov. <\/p>\n\n\n\n<p>K tejto in\u0161tal\u00e1cii je mo\u017en\u00e9 prida\u0165 aj dve bo\u010dn\u00e9 clony, ako aj horizont\u00e1lne tienidlo, aby sa obsluha obmedzila na svoj pracovn\u00fd priestor a zefekt\u00edvnilo sa ods\u00e1vanie a zachyt\u00e1vanie.<\/p>\n\n\n\n<p>Cie\u013eom je, aby <strong>bol vzduch nas\u00e1van\u00fd spoza oper\u00e1tora a pred n\u00edm,<\/strong> aby sa jeho d\u00fdchacie cesty nedostali do kontaktu s prachom alebo zne\u010dis\u0165uj\u00facou l\u00e1tkou, ktor\u00fa sa sna\u017e\u00edme zachyti\u0165.<\/p>\n\n\n\n<p>Na\u0161e ods\u00e1vacie strie\u0161ky sa spravidla prip\u00e1jaj\u00fa k existuj\u00facemu ods\u00e1vaciemu syst\u00e9mu, pevn\u00e9mu alebo mobiln\u00e9mu priemyseln\u00e9mu vys\u00e1va\u010du, priemyseln\u00e9mu ods\u00e1vaciemu ventil\u00e1toru alebo priemyseln\u00e9mu vys\u00e1va\u010du. \u010cistenie priemyseln\u00fdch ods\u00e1vac\u00edch strie\u0161ok je r\u00fdchle a jednoduch\u00e9. S\u00fa k dispoz\u00edcii z lakovanej ocele alebo z r\u00f4znych priemyseln\u00fdch alebo potravin\u00e1rskych nehrdzavej\u00facich ocel\u00ed.  <\/p>\n\n\n\n<div style=\"height:69px\" aria-hidden=\"true\" class=\"wp-block-spacer\"><\/div>\n<\/div>\n\n\n\n<div class=\"wp-block-column is-layout-flow wp-block-column-is-layout-flow\">\n<h3 class=\"wp-block-heading has-text-align-center\">Priemyseln\u00e9 v\u00e1kuov\u00e9 stoly<\/h3>\n\n\n\n<figure class=\"wp-block-image aligncenter size-medium is-resized\"><a href=\"https:\/\/obera.fr\/produits\/tables-aspirantes\/table-aspirante-a-at\/\"><img decoding=\"async\" width=\"300\" height=\"300\" src=\"https:\/\/obera.fr\/wp-content\/uploads\/2022\/12\/tables-aspirantes-aat-300x300.jpg\" alt=\"ods&#xE1;vacie stoly a&amp;amp;at\" class=\"wp-image-16617\" style=\"object-fit:cover;width:150px;height:150px\" srcset=\"https:\/\/obera.fr\/wp-content\/uploads\/2022\/12\/tables-aspirantes-aat-300x300.jpg 300w, https:\/\/obera.fr\/wp-content\/uploads\/2022\/12\/tables-aspirantes-aat-150x150.jpg 150w, https:\/\/obera.fr\/wp-content\/uploads\/2022\/12\/tables-aspirantes-aat.jpg 600w\" sizes=\"(max-width: 300px) 100vw, 300px\" \/><\/a><figcaption class=\"wp-element-caption\">Ods\u00e1vacie stoly<\/figcaption><\/figure>\n\n\n\n<p>N\u00e1\u0161 sortiment <a href=\"https:\/\/obera.fr\/sk\/produits\/odsavacie-stoly\/\" data-type=\"URL\" data-id=\"https:\/\/obera.fr\/produits\/bras-dispositifs-captation\/tables-aspirantes\/\">priemyseln\u00fdch v\u00e1kuov\u00fdch stolov<\/a> je \u0161peci\u00e1lne navrhnut\u00fd na \u00fa\u010dinn\u00e9 ods\u00e1vanie prachu z br\u00fasenia, br\u00fasenia, zv\u00e1rania, ako aj v\u00fdparov, rozp\u00fa\u0161\u0165adiel a prchav\u00fdch organick\u00fdch zl\u00fa\u010den\u00edn spojen\u00fdch s lepen\u00edm alebo lakovan\u00edm. Je to ide\u00e1lne rie\u0161enie na zabezpe\u010denie bezpe\u010dn\u00e9ho a zdrav\u00e9ho pracoviska pre obsluhu.   <\/p>\n\n\n\n<p>Na\u0161e <strong>priemyseln\u00e9 vys\u00e1vacie stoly<\/strong> mo\u017eno pripoji\u0165 k ventil\u00e1toru, vys\u00e1va\u010du alebo mobiln\u00e9mu vys\u00e1va\u010du, pr\u00edpadne k centr\u00e1lnemu priemyseln\u00e9mu vys\u00e1vaciemu syst\u00e9mu. Na\u0161e priemyseln\u00e9 stoly si m\u00f4\u017eete vybra\u0165 s ods\u00e1vac\u00edm operadlom a s\u0165ahovac\u00edmi bo\u010dnicami. V\u010faka ich robustnej priemyselnej kon\u0161trukcii s\u00fa vysoko odoln\u00e9 vo\u010di n\u00e1razom a mo\u017eno ich vybavi\u0165 aj priemyseln\u00fdm zver\u00e1kom alebo oto\u010dn\u00fdm stolom. Dosku stola si m\u00f4\u017eete vybra\u0165 z priemyseln\u00fdch ro\u0161tov, dreven\u00fdch lamiel alebo syntetick\u00fdch vl\u00e1kien. Stoly s\u00fa vybaven\u00e9 z\u00e1suvkou na zachyt\u00e1vanie hrub\u00e9ho priemyseln\u00e9ho prachu, aby sa zabr\u00e1nilo jeho nas\u00e1vaniu vys\u00e1vac\u00edm syst\u00e9mom.    <\/p>\n\n\n\n<div style=\"height:45px\" aria-hidden=\"true\" class=\"wp-block-spacer\"><\/div>\n<\/div>\n<\/div>\n\n<div class=\"wp-block-columns is-layout-flex wp-container-core-columns-is-layout-28f84493 wp-block-columns-is-layout-flex\">\n<div class=\"wp-block-column is-layout-flow wp-block-column-is-layout-flow\">\n<h3 class=\"wp-block-heading has-text-align-center\">Priemyseln\u00e9 obd\u013a\u017enikov\u00e9 digestory<\/h3>\n\n\n\n<figure class=\"wp-block-image aligncenter size-full is-resized\"><a href=\"https:\/\/obera.fr\/produits\/bras-dispositifs-captation\/hotte-rectangulaire\/\"><img decoding=\"async\" width=\"1280\" height=\"1280\" src=\"https:\/\/obera.fr\/wp-content\/uploads\/2024\/06\/hotte-de-captation-rectangulaire-industrielle-600x600-1.png\" alt=\"Priemyseln&#xFD; obd&#x13A;&#x17E;nikov&#xFD; digestor 600x600 1\" class=\"wp-image-31483\" style=\"object-fit:cover;width:182px;height:auto\" srcset=\"https:\/\/obera.fr\/wp-content\/uploads\/2024\/06\/hotte-de-captation-rectangulaire-industrielle-600x600-1.png 1280w, https:\/\/obera.fr\/wp-content\/uploads\/2024\/06\/hotte-de-captation-rectangulaire-industrielle-600x600-1-300x300.png 300w, https:\/\/obera.fr\/wp-content\/uploads\/2024\/06\/hotte-de-captation-rectangulaire-industrielle-600x600-1-1024x1024.png 1024w, https:\/\/obera.fr\/wp-content\/uploads\/2024\/06\/hotte-de-captation-rectangulaire-industrielle-600x600-1-150x150.png 150w, https:\/\/obera.fr\/wp-content\/uploads\/2024\/06\/hotte-de-captation-rectangulaire-industrielle-600x600-1-768x768.png 768w\" sizes=\"(max-width: 1280px) 100vw, 1280px\" \/><\/a><figcaption class=\"wp-element-caption\">Obd\u013a\u017enikov\u00fd ods\u00e1va\u010d p\u00e1r  <\/figcaption><\/figure>\n\n\n\n<p>N\u00e1\u0161 sortiment <a href=\"https:\/\/obera.fr\/sk\/produits\/bras-dispositifs-captation\/hotte-rectangulaire\/\" data-type=\"URL\" data-id=\"https:\/\/obera.fr\/produits\/bras-dispositifs-captation\/hotte-rectangulaire\/\">priemyseln\u00fdch obd\u013a\u017enikov\u00fdch ods\u00e1va\u010dov<\/a> p\u00e1r je ide\u00e1lny na zachyt\u00e1vanie v\u00fdparov, prachu a in\u00fdch plynn\u00fdch zne\u010dis\u0165uj\u00facich l\u00e1tok priamo pri zdroji.  <\/p>\n\n\n\n<p>Tieto <strong>priemyseln\u00e9 ods\u00e1va\u010de p\u00e1r<\/strong> s\u00fa k dispoz\u00edcii v dvoch ve\u013ekostiach (500&#215;500 a 600&#215;600).  <\/p>\n\n\n\n<p>Dokonale sa hodia k na\u0161im priemyseln\u00fdm ods\u00e1vac\u00edm a zbern\u00fdm ramen\u00e1m alebo sa daj\u00fa namontova\u0165 samostatne na pracovn\u00fa stanicu.<\/p>\n<\/div>\n\n\n\n<div class=\"wp-block-column is-layout-flow wp-block-column-is-layout-flow\">\n<h3 class=\"wp-block-heading has-text-align-center\"><br\/>Modul\u00e1rne digestory priemyseln\u00e9<\/h3>\n\n\n\n<figure class=\"wp-block-image aligncenter size-full is-resized\"><a href=\"https:\/\/obera.fr\/de\/produits\/bras-dispositifs-captation\/hotte-modulaire\/\"><img decoding=\"async\" width=\"1200\" height=\"1200\" src=\"https:\/\/obera.fr\/wp-content\/uploads\/2024\/12\/1.jpg\" alt=\"Modul&#xE1;rna kapota\" class=\"wp-image-56959\" style=\"object-fit:cover;width:150px;height:150px\" srcset=\"https:\/\/obera.fr\/wp-content\/uploads\/2024\/12\/1.jpg 1200w, https:\/\/obera.fr\/wp-content\/uploads\/2024\/12\/1-300x300.jpg 300w, https:\/\/obera.fr\/wp-content\/uploads\/2024\/12\/1-1024x1024.jpg 1024w, https:\/\/obera.fr\/wp-content\/uploads\/2024\/12\/1-150x150.jpg 150w, https:\/\/obera.fr\/wp-content\/uploads\/2024\/12\/1-768x768.jpg 768w, https:\/\/obera.fr\/wp-content\/uploads\/2024\/12\/1-400x400.jpg 400w, https:\/\/obera.fr\/wp-content\/uploads\/2024\/12\/1-600x600.jpg 600w\" sizes=\"(max-width: 1200px) 100vw, 1200px\" \/><\/a><figcaption class=\"wp-element-caption\">Modul\u00e1rny zachyt\u00e1vac\u00ed kryt<\/figcaption><\/figure>\n\n\n\n<p>N\u00e1\u0161 sortiment modul\u00e1rnych priemyseln\u00fdch <a href=\"https:\/\/obera.fr\/sk\/produits\/bras-dispositifs-captation\/hotte-modulaire\/\" data-type=\"URL\" data-id=\"https:\/\/obera.fr\/produits\/bras-dispositifs-captation\/hotte-modulaire\/\">ods\u00e1va\u010dov<\/a> je k dispoz\u00edcii v \u0161irokej \u0161k\u00e1le ve\u013ekost\u00ed (od 950 mm x 950 mm do 3 950 mm x 1 950 mm) s prietokom ods\u00e1vania od 1 000 m3\/h do 20 000 m3\/h. Tento \u0161irok\u00fd rozsah dostupn\u00fdch ve\u013ekost\u00ed u\u013eah\u010duje ohrani\u010denie, uzavretie alebo zakrytie stroja, pracoviska alebo priemyseln\u00e9ho zv\u00e1racieho robota.   <\/p>\n\n\n\n<p>Tieto <strong>modul\u00e1rne priemyseln\u00e9 digestory<\/strong> mo\u017eno prisp\u00f4sobi\u0165 v\u00e4\u010d\u0161ine konfigur\u00e1ci\u00ed na optim\u00e1lne ods\u00e1vanie a zachyt\u00e1vanie v\u00fdparov a prachu. Na\u0161e ods\u00e1va\u010de s\u00fa ide\u00e1lnym rie\u0161en\u00edm na zachyt\u00e1vanie a ods\u00e1vanie v\u0161etk\u00fdch typov plynn\u00fdch zne\u010dis\u0165uj\u00facich l\u00e1tok, prachu a priemyseln\u00fdch v\u00fdparov. Mo\u017eno ich \u013eahko umiestni\u0165 \u010do najbli\u017e\u0161ie k emisi\u00e1m zne\u010dis\u0165uj\u00facich l\u00e1tok. Na zmen\u0161enie otvoren\u00fdch pl\u00f4ch a vyn\u00fatenie r\u00fdchlosti ods\u00e1vania do po\u017eadovan\u00fdch oblast\u00ed mo\u017eno prida\u0165 aj oporn\u00e9 no\u017ei\u010dky a blatn\u00edky (volite\u013en\u00e9).     <\/p>\n\n\n\n<p>V metalurgickom sektore m\u00f4\u017eu by\u0165 na\u0161e modul\u00e1rne digestory vybaven\u00e9 \u017eiarov\u00fdm predsepar\u00e1torom \u010dast\u00edc.<\/p>\n\n\n\n<div style=\"height:45px\" aria-hidden=\"true\" class=\"wp-block-spacer\"><\/div>\n<\/div>\n<\/div>\n\n<div class=\"wp-block-columns is-layout-flex wp-container-core-columns-is-layout-28f84493 wp-block-columns-is-layout-flex\">\n<div class=\"wp-block-column is-layout-flow wp-block-column-is-layout-flow\">\n<h3 class=\"wp-block-heading has-text-align-center\"><br\/>PRIEMYSELN\u00c9 ODS\u00c1VACIE KAPOTY A ZBERN\u00c9 ODS\u00c1VA\u010cE<\/h3>\n\n\n\n<figure class=\"wp-block-image aligncenter size-medium is-resized\"><a href=\"https:\/\/obera.fr\/produits\/bras-dispositifs-captation\/capot-industriel\/\"><img decoding=\"async\" width=\"300\" height=\"300\" src=\"https:\/\/obera.fr\/wp-content\/uploads\/2022\/12\/capot-daspiration-et-de-captation-600x600-1-300x300.png\" alt=\"ods&#xE1;vacia a zbern&#xE1; kapota 600x600 1\" class=\"wp-image-16550\" style=\"width:150px\" srcset=\"https:\/\/obera.fr\/wp-content\/uploads\/2022\/12\/capot-daspiration-et-de-captation-600x600-1-300x300.png 300w, https:\/\/obera.fr\/wp-content\/uploads\/2022\/12\/capot-daspiration-et-de-captation-600x600-1-150x150.png 150w, https:\/\/obera.fr\/wp-content\/uploads\/2022\/12\/capot-daspiration-et-de-captation-600x600-1.png 600w\" sizes=\"(max-width: 300px) 100vw, 300px\" \/><\/a><figcaption class=\"wp-element-caption\">Ods\u00e1vacia a zbern\u00e1 kapota<\/figcaption><\/figure>\n\n\n\n<p>N\u00e1\u0161 sortiment <a href=\"https:\/\/obera.fr\/sk\/produits\/bras-dispositifs-captation\/capot-industriel\/\" data-type=\"URL\" data-id=\"https:\/\/obera.fr\/produits\/bras-dispositifs-captation\/capot-industriel\/\">priemyseln\u00fdch ods\u00e1vac\u00edch a zbern\u00fdch kap\u00f4t<\/a> je ide\u00e1lnym rie\u0161en\u00edm na vybavenie pracov\u00edsk alebo priemyseln\u00fdch strojov \u00fa\u010dinn\u00fdm a presn\u00fdm ods\u00e1van\u00edm.<\/p>\n\n\n\n<p>Na\u0161e <strong>priemyseln\u00e9 ods\u00e1vacie a zbern\u00e9 kapoty, ktor\u00e9 s\u00fa<\/strong> k dispoz\u00edcii v r\u00f4znych ve\u013ekostiach a tvaroch, sa dokonale prisp\u00f4sobia va\u0161im probl\u00e9mom s v\u00fdparmi, prachom, trieskami a in\u00fdmi plynn\u00fdmi zne\u010dis\u0165uj\u00facimi l\u00e1tkami.<\/p>\n\n\n\n<p>N\u00e1\u0161 sortiment priemyseln\u00fdch zachyt\u00e1vac\u00edch kr\u00fa\u017ekov mo\u017eno prisp\u00f4sobi\u0165 r\u00f4znym konfigur\u00e1ci\u00e1m zachyt\u00e1vania.<\/p>\n<\/div>\n\n\n\n<div class=\"wp-block-column is-layout-flow wp-block-column-is-layout-flow\">\n<h3 class=\"wp-block-heading has-text-align-center\"><br\/>kr\u00fa\u017eky na zachyt\u00e1vanie kr\u00fa\u017ekov<\/h3>\n\n\n\n<p><\/p>\n\n\n\n<figure class=\"wp-block-image aligncenter size-medium is-resized\"><a href=\"https:\/\/obera.fr\/produits\/bras-dispositifs-captation\/anneaux-de-pouyes\/\"><img decoding=\"async\" width=\"300\" height=\"300\" src=\"https:\/\/obera.fr\/wp-content\/uploads\/2022\/12\/anneaux-de-pouyes-600x600-1-300x300.png\" alt=\"kr&#xFA;&#x17E;ky n&#xE1;sypky 600x600 1\" class=\"wp-image-16553\" style=\"width:124px;height:auto\" srcset=\"https:\/\/obera.fr\/wp-content\/uploads\/2022\/12\/anneaux-de-pouyes-600x600-1-300x300.png 300w, https:\/\/obera.fr\/wp-content\/uploads\/2022\/12\/anneaux-de-pouyes-600x600-1-150x150.png 150w, https:\/\/obera.fr\/wp-content\/uploads\/2022\/12\/anneaux-de-pouyes-600x600-1.png 600w\" sizes=\"(max-width: 300px) 100vw, 300px\" \/><\/a><figcaption class=\"wp-element-caption\">Kr\u00fa\u017eky remenice s kruhov\u00fdm zachyten\u00edm<\/figcaption><\/figure>\n\n\n\n<p><a href=\"https:\/\/obera.fr\/sk\/produits\/bras-dispositifs-captation\/anneaux-de-pouyes\/\" data-type=\"page\" data-id=\"14477\">Z\u00e1sobn\u00edkov\u00e9 kr\u00fa\u017eky spolo\u010dnosti OberA<\/a> s\u00fa ur\u010den\u00e9 na zachyt\u00e1vanie zne\u010dis\u0165uj\u00facich l\u00e1tok spojen\u00fdch s nakladan\u00edm\/vykladan\u00edm pr\u00e1\u0161kov alebo jemn\u00e9ho prachu priamo pri zdroji. V\u010faka ich kon\u0161trukcii sa \u013eahko \u010distia. <\/p>\n<\/div>\n<\/div>\n\n<p><\/p>\n\n<h2 class=\"wp-block-heading\">Ktor\u00e9 priemyseln\u00e9 odvetvia pou\u017e\u00edvaj\u00fa na\u0161e zariadenia?<\/h2>\n\n<p>Na\u0161e priemyseln\u00e9 ods\u00e1vacie a zbern\u00e9 zariadenia mo\u017eno pou\u017ei\u0165 v <strong>\u0161irokom spektre priemyseln\u00fdch odvetv\u00ed<\/strong> vr\u00e1tane :<\/p>\n\n<div class=\"wp-block-columns is-layout-flex wp-container-core-columns-is-layout-28f84493 wp-block-columns-is-layout-flex\">\n<div class=\"wp-block-column is-layout-flow wp-block-column-is-layout-flow\">\n<ul class=\"wp-block-list\">\n<li>Chemick\u00fd priemysel<\/li>\n\n\n\n<li>Potravin\u00e1rsky priemysel<\/li>\n\n\n\n<li>Farmaceutick\u00fd priemysel<\/li>\n<\/ul>\n<\/div>\n\n\n\n<div class=\"wp-block-column is-layout-flow wp-block-column-is-layout-flow\">\n<ul class=\"wp-block-list\">\n<li>Kovospracuj\u00faci priemysel<\/li>\n\n\n\n<li>Plastik\u00e1rsky priemysel<\/li>\n\n\n\n<li>Drev\u00e1rsky priemysel<\/li>\n<\/ul>\n<\/div>\n\n\n\n<div class=\"wp-block-column is-layout-flow wp-block-column-is-layout-flow\">\n<ul class=\"wp-block-list\">\n<li>Elektronick\u00fd priemysel<\/li>\n\n\n\n<li>at\u010f&#8230;<\/li>\n<\/ul>\n<\/div>\n<\/div>\n\n<p><\/p>\n\n<h2 class=\"wp-block-heading\">Pre\u010do sa rozhodn\u00fa\u0165 pre syst\u00e9m ods\u00e1vania a zachyt\u00e1vania pri zdroji namiesto \u010distenia alebo \u00fapravy vzduchu v miestnosti?<\/h2>\n\n<p><br\/>V\u017edy, ke\u010f je to mo\u017en\u00e9, je vhodnej\u0161ie pou\u017ei\u0165 extrakciu a zachyt\u00e1vanie pri zdroji. Zabr\u00e1ni sa tak \u0161\u00edreniu zne\u010dis\u0165uj\u00facich l\u00e1tok po celom pracovnom priestore, \u010d\u00edm sa pracovn\u00edci \u010do najviac ochr\u00e1nia. Ak nie je mo\u017en\u00e9 zachyt\u00e1va\u0165 zne\u010dis\u0165uj\u00face l\u00e1tky alebo prach pri zdroji alebo ak mno\u017estvo zdrojov prachu znemo\u017e\u0148uje zachyt\u00e1vanie pri zdroji, odpor\u00fa\u010da sa zvoli\u0165 rie\u0161enie \u010distenia okolit\u00e9ho vzduchu.    <\/p>\n\n<p>Okrem toho v niektor\u00fdch pr\u00edpadoch \u00faprava okolit\u00e9ho vzduchu \u00fa\u010dinne dop\u013a\u0148a existuj\u00face syst\u00e9my zachyt\u00e1vania a ods\u00e1vania zne\u010dis\u0165uj\u00facich l\u00e1tok zo zdrojov, aby sa v\u00fdrazne zn\u00ed\u017eila koncentr\u00e1cia zne\u010dis\u0165uj\u00facich l\u00e1tok na pracovisku, najm\u00e4 v pr\u00edpade prachu alebo plynn\u00fdch zne\u010dis\u0165uj\u00facich l\u00e1tok klasifikovan\u00fdch ako CMR.<\/p>\n\n<h2 class=\"wp-block-heading\">Ako si vybra\u0165 spr\u00e1vny priemyseln\u00fd syst\u00e9m ods\u00e1vania a zberu?<\/h2>\n\n<p>Je nevyhnutn\u00e9 <strong>starostlivo vybra\u0165 priemyseln\u00fd syst\u00e9m ods\u00e1vania a zachyt\u00e1vania<\/strong>, preto\u017ee to m\u00f4\u017ee vies\u0165 k zn\u00ed\u017eeniu \u00fa\u010dinnosti \u00fapravy vzduchu. Ak si rob\u00edte prieskum sami, nezabudnite sa informova\u0165 o r\u00f4znych s\u00favisiacich aspektoch: <\/p>\n\n<ul class=\"wp-block-list\">\n<li>R\u00fdchlosti zachyt\u00e1vania potrebn\u00e9 na \u00fa\u010dinn\u00e9 zachyt\u00e1vanie prachu a zne\u010dis\u0165uj\u00facich l\u00e1tok,<\/li>\n\n\n\n<li>Vzdialenos\u0165 medzi zdrojom zne\u010dis\u0165uj\u00facich l\u00e1tok a zvolen\u00fdm zachyt\u00e1vac\u00edm zariaden\u00edm,<\/li>\n\n\n\n<li><a href=\"https:\/\/obera.fr\/conseils\/comment-calculer-debit-air-systeme-aspiration\/\">Po\u017eadovan\u00fd sac\u00ed prietok<\/a>,<\/li>\n\n\n\n<li>Strata hlavy zbern\u00e9ho zariadenia,<\/li>\n\n\n\n<li>Tlak a prietok vzduchu, ktor\u00fd je k dispoz\u00edcii z v\u00e1\u0161ho vys\u00e1va\u010da alebo existuj\u00faceho ods\u00e1vacieho syst\u00e9mu.<\/li>\n<\/ul>\n\n<p>Obr\u00e1\u0165te sa na na\u0161ich odborn\u00edkov, ktor\u00ed v\u00e1m pom\u00f4\u017eu vyrie\u0161i\u0165 va\u0161e probl\u00e9my a pon\u00faknu v\u00e1m spr\u00e1vny produkt.<\/p>\n\n<div class=\"wp-block-buttons is-horizontal is-content-justification-center is-layout-flex wp-container-core-buttons-is-layout-03627597 wp-block-buttons-is-layout-flex\">\n<div class=\"wp-block-button has-custom-width wp-block-button__width-100\"><a class=\"wp-block-button__link wp-element-button\" href=\"https:\/\/obera.fr\/sk\/kontaktujte-nas\/\">Ve\u010d o tem<\/a><\/div>\n<\/div>\n","protected":false},"excerpt":{"rendered":"<p>Na\u0161e priemyseln\u00e9 ods\u00e1vacie a zbern\u00e9 zariadenia zah\u0155\u0148aj\u00fa ods\u00e1vacie a zbern\u00e9 ramen\u00e1, ods\u00e1vacie stoly, ods\u00e1vacie backsplashe a r\u00f4zne ods\u00e1va\u010de vzduchu. Tieto priemyseln\u00e9 syst\u00e9my zachyt\u00e1vania vzduchu umo\u017e\u0148uj\u00fa efekt\u00edvne a presne odv\u00e1dza\u0165 a zachyt\u00e1va\u0165 zne\u010dis\u0165uj\u00face l\u00e1tky priamo pri zdroji. V na\u0161om sortimente priemyseln\u00fdch ods\u00e1vac\u00edch a zbern\u00fdch zariaden\u00ed Laborat\u00f3rne rameno priemyseln\u00e9 N\u00e1\u0161 sortiment laborat\u00f3rnych ramien je ide\u00e1lnym rie\u0161en\u00edm na ods\u00e1vanie a zachyt\u00e1vanie v\u00fdparov z pevn\u00fdch pracovn\u00fdch miest (pracovn\u00e9 stoly, laborat\u00f3ri\u00e1). \u013dahko sa s nimi manipuluje a mo\u017eno ich umiestni\u0165 \u010do najbli\u017e\u0161ie k zdroju zne\u010distenia. N\u00e1\u0161 sortiment laborat\u00f3rnych ramien je mo\u017en\u00e9 doda\u0165 s mno\u017estvom pr\u00edslu\u0161enstva vr\u00e1tane n\u00e1stenn\u00e9ho dr\u017eiaka a okr\u00fahleho alebo obd\u013a\u017enikov\u00e9ho ods\u00e1va\u010da. Na\u0161e laborat\u00f3rne &#8230; <\/p>\n<p class=\"read-more-container\"><a title=\"Ramen\u00e1 a zbern\u00e9 zariadenia\" class=\"read-more button\" href=\"https:\/\/obera.fr\/sk\/produits\/bras-dispositifs-captation\/#more-38347\" aria-label=\"Pre\u010d\u00edtajte si viac o Ramen\u00e1 a zbern\u00e9 zariadenia\">Lire la suite<\/a><\/p>\n","protected":false},"author":4,"featured_media":83749,"parent":37923,"menu_order":0,"comment_status":"closed","ping_status":"closed","template":"","meta":{"_acf_changed":false,"_seopress_robots_primary_cat":"","_seopress_titles_title":"Bras et dispositifs de captation: tables, dosserets, hottes aspirantes","_seopress_titles_desc":"Notre gamme est compos\u00e9e de bras d\u2019aspiration et captation, de tables aspirantes, de dosserets aspirants et d'hottes de captation et d\u2019extraction d\u2019air.","_seopress_robots_index":"","footnotes":""},"class_list":{"0":"post-38347","1":"page","2":"type-page","3":"status-publish","4":"has-post-thumbnail","6":"no-featured-image-padding","7":"resize-featured-image"},"acf":[],"_links":{"self":[{"href":"https:\/\/obera.fr\/sk\/wp-json\/wp\/v2\/pages\/38347","targetHints":{"allow":["GET"]}}],"collection":[{"href":"https:\/\/obera.fr\/sk\/wp-json\/wp\/v2\/pages"}],"about":[{"href":"https:\/\/obera.fr\/sk\/wp-json\/wp\/v2\/types\/page"}],"author":[{"embeddable":true,"href":"https:\/\/obera.fr\/sk\/wp-json\/wp\/v2\/users\/4"}],"replies":[{"embeddable":true,"href":"https:\/\/obera.fr\/sk\/wp-json\/wp\/v2\/comments?post=38347"}],"version-history":[{"count":4,"href":"https:\/\/obera.fr\/sk\/wp-json\/wp\/v2\/pages\/38347\/revisions"}],"predecessor-version":[{"id":70943,"href":"https:\/\/obera.fr\/sk\/wp-json\/wp\/v2\/pages\/38347\/revisions\/70943"}],"up":[{"embeddable":true,"href":"https:\/\/obera.fr\/sk\/wp-json\/wp\/v2\/pages\/37923"}],"wp:featuredmedia":[{"embeddable":true,"href":"https:\/\/obera.fr\/sk\/wp-json\/wp\/v2\/media\/83749"}],"wp:attachment":[{"href":"https:\/\/obera.fr\/sk\/wp-json\/wp\/v2\/media?parent=38347"}],"curies":[{"name":"wp","href":"https:\/\/api.w.org\/{rel}","templated":true}]}}