{"id":38836,"date":"2020-08-26T12:55:27","date_gmt":"2020-08-26T10:55:27","guid":{"rendered":"https:\/\/obera.fr\/nase-produkty\/ramena-a-zberne-zariadenia\/priemyselne-odsavacie-ramena\/"},"modified":"2025-06-02T14:41:33","modified_gmt":"2025-06-02T12:41:33","slug":"bras-hotte-ovale-rectangulaire","status":"publish","type":"page","link":"https:\/\/obera.fr\/sk\/produits\/bras-dispositifs-captation\/bras-hotte-ovale-rectangulaire\/","title":{"rendered":"Priemyseln\u00e9 ods\u00e1vacie ramen\u00e1"},"content":{"rendered":"\n<p>Ods\u00e1vacie<strong> ramen\u00e1<\/strong>, zn\u00e1me aj ako ods\u00e1vacie ramen\u00e1 alebo k\u013abov\u00e9 ramen\u00e1, s\u00fa d\u00f4le\u017eit\u00fdm zbern\u00fdm zariaden\u00edm v priemysle a remesl\u00e1ch na vytvorenie \u010dist\u00e9ho a bezpe\u010dn\u00e9ho pracovn\u00e9ho prostredia. <strong>Ods\u00e1vacie ramen\u00e1 s\u00fa flexibiln\u00e9<\/strong> a ve\u013emi \u010dasto sa pou\u017e\u00edvaj\u00fa v kombin\u00e1cii s ods\u00e1vac\u00edmi syst\u00e9mami. Ods\u00e1vacie syst\u00e9my zachyt\u00e1vaj\u00fa \u010dastice nas\u00e1van\u00e9 ods\u00e1vac\u00edm ramenom a filtrami.  <\/p>\n\n\n\n<p>Ods\u00e1vacie ramen\u00e1 a <strong>ods\u00e1vacie syst\u00e9my s\u00fa nepostr\u00e1date\u013en\u00e9 v mnoh\u00fdch odvetviach<\/strong>, preto\u017ee pom\u00e1haj\u00fa zlep\u0161ova\u0165 kvalitu ovzdu\u0161ia, chr\u00e1ni\u0165 zdravie pracovn\u00edkov a zvy\u0161ova\u0165 produktivitu. Na dosiahnutie optim\u00e1lnych v\u00fdsledkov je d\u00f4le\u017eit\u00e9 vybra\u0165 ods\u00e1vacie rameno, ktor\u00e9 sp\u013a\u0148a \u0161pecifick\u00e9 po\u017eiadavky aplik\u00e1cie. Pon\u00fakame ods\u00e1vacie ramen\u00e1 odoln\u00e9 vo\u010di v\u00fdbuchu ATEX, kompatibiln\u00e9 s ESD a odoln\u00e9 vo\u010di chemik\u00e1li\u00e1m. N\u00e1\u0161 sortiment zah\u0155\u0148a v\u00fdrobky od v\u00fdrobcov FUMEX, ALSIDENT, ESTA a GEOVENT.   <\/p>\n\n\n\n<div class=\"wp-block-columns is-layout-flex wp-container-core-columns-is-layout-28f84493 wp-block-columns-is-layout-flex\">\n<div class=\"wp-block-column is-layout-flow wp-block-column-is-layout-flow\">\n<figure class=\"wp-block-image aligncenter size-full is-resized\"><img decoding=\"async\" width=\"1280\" height=\"1280\" src=\"https:\/\/obera.fr\/wp-content\/uploads\/2024\/10\/11-bras-de-captation-fixation-sol.png\" alt=\"rameno zbera\u010da montovan\u00e9 na podlahu\" class=\"wp-image-35798\" style=\"object-fit:cover;width:200px;height:200px\" srcset=\"https:\/\/obera.fr\/wp-content\/uploads\/2024\/10\/11-bras-de-captation-fixation-sol.png 1280w, https:\/\/obera.fr\/wp-content\/uploads\/2024\/10\/11-bras-de-captation-fixation-sol-300x300.png 300w, https:\/\/obera.fr\/wp-content\/uploads\/2024\/10\/11-bras-de-captation-fixation-sol-1024x1024.png 1024w, https:\/\/obera.fr\/wp-content\/uploads\/2024\/10\/11-bras-de-captation-fixation-sol-150x150.png 150w, https:\/\/obera.fr\/wp-content\/uploads\/2024\/10\/11-bras-de-captation-fixation-sol-768x768.png 768w, https:\/\/obera.fr\/wp-content\/uploads\/2024\/10\/11-bras-de-captation-fixation-sol-24x24.png 24w, https:\/\/obera.fr\/wp-content\/uploads\/2024\/10\/11-bras-de-captation-fixation-sol-48x48.png 48w, https:\/\/obera.fr\/wp-content\/uploads\/2024\/10\/11-bras-de-captation-fixation-sol-96x96.png 96w\" sizes=\"(max-width: 1280px) 100vw, 1280px\" \/><figcaption class=\"wp-element-caption\">Podlahov\u00fd dr\u017eiak ramena senzora<\/figcaption><\/figure>\n<\/div>\n\n\n\n<div class=\"wp-block-column is-layout-flow wp-block-column-is-layout-flow\">\n<figure class=\"wp-block-image aligncenter size-full is-resized\"><img decoding=\"async\" width=\"1280\" height=\"1279\" src=\"https:\/\/obera.fr\/wp-content\/uploads\/2024\/10\/12-bras-de-captation-fixation-murale-1.png\" alt=\"n\u00e1stenn\u00e9 rameno senzora\" class=\"wp-image-35818\" style=\"object-fit:cover;width:200px;height:200px\" srcset=\"https:\/\/obera.fr\/wp-content\/uploads\/2024\/10\/12-bras-de-captation-fixation-murale-1.png 1280w, https:\/\/obera.fr\/wp-content\/uploads\/2024\/10\/12-bras-de-captation-fixation-murale-1-300x300.png 300w, https:\/\/obera.fr\/wp-content\/uploads\/2024\/10\/12-bras-de-captation-fixation-murale-1-1024x1024.png 1024w, https:\/\/obera.fr\/wp-content\/uploads\/2024\/10\/12-bras-de-captation-fixation-murale-1-150x150.png 150w, https:\/\/obera.fr\/wp-content\/uploads\/2024\/10\/12-bras-de-captation-fixation-murale-1-768x767.png 768w, https:\/\/obera.fr\/wp-content\/uploads\/2024\/10\/12-bras-de-captation-fixation-murale-1-24x24.png 24w, https:\/\/obera.fr\/wp-content\/uploads\/2024\/10\/12-bras-de-captation-fixation-murale-1-48x48.png 48w, https:\/\/obera.fr\/wp-content\/uploads\/2024\/10\/12-bras-de-captation-fixation-murale-1-96x96.png 96w\" sizes=\"(max-width: 1280px) 100vw, 1280px\" \/><figcaption class=\"wp-element-caption\">Zachyt\u00e1vacie rameno pre mont\u00e1\u017e na stenu<\/figcaption><\/figure>\n<\/div>\n\n\n\n<div class=\"wp-block-column is-layout-flow wp-block-column-is-layout-flow\">\n<figure class=\"wp-block-image aligncenter size-full is-resized\"><img decoding=\"async\" width=\"1280\" height=\"1279\" src=\"https:\/\/obera.fr\/wp-content\/uploads\/2024\/10\/13-bras-de-captation-fixation-murale-avec-rallonge.png\" alt=\"n\u00e1stenn\u00e9 rameno senzora s predl\u017eovac\u00edm k\u00e1blom\" class=\"wp-image-35821\" style=\"object-fit:cover;width:200px;height:200px\" srcset=\"https:\/\/obera.fr\/wp-content\/uploads\/2024\/10\/13-bras-de-captation-fixation-murale-avec-rallonge.png 1280w, https:\/\/obera.fr\/wp-content\/uploads\/2024\/10\/13-bras-de-captation-fixation-murale-avec-rallonge-300x300.png 300w, https:\/\/obera.fr\/wp-content\/uploads\/2024\/10\/13-bras-de-captation-fixation-murale-avec-rallonge-1024x1024.png 1024w, https:\/\/obera.fr\/wp-content\/uploads\/2024\/10\/13-bras-de-captation-fixation-murale-avec-rallonge-150x150.png 150w, https:\/\/obera.fr\/wp-content\/uploads\/2024\/10\/13-bras-de-captation-fixation-murale-avec-rallonge-768x767.png 768w, https:\/\/obera.fr\/wp-content\/uploads\/2024\/10\/13-bras-de-captation-fixation-murale-avec-rallonge-24x24.png 24w, https:\/\/obera.fr\/wp-content\/uploads\/2024\/10\/13-bras-de-captation-fixation-murale-avec-rallonge-48x48.png 48w, https:\/\/obera.fr\/wp-content\/uploads\/2024\/10\/13-bras-de-captation-fixation-murale-avec-rallonge-96x96.png 96w\" sizes=\"(max-width: 1280px) 100vw, 1280px\" \/><figcaption class=\"wp-element-caption\">Senzorov\u00e9 rameno na mont\u00e1\u017e na stenu s pred\u013a\u017een\u00edm<\/figcaption><\/figure>\n<\/div>\n\n\n\n<div class=\"wp-block-column is-layout-flow wp-block-column-is-layout-flow\">\n<figure class=\"wp-block-image aligncenter size-full is-resized\"><img decoding=\"async\" width=\"1280\" height=\"1279\" src=\"https:\/\/obera.fr\/wp-content\/uploads\/2024\/10\/14-bras-de-captation-fixation-support-depoussiereur.png\" alt=\"rameno zbera\u010da Podpern\u00e1 konzola zbera\u010da prachu\" class=\"wp-image-35824\" style=\"object-fit:cover;width:200px;height:200px\" srcset=\"https:\/\/obera.fr\/wp-content\/uploads\/2024\/10\/14-bras-de-captation-fixation-support-depoussiereur.png 1280w, https:\/\/obera.fr\/wp-content\/uploads\/2024\/10\/14-bras-de-captation-fixation-support-depoussiereur-300x300.png 300w, https:\/\/obera.fr\/wp-content\/uploads\/2024\/10\/14-bras-de-captation-fixation-support-depoussiereur-1024x1024.png 1024w, https:\/\/obera.fr\/wp-content\/uploads\/2024\/10\/14-bras-de-captation-fixation-support-depoussiereur-150x150.png 150w, https:\/\/obera.fr\/wp-content\/uploads\/2024\/10\/14-bras-de-captation-fixation-support-depoussiereur-768x767.png 768w, https:\/\/obera.fr\/wp-content\/uploads\/2024\/10\/14-bras-de-captation-fixation-support-depoussiereur-24x24.png 24w, https:\/\/obera.fr\/wp-content\/uploads\/2024\/10\/14-bras-de-captation-fixation-support-depoussiereur-48x48.png 48w, https:\/\/obera.fr\/wp-content\/uploads\/2024\/10\/14-bras-de-captation-fixation-support-depoussiereur-96x96.png 96w\" sizes=\"(max-width: 1280px) 100vw, 1280px\" \/><figcaption class=\"wp-element-caption\">Podpera na fix\u00e1ciu zachyt\u00e1vacieho ramena Zbera\u010d prachu<\/figcaption><\/figure>\n<\/div>\n<\/div>\n\n\n\n<div class=\"wp-block-columns is-layout-flex wp-container-core-columns-is-layout-28f84493 wp-block-columns-is-layout-flex\">\n<div class=\"wp-block-column is-layout-flow wp-block-column-is-layout-flow\" style=\"flex-basis:33.34%\">\n<div class=\"wp-block-buttons is-content-justification-center is-layout-flex wp-container-core-buttons-is-layout-a89b3969 wp-block-buttons-is-layout-flex\">\n<div class=\"wp-block-button\"><a class=\"wp-block-button__link wp-element-button\" href=\"https:\/\/obera.fr\/wp-content\/uploads\/2025\/06\/en-hotte-ovale.pdf\">Stiahnite si bro\u017e\u00faru<\/a><\/div>\n<\/div>\n<\/div>\n\n\n\n<div class=\"wp-block-column is-layout-flow wp-block-column-is-layout-flow\" style=\"flex-basis:33.34%\">\n<div class=\"wp-block-buttons is-horizontal is-content-justification-center is-layout-flex wp-container-core-buttons-is-layout-03627597 wp-block-buttons-is-layout-flex\">\n<div class=\"wp-block-button has-custom-width wp-block-button__width-100\"><a class=\"wp-block-button__link wp-element-button\" href=\"https:\/\/obera.fr\/sk\/kontaktujte-nas\/\">Ve\u010d o tem<\/a><\/div>\n<\/div>\n\n\n\n<div style=\"height:58px\" aria-hidden=\"true\" class=\"wp-block-spacer\"><\/div>\n<\/div>\n\n\n\n<div class=\"wp-block-column is-layout-flow wp-block-column-is-layout-flow\" style=\"flex-basis:33.33%\">\n<div class=\"wp-block-buttons is-content-justification-center is-layout-flex wp-container-core-buttons-is-layout-a89b3969 wp-block-buttons-is-layout-flex\">\n<div class=\"wp-block-button btn-devis-source\"><a class=\"wp-block-button__link wp-element-button\" href=\"https:\/\/obera.fr\/sk\/devis\/\">Po\u017eiada\u0165 o cenov\u00fa ponuku<\/a><\/div>\n<\/div>\n\n\n<script>\r\ndocument.addEventListener('DOMContentLoaded', function() {\r\n    \/\/ 1. On cherche le titre H1 de la page\r\n    var h1 = document.querySelector('h1');\r\n    var productTitle = h1 ? h1.innerText.trim() : \"\";\r\n\r\n    \/\/ 2. On cherche les boutons via la classe CSS .btn-devis-source\r\n    var buttons = document.querySelectorAll('.btn-devis-source a');\r\n\r\n    \/\/ 3. Si on a le titre et les boutons, on ajoute le param\u00e8tre\r\n    if (buttons.length > 0 && productTitle !== \"\") {\r\n        var encodedTitle = encodeURIComponent(productTitle);\r\n\r\n        buttons.forEach(function(btn) {\r\n            var currentHref = btn.getAttribute('href');\r\n            \r\n            \/\/ S\u00e9curit\u00e9 pour ne pas ajouter le param\u00e8tre 2 fois\r\n            if (currentHref.indexOf('sujet=') === -1) {\r\n                var separator = currentHref.indexOf('?') !== -1 ? '&' : '?';\r\n                var newLink = currentHref + separator + 'sujet=' + encodedTitle;\r\n                \r\n                btn.setAttribute('href', newLink);\r\n            }\r\n        });\r\n    }\r\n});\r\n<\/script><\/div>\n<\/div>\n\n\n\n<p><strong>Ods\u00e1vacie ramen\u00e1 OberA zachyt\u00e1vaj\u00fa prach<\/strong>, zv\u00e1racie a sp\u00e1jkovacie v\u00fdpary, plyny a pary priamo pri zdroji. Ods\u00e1vacie ramen\u00e1 mo\u017eno pripoji\u0165 k ods\u00e1vac\u00edm ventil\u00e1torom, ktor\u00e9 nas\u00e1vaj\u00fa \u0161kodliviny a vyp\u00fa\u0161\u0165aj\u00fa ich bez filtr\u00e1cie, alebo k <strong>centr\u00e1lnej ods\u00e1vacej a filtra\u010dnej in\u0161tal\u00e1cii<\/strong> prostredn\u00edctvom potrubia, pr\u00edpadne k mobilnej ods\u00e1vacej jednotke. <\/p>\n\n\n\n<p><strong>Rameno<\/strong> je vhodn\u00e9<strong>pou\u017ei\u0165, ke\u010f sa men\u00ed poloha pracovnej oblasti<\/strong> alebo ke\u010f je d\u00f4le\u017eit\u00e9, aby sa ods\u00e1vacie zariadenie dalo zasun\u00fa\u0165, aby neprek\u00e1\u017ealo obsluhe pri pr\u00e1ci, ke\u010f nepotrebuje ods\u00e1vanie pou\u017e\u00edva\u0165.<\/p>\n\n\n\n<p>V\u0161eobecne sa predpoklad\u00e1, \u017ee ods\u00e1vacie rameno sa m\u00f4\u017ee pohybova\u0165 v r\u00e1mci pracovn\u00e9ho priestoru, ktor\u00fd zodpoved\u00e1 maxim\u00e1lne jeho d\u013a\u017eke. Ak chcete <strong>skontrolova\u0165, ako \u010faleko sa daj\u00fa ramen\u00e1 pos\u00fava\u0165<\/strong>, pozrite si na\u0161e vide\u00e1, ktor\u00e9 ukazuj\u00fa, ako sa daj\u00fa jednotliv\u00e9 ramen\u00e1 pos\u00fava\u0165 v z\u00e1vislosti od ich d\u013a\u017eky.   <\/p>\n\n\n\n<p>V\u0161etky na\u0161e ramen\u00e1 s\u00fa navrhnut\u00e9 tak, aby v sebe sp\u00e1jali robustnos\u0165, odolnos\u0165 a man\u00e9vrovate\u013enos\u0165.<\/p>\n\n\n\n<p>Na\u0161e ods\u00e1vacie ramen\u00e1 sa dod\u00e1vaj\u00fa kompletne zmontovan\u00e9 a s\u00fa k dispoz\u00edcii s r\u00f4znymi ods\u00e1vac\u00edmi krytmi, r\u00f4znymi hadicami, r\u00f4znymi typmi mont\u00e1\u017ee a v \u0161irokom rozsahu menovit\u00fdch \u0161\u00edrok (50 mm a\u017e 200 mm) a rozp\u00e4t\u00ed (1,5 m a\u017e 8,0 m).<\/p>\n\n\n\n<p>Sacie ramen\u00e1 OberA s\u00fa k\u013abov\u00e9 a vybaven\u00e9 plynov\u00fdmi vzperami, ktor\u00e9 <strong>zabezpe\u010duj\u00fa \u013eahk\u00fd pohyb ramena<\/strong> a umiestnenie zbern\u00e9ho \u00fastia do \u013eubovo\u013enej polohy v dosahu. Vonkaj\u0161ia kon\u0161trukcia nosn\u00e9ho a k\u013abov\u00e9ho syst\u00e9mu zabezpe\u010duje, aby sa nebr\u00e1nilo pr\u00fadeniu vzduchu a aby sa dosiahlo \u00fa\u010dinn\u00e9 ods\u00e1vanie. Niektor\u00e9 typy ramena maj\u00fa <strong>k\u013ab vo vn\u00fatri ramena<\/strong>. Tomuto rie\u0161eniu by sa malo pod\u013ea mo\u017enosti vyhn\u00fa\u0165, aby sa predi\u0161lo ak\u00e9muko\u013evek riziku po\u0161kodenia alebo oderu v pr\u00edpade prachu alebo kor\u00f3zie v pr\u00edpade plynn\u00fdch zne\u010dis\u0165uj\u00facich l\u00e1tok.   <\/p>\n\n\n\n<div style=\"height:15px\" aria-hidden=\"true\" class=\"wp-block-spacer\"><\/div>\n\n\n\n<div class=\"wp-block-columns is-layout-flex wp-container-core-columns-is-layout-28f84493 wp-block-columns-is-layout-flex\">\n<div class=\"wp-block-column is-layout-flow wp-block-column-is-layout-flow\">\n<figure class=\"wp-block-image aligncenter size-full\"><img decoding=\"async\" width=\"1024\" height=\"768\" src=\"https:\/\/obera.fr\/wp-content\/uploads\/2020\/11\/9-bras-de-captation.jpg\" alt=\"Stroj - vys\u00e1va\u010d\" class=\"wp-image-1646\" srcset=\"https:\/\/obera.fr\/wp-content\/uploads\/2020\/11\/9-bras-de-captation.jpg 1024w, https:\/\/obera.fr\/wp-content\/uploads\/2020\/11\/9-bras-de-captation-300x225.jpg 300w, https:\/\/obera.fr\/wp-content\/uploads\/2020\/11\/9-bras-de-captation-768x576.jpg 768w\" sizes=\"(max-width: 1024px) 100vw, 1024px\" \/><figcaption class=\"wp-element-caption\">Pou\u017e\u00edvan\u00e9 ods\u00e1vacie syst\u00e9my<\/figcaption><\/figure>\n<\/div>\n\n\n\n<div class=\"wp-block-column is-layout-flow wp-block-column-is-layout-flow\">\n<figure class=\"wp-block-image aligncenter size-full\"><img decoding=\"async\" width=\"1024\" height=\"768\" src=\"https:\/\/obera.fr\/wp-content\/uploads\/2020\/11\/10-bras-de-captation.jpg\" alt=\"In\u017einierstvo - zachyt\u00e1vanie\" class=\"wp-image-1647\" srcset=\"https:\/\/obera.fr\/wp-content\/uploads\/2020\/11\/10-bras-de-captation.jpg 1024w, https:\/\/obera.fr\/wp-content\/uploads\/2020\/11\/10-bras-de-captation-300x225.jpg 300w, https:\/\/obera.fr\/wp-content\/uploads\/2020\/11\/10-bras-de-captation-768x576.jpg 768w\" sizes=\"(max-width: 1024px) 100vw, 1024px\" \/><figcaption class=\"wp-element-caption\">Z\u00e1chytn\u00e9 ramen\u00e1 in situ<\/figcaption><\/figure>\n<\/div>\n<\/div>\n\n\n\n<h2 class=\"wp-block-heading\">Ak\u00e9 krit\u00e9ri\u00e1 by som mal zoh\u013eadni\u0165 pri v\u00fdbere priemyseln\u00e9ho vys\u00e1vacieho ramena?<\/h2>\n\n\n\n<h3 class=\"wp-block-heading\">1. Ak\u00fd priemer by som mal zvoli\u0165 pre ods\u00e1vacie rameno?<\/h3>\n\n\n\n<p><strong>Sacie ramen\u00e1 OberA s\u00fa k dispoz\u00edcii v priemeroch od d50 mm<\/strong> <strong>do d200 mm<\/strong>.<\/p>\n\n\n\n<p>Sac\u00ed prietok sa pohybuje od 100 m3\/h do maxim\u00e1lne 3000 m3\/h.<\/p>\n\n\n\n<p><strong>Priemer, ktor\u00fd si vyberiete,<\/strong> z\u00e1vis\u00ed od po\u017eadovan\u00e9ho sacieho prietoku a kapacity sacieho a filtra\u010dn\u00e9ho syst\u00e9mu, ku ktor\u00e9mu je rameno pripojen\u00e9.<\/p>\n\n\n\n<p>Aj ke\u010f s\u00fa ramen\u00e1 OberA <strong>mimoriadne \u00fa\u010dinn\u00e9 a energeticky \u00fasporn\u00e9<\/strong>, tlakov\u00e1 strata sacieho ramena je st\u00e1le pomerne vysok\u00e1 vzh\u013eadom na ohyby v spojoch a d\u013a\u017eky flexibiln\u00e9ho potrubia. Navy\u0161e, \u010d\u00edm vy\u0161\u0161ia je r\u00fdchlos\u0165 nas\u00e1vania v ramene, t\u00fdm v\u00e4\u010d\u0161ia je strata v\u00fd\u0161ky v ramene (ktor\u00e1 sa vyv\u00edja viac-menej \u00famerne \u0161tvorcu r\u00fdchlosti nas\u00e1vania). <\/p>\n\n\n\n<p>Preto je d\u00f4le\u017eit\u00e9 zabezpe\u010di\u0165, aby<strong> ods\u00e1vac\u00ed syst\u00e9m, ku ktor\u00e9mu bude rameno pripojen\u00e9<\/strong>, mal dostato\u010dn\u00fa kapacitu ods\u00e1vania z h\u013eadiska prietoku aj dostupn\u00e9ho tlaku. Ventila\u010dn\u00e9 syst\u00e9my (AHU) \u010dasto nemaj\u00fa dostato\u010dn\u00fd podtlak, ktor\u00fd by zaru\u010dil vhodn\u00fd prietok pre rameno. <\/p>\n\n\n\n<p>V\u00fdberom ramena s v\u00e4\u010d\u0161\u00edm priemerom sa zn\u00ed\u017ei tlakov\u00e1 strata, ale st\u00e1le je potrebn\u00e9 zabezpe\u010di\u0165, aby r\u00fdchlos\u0165 ods\u00e1vania bola dostato\u010dn\u00e1, pokia\u013e ide o vys\u00e1vanie prachu. Navy\u0161e, \u010d\u00edm <strong>v\u00e4\u010d\u0161\u00ed je priemer ods\u00e1vacieho ramena<\/strong>, t\u00fdm je objemnej\u0161ie! <\/p>\n\n\n\n<div class=\"wp-block-columns is-layout-flex wp-container-core-columns-is-layout-28f84493 wp-block-columns-is-layout-flex\">\n<div class=\"wp-block-column is-layout-flow wp-block-column-is-layout-flow\" style=\"flex-basis:50%\">\n<h3 class=\"wp-block-heading\">2. Ak\u00fa d\u013a\u017eku ods\u00e1vacieho ramena si m\u00e1m vybra\u0165?<\/h3>\n\n\n\n<p><strong>D\u013a\u017eka ods\u00e1vacieho ramena <\/strong>z\u00e1vis\u00ed od pohybu, ktor\u00fd sa m\u00e1 vykona\u0165, a od povrchu, ktor\u00fd sa m\u00e1 pokry\u0165. \u010c\u00edm je v\u0161ak rameno dlh\u0161ie, t\u00fdm je menej man\u00e9vrovate\u013en\u00e9. Preto sa uistite, \u017ee ste si vybrali dostato\u010dne dlh\u00e9 rameno, ale nie pr\u00edli\u0161 dlh\u00e9.  <\/p>\n<\/div>\n\n\n\n<div class=\"wp-block-column is-layout-flow wp-block-column-is-layout-flow\" style=\"flex-basis:50%\">\n<h3 class=\"wp-block-heading\">3. Ktor\u00fd digestor alebo zachyt\u00e1vacie zariadenie by sa malo pou\u017ei\u0165 na konci ods\u00e1vacieho ramena?<\/h3>\n\n\n\n<p>Ramen\u00e1 OberA mo\u017eno vybavi\u0165 r\u00f4znymi ods\u00e1vac\u00edmi krytmi:<\/p>\n\n\n\n<ul class=\"wp-block-list\">\n<li><strong>Okr\u00fahly alebo ov\u00e1lny digestor na ods\u00e1vanie prachu a dymu<\/strong>.<\/li>\n\n\n\n<li>Obd\u013a\u017enikov\u00fd ods\u00e1va\u010d p\u00e1r na ve\u013ekoplo\u0161n\u00e9 ods\u00e1vanie.<\/li>\n\n\n\n<li><strong>Patentovan\u00fd<\/strong> ods\u00e1va\u010d p\u00e1r s <strong>dvojit\u00fdm \u00fa\u010dinkom<\/strong> na ods\u00e1vanie v\u00fdparov, plynov a rozp\u00fa\u0161\u0165adiel.<\/li>\n<\/ul>\n<\/div>\n<\/div>\n\n\n\n<div class=\"wp-block-buttons is-content-justification-center is-layout-flex wp-container-core-buttons-is-layout-a89b3969 wp-block-buttons-is-layout-flex\">\n<div class=\"wp-block-button\"><a class=\"wp-block-button__link wp-element-button\" href=\"https:\/\/boutique.obera.fr\/40-64-acheter-bras-d-aspiration-avec-capot-en-plastique.html#\/3-taille-4m\/27-diametres_bras-140mm\/33-type_de_fixation-support_mural\">K\u00fapi\u0165 Sacie rameno s plastov\u00fdm krytom<\/a><\/div>\n<\/div>\n\n\n\n<h3 class=\"wp-block-heading\">4. Ako pripoj\u00edm ods\u00e1vacie rameno?<\/h3>\n\n\n\n<p>Existuj\u00fa<strong> r\u00f4zne sp\u00f4soby upevnenia ods\u00e1vacieho ramena<\/strong>:<\/p>\n\n\n\n<ul class=\"wp-block-list\">\n<li>Podlahov\u00fd stojan s podpernou nohou na upevnenie k podlahe.<\/li>\n\n\n\n<li>Podpora <strong>umiestnenia na mobiln\u00fd vys\u00e1va\u010d<\/strong>.<\/li>\n\n\n\n<li>Mont\u00e1\u017e na stenu s 360\u00b0 gu\u013eov\u00fdm k\u013abom.<\/li>\n\n\n\n<li>Dr\u017eiak na mont\u00e1\u017e na stenu.<\/li>\n\n\n\n<li>N\u00e1stenn\u00fd dr\u017eiak s ramenom a pred\u013a\u017een\u00edm od 1 m do 3 m.<\/li>\n<\/ul>\n\n\n\n<h3 class=\"wp-block-heading\">5. Kedy by ste si mali vybra\u0165 rameno ATEX?<\/h3>\n\n\n\n<p>Ak je ods\u00e1van\u00fd produkt v\u00fdbu\u0161n\u00fd (v\u00fdbu\u0161n\u00fd prach alebo plyn) alebo ak sa samotn\u00e9 rameno nach\u00e1dza v z\u00f3ne ATEX, malo by sa vybra\u0165 vhodn\u00e9 rameno ATEX: rameno ATEX z\u00f3na 22 pre prach alebo rameno ATEX z\u00f3na 2 pre plyn.<\/p>\n\n\n\n<h3 class=\"wp-block-heading\">6. Ak\u00e9 mo\u017enosti s\u00fa k dispoz\u00edcii na ods\u00e1vac\u00edch ramen\u00e1ch?<\/h3>\n\n\n\n<p>V<strong> z\u00e1vislosti od pou\u017eitia je k dispoz\u00edcii<\/strong> nieko\u013eko<strong> mo\u017enost\u00ed<\/strong>. Patr\u00ed medzi ne : <\/p>\n\n\n\n<ul class=\"wp-block-list\">\n<li>Kontrolka LED na zachyt\u00e1vacom zariaden\u00ed.<\/li>\n\n\n\n<li>Ventil na regul\u00e1ciu prietoku alebo ventil na otv\u00e1ranie\/zatv\u00e1ranie.<\/li>\n\n\n\n<li>Sortiment \u0161peci\u00e1lnych ods\u00e1vac\u00edch had\u00edc, ktor\u00e9 sp\u013a\u0148aj\u00fa \u0161pecifick\u00e9 po\u017eiadavky, ako s\u00fa napr\u00edklad troska, abraz\u00edvny prach, koroz\u00edvne v\u00fdpary alebo plyny at\u010f. ATEX, vysokoteplotn\u00e9 hadice.<\/li>\n<\/ul>\n\n\n\n<div class=\"wp-block-columns is-layout-flex wp-container-core-columns-is-layout-28f84493 wp-block-columns-is-layout-flex\">\n<div class=\"wp-block-column is-layout-flow wp-block-column-is-layout-flow\">\n<h2 class=\"wp-block-heading has-text-align-center\"><br>Ov\u00e1lny ods\u00e1va\u010d p\u00e1r<\/h2>\n\n\n\n<figure class=\"wp-block-image aligncenter size-medium is-resized\"><img decoding=\"async\" width=\"300\" height=\"300\" src=\"https:\/\/obera.fr\/wp-content\/uploads\/2020\/09\/Bras-SF-300x300.jpg\" alt=\"rameno Sf\" class=\"wp-image-969\" style=\"width:225px;height:225px\" srcset=\"https:\/\/obera.fr\/wp-content\/uploads\/2020\/09\/Bras-SF-300x300.jpg 300w, https:\/\/obera.fr\/wp-content\/uploads\/2020\/09\/Bras-SF-150x150.jpg 150w, https:\/\/obera.fr\/wp-content\/uploads\/2020\/09\/Bras-SF.jpg 433w\" sizes=\"(max-width: 300px) 100vw, 300px\" \/><\/figure>\n<\/div>\n\n\n\n<div class=\"wp-block-column is-layout-flow wp-block-column-is-layout-flow\">\n<h2 class=\"wp-block-heading has-text-align-center\"><br>Obd\u013a\u017enikov\u00fd ods\u00e1va\u010d p\u00e1r<\/h2>\n\n\n\n<figure class=\"wp-block-image aligncenter size-medium is-resized\"><img decoding=\"async\" width=\"300\" height=\"300\" src=\"https:\/\/obera.fr\/wp-content\/uploads\/2020\/09\/Hotte-SF-300x300.jpg\" alt=\"Kapota Sf\" class=\"wp-image-968\" style=\"width:225px;height:225px\" srcset=\"https:\/\/obera.fr\/wp-content\/uploads\/2020\/09\/Hotte-SF-300x300.jpg 300w, https:\/\/obera.fr\/wp-content\/uploads\/2020\/09\/Hotte-SF-150x150.jpg 150w, https:\/\/obera.fr\/wp-content\/uploads\/2020\/09\/Hotte-SF.jpg 433w\" sizes=\"(max-width: 300px) 100vw, 300px\" \/><\/figure>\n<\/div>\n<\/div>\n\n\n\n<h2 class=\"wp-block-heading\">Ak\u00e9 krit\u00e9ri\u00e1 treba zoh\u013eadni\u0165 pri v\u00fdbere  <\/h2>\n\n\n\n<div class=\"wp-block-columns is-layout-flex wp-container-core-columns-is-layout-28f84493 wp-block-columns-is-layout-flex\">\n<div class=\"wp-block-column is-layout-flow wp-block-column-is-layout-flow\">\n<h3 class=\"wp-block-heading has-text-align-center\"><strong>V\u00fdhody<\/strong><\/h3>\n\n\n\n<ul class=\"wp-block-list\">\n<li>Na dokonal\u00e9 zachyt\u00e1vanie v\u00fdparov, rozp\u00fa\u0161\u0165adiel a prachu pri zdroji<\/li>\n\n\n\n<li>Vys\u00e1vanie jednej alebo viacer\u00fdch pracovn\u00fdch stan\u00edc<\/li>\n\n\n\n<li>Na pripojenie k <a href=\"https:\/\/obera.fr\/sk\/produits\/bras-dispositifs-captation\/\">zbernej sieti<\/a> alebo mobiln\u00e9mu zbera\u010du prachu<\/li>\n<\/ul>\n<\/div>\n\n\n\n<div class=\"wp-block-column is-layout-flow wp-block-column-is-layout-flow\">\n<h3 class=\"wp-block-heading has-text-align-center\"><strong>\u0160peci\u00e1lne funkcie<\/strong><\/h3>\n\n\n\n<ul class=\"wp-block-list\">\n<li>Podporn\u00fd mechanizmus ramena je na vonkaj\u0161ej strane a nebr\u00e1ni pr\u00fadeniu vzduchu.<\/li>\n\n\n\n<li>Pr\u00fadenie vzduchu v ramene nie je naru\u0161en\u00e9. Zn\u00ed\u017eenie tlakov\u00fdch str\u00e1t<\/li>\n\n\n\n<li>Vzduchov\u00e9 pru\u017einy podporuj\u00fa a pom\u00e1haj\u00fa pri pohybe<\/li>\n<\/ul>\n<\/div>\n\n\n\n<div class=\"wp-block-column is-layout-flow wp-block-column-is-layout-flow\">\n<h3 class=\"wp-block-heading has-text-align-center\"><strong>Funkcie<\/strong><\/h3>\n\n\n\n<ul class=\"wp-block-list\">\n<li>\u0160irok\u00fd v\u00fdber ve\u013ekost\u00ed a priemerov<\/li>\n\n\n\n<li>Vysok\u00e1 flexibilita<\/li>\n\n\n\n<li>Jednoduch\u00e9 pou\u017e\u00edvanie a premiest\u0148ovanie<\/li>\n\n\n\n<li>Ods\u00e1vanie \u010do najbli\u017e\u0161ie k zdroju<\/li>\n<\/ul>\n<\/div>\n<\/div>\n\n\n\n<h2 class=\"wp-block-heading\">Aplik\u00e1cie<\/h2>\n\n\n\n<div class=\"wp-block-columns is-layout-flex wp-container-core-columns-is-layout-28f84493 wp-block-columns-is-layout-flex\">\n<div class=\"wp-block-column is-layout-flow wp-block-column-is-layout-flow\">\n<h3 class=\"wp-block-heading has-text-align-center\">Zne\u010dis\u0165uj\u00face l\u00e1tky<\/h3>\n\n\n\n<hr class=\"wp-block-separator has-css-opacity is-style-wide\"\/>\n\n\n\n<div class=\"wp-block-columns is-layout-flex wp-container-core-columns-is-layout-28f84493 wp-block-columns-is-layout-flex\">\n<div class=\"wp-block-column is-layout-flow wp-block-column-is-layout-flow\">\n<figure class=\"wp-block-image aligncenter size-large\"><img decoding=\"async\" width=\"70\" height=\"70\" src=\"https:\/\/obera.fr\/wp-content\/uploads\/2020\/08\/polluants-poussieres.jpg\" alt=\"Zne\u010dis\u0165uj\u00face l\u00e1tky Prach\" class=\"wp-image-675\"\/><figcaption class=\"wp-element-caption\">Prach<\/figcaption><\/figure>\n\n\n\n<figure class=\"wp-block-image aligncenter size-large\"><img decoding=\"async\" width=\"70\" height=\"70\" src=\"https:\/\/obera.fr\/wp-content\/uploads\/2020\/08\/industrie-fumees.jpg\" alt=\"Priemyseln\u00fd dym\" class=\"wp-image-722\"\/><figcaption class=\"wp-element-caption\">V\u00fdpary<\/figcaption><\/figure>\n\n\n\n<figure class=\"wp-block-image aligncenter size-large\"><img decoding=\"async\" width=\"70\" height=\"70\" src=\"https:\/\/obera.fr\/wp-content\/uploads\/2020\/09\/cov.png\" alt=\"Cov\" class=\"wp-image-959\"\/><figcaption class=\"wp-element-caption\">VOCS<\/figcaption><\/figure>\n<\/div>\n\n\n\n<div class=\"wp-block-column is-layout-flow wp-block-column-is-layout-flow\">\n<figure class=\"wp-block-image aligncenter size-large\"><img decoding=\"async\" width=\"70\" height=\"70\" src=\"https:\/\/obera.fr\/wp-content\/uploads\/2020\/08\/polluants-copeaux-bois.jpg\" alt=\"Zne\u010dis\u0165uj\u00face l\u00e1tky Drevn\u00e1 \u0161tiepka\" class=\"wp-image-674\"\/><figcaption class=\"wp-element-caption\">Chipsy<\/figcaption><\/figure>\n\n\n\n<figure class=\"wp-block-image aligncenter size-large\"><img decoding=\"async\" width=\"70\" height=\"70\" src=\"https:\/\/obera.fr\/wp-content\/uploads\/2020\/08\/industrie-odeur.jpg\" alt=\"Priemyseln\u00fd z\u00e1pach\" class=\"wp-image-723\"\/><figcaption class=\"wp-element-caption\">Z\u00e1pachy<\/figcaption><\/figure>\n\n\n\n<figure class=\"wp-block-image aligncenter size-large\"><img decoding=\"async\" width=\"70\" height=\"70\" src=\"https:\/\/obera.fr\/wp-content\/uploads\/2020\/08\/industrie-brouillard-huile.jpg\" alt=\"Priemyseln\u00fd olej na hmlu\" class=\"wp-image-721\"\/><figcaption class=\"wp-element-caption\">Olejov\u00e1 hmla<\/figcaption><\/figure>\n<\/div>\n<\/div>\n<\/div>\n\n\n\n<div class=\"wp-block-column is-layout-flow wp-block-column-is-layout-flow\">\n<h3 class=\"wp-block-heading has-text-align-center\">Odvetvia<\/h3>\n\n\n\n<hr class=\"wp-block-separator has-css-opacity is-style-wide\"\/>\n\n\n\n<div class=\"wp-block-columns is-layout-flex wp-container-core-columns-is-layout-28f84493 wp-block-columns-is-layout-flex\">\n<div class=\"wp-block-column is-layout-flow wp-block-column-is-layout-flow\">\n<figure class=\"wp-block-image aligncenter size-large\"><img decoding=\"async\" width=\"70\" height=\"70\" src=\"https:\/\/obera.fr\/wp-content\/uploads\/2020\/08\/industrie-metallurgie.jpg\" alt=\"Hutn\u00edcky priemysel\" class=\"wp-image-673\"\/><figcaption class=\"wp-element-caption\">Hutn\u00edctvo<\/figcaption><\/figure>\n\n\n\n<figure class=\"wp-block-image aligncenter size-large\"><img decoding=\"async\" width=\"70\" height=\"70\" src=\"https:\/\/obera.fr\/wp-content\/uploads\/2020\/08\/industrie-plastique.jpg\" alt=\"Plastik\u00e1rsky priemysel\" class=\"wp-image-669\"\/><figcaption class=\"wp-element-caption\">Plasty<\/figcaption><\/figure>\n\n\n\n<figure class=\"wp-block-image aligncenter size-large\"><img decoding=\"async\" width=\"70\" height=\"70\" src=\"https:\/\/obera.fr\/wp-content\/uploads\/2020\/08\/industrie-chimie.jpg\" alt=\"Chemick\u00fd priemysel\" class=\"wp-image-725\"\/><figcaption class=\"wp-element-caption\">Chemik\u00e1lie\/Petrochemik\u00e1lie<\/figcaption><\/figure>\n\n\n\n<figure class=\"wp-block-image aligncenter size-large\"><img decoding=\"async\" width=\"70\" height=\"70\" src=\"https:\/\/obera.fr\/wp-content\/uploads\/2020\/08\/industrie-dechets.jpg\" alt=\"Priemyseln\u00fd odpad\" class=\"wp-image-726\"\/><figcaption class=\"wp-element-caption\">Zber a triedenie odpadu<\/figcaption><\/figure>\n<\/div>\n\n\n\n<div class=\"wp-block-column is-layout-flow wp-block-column-is-layout-flow\">\n<figure class=\"wp-block-image aligncenter size-large\"><img decoding=\"async\" width=\"70\" height=\"70\" src=\"https:\/\/obera.fr\/wp-content\/uploads\/2020\/08\/industrie-bois.jpg\" alt=\"Drev\u00e1rsky priemysel\" class=\"wp-image-672\"\/><figcaption class=\"wp-element-caption\">Spracovanie dreva<\/figcaption><\/figure>\n\n\n\n<figure class=\"wp-block-image aligncenter size-large\"><img decoding=\"async\" width=\"70\" height=\"70\" src=\"https:\/\/obera.fr\/wp-content\/uploads\/2020\/08\/industrie-textile.jpg\" alt=\"Textiln\u00fd priemysel\" class=\"wp-image-671\"\/><figcaption class=\"wp-element-caption\">Textil<\/figcaption><\/figure>\n\n\n\n<figure class=\"wp-block-image aligncenter size-large\"><img decoding=\"async\" width=\"70\" height=\"70\" src=\"https:\/\/obera.fr\/wp-content\/uploads\/2020\/08\/industrie-minerai.jpg\" alt=\"Rudn\u00fd priemysel\" class=\"wp-image-724\"\/><figcaption class=\"wp-element-caption\">Miner\u00e1ly<\/figcaption><\/figure>\n\n\n\n<figure class=\"wp-block-image aligncenter size-large\"><img decoding=\"async\" width=\"70\" height=\"70\" src=\"https:\/\/obera.fr\/wp-content\/uploads\/2020\/08\/industrie-papier-carton.jpg\" alt=\"Papierensk\u00fd a kart\u00f3nov\u00fd priemysel\" class=\"wp-image-670\"\/><figcaption class=\"wp-element-caption\">Papier\/kart\u00f3n<\/figcaption><\/figure>\n<\/div>\n<\/div>\n<\/div>\n<\/div>\n\n\n\n<h3 class=\"wp-block-heading\">V optioN<\/h3>\n\n\n\n<div class=\"wp-block-columns is-layout-flex wp-container-core-columns-is-layout-28f84493 wp-block-columns-is-layout-flex\">\n<div class=\"wp-block-column is-layout-flow wp-block-column-is-layout-flow\">\n<figure class=\"wp-block-image aligncenter size-full is-resized\"><img decoding=\"async\" width=\"150\" height=\"150\" src=\"https:\/\/obera.fr\/wp-content\/uploads\/2022\/02\/ATEX.png\" alt=\"atex\" class=\"wp-image-8858\" style=\"width:108px;height:108px\"\/><figcaption class=\"wp-element-caption\">Atex<\/figcaption><\/figure>\n<\/div>\n\n\n\n<div class=\"wp-block-column is-layout-flow wp-block-column-is-layout-flow\">\n<figure class=\"wp-block-image aligncenter size-full is-resized\"><img decoding=\"async\" width=\"100\" height=\"100\" src=\"https:\/\/obera.fr\/wp-content\/uploads\/2020\/09\/lumiere-integree.jpg\" alt=\"Dym - prach\" class=\"wp-image-973\" style=\"width:105px;height:105px\"\/><figcaption class=\"wp-element-caption\">Integrovan\u00e9 svetlo<\/figcaption><\/figure>\n<\/div>\n\n\n\n<div class=\"wp-block-column is-layout-flow wp-block-column-is-layout-flow\"><\/div>\n\n\n\n<div class=\"wp-block-column is-layout-flow wp-block-column-is-layout-flow\"><\/div>\n<\/div>\n\n\n\n<div class=\"wp-block-buttons is-horizontal is-content-justification-center is-layout-flex wp-container-core-buttons-is-layout-03627597 wp-block-buttons-is-layout-flex\">\n<div class=\"wp-block-button has-custom-width wp-block-button__width-100\"><a class=\"wp-block-button__link wp-element-button\" href=\"https:\/\/obera.fr\/sk\/kontaktujte-nas\/\">Ve\u010d o tem<\/a><\/div>\n<\/div>\n\n\n\n<hr class=\"wp-block-separator has-css-opacity is-style-dots\"\/>\n\n\n\n<h2 class=\"wp-block-heading\">\u010eal\u0161ie produkty spolo\u010dnosti OberA na ods\u00e1vanie a zber<\/h2>\n\n\n\n<div class=\"wp-block-columns is-layout-flex wp-container-core-columns-is-layout-28f84493 wp-block-columns-is-layout-flex\">\n<div class=\"wp-block-column is-layout-flow wp-block-column-is-layout-flow\">\n<figure class=\"wp-block-image aligncenter size-thumbnail\"><a href=\"https:\/\/obera.fr\/?page_id=489\"><img decoding=\"async\" width=\"150\" height=\"150\" src=\"https:\/\/obera.fr\/wp-content\/uploads\/2020\/10\/table-SF-150x150.png\" alt=\"Ods\u00e1vacie stoly\" class=\"wp-image-1179\" srcset=\"https:\/\/obera.fr\/wp-content\/uploads\/2020\/10\/table-SF-150x150.png 150w, https:\/\/obera.fr\/wp-content\/uploads\/2020\/10\/table-SF-300x300.png 300w, https:\/\/obera.fr\/wp-content\/uploads\/2020\/10\/table-SF.png 433w\" sizes=\"(max-width: 150px) 100vw, 150px\" \/><\/a><figcaption class=\"wp-element-caption\">Ods\u00e1vacie stoly<\/figcaption><\/figure>\n<\/div>\n\n\n\n<div class=\"wp-block-column is-layout-flow wp-block-column-is-layout-flow\">\n<figure class=\"wp-block-image aligncenter size-thumbnail\"><a href=\"https:\/\/obera.fr\/produits\/bras-dispositifs-captation\/bras-de-laboratoire\/\"><img decoding=\"async\" width=\"150\" height=\"150\" src=\"https:\/\/obera.fr\/wp-content\/uploads\/2020\/11\/22-bras-de-labo-150x150.jpg\" alt=\"Laborat\u00f3rne ramen\u00e1\" class=\"wp-image-1662\" srcset=\"https:\/\/obera.fr\/wp-content\/uploads\/2020\/11\/22-bras-de-labo-150x150.jpg 150w, https:\/\/obera.fr\/wp-content\/uploads\/2020\/11\/22-bras-de-labo-300x300.jpg 300w, https:\/\/obera.fr\/wp-content\/uploads\/2020\/11\/22-bras-de-labo-1024x1024.jpg 1024w, https:\/\/obera.fr\/wp-content\/uploads\/2020\/11\/22-bras-de-labo-768x768.jpg 768w, https:\/\/obera.fr\/wp-content\/uploads\/2020\/11\/22-bras-de-labo.jpg 1500w\" sizes=\"(max-width: 150px) 100vw, 150px\" \/><\/a><figcaption class=\"wp-element-caption\">Laborat\u00f3rne ramen\u00e1<\/figcaption><\/figure>\n<\/div>\n\n\n\n<div class=\"wp-block-column is-layout-flow wp-block-column-is-layout-flow\">\n<figure class=\"wp-block-image aligncenter size-thumbnail\"><a href=\"https:\/\/obera.fr\/produits\/bras-dispositifs-captation\/dosserets-aspirants\/\"><img decoding=\"async\" width=\"150\" height=\"150\" src=\"https:\/\/obera.fr\/wp-content\/uploads\/2020\/10\/Dosserets-oberA-150x150.png\" alt=\"Splashbacks Obera\" class=\"wp-image-1174\"\/><\/a><figcaption class=\"wp-element-caption\">Ods\u00e1vacie backsplashe<\/figcaption><\/figure>\n<\/div>\n\n\n\n<div class=\"wp-block-column is-layout-flow wp-block-column-is-layout-flow\">\n<figure class=\"wp-block-image aligncenter size-thumbnail\"><a href=\"https:\/\/obera.fr\/produits\/bras-dispositifs-captation\/anneaux-de-pouyes\/\"><img decoding=\"async\" width=\"150\" height=\"150\" src=\"https:\/\/obera.fr\/wp-content\/uploads\/2022\/09\/Anneau-de-pouyes-2-150x150.jpg\" alt=\"prste\u0148 pouyes\" class=\"wp-image-14482\" srcset=\"https:\/\/obera.fr\/wp-content\/uploads\/2022\/09\/Anneau-de-pouyes-2-150x150.jpg 150w, https:\/\/obera.fr\/wp-content\/uploads\/2022\/09\/Anneau-de-pouyes-2-300x300.jpg 300w, https:\/\/obera.fr\/wp-content\/uploads\/2022\/09\/Anneau-de-pouyes-2.jpg 500w\" sizes=\"(max-width: 150px) 100vw, 150px\" \/><\/a><figcaption class=\"wp-element-caption\">Kuracie kr\u00fa\u017eky<\/figcaption><\/figure>\n<\/div>\n<\/div>\n\n\n\n<div class=\"wp-block-columns is-layout-flex wp-container-core-columns-is-layout-28f84493 wp-block-columns-is-layout-flex\">\n<div class=\"wp-block-column is-layout-flow wp-block-column-is-layout-flow\">\n<figure class=\"wp-block-image aligncenter size-thumbnail\"><a href=\"https:\/\/obera.fr\/produits\/bras-dispositifs-captation\/hotte-rectangulaire\/\"><img decoding=\"async\" width=\"150\" height=\"150\" src=\"https:\/\/obera.fr\/wp-content\/uploads\/2020\/10\/hotte-rectangulaire-150x150.png\" alt=\"Obd\u013a\u017enikov\u00e1 kapota\" class=\"wp-image-1178\" srcset=\"https:\/\/obera.fr\/wp-content\/uploads\/2020\/10\/hotte-rectangulaire-150x150.png 150w, https:\/\/obera.fr\/wp-content\/uploads\/2020\/10\/hotte-rectangulaire.png 158w\" sizes=\"(max-width: 150px) 100vw, 150px\" \/><\/a><figcaption class=\"wp-element-caption\">Priemyseln\u00e9 obd\u013a\u017enikov\u00e9 digestory<\/figcaption><\/figure>\n<\/div>\n\n\n\n<div class=\"wp-block-column is-layout-flow wp-block-column-is-layout-flow\">\n<figure class=\"wp-block-image aligncenter size-thumbnail\"><img decoding=\"async\" width=\"150\" height=\"150\" src=\"https:\/\/obera.fr\/wp-content\/uploads\/2024\/06\/hotte-de-captation-modulaire-600x600-1-150x150.png\" alt=\"Modul\u00e1rny digestor 600x600 1\" class=\"wp-image-31479\" srcset=\"https:\/\/obera.fr\/wp-content\/uploads\/2024\/06\/hotte-de-captation-modulaire-600x600-1-150x150.png 150w, https:\/\/obera.fr\/wp-content\/uploads\/2024\/06\/hotte-de-captation-modulaire-600x600-1-300x300.png 300w, https:\/\/obera.fr\/wp-content\/uploads\/2024\/06\/hotte-de-captation-modulaire-600x600-1-1024x1024.png 1024w, https:\/\/obera.fr\/wp-content\/uploads\/2024\/06\/hotte-de-captation-modulaire-600x600-1-768x768.png 768w, https:\/\/obera.fr\/wp-content\/uploads\/2024\/06\/hotte-de-captation-modulaire-600x600-1.png 1280w\" sizes=\"(max-width: 150px) 100vw, 150px\" \/><figcaption class=\"wp-element-caption\">Modul\u00e1rne ods\u00e1va\u010de p\u00e1r<\/figcaption><\/figure>\n<\/div>\n\n\n\n<div class=\"wp-block-column is-layout-flow wp-block-column-is-layout-flow\">\n<figure class=\"wp-block-image aligncenter size-full\"><a href=\"https:\/\/obera.fr\/produits\/bras-dispositifs-captation\/capot-industriel\/\"><img decoding=\"async\" width=\"150\" height=\"150\" src=\"https:\/\/obera.fr\/wp-content\/uploads\/2020\/10\/capots.png\" alt=\"Ods\u00e1vacie kapoty\" class=\"wp-image-1173\"\/><\/a><figcaption class=\"wp-element-caption\">Ods\u00e1vacia a zbern\u00e1 kapota<\/figcaption><\/figure>\n<\/div>\n\n\n\n<div class=\"wp-block-column is-layout-flow wp-block-column-is-layout-flow\"><\/div>\n<\/div>\n\n\n\n<p><\/p>\n","protected":false},"excerpt":{"rendered":"<p>Ods\u00e1vacie ramen\u00e1, zn\u00e1me aj ako ods\u00e1vacie ramen\u00e1 alebo k\u013abov\u00e9 ramen\u00e1, s\u00fa d\u00f4le\u017eit\u00fdm zbern\u00fdm zariaden\u00edm v priemysle a remesl\u00e1ch na vytvorenie \u010dist\u00e9ho a bezpe\u010dn\u00e9ho pracovn\u00e9ho prostredia. Ods\u00e1vacie ramen\u00e1 s\u00fa flexibiln\u00e9 a ve\u013emi \u010dasto sa pou\u017e\u00edvaj\u00fa v kombin\u00e1cii s ods\u00e1vac\u00edmi syst\u00e9mami. Ods\u00e1vacie syst\u00e9my zachyt\u00e1vaj\u00fa \u010dastice nas\u00e1van\u00e9 ods\u00e1vac\u00edm ramenom a filtrami. Ods\u00e1vacie ramen\u00e1 a ods\u00e1vacie syst\u00e9my s\u00fa nepostr\u00e1date\u013en\u00e9 v mnoh\u00fdch odvetviach, preto\u017ee pom\u00e1haj\u00fa zlep\u0161ova\u0165 kvalitu ovzdu\u0161ia, chr\u00e1ni\u0165 zdravie pracovn\u00edkov a zvy\u0161ova\u0165 produktivitu. Na dosiahnutie optim\u00e1lnych v\u00fdsledkov je d\u00f4le\u017eit\u00e9 vybra\u0165 ods\u00e1vacie rameno, ktor\u00e9 sp\u013a\u0148a \u0161pecifick\u00e9 po\u017eiadavky aplik\u00e1cie. Pon\u00fakame ods\u00e1vacie ramen\u00e1 odoln\u00e9 vo\u010di v\u00fdbuchu ATEX, kompatibiln\u00e9 s ESD a odoln\u00e9 vo\u010di chemik\u00e1li\u00e1m. N\u00e1\u0161 sortiment zah\u0155\u0148a &#8230; <\/p>\n<p class=\"read-more-container\"><a title=\"Priemyseln\u00e9 ods\u00e1vacie ramen\u00e1\" class=\"read-more button\" href=\"https:\/\/obera.fr\/sk\/produits\/bras-dispositifs-captation\/bras-hotte-ovale-rectangulaire\/#more-38836\" aria-label=\"Pre\u010d\u00edtajte si viac o Priemyseln\u00e9 ods\u00e1vacie ramen\u00e1\">Lire la suite<\/a><\/p>\n","protected":false},"author":4,"featured_media":83749,"parent":38347,"menu_order":0,"comment_status":"closed","ping_status":"closed","template":"","meta":{"_acf_changed":false,"_seopress_robots_primary_cat":"","_seopress_titles_title":"Ods\u00e1vacie ramen\u00e1 pre ov\u00e1lne a obd\u013a\u017enikov\u00e9 ods\u00e1va\u010de p\u00e1r - oberA","_seopress_titles_desc":"Ods\u00e1vacie ramen\u00e1 s\u00fa ide\u00e1lne na zachyt\u00e1vanie prachu, zv\u00e1rac\u00edch dymov a zne\u010dis\u0165uj\u00facich l\u00e1tok priamo na pracovisku.","_seopress_robots_index":"","footnotes":""},"class_list":{"0":"post-38836","1":"page","2":"type-page","3":"status-publish","4":"has-post-thumbnail","6":"no-featured-image-padding","7":"resize-featured-image"},"acf":[],"_links":{"self":[{"href":"https:\/\/obera.fr\/sk\/wp-json\/wp\/v2\/pages\/38836","targetHints":{"allow":["GET"]}}],"collection":[{"href":"https:\/\/obera.fr\/sk\/wp-json\/wp\/v2\/pages"}],"about":[{"href":"https:\/\/obera.fr\/sk\/wp-json\/wp\/v2\/types\/page"}],"author":[{"embeddable":true,"href":"https:\/\/obera.fr\/sk\/wp-json\/wp\/v2\/users\/4"}],"replies":[{"embeddable":true,"href":"https:\/\/obera.fr\/sk\/wp-json\/wp\/v2\/comments?post=38836"}],"version-history":[{"count":4,"href":"https:\/\/obera.fr\/sk\/wp-json\/wp\/v2\/pages\/38836\/revisions"}],"predecessor-version":[{"id":106354,"href":"https:\/\/obera.fr\/sk\/wp-json\/wp\/v2\/pages\/38836\/revisions\/106354"}],"up":[{"embeddable":true,"href":"https:\/\/obera.fr\/sk\/wp-json\/wp\/v2\/pages\/38347"}],"wp:featuredmedia":[{"embeddable":true,"href":"https:\/\/obera.fr\/sk\/wp-json\/wp\/v2\/media\/83749"}],"wp:attachment":[{"href":"https:\/\/obera.fr\/sk\/wp-json\/wp\/v2\/media?parent=38836"}],"curies":[{"name":"wp","href":"https:\/\/api.w.org\/{rel}","templated":true}]}}