{"id":46823,"date":"2020-08-26T16:21:27","date_gmt":"2020-08-26T14:21:27","guid":{"rendered":"https:\/\/obera.fr\/objavte-obera\/stretneme-sa\/"},"modified":"2025-06-20T15:51:57","modified_gmt":"2025-06-20T13:51:57","slug":"salons","status":"publish","type":"page","link":"https:\/\/obera.fr\/sk\/decouvrir\/salons\/","title":{"rendered":"Stretneme sa?"},"content":{"rendered":"\n<p>Ni\u017e\u0161ie si m\u00f4\u017eete pozrie\u0165 r\u00f4zne podujatia, na ktor\u00fdch sa z\u00fa\u010dastn\u00edme v roku 2025.<\/p>\n\n<p>Te\u0161\u00edme sa na stretnutie s vami.<\/p>\n\n<p><strong>OberA.<\/strong><\/p>\n\n<h2 class=\"wp-block-heading\" id=\"prochains-evenements\">Nadch\u00e1dzaj\u00face podujatia 2025<\/h2>\n\n<div class=\"wp-block-columns are-vertically-aligned-center is-layout-flex wp-container-core-columns-is-layout-28f84493 wp-block-columns-is-layout-flex\">\n<div class=\"wp-block-column is-vertically-aligned-center is-layout-flow wp-block-column-is-layout-flow\" style=\"flex-basis:33.33%\">\n<figure class=\"wp-block-image aligncenter size-full is-resized\"><img decoding=\"async\" width=\"287\" height=\"60\" src=\"https:\/\/obera.fr\/wp-content\/uploads\/2024\/12\/preventica.png\" alt=\"preventica obera\" class=\"wp-image-57169\" style=\"width:320px;height:auto\"\/><\/figure>\n<\/div>\n\n\n\n<div class=\"wp-block-column is-vertically-aligned-center is-layout-flow wp-block-column-is-layout-flow\" style=\"flex-basis:66.66%\">\n<h3 class=\"wp-block-heading has-text-align-left\" id=\"sitl-villepinte-2022\">Pr\u00e9ventica Bordeaux<\/h3>\n\n\n\n<p>Spolo\u010dnos\u0165 OberA sa na v\u00fdstavisku predstav\u00ed v st\u00e1nku H24 od <strong>14. do 16. okt\u00f3bra 2025.<\/strong><\/p>\n\n\n\n<p><\/p>\n<\/div>\n<\/div>\n\n<div style=\"height:34px\" aria-hidden=\"true\" class=\"wp-block-spacer\"><\/div>\n\n<h2 class=\"wp-block-heading\" id=\"evenements-passes\">Udalosti v minulosti<\/h2>\n\n<h3 class=\"wp-block-heading\">Na\u0161e podujatia v roku 2025<\/h3>\n\n<div class=\"wp-block-columns is-layout-flex wp-container-core-columns-is-layout-28f84493 wp-block-columns-is-layout-flex\">\n<div class=\"wp-block-column is-layout-flow wp-block-column-is-layout-flow\" style=\"flex-basis:33.33%\">\n<figure class=\"wp-block-image aligncenter size-full is-resized\"><img decoding=\"async\" width=\"287\" height=\"60\" src=\"https:\/\/obera.fr\/wp-content\/uploads\/2024\/12\/preventica.png\" alt=\"preventica obera\" class=\"wp-image-57169\" style=\"width:320px;height:auto\"\/><\/figure>\n<\/div>\n\n\n\n<div class=\"wp-block-column is-layout-flow wp-block-column-is-layout-flow\" style=\"flex-basis:66.66%\">\n<h3 class=\"wp-block-heading\" id=\"sitl-villepinte-2022\">Pr\u00e9ventica Paris<\/h3>\n\n\n\n<p>OberA bude na ve\u013etrhu Preventica Paris na Porte de Versailles od <strong>10. do 12. j\u00fana 2025<\/strong><\/p>\n\n\n\n<p><\/p>\n<\/div>\n<\/div>\n\n<div class=\"wp-block-columns are-vertically-aligned-center is-layout-flex wp-container-core-columns-is-layout-28f84493 wp-block-columns-is-layout-flex\">\n<div class=\"wp-block-column is-vertically-aligned-center is-layout-flow wp-block-column-is-layout-flow\" style=\"flex-basis:33.33%\">\n<figure class=\"wp-block-image aligncenter size-full is-resized\"><img decoding=\"async\" width=\"604\" height=\"162\" src=\"https:\/\/obera.fr\/wp-content\/uploads\/2024\/12\/sepem-douai-obera.png\" alt=\"sepem douai obera\" class=\"wp-image-57328\" style=\"width:320px;height:auto\" srcset=\"https:\/\/obera.fr\/wp-content\/uploads\/2024\/12\/sepem-douai-obera.png 604w, https:\/\/obera.fr\/wp-content\/uploads\/2024\/12\/sepem-douai-obera-300x80.png 300w, https:\/\/obera.fr\/wp-content\/uploads\/2024\/12\/sepem-douai-obera-600x162.png 600w\" sizes=\"(max-width: 604px) 100vw, 604px\" \/><\/figure>\n\n\n\n<p><\/p>\n<\/div>\n\n\n\n<div class=\"wp-block-column is-vertically-aligned-center is-layout-flow wp-block-column-is-layout-flow\" style=\"flex-basis:66.66%\">\n<h3 class=\"wp-block-heading\" id=\"sitl-villepinte-2022\">SEPEM Douai<\/h3>\n\n\n\n<p>Spolo\u010dnos\u0165 OberA sa z\u00fa\u010dastnila na ve\u013etrhu SEPEM 2025 v Douai <strong>od 28. do 30. janu\u00e1ra 2025.<\/strong><\/p>\n\n\n\n<p><\/p>\n<\/div>\n<\/div>\n\n<div class=\"wp-block-columns is-layout-flex wp-container-core-columns-is-layout-28f84493 wp-block-columns-is-layout-flex\">\n<div class=\"wp-block-column is-layout-flow wp-block-column-is-layout-flow\" style=\"flex-basis:33.33%\">\n<figure class=\"wp-block-image aligncenter size-large is-resized\"><img decoding=\"async\" width=\"1024\" height=\"279\" src=\"https:\/\/obera.fr\/wp-content\/uploads\/2024\/12\/jec-world-2025-obera-1024x279.jpg\" alt=\"jec world 2025 obera\" class=\"wp-image-57147\" style=\"width:344px;height:auto\" srcset=\"https:\/\/obera.fr\/wp-content\/uploads\/2024\/12\/jec-world-2025-obera-1024x279.jpg 1024w, https:\/\/obera.fr\/wp-content\/uploads\/2024\/12\/jec-world-2025-obera-300x82.jpg 300w, https:\/\/obera.fr\/wp-content\/uploads\/2024\/12\/jec-world-2025-obera-768x209.jpg 768w, https:\/\/obera.fr\/wp-content\/uploads\/2024\/12\/jec-world-2025-obera.jpg 1412w\" sizes=\"(max-width: 1024px) 100vw, 1024px\" \/><\/figure>\n<\/div>\n\n\n\n<div class=\"wp-block-column is-layout-flow wp-block-column-is-layout-flow\" style=\"flex-basis:66.66%\">\n<h3 class=\"wp-block-heading\" id=\"sitl-villepinte-2022\">JEC World 2025<\/h3>\n\n\n\n<p>Spolo\u010dnos\u0165 OberA sa v d\u0148och <strong>4. a\u017e 6. marca 2025<\/strong> prezentovala na st\u00e1nku 6C73 na ve\u013etrhu Paris-Nord Villepinte.<\/p>\n<\/div>\n<\/div>\n\n<div style=\"height:34px\" aria-hidden=\"true\" class=\"wp-block-spacer\"><\/div>\n\n<h3 class=\"wp-block-heading\">Na\u0161e podujatia v roku 2024<\/h3>\n\n<div class=\"wp-block-columns are-vertically-aligned-center is-layout-flex wp-container-core-columns-is-layout-28f84493 wp-block-columns-is-layout-flex\">\n<div class=\"wp-block-column is-vertically-aligned-center is-layout-flow wp-block-column-is-layout-flow\" style=\"flex-basis:33.33%\">\n<figure class=\"wp-block-image aligncenter size-full is-resized\"><img decoding=\"async\" width=\"341\" height=\"85\" src=\"https:\/\/obera.fr\/wp-content\/uploads\/2024\/09\/screenshot-2024-09-23-at-17-45-25-accueil-sepem-torino.png\" alt=\"SEPEM Tur&#xED;n 2024\" class=\"wp-image-35089\" style=\"width:320px;height:auto\" srcset=\"https:\/\/obera.fr\/wp-content\/uploads\/2024\/09\/screenshot-2024-09-23-at-17-45-25-accueil-sepem-torino.png 341w, https:\/\/obera.fr\/wp-content\/uploads\/2024\/09\/screenshot-2024-09-23-at-17-45-25-accueil-sepem-torino-300x75.png 300w\" sizes=\"(max-width: 341px) 100vw, 341px\" \/><\/figure>\n<\/div>\n\n\n\n<div class=\"wp-block-column is-vertically-aligned-center is-layout-flow wp-block-column-is-layout-flow\" style=\"flex-basis:66.66%\">\n<h3 class=\"wp-block-heading\" id=\"sitl-villepinte-2022\">SEPEM Tur\u00edn 2024<\/h3>\n\n\n\n<p>Spolo\u010dnos\u0165 OberA sa z\u00fa\u010dastnila na ve\u013etrhu SEPEM v Tur\u00edne <strong>od 3. do 4. decembra 2024<\/strong><\/p>\n\n\n\n<p><\/p>\n<\/div>\n<\/div>\n\n<div class=\"wp-block-columns are-vertically-aligned-center is-layout-flex wp-container-core-columns-is-layout-28f84493 wp-block-columns-is-layout-flex\">\n<div class=\"wp-block-column is-vertically-aligned-center is-layout-flow wp-block-column-is-layout-flow\" style=\"flex-basis:33.33%\">\n<figure class=\"wp-block-image aligncenter size-full is-resized\"><img decoding=\"async\" width=\"2048\" height=\"678\" src=\"https:\/\/obera.fr\/wp-content\/uploads\/2024\/09\/as_messe_logo_4c-2048x678-1.png\" alt=\"Arbeitsschutz Aktuell Stuttgart\" class=\"wp-image-34549\" style=\"width:320px;height:auto\" srcset=\"https:\/\/obera.fr\/wp-content\/uploads\/2024\/09\/as_messe_logo_4c-2048x678-1.png 2048w, https:\/\/obera.fr\/wp-content\/uploads\/2024\/09\/as_messe_logo_4c-2048x678-1-300x99.png 300w, https:\/\/obera.fr\/wp-content\/uploads\/2024\/09\/as_messe_logo_4c-2048x678-1-1024x339.png 1024w, https:\/\/obera.fr\/wp-content\/uploads\/2024\/09\/as_messe_logo_4c-2048x678-1-768x254.png 768w, https:\/\/obera.fr\/wp-content\/uploads\/2024\/09\/as_messe_logo_4c-2048x678-1-1536x509.png 1536w\" sizes=\"(max-width: 2048px) 100vw, 2048px\" \/><\/figure>\n<\/div>\n\n\n\n<div class=\"wp-block-column is-vertically-aligned-center is-layout-flow wp-block-column-is-layout-flow\" style=\"flex-basis:66.66%\">\n<h3 class=\"wp-block-heading\" id=\"sitl-villepinte-2022\">Arbeitsschutz Aktuell Stuttgart 2024<\/h3>\n\n\n\n<p>Spolo\u010dnos\u0165 OberA sa z\u00fa\u010dastnila na konferencii <a href=\"https:\/\/arbeitsschutz-aktuell.hinte-messe.de\/\" target=\"_blank\" rel=\"noreferrer noopener\">Arbeitsschutz Aktuell<\/a> v d\u0148och <strong>5. a\u017e 7. novembra 2024<\/strong><\/p>\n<\/div>\n<\/div>\n\n<div class=\"wp-block-columns are-vertically-aligned-center is-layout-flex wp-container-core-columns-is-layout-28f84493 wp-block-columns-is-layout-flex\">\n<div class=\"wp-block-column is-vertically-aligned-center is-layout-flow wp-block-column-is-layout-flow\" style=\"flex-basis:33.33%\">\n<figure class=\"wp-block-image aligncenter size-full is-resized\"><img decoding=\"async\" width=\"1200\" height=\"431\" src=\"https:\/\/obera.fr\/wp-content\/uploads\/2024\/06\/visuels-1200-x-630-px-3.jpg\" alt=\"Preventica Lyon 8. a&#x17E; 10. okt&#xF3;bra 2024\" class=\"wp-image-32422\" style=\"width:320px;height:auto\" srcset=\"https:\/\/obera.fr\/wp-content\/uploads\/2024\/06\/visuels-1200-x-630-px-3.jpg 1200w, https:\/\/obera.fr\/wp-content\/uploads\/2024\/06\/visuels-1200-x-630-px-3-300x108.jpg 300w, https:\/\/obera.fr\/wp-content\/uploads\/2024\/06\/visuels-1200-x-630-px-3-1024x368.jpg 1024w, https:\/\/obera.fr\/wp-content\/uploads\/2024\/06\/visuels-1200-x-630-px-3-768x276.jpg 768w\" sizes=\"(max-width: 1200px) 100vw, 1200px\" \/><\/figure>\n<\/div>\n\n\n\n<div class=\"wp-block-column is-vertically-aligned-center is-layout-flow wp-block-column-is-layout-flow\" style=\"flex-basis:66.66%\">\n<h3 class=\"wp-block-heading\" id=\"sitl-villepinte-2022\">Preventica Lyon 2024<\/h3>\n\n\n\n<p>Spolo\u010dnos\u0165 OberA bola v Sal\u00f3ne 5 na ve\u013etrhu <a href=\"https:\/\/www.preventica.com\/congres-salon-preventica-lyon-2024.php\">Preventica<\/a> v Lyone od 8. do 10. okt\u00f3bra 2024<\/p>\n<\/div>\n<\/div>\n\n<div class=\"wp-block-columns are-vertically-aligned-center is-layout-flex wp-container-core-columns-is-layout-28f84493 wp-block-columns-is-layout-flex\">\n<div class=\"wp-block-column is-vertically-aligned-center is-layout-flow wp-block-column-is-layout-flow\" style=\"flex-basis:33.33%\">\n<figure class=\"wp-block-image aligncenter size-full is-resized\"><img decoding=\"async\" width=\"572\" height=\"240\" src=\"https:\/\/obera.fr\/wp-content\/uploads\/2024\/04\/25720.jpg\" alt=\"25720\" class=\"wp-image-29832\" style=\"width:320px;height:auto\" srcset=\"https:\/\/obera.fr\/wp-content\/uploads\/2024\/04\/25720.jpg 572w, https:\/\/obera.fr\/wp-content\/uploads\/2024\/04\/25720-300x126.jpg 300w\" sizes=\"(max-width: 572px) 100vw, 572px\" \/><\/figure>\n<\/div>\n\n\n\n<div class=\"wp-block-column is-vertically-aligned-center is-layout-flow wp-block-column-is-layout-flow\" style=\"flex-basis:66.66%\">\n<h3 class=\"wp-block-heading\" id=\"sitl-villepinte-2022\">Preventica \u0160trasburg 2024<\/h3>\n\n\n\n<p>Spolo\u010dnos\u0165 OberA sa z\u00fa\u010dastnila na ve\u013etrhu <a href=\"https:\/\/www.preventica.com\/congres-salon-preventica-strasbourg-2024.php\">Preventica v \u0160trasburgu<\/a> v d\u0148och 18. a\u017e 20. j\u00fana 2024.<\/p>\n<\/div>\n<\/div>\n\n<div style=\"height:25px\" aria-hidden=\"true\" class=\"wp-block-spacer\"><\/div>\n\n<div class=\"wp-block-columns are-vertically-aligned-center is-layout-flex wp-container-core-columns-is-layout-28f84493 wp-block-columns-is-layout-flex\">\n<div class=\"wp-block-column is-vertically-aligned-center is-layout-flow wp-block-column-is-layout-flow\" style=\"flex-basis:33.33%\">\n<figure class=\"wp-block-image aligncenter size-full\"><img decoding=\"async\" width=\"1107\" height=\"276\" src=\"https:\/\/obera.fr\/wp-content\/uploads\/2024\/04\/logo_sepem_est_blocdate_2024-hd_0.png\" alt=\"logo sepem est blocdate 2024 hd 0\" class=\"wp-image-29823\" srcset=\"https:\/\/obera.fr\/wp-content\/uploads\/2024\/04\/logo_sepem_est_blocdate_2024-hd_0.png 1107w, https:\/\/obera.fr\/wp-content\/uploads\/2024\/04\/logo_sepem_est_blocdate_2024-hd_0-300x75.png 300w, https:\/\/obera.fr\/wp-content\/uploads\/2024\/04\/logo_sepem_est_blocdate_2024-hd_0-1024x255.png 1024w, https:\/\/obera.fr\/wp-content\/uploads\/2024\/04\/logo_sepem_est_blocdate_2024-hd_0-768x191.png 768w\" sizes=\"(max-width: 1107px) 100vw, 1107px\" \/><\/figure>\n<\/div>\n\n\n\n<div class=\"wp-block-column is-vertically-aligned-center is-layout-flow wp-block-column-is-layout-flow\" style=\"flex-basis:66.66%\">\n<h3 class=\"wp-block-heading\" id=\"sitl-villepinte-2022\">SEPEM Colmar 2024<\/h3>\n\n\n\n<p>Spolo\u010dnos\u0165 OberA sa z\u00fa\u010dastnila na ve\u013etrhu SEPEM v <strong>Colmare <\/strong>v d\u0148och 4. a\u017e 6. j\u00fana 2024.<\/p>\n<\/div>\n<\/div>\n\n<div style=\"height:25px\" aria-hidden=\"true\" class=\"wp-block-spacer\"><\/div>\n\n<div class=\"wp-block-columns are-vertically-aligned-center is-layout-flex wp-container-core-columns-is-layout-28f84493 wp-block-columns-is-layout-flex\">\n<div class=\"wp-block-column is-vertically-aligned-center is-layout-flow wp-block-column-is-layout-flow\" style=\"flex-basis:33.33%\">\n<figure class=\"wp-block-image aligncenter size-full is-resized\"><img decoding=\"async\" width=\"642\" height=\"270\" src=\"https:\/\/obera.fr\/wp-content\/uploads\/2024\/04\/preventica-casablanca-2024.jpg\" alt=\"preventica casablanca 2024\" class=\"wp-image-29818\" style=\"width:381px;height:auto\" srcset=\"https:\/\/obera.fr\/wp-content\/uploads\/2024\/04\/preventica-casablanca-2024.jpg 642w, https:\/\/obera.fr\/wp-content\/uploads\/2024\/04\/preventica-casablanca-2024-300x126.jpg 300w\" sizes=\"(max-width: 642px) 100vw, 642px\" \/><\/figure>\n<\/div>\n\n\n\n<div class=\"wp-block-column is-vertically-aligned-center is-layout-flow wp-block-column-is-layout-flow\" style=\"flex-basis:66.66%\">\n<h3 class=\"wp-block-heading\" id=\"sitl-villepinte-2022\">Preventica Casablanca 2024<\/h3>\n\n\n\n<p>Spolo\u010dnos\u0165 OberA sa z\u00fa\u010dastnila na ve\u013etrhu <a href=\"https:\/\/www.preventica.ma\/\">Preventica v <strong>Casablance<\/strong><\/a> od 21. do 23. m\u00e1ja 2024.<\/p>\n<\/div>\n<\/div>\n\n<div style=\"height:25px\" aria-hidden=\"true\" class=\"wp-block-spacer\"><\/div>\n\n<div class=\"wp-block-columns are-vertically-aligned-center is-layout-flex wp-container-core-columns-is-layout-28f84493 wp-block-columns-is-layout-flex\">\n<div class=\"wp-block-column is-vertically-aligned-center is-layout-flow wp-block-column-is-layout-flow\" style=\"flex-basis:33.33%\">\n<figure class=\"wp-block-image aligncenter size-full\"><img decoding=\"async\" width=\"240\" height=\"112\" src=\"https:\/\/obera.fr\/wp-content\/uploads\/2024\/02\/screenshot-2024-02-06-at-12-16-26-cfia-rennes-2024.png\" alt=\"sn&#xED;mka obrazovky 2024 02 06 o 12 16 26 cfia rennes 2024\" class=\"wp-image-27856\"\/><\/figure>\n<\/div>\n\n\n\n<div class=\"wp-block-column is-vertically-aligned-center is-layout-flow wp-block-column-is-layout-flow\" style=\"flex-basis:66.66%\">\n<h3 class=\"wp-block-heading\" id=\"sitl-villepinte-2022\">CFIA 2024 v Rennes  <\/h3>\n\n\n\n<p>Spolo\u010dnos\u0165 OberA sa z\u00fa\u010dastnila na konferencii CFIA 2024 v <strong>Rennes<\/strong> v d\u0148och 12. a\u017e 14. marca 2024.<\/p>\n<\/div>\n<\/div>\n\n<div style=\"height:25px\" aria-hidden=\"true\" class=\"wp-block-spacer\"><\/div>\n\n<div class=\"wp-block-columns are-vertically-aligned-center is-layout-flex wp-container-core-columns-is-layout-28f84493 wp-block-columns-is-layout-flex\">\n<div class=\"wp-block-column is-vertically-aligned-center is-layout-flow wp-block-column-is-layout-flow\" style=\"flex-basis:33.33%\">\n<figure class=\"wp-block-image aligncenter size-medium\"><img decoding=\"async\" width=\"300\" height=\"161\" src=\"https:\/\/obera.fr\/wp-content\/uploads\/2024\/02\/jec-world-2024-300x161.jpeg\" alt=\"jec world 2024\" class=\"wp-image-27765\" srcset=\"https:\/\/obera.fr\/wp-content\/uploads\/2024\/02\/jec-world-2024-300x161.jpeg 300w, https:\/\/obera.fr\/wp-content\/uploads\/2024\/02\/jec-world-2024-1024x550.jpeg 1024w, https:\/\/obera.fr\/wp-content\/uploads\/2024\/02\/jec-world-2024-768x413.jpeg 768w, https:\/\/obera.fr\/wp-content\/uploads\/2024\/02\/jec-world-2024.jpeg 1172w\" sizes=\"(max-width: 300px) 100vw, 300px\" \/><\/figure>\n<\/div>\n\n\n\n<div class=\"wp-block-column is-vertically-aligned-center is-layout-flow wp-block-column-is-layout-flow\" style=\"flex-basis:66.66%\">\n<h3 class=\"wp-block-heading\" id=\"sitl-villepinte-2022\">Svetov\u00e1 v\u00fdstava kompozitov JEC 2024<\/h3>\n\n\n\n<p>Spolo\u010dnos\u0165 OberA sa z\u00fa\u010dastnila na <a href=\"https:\/\/www.jec-world.events\/\" data-type=\"link\" data-id=\"https:\/\/www.jec-world.events\/\">ve\u013etrhu JEC Composites Show<\/a> v Par\u00ed\u017ei od 5. do 7. marca 2024.<\/p>\n<\/div>\n<\/div>\n\n<div style=\"height:25px\" aria-hidden=\"true\" class=\"wp-block-spacer\"><\/div>\n\n<h3 class=\"wp-block-heading\">Na\u0161e podujatia v roku 2023<\/h3>\n\n<div class=\"wp-block-columns is-layout-flex wp-container-core-columns-is-layout-28f84493 wp-block-columns-is-layout-flex\">\n<div class=\"wp-block-column is-layout-flow wp-block-column-is-layout-flow\" style=\"flex-basis:33.33%\">\n<figure class=\"wp-block-image aligncenter size-full is-resized\"><img decoding=\"async\" width=\"290\" height=\"174\" src=\"https:\/\/obera.fr\/wp-content\/uploads\/2022\/06\/Sans-titre-1.png\" alt=\"Euro dod&#xE1;vate&#x13E;sk&#xFD; re&#x165;azec Mulhouse 2023\" class=\"wp-image-13152\"\/><\/figure>\n<\/div>\n\n\n\n<div class=\"wp-block-column is-layout-flow wp-block-column-is-layout-flow\" style=\"flex-basis:66.66%\">\n<h3 class=\"wp-block-heading\" id=\"sepem-grenoble-2022\">euro DOD\u00c1VKOV\u00dd RE\u0164AZEC MULHOUSE 2023<\/h3>\n\n\n\n<p>Spolo\u010dnos\u0165 OberA sa 8. j\u00fana 2023 z\u00fa\u010dastnila na ve\u013etrhu Euro Supply Chain <strong>Mulhouse <\/strong>.  <\/p>\n<\/div>\n<\/div>\n\n<div style=\"height:25px\" aria-hidden=\"true\" class=\"wp-block-spacer\"><\/div>\n\n<div class=\"wp-block-columns is-layout-flex wp-container-core-columns-is-layout-28f84493 wp-block-columns-is-layout-flex\">\n<div class=\"wp-block-column is-vertically-aligned-center is-layout-flow wp-block-column-is-layout-flow\" style=\"flex-basis:33.33%\">\n<figure class=\"wp-block-image aligncenter size-medium is-resized\"><img decoding=\"async\" width=\"300\" height=\"75\" src=\"https:\/\/obera.fr\/wp-content\/uploads\/2022\/09\/Logo_SEPEM_Sud_Est_blocdate_2023_0-300x75.png\" alt=\"sepem sud est 2023 logo\" class=\"wp-image-14647\" srcset=\"https:\/\/obera.fr\/wp-content\/uploads\/2022\/09\/Logo_SEPEM_Sud_Est_blocdate_2023_0-300x75.png 300w, https:\/\/obera.fr\/wp-content\/uploads\/2022\/09\/Logo_SEPEM_Sud_Est_blocdate_2023_0.png 600w\" sizes=\"(max-width: 300px) 100vw, 300px\" \/><\/figure>\n<\/div>\n\n\n\n<div class=\"wp-block-column is-layout-flow wp-block-column-is-layout-flow\" style=\"flex-basis:66.66%\">\n<h3 class=\"wp-block-heading\" id=\"sepem-grenoble-2022\">SEPEM MARTIGUES 2023<\/h3>\n\n\n\n<p>Spolo\u010dnos\u0165 OberA bola v d\u0148och 6. a\u017e 8. j\u00fana 2023 na ve\u013etrhu SEPEM <strong>Martigues<\/strong>.<\/p>\n<\/div>\n<\/div>\n\n<div style=\"height:25px\" aria-hidden=\"true\" class=\"wp-block-spacer\"><\/div>\n\n<div class=\"wp-block-columns are-vertically-aligned-center is-layout-flex wp-container-core-columns-is-layout-28f84493 wp-block-columns-is-layout-flex\">\n<div class=\"wp-block-column is-vertically-aligned-center is-layout-flow wp-block-column-is-layout-flow\" style=\"flex-basis:33.33%\">\n<figure class=\"wp-block-image aligncenter size-medium is-resized\"><img decoding=\"async\" width=\"300\" height=\"78\" src=\"https:\/\/obera.fr\/wp-content\/uploads\/2022\/06\/logo-preventica-300x78.png\" alt=\"logo preventica 2023\" class=\"wp-image-13130\" srcset=\"https:\/\/obera.fr\/wp-content\/uploads\/2022\/06\/logo-preventica-300x78.png 300w, https:\/\/obera.fr\/wp-content\/uploads\/2022\/06\/logo-preventica-1024x265.png 1024w, https:\/\/obera.fr\/wp-content\/uploads\/2022\/06\/logo-preventica-768x199.png 768w, https:\/\/obera.fr\/wp-content\/uploads\/2022\/06\/logo-preventica-1536x398.png 1536w, https:\/\/obera.fr\/wp-content\/uploads\/2022\/06\/logo-preventica.png 1843w\" sizes=\"(max-width: 300px) 100vw, 300px\" \/><\/figure>\n<\/div>\n\n\n\n<div class=\"wp-block-column is-vertically-aligned-center is-layout-flow wp-block-column-is-layout-flow\" style=\"flex-basis:66.66%\">\n<h3 class=\"wp-block-heading\" id=\"sitl-villepinte-2022\">PREVENTICA 2023<\/h3>\n\n\n\n<p>Spolo\u010dnos\u0165 OberA sa z\u00fa\u010dastnila na ve\u013etrhu <a href=\"https:\/\/www.preventica.com\/congres-salon-preventica-paris-2023-infos-pratiques.php\">Pr\u00e9ventica <\/a>v <strong>par\u00ed\u017eskom Portes de Versailles<\/strong> od 23. do 25. m\u00e1ja 2023.<\/p>\n<\/div>\n<\/div>\n\n<div style=\"height:25px\" aria-hidden=\"true\" class=\"wp-block-spacer\"><\/div>\n\n<div class=\"wp-block-columns are-vertically-aligned-center is-layout-flex wp-container-core-columns-is-layout-28f84493 wp-block-columns-is-layout-flex\">\n<div class=\"wp-block-column is-vertically-aligned-center is-layout-flow wp-block-column-is-layout-flow\" style=\"flex-basis:33.33%\">\n<figure class=\"wp-block-image aligncenter size-full\"><img decoding=\"async\" width=\"225\" height=\"56\" src=\"https:\/\/obera.fr\/wp-content\/uploads\/2022\/12\/07-10-mars-2023-2.png\" alt=\"JEC Composites show 2023\" class=\"wp-image-16887\"\/><\/figure>\n<\/div>\n\n\n\n<div class=\"wp-block-column is-vertically-aligned-center is-layout-flow wp-block-column-is-layout-flow\" style=\"flex-basis:66.66%\">\n<h3 class=\"wp-block-heading\" id=\"sitl-villepinte-2022\">Svetov\u00e1 v\u00fdstava kompozitov JEC 2023<\/h3>\n\n\n\n<p>Spolo\u010dnos\u0165 OberA sa z\u00fa\u010dastnila na ve\u013etrhu JEC Composites Show v <strong>Par\u00ed\u017ei Nord Villepinte<\/strong> od 25. do 27. apr\u00edla 2023.<\/p>\n<\/div>\n<\/div>\n\n<div style=\"height:25px\" aria-hidden=\"true\" class=\"wp-block-spacer\"><\/div>\n\n<div class=\"wp-block-columns are-vertically-aligned-center is-layout-flex wp-container-core-columns-is-layout-28f84493 wp-block-columns-is-layout-flex\">\n<div class=\"wp-block-column is-vertically-aligned-center is-layout-flow wp-block-column-is-layout-flow\" style=\"flex-basis:33.33%\">\n<figure class=\"wp-block-image aligncenter size-medium is-resized\"><img decoding=\"async\" width=\"300\" height=\"186\" src=\"https:\/\/obera.fr\/wp-content\/uploads\/2021\/09\/LogoSiTL-couleurs_v2-300x186.png\" alt=\"Logo SITL 2023\" class=\"wp-image-6989\" srcset=\"https:\/\/obera.fr\/wp-content\/uploads\/2021\/09\/LogoSiTL-couleurs_v2-300x186.png 300w, https:\/\/obera.fr\/wp-content\/uploads\/2021\/09\/LogoSiTL-couleurs_v2.png 592w\" sizes=\"(max-width: 300px) 100vw, 300px\" \/><\/figure>\n<\/div>\n\n\n\n<div class=\"wp-block-column is-vertically-aligned-center is-layout-flow wp-block-column-is-layout-flow\" style=\"flex-basis:66.66%\">\n<h3 class=\"wp-block-heading\" id=\"sitl-villepinte-2022\">SITL PORTE DE VERSAILLES 2023<\/h3>\n\n\n\n<p>Spolo\u010dnos\u0165 OberA sa z\u00fa\u010dastnila na v\u00fdstave SITL v <strong>par\u00ed\u017eskom Porte de Versailles<\/strong> od 28. do 30. marca 2023.<\/p>\n<\/div>\n<\/div>\n\n<div style=\"height:25px\" aria-hidden=\"true\" class=\"wp-block-spacer\"><\/div>\n\n<div class=\"wp-block-columns are-vertically-aligned-center is-layout-flex wp-container-core-columns-is-layout-28f84493 wp-block-columns-is-layout-flex\">\n<div class=\"wp-block-column is-vertically-aligned-center is-layout-flow wp-block-column-is-layout-flow\" style=\"flex-basis:33.33%\">\n<figure class=\"wp-block-image aligncenter size-full is-resized\"><img decoding=\"async\" width=\"225\" height=\"56\" src=\"https:\/\/obera.fr\/wp-content\/uploads\/2022\/11\/07-10-mars-2023.png\" alt=\"Glob&#xE1;lny priemysel Lyon 2023\" class=\"wp-image-16106\"\/><\/figure>\n<\/div>\n\n\n\n<div class=\"wp-block-column is-vertically-aligned-center is-layout-flow wp-block-column-is-layout-flow\" style=\"flex-basis:66.66%\">\n<h3 class=\"wp-block-heading\" id=\"sitl-villepinte-2022\">GLOB\u00c1LNY PRIEMYSEL 2023<\/h3>\n\n\n\n<p>Spolo\u010dnos\u0165 OberA sa z\u00fa\u010dastnila na ve\u013etrhu <a href=\"https:\/\/www.preventica.com\/congres-salon-preventica-paris-2023-infos-pratiques.php\">Global Industrie <\/a>v<strong> Lyone <\/strong>Eurexpo<strong> <\/strong>od 7. do 10. marca 2023.<\/p>\n<\/div>\n<\/div>\n\n<div style=\"height:25px\" aria-hidden=\"true\" class=\"wp-block-spacer\"><\/div>\n\n<h3 class=\"wp-block-heading\">Na\u0161e podujatia v roku 2022<\/h3>\n\n<div class=\"wp-block-columns is-layout-flex wp-container-core-columns-is-layout-28f84493 wp-block-columns-is-layout-flex\">\n<div class=\"wp-block-column is-vertically-aligned-center is-layout-flow wp-block-column-is-layout-flow\" style=\"flex-basis:33.33%\">\n<figure class=\"wp-block-image aligncenter size-full is-resized\"><img decoding=\"async\" width=\"225\" height=\"56\" src=\"https:\/\/obera.fr\/wp-content\/uploads\/2022\/11\/sans-titre-2022-11-23t083000.127.png\" alt=\"Priemyseln&#xFD; ve&#x13E;trh SEPEM Grenoble\" class=\"wp-image-16099\"\/><\/figure>\n<\/div>\n\n\n\n<div class=\"wp-block-column is-layout-flow wp-block-column-is-layout-flow\" style=\"flex-basis:66.66%\">\n<h3 class=\"wp-block-heading\" id=\"sepem-grenoble-2022\">SEPEM GRENOBLE 2022<\/h3>\n\n\n\n<p>Spolo\u010dnos\u0165 OberA sa z\u00fa\u010dastnila na priemyselnej v\u00fdstave SEPEM Grenoble v d\u0148och 22. a\u017e 24. novembra 2022.<\/p>\n<\/div>\n<\/div>\n\n<div style=\"height:25px\" aria-hidden=\"true\" class=\"wp-block-spacer\"><\/div>\n\n<div class=\"wp-block-columns is-layout-flex wp-container-core-columns-is-layout-28f84493 wp-block-columns-is-layout-flex\">\n<div class=\"wp-block-column is-vertically-aligned-top is-layout-flow wp-block-column-is-layout-flow\" style=\"flex-basis:33.3%\">\n<figure class=\"wp-block-image aligncenter size-full is-resized\"><img decoding=\"async\" width=\"350\" height=\"288\" src=\"https:\/\/obera.fr\/wp-content\/uploads\/2022\/10\/logo_ws_france_pms302_rgb-1.png\" alt=\"logo wordskills francia  &#10;\" class=\"wp-image-15549\" style=\"width:177px;height:auto\" srcset=\"https:\/\/obera.fr\/wp-content\/uploads\/2022\/10\/logo_ws_france_pms302_rgb-1.png 350w, https:\/\/obera.fr\/wp-content\/uploads\/2022\/10\/logo_ws_france_pms302_rgb-1-300x247.png 300w\" sizes=\"(max-width: 350px) 100vw, 350px\" \/><\/figure>\n\n\n\n<div style=\"height:25px\" aria-hidden=\"true\" class=\"wp-block-spacer\"><\/div>\n<\/div>\n\n\n\n<div class=\"wp-block-column is-layout-flow wp-block-column-is-layout-flow\" style=\"flex-basis:66.7%\">\n<p><\/p>\n\n\n\n<h3 class=\"wp-block-heading\" id=\"sepem-colmar-2022\">Worldskills Franc\u00fazsko 2022<\/h3>\n\n\n\n<p>Spolo\u010dnos\u0165 OberA sa z\u00fa\u010dastnila na podujat\u00ed <a href=\"https:\/\/www.worldskills-france.org\/\">Worldskills<strong> Bordeaux<\/strong><\/a> od 19. do 22. okt\u00f3bra 2022.<\/p>\n<\/div>\n<\/div>\n\n<div class=\"wp-block-columns is-layout-flex wp-container-core-columns-is-layout-28f84493 wp-block-columns-is-layout-flex\">\n<div class=\"wp-block-column is-layout-flow wp-block-column-is-layout-flow\" style=\"flex-basis:33.33%\">\n<figure class=\"wp-block-image aligncenter size-full is-resized\"><img decoding=\"async\" width=\"1000\" height=\"275\" src=\"https:\/\/obera.fr\/wp-content\/uploads\/2023\/08\/logo_sepem_2022_1.jpg\" alt=\"sepem 2022 logo 1\" class=\"wp-image-23857\" srcset=\"https:\/\/obera.fr\/wp-content\/uploads\/2023\/08\/logo_sepem_2022_1.jpg 1000w, https:\/\/obera.fr\/wp-content\/uploads\/2023\/08\/logo_sepem_2022_1-300x83.jpg 300w, https:\/\/obera.fr\/wp-content\/uploads\/2023\/08\/logo_sepem_2022_1-768x211.jpg 768w\" sizes=\"(max-width: 1000px) 100vw, 1000px\" \/><\/figure>\n\n\n\n<div style=\"height:25px\" aria-hidden=\"true\" class=\"wp-block-spacer\"><\/div>\n<\/div>\n\n\n\n<div class=\"wp-block-column is-layout-flow wp-block-column-is-layout-flow\" style=\"flex-basis:66.66%\">\n<h3 class=\"wp-block-heading\" id=\"sepem-colmar-2022\">SEPEM COLMAR 2022<\/h3>\n\n\n\n<p>Spolo\u010dnos\u0165 OberA bola na ve\u013etrhu SEPEM <strong>Colmar <\/strong>od 14. do 16. j\u00fana 2022.<\/p>\n<\/div>\n<\/div>\n\n<div class=\"wp-block-columns are-vertically-aligned-center is-layout-flex wp-container-core-columns-is-layout-28f84493 wp-block-columns-is-layout-flex\">\n<div class=\"wp-block-column is-vertically-aligned-center is-layout-flow wp-block-column-is-layout-flow\" style=\"flex-basis:33.33%\">\n<figure class=\"wp-block-image aligncenter size-full is-resized\"><img decoding=\"async\" width=\"290\" height=\"174\" src=\"https:\/\/obera.fr\/wp-content\/uploads\/2022\/06\/Sans-titre-1.png\" alt=\"Euro dod&#xE1;vate&#x13E;sk&#xFD; re&#x165;azec Mulhouse 2022\" class=\"wp-image-13152\"\/><\/figure>\n<\/div>\n\n\n\n<div class=\"wp-block-column is-vertically-aligned-center is-layout-flow wp-block-column-is-layout-flow\" style=\"flex-basis:66.66%\">\n<h3 class=\"wp-block-heading\" id=\"sitl-villepinte-2022\">EURO DOD\u00c1VATE\u013dSK\u00dd RE\u0164AZEC MULHOUSE 2022<\/h3>\n\n\n\n<p>Spolo\u010dnos\u0165 OberA sa 2. j\u00fana 2022 z\u00fa\u010dastnila na ve\u013etrhu Euro Supply Chain v <strong>Mulhouse <\/strong>.<\/p>\n<\/div>\n<\/div>\n\n<div style=\"height:25px\" aria-hidden=\"true\" class=\"wp-block-spacer\"><\/div>\n\n<div class=\"wp-block-columns are-vertically-aligned-center is-layout-flex wp-container-core-columns-is-layout-28f84493 wp-block-columns-is-layout-flex\">\n<div class=\"wp-block-column is-vertically-aligned-center is-layout-flow wp-block-column-is-layout-flow\" style=\"flex-basis:33.33%\">\n<figure class=\"wp-block-image aligncenter size-medium is-resized\"><img decoding=\"async\" width=\"300\" height=\"78\" src=\"https:\/\/obera.fr\/wp-content\/uploads\/2022\/06\/logo-preventica-300x78.png\" alt=\"logo preventica 2022\" class=\"wp-image-13130\" srcset=\"https:\/\/obera.fr\/wp-content\/uploads\/2022\/06\/logo-preventica-300x78.png 300w, https:\/\/obera.fr\/wp-content\/uploads\/2022\/06\/logo-preventica-1024x265.png 1024w, https:\/\/obera.fr\/wp-content\/uploads\/2022\/06\/logo-preventica-768x199.png 768w, https:\/\/obera.fr\/wp-content\/uploads\/2022\/06\/logo-preventica-1536x398.png 1536w, https:\/\/obera.fr\/wp-content\/uploads\/2022\/06\/logo-preventica.png 1843w\" sizes=\"(max-width: 300px) 100vw, 300px\" \/><\/figure>\n<\/div>\n\n\n\n<div class=\"wp-block-column is-vertically-aligned-center is-layout-flow wp-block-column-is-layout-flow\" style=\"flex-basis:66.66%\">\n<h3 class=\"wp-block-heading\" id=\"sitl-villepinte-2022\">PREVENTICA 2022<\/h3>\n\n\n\n<p>Spolo\u010dnos\u0165 OberA sa z\u00fa\u010dastnila na ve\u013etrhu <a href=\"https:\/\/www.preventica.com\/?gclid=CjwKCAjw7vuUBhBUEiwAEdu2pFGIhuTgp5sxe5VimwdNeQlANKIQJWpRUYiHN8m4bbNa0Qgn9UXt_hoCdCMQAvD_BwE\">Pr\u00e9ventica <\/a>v <strong>Nantes <\/strong>od 17. do 19. m\u00e1ja 2022.<\/p>\n<\/div>\n<\/div>\n\n<div style=\"height:25px\" aria-hidden=\"true\" class=\"wp-block-spacer\"><\/div>\n\n<div class=\"wp-block-columns are-vertically-aligned-center is-layout-flex wp-container-core-columns-is-layout-28f84493 wp-block-columns-is-layout-flex\">\n<div class=\"wp-block-column is-vertically-aligned-center is-layout-flow wp-block-column-is-layout-flow\" style=\"flex-basis:33.33%\">\n<figure class=\"wp-block-image aligncenter size-medium is-resized\"><img decoding=\"async\" width=\"300\" height=\"186\" src=\"https:\/\/obera.fr\/wp-content\/uploads\/2021\/09\/LogoSiTL-couleurs_v2-300x186.png\" alt=\"logo sitl 2022\" class=\"wp-image-6989\" srcset=\"https:\/\/obera.fr\/wp-content\/uploads\/2021\/09\/LogoSiTL-couleurs_v2-300x186.png 300w, https:\/\/obera.fr\/wp-content\/uploads\/2021\/09\/LogoSiTL-couleurs_v2.png 592w\" sizes=\"(max-width: 300px) 100vw, 300px\" \/><\/figure>\n<\/div>\n\n\n\n<div class=\"wp-block-column is-vertically-aligned-center is-layout-flow wp-block-column-is-layout-flow\" style=\"flex-basis:66.66%\">\n<h3 class=\"wp-block-heading\" id=\"sitl-villepinte-2022\">SITL VILLEPINTE 2022<\/h3>\n\n\n\n<p>Spolo\u010dnos\u0165 OberA bola na <a href=\"https:\/\/sitl.portail-exposant.com\/\">ve\u013etrhu SITL <\/a>v <strong>Par\u00ed\u017ei Nord Villepinte<\/strong> od 5. do 8. apr\u00edla 2022.<\/p>\n<\/div>\n<\/div>\n\n<div style=\"height:25px\" aria-hidden=\"true\" class=\"wp-block-spacer\"><\/div>\n\n<h3 class=\"wp-block-heading\">Na\u0161e podujatia v roku 2021<\/h3>\n\n<div class=\"wp-block-columns are-vertically-aligned-center is-layout-flex wp-container-core-columns-is-layout-28f84493 wp-block-columns-is-layout-flex\">\n<div class=\"wp-block-column is-vertically-aligned-center is-layout-flow wp-block-column-is-layout-flow\" style=\"flex-basis:33.33%\">\n<figure class=\"wp-block-image aligncenter size-large\"><img decoding=\"async\" width=\"143\" height=\"123\" src=\"https:\/\/obera.fr\/wp-content\/uploads\/2020\/11\/be-4-mulhouse-2021.png\" alt=\"Be 4 Mulhouse 2021\" class=\"wp-image-1562\"\/><\/figure>\n\n\n\n<div style=\"height:25px\" aria-hidden=\"true\" class=\"wp-block-spacer\"><\/div>\n<\/div>\n\n\n\n<div class=\"wp-block-column is-vertically-aligned-center is-layout-flow wp-block-column-is-layout-flow\" style=\"flex-basis:66.66%\">\n<h3 class=\"wp-block-heading\" id=\"be-4-0-mulhouse\">BE 4.0 Mulhouse 2021<\/h3>\n\n\n\n<p>Spolo\u010dnos\u0165 OberA sa 30. novembra a<sup>1.<\/sup> decembra 2021 z\u00fa\u010dastnila na ve\u013etrhu BE 4.0 v <strong>Mulhouse <\/strong>.<\/p>\n<\/div>\n<\/div>\n\n<div class=\"wp-block-columns are-vertically-aligned-center is-layout-flex wp-container-core-columns-is-layout-28f84493 wp-block-columns-is-layout-flex\">\n<div class=\"wp-block-column is-vertically-aligned-center is-layout-flow wp-block-column-is-layout-flow\" style=\"flex-basis:33.33%\">\n<figure class=\"wp-block-image aligncenter size-medium is-resized\"><img decoding=\"async\" width=\"300\" height=\"186\" src=\"https:\/\/obera.fr\/wp-content\/uploads\/2021\/09\/LogoSiTL-couleurs_v2-300x186.png\" alt=\"logositl farby v2\" class=\"wp-image-6989\" srcset=\"https:\/\/obera.fr\/wp-content\/uploads\/2021\/09\/LogoSiTL-couleurs_v2-300x186.png 300w, https:\/\/obera.fr\/wp-content\/uploads\/2021\/09\/LogoSiTL-couleurs_v2.png 592w\" sizes=\"(max-width: 300px) 100vw, 300px\" \/><\/figure>\n<\/div>\n\n\n\n<div class=\"wp-block-column is-vertically-aligned-center is-layout-flow wp-block-column-is-layout-flow\" style=\"flex-basis:66.66%\">\n<h3 class=\"wp-block-heading\" id=\"sitl-villepinte-2021\">SITL VILLEPINTE 2021<\/h3>\n\n\n\n<p>Spolo\u010dnos\u0165 OberA bola na SITL <strong>Paris Nord Villepinte<\/strong> od 13. do 15. septembra 2021.<\/p>\n<\/div>\n<\/div>\n\n<div style=\"height:25px\" aria-hidden=\"true\" class=\"wp-block-spacer\"><\/div>\n\n<div class=\"wp-block-columns are-vertically-aligned-center is-layout-flex wp-container-core-columns-is-layout-28f84493 wp-block-columns-is-layout-flex\">\n<div class=\"wp-block-column is-vertically-aligned-center is-layout-flow wp-block-column-is-layout-flow\" style=\"flex-basis:33.33%\">\n<figure class=\"wp-block-image aligncenter size-full is-resized\"><img decoding=\"async\" width=\"400\" height=\"105\" src=\"https:\/\/obera.fr\/wp-content\/uploads\/2020\/11\/sepem-colmar-2021.png\" alt=\"Sepem Colmar 2021\" class=\"wp-image-1561\" style=\"width:381px;height:auto\" srcset=\"https:\/\/obera.fr\/wp-content\/uploads\/2020\/11\/sepem-colmar-2021.png 400w, https:\/\/obera.fr\/wp-content\/uploads\/2020\/11\/sepem-colmar-2021-300x79.png 300w\" sizes=\"(max-width: 400px) 100vw, 400px\" \/><\/figure>\n<\/div>\n\n\n\n<div class=\"wp-block-column is-vertically-aligned-center is-layout-flow wp-block-column-is-layout-flow\" style=\"flex-basis:66.66%\">\n<h3 class=\"wp-block-heading\" id=\"sepem-colmar\">SEPEM INDUSTRIES Colmar 2021<\/h3>\n\n\n\n<p>Spolo\u010dnos\u0165 OberA sa v d\u0148och 15. a\u017e 21. j\u00fana 2021 z\u00fa\u010dastnila na ve\u013etrhu SEPEM Industries v <strong>Colmare<\/strong>.<\/p>\n<\/div>\n<\/div>\n\n<div style=\"height:25px\" aria-hidden=\"true\" class=\"wp-block-spacer\"><\/div>\n\n<h3 class=\"wp-block-heading\">Na\u0161e podujatia v roku 2020<\/h3>\n\n<div class=\"wp-block-columns are-vertically-aligned-center is-layout-flex wp-container-core-columns-is-layout-28f84493 wp-block-columns-is-layout-flex\">\n<div class=\"wp-block-column is-vertically-aligned-center is-layout-flow wp-block-column-is-layout-flow\" style=\"flex-basis:33.33%\">\n<figure class=\"wp-block-image aligncenter size-full is-resized\"><img decoding=\"async\" width=\"300\" height=\"78\" src=\"https:\/\/obera.fr\/wp-content\/uploads\/2020\/10\/sepem_grenoble_2020.png\" alt=\"Sepem Grenoble 2020\" class=\"wp-image-1194\"\/><\/figure>\n<\/div>\n\n\n\n<div class=\"wp-block-column is-vertically-aligned-center is-layout-flow wp-block-column-is-layout-flow\" style=\"flex-basis:66.66%\">\n<h3 class=\"wp-block-heading\" id=\"salon-sepem-industries-grenoble-2020\">SEPEM Industries Grenoble 2020<\/h3>\n\n\n\n<p>Spolo\u010dnos\u0165 OberA sa 11., 12. a 13. febru\u00e1ra 2020 z\u00fa\u010dastnila na ve\u013etrhu SEPEM Industries v <strong>Grenobli<\/strong>.<\/p>\n<\/div>\n<\/div>\n\n<div style=\"height:25px\" aria-hidden=\"true\" class=\"wp-block-spacer\"><\/div>\n\n<h3 class=\"wp-block-heading\">Na\u0161e podujatia v roku 2019<\/h3>\n\n<div class=\"wp-block-group is-layout-flow wp-block-group-is-layout-flow\">\n<div class=\"wp-block-columns are-vertically-aligned-center is-layout-flex wp-container-core-columns-is-layout-28f84493 wp-block-columns-is-layout-flex\">\n<div class=\"wp-block-column is-vertically-aligned-center is-layout-flow wp-block-column-is-layout-flow\" style=\"flex-basis:33.33%\">\n<figure class=\"wp-block-image alignleft size-full is-resized\"><img decoding=\"async\" width=\"300\" height=\"186\" src=\"https:\/\/obera.fr\/wp-content\/uploads\/2020\/10\/euromanut_2019.jpg\" alt=\"Euromanut 2019\" class=\"wp-image-1193\"\/><\/figure>\n<\/div>\n\n\n\n<div class=\"wp-block-column is-vertically-aligned-center is-layout-flow wp-block-column-is-layout-flow\" style=\"flex-basis:66.66%\">\n<h3 class=\"wp-block-heading\" id=\"salon-europack-euromanut-cfia-2019\">Europack Euromanut CFIA 2019<\/h3>\n\n\n\n<p>Spolo\u010dnos\u0165 OberA sa z\u00fa\u010dastnila na v\u00fdstave <a href=\"https:\/\/www.prodandpack.com\/\">Europack Euromanut CFIA<\/a> v <strong>LYONE<\/strong> 19., 20. a 21. novembra 2019.<\/p>\n<\/div>\n<\/div>\n<\/div>\n\n<div style=\"height:25px\" aria-hidden=\"true\" class=\"wp-block-spacer\"><\/div>\n\n<h3 class=\"wp-block-heading\">Na\u0161e podujatia v roku 2018<\/h3>\n\n<div class=\"wp-block-group is-layout-flow wp-block-group-is-layout-flow\">\n<div class=\"wp-block-columns are-vertically-aligned-center is-layout-flex wp-container-core-columns-is-layout-28f84493 wp-block-columns-is-layout-flex\">\n<div class=\"wp-block-column is-vertically-aligned-center is-layout-flow wp-block-column-is-layout-flow\" style=\"flex-basis:33.33%\">\n<figure class=\"wp-block-image alignleft size-full is-resized\"><img decoding=\"async\" width=\"400\" height=\"250\" src=\"https:\/\/obera.fr\/wp-content\/uploads\/2020\/10\/pollutech-2018.png\" alt=\"Pollutech 2018\" class=\"wp-image-1192\" srcset=\"https:\/\/obera.fr\/wp-content\/uploads\/2020\/10\/pollutech-2018.png 400w, https:\/\/obera.fr\/wp-content\/uploads\/2020\/10\/pollutech-2018-300x188.png 300w\" sizes=\"(max-width: 400px) 100vw, 400px\" \/><\/figure>\n\n\n\n<div style=\"height:34px\" aria-hidden=\"true\" class=\"wp-block-spacer\"><\/div>\n<\/div>\n\n\n\n<div class=\"wp-block-column is-vertically-aligned-center is-layout-flow wp-block-column-is-layout-flow\" style=\"flex-basis:66.66%\">\n<h3 class=\"wp-block-heading\" id=\"pollutec-lyon-2018\">POLLUTEC LYON 2018<\/h3>\n\n\n\n<p>Spolo\u010dnos\u0165 OberA bola na ve\u013etrhu POLLUTEC v <strong>Lyone <\/strong>od 27. do 30. novembra 2018<\/p>\n\n\n\n<div style=\"height:33px\" aria-hidden=\"true\" class=\"wp-block-spacer\"><\/div>\n<\/div>\n<\/div>\n<\/div>\n\n<div class=\"wp-block-group is-layout-flow wp-block-group-is-layout-flow\">\n<div class=\"wp-block-columns are-vertically-aligned-center is-layout-flex wp-container-core-columns-is-layout-28f84493 wp-block-columns-is-layout-flex\">\n<div class=\"wp-block-column is-vertically-aligned-center is-layout-flow wp-block-column-is-layout-flow\" style=\"flex-basis:33.33%\">\n<figure class=\"wp-block-image size-large is-resized\"><img decoding=\"async\" width=\"400\" height=\"250\" src=\"https:\/\/obera.fr\/wp-content\/uploads\/2020\/10\/Vrac-Tech-2018.png\" alt=\"Bulk Tech 2018\" class=\"wp-image-1191\" style=\"width:381px;height:auto\" srcset=\"https:\/\/obera.fr\/wp-content\/uploads\/2020\/10\/Vrac-Tech-2018.png 400w, https:\/\/obera.fr\/wp-content\/uploads\/2020\/10\/Vrac-Tech-2018-300x188.png 300w\" sizes=\"(max-width: 400px) 100vw, 400px\" \/><\/figure>\n<\/div>\n\n\n\n<div class=\"wp-block-column is-vertically-aligned-center is-layout-flow wp-block-column-is-layout-flow\" style=\"flex-basis:66.66%\">\n<h3 class=\"wp-block-heading\" id=\"vractech-bulktech-2018\">VRACTECH BULKTECH 2018<\/h3>\n\n\n\n<p>Spolo\u010dnos\u0165 OberA sa z\u00fa\u010dastnila na v\u00fdstave VRACTECH BULKTECH na ve\u013etrhu <strong>M\u00c2CON<\/strong> od 16. do 18. okt\u00f3bra 2018.<\/p>\n<\/div>\n<\/div>\n\n\n\n<hr class=\"wp-block-separator has-css-opacity\"\/>\n<\/div>\n","protected":false},"excerpt":{"rendered":"<p>Ni\u017e\u0161ie si m\u00f4\u017eete pozrie\u0165 r\u00f4zne podujatia, na ktor\u00fdch sa z\u00fa\u010dastn\u00edme v roku 2025. Te\u0161\u00edme sa na stretnutie s vami. OberA. Nadch\u00e1dzaj\u00face podujatia 2025 Pr\u00e9ventica Bordeaux Spolo\u010dnos\u0165 OberA sa na v\u00fdstavisku predstav\u00ed v st\u00e1nku H24 od 14. do 16. okt\u00f3bra 2025. Udalosti v minulosti Na\u0161e podujatia v roku 2025 Pr\u00e9ventica Paris OberA bude na ve\u013etrhu Preventica Paris na Porte de Versailles od 10. do 12. j\u00fana 2025 SEPEM Douai Spolo\u010dnos\u0165 OberA sa z\u00fa\u010dastnila na ve\u013etrhu SEPEM 2025 v Douai od 28. do 30. janu\u00e1ra 2025. JEC World 2025 Spolo\u010dnos\u0165 OberA sa v d\u0148och 4. a\u017e 6. marca 2025 prezentovala na st\u00e1nku &#8230; <\/p>\n<p class=\"read-more-container\"><a title=\"Stretneme sa?\" class=\"read-more button\" href=\"https:\/\/obera.fr\/sk\/decouvrir\/salons\/#more-46823\" aria-label=\"Pre\u010d\u00edtajte si viac o Stretneme sa?\">Lire la suite<\/a><\/p>\n","protected":false},"author":4,"featured_media":83749,"parent":42558,"menu_order":0,"comment_status":"closed","ping_status":"closed","template":"","meta":{"_acf_changed":false,"_seopress_robots_primary_cat":"","_seopress_titles_title":"oberA: na\u0161a \u00fa\u010das\u0165 na priemyseln\u00fdch ve\u013etrhoch od roku 2018","_seopress_titles_desc":"Minul\u00e9 a bud\u00face udalosti. Na\u0161a \u00fa\u010das\u0165 na nadch\u00e1dzaj\u00facich priemyseln\u00fdch ve\u013etrhoch vo Franc\u00fazsku. T\u00e1to str\u00e1nka sa m\u00f4\u017ee pravidelne aktualizova\u0165.  ","_seopress_robots_index":"","footnotes":""},"class_list":{"0":"post-46823","1":"page","2":"type-page","3":"status-publish","4":"has-post-thumbnail","6":"no-featured-image-padding","7":"resize-featured-image"},"acf":[],"_links":{"self":[{"href":"https:\/\/obera.fr\/sk\/wp-json\/wp\/v2\/pages\/46823","targetHints":{"allow":["GET"]}}],"collection":[{"href":"https:\/\/obera.fr\/sk\/wp-json\/wp\/v2\/pages"}],"about":[{"href":"https:\/\/obera.fr\/sk\/wp-json\/wp\/v2\/types\/page"}],"author":[{"embeddable":true,"href":"https:\/\/obera.fr\/sk\/wp-json\/wp\/v2\/users\/4"}],"replies":[{"embeddable":true,"href":"https:\/\/obera.fr\/sk\/wp-json\/wp\/v2\/comments?post=46823"}],"version-history":[{"count":12,"href":"https:\/\/obera.fr\/sk\/wp-json\/wp\/v2\/pages\/46823\/revisions"}],"predecessor-version":[{"id":114416,"href":"https:\/\/obera.fr\/sk\/wp-json\/wp\/v2\/pages\/46823\/revisions\/114416"}],"up":[{"embeddable":true,"href":"https:\/\/obera.fr\/sk\/wp-json\/wp\/v2\/pages\/42558"}],"wp:featuredmedia":[{"embeddable":true,"href":"https:\/\/obera.fr\/sk\/wp-json\/wp\/v2\/media\/83749"}],"wp:attachment":[{"href":"https:\/\/obera.fr\/sk\/wp-json\/wp\/v2\/media?parent=46823"}],"curies":[{"name":"wp","href":"https:\/\/api.w.org\/{rel}","templated":true}]}}