{"id":64011,"date":"2020-05-01T17:28:48","date_gmt":"2020-05-01T15:28:48","guid":{"rendered":"https:\/\/obera.fr\/mentions-legales\/"},"modified":"2025-04-11T10:40:23","modified_gmt":"2025-04-11T08:40:23","slug":"mentions-legales","status":"publish","type":"page","link":"https:\/\/obera.fr\/sk\/mentions-legales\/","title":{"rendered":"Pr\u00e1vne inform\u00e1cie"},"content":{"rendered":"\n<h2 class=\"wp-block-heading\" id=\"l-annonceur\">Zad\u00e1vate\u013e reklamy<\/h2>\n\n<p>T\u00fato webov\u00fa str\u00e1nku vyd\u00e1va a prin\u00e1\u0161a spolo\u010dnos\u0165 oberA s kapit\u00e1lom 20 000 EUR, so s\u00eddlom na adrese 4 Rue Denis Papin 67400 Illkirch-Graffenstaden, pod \u010d\u00edslom SIRET 832 913 487 00027, k\u00f3d NAF 4674B.<\/p>\n\n<p>\u00da\u010delom tejto str\u00e1nky je poskytn\u00fa\u0165 v\u00e1m inform\u00e1cie o inzerentovi a odkazy na r\u00f4zne webov\u00e9 str\u00e1nky. Str\u00e1nka je majetkom inzerenta. <\/p>\n\n<p>T\u00e1to str\u00e1nka je umiestnen\u00e1 v hostite\u013eskej spolo\u010dnosti: o2switch SAS s kapit\u00e1lom 100 000 EUR, adresa: Chemin des Pardiaux, 63000 Clermont-Ferrand, SIRET: 510 909 807 00032 RCS Clermont Ferrand<\/p>\n\n<h2 class=\"wp-block-heading\" id=\"respect-des-droits-de-propriete-et-marques\">Re\u0161pektovanie vlastn\u00edckych pr\u00e1v a ochrann\u00fdch zn\u00e1mok<\/h2>\n\n<p>V\u0161etky prvky, ktor\u00e9 na str\u00e1nke vid\u00edte, po\u010d\u00favate alebo \u010d\u00edtate, ako aj samotn\u00e1 str\u00e1nka s\u00fa chr\u00e1nen\u00e9 autorsk\u00fdm z\u00e1konom. Za \u017eiadnych okolnost\u00ed nesmiete pou\u017e\u00edva\u0165, \u0161\u00edri\u0165, kop\u00edrova\u0165, reprodukova\u0165, upravova\u0165, meni\u0165 alebo pren\u00e1\u0161a\u0165 str\u00e1nku alebo prvky str\u00e1nky, ako s\u00fa p1-texty, obr\u00e1zky alebo zvuky, bez predch\u00e1dzaj\u00faceho p\u00edsomn\u00e9ho s\u00fahlasu inzerenta. Ochrann\u00e9 zn\u00e1mky a log\u00e1 uveden\u00e9 na str\u00e1nke s\u00fa majetkom inzerenta alebo s\u00fa predmetom povolenia na pou\u017e\u00edvanie. Bez p\u00edsomn\u00e9ho s\u00fahlasu inzerenta alebo tretej strany, ktor\u00e1 vlastn\u00ed pr\u00e1va na ochrann\u00fa zn\u00e1mku alebo logo uveden\u00e9 na str\u00e1nke, nie je mo\u017en\u00e9 udeli\u0165 \u017eiadne pr\u00e1vo ani licenciu na ktor\u00fdko\u013evek z t\u00fdchto prvkov. Fondation Pierre Berg\u00e9 &#8211; Yves Saint Laurent si vyhradzuje pr\u00e1vo podnikn\u00fa\u0165 pr\u00e1vne kroky proti ak\u00e9muko\u013evek poru\u0161eniu svojich pr\u00e1v du\u0161evn\u00e9ho vlastn\u00edctva vr\u00e1tane trestn\u00e9ho konania.    <\/p>\n\n<h2 class=\"wp-block-heading\" id=\"respect-des-images\">Re\u0161pektovanie obr\u00e1zkov<\/h2>\n\n<p>Obr\u00e1zky alebo fotografie os\u00f4b alebo miest, ktor\u00e9 sa objavuj\u00fa na str\u00e1nke, s\u00fa majetkom inzerenta a\/alebo ich inzerent pou\u017e\u00edva so s\u00fahlasom dr\u017eite\u013eov pr\u00e1v. Pou\u017e\u00edvanie t\u00fdchto obr\u00e1zkov alebo fotografi\u00ed je bez osobitn\u00e9ho a v\u00fdslovn\u00e9ho povolenia inzerenta zak\u00e1zan\u00e9. Ak\u00e9ko\u013evek neopr\u00e1vnen\u00e9 pou\u017eitie m\u00f4\u017ee ma\u0165 za n\u00e1sledok poru\u0161enie autorsk\u00fdch pr\u00e1v, pr\u00e1v na vyobrazenie, osobnostn\u00fdch pr\u00e1v alebo in\u00fdch predpisov platn\u00fdch pre komunik\u00e1ciu alebo reklamu.  <\/p>\n\n<h3 class=\"wp-block-heading\">Kredity<\/h3>\n\n<ul class=\"wp-block-list\">\n<li>Dizajn domovskej str\u00e1nky od <a href=\"https:\/\/pleaseagency.com\/\" data-type=\"link\" data-id=\"https:\/\/pleaseagency.com\/\">PLEASE CREATIVE AGENCY <\/a> <\/li>\n<\/ul>\n\n<h2 class=\"wp-block-heading\" id=\"mise-en-garde-generale\">V\u0161eobecn\u00e9 upozornenie<\/h2>\n\n<p>Fondation Pierre Berg\u00e9 &#8211; Yves Saint Laurent nenesie zodpovednos\u0165 za \u017eiadne \u0161kody, ktor\u00e9 m\u00f4\u017eu vznikn\u00fa\u0165 v d\u00f4sledku pr\u00edstupu na str\u00e1nku alebo jej pou\u017e\u00edvania, vr\u00e1tane ak\u00e9hoko\u013evek po\u0161kodenia alebo v\u00edrusu, ktor\u00fd m\u00f4\u017ee infikova\u0165 va\u0161e po\u010d\u00edta\u010dov\u00e9 zariadenie alebo ak\u00fdko\u013evek in\u00fd majetok. Hoci Fondation Pierre Berg\u00e9 &#8211; Yves Saint Laurent vynaklad\u00e1 maxim\u00e1lne \u00fasilie na aktualiz\u00e1ciu presn\u00fdch inform\u00e1ci\u00ed uverejnen\u00fdch na str\u00e1nke, Fondation Pierre Berg\u00e9 &#8211; Yves Saint Laurent nenesie zodpovednos\u0165 za pr\u00edpadn\u00e9 chyby alebo opomenutia. <\/p>\n\n<h2 class=\"wp-block-heading\" id=\"exclusion-de-responsabilite-et-indemnisation\">Vyl\u00fa\u010denie zodpovednosti a n\u00e1hrady \u0161kody<\/h2>\n\n<p>Fondation Pierre Berg\u00e9 &#8211; Yves Saint Laurent ani \u017eiadna in\u00e1 strana zapojen\u00e1 do spojenia s touto str\u00e1nkou nenesie zodpovednos\u0165 za \u017eiadne priame, nepriame alebo in\u00e9 \u0161kody, ktor\u00e9 m\u00f4\u017eu vznikn\u00fa\u0165 v d\u00f4sledku pr\u00edstupu na t\u00fato str\u00e1nku alebo jej pou\u017e\u00edvania, ani za inform\u00e1cie na nej obsiahnut\u00e9. Inzerenta a jeho pridru\u017een\u00e9 spolo\u010dnosti, ako aj jeho riadite\u013eov, \u00faradn\u00edkov, zamestnancov, z\u00e1stupcov, dr\u017eite\u013eov licenci\u00ed alebo kohoko\u013evek in\u00e9ho, kto sa podie\u013ea na tvorbe, v\u00fdrobe a distrib\u00facii str\u00e1nky, od\u0161kodn\u00edte, ochr\u00e1nite a zbav\u00edte zodpovednosti za v\u0161etky n\u00e1roky, z\u00e1v\u00e4zky, n\u00e1klady a v\u00fddavky vypl\u00fdvaj\u00face z poru\u0161enia t\u00fdchto podmienok pou\u017e\u00edvania alebo v s\u00favislosti s pou\u017e\u00edvan\u00edm str\u00e1nky. <\/p>\n\n<h2 class=\"wp-block-heading\" id=\"informations-personnelles\">Osobn\u00e9 inform\u00e1cie<\/h2>\n\n<p>Osobn\u00e9 \u00fadaje s\u00fa definovan\u00e9 ako &#8222;inform\u00e1cie, ktor\u00e9 umo\u017e\u0148uj\u00fa v akejko\u013evek forme, priamo alebo nepriamo, identifikova\u0165 fyzick\u00e9 osoby, ktor\u00fdch sa t\u00fdkaj\u00fa&#8220; (v\u00fd\u0148atok z \u010dl\u00e1nku 4 z\u00e1kona \u010d. 78-17 zo 6. janu\u00e1ra 1978).<\/p>\n\n<p>Napr\u00edklad :<\/p>\n\n<ul class=\"wp-block-list\">\n<li>meno,<\/li>\n\n\n\n<li>po\u0161tov\u00fa adresu,<\/li>\n\n\n\n<li>telef\u00f3nne \u010d\u00edslo,<\/li>\n\n\n\n<li>e-mailov\u00fa adresu.<\/li>\n<\/ul>\n\n<p>S\u00fabory cookie sa pou\u017e\u00edvaj\u00fa na automatick\u00fa konfigur\u00e1ciu str\u00e1nky pri prihl\u00e1sen\u00ed a na predbe\u017en\u00fd v\u00fdber inform\u00e1ci\u00ed.<\/p>\n\n<p>To znamen\u00e1, \u017ee konfigur\u00e1cia lokality je prepojen\u00e1 s va\u0161\u00edm po\u010d\u00edta\u010dom, tak\u017ee ka\u017ed\u00fd, kto pou\u017e\u00edva v\u00e1\u0161 po\u010d\u00edta\u010d, m\u00e1 lokalitu nakonfigurovan\u00fa rovnak\u00fdm sp\u00f4sobom.<\/p>\n\n<h2 class=\"wp-block-heading\" id=\"utilisation-de-vos-donnees-personnelles-communication-a-des-tiers\">Pou\u017e\u00edvanie va\u0161ich osobn\u00fdch \u00fadajov &#8211; Zverejnenie tret\u00edm stran\u00e1m<\/h2>\n\n<p>Pou\u017e\u00edvan\u00edm tejto str\u00e1nky s\u00fahlas\u00edte s t\u00fdm, aby na\u0161a str\u00e1nka pou\u017e\u00edvala va\u0161e osobn\u00e9 \u00fadaje, ktor\u00e9 ste n\u00e1m ozn\u00e1mili alebo ktor\u00e9 sa zhroma\u017e\u010fuj\u00fa prostredn\u00edctvom prev\u00e1dzky tejto str\u00e1nky. Tieto \u00fadaje s\u00fa potrebn\u00e9 na zasielanie informa\u010dn\u00fdch bulletinov a na to, aby ste mohli vyu\u017e\u00edva\u0165 ur\u010dit\u00e9 slu\u017eby, ktor\u00e9 t\u00e1to str\u00e1nka pon\u00faka. <\/p>\n\n<p>V s\u00falade so z\u00e1konom zo 6. janu\u00e1ra 1978 m\u00e1te pr\u00e1vo na pr\u00edstup k ak\u00fdmko\u013evek osobn\u00fdm \u00fadajom, ktor\u00e9 sa v\u00e1s t\u00fdkaj\u00fa, na ich opravu alebo namietanie proti nim. Tieto pr\u00e1va m\u00f4\u017eete uplatni\u0165 zaslan\u00edm e-mailu alebo listu adresovan\u00e9ho zad\u00e1vate\u013eovi reklamy. <\/p>\n\n<p>Chceli by sme upozorni\u0165 na to, \u017ee prostredn\u00edctvom prev\u00e1dzky str\u00e1nky automaticky zhroma\u017e\u010fujeme inform\u00e1cie t\u00fdkaj\u00face sa najm\u00e4 str\u00e1nok str\u00e1nky, ktor\u00e9 v\u00e1s najviac zauj\u00edmaj\u00fa, aby sme tieto inform\u00e1cie mohli pou\u017ei\u0165 na vypracovanie anal\u00fdz a \u0161tatist\u00edk s cie\u013eom lep\u0161ie pochopi\u0165 va\u0161e \u017eelania a oblasti v\u00e1\u0161ho z\u00e1ujmu. T\u00fdmto sp\u00f4sobom a za podmienok uveden\u00fdch ni\u017e\u0161ie v\u00e1m budeme m\u00f4c\u0165 zasiela\u0165 inform\u00e1cie cielen\u00e9 pod\u013ea oblast\u00ed v\u00e1\u0161ho z\u00e1ujmu. Na tento \u00fa\u010del m\u00f4\u017eeme pou\u017e\u00edva\u0165 s\u00fabory cookie.  <\/p>\n\n<p>Takto z\u00edskan\u00e9 osobn\u00e9 \u00fadaje, s v\u00fdnimkou va\u0161ej e-mailovej adresy, m\u00f4\u017eeme ozn\u00e1mi\u0165 tret\u00edm stran\u00e1m pod\u013ea n\u00e1\u0161ho v\u00fdberu, ako s\u00fa na\u0161i poskytovatelia slu\u017eieb alebo dod\u00e1vatelia, ktor\u00ed sa podie\u013eaj\u00fa na poskytovan\u00ed pon\u00fakan\u00fdch slu\u017eieb. Ozn\u00e1menie t\u00fdchto inform\u00e1ci\u00ed t\u00fdmto dod\u00e1vate\u013eom a poskytovate\u013eom slu\u017eieb m\u00f4\u017ee by\u0165 nevyhnutn\u00e9 na poskytovanie slu\u017eieb. Proti poskytovaniu va\u0161ich \u00fadajov tret\u00edm stran\u00e1m m\u00f4\u017eete v\u00fdslovne namieta\u0165 e-mailom a\/alebo listom adresovan\u00fdm inzerentovi.  <\/p>\n\n<h2 class=\"wp-block-heading\" id=\"concernant-votre-adresse-e-mail\">Pokia\u013e ide o va\u0161u e-mailov\u00fa adresu<\/h2>\n\n<p>Poskytnut\u00edm va\u0161ej e-mailovej adresy si inzerent vyhradzuje pr\u00e1vo posiela\u0165 v\u00e1m e-mailom bulletiny a inform\u00e1cie o na\u0161ich produktoch a slu\u017eb\u00e1ch. Ak si ne\u017eel\u00e1te dost\u00e1va\u0165 tak\u00e9to spr\u00e1vy, m\u00f4\u017eete sa z odberu kedyko\u013evek odhl\u00e1si\u0165 kliknut\u00edm na odkaz uveden\u00fd na tento \u00fa\u010del v ka\u017edom zaslanom informa\u010dnom bulletine. <\/p>\n\n<p>Okrem toho m\u00f4\u017eeme va\u0161u e-mailov\u00fa adresu odovzda\u0165 tret\u00edm stran\u00e1m, ktor\u00e9 v\u00e1m m\u00f4\u017eu posiela\u0165 nevy\u017eiadan\u00e9 spr\u00e1vy e-mailom, ktor\u00e9 by v\u00e1s mohli zauj\u00edma\u0165. M\u00f4\u017eete n\u00e1s kedyko\u013evek kontaktova\u0165, najm\u00e4 e-mailom, a po\u017eiada\u0165 n\u00e1s, aby sme prestali takto oznamova\u0165 va\u0161u e-mailov\u00fa adresu. <\/p>\n\n<p>V s\u00falade s franc\u00fazskym pr\u00e1vom m\u00f4\u017ee inzerent tieto inform\u00e1cie poskytn\u00fa\u0165 akejko\u013evek fyzickej osobe, pr\u00e1vnickej osobe alebo spr\u00e1vnemu org\u00e1nu, ktor\u00fd o to po\u017eiada.<\/p>\n\n<p>Nakoniec inzerent pou\u017e\u00edva \u00fadaje pou\u017e\u00edvate\u013eov (bez oh\u013eadu na to, \u010di obsahuj\u00fa osobn\u00e9 \u00fadaje alebo nie) na vytv\u00e1ranie \u0161tatistick\u00fdch anal\u00fdz na vlastn\u00e9 \u00fa\u010dely. Ke\u010f\u017ee \u00fadaje vypl\u00fdvaj\u00face z t\u00fdchto anal\u00fdz s\u00fa agregovan\u00e9, a teda \u00faplne anonymn\u00e9, inzerent ich m\u00f4\u017ee prenies\u0165 alebo preda\u0165 tret\u00edm stran\u00e1m. <\/p>\n\n<h2 class=\"wp-block-heading\" id=\"abonnement-a-la-newsletter-l-annonceur\">Odber noviniek inzerenta<\/h2>\n\n<p>Prostredn\u00edctvom str\u00e1nky sa m\u00f4\u017eete prihl\u00e1si\u0165 na odber noviniek inzerenta.<\/p>\n\n<p>Tento newsletter je ur\u010den\u00fd na informovanie o slu\u017eb\u00e1ch a nov\u00fdch produktoch inzerenta.<\/p>\n\n<p>Kedyko\u013evek m\u00f4\u017eete pr\u00edslu\u0161n\u00fa str\u00e1nku informova\u0165 e-mailom, \u017ee si u\u017e ne\u017eel\u00e1te by\u0165 prihl\u00e1sen\u00ed na odber noviniek kliknut\u00edm na &#8222;Odhl\u00e1si\u0165 sa&#8220; alebo na in\u00fd podobn\u00fd \u00fadaj.<\/p>\n\n<p>Podmienky pou\u017e\u00edvania va\u0161ich osobn\u00fdch \u00fadajov s\u00fa stanoven\u00e9 na pr\u00edslu\u0161nej str\u00e1nke. Preto by sme v\u00e1s chceli po\u017eiada\u0165, aby ste si pre\u010d\u00edtali podmienky na pr\u00edslu\u0161nej str\u00e1nke. <\/p>\n\n<h2 class=\"wp-block-heading\" id=\"liens-externes\">Extern\u00e9 odkazy<\/h2>\n\n<p>Inzerent navrhuje odkazy zo svojej str\u00e1nky na in\u00e9 pridru\u017een\u00e9 a nepripojen\u00e9 str\u00e1nky. Tieto str\u00e1nky s\u00fa od tejto str\u00e1nky nez\u00e1visl\u00e9. Inzerent tieto str\u00e1nky nezverej\u0148uje ani nekontroluje. Odkazy na tieto str\u00e1nky v \u017eiadnom pr\u00edpade nepredstavuj\u00fa s\u00fahlas alebo partnerstvo medzi inzerentom a t\u00fdmito str\u00e1nkami. Fondation Pierre Berg\u00e9 &#8211; Yves Saint Laurent preto nenesie zodpovednos\u0165 za obsah, produkty, reklamu alebo ak\u00e9ko\u013evek in\u00e9 prvky \u010di slu\u017eby prezentovan\u00e9 na t\u00fdchto str\u00e1nkach. Pripom\u00edname, \u017ee pridru\u017een\u00e9 a nepripojen\u00e9 str\u00e1nky podliehaj\u00fa vlastn\u00fdm podmienkam pou\u017e\u00edvania a z\u00e1sad\u00e1m ochrany osobn\u00fdch \u00fadajov.     <\/p>\n\n<h2 class=\"wp-block-heading\" id=\"droit-applicable\">Uplatnite\u013en\u00e9 pr\u00e1vo<\/h2>\n\n<p>T\u00e1to str\u00e1nka sa riadi franc\u00fazskym pr\u00e1vom.<\/p>\n\n<h2 class=\"wp-block-heading\" id=\"modification-des-conditions\">\u00daprava podmienok<\/h2>\n\n<p>Inzerent si vyhradzuje pr\u00e1vo kedyko\u013evek a bez predch\u00e1dzaj\u00faceho upozornenia zmeni\u0165 alebo v\u0161eobecne aktualizova\u0165 tieto v\u0161eobecn\u00e9 podmienky. Preto v\u00e1s vyz\u00fdvame, aby ste sa s nimi pravidelne oboznamovali. <\/p>\n\n<h2 class=\"wp-block-heading\" id=\"comment-nous-contacter-si-vous-avez-des-questions-sur-cette-charte\">Ako n\u00e1s m\u00f4\u017eete kontaktova\u0165, ak m\u00e1te ot\u00e1zky t\u00fdkaj\u00face sa tejto charty?<\/h2>\n\n<p>Ke\u010f\u017ee \u00fa\u010delom tejto charty je chr\u00e1ni\u0165 va\u0161e s\u00fakromie, budeme v\u00e1m v\u010fa\u010dn\u00ed, ak n\u00e1m ozn\u00e1mite svoje \u017eelania a pripomienky.<\/p>\n\n<p>Ak m\u00e1te pocit, \u017ee sa va\u0161e \u00fadaje pri n\u00e1v\u0161teve tejto str\u00e1nky nesprac\u00favaj\u00fa v s\u00falade s va\u0161imi \u017eelaniami, dajte n\u00e1m o tom vedie\u0165. Odpovieme v\u00e1m \u010do najsk\u00f4r. <\/p>\n\n<p>Ak si v bud\u00facnosti ne\u017eel\u00e1te, aby sme v\u00e1s kontaktovali po n\u00e1v\u0161teve tejto str\u00e1nky, alebo ak chcete skontrolova\u0165, opravi\u0165 alebo aktualizova\u0165 ak\u00e9ko\u013evek menovit\u00e9 inform\u00e1cie, ktor\u00e9 ste n\u00e1m ozn\u00e1mili, <a href=\"https:\/\/obera.fr\/sk\/contact\/\" data-type=\"page\" data-id=\"124\">nap\u00ed\u0161te n\u00e1m<\/a>.<\/p>\n\n<p>Posledn\u00e1 \u00faprava 24. apr\u00edla 2017.<\/p>\n","protected":false},"excerpt":{"rendered":"<p>Zad\u00e1vate\u013e reklamy T\u00fato webov\u00fa str\u00e1nku vyd\u00e1va a prin\u00e1\u0161a spolo\u010dnos\u0165 oberA s kapit\u00e1lom 20 000 EUR, so s\u00eddlom na adrese 4 Rue Denis Papin 67400 Illkirch-Graffenstaden, pod \u010d\u00edslom SIRET 832 913 487 00027, k\u00f3d NAF 4674B. \u00da\u010delom tejto str\u00e1nky je poskytn\u00fa\u0165 v\u00e1m inform\u00e1cie o inzerentovi a odkazy na r\u00f4zne webov\u00e9 str\u00e1nky. Str\u00e1nka je majetkom inzerenta. T\u00e1to str\u00e1nka je umiestnen\u00e1 v hostite\u013eskej spolo\u010dnosti: o2switch SAS s kapit\u00e1lom 100 000 EUR, adresa: Chemin des Pardiaux, 63000 Clermont-Ferrand, SIRET: 510 909 807 00032 RCS Clermont Ferrand Re\u0161pektovanie vlastn\u00edckych pr\u00e1v a ochrann\u00fdch zn\u00e1mok V\u0161etky prvky, ktor\u00e9 na str\u00e1nke vid\u00edte, po\u010d\u00favate alebo \u010d\u00edtate, ako aj samotn\u00e1 &#8230; <\/p>\n<p class=\"read-more-container\"><a title=\"Pr\u00e1vne inform\u00e1cie\" class=\"read-more button\" href=\"https:\/\/obera.fr\/sk\/mentions-legales\/#more-64011\" aria-label=\"Pre\u010d\u00edtajte si viac o Pr\u00e1vne inform\u00e1cie\">Lire la suite<\/a><\/p>\n","protected":false},"author":4,"featured_media":103628,"parent":0,"menu_order":0,"comment_status":"closed","ping_status":"closed","template":"","meta":{"_acf_changed":false,"_seopress_robots_primary_cat":"","_seopress_titles_title":"oberA.fr pr\u00e1vne upozornenie","_seopress_titles_desc":"T\u00fato webov\u00fa str\u00e1nku vyd\u00e1va a prin\u00e1\u0161a v\u00e1m ju spolo\u010dnos\u0165 oberA, spolo\u010dnos\u0165 so z\u00e1kladn\u00fdm iman\u00edm 20 000 EUR, \u010d\u00edslo SIRET 832 913 487 00019, k\u00f3d NAF 282514.","_seopress_robots_index":"\u00e1no","footnotes":""},"class_list":{"0":"post-64011","1":"page","2":"type-page","3":"status-publish","4":"has-post-thumbnail","6":"no-featured-image-padding","7":"resize-featured-image"},"acf":[],"_links":{"self":[{"href":"https:\/\/obera.fr\/sk\/wp-json\/wp\/v2\/pages\/64011","targetHints":{"allow":["GET"]}}],"collection":[{"href":"https:\/\/obera.fr\/sk\/wp-json\/wp\/v2\/pages"}],"about":[{"href":"https:\/\/obera.fr\/sk\/wp-json\/wp\/v2\/types\/page"}],"author":[{"embeddable":true,"href":"https:\/\/obera.fr\/sk\/wp-json\/wp\/v2\/users\/4"}],"replies":[{"embeddable":true,"href":"https:\/\/obera.fr\/sk\/wp-json\/wp\/v2\/comments?post=64011"}],"version-history":[{"count":3,"href":"https:\/\/obera.fr\/sk\/wp-json\/wp\/v2\/pages\/64011\/revisions"}],"predecessor-version":[{"id":79413,"href":"https:\/\/obera.fr\/sk\/wp-json\/wp\/v2\/pages\/64011\/revisions\/79413"}],"wp:featuredmedia":[{"embeddable":true,"href":"https:\/\/obera.fr\/sk\/wp-json\/wp\/v2\/media\/103628"}],"wp:attachment":[{"href":"https:\/\/obera.fr\/sk\/wp-json\/wp\/v2\/media?parent=64011"}],"curies":[{"name":"wp","href":"https:\/\/api.w.org\/{rel}","templated":true}]}}