{"id":44868,"date":"2020-05-01T17:18:19","date_gmt":"2020-05-01T15:18:19","guid":{"rendered":"https:\/\/obera.fr\/produktet-tona\/voc-dhe-trajtimi-i-eres\/"},"modified":"2025-04-22T09:34:55","modified_gmt":"2025-04-22T07:34:55","slug":"traitement-cov","status":"publish","type":"page","link":"https:\/\/obera.fr\/sq\/produits\/traitement-cov\/","title":{"rendered":"Trajtimi i VOC dhe er\u00ebrave"},"content":{"rendered":"\n<p><strong>VOC industriale dhe shkat\u00ebrruesit tan\u00eb t\u00eb aromave<\/strong> p\u00ebrfaq\u00ebsojn\u00eb nj\u00eb s\u00ebr\u00eb pajisjesh t\u00eb dedikuara posa\u00e7\u00ebrisht p\u00ebr <strong>trajtimin e ndot\u00ebsve n\u00eb form\u00eb t\u00eb gazt\u00eb<\/strong> , t\u00eb tilla si komponimet organike t\u00eb paq\u00ebndrueshme (VOC), aromat, tymrat dhe komponimet e ndryshme kimike. Pajisjet tona jan\u00eb t\u00eb p\u00ebrshtatshme p\u00ebr t\u00eb gjitha llojet e industrive. Fal\u00eb filtrimit molekular me karbon t\u00eb aktivizuar, filtrimi dhe kapja e ndot\u00ebsve b\u00ebhet me adsorbim.  <\/p>\n\n<p>Proceset industriale dhe produktet e p\u00ebrdorura n\u00eb vendin e pun\u00ebs \u00e7lirojn\u00eb ndot\u00ebs t\u00eb gazt\u00eb q\u00eb zakonisht quhen VOC. K\u00ebta ndot\u00ebs jan\u00eb p\u00ebrgjith\u00ebsisht komponime q\u00eb rrjedhin nga hidrokarburet, tret\u00ebsit e p\u00ebrb\u00ebr\u00ebsve t\u00eb squfurit, etj. <\/p>\n\n<p>Kur \u00ebsht\u00eb e mundur, P\u00ebrb\u00ebrjet Organike t\u00eb Paq\u00ebndrueshme (VOCs) duhet t\u00eb <strong>pastrohen me vakum<\/strong> , <strong>t\u00eb trajtohen<\/strong> dhe m\u00eb pas <strong>t\u00eb shkarkohen jasht\u00eb<\/strong> .<\/p>\n\n<p>N\u00eb shum\u00eb raste, kjo nuk \u00ebsht\u00eb e mundur dhe nj\u00eb instalim i kapjes s\u00eb burimit celular ose i trajtimit t\u00eb ambientit pran\u00eb stacionit t\u00eb pun\u00ebs mund t\u00eb reduktoj\u00eb ndjesh\u00ebm ekspozimin e operatorit.<\/p>\n\n\n<h2 class=\"wp-block-heading\">Gama jon\u00eb e shkat\u00ebrruesve t\u00eb er\u00ebrave industriale dhe VOC<\/h2>\n\n<div class=\"wp-block-columns is-layout-flex wp-container-core-columns-is-layout-28f84493 wp-block-columns-is-layout-flex\">\n<div class=\"wp-block-column is-layout-flow wp-block-column-is-layout-flow\">\n<h3 class=\"wp-block-heading has-text-align-center\"><a href=\"https:\/\/obera.fr\/sq\/produits\/purificateurs-air\/professionnel-epur-ca\/\">EPUR CA: Trajtim ambienti<\/a><\/h3>\n\n\n\n<figure class=\"wp-block-image aligncenter size-medium\"><a href=\"https:\/\/obera.fr\/produits\/purificateurs-air\/professionnel-epur-ca\/\"><img decoding=\"async\" width=\"300\" height=\"300\" src=\"https:\/\/obera.fr\/wp-content\/uploads\/2020\/09\/gamme-epur-ca-300x300.jpg\" alt=\"Gama e Epur Ca\" class=\"wp-image-1015\" srcset=\"https:\/\/obera.fr\/wp-content\/uploads\/2020\/09\/gamme-epur-ca-300x300.jpg 300w, https:\/\/obera.fr\/wp-content\/uploads\/2020\/09\/gamme-epur-ca-150x150.jpg 150w, https:\/\/obera.fr\/wp-content\/uploads\/2020\/09\/gamme-epur-ca.jpg 433w\" sizes=\"(max-width: 300px) 100vw, 300px\" \/><\/a><figcaption class=\"wp-element-caption\">ePUR CA<\/figcaption><\/figure>\n\n\n\n<p><a href=\"https:\/\/obera.fr\/sq\/produits\/purificateurs-air\/professionnel-epur-ca\/\" data-type=\"page\" data-id=\"409\">EPUR CA<\/a> , nj\u00eb sistem profesional i l\u00ebvizsh\u00ebm i trajtimit t\u00eb ajrit q\u00eb nuk k\u00ebrkon tubacione ose montim. I projektuar p\u00ebr kapjen e ambientit, ai shpesh p\u00ebrdoret p\u00ebrve\u00e7 thithjes s\u00eb burimit p\u00ebr t\u00eb nxjerr\u00eb dhe filtruar VOC dhe ndot\u00ebs t\u00eb tjer\u00eb n\u00eb form\u00eb t\u00eb gazt\u00eb me an\u00eb t\u00eb adsorbimit. Lloji i karbonit t\u00eb aktivizuar mund t\u00eb zgjidhet nga nj\u00eb gam\u00eb e gjer\u00eb, ve\u00e7an\u00ebrisht n\u00eb var\u00ebsi t\u00eb ndot\u00ebsit q\u00eb do t\u00eb trajtohet p\u00ebr efikasitet optimal.    <\/p>\n\n\n\n<p><a href=\"https:\/\/obera.fr\/sq\/produits\/purificateurs-air\/\" data-type=\"page\" data-id=\"26\">Pastruesit e ajrit ePUR CA<\/a> b\u00ebjn\u00eb t\u00eb mundur trajtimin e shqet\u00ebsimeve t\u00eb nuhatjes n\u00eb mjedis dhe reduktojn\u00eb ndjesh\u00ebm ato. Er\u00ebrat bllokohen n\u00eb m\u00ebnyr\u00eb efektive. <\/p>\n\n\n\n<p><\/p>\n<\/div>\n<\/div>\n\n<div class=\"wp-block-columns is-layout-flex wp-container-core-columns-is-layout-28f84493 wp-block-columns-is-layout-flex\">\n<div class=\"wp-block-column is-layout-flow wp-block-column-is-layout-flow\">\n<h3 class=\"wp-block-heading has-text-align-center\"><a href=\"https:\/\/obera.fr\/sq\/produits\/traitement-cov\/filtre-anti-poussiere-epur010-b-ca\/\">EPUR 10 B CA<\/a><\/h3>\n\n\n\n<figure class=\"wp-block-image aligncenter size-medium\"><a href=\"https:\/\/obera.fr\/produits\/traitement-cov\/filtre-anti-poussiere-epur010-b-ca\/\"><img decoding=\"async\" width=\"300\" height=\"300\" src=\"https:\/\/obera.fr\/wp-content\/uploads\/2020\/09\/ePUR010B-CA-300x300.png\" alt=\"Epur 010 b Ca\" class=\"wp-image-1038\" srcset=\"https:\/\/obera.fr\/wp-content\/uploads\/2020\/09\/ePUR010B-CA-300x300.png 300w, https:\/\/obera.fr\/wp-content\/uploads\/2020\/09\/ePUR010B-CA-150x150.png 150w, https:\/\/obera.fr\/wp-content\/uploads\/2020\/09\/ePUR010B-CA.png 433w\" sizes=\"(max-width: 300px) 100vw, 300px\" \/><\/a><figcaption class=\"wp-element-caption\">ePUR 10 B CA<\/figcaption><\/figure>\n\n\n\n<p><a href=\"https:\/\/obera.fr\/sq\/produits\/traitement-cov\/filtre-anti-poussiere-epur010-b-ca\/\" data-type=\"page\" data-id=\"426\">EPUR 10 B CA<\/a> , \u00ebsht\u00eb nj\u00eb <strong>sistem profesional celular p\u00ebr nxjerrjen n\u00eb burim<\/strong> dhe <strong>trajtimin e ndot\u00ebsve t\u00eb gazt\u00eb si avujt<\/strong> , <strong>VOC<\/strong> dhe <strong>aromat fal\u00eb filtrit t\u00eb karbonit t\u00eb aktivizuar<\/strong> &#8230;  <\/p>\n\n\n\n<p>Kjo pajisje ju lejon t\u00eb p\u00ebrmir\u00ebsoni cil\u00ebsin\u00eb e ajrit n\u00eb hap\u00ebsir\u00ebn tuaj t\u00eb pun\u00ebs, por edhe t\u00eb respektoni vlerat kufitare t\u00eb ekspozimit n\u00eb pun\u00eb ( <a href=\"https:\/\/obera.fr\/conseils\/reglementation-vlep-evaluation-risque-chimique-lieu-de-travail\/\" data-type=\"post\" data-id=\"6575\">OEL<\/a> ). Mund t\u00eb p\u00ebrdoret si nj\u00eb pajisje p\u00ebr kapjen e burimit kur \u00ebsht\u00eb e pajisur me nj\u00eb krah. Mbulesa dhe krahu hiqen leht\u00ebsisht dhe pajisja b\u00ebhet nj\u00eb pastrues ajri i dhom\u00ebs. Kjo pajisje mund t\u00eb pajiset me nj\u00eb ose 2 faza t\u00eb filtrimit molekular (karbone t\u00eb aktivizuar ose adsorbent\u00eb t\u00eb tjer\u00eb) dhe\/ose 1 ose 2 faza paraprake t\u00eb filtrimit t\u00eb grimcave.   <\/p>\n<\/div>\n\n\n\n<div class=\"wp-block-column is-layout-flow wp-block-column-is-layout-flow\">\n<h3 class=\"wp-block-heading has-text-align-center\"><a href=\"https:\/\/obera.fr\/sq\/produits\/traitement-cov\/aspiration-mobile-odeurs-epur-box\/\">EPUR-KUTI<\/a><\/h3>\n\n\n\n<figure class=\"wp-block-image aligncenter size-medium is-resized\"><a href=\"https:\/\/obera.fr\/produits\/traitement-cov\/aspiration-mobile-odeurs-epur-box\/\"><img decoding=\"async\" width=\"300\" height=\"300\" src=\"https:\/\/obera.fr\/wp-content\/uploads\/2024\/05\/epurbox-brs-300x300.png\" alt=\"epurbox brs\" class=\"wp-image-30328\" style=\"object-fit:cover\" srcset=\"https:\/\/obera.fr\/wp-content\/uploads\/2024\/05\/epurbox-brs-300x300.png 300w, https:\/\/obera.fr\/wp-content\/uploads\/2024\/05\/epurbox-brs-1024x1024.png 1024w, https:\/\/obera.fr\/wp-content\/uploads\/2024\/05\/epurbox-brs-150x150.png 150w, https:\/\/obera.fr\/wp-content\/uploads\/2024\/05\/epurbox-brs-768x768.png 768w, https:\/\/obera.fr\/wp-content\/uploads\/2024\/05\/epurbox-brs.png 1200w\" sizes=\"(max-width: 300px) 100vw, 300px\" \/><\/a><figcaption class=\"wp-element-caption\">ePURBOX  <\/figcaption><\/figure>\n\n\n\n<p><a href=\"https:\/\/obera.fr\/sq\/produits\/traitement-cov\/aspiration-mobile-odeurs-epur-box\/\" data-type=\"page\" data-id=\"417\">EPUR-BOX<\/a> \u00ebsht\u00eb nj\u00eb <strong>shkat\u00ebrrues<\/strong> i l\u00ebvizsh\u00ebm dhe <strong>kompakt<\/strong> i aromave i pajisur me filtrim t\u00eb ngopjes p\u00ebr pun\u00eb t\u00eb rast\u00ebsishme saldimi. Nj\u00eb parafilt\u00ebr p\u00ebr pluhurin dhe tymin dhe nj\u00eb filtrim kryesor me karbon aktiv me efikasitet t\u00eb lart\u00eb, i adaptuesh\u00ebm ndaj ndot\u00ebsve q\u00eb do t\u00eb trajtohen, lejojn\u00eb q\u00eb ajri i filtruar t\u00eb rifutet n\u00eb hap\u00ebsir\u00ebn e pun\u00ebs p\u00ebrmes tre an\u00ebve t\u00eb pjes\u00ebs s\u00eb poshtme t\u00eb pajisjes.   <\/p>\n\n\n\n<p>EPUR-BOX \u00ebsht\u00eb <strong>i pajisur me nj\u00eb krah rrotullues prej dy metrash<\/strong> p\u00ebr kapjen efikase t\u00eb burimit. Zakonisht p\u00ebrdoret p\u00ebr industrin\u00eb metalike, plastike dhe elektronike. <\/p>\n<\/div>\n<\/div>\n\n<div style=\"height:25px\" aria-hidden=\"true\" class=\"wp-block-spacer\"><\/div>\n\n<div class=\"wp-block-columns is-layout-flex wp-container-core-columns-is-layout-28f84493 wp-block-columns-is-layout-flex\">\n<div class=\"wp-block-column is-layout-flow wp-block-column-is-layout-flow\">\n<h3 class=\"wp-block-heading has-text-align-center\"><a href=\"https:\/\/obera.fr\/sq\/produits\/depoussiereurs-industriels\/petits\/aspiration-fumees-soudage-laser-epur-b-ex\/\" data-type=\"page\" data-id=\"480\">EPUR B EX 1000<\/a><\/h3>\n\n\n\n<figure class=\"wp-block-image aligncenter size-medium is-resized\"><a href=\"https:\/\/obera.fr\/produits\/depoussiereurs-industriels\/petits\/aspiration-fumees-soudage-laser-epur-b-ex\/\"><img decoding=\"async\" width=\"300\" height=\"300\" src=\"https:\/\/obera.fr\/wp-content\/uploads\/2022\/02\/ePURBEX-1000-300x300.png\" alt=\"epurbex 1000\" class=\"wp-image-8921\" srcset=\"https:\/\/obera.fr\/wp-content\/uploads\/2022\/02\/ePURBEX-1000-300x300.png 300w, https:\/\/obera.fr\/wp-content\/uploads\/2022\/02\/ePURBEX-1000-150x150.png 150w, https:\/\/obera.fr\/wp-content\/uploads\/2022\/02\/ePURBEX-1000.png 500w\" sizes=\"(max-width: 300px) 100vw, 300px\" \/><\/a><\/figure>\n\n\n\n<p><a href=\"https:\/\/obera.fr\/sq\/produits\/depoussiereurs-industriels\/petits\/aspiration-fumees-soudage-laser-epur-b-ex\/\" data-type=\"page\" data-id=\"480\">Mbledh\u00ebsi EPUR B Ex Dust<\/a> \u00ebsht\u00eb nj\u00eb <strong>kuti thith\u00ebse e l\u00ebvizshme q\u00eb shkat\u00ebrron aromat dhe VOC-t\u00eb e pajisur me filtra t\u00eb karbonit t\u00eb aktivizuar<\/strong> .<\/p>\n\n\n\n<p>\u00cbsht\u00eb ve\u00e7an\u00ebrisht i p\u00ebrshtatsh\u00ebm p\u00ebr <strong>nxjerrjen e tymrave me er\u00eb<\/strong> <strong>dhe VOC-ve<\/strong> nga proceset q\u00eb degradojn\u00eb materialet organike ose avullojn\u00eb metalet (printimi 3D, prodhimi i aditiv\u00ebve, gdhendja me lazer, saldimi, ngjitja, pastrimi me tret\u00ebs, etj.).<\/p>\n\n\n\n<p>Kjo pajisje ka nj\u00eb vakum t\u00eb lart\u00eb, p\u00ebrdoret p\u00ebr t\u00eb kapur n\u00eb burim n\u00ebp\u00ebrmjet nj\u00eb ose dy zorr\u00ebve thith\u00ebse dhe\/ose p\u00ebrmes nj\u00eb krahu t\u00eb vendosur n\u00eb kapakun e sip\u00ebrm t\u00eb pajisjes.<\/p>\n\n\n\n<p>Mund t\u00eb pajiset me 1 ose 2 faza t\u00eb filtrimit molekular (karbone t\u00eb aktivizuar) dhe\/ose 1 ose 2 faza paraprake t\u00eb filtrimit t\u00eb grimcave. I qet\u00eb dhe i fuqish\u00ebm, ju mund t\u00eb fshini deri n\u00eb tre stacione t\u00eb vogla pune ose makina t\u00eb vogla prodhimi. K\u00ebto modele grumbulluesish pluhuri jan\u00eb t\u00eb p\u00ebrshtatshme p\u00ebr t&#8217;u pozicionuar n\u00eb <a href=\"https:\/\/obera.fr\/sq\/produits\/atex\/\" data-type=\"page\" data-id=\"372\">zon\u00ebn ATEX 22<\/a> .  <\/p>\n<\/div>\n\n\n\n<div class=\"wp-block-column is-layout-flow wp-block-column-is-layout-flow\">\n<h3 class=\"wp-block-heading has-text-align-center\"><a href=\"https:\/\/obera.fr\/sq\/produits\/traitement-cov\/filtre-atex-mobile-mobfan-4500\/\" data-type=\"page\" data-id=\"9461\">MOBFAN 4500<\/a><\/h3>\n\n\n\n<figure class=\"wp-block-image aligncenter size-medium is-resized\"><a href=\"https:\/\/obera.fr\/produits\/traitement-cov\/filtre-atex-mobile-mobfan-4500\/\"><img decoding=\"async\" width=\"300\" height=\"300\" src=\"https:\/\/obera.fr\/wp-content\/uploads\/2022\/03\/Filtre-mobile-ATEX-MOBFAN4500-300x300.png\" alt=\"Filtri celular atex mobfan4500\" class=\"wp-image-9464\" srcset=\"https:\/\/obera.fr\/wp-content\/uploads\/2022\/03\/Filtre-mobile-ATEX-MOBFAN4500-300x300.png 300w, https:\/\/obera.fr\/wp-content\/uploads\/2022\/03\/Filtre-mobile-ATEX-MOBFAN4500-150x150.png 150w, https:\/\/obera.fr\/wp-content\/uploads\/2022\/03\/Filtre-mobile-ATEX-MOBFAN4500.png 500w\" sizes=\"(max-width: 300px) 100vw, 300px\" \/><\/a><\/figure>\n\n\n\n<p>Inovativ n\u00eb dizajnin e tij, <a href=\"https:\/\/obera.fr\/sq\/produits\/traitement-cov\/filtre-atex-mobile-mobfan-4500\/\" data-type=\"page\" data-id=\"9461\">filtri i karbonit aktiv MOBFAN 4500 ATEX<\/a> \u00ebsht\u00eb nj\u00eb pajisje e krijuar posa\u00e7\u00ebrisht p\u00ebr trajtimin e aromave, tret\u00ebsve, VOC-ve dhe ndot\u00ebsve t\u00eb tjer\u00eb t\u00eb gazt\u00eb.  <\/p>\n\n\n\n<p>Pajisja p\u00ebrshtatet n\u00eb m\u00ebnyr\u00eb t\u00eb p\u00ebrkryer me problemin tuaj pasi \u00ebsht\u00eb e mundur t\u00eb lidhni t\u00eb gjitha sistemet e thithjes: tavolin\u00eb thith\u00ebse, mbrapa thith\u00ebse, tubacione, kanale, krah thith\u00ebs etj.  <\/p>\n\n\n\n<p>Ajri i thithur nga nj\u00eb ventilator me nj\u00eb shpejt\u00ebsi rrjedhjeje prej 4500 m3\/h projektohet drejtp\u00ebrdrejt p\u00ebrmes nj\u00eb fisheku 36 kg t\u00eb ngarkuar me karbon aktiv (18,5 kg).  <\/p>\n\n\n\n<p><strong>MOBFAN 4500 \u00ebsht\u00eb i certifikuar nga zona e pluhurit ATEX 22 dhe zona e gazit ATEX 2.<\/strong><\/p>\n<\/div>\n<\/div>\n\n<p>Filtrat tan\u00eb jan\u00eb b\u00ebr\u00eb nga <strong>karboni aktiv i grimcuar,<\/strong> duke u dh\u00ebn\u00eb atyre nj\u00eb jet\u00ebgjat\u00ebsi m\u00eb t\u00eb gjat\u00eb dhe pesh\u00eb m\u00eb t\u00eb leht\u00eb. Kjo gjithashtu do t\u00eb rris\u00eb efikasitetin e tyre ndryshe nga fibra e karbonit t\u00eb aktivizuar. <\/p>\n\n<h2 class=\"wp-block-heading\">Si t\u00eb zgjidhni sistemin e duhur t\u00eb arom\u00ebs dhe shkat\u00ebrrimit t\u00eb VOC?<\/h2>\n\n<p>\u00cbsht\u00eb e domosdoshme t\u00eb zgjidhni me kujdes sistemin tuaj t\u00eb filtrimit, sepse p\u00ebrndryshe pajisja mund t\u00eb jet\u00eb e pap\u00ebrshtatshme dhe mund t\u00eb k\u00ebrkoj\u00eb z\u00ebvend\u00ebsim shum\u00eb t\u00eb shpesht\u00eb t\u00eb materialeve harxhuese ose edhe t\u00eb konsumohet shum\u00eb shpejt dhe t\u00eb mos funksionoj\u00eb m\u00eb.<\/p>\n\n<p>K\u00ebtu jan\u00eb kurthet kryesore q\u00eb duhen shmangur:<\/p>\n\n<ul class=\"wp-block-list\">\n<li><strong>Thithja e ndot\u00ebsve t\u00eb gazt\u00eb shum\u00eb t\u00eb ngarkuar me pluhur<\/strong> : n\u00ebse \u00ebsht\u00eb k\u00ebshtu, parafiltrat e ngopjes do t\u00eb bllokohen shum\u00eb shpejt dhe do t\u00eb k\u00ebrkojn\u00eb mir\u00ebmbajtje t\u00eb rregullt. Prandaj, preferohet t\u00eb zgjidhni filtrimin e grimcave p\u00ebrmes nj\u00eb kolektori pluhuri q\u00eb bllokon (p\u00ebr shembull <a href=\"https:\/\/obera.fr\/sq\/produits\/depoussiereurs-industriels\/mobiles\/extracteur-poussiere-pulverulente-dustomat-16m\/\" data-type=\"page\" data-id=\"449\">DUSTOMAT 16<\/a> ose <a href=\"https:\/\/obera.fr\/sq\/produits\/depoussiereurs-industriels\/mobiles\/extracteur-poussiere-dustomat-4\/\" data-type=\"page\" data-id=\"440\">DUSTOMAT 4<\/a> ) i shoq\u00ebruar me nj\u00eb faz\u00eb filtrimi shtes\u00eb t\u00eb karbonit t\u00eb aktivizuar. <\/li>\n\n\n\n<li><strong>Ndot\u00ebsit t\u00eb pamundur ose t\u00eb v\u00ebshtir\u00eb p\u00ebr t&#8217;u trajtuar me karbon aktiv<\/strong> : jo t\u00eb gjith\u00eb ndot\u00ebsit mund t\u00eb absorbohen nga karboni i aktivizuar. Konsultohuni me list\u00ebn e ndot\u00ebsve kryesor\u00eb dhe kapacitetin e tyre absorbues) lidhjen te skedari \u201cPotenciali i adsorbimit t\u00eb ndot\u00ebsve\u201d. <\/li>\n<\/ul>\n\n<p>N\u00ebse e kryeni vet\u00eb k\u00ebrkimin tuaj, sigurohuni q\u00eb t\u00eb m\u00ebsoni p\u00ebr <strong>aft\u00ebsit\u00eb e filtrimit t\u00eb pajisjes<\/strong> , kjo do t\u00eb varet nga ndot\u00ebsi juaj, gjendja e tij (e ngurt\u00eb ose e gazt\u00eb) dhe sasia e tij. N\u00eb fakt, kjo do t&#8217;ju lejoj\u00eb t\u00eb zgjidhni llojin e filtrit q\u00eb duhet t\u00eb ket\u00eb kolektori i pluhurit. S\u00eb dyti, do t&#8217;ju duhet t\u00eb m\u00ebsoni p\u00ebr fuqin\u00eb e pajisjes, me fjal\u00eb t\u00eb tjera, shkall\u00ebn e rrjedh\u00ebs s\u00eb saj. <strong>Shkalla e rrjedh\u00ebs s\u00eb pajisjes<\/strong> do t\u00eb varet edhe nj\u00eb her\u00eb nga sasia e ndot\u00ebsit tuaj, por edhe nga sip\u00ebrfaqja e dhom\u00ebs suaj q\u00eb do t\u00eb trajtohet. Sa m\u00eb e madhe t\u00eb jet\u00eb hap\u00ebsira, aq m\u00eb shum\u00eb rrjedhje do t\u00eb k\u00ebrkohet.    <\/p>\n\n<p>M\u00eb pas do t&#8217;ju duhet t\u00eb dini se me cilin <strong>aksesor<\/strong> t\u00eb pajisni makin\u00ebn tuaj: nj\u00eb k\u00ebll\u00ebf p\u00ebr t&#8217;u lidhur me makin\u00ebn e prodhimit ose nj\u00eb krah thith\u00ebs p\u00ebr nj\u00eb stacion pune.<\/p>\n\n<div class=\"wp-block-buttons is-horizontal is-content-justification-center is-layout-flex wp-container-core-buttons-is-layout-03627597 wp-block-buttons-is-layout-flex\">\n<div class=\"wp-block-button has-custom-width wp-block-button__width-100\"><a class=\"wp-block-button__link wp-element-button\" href=\"https:\/\/obera.fr\/sq\/na-kontaktoni\/\">M\u00ebsoni m\u00eb shum\u00eb<\/a><\/div>\n<\/div>\n\n<p><\/p>\n\n<h2 class=\"wp-block-heading\">Cilin qymyr t\u00eb zgjidhni?<\/h2>\n\n<p>OBERA ka nj\u00eb gam\u00eb t\u00eb gjer\u00eb t\u00eb karbonit aktiv dhe adsorbent\u00ebve t\u00eb p\u00ebrshtatur p\u00ebr ndot\u00ebsit q\u00eb do t\u00eb trajtohen.<\/p>\n\n<div class=\"wp-block-buttons is-content-justification-center is-layout-flex wp-container-core-buttons-is-layout-a89b3969 wp-block-buttons-is-layout-flex\">\n<div class=\"wp-block-button\"><a class=\"wp-block-button__link wp-element-button\" href=\"https:\/\/obera.fr\/wp-content\/uploads\/2020\/11\/52-odeurs.jpg\">Shihni karbon\u00ebt tan\u00eb t\u00eb aktivizuar<\/a><\/div>\n<\/div>\n\n<p><\/p>\n\n<h3 class=\"wp-block-heading\">Si t\u00eb llogarisni jet\u00ebgjat\u00ebsin\u00eb maksimale t\u00eb karbonit t\u00eb aktivizuar?<\/h3>\n\n<p>\u00cbsht\u00eb shum\u00eb e v\u00ebshtir\u00eb t\u00eb parashikohet jet\u00ebgjat\u00ebsia e nj\u00eb ngarkese t\u00eb karbonit t\u00eb aktivizuar.<\/p>\n\n<p>Megjithat\u00eb, mund ta kuptojm\u00eb n\u00ebse dim\u00eb p\u00ebrqendrimin mesatar t\u00eb ndot\u00ebsit q\u00eb duhet trajtuar. N\u00eb fakt, qymyri ka nj\u00eb kapacitet mbajt\u00ebs t\u00eb ndot\u00ebsve n\u00eb rastin m\u00eb t\u00eb mir\u00eb prej 50% t\u00eb pesh\u00ebs s\u00eb tij specifike. <\/p>\n\n<p>Jet\u00ebgjat\u00ebsia e qymyrit L n\u00eb or\u00eb pune mund t\u00eb p\u00ebrafrohet me formul\u00ebn e m\u00ebposhtme: L = (1000 x P xp \/ (Q xc)<\/p>\n\n<p>P pesha e ngarkes\u00ebs s\u00eb qymyrit (n\u00eb kg), p potenciali i absorbimit n\u00eb %, Q shpejt\u00ebsia e rrjedh\u00ebs n\u00eb m3\/h, c p\u00ebrqendrimi i ndot\u00ebsit n\u00eb g\/m3<\/p>\n\n<p>Si rregull i p\u00ebrgjithsh\u00ebm, frekuenca e z\u00ebvend\u00ebsimit \u00ebsht\u00eb rezultat i reagimeve. Fal\u00eb mat\u00ebsit t\u00eb or\u00ebs, ne v\u00ebrejm\u00eb jet\u00ebgjat\u00ebsin\u00eb e nj\u00eb ngarkese dhe organizojm\u00eb mir\u00ebmbajtjen periodike parandaluese n\u00eb intervale t\u00eb rregullta. <\/p>\n\n<h3 class=\"wp-block-heading\">Parimi i adsorbimit<\/h3>\n\n<p>Adsorbimi, p\u00ebr t\u00eb mos u ngat\u00ebrruar me absorbimin, p\u00ebrfaq\u00ebson aft\u00ebsin\u00eb e nj\u00eb solidi (adsorbent) p\u00ebr t\u00eb fiksuar gaze t\u00eb caktuara t\u00eb quajtura adsorbate n\u00eb sip\u00ebrfaqen e tij. Kjo t\u00ebrheqje nd\u00ebrmjet adsorbentit dhe adsorbatit ndodh p\u00ebrgjith\u00ebsisht n\u00eb m\u00ebnyr\u00eb elektrostatike. <\/p>\n\n<p>Prandaj, adsorbenti \u00ebsht\u00eb nj\u00eb material (p\u00ebr shembull, karboni i aktivizuar) i aft\u00eb, n\u00ebp\u00ebrmjet vetive t\u00eb tij kimike, t\u00eb t\u00ebrheq\u00eb gaze t\u00eb caktuara n\u00eb sip\u00ebrfaqen e tij.<\/p>\n\n<p><\/p>\n\n<div class=\"wp-block-columns is-layout-flex wp-container-core-columns-is-layout-28f84493 wp-block-columns-is-layout-flex\">\n<div class=\"wp-block-column is-layout-flow wp-block-column-is-layout-flow\" style=\"flex-basis:25%\"><\/div>\n\n\n\n<div class=\"wp-block-column is-layout-flow wp-block-column-is-layout-flow\" style=\"flex-basis:50%\">\n<figure class=\"wp-block-embed is-type-video is-provider-youtube wp-block-embed-youtube wp-embed-aspect-16-9 wp-has-aspect-ratio\"><div class=\"wp-block-embed__wrapper\">\n<iframe title=\"Fonctionnement charbon actif - OberA\" width=\"1200\" height=\"675\" src=\"https:\/\/www.youtube.com\/embed\/eto9V0iSJOc?feature=oembed\" frameborder=\"0\" allow=\"accelerometer; autoplay; clipboard-write; encrypted-media; gyroscope; picture-in-picture; web-share\" referrerpolicy=\"strict-origin-when-cross-origin\" allowfullscreen><\/iframe>\n<\/div><\/figure>\n<\/div>\n\n\n\n<div class=\"wp-block-column is-layout-flow wp-block-column-is-layout-flow\" style=\"flex-basis:25%\"><\/div>\n<\/div>\n\n<p><\/p>\n\n<h2 class=\"wp-block-heading\">Cilat molekula dhe aroma trajtohen nga OberA VOC dhe shkat\u00ebrruesit industrial\u00eb t\u00eb aromave?<\/h2>\n\n<p>Ka kategori t\u00eb ndryshme t\u00eb ndot\u00ebsve q\u00eb gjenerojn\u00eb er\u00ebra:<\/p>\n\n<ul class=\"wp-block-list\">\n<li><strong>Komponimet e squfurit<\/strong> (H2S, CS2, COS, SO2, dimetil disulfid, merkaptan\u00ebt, biogaz, etj.)<\/li>\n\n\n\n<li><strong>Komponimet azotike<\/strong> (NH3, aminat, etj.)<\/li>\n\n\n\n<li><strong>VOC<\/strong> (acidet yndyrore t\u00eb paq\u00ebndrueshme, fenolet, komponimet aromatike policiklike, aldehidet, tret\u00ebsit, metiletil keton MEK, formalinat, ftalatet, acetonet, toluenet, ksilenet, stirenet, tiolet, formaldehidet, etj.)<\/li>\n<\/ul>\n\n<p>Aromat e pranishme n\u00eb ajrin e nd\u00ebrtesave industriale dhe profesionale shpesh varen nga temperatura. Si rregull i p\u00ebrgjithsh\u00ebm, sa m\u00eb e lart\u00eb t\u00eb jet\u00eb temperatura e ajrit, aq m\u00eb t\u00eb forta jan\u00eb er\u00ebrat. <\/p>\n\n<h2 class=\"wp-block-heading\">N\u00eb cilat industri gjenden molekulat me er\u00eb dhe VOC?<\/h2>\n\n<ul class=\"wp-block-list\">\n<li><strong>Fabrika e \u00e7elikut dhe shkritoret:<\/strong> Er\u00ebrat e k\u00ebqija t\u00eb skorjeve, VOC dhe aromat e rr\u00ebshir\u00ebs fenolike, aromat e b\u00ebrtham\u00ebs, etj. \u00cbsht\u00eb e leht\u00eb t\u00eb instaloni nj\u00eb shkat\u00ebrrues aromash n\u00eb punishtet e prodhimit t\u00eb b\u00ebrthamave, zonat e derdhjes apo edhe kabinat e pilot\u00ebve ose dhomat e mbik\u00ebqyrjes dhe kontrollit n\u00eb punishtet e \u00e7elikut. Kjo zgjidhje p\u00ebr kapjen e VOC-ve dhe aromave thjesht mbron operator\u00ebt n\u00eb zon\u00eb. <\/li>\n\n\n\n<li><strong>Industria e plastik\u00ebs:<\/strong> er\u00ebra t\u00eb k\u00ebqija nga plastika e shkrir\u00eb ose e djegur, aroma e derdhjes dhe injektimit, VOC, aromat dhe avujt e rr\u00ebshir\u00ebs dhe tekstil me fije qelqi, avujt e stirenit, er\u00ebrat e nxjerrjes, aromat e l\u00ebshuara gjat\u00eb shkrirjes s\u00eb polimer\u00ebve termoplastik\u00eb dhe termoq\u00ebndruesh\u00ebm.<\/li>\n\n\n\n<li><strong>Industrit\u00eb ushqimore:<\/strong> Aromat e k\u00ebqija t\u00eb gatimit <strong>,<\/strong> er\u00ebrat e gatimit dhe tharjes, aromat e skuqjes, bluarja, brumosja dhe aroma e er\u00ebrave, aroma e kafes\u00eb, aroma e prodhimit t\u00eb aromatizimit dhe ngjyrosjes, aroma e keqe e peshkut, er\u00eb duhani, er\u00eb e keqe fermentimi dhe maja.<\/li>\n\n\n\n<li><strong>Pun\u00ebtorit\u00eb e lyerjes dhe p\u00ebrfundimit:<\/strong> Er\u00ebrat e boj\u00ebs, aromat e llakut, VOC dhe aromat e tret\u00ebsve, etj.<\/li>\n\n\n\n<li><strong>Pun\u00ebtorit\u00eb e printimit:<\/strong> Aromat e boj\u00ebs, VOC dhe aromat e tret\u00ebsve, etj.<\/li>\n\n\n\n<li><strong>Pun\u00ebtorit\u00eb e restaurimit dhe konservimit t\u00eb artit:<\/strong> VOC dhe aromat e boj\u00ebs, tret\u00ebsve dhe permetrin\u00ebs.<\/li>\n\n\n\n<li><strong>Mbetjet:<\/strong> Er\u00ebrat e k\u00ebqija t\u00eb lidhura me ruajtjen e mbeturinave, er\u00ebrat e k\u00ebqija n\u00eb pun\u00ebtorit\u00eb e riparimit t\u00eb koshave, qendrat e klasifikimit dhe riciklimit, kompostimi, metanizimi.<\/li>\n\n\n\n<li><strong>Pastrim kimik dhe presim:<\/strong> Aromat e perkloretilenit etj.<\/li>\n\n\n\n<li><strong>P\u00ebrpunimi:<\/strong> VOC dhe aromat e tret\u00ebsve, aromat e l\u00ebngjeve prer\u00ebse, er\u00ebrat e avullit t\u00eb vajit, etj.<\/li>\n\n\n\n<li><strong>Druri:<\/strong> VOC dhe aromat e ngjitjes, aromat e ngjit\u00ebsit t\u00eb buz\u00ebve, aromat e llakut, etj.<\/li>\n\n\n\n<li><strong>Kozmetik\u00eb:<\/strong> Aromat e forta t\u00eb vajrave esencial\u00eb n\u00eb prodhim, stacioni i formulimit, VOC dhe aroma t\u00eb tret\u00ebsve, alkooleve dhe aditiv\u00ebve, etj.<\/li>\n\n\n\n<li><strong>Produktet e higjien\u00ebs:<\/strong> Aromat e koncentruara t\u00eb parfumeve, aroma t\u00eb vajrave esenciale etj.<\/li>\n\n\n\n<li><strong>Zyrat, hap\u00ebsirat me plan t\u00eb hapur, dhomat e pritjes, mensat, sht\u00ebpit\u00eb e t\u00eb moshuarve:<\/strong> er\u00ebrat e k\u00ebqija t\u00eb lidhura me ventilimin, er\u00ebrat e k\u00ebqija t\u00eb duhanit, er\u00ebrat e gatimit, er\u00ebrat e djers\u00ebs, etj.<\/li>\n<\/ul>\n\n<div class=\"wp-block-buttons is-horizontal is-content-justification-center is-layout-flex wp-container-core-buttons-is-layout-03627597 wp-block-buttons-is-layout-flex\">\n<div class=\"wp-block-button has-custom-width wp-block-button__width-100\"><a class=\"wp-block-button__link wp-element-button\" href=\"https:\/\/obera.fr\/sq\/na-kontaktoni\/\">M\u00ebsoni m\u00eb shum\u00eb<\/a><\/div>\n<\/div>\n","protected":false},"excerpt":{"rendered":"<p>VOC industriale dhe shkat\u00ebrruesit tan\u00eb t\u00eb aromave p\u00ebrfaq\u00ebsojn\u00eb nj\u00eb s\u00ebr\u00eb pajisjesh t\u00eb dedikuara posa\u00e7\u00ebrisht p\u00ebr trajtimin e ndot\u00ebsve n\u00eb form\u00eb t\u00eb gazt\u00eb , t\u00eb tilla si komponimet organike t\u00eb paq\u00ebndrueshme (VOC), aromat, tymrat dhe komponimet e ndryshme kimike. Pajisjet tona jan\u00eb t\u00eb p\u00ebrshtatshme p\u00ebr t\u00eb gjitha llojet e industrive. Fal\u00eb filtrimit molekular me karbon t\u00eb aktivizuar, filtrimi dhe kapja e ndot\u00ebsve b\u00ebhet me adsorbim. Proceset industriale dhe produktet e p\u00ebrdorura n\u00eb vendin e pun\u00ebs \u00e7lirojn\u00eb ndot\u00ebs t\u00eb gazt\u00eb q\u00eb zakonisht quhen VOC. K\u00ebta ndot\u00ebs jan\u00eb p\u00ebrgjith\u00ebsisht komponime q\u00eb rrjedhin nga hidrokarburet, tret\u00ebsit e p\u00ebrb\u00ebr\u00ebsve t\u00eb squfurit, etj. Kur \u00ebsht\u00eb e &#8230; <\/p>\n<p class=\"read-more-container\"><a title=\"Trajtimi i VOC dhe er\u00ebrave\" class=\"read-more button\" href=\"https:\/\/obera.fr\/sq\/produits\/traitement-cov\/#more-44868\" aria-label=\"Read more about Trajtimi i VOC dhe er\u00ebrave\">Lire la suite<\/a><\/p>\n","protected":false},"author":4,"featured_media":83732,"parent":37892,"menu_order":2,"comment_status":"closed","ping_status":"closed","template":"","meta":{"_acf_changed":false,"_seopress_robots_primary_cat":"","_seopress_titles_title":"Top destructeurs d\u2019odeur industriel et traitement des COV","_seopress_titles_desc":"Les destructeurs d\u2019odeurs d'oberA sont sp\u00e9cialement d\u00e9di\u00e9s aux traitements des polluants sous forme gazeuse comme les compos\u00e9s organiques volatils (COV).","_seopress_robots_index":"","footnotes":""},"class_list":{"0":"post-44868","1":"page","2":"type-page","3":"status-publish","4":"has-post-thumbnail","6":"no-featured-image-padding","7":"resize-featured-image"},"acf":[],"_links":{"self":[{"href":"https:\/\/obera.fr\/sq\/wp-json\/wp\/v2\/pages\/44868","targetHints":{"allow":["GET"]}}],"collection":[{"href":"https:\/\/obera.fr\/sq\/wp-json\/wp\/v2\/pages"}],"about":[{"href":"https:\/\/obera.fr\/sq\/wp-json\/wp\/v2\/types\/page"}],"author":[{"embeddable":true,"href":"https:\/\/obera.fr\/sq\/wp-json\/wp\/v2\/users\/4"}],"replies":[{"embeddable":true,"href":"https:\/\/obera.fr\/sq\/wp-json\/wp\/v2\/comments?post=44868"}],"version-history":[{"count":9,"href":"https:\/\/obera.fr\/sq\/wp-json\/wp\/v2\/pages\/44868\/revisions"}],"predecessor-version":[{"id":75748,"href":"https:\/\/obera.fr\/sq\/wp-json\/wp\/v2\/pages\/44868\/revisions\/75748"}],"up":[{"embeddable":true,"href":"https:\/\/obera.fr\/sq\/wp-json\/wp\/v2\/pages\/37892"}],"wp:featuredmedia":[{"embeddable":true,"href":"https:\/\/obera.fr\/sq\/wp-json\/wp\/v2\/media\/83732"}],"wp:attachment":[{"href":"https:\/\/obera.fr\/sq\/wp-json\/wp\/v2\/media?parent=44868"}],"curies":[{"name":"wp","href":"https:\/\/api.w.org\/{rel}","templated":true}]}}