{"id":51420,"date":"2022-01-20T11:56:45","date_gmt":"2022-01-20T09:56:45","guid":{"rendered":"https:\/\/obera.fr\/bizim-hakkimizda-konusuyorlar\/"},"modified":"2025-07-15T15:59:45","modified_gmt":"2025-07-15T13:59:45","slug":"ils-parlent-de-nous-presse-media","status":"publish","type":"page","link":"https:\/\/obera.fr\/tr\/ils-parlent-de-nous-presse-media\/","title":{"rendered":"Bizim hakk\u0131m\u0131zda konu\u015fuyorlar."},"content":{"rendered":"\n<h2 class=\"wp-block-heading\" id=\"les-reportages-tv-d-obera-dans-la-presse-et-media-traditionnels\">OberA&#8217;n\u0131n bas\u0131nda ve geleneksel medyada yer alan TV haberleri<\/h2>\n\n<p>Covid kar\u015f\u0131t\u0131 \u00fcr\u00fcnlere ve kapsaml\u0131 uzmanl\u0131\u011f\u0131m\u0131za olan talepteki art\u0131\u015f kar\u015f\u0131s\u0131nda, haber kanallar\u0131 \u00fcr\u00fcnlerimizi ve covid ile ilgili sorunlar\u0131n \u00e7\u00f6z\u00fcm\u00fcndeki etkinli\u011fimizi vurgulamak i\u00e7in OberA&#8217;y\u0131 ziyaret etti.<\/p>\n\n<p><\/p>\n\n<div class=\"wp-block-columns is-layout-flex wp-container-core-columns-is-layout-28f84493 wp-block-columns-is-layout-flex\">\n<div class=\"wp-block-column is-layout-flow wp-block-column-is-layout-flow\">\n<h3 class=\"wp-block-heading has-text-align-center\"><strong>Fransa 3<\/strong><\/h3>\n\n\n\n<figure class=\"wp-block-image aligncenter size-full is-resized\"><img decoding=\"async\" width=\"512\" height=\"512\" src=\"https:\/\/obera.fr\/wp-content\/uploads\/2022\/01\/logo-france3-region.jpeg\" alt=\"france3 b&#xF6;lge logosu\" class=\"wp-image-8392\" style=\"width:167px;height:auto\" srcset=\"https:\/\/obera.fr\/wp-content\/uploads\/2022\/01\/logo-france3-region.jpeg 512w, https:\/\/obera.fr\/wp-content\/uploads\/2022\/01\/logo-france3-region-300x300.jpeg 300w, https:\/\/obera.fr\/wp-content\/uploads\/2022\/01\/logo-france3-region-150x150.jpeg 150w\" sizes=\"(max-width: 512px) 100vw, 512px\" \/><\/figure>\n\n\n\n<p><strong>France 3<\/strong>, hava so\u011futucular\u0131m\u0131z\u0131n tasar\u0131m\u0131 ve kullan\u0131m\u0131 hakk\u0131nda daha fazla bilgi edinmek i\u00e7in Illkirch&#8217;teki tesislerimizi ziyaret etti. Bu alandaki bilgi birikimimizi ve uzmanl\u0131\u011f\u0131m\u0131z\u0131 vurgulamak i\u00e7in bir rapor \u00e7ekildi. \u00c7al\u0131\u015fmalar\u0131m\u0131za y\u00fcksek bir profil kazand\u0131ran raporun ba\u011flant\u0131s\u0131 a\u015fa\u011f\u0131da bulunabilir.  <\/p>\n\n\n\n<div class=\"wp-block-buttons alignwide is-content-justification-center is-layout-flex wp-container-core-buttons-is-layout-a89b3969 wp-block-buttons-is-layout-flex\">\n<div class=\"wp-block-button\"><a class=\"wp-block-button__link wp-element-button\" href=\"https:\/\/youtu.be\/a_F7Q_yOUDA?si=ZykL6tahVnwX5cXB\">Video raporuna bak\u0131n<\/a><\/div>\n<\/div>\n<\/div>\n\n\n\n<div class=\"wp-block-column is-layout-flow wp-block-column-is-layout-flow\">\n<h3 class=\"wp-block-heading has-text-align-center\"><strong>BFM Alsace<\/strong><\/h3>\n\n\n\n<p><\/p>\n\n\n\n<figure class=\"wp-block-image aligncenter size-full is-resized\"><img decoding=\"async\" width=\"200\" height=\"200\" src=\"https:\/\/obera.fr\/wp-content\/uploads\/2023\/01\/bfm-alsace.svg_-1.png\" alt=\"bfm alsace.svg 1\" class=\"wp-image-18337\" style=\"width:142px;height:auto\" srcset=\"https:\/\/obera.fr\/wp-content\/uploads\/2023\/01\/bfm-alsace.svg_-1.png 200w, https:\/\/obera.fr\/wp-content\/uploads\/2023\/01\/bfm-alsace.svg_-1-150x150.png 150w\" sizes=\"(max-width: 200px) 100vw, 200px\" \/><\/figure>\n\n\n\n<p><\/p>\n\n\n\n<p>CCI arac\u0131l\u0131\u011f\u0131yla<strong> BFM Al <\/strong>sace haber kanal\u0131, Alsace&#8217;daki sanayiyi tan\u0131tmak i\u00e7in \u015firketimizle r\u00f6portaj yapt\u0131. Hedeflerimiz ve temel i\u015fimiz hakk\u0131nda daha fazla bilgi edinin. \u015eu anda BFM Alsace kanal\u0131ndan canl\u0131 olarak izlenebilir.<\/p>\n\n\n\n<div class=\"wp-block-buttons alignwide is-content-justification-center is-layout-flex wp-container-core-buttons-is-layout-a89b3969 wp-block-buttons-is-layout-flex\">\n<div class=\"wp-block-button\"><a class=\"wp-block-button__link wp-element-button\" href=\"https:\/\/obera.fr\/conseils\/obera-se-devoile-sur-bfm-alsace\/\">Video raporuna bak\u0131n<\/a><\/div>\n<\/div>\n<\/div>\n\n\n\n<div class=\"wp-block-column is-layout-flow wp-block-column-is-layout-flow\">\n<h3 class=\"wp-block-heading has-text-align-center\"><strong>TF1<\/strong><\/h3>\n\n\n\n<figure class=\"wp-block-image aligncenter size-large is-resized\"><img decoding=\"async\" width=\"1024\" height=\"576\" src=\"https:\/\/obera.fr\/wp-content\/uploads\/2022\/01\/LOGO-TF1-1024x576.jpg\" alt=\"tf1 logosu\" class=\"wp-image-8389\" style=\"width:281px;height:auto\" srcset=\"https:\/\/obera.fr\/wp-content\/uploads\/2022\/01\/LOGO-TF1-1024x576.jpg 1024w, https:\/\/obera.fr\/wp-content\/uploads\/2022\/01\/LOGO-TF1-300x169.jpg 300w, https:\/\/obera.fr\/wp-content\/uploads\/2022\/01\/LOGO-TF1-768x432.jpg 768w, https:\/\/obera.fr\/wp-content\/uploads\/2022\/01\/LOGO-TF1-1536x864.jpg 1536w, https:\/\/obera.fr\/wp-content\/uploads\/2022\/01\/LOGO-TF1.jpg 1920w\" sizes=\"(max-width: 1024px) 100vw, 1024px\" \/><\/figure>\n\n\n\n<p><strong>TF1<\/strong>, Covid-19 ile m\u00fccadelede CO2 sens\u00f6rlerinin ve hava temizleyicilerinin tasar\u0131m\u0131 ve kullan\u0131\u015fl\u0131l\u0131\u011f\u0131 hakk\u0131nda daha fazla bilgi edinmek i\u00e7in tesislerimizi ziyaret etti. Filme al\u0131nan bir haber 18\/01\/2022 tarihinde \u00f6\u011flen 1 haberlerinde yay\u0131nland\u0131. <\/p>\n\n\n\n<div class=\"wp-block-buttons is-horizontal is-content-justification-center is-layout-flex wp-container-core-buttons-is-layout-03627597 wp-block-buttons-is-layout-flex\">\n<div class=\"wp-block-button\"><a class=\"wp-block-button__link wp-element-button\" href=\"https:\/\/www.tf1info.fr\/societe\/video-purificateurs-d-air-les-usines-francaises-a-plein-regime-2207515.html\" target=\"_blank\" rel=\"noreferrer noopener\">R\u00f6portaj\u0131 MYtf1.FR&#8217;de izleyin<\/a><\/div>\n<\/div>\n<\/div>\n<\/div>\n\n<div class=\"wp-block-columns is-layout-flex wp-container-core-columns-is-layout-28f84493 wp-block-columns-is-layout-flex\">\n<div class=\"wp-block-column is-layout-flow wp-block-column-is-layout-flow\">\n<p><\/p>\n\n\n\n<h3 class=\"wp-block-heading has-text-align-center\"><strong><strong>20 DAK\u0130KA<\/strong><\/strong><\/h3>\n\n\n\n<p><\/p>\n\n\n\n<figure class=\"wp-block-image aligncenter size-full is-resized\"><img decoding=\"async\" width=\"640\" height=\"640\" src=\"https:\/\/obera.fr\/wp-content\/uploads\/2022\/02\/20_Minutes_logo.png\" alt=\"20 dakikal&#x131;k logo\" class=\"wp-image-8975\" style=\"width:209px;height:auto\" srcset=\"https:\/\/obera.fr\/wp-content\/uploads\/2022\/02\/20_Minutes_logo.png 640w, https:\/\/obera.fr\/wp-content\/uploads\/2022\/02\/20_Minutes_logo-300x300.png 300w, https:\/\/obera.fr\/wp-content\/uploads\/2022\/02\/20_Minutes_logo-150x150.png 150w\" sizes=\"(max-width: 640px) 100vw, 640px\" \/><\/figure>\n\n\n\n<p><\/p>\n\n\n\n<p><strong> 20 Minutes<\/strong> gazetesi, CO2 sens\u00f6rleri ve anti-covid hava temizleyicileri i\u00e7in g\u00fc\u00e7l\u00fc pazar talebinden bahsederek OberA&#8217;n\u0131n covid d\u00f6nemindeki b\u00fcy\u00fcmesini vurgulad\u0131. Luc Sorgius taraf\u0131ndan kaleme al\u0131nan r\u00f6portaj 05 \u015eubat 2022 tarihinde yay\u0131nlanm\u0131\u015ft\u0131r. <\/p>\n\n\n\n<div class=\"wp-block-buttons is-content-justification-center is-layout-flex wp-container-core-buttons-is-layout-a89b3969 wp-block-buttons-is-layout-flex\">\n<div class=\"wp-block-button\"><a class=\"wp-block-button__link wp-element-button\" href=\"https:\/\/www.20minutes.fr\/economie\/3227303-20220201-coronavirus-alsace-fabricant-capteurs-co2-multiplie-production-huit\">20 dakika ile ilgili makaleye bak\u0131n\u0131z<\/a><\/div>\n<\/div>\n<\/div>\n\n\n\n<div class=\"wp-block-column is-layout-flow wp-block-column-is-layout-flow\">\n<p><\/p>\n\n\n\n<h3 class=\"wp-block-heading has-text-align-center\"><strong>FRANSA 3<\/strong><\/h3>\n\n\n\n<figure class=\"wp-block-image aligncenter size-full is-resized\"><img decoding=\"async\" width=\"512\" height=\"512\" src=\"https:\/\/obera.fr\/wp-content\/uploads\/2022\/01\/logo-france3-region.jpeg\" alt=\"france3 b&#xF6;lge logosu\" class=\"wp-image-8392\" style=\"width:229px;height:auto\" srcset=\"https:\/\/obera.fr\/wp-content\/uploads\/2022\/01\/logo-france3-region.jpeg 512w, https:\/\/obera.fr\/wp-content\/uploads\/2022\/01\/logo-france3-region-300x300.jpeg 300w, https:\/\/obera.fr\/wp-content\/uploads\/2022\/01\/logo-france3-region-150x150.jpeg 150w\" sizes=\"(max-width: 512px) 100vw, 512px\" \/><\/figure>\n\n\n\n<p><strong>France 3<\/strong> r\u00e9gions, CO2 sens\u00f6rlerimiz ve anti-covid hava temizleyicilerimiz hakk\u0131nda web sitelerinde bir makale yazmak i\u00e7in OberA&#8217;y\u0131 ziyaret etti. Nas\u0131l \u00e7al\u0131\u015f\u0131yorlar? Ve Covid-19&#8217;a nas\u0131l yard\u0131mc\u0131 oluyorlar? T\u00fcm cevaplar\u0131 Catherine Munsch taraf\u0131ndan yaz\u0131lan bu makalede bulacaks\u0131n\u0131z.   <\/p>\n\n\n\n<div class=\"wp-block-columns is-layout-flex wp-container-core-columns-is-layout-28f84493 wp-block-columns-is-layout-flex\">\n<div class=\"wp-block-column is-layout-flow wp-block-column-is-layout-flow\">\n<div class=\"wp-block-buttons is-layout-flex wp-block-buttons-is-layout-flex\">\n<div class=\"wp-block-button\"><a class=\"wp-block-button__link wp-element-button\" href=\"https:\/\/france3-regions.francetvinfo.fr\/grand-est\/alsace\/covid-19-un-fabricant-alsacien-de-capteurs-de-co2-multiplie-sa-production-par-huit-2411887.html\">France 3&#8217;teki makaleyi okuyun<\/a><\/div>\n<\/div>\n<\/div>\n\n\n\n<div class=\"wp-block-column is-layout-flow wp-block-column-is-layout-flow\">\n<div class=\"wp-block-buttons is-layout-flex wp-block-buttons-is-layout-flex\">\n<div class=\"wp-block-button\"><a class=\"wp-block-button__link wp-element-button\" href=\"https:\/\/www.youtube.com\/watch?v=KicoN9pj0d0\">Video raporuna bak\u0131n<\/a><\/div>\n<\/div>\n<\/div>\n<\/div>\n<\/div>\n\n\n\n<div class=\"wp-block-column is-layout-flow wp-block-column-is-layout-flow\">\n<h3 class=\"wp-block-heading has-text-align-center\"><\/h3>\n\n\n\n<p><\/p>\n\n\n\n<p><\/p>\n<\/div>\n<\/div>\n\n<h3 class=\"wp-block-heading\" id=\"tf1\"><\/h3>\n\n<h2 class=\"wp-block-heading\" id=\"les-apparitions-d-obera-en-radio\"><meta charset=\"utf-8\"\/>OberA&#8217;n\u0131n radyo konu\u015fmalar\u0131<\/h2>\n\n<div class=\"wp-block-columns is-layout-flex wp-container-core-columns-is-layout-28f84493 wp-block-columns-is-layout-flex\">\n<div class=\"wp-block-column is-layout-flow wp-block-column-is-layout-flow\">\n<h3 class=\"wp-block-heading has-text-align-center\"><strong>AVRUPA 1<\/strong><\/h3>\n\n\n\n<figure class=\"wp-block-image aligncenter size-full\"><img decoding=\"async\" width=\"640\" height=\"323\" src=\"https:\/\/obera.fr\/wp-content\/uploads\/2022\/01\/Logo_Europe1.png\" alt=\"europe1 logo\" class=\"wp-image-8398\" srcset=\"https:\/\/obera.fr\/wp-content\/uploads\/2022\/01\/Logo_Europe1.png 640w, https:\/\/obera.fr\/wp-content\/uploads\/2022\/01\/Logo_Europe1-300x151.png 300w\" sizes=\"(max-width: 640px) 100vw, 640px\" \/><\/figure>\n\n\n\n<p><strong>Europe 1<\/strong>, Frans\u0131z e\u011fitim sisteminde CO2 sens\u00f6rlerine y\u00f6nelik artan talep hakk\u0131nda bir <a href=\"https:\/\/obera.fr\/tr\/bizim-tavsiyemiz\/europe-1-capteur-co2-obcare\/\" data-type=\"post\" data-id=\"8353\">radyo raporu<\/a> ve web sitesinde bir makale yay\u0131nlad\u0131. \u00c7ocuklar\u0131m\u0131z\u0131n ve \u00f6\u011fretmenlerimizin refah\u0131 i\u00e7in talep art\u0131yor. <\/p>\n\n\n\n<div class=\"wp-block-buttons is-horizontal is-content-justification-center is-layout-flex wp-container-core-buttons-is-layout-03627597 wp-block-buttons-is-layout-flex\">\n<div class=\"wp-block-button\"><a class=\"wp-block-button__link wp-element-button\" href=\"https:\/\/www.europe1.fr\/societe\/covid-19-pres-de-strasbourg-le-succes-dun-fabriquant-de-capteurs-de-co2-4087565\" target=\"_blank\" rel=\"noreferrer noopener\">Europe 1&#8217;deki makaleyi g\u00f6r\u00fcn ve dinleyin<\/a><\/div>\n<\/div>\n\n\n\n<p><\/p>\n<\/div>\n\n\n\n<div class=\"wp-block-column is-layout-flow wp-block-column-is-layout-flow\">\n<h3 class=\"wp-block-heading has-text-align-center\"><strong>FRANSA BLEU<\/strong><\/h3>\n\n\n\n<figure class=\"wp-block-image aligncenter size-large is-resized\"><img decoding=\"async\" width=\"1024\" height=\"1024\" src=\"https:\/\/obera.fr\/wp-content\/uploads\/2022\/01\/France_Bleu_logo-1024x1024.png\" alt=\"france bleu logo\" class=\"wp-image-8395\" style=\"width:249px;height:auto\" srcset=\"https:\/\/obera.fr\/wp-content\/uploads\/2022\/01\/France_Bleu_logo-1024x1024.png 1024w, https:\/\/obera.fr\/wp-content\/uploads\/2022\/01\/France_Bleu_logo-300x300.png 300w, https:\/\/obera.fr\/wp-content\/uploads\/2022\/01\/France_Bleu_logo-150x150.png 150w, https:\/\/obera.fr\/wp-content\/uploads\/2022\/01\/France_Bleu_logo-768x768.png 768w, https:\/\/obera.fr\/wp-content\/uploads\/2022\/01\/France_Bleu_logo.png 1200w\" sizes=\"(max-width: 1024px) 100vw, 1024px\" \/><\/figure>\n\n\n\n<p><strong>France Bleu<\/strong>, CO2 sens\u00f6rlerimiz ve anti-covid hava temizleyicilerimiz hakk\u0131nda bir makalenin ard\u0131ndan bir radyo raporu haz\u0131rlad\u0131. OberA&#8217;n\u0131n geli\u015fimi ve neden Covid-19 tedavisine adanm\u0131\u015f bir b\u00f6l\u00fcm olu\u015fturmaya karar verdi\u011fimiz hakk\u0131nda daha fazla bilgi edinin.   <\/p>\n\n\n\n<div class=\"wp-block-buttons is-horizontal is-content-justification-center is-layout-flex wp-container-core-buttons-is-layout-03627597 wp-block-buttons-is-layout-flex\">\n<div class=\"wp-block-button\"><a class=\"wp-block-button__link wp-element-button\" href=\"https:\/\/www.francebleu.fr\/emissions\/la-nouvelle-eco-en-alsace\/alsace\/la-nouvelle-eco-la-ruee-sur-les-capteurs-de-co2-de-la-societe-obera-a-geispolsheim\" target=\"_blank\" rel=\"noreferrer noopener\">France bleu&#8217;daki makaleyi g\u00f6r\u00fcn ve dinleyin<\/a><\/div>\n<\/div>\n<\/div>\n\n\n\n<div class=\"wp-block-column is-layout-flow wp-block-column-is-layout-flow\">\n<h3 class=\"wp-block-heading has-text-align-center\"><strong>RADIO CHR\u00c9TIENNE FRANCE<\/strong><\/h3>\n\n\n\n<figure class=\"wp-block-image aligncenter size-full is-resized\"><img decoding=\"async\" width=\"300\" height=\"200\" src=\"https:\/\/obera.fr\/wp-content\/uploads\/2022\/01\/RCF-logo.png\" alt=\"rcf logosu\" class=\"wp-image-8400\" style=\"width:366px;height:auto\"\/><\/figure>\n\n\n\n<p><strong>Radio Chr\u00e9tienne France<\/strong>, CO2 sens\u00f6rleri konulu makalesinde OberA&#8217;ya yer veriyor. CO2 sens\u00f6rlerimiz ve OberA rotas\u0131 hakk\u0131nda daha fazla bilgi edinin.   <\/p>\n\n\n\n<div class=\"wp-block-buttons is-horizontal is-content-justification-center is-layout-flex wp-container-core-buttons-is-layout-03627597 wp-block-buttons-is-layout-flex\">\n<div class=\"wp-block-button\"><a class=\"wp-block-button__link wp-element-button\" href=\"https:\/\/www.rcf.fr\/articles\/actualite\/a-geispolsheim-la-societe-obera-produit-plus-de-capteurs-de-co2-que-jamais\" target=\"_blank\" rel=\"noreferrer noopener\">Radio chr\u00e9tienne France&#8217;daki makaleye bak\u0131n\u0131z<\/a><\/div>\n<\/div>\n<\/div>\n<\/div>\n\n<h3 class=\"wp-block-heading\" id=\"europe-1\"><\/h3>\n\n<p><\/p>\n\n<h4 class=\"wp-block-heading\" id=\"france-bleu\"><strong>Ayr\u0131ca <a href=\"https:\/\/obera.fr\/tr\/bizim-tavsiyemiz\/\" data-type=\"URL\" data-id=\"https:\/\/obera.fr\/conseils\/\">blogumuzdaki<\/a> makalelerimizi ve tavsiyelerimizi de okuyabilirsiniz.<\/strong><\/h4>\n\n<p><\/p>\n","protected":false},"excerpt":{"rendered":"<p>OberA&#8217;n\u0131n bas\u0131nda ve geleneksel medyada yer alan TV haberleri Covid kar\u015f\u0131t\u0131 \u00fcr\u00fcnlere ve kapsaml\u0131 uzmanl\u0131\u011f\u0131m\u0131za olan talepteki art\u0131\u015f kar\u015f\u0131s\u0131nda, haber kanallar\u0131 \u00fcr\u00fcnlerimizi ve covid ile ilgili sorunlar\u0131n \u00e7\u00f6z\u00fcm\u00fcndeki etkinli\u011fimizi vurgulamak i\u00e7in OberA&#8217;y\u0131 ziyaret etti. Fransa 3 France 3, hava so\u011futucular\u0131m\u0131z\u0131n tasar\u0131m\u0131 ve kullan\u0131m\u0131 hakk\u0131nda daha fazla bilgi edinmek i\u00e7in Illkirch&#8217;teki tesislerimizi ziyaret etti. Bu alandaki bilgi birikimimizi ve uzmanl\u0131\u011f\u0131m\u0131z\u0131 vurgulamak i\u00e7in bir rapor \u00e7ekildi. \u00c7al\u0131\u015fmalar\u0131m\u0131za y\u00fcksek bir profil kazand\u0131ran raporun ba\u011flant\u0131s\u0131 a\u015fa\u011f\u0131da bulunabilir. BFM Alsace CCI arac\u0131l\u0131\u011f\u0131yla BFM Al sace haber kanal\u0131, Alsace&#8217;daki sanayiyi tan\u0131tmak i\u00e7in \u015firketimizle r\u00f6portaj yapt\u0131. Hedeflerimiz ve temel i\u015fimiz hakk\u0131nda daha fazla bilgi edinin. \u015eu anda &#8230; <\/p>\n<p class=\"read-more-container\"><a title=\"Bizim hakk\u0131m\u0131zda konu\u015fuyorlar.\" class=\"read-more button\" href=\"https:\/\/obera.fr\/tr\/ils-parlent-de-nous-presse-media\/#more-51420\" aria-label=\"Read more about Bizim hakk\u0131m\u0131zda konu\u015fuyorlar.\">Lire la suite<\/a><\/p>\n","protected":false},"author":4,"featured_media":83752,"parent":0,"menu_order":0,"comment_status":"closed","ping_status":"closed","template":"","meta":{"_acf_changed":false,"_seopress_robots_primary_cat":"","_seopress_titles_title":"Bas\u0131n ve medya Radyo \/ TV bizden bahsediyor: oberA","_seopress_titles_desc":"\u00d6zellikle anti-kovid \u00fcr\u00fcnlerimizdeki kapsaml\u0131 uzmanl\u0131\u011f\u0131m\u0131z sayesinde, haber kanallar\u0131 spot \u0131\u015f\u0131klar\u0131n\u0131 oberA'ya \u00e7evirdi: bu radyo ve TV haberleri hakk\u0131nda daha fazla bilgi edinin.","_seopress_robots_index":"","footnotes":""},"class_list":{"0":"post-51420","1":"page","2":"type-page","3":"status-publish","4":"has-post-thumbnail","6":"no-featured-image-padding","7":"resize-featured-image"},"acf":[],"_links":{"self":[{"href":"https:\/\/obera.fr\/tr\/wp-json\/wp\/v2\/pages\/51420","targetHints":{"allow":["GET"]}}],"collection":[{"href":"https:\/\/obera.fr\/tr\/wp-json\/wp\/v2\/pages"}],"about":[{"href":"https:\/\/obera.fr\/tr\/wp-json\/wp\/v2\/types\/page"}],"author":[{"embeddable":true,"href":"https:\/\/obera.fr\/tr\/wp-json\/wp\/v2\/users\/4"}],"replies":[{"embeddable":true,"href":"https:\/\/obera.fr\/tr\/wp-json\/wp\/v2\/comments?post=51420"}],"version-history":[{"count":9,"href":"https:\/\/obera.fr\/tr\/wp-json\/wp\/v2\/pages\/51420\/revisions"}],"predecessor-version":[{"id":122507,"href":"https:\/\/obera.fr\/tr\/wp-json\/wp\/v2\/pages\/51420\/revisions\/122507"}],"wp:featuredmedia":[{"embeddable":true,"href":"https:\/\/obera.fr\/tr\/wp-json\/wp\/v2\/media\/83752"}],"wp:attachment":[{"href":"https:\/\/obera.fr\/tr\/wp-json\/wp\/v2\/media?parent=51420"}],"curies":[{"name":"wp","href":"https:\/\/api.w.org\/{rel}","templated":true}]}}