{"id":51481,"date":"2021-04-08T13:43:57","date_gmt":"2021-04-08T11:43:57","guid":{"rendered":"https:\/\/obera.fr\/covid-19-anti-virus-ve-anti-bakteriyel-hava-temizleyicileri\/"},"modified":"2025-02-26T14:01:16","modified_gmt":"2025-02-26T12:01:16","slug":"covid-19-anti-virus-ve-anti-bakteriyel-hava-temizleyicileri","status":"publish","type":"page","link":"https:\/\/obera.fr\/tr\/produits\/purificateurs-air\/covid-19-anti-virus-ve-anti-bakteriyel-hava-temizleyicileri\/","title":{"rendered":"COVID-19 anti-vir\u00fcs ve anti-bakteriyel hava temizleyicileri"},"content":{"rendered":"\n\n<p>OBERA y\u00fcksek verimli hava temizleyicileri, havadaki <a href=\"https:\/\/obera.fr\/conseils\/purificateurs-air-efficaces-coronavirus\/\" data-type=\"post\" data-id=\"2074\">bula\u015f\u0131c\u0131 viral partik\u00fcllerin %99,995<\/a>&#8216;inden fazlas\u0131n\u0131 yakalar. Y\u00fcksek verimli HEPA* s\u0131n\u0131f\u0131 H13 ve 14 anti-vir\u00fcs filtreleri vir\u00fcsleri ve di\u011fer mikro-organizmalar\u0131 temizler. Anti-vir\u00fcs hava temizleyicileri genellikle saatte i\u00e7 mekan hava hacminin en az 5 kat\u0131n\u0131 temizler (HCSP Haut Conseil de la Sant\u00e9 Publique taraf\u0131ndan \u00f6nerildi\u011fi gibi), b\u00f6ylece CoronaVirus pandemisine ra\u011fmen tesisleriniz kullan\u0131labilir ve daha g\u00fcvenli kal\u0131r.  <\/p>\n\n<p>Saatte i\u015flenecek hacmin 5 yenilenmesi i\u00e7in, 2,5 m tavan y\u00fcksekli\u011fi i\u00e7in OBERA anti-vir\u00fcs serisi taraf\u0131ndan i\u015flenebilecek y\u00fczeyler a\u015fa\u011f\u0131da verilmi\u015ftir:<\/p>\n\n<ul class=\"wp-block-list\">\n<li><a href=\"#ecoprime\" data-type=\"internal\" data-id=\"#ecoprime\">EcoPrime<\/a>, 20m\u00b2&#8217;ye kadar alanlar i\u00e7in, ak\u0131\u015f h\u0131z\u0131 %0 ila %100 aras\u0131nda ayarlanabilir.<\/li>\n\n\n\n<li>0 ile %100 aras\u0131nda ayarlanabilen ak\u0131\u015f h\u0131z\u0131yla 60 m\u00b2&#8217;ye kadar olan alanlardaki havay\u0131 filtreleyen <a href=\"https:\/\/obera.fr\/produits\/purificateurs-air\/anti-covid-virus-bacteries\/epur05\/\" data-type=\"URL\" data-id=\"https:\/\/obera.fr\/produits\/purificateurs-air\/anti-covid-virus-bacteries\/epur05\/\">ePUR05<\/a>.<\/li>\n\n\n\n<li><a href=\"#epur\" data-type=\"internal\" data-id=\"#epur\">ePUR 30<\/a>, 400m\u00b2&#8217;ye kadar y\u00fczeyleri i\u015fleme kapasitesine sahiptir, ak\u0131\u015f h\u0131z\u0131 %0 ila %100 aras\u0131nda ayarlanabilir.<\/li>\n\n\n\n<li><a href=\"#epur\" data-type=\"internal\" data-id=\"#epur\">ePUR 100<\/a>, 700m\u00b2&#8217;ye kadar y\u00fczeyleri i\u015fleyebilir, ak\u0131\u015f h\u0131z\u0131 %0 ila %100 aras\u0131nda ayarlanabilir.<\/li>\n\n\n\n<li><a href=\"#virbox\" data-type=\"internal\" data-id=\"#virbox\">Virbox 750 ve 1500<\/a>, 200m\u00b2&#8217;den 400m\u00b2&#8217;ye kadar alanlar i\u00e7in uygundur, iste\u011fe ba\u011fl\u0131 C0\u00b2 sens\u00f6r\u00fc, ak\u0131\u015f h\u0131z\u0131% 0 ila% 100 aras\u0131nda ayarlanabilir.<\/li>\n<\/ul>\n\n<p>Cihazlar\u0131n tesislerinize kurulumu kolayd\u0131r. Sadece birka\u00e7 dakika \u00e7al\u0131\u015ft\u0131ktan sonra neredeyse vir\u00fcss\u00fcz bir ortam yaratabilirler. \u00d6zellikle geni\u015f alanlar i\u00e7in, ayn\u0131 alana birden fazla cihaz kurulabilir. Tak ve \u00e7al\u0131\u015ft\u0131r sistemlerimiz sayesinde, kurulumdan hemen sonra kendiniz, personeliniz ve m\u00fc\u015fterileriniz i\u00e7in daha iyi hava kalitesi sa\u011flayabilirsiniz.   <\/p>\n\n<blockquote class=\"wp-block-quote is-layout-flow wp-block-quote-is-layout-flow\">\n<p>COVID-19 pandemisinden sonra bile cihazlar hala kullan\u0131\u015fl\u0131 olacak ve herkes al\u0131\u015fveri\u015fini yapabilecek, okula veya i\u015fe gidebilecek ve hava temizleyicileri ve anti-vir\u00fcs filtreleri taraf\u0131ndan \u00fcretilen sa\u011fl\u0131kl\u0131 havan\u0131n tad\u0131n\u0131 \u00e7\u0131karabilecek.<\/p>\n<\/blockquote>\n\n<p>\u0130\u015fyerlerinde, okullarda, kamu binalar\u0131nda, restoranlarda ve spor salonlar\u0131nda enfeksiyon riskini azalt\u0131n! Size tavsiyelerde bulunmaktan ve tesisinizdeki hava kalitesini iyile\u015ftirmek i\u00e7in en uygun \u00e7\u00f6z\u00fcmleri g\u00f6stermekten mutluluk duyaca\u011f\u0131z. <\/p>\n\n<h2 class=\"wp-block-heading\"><strong>ePUR ve VIRBOX serisindeki anti-Covid ar\u0131t\u0131c\u0131lar\u0131n verimlili\u011fi onayl\u0131 sertifikasyon kurulu\u015flar\u0131 taraf\u0131ndan test edilmi\u015f ve onaylanm\u0131\u015ft\u0131r<\/strong><\/h2>\n\n<div class=\"wp-block-columns is-layout-flex wp-container-core-columns-is-layout-28f84493 wp-block-columns-is-layout-flex\">\n<div class=\"wp-block-column is-layout-flow wp-block-column-is-layout-flow\" style=\"flex-basis:100%\">\n<figure class=\"wp-block-image aligncenter size-full is-resized\"><a href=\"https:\/\/obera.fr\/wp-content\/uploads\/2021\/07\/certificat_EN.jpg\"><img decoding=\"async\" width=\"519\" height=\"727\" src=\"https:\/\/obera.fr\/wp-content\/uploads\/2021\/07\/certificat_EN.jpg\" alt=\"EN sertifikas&#x131; Vir&#xFC;s\" class=\"wp-image-6343\" srcset=\"https:\/\/obera.fr\/wp-content\/uploads\/2021\/07\/certificat_EN.jpg 519w, https:\/\/obera.fr\/wp-content\/uploads\/2021\/07\/certificat_EN-214x300.jpg 214w\" sizes=\"(max-width: 519px) 100vw, 519px\" \/><\/a><figcaption class=\"wp-element-caption\"><a href=\"https:\/\/obera.fr\/wp-content\/uploads\/2021\/07\/certificat_EN.jpg\">B\u00fcy\u00fctmek i\u00e7in t\u0131klay\u0131n<\/a><\/figcaption><\/figure>\n<\/div>\n<\/div>\n\n<h2 class=\"wp-block-heading\">Vir\u00fcs ve bakterilerle m\u00fccadele i\u00e7in hava temizleme ekipmanlar\u0131m\u0131z hakk\u0131nda daha fazla bilgi edinin (COVID-19 dahil)<\/h2>\n\n<div class=\"wp-block-columns is-layout-flex wp-container-core-columns-is-layout-28f84493 wp-block-columns-is-layout-flex\">\n<div class=\"wp-block-column is-layout-flow wp-block-column-is-layout-flow\">\n<h3 class=\"wp-block-heading has-text-align-center\"><a href=\"https:\/\/obera.fr\/produits\/purificateurs-air\/industriel-epur\/\" data-type=\"URL\" data-id=\"https:\/\/obera.fr\/produits\/purificateurs-air\/industriel-epur\/\">ePur<\/a><\/h3>\n\n\n\n<figure class=\"wp-block-image aligncenter size-medium\"><a href=\"https:\/\/obera.fr\/produits\/purificateurs-air\/industriel-epur\/\"><img decoding=\"async\" width=\"300\" height=\"300\" src=\"https:\/\/obera.fr\/wp-content\/uploads\/2021\/04\/Purificateur-dair-ePUR-2020-600-300x300.jpg\" alt=\"OBERA epur hava temizleyicileri\" class=\"wp-image-5340\" srcset=\"https:\/\/obera.fr\/wp-content\/uploads\/2021\/04\/Purificateur-dair-ePUR-2020-600-300x300.jpg 300w, https:\/\/obera.fr\/wp-content\/uploads\/2021\/04\/Purificateur-dair-ePUR-2020-600-150x150.jpg 150w, https:\/\/obera.fr\/wp-content\/uploads\/2021\/04\/Purificateur-dair-ePUR-2020-600.jpg 600w\" sizes=\"(max-width: 300px) 100vw, 300px\" \/><\/a><figcaption class=\"wp-element-caption\">EPUR hava temizleyici<\/figcaption><\/figure>\n\n\n\n<p><strong>ePUR<\/strong>, <strong>vir\u00fcs ve bakterilerin tedavisi<\/strong> i\u00e7in 3 sa\u011flam ve g\u00fcvenilir cihazdan olu\u015fan bir seridir.<\/p>\n\n\n\n<p>ePUR serisinin sabit veya mobil versiyonlar\u0131 mevcuttur, b\u00f6ylece \u00e7al\u0131\u015fma alan\u0131n\u0131za kolayca uyarlayabilirsiniz. <strong>ePUR ser<\/strong> isindeki hava temizleyicileri, kaba tozlar\u0131 ay\u0131rmak ve ana filtreyi korumak i\u00e7in bir \u00f6n filtre ile donat\u0131lm\u0131\u015ft\u0131r. HEPA H14 ana filtre, vir\u00fcsleri ve bakterileri ar\u0131tmak i\u00e7in \u00e7ok y\u00fcksek verimli bir filtredir. Son olarak, dif\u00fcz\u00f6r filtresi temiz, i\u015flenmi\u015f havay\u0131 do\u011frudan cihaz\u0131n alt\u0131ndan odaya bo\u015falt\u0131r.   <\/p>\n\n\n\n<p><\/p>\n<\/div>\n\n\n\n<div class=\"wp-block-column is-layout-flow wp-block-column-is-layout-flow\">\n<h3 class=\"wp-block-heading has-text-align-center\"><a href=\"https:\/\/obera.fr\/tr\/produits\/purificateurs-air\/covid-19-anti-virus-ve-anti-bakteriyel-hava-temizleyicileri\/virbox-anti-virus-hava-temizleyici\/\" data-type=\"URL\" data-id=\"https:\/\/obera.fr\/produits\/purificateurs-air\/anti-covid-virus-bacteries\/virbox\/\">virbox<\/a><\/h3>\n\n\n\n<figure class=\"wp-block-image aligncenter size-full is-resized\"><a href=\"https:\/\/obera.fr\/produits\/purificateurs-air\/anti-covid-virus-bacteries\/virbox\/\"><img decoding=\"async\" width=\"300\" height=\"300\" src=\"https:\/\/obera.fr\/wp-content\/uploads\/2021\/04\/Virbox_2021-removebg-preview.png\" alt=\"virbox 2021  \" class=\"wp-image-5383\" srcset=\"https:\/\/obera.fr\/wp-content\/uploads\/2021\/04\/Virbox_2021-removebg-preview.png 300w, https:\/\/obera.fr\/wp-content\/uploads\/2021\/04\/Virbox_2021-removebg-preview-150x150.png 150w\" sizes=\"(max-width: 300px) 100vw, 300px\" \/><\/a><figcaption class=\"wp-element-caption\">VIRBOX<\/figcaption><\/figure>\n\n\n\n<p>Virbox, vir\u00fcsleri ve bakterileri tedavi etmek i\u00e7in \u00f6zel olarak tasarlanm\u0131\u015f bir anti-kovid hava temizleyicidir.<\/p>\n\n\n\n<p>Virbox, ortam havas\u0131ndaki vir\u00fcs ve bakterilerin %99,995&#8217;ini filtreler. Tasar\u0131m\u0131, hareket etmesini ve kap\u0131lardan ge\u00e7mesini kolayla\u015ft\u0131r\u0131r. <\/p>\n\n\n\n<p>VirBox hava temizleyici ile aerosoller yay\u0131ld\u0131klar\u0131 yere \u00e7ok daha yak\u0131n bir yerde yakalanabilir ve filtrelenebilir. Bu, cihaz\u0131n \u00fcst k\u0131sm\u0131na tak\u0131lan ve aerosolleri insanlar taraf\u0131ndan sal\u0131nd\u0131klar\u0131 y\u00fckseklikle tam olarak ayn\u0131 y\u00fckseklikte \u00e7eken delikli t\u00fcp sayesinde m\u00fcmk\u00fcn olmaktad\u0131r. <\/p>\n\n\n\n<p>\u00c7ok i\u015flevlidir, ayn\u0131 zamanda bir ileti\u015fim arac\u0131 olarak da kullan\u0131labilir.<\/p>\n<\/div>\n<\/div>\n\n<div class=\"wp-block-columns is-layout-flex wp-container-core-columns-is-layout-28f84493 wp-block-columns-is-layout-flex\">\n<div class=\"wp-block-column is-layout-flow wp-block-column-is-layout-flow\">\n<h3 class=\"wp-block-heading has-text-align-center\"><a href=\"https:\/\/obera.fr\/produits\/purificateurs-air\/anti-covid-virus-bacteries\/epur05\/\" data-type=\"page\" data-id=\"5526\">EPUR05<\/a><\/h3>\n\n\n\n<figure class=\"wp-block-image aligncenter size-medium is-resized\"><a href=\"https:\/\/obera.fr\/produits\/purificateurs-air\/anti-covid-virus-bacteries\/epur05\/\"><img decoding=\"async\" width=\"300\" height=\"300\" src=\"https:\/\/obera.fr\/wp-content\/uploads\/2021\/05\/Sans-titre-17-300x300.jpg\" alt=\"isimsiz 17\" class=\"wp-image-5552\" srcset=\"https:\/\/obera.fr\/wp-content\/uploads\/2021\/05\/Sans-titre-17-300x300.jpg 300w, https:\/\/obera.fr\/wp-content\/uploads\/2021\/05\/Sans-titre-17-150x150.jpg 150w, https:\/\/obera.fr\/wp-content\/uploads\/2021\/05\/Sans-titre-17.jpg 600w\" sizes=\"(max-width: 300px) 100vw, 300px\" \/><\/a><figcaption class=\"wp-element-caption\">ePUR05<\/figcaption><\/figure>\n\n\n\n<p><strong><a href=\"https:\/\/obera.fr\/produits\/purificateurs-air\/anti-covid-virus-bacteries\/epur05\/\" data-type=\"page\" data-id=\"5526\">EPUR05<\/a><\/strong><a href=\"https:\/\/obera.fr\/produits\/purificateurs-air\/anti-covid-virus-bacteries\/epur05\/\" data-type=\"page\" data-id=\"5526\"><strong> <\/strong><\/a>vir\u00fcs ve bakterilerin yan\u0131 s\u0131ra ince toz, CMR ve aerosolleri de ar\u0131tabilen y\u00fcksek hassasiyetli filtrelerle donat\u0131lm\u0131\u015f bir hava temizleyicidir.<\/p>\n\n\n\n<p>En fazla <strong>60 m\u00b2&#8217;<\/strong>lik alanlar i\u00e7in ideal olan bu temizleyici, ayarlanabilir bir ak\u0131\u015f h\u0131z\u0131na sahiptir. Tasar\u0131m\u0131, maksimum \u00e7al\u0131\u015fmada sadece <strong>47dB<\/strong> olmak \u00fczere d\u00fc\u015f\u00fck \u00e7al\u0131\u015fma g\u00fcr\u00fclt\u00fcs\u00fc sa\u011flar. <\/p>\n<\/div>\n\n\n\n<div class=\"wp-block-column is-vertically-aligned-top is-layout-flow wp-block-column-is-layout-flow\">\n<h3 class=\"wp-block-heading has-text-align-center\"><a href=\"https:\/\/obera.fr\/tr\/produits\/analyseurs-air\/capteur-co2-obcare\/\">OBCARE<\/a><\/h3>\n\n\n\n<div style=\"height:55px\" aria-hidden=\"true\" class=\"wp-block-spacer\"><\/div>\n\n\n\n<figure class=\"wp-block-image aligncenter size-medium is-resized\"><a href=\"https:\/\/obera.fr\/produits\/analyseurs-air\/capteur-co2-obcare\/\"><img decoding=\"async\" width=\"300\" height=\"212\" src=\"https:\/\/obera.fr\/wp-content\/uploads\/2021\/09\/Capteur_CO2_OBCARE-2-300x212.png\" alt=\"obcare co2 sens&#xF6;r&#xFC;\" class=\"wp-image-6918\" srcset=\"https:\/\/obera.fr\/wp-content\/uploads\/2021\/09\/Capteur_CO2_OBCARE-2-300x212.png 300w, https:\/\/obera.fr\/wp-content\/uploads\/2021\/09\/Capteur_CO2_OBCARE-2-768x542.png 768w, https:\/\/obera.fr\/wp-content\/uploads\/2021\/09\/Capteur_CO2_OBCARE-2.png 921w\" sizes=\"(max-width: 300px) 100vw, 300px\" \/><\/a><figcaption class=\"wp-element-caption\">CO2 sens\u00f6r\u00fc<\/figcaption><\/figure>\n\n\n\n<p><strong>OBCARE <\/strong>, bir odadaki CO2 konsantrasyonu seviyesini g\u00f6stermek i\u00e7in ideal olan bir CO2 sens\u00f6r\u00fcd\u00fcr.  <\/p>\n\n\n\n<p>Ppm cinsinden bir de\u011ferin yan\u0131 s\u0131ra ekranda ye\u015filden sar\u0131ya ve k\u0131rm\u0131z\u0131ya kadar de\u011fi\u015fen bir renk g\u00f6sterir. Ye\u015fil, odadaki CO2 seviyesinin iyi, sar\u0131 ortalama ve k\u0131rm\u0131z\u0131 \u00e7ok k\u00f6t\u00fc oldu\u011funu g\u00f6sterir.   <\/p>\n<\/div>\n<\/div>\n\n<div class=\"wp-block-columns is-layout-flex wp-container-core-columns-is-layout-28f84493 wp-block-columns-is-layout-flex\">\n<div class=\"wp-block-column is-layout-flow wp-block-column-is-layout-flow\">\n<h3 class=\"wp-block-heading has-text-align-center\"><a href=\"https:\/\/obera.fr\/produits\/purificateurs-air\/poussieres-epur-b01-ecoprime\/\" data-type=\"page\">ecoprime<\/a><\/h3>\n\n\n\n<figure class=\"wp-block-image aligncenter size-medium\"><a href=\"https:\/\/obera.fr\/produits\/purificateurs-air\/poussieres-epur-b01-ecoprime\/\"><img decoding=\"async\" width=\"300\" height=\"300\" src=\"https:\/\/obera.fr\/wp-content\/uploads\/2021\/04\/ePUR-B01-ecoprime-600-300x300.jpg\" alt=\"Epur B01 Ecoprime\" class=\"wp-image-5342\" srcset=\"https:\/\/obera.fr\/wp-content\/uploads\/2021\/04\/ePUR-B01-ecoprime-600-300x300.jpg 300w, https:\/\/obera.fr\/wp-content\/uploads\/2021\/04\/ePUR-B01-ecoprime-600-150x150.jpg 150w, https:\/\/obera.fr\/wp-content\/uploads\/2021\/04\/ePUR-B01-ecoprime-600.jpg 600w\" sizes=\"(max-width: 300px) 100vw, 300px\" \/><\/a><figcaption class=\"wp-element-caption\">Epur B01 Ecoprime<\/figcaption><\/figure>\n\n\n\n<p><strong>K\u00fc\u00e7\u00fck ve hafif olan<\/strong> EcoPrime&#8217;\u0131 ta\u015f\u0131mak kolayd\u0131r. Dahas\u0131, <strong>d\u00fc\u015f\u00fck \u00e7al\u0131\u015fma g\u00fcr\u00fclt\u00fcs\u00fc<\/strong><strong>, toplant\u0131 odalar\u0131, bekleme odalar\u0131, ofisler vb.<\/strong> gibi herhangi bir odaya kurulabilece\u011fi anlam\u0131na gelir. <\/p>\n\n\n\n<p><strong>EcoPrime <\/strong>hava temizleyici <strong>190m\u00b3\/saate<\/strong> kadar filtreleme kapasitesine sahiptir ve <strong>20m\u00b2<\/strong>&#8216;ye kadar alanlar i\u00e7in idealdir. Vir\u00fcs ve bakterileri 0,07 mikrona kadar %99,53&#8217;\u00fcn \u00fczerinde verimlilikle (ISO 29463 sertifikal\u0131) ar\u0131tan bir V-protect ana filtre ile donat\u0131lm\u0131\u015ft\u0131r. <\/p>\n<\/div>\n\n\n\n<div class=\"wp-block-column is-layout-flow wp-block-column-is-layout-flow\"><\/div>\n<\/div>\n\n<div class=\"wp-block-buttons is-horizontal is-content-justification-center is-layout-flex wp-container-core-buttons-is-layout-03627597 wp-block-buttons-is-layout-flex\">\n<div class=\"wp-block-button has-custom-width wp-block-button__width-100\"><a class=\"wp-block-button__link wp-element-button\" href=\"https:\/\/obera.fr\/tr\/bize-ulasin\/\">Daha fazla bilgi edin<\/a><\/div>\n<\/div>\n\n<div style=\"height:30px\" aria-hidden=\"true\" class=\"wp-block-spacer\"><\/div>\n\n<table id=\"tablepress-159\" class=\"tablepress tablepress-id-159\">\n<thead>\n<tr class=\"row-1\">\n\t<th class=\"column-1\">Appareil<\/th><th class=\"column-2\">ecoPRIME<\/th><th class=\"column-3\">ePUR05<\/th><th class=\"column-4\">VIRBOX 750<\/th><th class=\"column-5\">COVID10<\/th><th class=\"column-6\">ePUR010<\/th><th class=\"column-7\">VIRBOX 1500<\/th><th class=\"column-8\">ePUR030<\/th><th class=\"column-9\">ePUR100<\/th>\n<\/tr>\n<\/thead>\n<tbody class=\"row-striping row-hover\">\n<tr class=\"row-2\">\n\t<td class=\"column-1\">D\u00e9bit<\/td><td class=\"column-2\">190 m3\/h<\/td><td class=\"column-3\">500 m3\/h<\/td><td class=\"column-4\">1300 m3\/h<\/td><td class=\"column-5\">1000 m3\/h<\/td><td class=\"column-6\">1000 m3\/h<\/td><td class=\"column-7\">3500 m3\/h<\/td><td class=\"column-8\">3500 m3\/h<\/td><td class=\"column-9\">7000 m3\/h<\/td>\n<\/tr>\n<tr class=\"row-3\">\n\t<td class=\"column-1\">D\u00e9bit r\u00e9glable<\/td><td class=\"column-2\">0-100%<\/td><td class=\"column-3\">0-100%<\/td><td class=\"column-4\">0-100%<\/td><td class=\"column-5\">Non<\/td><td class=\"column-6\">0-100%<\/td><td class=\"column-7\">0-100%<\/td><td class=\"column-8\">0-100%<\/td><td class=\"column-9\">0-100%<\/td>\n<\/tr>\n<tr class=\"row-4\">\n\t<td class=\"column-1\">Surface trait\u00e9e (version anti-covid)<\/td><td class=\"column-2\">20 m\u00b2<\/td><td class=\"column-3\">60 m\u00b2<\/td><td class=\"column-4\">90 m\u00b2<\/td><td class=\"column-5\">100 m\u00b2<\/td><td class=\"column-6\">120 m\u00b2<\/td><td class=\"column-7\">400 m\u00b2<\/td><td class=\"column-8\">400 m\u00b2<\/td><td class=\"column-9\">700 m\u00b2<\/td>\n<\/tr>\n<tr class=\"row-5\">\n\t<td class=\"column-1\">Filtres<\/td><td class=\"column-2\">V-Protect<br \/>\nH13<br \/>\nH14<\/td><td class=\"column-3\">V-Protect<br \/>\nH13<br \/>\nH14<\/td><td class=\"column-4\">H14<\/td><td class=\"column-5\">H14<\/td><td class=\"column-6\">H14<\/td><td class=\"column-7\">H14<\/td><td class=\"column-8\">H13<\/td><td class=\"column-9\">H13<\/td>\n<\/tr>\n<tr class=\"row-6\">\n\t<td class=\"column-1\">UV-C<\/td><td class=\"column-2\"><\/td><td class=\"column-3\"><\/td><td class=\"column-4\"><\/td><td class=\"column-5\"><\/td><td class=\"column-6\"><\/td><td class=\"column-7\"><\/td><td class=\"column-8\"><\/td><td class=\"column-9\"><\/td>\n<\/tr>\n<tr class=\"row-7\">\n\t<td class=\"column-1\">Capteur CO2<\/td><td class=\"column-2\">Option<\/td><td class=\"column-3\">Option<\/td><td class=\"column-4\">Option<\/td><td class=\"column-5\">Option<\/td><td class=\"column-6\">Option<\/td><td class=\"column-7\">Oui<\/td><td class=\"column-8\">Option<\/td><td class=\"column-9\">Option<\/td>\n<\/tr>\n<tr class=\"row-8\">\n\t<td class=\"column-1\">Filtration mol\u00e9culaire (charbon actif)<\/td><td class=\"column-2\">Non<\/td><td class=\"column-3\">Non<\/td><td class=\"column-4\">Oui<\/td><td class=\"column-5\">Option<\/td><td class=\"column-6\">Option<\/td><td class=\"column-7\">Oui<\/td><td class=\"column-8\">Option<\/td><td class=\"column-9\">Non<\/td>\n<\/tr>\n<tr class=\"row-9\">\n\t<td class=\"column-1\">Niveau sonore<\/td><td class=\"column-2\">48 dB<\/td><td class=\"column-3\">47 dB<\/td><td class=\"column-4\">48 dB<\/td><td class=\"column-5\">63 dB<\/td><td class=\"column-6\">47 dB<\/td><td class=\"column-7\">48 dB<\/td><td class=\"column-8\">65 dB<\/td><td class=\"column-9\">69 dB<\/td>\n<\/tr>\n<tr class=\"row-10\">\n\t<td class=\"column-1\">Efficacit\u00e9 COVID valid\u00e9 (Certificat \u00e0 l'appui)<\/td><td class=\"column-2\">Oui<\/td><td class=\"column-3\">Oui<\/td><td class=\"column-4\">Oui<\/td><td class=\"column-5\">Oui<\/td><td class=\"column-6\">Oui<\/td><td class=\"column-7\">Oui<\/td><td class=\"column-8\">Oui<\/td><td class=\"column-9\">Oui<\/td>\n<\/tr>\n<\/tbody>\n<\/table>\n\n\n<div style=\"height:30px\" aria-hidden=\"true\" class=\"wp-block-spacer\"><\/div>\n\n<hr class=\"wp-block-separator has-text-color has-black-color has-css-opacity has-black-background-color has-background aligncenter is-style-wide\"\/>\n\n<div style=\"height:30px\" aria-hidden=\"true\" class=\"wp-block-spacer\"><\/div>\n\n<h2 class=\"wp-block-heading\">Neden oberA anti COVID-19 hava temizleyicileri kullan\u0131lmal\u0131?<\/h2>\n\n<div class=\"wp-block-columns is-layout-flex wp-container-core-columns-is-layout-28f84493 wp-block-columns-is-layout-flex\">\n<div class=\"wp-block-column is-layout-flow wp-block-column-is-layout-flow\" style=\"flex-basis:66.66%\">\n<figure class=\"wp-block-embed is-type-video is-provider-youtube wp-block-embed-youtube wp-embed-aspect-4-3 wp-has-aspect-ratio\"><div class=\"wp-block-embed__wrapper\">\nhttps:\/\/www.youtube.com\/watch?v=A6eb1_zlk6g\n<\/div><\/figure>\n<\/div>\n\n\n\n<div class=\"wp-block-column is-layout-flow wp-block-column-is-layout-flow\" style=\"flex-basis:33.33%\">\n<p><a href=\"https:\/\/obera.fr\/produits\/purificateurs-air\/\">Hava temizleyiciler<\/a>, temiz i\u00e7 mekan havas\u0131 sa\u011flaman\u0131n m\u00fckemmel bir yoludur. Ho\u015f olmayan kokular\u0131, tozu, alerjenleri ve di\u011fer kirleticileri ortadan kald\u0131rman\u0131n yan\u0131 s\u0131ra, havadaki bakteri<strong> ve vir\u00fcslerle m\u00fccadelede<\/strong> etkinliklerini kan\u0131tlayarak viral ve bakteriyel enfeksiyon riskini etkili bir \u015fekilde azalt\u0131rlar. Bu ama\u00e7la <strong>OberA <\/strong>hava temizleyicileri, havadaki 0,1 mikron veya daha b\u00fcy\u00fck<strong> ultra<\/strong> ince partik\u00fcllerin %99,995&#8217;ine kadar\u0131n\u0131 ortadan kald\u0131ran<strong> ultra y\u00fcksek verimli HEPA filtreler<\/strong> kullan\u0131r.  <\/p>\n\n\n\n<p>Hava temizleme cihaz\u0131, kapal\u0131 ve yetersiz havaland\u0131r\u0131lan odalardaki havay\u0131 temizlemek i\u00e7in <strong>ideal<\/strong> bir <strong>\u00e7\u00f6z\u00fcmd\u00fcr<\/strong>.<\/p>\n\n\n\n<div class=\"wp-block-buttons is-horizontal is-content-justification-center is-layout-flex wp-container-core-buttons-is-layout-03627597 wp-block-buttons-is-layout-flex\">\n<div class=\"wp-block-button\"><a class=\"wp-block-button__link wp-element-button\" href=\"https:\/\/obera.fr\/contact\/\">Ekibimizle ileti\u015fime ge\u00e7in<\/a><\/div>\n<\/div>\n<\/div>\n<\/div>\n\n<h2 class=\"wp-block-heading\">Viral y\u00fck\u00fc azaltmak i\u00e7in hava temizleyicilerin kullan\u0131ld\u0131\u011f\u0131 teknik havaland\u0131rma<\/h2>\n\n<h3 class=\"wp-block-heading\">Viral y\u00fck\u00fc azaltmak i\u00e7in hava temizleyicilerin kullan\u0131ld\u0131\u011f\u0131 teknik havaland\u0131rma<\/h3>\n\n<p>\u0130nsanlar\u0131n varl\u0131\u011f\u0131 nedeniyle binalar\u0131n havaland\u0131r\u0131lmas\u0131 gerekiyorsa, hava kalitesini de\u011ferlendirmek i\u00e7in solunan karbondioksit (CO2) bir \u00f6l\u00e7\u00fc olarak kullan\u0131l\u0131r.<\/p>\n\n<p>Tavsiyelere uygun olarak, CO2 konsantrasyonu 1.000 ppm&#8217;yi a\u015fmamal\u0131 ve d\u00fczenli havaland\u0131rma ile bu e\u015fi\u011fin alt\u0131nda tutulmal\u0131d\u0131r. Bu 1.000 ppm&#8217;lik konsantrasyon e\u015fi\u011fi asgari bir gereklilik olarak kabul edilir. <\/p>\n\n<p>\u0130nsanlar nefes verirken havaya aerosoller ve vir\u00fcslerin yan\u0131 s\u0131ra CO2 de sald\u0131\u011f\u0131ndan, enfeksiyon riskini azaltmak i\u00e7in CO2 seviyelerinin 1000 ppm&#8217;nin alt\u0131nda tutulmas\u0131 tavsiye edilir.<\/p>\n\n<p>ePUR ve VirBox hava temizleyicileri, tesis i\u00e7indeki aerosol konsantrasyonlar\u0131n\u0131 \u00f6nemli \u00f6l\u00e7\u00fcde azaltarak vir\u00fcsle temas olas\u0131l\u0131\u011f\u0131n\u0131 ve i\u00e7 mekan kontaminasyon riskini azaltt\u0131\u011f\u0131 i\u00e7in tamamlay\u0131c\u0131 \u00f6nleme tedbirleridir.<\/p>\n\n<h3 class=\"wp-block-heading\">Koronavir\u00fcs hava temizleme cihaz\u0131 nas\u0131l \u00e7al\u0131\u015f\u0131r?<\/h3>\n\n<p>OberA hava temizleyicileri, \u00f6zellikle kapal\u0131 odalar\u0131n veya havaland\u0131r\u0131lmas\u0131 zor odalar\u0131n ar\u0131t\u0131lmas\u0131 s\u00f6z konusu oldu\u011funda tavsiye edilir. Havada y\u00fczen aerosolleri ve partik\u00fclleri emerler. Y\u00fcksek performansl\u0131 dokuma filtreler (HEPA 13 veya HEPA 14), giri\u015f havas\u0131n\u0131 %99,995&#8217;lik bir ar\u0131tma verimlili\u011fi ile temizler. Filtrelenen hava, \u00e7\u0131k\u0131\u015f menfezleri arac\u0131l\u0131\u011f\u0131yla odaya yeniden verilir. Bu \u015fekilde, temizleyiciler d\u0131\u015far\u0131daki hava ko\u015fullar\u0131ndan ba\u011f\u0131ms\u0131z olarak etkili hava de\u011fi\u015fimi sa\u011flar.    <\/p>\n\n<h3 class=\"wp-block-heading\">Vir\u00fcslerle m\u00fccadele etmek i\u00e7in hava temizleme cihaz\u0131 koymak i\u00e7in en iyi yer neresidir?<\/h3>\n\n<p>Vir\u00fcslerin havadan filtrelenme verimlili\u011fi sadece filtre s\u0131n\u0131f\u0131na de\u011fil, ayn\u0131 zamanda oda hava temizleyicisinin konumuna da ba\u011fl\u0131d\u0131r. M\u00fcnih&#8217;teki Federal Silahl\u0131 Kuvvetler \u00dcniversitesi taraf\u0131ndan yap\u0131lan ara\u015ft\u0131rma, maksimum verimlilik i\u00e7in \u015fu sonuca varm\u0131\u015ft\u0131r: &#8220;Hava temizleyici ideal olarak odan\u0131n en uzun kenar\u0131n\u0131n ortas\u0131na yerle\u015ftirilmelidir&#8221;. <\/p>\n\n<p>Alan engeller taraf\u0131ndan rahats\u0131z edilmemelidir. Aksi takdirde, havan\u0131n e\u015fit da\u011f\u0131l\u0131m\u0131 bozulur ve odada cereyan olu\u015fmas\u0131na neden olur. <\/p>\n\n<p>\u00c7ok k\u00f6\u015feli veya L veya U \u015fekilli odalarda, havadaki vir\u00fcsleri odan\u0131n her yerinde etkili bir \u015fekilde filtrelemek i\u00e7in birka\u00e7 oda hava temizleyicisi yerle\u015ftirmek en iyisidir.<\/p>\n\n<h2 class=\"wp-block-heading\">Covid Sonras\u0131<\/h2>\n\n<h3 class=\"wp-block-heading\">Oda havas\u0131 temizleyicileri sonraki grip dalgalar\u0131 i\u00e7in de \u00f6neriliyor mu?<\/h3>\n\n<p>\u0130nfluenza vir\u00fcsleri, solunum yoluyla da sal\u0131nan ve di\u011fer \u015feylerin yan\u0131 s\u0131ra aerosollere ba\u011flanan koronavir\u00fcslerle ayn\u0131 boyuttad\u0131r.<\/p>\n\n<p>VirBox gibi hava temizleyicileri, y\u00fcksek verimli HEPA 14 filtreleri kullanarak grip vir\u00fcslerini havadan etkili bir \u015fekilde filtreleyebilir.<\/p>\n\n<h3 class=\"wp-block-heading\">Koronavir\u00fcs pandemisinden sonra hava temizleyiciler hala faydal\u0131 olacak m\u0131?<\/h3>\n\n<p>Hava temizleme cihazlar\u0131m\u0131z sadece vir\u00fcs i\u00e7eren aerosolleri de\u011fil, ayn\u0131 zamanda bakterileri, serbest alerjenleri ve mevsimsel hastal\u0131klara (grip, so\u011fuk alg\u0131nl\u0131\u011f\u0131, alerji vb.) neden olan di\u011fer mikro organizmalar\u0131 da engeller.<\/p>\n\n<p>Bir\u00e7ok doktor da ayn\u0131 g\u00f6r\u00fc\u015fte: Korona sonras\u0131 d\u00f6nemde bile, maalesef o kadar \u00e7ok patojen kalmaya devam edecek ki, i\u00e7 mekan havas\u0131n\u0131 etkili bir \u015fekilde filtreleme ihtiyac\u0131 devam edecek.<\/p>\n\n<p>Bu nedenle, y\u00fcksek verimli HEPA&#8217;ya sahip antiviral hava temizleyicileri muhtemelen gelecekte kural olacakt\u0131r.<\/p>\n\n<h3 class=\"wp-block-heading\">Hava temizleyicileri a\u015f\u0131 kullan\u0131ma sunulduktan sonra da faydal\u0131 m\u0131d\u0131r?<\/h3>\n\n<p>Evet, hava temizleyicileri a\u015f\u0131 yap\u0131ld\u0131ktan sonra da faydal\u0131d\u0131r.  <\/p>\n\n<p>Elbette hepimiz n\u00fcfusun yak\u0131nda yayg\u0131n bir \u015fekilde a\u015f\u0131lanaca\u011f\u0131n\u0131 umuyoruz. Ancak k\u00fcresel talep \u00e7ok y\u00fcksek, bu nedenle a\u015f\u0131lama yoluyla n\u00fcfusun %60-70&#8217;i i\u00e7in s\u00fcr\u00fc ba\u011f\u0131\u015f\u0131kl\u0131\u011f\u0131 elde etmek muhtemelen uzun zaman alacakt\u0131r. Uzmanlara g\u00f6re, korona enfeksiyonlar\u0131 2022 y\u0131l\u0131na kadar beklenebilir, bu nedenle korona vir\u00fcs\u00fcn\u00fcn filtrelenmesi \u00e7ok \u00f6nemlidir.  <\/p>\n\n<p>Mobil hava temizleyiciler sadece acil bir \u00e7\u00f6z\u00fcm de\u011fil, ayn\u0131 zamanda korona pandemisinden sonra sa\u011fl\u0131kl\u0131 bir i\u00e7 mekan iklimi sa\u011flayarak okulda veya i\u015fte enfeksiyon veya so\u011fuk alg\u0131nl\u0131\u011f\u0131na ba\u011fl\u0131 devams\u0131zl\u0131k oranlar\u0131n\u0131 \u00f6nemli \u00f6l\u00e7\u00fcde azaltabilir.<\/p>\n\n<div class=\"wp-block-buttons is-horizontal is-content-justification-center is-layout-flex wp-container-core-buttons-is-layout-03627597 wp-block-buttons-is-layout-flex\">\n<div class=\"wp-block-button has-custom-width wp-block-button__width-100\"><a class=\"wp-block-button__link wp-element-button\" href=\"https:\/\/obera.fr\/tr\/bize-ulasin\/\">Daha fazla bilgi edin<\/a><\/div>\n<\/div>\n","protected":false},"excerpt":{"rendered":"<p>OBERA y\u00fcksek verimli hava temizleyicileri, havadaki bula\u015f\u0131c\u0131 viral partik\u00fcllerin %99,995&#8216;inden fazlas\u0131n\u0131 yakalar. Y\u00fcksek verimli HEPA* s\u0131n\u0131f\u0131 H13 ve 14 anti-vir\u00fcs filtreleri vir\u00fcsleri ve di\u011fer mikro-organizmalar\u0131 temizler. Anti-vir\u00fcs hava temizleyicileri genellikle saatte i\u00e7 mekan hava hacminin en az 5 kat\u0131n\u0131 temizler (HCSP Haut Conseil de la Sant\u00e9 Publique taraf\u0131ndan \u00f6nerildi\u011fi gibi), b\u00f6ylece CoronaVirus pandemisine ra\u011fmen tesisleriniz kullan\u0131labilir ve daha g\u00fcvenli kal\u0131r. Saatte i\u015flenecek hacmin 5 yenilenmesi i\u00e7in, 2,5 m tavan y\u00fcksekli\u011fi i\u00e7in OBERA anti-vir\u00fcs serisi taraf\u0131ndan i\u015flenebilecek y\u00fczeyler a\u015fa\u011f\u0131da verilmi\u015ftir: Cihazlar\u0131n tesislerinize kurulumu kolayd\u0131r. Sadece birka\u00e7 dakika \u00e7al\u0131\u015ft\u0131ktan sonra neredeyse vir\u00fcss\u00fcz bir ortam yaratabilirler. \u00d6zellikle geni\u015f alanlar i\u00e7in, ayn\u0131 alana birden &#8230; <\/p>\n<p class=\"read-more-container\"><a title=\"COVID-19 anti-vir\u00fcs ve anti-bakteriyel hava temizleyicileri\" class=\"read-more button\" href=\"https:\/\/obera.fr\/tr\/produits\/purificateurs-air\/covid-19-anti-virus-ve-anti-bakteriyel-hava-temizleyicileri\/#more-51481\" aria-label=\"Read more about COVID-19 anti-vir\u00fcs ve anti-bakteriyel hava temizleyicileri\">Lire la suite<\/a><\/p>\n","protected":false},"author":4,"featured_media":51949,"parent":51942,"menu_order":0,"comment_status":"closed","ping_status":"closed","template":"","meta":{"_acf_changed":false,"_seopress_robots_primary_cat":"","_seopress_titles_title":"Anti-vir\u00fcs (covid 19) ve anti-bakteriyel hava temizleyicileri","_seopress_titles_desc":"Anti-covid hava temizleyicileri, vir\u00fcsleri ve bakterileri etkili bir \u015fekilde ar\u0131tabilen y\u00fcksek performansl\u0131 filtrelemeye sahip cihazlard\u0131r.","_seopress_robots_index":"","footnotes":""},"class_list":{"0":"post-51481","1":"page","2":"type-page","3":"status-publish","4":"has-post-thumbnail","6":"no-featured-image-padding","7":"resize-featured-image"},"acf":[],"_links":{"self":[{"href":"https:\/\/obera.fr\/tr\/wp-json\/wp\/v2\/pages\/51481","targetHints":{"allow":["GET"]}}],"collection":[{"href":"https:\/\/obera.fr\/tr\/wp-json\/wp\/v2\/pages"}],"about":[{"href":"https:\/\/obera.fr\/tr\/wp-json\/wp\/v2\/types\/page"}],"author":[{"embeddable":true,"href":"https:\/\/obera.fr\/tr\/wp-json\/wp\/v2\/users\/4"}],"replies":[{"embeddable":true,"href":"https:\/\/obera.fr\/tr\/wp-json\/wp\/v2\/comments?post=51481"}],"version-history":[{"count":2,"href":"https:\/\/obera.fr\/tr\/wp-json\/wp\/v2\/pages\/51481\/revisions"}],"predecessor-version":[{"id":51950,"href":"https:\/\/obera.fr\/tr\/wp-json\/wp\/v2\/pages\/51481\/revisions\/51950"}],"up":[{"embeddable":true,"href":"https:\/\/obera.fr\/tr\/wp-json\/wp\/v2\/pages\/51942"}],"wp:featuredmedia":[{"embeddable":true,"href":"https:\/\/obera.fr\/tr\/wp-json\/wp\/v2\/media\/51949"}],"wp:attachment":[{"href":"https:\/\/obera.fr\/tr\/wp-json\/wp\/v2\/media?parent=51481"}],"curies":[{"name":"wp","href":"https:\/\/api.w.org\/{rel}","templated":true}]}}