{"id":51754,"date":"2020-08-26T12:55:27","date_gmt":"2020-08-26T10:55:27","guid":{"rendered":"https:\/\/obera.fr\/kollar-ve-toplama-cihazlari\/endustriyel-emis-kollari\/"},"modified":"2025-06-02T14:45:04","modified_gmt":"2025-06-02T12:45:04","slug":"bras-hotte-ovale-rectangulaire","status":"publish","type":"page","link":"https:\/\/obera.fr\/tr\/produits\/bras-dispositifs-captation\/bras-hotte-ovale-rectangulaire\/","title":{"rendered":"End\u00fcstriyel emi\u015f kollar\u0131"},"content":{"rendered":"\n<p><strong> Emme<\/strong> kollar\u0131 veya mafsall\u0131 kollar olarak da bilinen<strong> emme<\/strong> kollar\u0131, temiz ve g\u00fcvenli bir \u00e7al\u0131\u015fma ortam\u0131 olu\u015fturmak i\u00e7in end\u00fcstride ve ticarette \u00f6nemli bir toplama cihaz\u0131d\u0131r. Emi\u015f <strong>kollar\u0131 esnektir<\/strong> ve s\u0131kl\u0131kla emi\u015f sistemleri ile birlikte kullan\u0131l\u0131r. Emme sistemleri, emme kolu ve filtreler taraf\u0131ndan emilen partik\u00fclleri toplar.  <\/p>\n\n\n\n<p>Emi\u015f kollar\u0131 ve emi\u015f <strong>sistemleri bir\u00e7ok sekt\u00f6rde vazge\u00e7ilmezdir<\/strong> ve hava kalitesini iyile\u015ftirmeye, \u00e7al\u0131\u015fanlar\u0131n sa\u011fl\u0131\u011f\u0131n\u0131 korumaya ve \u00fcretkenli\u011fi art\u0131rmaya yard\u0131mc\u0131 olur. Optimum sonu\u00e7lar elde etmek i\u00e7in, uygulaman\u0131n \u00f6zel gereksinimlerini kar\u015f\u0131layan bir emme kolu se\u00e7mek \u00f6nemlidir. ATEX patlamaya dayan\u0131kl\u0131, ESD uyumlu ve kimyasallara dayan\u0131kl\u0131 emi\u015f kollar\u0131 sunuyoruz. \u00dcr\u00fcn yelpazemizde FUMEX, ALSIDENT, ESTA ve GEOVENT \u00fcreticilerinin \u00fcr\u00fcnleri bulunmaktad\u0131r.   <\/p>\n\n\n\n<div class=\"wp-block-columns is-layout-flex wp-container-core-columns-is-layout-28f84493 wp-block-columns-is-layout-flex\">\n<div class=\"wp-block-column is-layout-flow wp-block-column-is-layout-flow\">\n<figure class=\"wp-block-image aligncenter size-full is-resized\"><img decoding=\"async\" width=\"1280\" height=\"1280\" src=\"https:\/\/obera.fr\/wp-content\/uploads\/2024\/10\/11-bras-de-captation-fixation-sol.png\" alt=\"zemine monte pikap kolu\" class=\"wp-image-35798\" style=\"object-fit:cover;width:200px;height:200px\" srcset=\"https:\/\/obera.fr\/wp-content\/uploads\/2024\/10\/11-bras-de-captation-fixation-sol.png 1280w, https:\/\/obera.fr\/wp-content\/uploads\/2024\/10\/11-bras-de-captation-fixation-sol-300x300.png 300w, https:\/\/obera.fr\/wp-content\/uploads\/2024\/10\/11-bras-de-captation-fixation-sol-1024x1024.png 1024w, https:\/\/obera.fr\/wp-content\/uploads\/2024\/10\/11-bras-de-captation-fixation-sol-150x150.png 150w, https:\/\/obera.fr\/wp-content\/uploads\/2024\/10\/11-bras-de-captation-fixation-sol-768x768.png 768w, https:\/\/obera.fr\/wp-content\/uploads\/2024\/10\/11-bras-de-captation-fixation-sol-24x24.png 24w, https:\/\/obera.fr\/wp-content\/uploads\/2024\/10\/11-bras-de-captation-fixation-sol-48x48.png 48w, https:\/\/obera.fr\/wp-content\/uploads\/2024\/10\/11-bras-de-captation-fixation-sol-96x96.png 96w\" sizes=\"(max-width: 1280px) 100vw, 1280px\" \/><figcaption class=\"wp-element-caption\">Sens\u00f6r Kolu Zemin Montaj\u0131<\/figcaption><\/figure>\n<\/div>\n\n\n\n<div class=\"wp-block-column is-layout-flow wp-block-column-is-layout-flow\">\n<figure class=\"wp-block-image aligncenter size-full is-resized\"><img decoding=\"async\" width=\"1280\" height=\"1279\" src=\"https:\/\/obera.fr\/wp-content\/uploads\/2024\/10\/12-bras-de-captation-fixation-murale-1.png\" alt=\"duvara monte sens\u00f6r kolu\" class=\"wp-image-35818\" style=\"object-fit:cover;width:200px;height:200px\" srcset=\"https:\/\/obera.fr\/wp-content\/uploads\/2024\/10\/12-bras-de-captation-fixation-murale-1.png 1280w, https:\/\/obera.fr\/wp-content\/uploads\/2024\/10\/12-bras-de-captation-fixation-murale-1-300x300.png 300w, https:\/\/obera.fr\/wp-content\/uploads\/2024\/10\/12-bras-de-captation-fixation-murale-1-1024x1024.png 1024w, https:\/\/obera.fr\/wp-content\/uploads\/2024\/10\/12-bras-de-captation-fixation-murale-1-150x150.png 150w, https:\/\/obera.fr\/wp-content\/uploads\/2024\/10\/12-bras-de-captation-fixation-murale-1-768x767.png 768w, https:\/\/obera.fr\/wp-content\/uploads\/2024\/10\/12-bras-de-captation-fixation-murale-1-24x24.png 24w, https:\/\/obera.fr\/wp-content\/uploads\/2024\/10\/12-bras-de-captation-fixation-murale-1-48x48.png 48w, https:\/\/obera.fr\/wp-content\/uploads\/2024\/10\/12-bras-de-captation-fixation-murale-1-96x96.png 96w\" sizes=\"(max-width: 1280px) 100vw, 1280px\" \/><figcaption class=\"wp-element-caption\">Duvara Monte Yakalama Kolu<\/figcaption><\/figure>\n<\/div>\n\n\n\n<div class=\"wp-block-column is-layout-flow wp-block-column-is-layout-flow\">\n<figure class=\"wp-block-image aligncenter size-full is-resized\"><img decoding=\"async\" width=\"1280\" height=\"1279\" src=\"https:\/\/obera.fr\/wp-content\/uploads\/2024\/10\/13-bras-de-captation-fixation-murale-avec-rallonge.png\" alt=\"uzatma kablosu ile duvara monte sens\u00f6r kolu\" class=\"wp-image-35821\" style=\"object-fit:cover;width:200px;height:200px\" srcset=\"https:\/\/obera.fr\/wp-content\/uploads\/2024\/10\/13-bras-de-captation-fixation-murale-avec-rallonge.png 1280w, https:\/\/obera.fr\/wp-content\/uploads\/2024\/10\/13-bras-de-captation-fixation-murale-avec-rallonge-300x300.png 300w, https:\/\/obera.fr\/wp-content\/uploads\/2024\/10\/13-bras-de-captation-fixation-murale-avec-rallonge-1024x1024.png 1024w, https:\/\/obera.fr\/wp-content\/uploads\/2024\/10\/13-bras-de-captation-fixation-murale-avec-rallonge-150x150.png 150w, https:\/\/obera.fr\/wp-content\/uploads\/2024\/10\/13-bras-de-captation-fixation-murale-avec-rallonge-768x767.png 768w, https:\/\/obera.fr\/wp-content\/uploads\/2024\/10\/13-bras-de-captation-fixation-murale-avec-rallonge-24x24.png 24w, https:\/\/obera.fr\/wp-content\/uploads\/2024\/10\/13-bras-de-captation-fixation-murale-avec-rallonge-48x48.png 48w, https:\/\/obera.fr\/wp-content\/uploads\/2024\/10\/13-bras-de-captation-fixation-murale-avec-rallonge-96x96.png 96w\" sizes=\"(max-width: 1280px) 100vw, 1280px\" \/><figcaption class=\"wp-element-caption\">Uzatmal\u0131 Duvara Monte Sens\u00f6r Kolu<\/figcaption><\/figure>\n<\/div>\n\n\n\n<div class=\"wp-block-column is-layout-flow wp-block-column-is-layout-flow\">\n<figure class=\"wp-block-image aligncenter size-full is-resized\"><img decoding=\"async\" width=\"1280\" height=\"1279\" src=\"https:\/\/obera.fr\/wp-content\/uploads\/2024\/10\/14-bras-de-captation-fixation-support-depoussiereur.png\" alt=\"kolekt\u00f6r kolu toz kolekt\u00f6r\u00fc destek braketi\" class=\"wp-image-35824\" style=\"object-fit:cover;width:200px;height:200px\" srcset=\"https:\/\/obera.fr\/wp-content\/uploads\/2024\/10\/14-bras-de-captation-fixation-support-depoussiereur.png 1280w, https:\/\/obera.fr\/wp-content\/uploads\/2024\/10\/14-bras-de-captation-fixation-support-depoussiereur-300x300.png 300w, https:\/\/obera.fr\/wp-content\/uploads\/2024\/10\/14-bras-de-captation-fixation-support-depoussiereur-1024x1024.png 1024w, https:\/\/obera.fr\/wp-content\/uploads\/2024\/10\/14-bras-de-captation-fixation-support-depoussiereur-150x150.png 150w, https:\/\/obera.fr\/wp-content\/uploads\/2024\/10\/14-bras-de-captation-fixation-support-depoussiereur-768x767.png 768w, https:\/\/obera.fr\/wp-content\/uploads\/2024\/10\/14-bras-de-captation-fixation-support-depoussiereur-24x24.png 24w, https:\/\/obera.fr\/wp-content\/uploads\/2024\/10\/14-bras-de-captation-fixation-support-depoussiereur-48x48.png 48w, https:\/\/obera.fr\/wp-content\/uploads\/2024\/10\/14-bras-de-captation-fixation-support-depoussiereur-96x96.png 96w\" sizes=\"(max-width: 1280px) 100vw, 1280px\" \/><figcaption class=\"wp-element-caption\">Yakalama Kolu Sabitleme Deste\u011fi Toz Toplay\u0131c\u0131<\/figcaption><\/figure>\n<\/div>\n<\/div>\n\n\n\n<div class=\"wp-block-columns is-layout-flex wp-container-core-columns-is-layout-28f84493 wp-block-columns-is-layout-flex\">\n<div class=\"wp-block-column is-layout-flow wp-block-column-is-layout-flow\" style=\"flex-basis:33.34%\">\n<div class=\"wp-block-buttons is-content-justification-center is-layout-flex wp-container-core-buttons-is-layout-a89b3969 wp-block-buttons-is-layout-flex\">\n<div class=\"wp-block-button\"><a class=\"wp-block-button__link wp-element-button\" href=\"https:\/\/obera.fr\/wp-content\/uploads\/2025\/06\/en-hotte-ovale.pdf\">Bro\u015f\u00fcr\u00fc indirin<\/a><\/div>\n<\/div>\n<\/div>\n\n\n\n<div class=\"wp-block-column is-layout-flow wp-block-column-is-layout-flow\" style=\"flex-basis:33.34%\">\n<div class=\"wp-block-buttons is-horizontal is-content-justification-center is-layout-flex wp-container-core-buttons-is-layout-03627597 wp-block-buttons-is-layout-flex\">\n<div class=\"wp-block-button has-custom-width wp-block-button__width-100\"><a class=\"wp-block-button__link wp-element-button\" href=\"https:\/\/obera.fr\/tr\/bize-ulasin\/\">Daha fazla bilgi edin<\/a><\/div>\n<\/div>\n\n\n\n<div style=\"height:58px\" aria-hidden=\"true\" class=\"wp-block-spacer\"><\/div>\n<\/div>\n\n\n\n<div class=\"wp-block-column is-layout-flow wp-block-column-is-layout-flow\" style=\"flex-basis:33.33%\">\n<div class=\"wp-block-buttons is-content-justification-center is-layout-flex wp-container-core-buttons-is-layout-a89b3969 wp-block-buttons-is-layout-flex\">\n<div class=\"wp-block-button btn-devis-source\"><a class=\"wp-block-button__link wp-element-button\" href=\"https:\/\/obera.fr\/tr\/devis\/\">Fiyat teklifi isteyin<\/a><\/div>\n<\/div>\n\n\n<script>\r\ndocument.addEventListener('DOMContentLoaded', function() {\r\n    \/\/ 1. On cherche le titre H1 de la page\r\n    var h1 = document.querySelector('h1');\r\n    var productTitle = h1 ? h1.innerText.trim() : \"\";\r\n\r\n    \/\/ 2. On cherche les boutons via la classe CSS .btn-devis-source\r\n    var buttons = document.querySelectorAll('.btn-devis-source a');\r\n\r\n    \/\/ 3. Si on a le titre et les boutons, on ajoute le param\u00e8tre\r\n    if (buttons.length > 0 && productTitle !== \"\") {\r\n        var encodedTitle = encodeURIComponent(productTitle);\r\n\r\n        buttons.forEach(function(btn) {\r\n            var currentHref = btn.getAttribute('href');\r\n            \r\n            \/\/ S\u00e9curit\u00e9 pour ne pas ajouter le param\u00e8tre 2 fois\r\n            if (currentHref.indexOf('sujet=') === -1) {\r\n                var separator = currentHref.indexOf('?') !== -1 ? '&' : '?';\r\n                var newLink = currentHref + separator + 'sujet=' + encodedTitle;\r\n                \r\n                btn.setAttribute('href', newLink);\r\n            }\r\n        });\r\n    }\r\n});\r\n<\/script><\/div>\n<\/div>\n\n\n\n<p><strong>OberA emi\u015f kollar\u0131 toz<\/strong>, kaynak ve lehim dumanlar\u0131n\u0131, gazlar\u0131 ve buharlar\u0131 do\u011frudan kayna\u011f\u0131nda <strong>yakalar<\/strong>. Emme kollar\u0131, kirleticileri emmek ve filtreleme olmadan bo\u015faltmak i\u00e7in emme fanlar\u0131na veya borular arac\u0131l\u0131\u011f\u0131yla <strong>merkezi bir emme ve filtreleme kurulumuna<\/strong> veya mobil bir emme \u00fcnitesine ba\u011flanabilir. <\/p>\n\n\n\n<p><strong>\u00c7al\u0131\u015fma alan\u0131n\u0131n konumu de\u011fi\u015fti\u011finde<\/strong> veya emi\u015fi kullanmalar\u0131 gerekmedi\u011finde operat\u00f6rlerin i\u015fine m\u00fcdahale etmemek i\u00e7in emme cihaz\u0131n\u0131 geri \u00e7ekebilmenin \u00f6nemli oldu\u011fu<strong>durumlarda bir kol<\/strong> kullanmak yararl\u0131d\u0131r.<\/p>\n\n\n\n<p>Genellikle bir emme kolunun en fazla kendi uzunlu\u011funa kar\u015f\u0131l\u0131k gelen bir \u00e7al\u0131\u015fma alan\u0131 i\u00e7inde hareket ettirilebilece\u011fi kabul edilir. <strong>Kollar\u0131n ne kadar uza\u011fa hareket ettirilebilece\u011fini kontrol<\/strong> etmek i\u00e7in, her bir kolun uzunlu\u011funa g\u00f6re nas\u0131l hareket ettirilebilece\u011fini g\u00f6steren videolar\u0131m\u0131za g\u00f6z at\u0131n.   <\/p>\n\n\n\n<p>T\u00fcm kollar\u0131m\u0131z sa\u011flaml\u0131k, dayan\u0131kl\u0131l\u0131k ve manevra kabiliyetini bir araya getirecek \u015fekilde tasarlanm\u0131\u015ft\u0131r.<\/p>\n\n\n\n<p>Emme kollar\u0131m\u0131z tamamen \u00f6nceden monte edilmi\u015f olarak teslim edilir ve farkl\u0131 emme ba\u015fl\u0131klar\u0131, farkl\u0131 hortumlar, farkl\u0131 montaj t\u00fcrleri ve \u00e7ok \u00e7e\u015fitli nominal geni\u015fliklerde (50 mm ila 200 mm) ve a\u00e7\u0131kl\u0131klarda (1,5 m ila 8,0 m) mevcuttur.<\/p>\n\n\n\n<p>OberA emi\u015f kollar\u0131 mafsall\u0131d\u0131r ve <strong>kolun kolay hareket etmesini sa\u011flamak<\/strong> ve toplama a\u011fz\u0131n\u0131 kolayca ula\u015f\u0131labilecek herhangi bir konuma yerle\u015ftirmek i\u00e7in gazl\u0131 desteklerle donat\u0131lm\u0131\u015ft\u0131r. Destek ve mafsal sisteminin d\u0131\u015f yap\u0131s\u0131, hava ak\u0131\u015f\u0131n\u0131n engellenmemesini ve etkili emi\u015fin elde edilebilmesini sa\u011flar. Baz\u0131 kol tiplerinde <strong>kolun i\u00e7inde<\/strong> bir mafsal vard\u0131r. Toz durumunda herhangi bir hasar veya a\u015f\u0131nma riskini veya gaz halindeki kirleticiler durumunda korozyonu \u00f6nlemek i\u00e7in m\u00fcmk\u00fcnse bu \u00e7\u00f6z\u00fcmden ka\u00e7\u0131n\u0131lmal\u0131d\u0131r.   <\/p>\n\n\n\n<div style=\"height:15px\" aria-hidden=\"true\" class=\"wp-block-spacer\"><\/div>\n\n\n\n<div class=\"wp-block-columns is-layout-flex wp-container-core-columns-is-layout-28f84493 wp-block-columns-is-layout-flex\">\n<div class=\"wp-block-column is-layout-flow wp-block-column-is-layout-flow\">\n<figure class=\"wp-block-image aligncenter size-full\"><img decoding=\"async\" width=\"1024\" height=\"768\" src=\"https:\/\/obera.fr\/wp-content\/uploads\/2020\/11\/9-bras-de-captation.jpg\" alt=\"Makine - Hoover\" class=\"wp-image-1646\" srcset=\"https:\/\/obera.fr\/wp-content\/uploads\/2020\/11\/9-bras-de-captation.jpg 1024w, https:\/\/obera.fr\/wp-content\/uploads\/2020\/11\/9-bras-de-captation-300x225.jpg 300w, https:\/\/obera.fr\/wp-content\/uploads\/2020\/11\/9-bras-de-captation-768x576.jpg 768w\" sizes=\"(max-width: 1024px) 100vw, 1024px\" \/><figcaption class=\"wp-element-caption\">Kullan\u0131lan emme sistemleri<\/figcaption><\/figure>\n<\/div>\n\n\n\n<div class=\"wp-block-column is-layout-flow wp-block-column-is-layout-flow\">\n<figure class=\"wp-block-image aligncenter size-full\"><img decoding=\"async\" width=\"1024\" height=\"768\" src=\"https:\/\/obera.fr\/wp-content\/uploads\/2020\/11\/10-bras-de-captation.jpg\" alt=\"M\u00fchendislik - Yakalama\" class=\"wp-image-1647\" srcset=\"https:\/\/obera.fr\/wp-content\/uploads\/2020\/11\/10-bras-de-captation.jpg 1024w, https:\/\/obera.fr\/wp-content\/uploads\/2020\/11\/10-bras-de-captation-300x225.jpg 300w, https:\/\/obera.fr\/wp-content\/uploads\/2020\/11\/10-bras-de-captation-768x576.jpg 768w\" sizes=\"(max-width: 1024px) 100vw, 1024px\" \/><figcaption class=\"wp-element-caption\">Silahlar\u0131 yerinde yakalama<\/figcaption><\/figure>\n<\/div>\n<\/div>\n\n\n\n<h2 class=\"wp-block-heading\">End\u00fcstriyel vakum kolu se\u00e7erken hangi kriterleri g\u00f6z \u00f6n\u00fcnde bulundurmal\u0131y\u0131m?<\/h2>\n\n\n\n<h3 class=\"wp-block-heading\">1. Emme kolu i\u00e7in hangi \u00e7ap\u0131 se\u00e7meliyim?<\/h3>\n\n\n\n<p><strong>OberA emme kollar\u0131 d50 mm<\/strong> \u201c<strong>den d200 mm\u201d ye kadar<\/strong> <strong>\u00e7aplarda mevcuttur<\/strong>.<\/p>\n\n\n\n<p>Emme ak\u0131\u015f\u0131 100 m3\/saat ile maksimum 3000 m3\/saat aras\u0131nda de\u011fi\u015fir.<\/p>\n\n\n\n<p><strong>Se\u00e7ece\u011finiz \u00e7ap<\/strong>, kullanmak istedi\u011finiz emi\u015f ak\u0131\u015f\u0131na ve kolun ba\u011fl\u0131 oldu\u011fu emi\u015f ve filtreleme sisteminin kapasitesine ba\u011fl\u0131 olacakt\u0131r.<\/p>\n\n\n\n<p>OberA kollar\u0131 <strong>\u00f6zellikle verimli ve enerji tasarruflu<\/strong> olsa da, ba\u011flant\u0131lardaki k\u0131vr\u0131mlar ve esnek borular\u0131n uzunluklar\u0131 g\u00f6z \u00f6n\u00fcne al\u0131nd\u0131\u011f\u0131nda, bir emme kolunun bas\u0131n\u00e7 kayb\u0131 hala nispeten y\u00fcksektir. Dahas\u0131, koldaki emi\u015f h\u0131z\u0131 ne kadar y\u00fcksekse, koldaki basma y\u00fcksekli\u011fi kayb\u0131 da o kadar b\u00fcy\u00fck olur (bu da a\u015fa\u011f\u0131 yukar\u0131 emi\u015f h\u0131z\u0131n\u0131n karesiyle orant\u0131l\u0131 olarak geli\u015fir). <\/p>\n\n\n\n<p>Bu nedenle,<strong> kolun ba\u011flanaca\u011f\u0131 ekstraksiyon sisteminin<\/strong> hem ak\u0131\u015f h\u0131z\u0131 hem de mevcut bas\u0131n\u00e7 a\u00e7\u0131s\u0131ndan yeterli emme kapasitesine sahip oldu\u011fundan emin olmak \u00f6nemlidir. Havaland\u0131rma sistemleri (AHU&#8217;lar) genellikle kol i\u00e7in uygun bir ak\u0131\u015f h\u0131z\u0131n\u0131 garanti etmek i\u00e7in yeterli negatif bas\u0131nca sahip de\u011fildir. <\/p>\n\n\n\n<p>Daha b\u00fcy\u00fck \u00e7apl\u0131 bir kol se\u00e7mek bas\u0131n\u00e7 d\u00fc\u015f\u00fc\u015f\u00fcn\u00fc azaltacakt\u0131r, ancak yine de toz emme s\u00f6z konusu oldu\u011funda emme h\u0131z\u0131n\u0131n yeterli oldu\u011fundan emin olman\u0131z gerekir. Dahas\u0131, <strong>bir emme kolunun \u00e7ap\u0131<\/strong> ne kadar <strong>b\u00fcy\u00fckse<\/strong>, o kadar hantald\u0131r! <\/p>\n\n\n\n<div class=\"wp-block-columns is-layout-flex wp-container-core-columns-is-layout-28f84493 wp-block-columns-is-layout-flex\">\n<div class=\"wp-block-column is-layout-flow wp-block-column-is-layout-flow\" style=\"flex-basis:50%\">\n<h3 class=\"wp-block-heading\">2. Hangi uzunlukta emme kolu se\u00e7meliyim?<\/h3>\n\n\n\n<p><strong>Emme kolunun uzunlu\u011fu <\/strong>yap\u0131lacak harekete ve kaplanacak y\u00fczeye ba\u011fl\u0131d\u0131r. Ancak kol ne kadar uzun olursa manevra kabiliyeti de o kadar az olur. Bu y\u00fczden yeterince uzun ama \u00e7ok da uzun olmayan bir kol se\u00e7ti\u011finizden emin olun.  <\/p>\n<\/div>\n\n\n\n<div class=\"wp-block-column is-layout-flow wp-block-column-is-layout-flow\" style=\"flex-basis:50%\">\n<h3 class=\"wp-block-heading\">3. Bir emme kolunun ucunda hangi \u00e7eker ocak veya yakalama cihaz\u0131n\u0131 se\u00e7meliyim?<\/h3>\n\n\n\n<p>OberA kollar\u0131na \u00e7e\u015fitli emi\u015f davlumbazlar\u0131 tak\u0131labilir:<\/p>\n\n\n\n<ul class=\"wp-block-list\">\n<li><strong>Toz ve duman emme i\u00e7in yuvarlak veya oval davlumbaz<\/strong>.<\/li>\n\n\n\n<li>Geni\u015f alanl\u0131 ekstraksiyon i\u00e7in dikd\u00f6rtgen ba\u015fl\u0131k.<\/li>\n\n\n\n<li>Duman, gaz ve solventlerin emilmesi i\u00e7in <strong>patentli \u00e7ift etkili<\/strong> davlumbaz.<\/li>\n<\/ul>\n<\/div>\n<\/div>\n\n\n\n<div class=\"wp-block-buttons is-content-justification-center is-layout-flex wp-container-core-buttons-is-layout-a89b3969 wp-block-buttons-is-layout-flex\">\n<div class=\"wp-block-button\"><a class=\"wp-block-button__link wp-element-button\" href=\"https:\/\/boutique.obera.fr\/40-64-acheter-bras-d-aspiration-avec-capot-en-plastique.html#\/3-taille-4m\/27-diametres_bras-140mm\/33-type_de_fixation-support_mural\">Plastik kapakl\u0131 emme kolu sat\u0131n al\u0131n<\/a><\/div>\n<\/div>\n\n\n\n<h3 class=\"wp-block-heading\">4. Bir emme kolunu nas\u0131l takabilirim?<\/h3>\n\n\n\n<p><strong> Bir emme kolunu takman\u0131n \u00e7e\u015fitli yollar\u0131<\/strong> vard\u0131r:<\/p>\n\n\n\n<ul class=\"wp-block-list\">\n<li>Zemine sabitlemek i\u00e7in destek aya\u011f\u0131na sahip zemin stand\u0131.<\/li>\n\n\n\n<li><strong>Mobil elektrikli s\u00fcp\u00fcrge \u00fczerinde konumland\u0131rma<\/strong> deste\u011fi.<\/li>\n\n\n\n<li>360\u00b0 bilyeli mafsal ile duvara monte edilir.<\/li>\n\n\n\n<li>Duvara montaj braketi.<\/li>\n\n\n\n<li>Kollu ve 1m&#8217;den 3m&#8217;ye kadar uzatmal\u0131 duvara montaj braketi.<\/li>\n<\/ul>\n\n\n\n<h3 class=\"wp-block-heading\">5. Ne zaman bir ATEX kolu se\u00e7melisiniz?<\/h3>\n\n\n\n<p>Emilen \u00fcr\u00fcn patlay\u0131c\u0131 oldu\u011funda (patlay\u0131c\u0131 toz veya gaz) veya kolun kendisi bir ATEX b\u00f6lgesinde oldu\u011funda, uygun bir ATEX kolu se\u00e7ilmelidir: ATEX B\u00f6lge 22 toz kolu veya ATEX B\u00f6lge 2 gaz kolu.<\/p>\n\n\n\n<h3 class=\"wp-block-heading\">6. Emme kollar\u0131nda hangi se\u00e7enekler mevcuttur?<\/h3>\n\n\n\n<p><strong> Kullan\u0131ma ba\u011fl\u0131 olarak<\/strong> \u00e7e\u015fitli<strong> se\u00e7enekler mevcuttur<\/strong>. Bunlar \u015funlar\u0131 i\u00e7erir : <\/p>\n\n\n\n<ul class=\"wp-block-list\">\n<li>Yakalama cihaz\u0131ndaki LED \u0131\u015f\u0131\u011f\u0131.<\/li>\n\n\n\n<li>Ak\u0131\u015f kontrol valfi veya a\u00e7ma\/kapama valfi.<\/li>\n\n\n\n<li>C\u00fcruf, a\u015f\u0131nd\u0131r\u0131c\u0131 toz, a\u015f\u0131nd\u0131r\u0131c\u0131 dumanlar veya gazlar vb. gibi \u00f6zel gereksinimleri kar\u015f\u0131lamak i\u00e7in bir dizi \u00f6zel emme hortumu ATEX, y\u00fcksek s\u0131cakl\u0131k hortumlar\u0131.<\/li>\n<\/ul>\n\n\n\n<div class=\"wp-block-columns is-layout-flex wp-container-core-columns-is-layout-28f84493 wp-block-columns-is-layout-flex\">\n<div class=\"wp-block-column is-layout-flow wp-block-column-is-layout-flow\">\n<h2 class=\"wp-block-heading has-text-align-center\"><br>Aspirat\u00f6r kolu oval davlumbaz<\/h2>\n\n\n\n<figure class=\"wp-block-image aligncenter size-medium is-resized\"><img decoding=\"async\" width=\"300\" height=\"300\" src=\"https:\/\/obera.fr\/wp-content\/uploads\/2020\/09\/Bras-SF-300x300.jpg\" alt=\"Sf kolu\" class=\"wp-image-969\" style=\"width:225px;height:225px\" srcset=\"https:\/\/obera.fr\/wp-content\/uploads\/2020\/09\/Bras-SF-300x300.jpg 300w, https:\/\/obera.fr\/wp-content\/uploads\/2020\/09\/Bras-SF-150x150.jpg 150w, https:\/\/obera.fr\/wp-content\/uploads\/2020\/09\/Bras-SF.jpg 433w\" sizes=\"(max-width: 300px) 100vw, 300px\" \/><\/figure>\n<\/div>\n\n\n\n<div class=\"wp-block-column is-layout-flow wp-block-column-is-layout-flow\">\n<h2 class=\"wp-block-heading has-text-align-center\"><br>Aspirat\u00f6r kolu dikd\u00f6rtgen ba\u015fl\u0131k<\/h2>\n\n\n\n<figure class=\"wp-block-image aligncenter size-medium is-resized\"><img decoding=\"async\" width=\"300\" height=\"300\" src=\"https:\/\/obera.fr\/wp-content\/uploads\/2020\/09\/Hotte-SF-300x300.jpg\" alt=\"Sf ba\u015fl\u0131k\" class=\"wp-image-968\" style=\"width:225px;height:225px\" srcset=\"https:\/\/obera.fr\/wp-content\/uploads\/2020\/09\/Hotte-SF-300x300.jpg 300w, https:\/\/obera.fr\/wp-content\/uploads\/2020\/09\/Hotte-SF-150x150.jpg 150w, https:\/\/obera.fr\/wp-content\/uploads\/2020\/09\/Hotte-SF.jpg 433w\" sizes=\"(max-width: 300px) 100vw, 300px\" \/><\/figure>\n<\/div>\n<\/div>\n\n\n\n<h2 class=\"wp-block-heading\">Se\u00e7im yaparken g\u00f6z \u00f6n\u00fcnde bulundurulmas\u0131 gereken kriterler nelerdir?  <\/h2>\n\n\n\n<div class=\"wp-block-columns is-layout-flex wp-container-core-columns-is-layout-28f84493 wp-block-columns-is-layout-flex\">\n<div class=\"wp-block-column is-layout-flow wp-block-column-is-layout-flow\">\n<h3 class=\"wp-block-heading has-text-align-center\"><strong>Avantajlar<\/strong><\/h3>\n\n\n\n<ul class=\"wp-block-list\">\n<li>Duman, solvent ve tozun kayna\u011f\u0131nda m\u00fckemmel \u015fekilde yakalanmas\u0131 i\u00e7in<\/li>\n\n\n\n<li>Bir veya daha fazla i\u015f istasyonunun vakumlanmas\u0131<\/li>\n\n\n\n<li>Bir <a href=\"https:\/\/obera.fr\/tr\/produits\/bras-dispositifs-captation\/\">toplama a\u011f\u0131na<\/a> veya mobil bir toz toplay\u0131c\u0131ya ba\u011flanmak i\u00e7in<\/li>\n<\/ul>\n<\/div>\n\n\n\n<div class=\"wp-block-column is-layout-flow wp-block-column-is-layout-flow\">\n<h3 class=\"wp-block-heading has-text-align-center\"><strong>\u00d6zel \u00f6zellikler<\/strong><\/h3>\n\n\n\n<ul class=\"wp-block-list\">\n<li>Kol destek mekanizmas\u0131 d\u0131\u015far\u0131dad\u0131r ve hava ak\u0131\u015f\u0131n\u0131 engellemez.<\/li>\n\n\n\n<li>Kol i\u00e7indeki hava ak\u0131\u015f\u0131 bozulmaz. Bas\u0131n\u00e7 kay\u0131plar\u0131 azal\u0131r<\/li>\n\n\n\n<li>Hava yaylar\u0131 hareketi destekler ve yard\u0131mc\u0131 olur<\/li>\n<\/ul>\n<\/div>\n\n\n\n<div class=\"wp-block-column is-layout-flow wp-block-column-is-layout-flow\">\n<h3 class=\"wp-block-heading has-text-align-center\"><strong>\u00d6zellikler<\/strong><\/h3>\n\n\n\n<ul class=\"wp-block-list\">\n<li>Geni\u015f ebat ve \u00e7ap se\u00e7enekleri<\/li>\n\n\n\n<li>Y\u00fcksek esneklik<\/li>\n\n\n\n<li>Kullan\u0131m\u0131 ve ta\u015f\u0131nmas\u0131 kolay<\/li>\n\n\n\n<li>Kayna\u011fa m\u00fcmk\u00fcn oldu\u011funca yak\u0131n emme<\/li>\n<\/ul>\n<\/div>\n<\/div>\n\n\n\n<h2 class=\"wp-block-heading\">Uygulamalar<\/h2>\n\n\n\n<div class=\"wp-block-columns is-layout-flex wp-container-core-columns-is-layout-28f84493 wp-block-columns-is-layout-flex\">\n<div class=\"wp-block-column is-layout-flow wp-block-column-is-layout-flow\">\n<h3 class=\"wp-block-heading has-text-align-center\">Kirleticiler<\/h3>\n\n\n\n<hr class=\"wp-block-separator has-css-opacity is-style-wide\"\/>\n\n\n\n<div class=\"wp-block-columns is-layout-flex wp-container-core-columns-is-layout-28f84493 wp-block-columns-is-layout-flex\">\n<div class=\"wp-block-column is-layout-flow wp-block-column-is-layout-flow\">\n<figure class=\"wp-block-image aligncenter size-large\"><img decoding=\"async\" width=\"70\" height=\"70\" src=\"https:\/\/obera.fr\/wp-content\/uploads\/2020\/08\/polluants-poussieres.jpg\" alt=\"Kirleticiler Toz\" class=\"wp-image-675\"\/><figcaption class=\"wp-element-caption\">Toz<\/figcaption><\/figure>\n\n\n\n<figure class=\"wp-block-image aligncenter size-large\"><img decoding=\"async\" width=\"70\" height=\"70\" src=\"https:\/\/obera.fr\/wp-content\/uploads\/2020\/08\/industrie-fumees.jpg\" alt=\"End\u00fcstri Duman\u0131\" class=\"wp-image-722\"\/><figcaption class=\"wp-element-caption\">Dumanlar<\/figcaption><\/figure>\n\n\n\n<figure class=\"wp-block-image aligncenter size-large\"><img decoding=\"async\" width=\"70\" height=\"70\" src=\"https:\/\/obera.fr\/wp-content\/uploads\/2020\/09\/cov.png\" alt=\"Cov\" class=\"wp-image-959\"\/><figcaption class=\"wp-element-caption\">VOCS<\/figcaption><\/figure>\n<\/div>\n\n\n\n<div class=\"wp-block-column is-layout-flow wp-block-column-is-layout-flow\">\n<figure class=\"wp-block-image aligncenter size-large\"><img decoding=\"async\" width=\"70\" height=\"70\" src=\"https:\/\/obera.fr\/wp-content\/uploads\/2020\/08\/polluants-copeaux-bois.jpg\" alt=\"Kirleticiler Odun yongalar\u0131\" class=\"wp-image-674\"\/><figcaption class=\"wp-element-caption\">Cips<\/figcaption><\/figure>\n\n\n\n<figure class=\"wp-block-image aligncenter size-large\"><img decoding=\"async\" width=\"70\" height=\"70\" src=\"https:\/\/obera.fr\/wp-content\/uploads\/2020\/08\/industrie-odeur.jpg\" alt=\"End\u00fcstri Kokusu\" class=\"wp-image-723\"\/><figcaption class=\"wp-element-caption\">Kokular<\/figcaption><\/figure>\n\n\n\n<figure class=\"wp-block-image aligncenter size-large\"><img decoding=\"async\" width=\"70\" height=\"70\" src=\"https:\/\/obera.fr\/wp-content\/uploads\/2020\/08\/industrie-brouillard-huile.jpg\" alt=\"End\u00fcstri Sis Ya\u011f\u0131\" class=\"wp-image-721\"\/><figcaption class=\"wp-element-caption\">Ya\u011f buhar\u0131<\/figcaption><\/figure>\n<\/div>\n<\/div>\n<\/div>\n\n\n\n<div class=\"wp-block-column is-layout-flow wp-block-column-is-layout-flow\">\n<h3 class=\"wp-block-heading has-text-align-center\">End\u00fcstriler<\/h3>\n\n\n\n<hr class=\"wp-block-separator has-css-opacity is-style-wide\"\/>\n\n\n\n<div class=\"wp-block-columns is-layout-flex wp-container-core-columns-is-layout-28f84493 wp-block-columns-is-layout-flex\">\n<div class=\"wp-block-column is-layout-flow wp-block-column-is-layout-flow\">\n<figure class=\"wp-block-image aligncenter size-large\"><img decoding=\"async\" width=\"70\" height=\"70\" src=\"https:\/\/obera.fr\/wp-content\/uploads\/2020\/08\/industrie-metallurgie.jpg\" alt=\"Metalurji end\u00fcstrisi\" class=\"wp-image-673\"\/><figcaption class=\"wp-element-caption\">Metalurji<\/figcaption><\/figure>\n\n\n\n<figure class=\"wp-block-image aligncenter size-large\"><img decoding=\"async\" width=\"70\" height=\"70\" src=\"https:\/\/obera.fr\/wp-content\/uploads\/2020\/08\/industrie-plastique.jpg\" alt=\"Plastik end\u00fcstrisi\" class=\"wp-image-669\"\/><figcaption class=\"wp-element-caption\">Plastikler<\/figcaption><\/figure>\n\n\n\n<figure class=\"wp-block-image aligncenter size-large\"><img decoding=\"async\" width=\"70\" height=\"70\" src=\"https:\/\/obera.fr\/wp-content\/uploads\/2020\/08\/industrie-chimie.jpg\" alt=\"Kimya end\u00fcstrisi\" class=\"wp-image-725\"\/><figcaption class=\"wp-element-caption\">Kimyasallar\/Petrokimyasallar<\/figcaption><\/figure>\n\n\n\n<figure class=\"wp-block-image aligncenter size-large\"><img decoding=\"async\" width=\"70\" height=\"70\" src=\"https:\/\/obera.fr\/wp-content\/uploads\/2020\/08\/industrie-dechets.jpg\" alt=\"End\u00fcstri At\u0131klar\u0131\" class=\"wp-image-726\"\/><figcaption class=\"wp-element-caption\">At\u0131k toplama ve ayr\u0131\u015ft\u0131rma<\/figcaption><\/figure>\n<\/div>\n\n\n\n<div class=\"wp-block-column is-layout-flow wp-block-column-is-layout-flow\">\n<figure class=\"wp-block-image aligncenter size-large\"><img decoding=\"async\" width=\"70\" height=\"70\" src=\"https:\/\/obera.fr\/wp-content\/uploads\/2020\/08\/industrie-bois.jpg\" alt=\"Ah\u015fap end\u00fcstrisi\" class=\"wp-image-672\"\/><figcaption class=\"wp-element-caption\">A\u011fa\u00e7 \u0130\u015fleri<\/figcaption><\/figure>\n\n\n\n<figure class=\"wp-block-image aligncenter size-large\"><img decoding=\"async\" width=\"70\" height=\"70\" src=\"https:\/\/obera.fr\/wp-content\/uploads\/2020\/08\/industrie-textile.jpg\" alt=\"Tekstil end\u00fcstrisi\" class=\"wp-image-671\"\/><figcaption class=\"wp-element-caption\">Tekstil<\/figcaption><\/figure>\n\n\n\n<figure class=\"wp-block-image aligncenter size-large\"><img decoding=\"async\" width=\"70\" height=\"70\" src=\"https:\/\/obera.fr\/wp-content\/uploads\/2020\/08\/industrie-minerai.jpg\" alt=\"Cevher end\u00fcstrisi\" class=\"wp-image-724\"\/><figcaption class=\"wp-element-caption\">Mineraller<\/figcaption><\/figure>\n\n\n\n<figure class=\"wp-block-image aligncenter size-large\"><img decoding=\"async\" width=\"70\" height=\"70\" src=\"https:\/\/obera.fr\/wp-content\/uploads\/2020\/08\/industrie-papier-carton.jpg\" alt=\"Ka\u011f\u0131t ve karton end\u00fcstrisi\" class=\"wp-image-670\"\/><figcaption class=\"wp-element-caption\">Ka\u011f\u0131t\/karton<\/figcaption><\/figure>\n<\/div>\n<\/div>\n<\/div>\n<\/div>\n\n\n\n<h3 class=\"wp-block-heading\">Se\u00e7enek olarak<\/h3>\n\n\n\n<div class=\"wp-block-columns is-layout-flex wp-container-core-columns-is-layout-28f84493 wp-block-columns-is-layout-flex\">\n<div class=\"wp-block-column is-layout-flow wp-block-column-is-layout-flow\">\n<figure class=\"wp-block-image aligncenter size-full is-resized\"><img decoding=\"async\" width=\"150\" height=\"150\" src=\"https:\/\/obera.fr\/wp-content\/uploads\/2022\/02\/ATEX.png\" alt=\"atex\" class=\"wp-image-8858\" style=\"width:108px;height:108px\"\/><figcaption class=\"wp-element-caption\">Atex<\/figcaption><\/figure>\n<\/div>\n\n\n\n<div class=\"wp-block-column is-layout-flow wp-block-column-is-layout-flow\">\n<figure class=\"wp-block-image aligncenter size-full is-resized\"><img decoding=\"async\" width=\"100\" height=\"100\" src=\"https:\/\/obera.fr\/wp-content\/uploads\/2020\/09\/lumiere-integree.jpg\" alt=\"Duman - toz\" class=\"wp-image-973\" style=\"width:105px;height:105px\"\/><figcaption class=\"wp-element-caption\">Entegre I\u015f\u0131k<\/figcaption><\/figure>\n<\/div>\n\n\n\n<div class=\"wp-block-column is-layout-flow wp-block-column-is-layout-flow\"><\/div>\n\n\n\n<div class=\"wp-block-column is-layout-flow wp-block-column-is-layout-flow\"><\/div>\n<\/div>\n\n\n\n<div class=\"wp-block-buttons is-horizontal is-content-justification-center is-layout-flex wp-container-core-buttons-is-layout-03627597 wp-block-buttons-is-layout-flex\">\n<div class=\"wp-block-button has-custom-width wp-block-button__width-100\"><a class=\"wp-block-button__link wp-element-button\" href=\"https:\/\/obera.fr\/tr\/bize-ulasin\/\">Daha fazla bilgi edin<\/a><\/div>\n<\/div>\n\n\n\n<hr class=\"wp-block-separator has-css-opacity is-style-dots\"\/>\n\n\n\n<h2 class=\"wp-block-heading\">OberA&#8217;n\u0131n di\u011fer emme ve toplama \u00fcr\u00fcnleri<\/h2>\n\n\n\n<div class=\"wp-block-columns is-layout-flex wp-container-core-columns-is-layout-28f84493 wp-block-columns-is-layout-flex\">\n<div class=\"wp-block-column is-layout-flow wp-block-column-is-layout-flow\">\n<figure class=\"wp-block-image aligncenter size-thumbnail\"><a href=\"https:\/\/obera.fr\/?page_id=489\"><img decoding=\"async\" width=\"150\" height=\"150\" src=\"https:\/\/obera.fr\/wp-content\/uploads\/2020\/10\/table-SF-150x150.png\" alt=\"Emme masalar\u0131\" class=\"wp-image-1179\" srcset=\"https:\/\/obera.fr\/wp-content\/uploads\/2020\/10\/table-SF-150x150.png 150w, https:\/\/obera.fr\/wp-content\/uploads\/2020\/10\/table-SF-300x300.png 300w, https:\/\/obera.fr\/wp-content\/uploads\/2020\/10\/table-SF.png 433w\" sizes=\"(max-width: 150px) 100vw, 150px\" \/><\/a><figcaption class=\"wp-element-caption\">Emme masalar\u0131<\/figcaption><\/figure>\n<\/div>\n\n\n\n<div class=\"wp-block-column is-layout-flow wp-block-column-is-layout-flow\">\n<figure class=\"wp-block-image aligncenter size-thumbnail\"><a href=\"https:\/\/obera.fr\/produits\/bras-dispositifs-captation\/bras-de-laboratoire\/\"><img decoding=\"async\" width=\"150\" height=\"150\" src=\"https:\/\/obera.fr\/wp-content\/uploads\/2020\/11\/22-bras-de-labo-150x150.jpg\" alt=\"Laboratuvar kollar\u0131\" class=\"wp-image-1662\" srcset=\"https:\/\/obera.fr\/wp-content\/uploads\/2020\/11\/22-bras-de-labo-150x150.jpg 150w, https:\/\/obera.fr\/wp-content\/uploads\/2020\/11\/22-bras-de-labo-300x300.jpg 300w, https:\/\/obera.fr\/wp-content\/uploads\/2020\/11\/22-bras-de-labo-1024x1024.jpg 1024w, https:\/\/obera.fr\/wp-content\/uploads\/2020\/11\/22-bras-de-labo-768x768.jpg 768w, https:\/\/obera.fr\/wp-content\/uploads\/2020\/11\/22-bras-de-labo.jpg 1500w\" sizes=\"(max-width: 150px) 100vw, 150px\" \/><\/a><figcaption class=\"wp-element-caption\">Laboratuvar kollar\u0131<\/figcaption><\/figure>\n<\/div>\n\n\n\n<div class=\"wp-block-column is-layout-flow wp-block-column-is-layout-flow\">\n<figure class=\"wp-block-image aligncenter size-thumbnail\"><a href=\"https:\/\/obera.fr\/produits\/bras-dispositifs-captation\/dosserets-aspirants\/\"><img decoding=\"async\" width=\"150\" height=\"150\" src=\"https:\/\/obera.fr\/wp-content\/uploads\/2020\/10\/Dosserets-oberA-150x150.png\" alt=\"Obera su s\u0131\u00e7ratma raflar\u0131\" class=\"wp-image-1174\"\/><\/a><figcaption class=\"wp-element-caption\">Emme backsplashler<\/figcaption><\/figure>\n<\/div>\n\n\n\n<div class=\"wp-block-column is-layout-flow wp-block-column-is-layout-flow\">\n<figure class=\"wp-block-image aligncenter size-thumbnail\"><a href=\"https:\/\/obera.fr\/produits\/bras-dispositifs-captation\/anneaux-de-pouyes\/\"><img decoding=\"async\" width=\"150\" height=\"150\" src=\"https:\/\/obera.fr\/wp-content\/uploads\/2022\/09\/Anneau-de-pouyes-2-150x150.jpg\" alt=\"pouyes y\u00fcz\u00fc\u011f\u00fc\" class=\"wp-image-14482\" srcset=\"https:\/\/obera.fr\/wp-content\/uploads\/2022\/09\/Anneau-de-pouyes-2-150x150.jpg 150w, https:\/\/obera.fr\/wp-content\/uploads\/2022\/09\/Anneau-de-pouyes-2-300x300.jpg 300w, https:\/\/obera.fr\/wp-content\/uploads\/2022\/09\/Anneau-de-pouyes-2.jpg 500w\" sizes=\"(max-width: 150px) 100vw, 150px\" \/><\/a><figcaption class=\"wp-element-caption\">Tavuk halkalar\u0131<\/figcaption><\/figure>\n<\/div>\n<\/div>\n\n\n\n<div class=\"wp-block-columns is-layout-flex wp-container-core-columns-is-layout-28f84493 wp-block-columns-is-layout-flex\">\n<div class=\"wp-block-column is-layout-flow wp-block-column-is-layout-flow\">\n<figure class=\"wp-block-image aligncenter size-thumbnail\"><a href=\"https:\/\/obera.fr\/produits\/bras-dispositifs-captation\/hotte-rectangulaire\/\"><img decoding=\"async\" width=\"150\" height=\"150\" src=\"https:\/\/obera.fr\/wp-content\/uploads\/2020\/10\/hotte-rectangulaire-150x150.png\" alt=\"Dikd\u00f6rtgen ba\u015fl\u0131k\" class=\"wp-image-1178\" srcset=\"https:\/\/obera.fr\/wp-content\/uploads\/2020\/10\/hotte-rectangulaire-150x150.png 150w, https:\/\/obera.fr\/wp-content\/uploads\/2020\/10\/hotte-rectangulaire.png 158w\" sizes=\"(max-width: 150px) 100vw, 150px\" \/><\/a><figcaption class=\"wp-element-caption\">End\u00fcstriyel dikd\u00f6rtgen \u00e7eker ocaklar<\/figcaption><\/figure>\n<\/div>\n\n\n\n<div class=\"wp-block-column is-layout-flow wp-block-column-is-layout-flow\">\n<figure class=\"wp-block-image aligncenter size-thumbnail\"><img decoding=\"async\" width=\"150\" height=\"150\" src=\"https:\/\/obera.fr\/wp-content\/uploads\/2024\/06\/hotte-de-captation-modulaire-600x600-1-150x150.png\" alt=\"mod\u00fcler \u00e7eker ocak 600x600 1\" class=\"wp-image-31479\" srcset=\"https:\/\/obera.fr\/wp-content\/uploads\/2024\/06\/hotte-de-captation-modulaire-600x600-1-150x150.png 150w, https:\/\/obera.fr\/wp-content\/uploads\/2024\/06\/hotte-de-captation-modulaire-600x600-1-300x300.png 300w, https:\/\/obera.fr\/wp-content\/uploads\/2024\/06\/hotte-de-captation-modulaire-600x600-1-1024x1024.png 1024w, https:\/\/obera.fr\/wp-content\/uploads\/2024\/06\/hotte-de-captation-modulaire-600x600-1-768x768.png 768w, https:\/\/obera.fr\/wp-content\/uploads\/2024\/06\/hotte-de-captation-modulaire-600x600-1.png 1280w\" sizes=\"(max-width: 150px) 100vw, 150px\" \/><figcaption class=\"wp-element-caption\">Mod\u00fcler davlumbazlar<\/figcaption><\/figure>\n<\/div>\n\n\n\n<div class=\"wp-block-column is-layout-flow wp-block-column-is-layout-flow\">\n<figure class=\"wp-block-image aligncenter size-full\"><a href=\"https:\/\/obera.fr\/produits\/bras-dispositifs-captation\/capot-industriel\/\"><img decoding=\"async\" width=\"150\" height=\"150\" src=\"https:\/\/obera.fr\/wp-content\/uploads\/2020\/10\/capots.png\" alt=\"Emme ba\u015fl\u0131klar\u0131\" class=\"wp-image-1173\"\/><\/a><figcaption class=\"wp-element-caption\">Emme ve toplama ba\u015fl\u0131\u011f\u0131<\/figcaption><\/figure>\n<\/div>\n\n\n\n<div class=\"wp-block-column is-layout-flow wp-block-column-is-layout-flow\"><\/div>\n<\/div>\n\n\n\n<p><\/p>\n","protected":false},"excerpt":{"rendered":"<p>Emme kollar\u0131 veya mafsall\u0131 kollar olarak da bilinen emme kollar\u0131, temiz ve g\u00fcvenli bir \u00e7al\u0131\u015fma ortam\u0131 olu\u015fturmak i\u00e7in end\u00fcstride ve ticarette \u00f6nemli bir toplama cihaz\u0131d\u0131r. Emi\u015f kollar\u0131 esnektir ve s\u0131kl\u0131kla emi\u015f sistemleri ile birlikte kullan\u0131l\u0131r. Emme sistemleri, emme kolu ve filtreler taraf\u0131ndan emilen partik\u00fclleri toplar. Emi\u015f kollar\u0131 ve emi\u015f sistemleri bir\u00e7ok sekt\u00f6rde vazge\u00e7ilmezdir ve hava kalitesini iyile\u015ftirmeye, \u00e7al\u0131\u015fanlar\u0131n sa\u011fl\u0131\u011f\u0131n\u0131 korumaya ve \u00fcretkenli\u011fi art\u0131rmaya yard\u0131mc\u0131 olur. Optimum sonu\u00e7lar elde etmek i\u00e7in, uygulaman\u0131n \u00f6zel gereksinimlerini kar\u015f\u0131layan bir emme kolu se\u00e7mek \u00f6nemlidir. ATEX patlamaya dayan\u0131kl\u0131, ESD uyumlu ve kimyasallara dayan\u0131kl\u0131 emi\u015f kollar\u0131 sunuyoruz. \u00dcr\u00fcn yelpazemizde FUMEX, ALSIDENT, ESTA ve GEOVENT \u00fcreticilerinin \u00fcr\u00fcnleri bulunmaktad\u0131r. &#8230; <\/p>\n<p class=\"read-more-container\"><a title=\"End\u00fcstriyel emi\u015f kollar\u0131\" class=\"read-more button\" href=\"https:\/\/obera.fr\/tr\/produits\/bras-dispositifs-captation\/bras-hotte-ovale-rectangulaire\/#more-51754\" aria-label=\"Read more about End\u00fcstriyel emi\u015f kollar\u0131\">Lire la suite<\/a><\/p>\n","protected":false},"author":4,"featured_media":83752,"parent":51010,"menu_order":0,"comment_status":"closed","ping_status":"closed","template":"","meta":{"_acf_changed":false,"_seopress_robots_primary_cat":"","_seopress_titles_title":"Oval ve dikd\u00f6rtgen davlumbazlar i\u00e7in aspirat\u00f6r kollar\u0131 - oberA","_seopress_titles_desc":"Emme kollar\u0131 toz, kaynak duman\u0131 ve kirleticileri i\u015fyerinde kayna\u011f\u0131nda yakalamak i\u00e7in idealdir.","_seopress_robots_index":"","footnotes":""},"class_list":{"0":"post-51754","1":"page","2":"type-page","3":"status-publish","4":"has-post-thumbnail","6":"no-featured-image-padding","7":"resize-featured-image"},"acf":[],"_links":{"self":[{"href":"https:\/\/obera.fr\/tr\/wp-json\/wp\/v2\/pages\/51754","targetHints":{"allow":["GET"]}}],"collection":[{"href":"https:\/\/obera.fr\/tr\/wp-json\/wp\/v2\/pages"}],"about":[{"href":"https:\/\/obera.fr\/tr\/wp-json\/wp\/v2\/types\/page"}],"author":[{"embeddable":true,"href":"https:\/\/obera.fr\/tr\/wp-json\/wp\/v2\/users\/4"}],"replies":[{"embeddable":true,"href":"https:\/\/obera.fr\/tr\/wp-json\/wp\/v2\/comments?post=51754"}],"version-history":[{"count":6,"href":"https:\/\/obera.fr\/tr\/wp-json\/wp\/v2\/pages\/51754\/revisions"}],"predecessor-version":[{"id":106360,"href":"https:\/\/obera.fr\/tr\/wp-json\/wp\/v2\/pages\/51754\/revisions\/106360"}],"up":[{"embeddable":true,"href":"https:\/\/obera.fr\/tr\/wp-json\/wp\/v2\/pages\/51010"}],"wp:featuredmedia":[{"embeddable":true,"href":"https:\/\/obera.fr\/tr\/wp-json\/wp\/v2\/media\/83752"}],"wp:attachment":[{"href":"https:\/\/obera.fr\/tr\/wp-json\/wp\/v2\/media?parent=51754"}],"curies":[{"name":"wp","href":"https:\/\/api.w.org\/{rel}","templated":true}]}}