{"id":51812,"date":"2020-08-26T12:54:59","date_gmt":"2020-08-26T10:54:59","guid":{"rendered":"https:\/\/obera.fr\/emme-masalari\/"},"modified":"2025-06-30T15:19:50","modified_gmt":"2025-06-30T13:19:50","slug":"tables-aspirantes","status":"publish","type":"page","link":"https:\/\/obera.fr\/tr\/produits\/tables-aspirantes\/","title":{"rendered":"Emme masalar\u0131"},"content":{"rendered":"\n<p>Par\u00e7alar veya malzemeler \u00fczerinde \u00e7al\u0131\u015fmak s\u00f6z konusu oldu\u011funda, temiz ve g\u00fcvenli bir \u00e7al\u0131\u015fma y\u00fczeyi \u015fartt\u0131r. <a href=\"https:\/\/obera.fr\/tr\/produits\/tables-aspirantes\/\" data-type=\"page\" data-id=\"489\">Vakum masalar\u0131<\/a>, end\u00fcstri profesyonelleri i\u00e7in pop\u00fcler bir se\u00e7imdir ve d\u00f6k\u00fcnt\u00fc ve tozu temizlemek i\u00e7in kaliteli bir \u00e7\u00f6z\u00fcm sunar. Burada, her biri belirli \u00f6zelliklere sahip \u00e7e\u015fitli vakum tablas\u0131 modelleri bulacaks\u0131n\u0131z.  <\/p>\n\n\n<h2 class=\"wp-block-heading\" id=\"a-quelles-utilisations-conviennent-elles\">Ba\u011flanabilir emi\u015f masalar\u0131 serimiz<\/h2>\n\n<div class=\"wp-block-columns is-layout-flex wp-container-core-columns-is-layout-28f84493 wp-block-columns-is-layout-flex\">\n<div class=\"wp-block-column is-layout-flow wp-block-column-is-layout-flow\">\n<h3 class=\"wp-block-heading has-text-align-center\">A &amp; AT end\u00fcstriyel vakum masas\u0131<\/h3>\n\n\n\n<figure class=\"wp-block-image aligncenter size-full is-resized\"><a href=\"https:\/\/obera.fr\/produits\/tables-aspirantes\/table-aspirante-a-at\/\"><img decoding=\"async\" width=\"1200\" height=\"1200\" src=\"https:\/\/obera.fr\/wp-content\/uploads\/2024\/04\/obera-tableaspirante-aat-2024.jpg.png\" alt=\"obera tableaspirante aat 2024.jpg\" class=\"wp-image-30206\" style=\"width:311px;height:auto\" srcset=\"https:\/\/obera.fr\/wp-content\/uploads\/2024\/04\/obera-tableaspirante-aat-2024.jpg.png 1200w, https:\/\/obera.fr\/wp-content\/uploads\/2024\/04\/obera-tableaspirante-aat-2024.jpg-300x300.png 300w, https:\/\/obera.fr\/wp-content\/uploads\/2024\/04\/obera-tableaspirante-aat-2024.jpg-1024x1024.png 1024w, https:\/\/obera.fr\/wp-content\/uploads\/2024\/04\/obera-tableaspirante-aat-2024.jpg-150x150.png 150w, https:\/\/obera.fr\/wp-content\/uploads\/2024\/04\/obera-tableaspirante-aat-2024.jpg-768x768.png 768w\" sizes=\"(max-width: 1200px) 100vw, 1200px\" \/><\/a><figcaption class=\"wp-element-caption\">Emme masas\u0131<\/figcaption><\/figure>\n\n\n\n<p><a href=\"https:\/\/obera.fr\/tr\/produits\/tables-aspirantes\/table-aspirante-a-at\/\" data-type=\"page\" data-id=\"15182\">End\u00fcstriyel emi\u015f mas<\/a>alar\u0131m\u0131z, z\u0131mparalama ve ta\u015flamadan kaynaklanan tozlar, kaynak dumanlar\u0131, buharlar, \u00e7\u00f6z\u00fcc\u00fcler ve i\u015f par\u00e7alar\u0131n\u0131n yap\u0131\u015ft\u0131r\u0131lmas\u0131 veya verniklenmesiyle olu\u015fan u\u00e7ucu organik bile\u015fiklerle ba\u015fa \u00e7\u0131kmak i\u00e7in tasarlanm\u0131\u015ft\u0131r. Emi\u015f masalar\u0131m\u0131z, operat\u00f6r i\u00e7in sa\u011fl\u0131kl\u0131 hava sunan ger\u00e7ek i\u015f istasyonlar\u0131d\u0131r.   <\/p>\n<\/div>\n\n\n\n<div class=\"wp-block-column is-layout-flow wp-block-column-is-layout-flow\">\n<h3 class=\"wp-block-heading has-text-align-center\">360\u00b0 d\u00f6nebilen vakum tablas\u0131<\/h3>\n\n\n\n<figure class=\"wp-block-image aligncenter size-full is-resized\"><a href=\"https:\/\/obera.fr\/produits\/tables-aspirantes\/table-rotative-360\/\"><img decoding=\"async\" width=\"1200\" height=\"1200\" src=\"https:\/\/obera.fr\/wp-content\/uploads\/2025\/01\/image-table-aspirante-rotative.jpg\" alt=\"\" class=\"wp-image-57698\" style=\"width:307px;height:auto\" srcset=\"https:\/\/obera.fr\/wp-content\/uploads\/2025\/01\/image-table-aspirante-rotative.jpg 1200w, https:\/\/obera.fr\/wp-content\/uploads\/2025\/01\/image-table-aspirante-rotative-300x300.jpg 300w, https:\/\/obera.fr\/wp-content\/uploads\/2025\/01\/image-table-aspirante-rotative-1024x1024.jpg 1024w, https:\/\/obera.fr\/wp-content\/uploads\/2025\/01\/image-table-aspirante-rotative-150x150.jpg 150w, https:\/\/obera.fr\/wp-content\/uploads\/2025\/01\/image-table-aspirante-rotative-768x768.jpg 768w, https:\/\/obera.fr\/wp-content\/uploads\/2025\/01\/image-table-aspirante-rotative-400x400.jpg 400w, https:\/\/obera.fr\/wp-content\/uploads\/2025\/01\/image-table-aspirante-rotative-600x600.jpg 600w\" sizes=\"(max-width: 1200px) 100vw, 1200px\" \/><\/a><figcaption class=\"wp-element-caption\">360\u00b0 d\u00f6nebilen emi\u015f tablas\u0131<\/figcaption><\/figure>\n\n\n\n<p><a href=\"https:\/\/obera.fr\/tr\/produits\/tables-aspirantes\/table-rotative-360\/\" data-type=\"page\" data-id=\"4950\">360\u00b0 d\u00f6nebilen emi\u015f tablas\u0131<\/a>, \u00f6zellikle mekanik ve termal ay\u0131rma i\u015flemleri i\u00e7in uygundur. Tablan\u0131n d\u00f6nmesi, kullan\u0131c\u0131lara i\u015f par\u00e7as\u0131n\u0131n etraf\u0131nda tam bir \u00f6zg\u00fcrl\u00fck ve eri\u015fim sa\u011flar. <\/p>\n\n\n\n<p>Bu emi\u015f tablas\u0131, ayarlanabilir y\u00fcksekli\u011fi, 360\u00b0 d\u00f6n\u00fc\u015f\u00fc ve i\u015fleme s\u00fcrecinde a\u00e7\u0131\u011fa \u00e7\u0131kan kirleticileri emmesi sayesinde kullan\u0131c\u0131 konforu ve g\u00fcvenli\u011fi sunar.<\/p>\n<\/div>\n<\/div>\n\n<h2 class=\"wp-block-heading\" id=\"a-quelles-utilisations-conviennent-elles\">Serbest duran vakum masas\u0131 serimiz<\/h2>\n\n<div class=\"wp-block-columns is-layout-flex wp-container-core-columns-is-layout-28f84493 wp-block-columns-is-layout-flex\">\n<div class=\"wp-block-column is-layout-flow wp-block-column-is-layout-flow\">\n<h3 class=\"wp-block-heading has-text-align-center\">ePURBox ATEX tablosu<\/h3>\n\n\n\n<figure class=\"wp-block-image aligncenter size-large is-resized\"><a href=\"https:\/\/obera.fr\/produits\/caissons-mobiles-aspiration\/epurbox-atex\/\"><img decoding=\"async\" width=\"1024\" height=\"1024\" src=\"https:\/\/obera.fr\/wp-content\/uploads\/2024\/05\/epurbox-tsp-1024x1024.png\" alt=\"epurbox tsp\" class=\"wp-image-30348\" style=\"width:314px;height:auto\" srcset=\"https:\/\/obera.fr\/wp-content\/uploads\/2024\/05\/epurbox-tsp-1024x1024.png 1024w, https:\/\/obera.fr\/wp-content\/uploads\/2024\/05\/epurbox-tsp-300x300.png 300w, https:\/\/obera.fr\/wp-content\/uploads\/2024\/05\/epurbox-tsp-150x150.png 150w, https:\/\/obera.fr\/wp-content\/uploads\/2024\/05\/epurbox-tsp-768x768.png 768w, https:\/\/obera.fr\/wp-content\/uploads\/2024\/05\/epurbox-tsp.png 1200w\" sizes=\"(max-width: 1024px) 100vw, 1024px\" \/><\/a><figcaption class=\"wp-element-caption\">ePURBOX ATEX<\/figcaption><\/figure>\n\n\n\n<p><a href=\"https:\/\/obera.fr\/produits\/caissons-mobiles-aspiration\/epurbox-atex\/\">ePURBox ATEX mobil masa<\/a>, \u00f6zellikle duman ve kuru tozlar\u0131n emilmesi ve ar\u0131t\u0131lmas\u0131 i\u00e7in uygundur. Hareket kabiliyeti ve s\u00fcrekli \u00e7al\u0131\u015fmaya uyum sa\u011flamas\u0131, operat\u00f6rlerinize ger\u00e7ek bir \u00e7al\u0131\u015fma konforu sunar. <\/p>\n<\/div>\n\n\n\n<div class=\"wp-block-column is-layout-flow wp-block-column-is-layout-flow\">\n<h3 class=\"wp-block-heading has-text-align-center wp-block-column\">Ba\u011f\u0131ms\u0131z emi\u015f masas\u0131<\/h3>\n\n\n\n<figure class=\"wp-block-image aligncenter size-full is-resized\"><a href=\"https:\/\/obera.fr\/produits\/tables-aspirantes\/table-autonome\/\"><img decoding=\"async\" width=\"1200\" height=\"1200\" src=\"https:\/\/obera.fr\/wp-content\/uploads\/2024\/04\/obera-tableaspirante-autonome-2024.jpg.png\" alt=\"obera tableaspirante autonome 2024.jpg\" class=\"wp-image-30210\" style=\"width:309px;height:auto\" srcset=\"https:\/\/obera.fr\/wp-content\/uploads\/2024\/04\/obera-tableaspirante-autonome-2024.jpg.png 1200w, https:\/\/obera.fr\/wp-content\/uploads\/2024\/04\/obera-tableaspirante-autonome-2024.jpg-300x300.png 300w, https:\/\/obera.fr\/wp-content\/uploads\/2024\/04\/obera-tableaspirante-autonome-2024.jpg-1024x1024.png 1024w, https:\/\/obera.fr\/wp-content\/uploads\/2024\/04\/obera-tableaspirante-autonome-2024.jpg-150x150.png 150w, https:\/\/obera.fr\/wp-content\/uploads\/2024\/04\/obera-tableaspirante-autonome-2024.jpg-768x768.png 768w\" sizes=\"(max-width: 1200px) 100vw, 1200px\" \/><\/a><figcaption class=\"wp-element-caption\">Ba\u011f\u0131ms\u0131z tablolar<\/figcaption><\/figure>\n\n\n\n<p><a href=\"https:\/\/obera.fr\/tr\/produits\/tables-aspirantes\/table-autonome\/\" data-type=\"page\" data-id=\"12846\">OberA&#8217;n\u0131n ba\u011f\u0131ms\u0131z emme masalar\u0131<\/a>, kirletici emme ve filtreleme sistemi ile donat\u0131lm\u0131\u015f ger\u00e7ek \u00e7al\u0131\u015fma alanlar\u0131d\u0131r. Bu, z\u0131mparalama, kaynak, yap\u0131\u015ft\u0131rma ve di\u011fer i\u015flemler s\u0131ras\u0131nda operat\u00f6rler i\u00e7in maksimum koruma anlam\u0131na gelir. <\/p>\n<\/div>\n<\/div>\n\n<div class=\"wp-block-columns is-layout-flex wp-container-core-columns-is-layout-28f84493 wp-block-columns-is-layout-flex\">\n<div class=\"wp-block-column is-layout-flow wp-block-column-is-layout-flow\">\n<h3 class=\"wp-block-heading has-text-align-center\">Clearbox<\/h3>\n\n\n\n<figure class=\"wp-block-image aligncenter size-full is-resized\"><a href=\"https:\/\/obera.fr\/produits\/caissons-mobiles-aspiration\/clearbox\/\"><img decoding=\"async\" width=\"534\" height=\"475\" src=\"https:\/\/obera.fr\/wp-content\/uploads\/2025\/06\/clearbox.png\" alt=\"clearbox\" class=\"wp-image-109012\" style=\"width:334px;height:auto\" srcset=\"https:\/\/obera.fr\/wp-content\/uploads\/2025\/06\/clearbox.png 534w, https:\/\/obera.fr\/wp-content\/uploads\/2025\/06\/clearbox-300x267.png 300w\" sizes=\"(max-width: 534px) 100vw, 534px\" \/><\/a><figcaption class=\"wp-element-caption\">Clearbox<\/figcaption><\/figure>\n\n\n\n<p><a href=\"https:\/\/obera.fr\/tr\/produits\/caissons-mobiles-aspiration\/clearbox\/\">Clearbox<\/a>, <strong>Fransa&#8217;da \u00fcretilen<\/strong>, 5 y\u0131l garantili ve y\u00fcksek performansl\u0131 ak\u0131\u015f h\u0131z\u0131na sahip <strong>mobil<\/strong> bir <strong>ekstraksiyon \u00fcnitesidir<\/strong>. U\u00e7ucu organik bile\u015fikleri (VOC), gazlar\u0131, kokular\u0131, solventleri, tozlar\u0131 ve dumanlar\u0131 ar\u0131tmak i\u00e7in \u00f6zel olarak tasarlanm\u0131\u015ft\u0131r. <\/p>\n<\/div>\n<\/div>\n\n<div class=\"wp-block-buttons is-horizontal is-content-justification-center is-layout-flex wp-container-core-buttons-is-layout-03627597 wp-block-buttons-is-layout-flex\">\n<div class=\"wp-block-button has-custom-width wp-block-button__width-100\"><a class=\"wp-block-button__link wp-element-button\" href=\"https:\/\/obera.fr\/tr\/bize-ulasin\/\">Daha fazla bilgi edin<\/a><\/div>\n<\/div>\n\n<p><\/p>\n\n<p>Sonu\u00e7 olarak, end\u00fcstri profesyonellerinin ihtiya\u00e7lar\u0131n\u0131 kar\u015f\u0131lamak i\u00e7in geni\u015f bir vakum masas\u0131 yelpazesi sunuyoruz. Her model, her uygulamaya \u00f6zel bir \u00e7\u00f6z\u00fcm sunmak i\u00e7in benzersiz \u00f6zelliklere sahiptir. Bu nedenle, \u00e7al\u0131\u015fma y\u00fczeyiniz i\u00e7in nihai bir se\u00e7im yapmadan \u00f6nce her bir se\u00e7ene\u011fi dikkatlice de\u011ferlendirmeniz \u00f6nemlidir.  <\/p>\n\n<p><\/p>\n\n<h2 class=\"wp-block-heading\">Emme masas\u0131 nedir?<\/h2>\n\n<p>Vakum masas\u0131, \u00e7e\u015fitli end\u00fcstriyel sekt\u00f6rlerde temiz ve g\u00fcvenli bir \u00e7al\u0131\u015fma ortam\u0131 sa\u011flamak i\u00e7in \u00e7ok \u00f6nemli bir cihazd\u0131r. Bu masalar <strong>toz<\/strong>, duman, kimyasal buharlar ve di\u011fer zararl\u0131 partik\u00fcller <strong>gibi kirleticileri<\/strong> emisyon noktas\u0131nda, yani <strong>kirleticilerin<\/strong> \u00fcretim s\u00fcre\u00e7leri s\u0131ras\u0131nda olu\u015ftu\u011fu yerde etkili bir \u015fekilde yakalamak i\u00e7in \u00f6zel olarak tasarlanm\u0131\u015ft\u0131r. <\/p>\n\n<p><strong><mark style=\"background-color:rgba(0, 0, 0, 0)\" class=\"has-inline-color has-global-color-8-color\">\u00c7e\u015fitli end\u00fcstriyel sekt\u00f6rlerde kullan\u0131m<\/mark><\/strong> \u00d6rne\u011fin metal i\u015fleme end\u00fcstrisinde emme masalar\u0131, <strong>toksik metal dumanlar\u0131n\u0131<\/strong> yakalad\u0131klar\u0131 kaynak i\u015flemleri s\u0131ras\u0131nda vazge\u00e7ilmezdir. Kimya end\u00fcstrisinde, solventler veya u\u00e7ucu kimyasallarla \u00e7al\u0131\u015f\u0131rken tehlikeli buhar emisyonlar\u0131n\u0131 y\u00f6netmek i\u00e7in kullan\u0131l\u0131rlar. Elektronik bile\u015fen \u00fcreticileri de par\u00e7alar\u0131n ince partik\u00fcllerle kirlenmesini \u00f6nlemek i\u00e7in bunlar\u0131 kullan\u0131r.  <\/p>\n\n<p><strong><mark style=\"background-color:rgba(0, 0, 0, 0)\" class=\"has-inline-color has-global-color-8-color\">Geli\u015fmi\u015f \u00e7al\u0131\u015fma<\/mark><\/strong> Masalar, kirleticileri do\u011frudan kayna\u011f\u0131nda emen \u0131zgaralar veya delikli y\u00fczeylerle donat\u0131lm\u0131\u015ft\u0131r. Bu y\u00fczeylerin alt\u0131nda, fanlar ve filtrelerden olu\u015fan karma\u015f\u0131k bir sistem i\u00e7eri \u00e7ekilen havay\u0131 i\u015fler. <strong>Filtreleme teknolojileri<\/strong> de\u011fi\u015febilir, ancak genellikle ince partik\u00fcller i\u00e7in HEPA filtreleri ve gazlar ve buharlar i\u00e7in aktif karbon filtreleri i\u00e7erir.  <\/p>\n\n<p><strong><mark style=\"background-color:rgba(0, 0, 0, 0)\" class=\"has-inline-color has-global-color-8-color\">Mod\u00fcler tasar\u0131m ve malzemeler<\/mark><\/strong> Genellikle <strong>galvanizli \u00e7elik gibi sa\u011flam malzemelerden<\/strong> \u00fcretilen bu masalar, zorlu end\u00fcstriyel ortamlarda yo\u011fun kullan\u0131ma dayanacak \u015fekilde tasarlanm\u0131\u015ft\u0131r. Hassas ortamlar i\u00e7in anti-statik koruma veya farkl\u0131 hava i\u015fleme ihtiya\u00e7lar\u0131n\u0131 kar\u015f\u0131lamak i\u00e7in <strong>ayarlanabilir hava egzoz sistemleri<\/strong> gibi eklentiler dahil olmak \u00fczere boyut ve i\u015flevsellik a\u00e7\u0131s\u0131ndan \u00f6zelle\u015ftirilebilirler. <\/p>\n\n<p><strong><mark style=\"background-color:rgba(0, 0, 0, 0)\" class=\"has-inline-color has-global-color-8-color\">Uyumluluk ve g\u00fcvenlik avantajlar\u0131<\/mark><\/strong> Emme masalar\u0131n\u0131n kullan\u0131m\u0131, \u015firketlerin kat\u0131 hava kalitesi ve i\u015fyeri g\u00fcvenli\u011fi y\u00f6netmeliklerine uymalar\u0131na yard\u0131mc\u0131 olur. \u00c7al\u0131\u015fanlar\u0131n potansiyel olarak tehlikeli maddelere maruz kalmas\u0131n\u0131 azaltarak<strong> mesleki hastal\u0131k riskini<\/strong> en aza indirmeye \u00f6nemli bir katk\u0131 sa\u011flarlar. <\/p>\n\n<p>Bu nedenle bu masalar sadece operat\u00f6rlerin sa\u011fl\u0131\u011f\u0131n\u0131 korumak i\u00e7in de\u011fil, ayn\u0131 zamanda<strong> laboratuvarlar<\/strong> ve \u00fcretim at\u00f6lyeleri<strong> gibi ortamlarda<\/strong> \u00e7apraz kontaminasyonu \u00f6nleyerek bitmi\u015f \u00fcr\u00fcnlerin safl\u0131\u011f\u0131n\u0131 korumak i\u00e7in de gereklidir.<\/p>\n\n<h2 class=\"wp-block-heading\">Emme masalar\u0131 nas\u0131l \u00e7al\u0131\u015f\u0131r?<\/h2>\n\n<p>Vakum masalar\u0131n\u0131n \u00e7al\u0131\u015fmas\u0131, <strong>bir\u00e7ok end\u00fcstriyel sekt\u00f6rde<\/strong> temiz ve g\u00fcvenli bir \u00e7al\u0131\u015fma ortam\u0131n\u0131n sa\u011flanmas\u0131nda kilit bir s\u00fcre\u00e7tir. \u0130\u015fte nas\u0131l \u00e7al\u0131\u015ft\u0131klar\u0131na dair ayr\u0131nt\u0131l\u0131 bir a\u00e7\u0131klama. <\/p>\n\n<h3 class=\"wp-block-heading\">Kirleticilerin yakalanmas\u0131 :<\/h3>\n\n<ul class=\"wp-block-list\">\n<li><strong>A\u00e7\u0131kl\u0131klar\u0131n stratejik yerle\u015fimi<\/strong>: Vakum masalar\u0131, kirli havan\u0131n yakaland\u0131\u011f\u0131 delikli \u00e7al\u0131\u015fma y\u00fczeyleri veya entegre \u0131zgaralarla donat\u0131lm\u0131\u015ft\u0131r. Bu a\u00e7\u0131kl\u0131klar, partik\u00fclleri, dumanlar\u0131 ve buharlar\u0131 devam eden prosesler taraf\u0131ndan yay\u0131ld\u0131klar\u0131 anda yakalamak i\u00e7in dikkatlice yerle\u015ftirilmi\u015ftir. <\/li>\n\n\n\n<li>Yakalama <strong>verimlili\u011fi<\/strong>: Bu yakalaman\u0131n verimlili\u011fi, yakalama b\u00f6lgelerini kirleticilerin sal\u0131nmas\u0131 en muhtemel noktalarla hizalamas\u0131 gereken tablonun tasar\u0131m\u0131na ba\u011fl\u0131d\u0131r.<\/li>\n<\/ul>\n\n<h3 class=\"wp-block-heading\">Filtrasyon sistemi :<\/h3>\n\n<div class=\"wp-block-columns is-layout-flex wp-container-core-columns-is-layout-28f84493 wp-block-columns-is-layout-flex\">\n<div class=\"wp-block-column is-layout-flow wp-block-column-is-layout-flow\" style=\"flex-basis:66.66%\">\n<ul class=\"wp-block-list\">\n<li><strong>Kullan\u0131lan filtre t\u00fcrleri<\/strong>: Emme masalar\u0131, kat\u0131 partik\u00fclleri yakalamak i\u00e7in mekanik filtrelerin ve kimyasal buharlar\u0131 ve kokular\u0131 adsorbe etmek i\u00e7in aktif karbon filtrelerin veya di\u011fer filtre ortamlar\u0131n\u0131n bir kombinasyonunu kullan\u0131r.<\/li>\n\n\n\n<li><strong>Filtreleme i\u015flemi<\/strong>: Emilen hava, zararl\u0131 partik\u00fcllerin ve gazlar\u0131n giderildi\u011fi bu filtrelerden ge\u00e7er. Bu s\u00fcre\u00e7, operat\u00f6rlerin sa\u011fl\u0131\u011f\u0131n\u0131 korumak ve \u00e7evre d\u00fczenlemelerine uyumu s\u00fcrd\u00fcrmek i\u00e7in \u00e7ok \u00f6nemlidir. <\/li>\n<\/ul>\n<\/div>\n\n\n\n<div class=\"wp-block-column is-layout-flow wp-block-column-is-layout-flow\" style=\"flex-basis:33.33%\">\n<figure class=\"wp-block-image aligncenter size-large is-resized\"><img decoding=\"async\" width=\"1024\" height=\"1024\" src=\"https:\/\/obera.fr\/wp-content\/uploads\/2025\/05\/design-sans-titre-3-1024x1024.png\" alt=\"isimsiz tasar&#x131;m (3)\" class=\"wp-image-101664\" style=\"width:165px;height:auto\" srcset=\"https:\/\/obera.fr\/wp-content\/uploads\/2025\/05\/design-sans-titre-3-1024x1024.png 1024w, https:\/\/obera.fr\/wp-content\/uploads\/2025\/05\/design-sans-titre-3-300x300.png 300w, https:\/\/obera.fr\/wp-content\/uploads\/2025\/05\/design-sans-titre-3-150x150.png 150w, https:\/\/obera.fr\/wp-content\/uploads\/2025\/05\/design-sans-titre-3-768x768.png 768w, https:\/\/obera.fr\/wp-content\/uploads\/2025\/05\/design-sans-titre-3.png 1200w\" sizes=\"(max-width: 1024px) 100vw, 1024px\" \/><\/figure>\n<\/div>\n<\/div>\n\n<h3 class=\"wp-block-heading\">Ar\u0131t\u0131lm\u0131\u015f havan\u0131n tahliyesi :<\/h3>\n\n<ul class=\"wp-block-list\">\n<li>Devridaim <strong>veya egzoz<\/strong>: Hava ar\u0131t\u0131ld\u0131ktan sonra, s\u0131cakl\u0131k ve hava kalitesinin kontrol edildi\u011fi ortamlarda yayg\u0131n olan at\u00f6lye i\u00e7inde devridaim yap\u0131labilir veya \u00f6zellikle kirleticilerin basit\u00e7e filtrelenemeyecek ve devridaim yap\u0131lamayacak kadar tehlikeli oldu\u011fu durumlarda d\u0131\u015far\u0131ya egzoz edilebilir.<\/li>\n\n\n\n<li><strong>Egzoz sistemleri<\/strong>: Egzoz sistemleri, kirletici emisyonlara ili\u015fkin \u00e7evre standartlar\u0131n\u0131n kar\u015f\u0131lanmas\u0131n\u0131 sa\u011flarken enerji kay\u0131plar\u0131n\u0131 en aza indirecek \u015fekilde tasarlanm\u0131\u015ft\u0131r.<\/li>\n<\/ul>\n\n<h2 class=\"wp-block-heading\">Farkl\u0131 tipte emme masalar\u0131<\/h2>\n\n<p>Emme masalar\u0131, farkl\u0131 end\u00fcstriyel ortamlar\u0131n \u00f6zel ihtiya\u00e7lar\u0131na g\u00f6re uyarlanm\u0131\u015f, her biri g\u00fcvenli\u011fi ve operasyonel verimlili\u011fi optimize etmek i\u00e7in <strong>benzersiz \u00f6zellikler sunan<\/strong> bir dizi versiyona sahiptir.<\/p>\n\n<h3 class=\"wp-block-heading\">End\u00fcstriyel vakum masas\u0131<\/h3>\n\n<p>Kaynak, ta\u015flama veya z\u0131mparalama gibi zorlu uygulamalar i\u00e7in tasarlanan bu masa son derece sa\u011flamd\u0131r ve<strong> b\u00fcy\u00fck i\u015f par\u00e7alar\u0131n\u0131 bar\u0131nd\u0131racak kadar b\u00fcy\u00fck<\/strong> olabilir. Bu masalar genellikle b\u00fcy\u00fck hacimli kirleticileri etkili bir \u015fekilde y\u00f6netmek i\u00e7in g\u00fc\u00e7l\u00fc havaland\u0131rma sistemleriyle donat\u0131lm\u0131\u015ft\u0131r. <\/p>\n\n<h3 class=\"wp-block-heading\">360\u00b0 d\u00f6nebilen emi\u015f tablas\u0131<\/h3>\n\n<p>Bu tabla \u00f6zellikle i\u015f par\u00e7as\u0131 etraf\u0131nda tam eri\u015filebilirlik gerektiren i\u015fler i\u00e7in \u00e7ok uygundur. Tablan\u0131n tamamen <strong>d\u00f6nebilme \u00f6zelli\u011fi<\/strong> esnekli\u011fi art\u0131r\u0131r ve malzemelerin ta\u015f\u0131nmas\u0131n\u0131 kolayla\u015ft\u0131r\u0131r, bu da \u00f6zellikle karma\u015f\u0131k veya hassas i\u015fler i\u00e7in i\u015f verimlili\u011fini \u00f6nemli \u00f6l\u00e7\u00fcde art\u0131r\u0131r. <\/p>\n\n<h3 class=\"wp-block-heading\">Mobil emi\u015f masas\u0131<\/h3>\n\n<p><strong>\u00c7al\u0131\u015fma konfig\u00fcrasyonlar\u0131n\u0131n <\/strong>d\u00fczenli olarak de\u011fi\u015fti\u011fi at\u00f6lyeler i\u00e7in ideal olan mobil vakum masas\u0131, kolayca hareket ettirilebilecek \u015fekilde tasarlanm\u0131\u015ft\u0131r. Bu hareket kabiliyeti, temizlik ve bak\u0131m i\u015flemlerini kolayla\u015ft\u0131rmak i\u00e7in farkl\u0131 i\u015f istasyonlar\u0131na h\u0131zla uyarlanabilece\u011fi veya yeniden konumland\u0131r\u0131labilece\u011fi anlam\u0131na gelir. <\/p>\n\n<p>Her bir emi\u015f masas\u0131 tipi, <strong>end\u00fcstriyel ortamlardaki belirli zorluklar\u0131n<\/strong> \u00fcstesinden gelmek i\u00e7in tasarlanm\u0131\u015ft\u0131r ve g\u00fcvenlik ve verimlili\u011fin t\u00fcm y\u00f6nlerinin dikkate al\u0131nmas\u0131n\u0131 sa\u011flar. Bu cihazlar, temiz ve g\u00fcvenli bir \u00e7al\u0131\u015fma ortam\u0131 sa\u011flamak, \u00e7al\u0131\u015fanlar\u0131n zararl\u0131 maddelere maruz kalmas\u0131n\u0131 en aza indirmek ve \u00fcretim tesislerindeki genel hava kalitesini iyile\u015ftirmek i\u00e7in gereklidir. <\/p>\n\n<h2 class=\"wp-block-heading\">Emme masan\u0131z\u0131 nas\u0131l se\u00e7ersiniz?<\/h2>\n\n<p>Vakum masas\u0131 se\u00e7erken, ekipman\u0131n <strong>\u00e7al\u0131\u015fma ortam\u0131n\u0131z\u0131n \u00f6zel ihtiya\u00e7lar\u0131n\u0131<\/strong> etkili bir \u015fekilde kar\u015f\u0131lamas\u0131n\u0131 sa\u011flamak i\u00e7in bir dizi fakt\u00f6r\u00fcn dikkate al\u0131nmas\u0131 gerekir. \u0130\u015fte se\u00e7iminizde size yol g\u00f6sterecek baz\u0131 ayr\u0131nt\u0131l\u0131 unsurlar: <\/p>\n\n<h3 class=\"wp-block-heading\">\u00d6zel ihtiya\u00e7lar\u0131n de\u011ferlendirilmesi<\/h3>\n\n<div class=\"wp-block-columns is-layout-flex wp-container-core-columns-is-layout-28f84493 wp-block-columns-is-layout-flex\">\n<div class=\"wp-block-column is-layout-flow wp-block-column-is-layout-flow\" style=\"flex-basis:66.66%\">\n<p><strong> Vakum masas\u0131 <\/strong>se\u00e7imi, \u00e7al\u0131\u015fma ortam\u0131n\u0131zda bulunan kirleticilerin dikkatli bir \u015fekilde analiz edilmesiyle ba\u015flamal\u0131d\u0131r. Esas olarak toz, duman, kimyasal buharlar veya ince partik\u00fcllerle mi u\u011fra\u015ft\u0131\u011f\u0131n\u0131z\u0131 belirleyin. <\/p>\n\n\n\n<ul class=\"wp-block-list\">\n<li><strong>Kirleticilerin do\u011fas\u0131<\/strong>: Her kirletici t\u00fcr\u00fc, \u00e7ok ince partik\u00fcller i\u00e7in HEPA filtreler veya kimyasal buharlar i\u00e7in aktif karbon filtreler gibi \u00f6zel bir filtreleme sistemi gerektirebilir.<\/li>\n\n\n\n<li><strong>Maruz kalma yo\u011funlu\u011fu<\/strong>: Gerekli emme kapasitesini belirlemek i\u00e7in emisyonlar\u0131n s\u0131kl\u0131\u011f\u0131n\u0131 ve miktar\u0131n\u0131 de\u011ferlendirin. Daha y\u00fcksek maruziyet daha sa\u011flam ve etkili bir \u00e7\u00f6z\u00fcm gerektirecektir. <\/li>\n<\/ul>\n<\/div>\n\n\n\n<div class=\"wp-block-column is-layout-flow wp-block-column-is-layout-flow\" style=\"flex-basis:33.33%\">\n<figure class=\"wp-block-image aligncenter size-large is-resized\"><img decoding=\"async\" width=\"1024\" height=\"1024\" src=\"https:\/\/obera.fr\/wp-content\/uploads\/2025\/03\/conseil-raf-1024x1024.png\" alt=\"Se&#xE7;im\" class=\"wp-image-77456\" style=\"width:189px;height:auto\" srcset=\"https:\/\/obera.fr\/wp-content\/uploads\/2025\/03\/conseil-raf-1024x1024.png 1024w, https:\/\/obera.fr\/wp-content\/uploads\/2025\/03\/conseil-raf-300x300.png 300w, https:\/\/obera.fr\/wp-content\/uploads\/2025\/03\/conseil-raf-150x150.png 150w, https:\/\/obera.fr\/wp-content\/uploads\/2025\/03\/conseil-raf-768x768.png 768w, https:\/\/obera.fr\/wp-content\/uploads\/2025\/03\/conseil-raf.png 1200w\" sizes=\"(max-width: 1024px) 100vw, 1024px\" \/><\/figure>\n<\/div>\n<\/div>\n\n<h3 class=\"wp-block-heading\">Boyut ve \u00e7al\u0131\u015fma alan\u0131<\/h3>\n\n<p><strong> Emme tablas\u0131n\u0131n boyutu<\/strong> hem at\u00f6lyenizdeki mevcut alana hem de i\u015fledi\u011finiz par\u00e7alar\u0131n boyutuna uygun olmal\u0131d\u0131r.<\/p>\n\n<ul class=\"wp-block-list\">\n<li><strong>Alana uyum<\/strong> sa\u011flama: Sirk\u00fclasyon yollar\u0131n\u0131 veya di\u011fer ekipmanlara eri\u015fimi engellemeden s\u0131\u011fmas\u0131n\u0131 sa\u011flamak i\u00e7in masan\u0131n kurulaca\u011f\u0131 alan\u0131 \u00f6l\u00e7\u00fcn.<\/li>\n\n\n\n<li>\u0130\u015f par\u00e7alar\u0131n\u0131n <strong>boyutu<\/strong>: \u0130\u015flenmekte olan i\u015f par\u00e7alar\u0131n\u0131 destekleyecek kadar b\u00fcy\u00fck, ancak \u00e7al\u0131\u015fma alan\u0131n\u0131n verimsiz kullan\u0131m\u0131n\u0131 \u00f6nlemek i\u00e7in \u00e7ok hantal olmayan bir masa se\u00e7in.<\/li>\n<\/ul>\n\n<h3 class=\"wp-block-heading\">Ek fonksiyonlar<\/h3>\n\n<p><strong>Ek fonksiyonlar<\/strong> vakum masan\u0131z\u0131n verimlili\u011fini ve kullan\u0131m kolayl\u0131\u011f\u0131n\u0131 b\u00fcy\u00fck \u00f6l\u00e7\u00fcde art\u0131rabilir.<\/p>\n\n<ul class=\"wp-block-list\">\n<li><strong>Ergonomik ayarlar<\/strong>: Farkl\u0131 kullan\u0131c\u0131lara uyacak ve uzun s\u00fcreli i\u015flemler s\u0131ras\u0131nda yorgunlu\u011fu \u00f6nleyecek ayarlanabilir y\u00fckseklik gibi se\u00e7eneklere dikkat edin.<\/li>\n\n\n\n<li><strong>Entegre aksesuarlar<\/strong>: \u00c7al\u0131\u015fmay\u0131 daha g\u00fcvenli ve daha rahat hale getirebilecek ek ekipmanlar i\u00e7in entegre ayd\u0131nlatma, alet raflar\u0131 veya konekt\u00f6rler gibi eklemeleri g\u00f6z \u00f6n\u00fcnde bulundurun.<\/li>\n<\/ul>\n\n<h3 class=\"wp-block-heading\">G\u00fcvenlik standartlar\u0131<\/h3>\n\n<div class=\"wp-block-columns is-layout-flex wp-container-core-columns-is-layout-28f84493 wp-block-columns-is-layout-flex\">\n<div class=\"wp-block-column is-layout-flow wp-block-column-is-layout-flow\" style=\"flex-basis:66.66%\">\n<p><strong> Emme masas\u0131n\u0131n<\/strong> b\u00f6lgenizde ve faaliyet g\u00f6sterdi\u011finiz sekt\u00f6rde ge\u00e7erli olan i\u015f sa\u011fl\u0131\u011f\u0131 ve<strong> g\u00fcvenli\u011fi standartlar\u0131na uygun<\/strong> olmas\u0131 hayati \u00f6nem ta\u015f\u0131maktad\u0131r.<\/p>\n\n\n\n<ul class=\"wp-block-list\">\n<li><strong>Mevzuata uygunluk<\/strong>: Masan\u0131n, g\u00fcvenli kullan\u0131m\u0131 garanti eden Avrupa&#8217;daki CE sertifikas\u0131 gibi yerel ve uluslararas\u0131 standartlara uygun olup olmad\u0131\u011f\u0131n\u0131 kontrol edin.<\/li>\n\n\n\n<li><strong>\u00d6zel sertifikalar<\/strong>: Masan\u0131n yapt\u0131\u011f\u0131n\u0131z i\u015fe \u00f6zel olarak test edildi\u011finden ve onayland\u0131\u011f\u0131ndan emin olun; b\u00f6ylece sadece g\u00fcvenlik de\u011fil, ayn\u0131 zamanda faaliyetlerinize \u00f6zel kirleticilerin etkili bir \u015fekilde \u00e7\u0131kar\u0131lmas\u0131 da garanti alt\u0131na al\u0131n\u0131r.<\/li>\n<\/ul>\n<\/div>\n\n\n\n<div class=\"wp-block-column is-layout-flow wp-block-column-is-layout-flow\" style=\"flex-basis:33.33%\">\n<figure class=\"wp-block-image aligncenter size-large is-resized\"><img decoding=\"async\" width=\"1024\" height=\"1024\" src=\"https:\/\/obera.fr\/wp-content\/uploads\/2025\/03\/2-1024x1024.png\" alt=\"G&#xFC;venlik standartlar&#x131;\" class=\"wp-image-77618\" style=\"width:196px;height:auto\" srcset=\"https:\/\/obera.fr\/wp-content\/uploads\/2025\/03\/2-1024x1024.png 1024w, https:\/\/obera.fr\/wp-content\/uploads\/2025\/03\/2-300x300.png 300w, https:\/\/obera.fr\/wp-content\/uploads\/2025\/03\/2-150x150.png 150w, https:\/\/obera.fr\/wp-content\/uploads\/2025\/03\/2-768x768.png 768w, https:\/\/obera.fr\/wp-content\/uploads\/2025\/03\/2.png 1200w\" sizes=\"(max-width: 1024px) 100vw, 1024px\" \/><\/figure>\n<\/div>\n<\/div>\n\n<p>Bu kriterleri g\u00f6z \u00f6n\u00fcnde bulundurarak, yaln\u0131zca<strong> at\u00f6lyenizdeki hava kalitesini<\/strong> iyile\u015ftirmekle kalmayan, ayn\u0131 zamanda \u00e7al\u0131\u015fma ortam\u0131n\u0131z\u0131n sa\u011fl\u0131\u011f\u0131na ve \u00fcretkenli\u011fine katk\u0131da bulunan s\u00fcrd\u00fcr\u00fclebilir bir yat\u0131r\u0131m olan bir vakum masas\u0131 se\u00e7ebilirsiniz.<\/p>\n","protected":false},"excerpt":{"rendered":"<p>Par\u00e7alar veya malzemeler \u00fczerinde \u00e7al\u0131\u015fmak s\u00f6z konusu oldu\u011funda, temiz ve g\u00fcvenli bir \u00e7al\u0131\u015fma y\u00fczeyi \u015fartt\u0131r. Vakum masalar\u0131, end\u00fcstri profesyonelleri i\u00e7in pop\u00fcler bir se\u00e7imdir ve d\u00f6k\u00fcnt\u00fc ve tozu temizlemek i\u00e7in kaliteli bir \u00e7\u00f6z\u00fcm sunar. Burada, her biri belirli \u00f6zelliklere sahip \u00e7e\u015fitli vakum tablas\u0131 modelleri bulacaks\u0131n\u0131z. Ba\u011flanabilir emi\u015f masalar\u0131 serimiz A &amp; AT end\u00fcstriyel vakum masas\u0131 End\u00fcstriyel emi\u015f masalar\u0131m\u0131z, z\u0131mparalama ve ta\u015flamadan kaynaklanan tozlar, kaynak dumanlar\u0131, buharlar, \u00e7\u00f6z\u00fcc\u00fcler ve i\u015f par\u00e7alar\u0131n\u0131n yap\u0131\u015ft\u0131r\u0131lmas\u0131 veya verniklenmesiyle olu\u015fan u\u00e7ucu organik bile\u015fiklerle ba\u015fa \u00e7\u0131kmak i\u00e7in tasarlanm\u0131\u015ft\u0131r. Emi\u015f masalar\u0131m\u0131z, operat\u00f6r i\u00e7in sa\u011fl\u0131kl\u0131 hava sunan ger\u00e7ek i\u015f istasyonlar\u0131d\u0131r. 360\u00b0 d\u00f6nebilen vakum tablas\u0131 360\u00b0 d\u00f6nebilen emi\u015f tablas\u0131, \u00f6zellikle mekanik &#8230; <\/p>\n<p class=\"read-more-container\"><a title=\"Emme masalar\u0131\" class=\"read-more button\" href=\"https:\/\/obera.fr\/tr\/produits\/tables-aspirantes\/#more-51812\" aria-label=\"Read more about Emme masalar\u0131\">Lire la suite<\/a><\/p>\n","protected":false},"author":4,"featured_media":83752,"parent":51918,"menu_order":0,"comment_status":"closed","ping_status":"closed","template":"","meta":{"_acf_changed":false,"_seopress_robots_primary_cat":"","_seopress_titles_title":"End\u00fcstriyel emi\u015f masalar\u0131 yelpazesi - oberA","_seopress_titles_desc":"Vakum masalar\u0131m\u0131z, operat\u00f6r\u00fc korumak i\u00e7in bir kirletici aspirat\u00f6r\u00fc kullan\u0131larak s\u00fcrekli vakumlanan sa\u011fl\u0131kl\u0131 i\u015f istasyonlar\u0131d\u0131r.","_seopress_robots_index":"","footnotes":""},"class_list":{"0":"post-51812","1":"page","2":"type-page","3":"status-publish","4":"has-post-thumbnail","6":"no-featured-image-padding","7":"resize-featured-image"},"acf":[],"_links":{"self":[{"href":"https:\/\/obera.fr\/tr\/wp-json\/wp\/v2\/pages\/51812","targetHints":{"allow":["GET"]}}],"collection":[{"href":"https:\/\/obera.fr\/tr\/wp-json\/wp\/v2\/pages"}],"about":[{"href":"https:\/\/obera.fr\/tr\/wp-json\/wp\/v2\/types\/page"}],"author":[{"embeddable":true,"href":"https:\/\/obera.fr\/tr\/wp-json\/wp\/v2\/users\/4"}],"replies":[{"embeddable":true,"href":"https:\/\/obera.fr\/tr\/wp-json\/wp\/v2\/comments?post=51812"}],"version-history":[{"count":19,"href":"https:\/\/obera.fr\/tr\/wp-json\/wp\/v2\/pages\/51812\/revisions"}],"predecessor-version":[{"id":118225,"href":"https:\/\/obera.fr\/tr\/wp-json\/wp\/v2\/pages\/51812\/revisions\/118225"}],"up":[{"embeddable":true,"href":"https:\/\/obera.fr\/tr\/wp-json\/wp\/v2\/pages\/51918"}],"wp:featuredmedia":[{"embeddable":true,"href":"https:\/\/obera.fr\/tr\/wp-json\/wp\/v2\/media\/83752"}],"wp:attachment":[{"href":"https:\/\/obera.fr\/tr\/wp-json\/wp\/v2\/media?parent=51812"}],"curies":[{"name":"wp","href":"https:\/\/api.w.org\/{rel}","templated":true}]}}