{"id":51960,"date":"2020-08-26T12:41:28","date_gmt":"2020-08-26T10:41:28","guid":{"rendered":"https:\/\/obera.fr\/urunlerimiz\/endustriyel-hava-temizleyicileri\/epur-ca-profesyonel-hava-temizleyici\/"},"modified":"2025-04-24T12:55:12","modified_gmt":"2025-04-24T10:55:12","slug":"professionnel-epur-ca","status":"publish","type":"page","link":"https:\/\/obera.fr\/tr\/produits\/purificateurs-air\/professionnel-epur-ca\/","title":{"rendered":"ePUR CA profesyonel hava temizleyici"},"content":{"rendered":"\n<p><strong>ePUR CA<\/strong> <a href=\"https:\/\/obera.fr\/tr\/produits\/purificateurs-air\/\" data-type=\"page\" data-id=\"26\">profesyonel hava temizleyicilerimiz<\/a>, boru tesisat\u0131 veya montaj gerektirmeyen mobil aktif karbon hava i\u015fleme \u00fcniteleridir.<\/p>\n\n\n\n\n\n\n<h2 class=\"wp-block-heading\">Profesyonel hava temizleme cihazlar\u0131m\u0131z nas\u0131l \u00e7al\u0131\u015f\u0131r?<\/h2>\n\n\n\n<div class=\"wp-block-columns is-layout-flex wp-container-core-columns-is-layout-28f84493 wp-block-columns-is-layout-flex\">\n<div class=\"wp-block-column is-layout-flow wp-block-column-is-layout-flow\" style=\"flex-basis:33.33%\">\n<figure class=\"wp-block-image aligncenter size-large is-resized\"><img decoding=\"async\" src=\"https:\/\/obera.fr\/wp-content\/uploads\/2020\/09\/gamme-epur-ca-300x300.jpg\" alt=\"epur50 ca\" style=\"width:260px;height:auto\"\/><figcaption class=\"wp-element-caption\">ePUR CA<\/figcaption><\/figure>\n<\/div>\n\n\n\n<div class=\"wp-block-column is-layout-flow wp-block-column-is-layout-flow\" style=\"flex-basis:66.66%\">\n<p>\u00c7al\u0131\u015fmas\u0131 basittir: kirli hava \u00fcnitenin \u00fcst k\u0131sm\u0131ndan i\u00e7eri \u00e7ekilir. Daha sonra, kat\u0131 ve s\u0131v\u0131 partik\u00fcller birbirini takip eden filtre katmanlar\u0131 taraf\u0131ndan ve gaz halindeki kirleticiler de aktif karbon filtre taraf\u0131ndan durdurulur.   <\/p>\n\n\n\n<p><strong>Hava temizleyici<\/strong>, bir \u00e7al\u0131\u015fma alan\u0131ndaki havay\u0131 \u00e7e\u015fitli filtreleme a\u015famalar\u0131ndan ge\u00e7irerek temizler. Hava temizleyici, yukar\u0131dan hafif\u00e7e daha s\u0131cak bir hava s\u00fctunu \u00e7eker ve bunu zemin seviyesindeki \u00e7al\u0131\u015fma alan\u0131na geri bo\u015falt\u0131r. Bu daha hafif hava odada do\u011fal olarak y\u00fckselir ve hacimdeki t\u00fcm havay\u0131 i\u015fleyen dairesel bir hareket olu\u015fturur. Hava temizleyiciden her ge\u00e7i\u015finde, kirlili\u011fin %80 ila %99,995&#8217;i (se\u00e7ilen filtre konfig\u00fcrasyonuna ba\u011fl\u0131 olarak) yakalan\u0131r ve<strong>\u00e7al\u0131\u015fma alan\u0131n\u0131n tamam\u0131nda hava kalitesi iyile\u015ftirilir<\/strong>.     <\/p>\n\n\n\n<p>Serideki t\u00fcm hava temizleyiciler, hava ak\u0131\u015f h\u0131z\u0131n\u0131n %0 ila %100 aras\u0131nda ayarlanmas\u0131n\u0131 sa\u011flayan bir <strong>potansiyometre<\/strong> ile donat\u0131lm\u0131\u015ft\u0131r. Hava ak\u0131\u015f h\u0131z\u0131, ba\u015flang\u0131\u00e7taki kirletici konsantrasyonuna, istenen sonuca ve ar\u0131t\u0131lacak alan\u0131n hacmine g\u00f6re ayarlan\u0131r. Bu parametrelere ba\u011fl\u0131 olarak, b\u00f6lgenin hacminin saatte ka\u00e7 kez yenilenece\u011fi se\u00e7ilebilir.  <\/p>\n\n\n\n<div class=\"wp-block-columns is-layout-flex wp-container-core-columns-is-layout-28f84493 wp-block-columns-is-layout-flex\">\n<div class=\"wp-block-column is-layout-flow wp-block-column-is-layout-flow\" style=\"flex-basis:33.34%\">\n<div class=\"wp-block-buttons is-content-justification-center is-layout-flex wp-container-core-buttons-is-layout-a89b3969 wp-block-buttons-is-layout-flex\">\n<div class=\"wp-block-button\"><a class=\"wp-block-button__link wp-element-button\" href=\"https:\/\/obera.fr\/wp-content\/uploads\/2025\/04\/catalogue-epur-en.pdf\">Bro\u015f\u00fcr\u00fc indirin<\/a><\/div>\n<\/div>\n<\/div>\n\n\n\n<div class=\"wp-block-column is-layout-flow wp-block-column-is-layout-flow\" style=\"flex-basis:33.34%\">\n<div class=\"wp-block-buttons is-horizontal is-content-justification-center is-layout-flex wp-container-core-buttons-is-layout-03627597 wp-block-buttons-is-layout-flex\">\n<div class=\"wp-block-button has-custom-width wp-block-button__width-100\"><a class=\"wp-block-button__link wp-element-button\" href=\"https:\/\/obera.fr\/tr\/bize-ulasin\/\">Daha fazla bilgi edin<\/a><\/div>\n<\/div>\n<\/div>\n\n\n\n<div class=\"wp-block-column is-layout-flow wp-block-column-is-layout-flow\" style=\"flex-basis:33.33%\">\n<div class=\"wp-block-buttons is-content-justification-center is-layout-flex wp-container-core-buttons-is-layout-a89b3969 wp-block-buttons-is-layout-flex\">\n<div class=\"wp-block-button btn-devis-source\"><a class=\"wp-block-button__link wp-element-button\" href=\"https:\/\/obera.fr\/tr\/devis\/\">Fiyat teklifi isteyin<\/a><\/div>\n<\/div>\n\n\n<script>\r\ndocument.addEventListener('DOMContentLoaded', function() {\r\n    \/\/ 1. On cherche le titre H1 de la page\r\n    var h1 = document.querySelector('h1');\r\n    var productTitle = h1 ? h1.innerText.trim() : \"\";\r\n\r\n    \/\/ 2. On cherche les boutons via la classe CSS .btn-devis-source\r\n    var buttons = document.querySelectorAll('.btn-devis-source a');\r\n\r\n    \/\/ 3. Si on a le titre et les boutons, on ajoute le param\u00e8tre\r\n    if (buttons.length > 0 && productTitle !== \"\") {\r\n        var encodedTitle = encodeURIComponent(productTitle);\r\n\r\n        buttons.forEach(function(btn) {\r\n            var currentHref = btn.getAttribute('href');\r\n            \r\n            \/\/ S\u00e9curit\u00e9 pour ne pas ajouter le param\u00e8tre 2 fois\r\n            if (currentHref.indexOf('sujet=') === -1) {\r\n                var separator = currentHref.indexOf('?') !== -1 ? '&' : '?';\r\n                var newLink = currentHref + separator + 'sujet=' + encodedTitle;\r\n                \r\n                btn.setAttribute('href', newLink);\r\n            }\r\n        });\r\n    }\r\n});\r\n<\/script><\/div>\n<\/div>\n\n\n\n<p><\/p>\n<\/div>\n<\/div>\n\n\n\n<div class=\"wp-block-columns is-layout-flex wp-container-core-columns-is-layout-28f84493 wp-block-columns-is-layout-flex\">\n<div class=\"wp-block-column is-layout-flow wp-block-column-is-layout-flow\" style=\"flex-basis:25%\"><\/div>\n\n\n\n<div class=\"wp-block-column is-layout-flow wp-block-column-is-layout-flow\" style=\"flex-basis:50%\">\n<figure class=\"wp-block-embed is-type-video is-provider-youtube wp-block-embed-youtube wp-embed-aspect-16-9 wp-has-aspect-ratio\"><div class=\"wp-block-embed__wrapper\">\n<iframe title=\"Fonctionnement charbon actif - OberA\" width=\"1200\" height=\"675\" src=\"https:\/\/www.youtube.com\/embed\/eto9V0iSJOc?feature=oembed\" frameborder=\"0\" allow=\"accelerometer; autoplay; clipboard-write; encrypted-media; gyroscope; picture-in-picture; web-share\" referrerpolicy=\"strict-origin-when-cross-origin\" allowfullscreen><\/iframe>\n<\/div><\/figure>\n<\/div>\n\n\n\n<div class=\"wp-block-column is-layout-flow wp-block-column-is-layout-flow\" style=\"flex-basis:25%\"><\/div>\n<\/div>\n\n\n\n<p><\/p>\n\n\n\n<h2 class=\"wp-block-heading\">ePUR CA aktif karbon hava temizleyicileri ile hangi kirleticiler ar\u0131t\u0131l\u0131r?<\/h2>\n\n\n\n<div class=\"wp-block-columns is-layout-flex wp-container-core-columns-is-layout-28f84493 wp-block-columns-is-layout-flex\">\n<div class=\"wp-block-column is-layout-flow wp-block-column-is-layout-flow\" style=\"flex-basis:66.66%\">\n<p><strong>ePUR CA hava temizleyicileri<\/strong> <strong>kokular\u0131<\/strong>, <strong>VOC<\/strong> &#8216;leri (U\u00e7ucu Organik Bile\u015fikler) ve di\u011fer <strong>gaz kirleticileri<\/strong> ar\u0131tmak i\u00e7in idealdir. Daha spesifik olarak, \u015funlar\u0131 sa\u011flarlar : <\/p>\n\n\n\n<ul class=\"wp-block-list\">\n<li><strong>Kokular\u0131n ve koku<\/strong> kirlili\u011finin <strong>yakalanmas\u0131 ve ar\u0131t\u0131lmas\u0131<\/strong>.<\/li>\n\n\n\n<li><strong>Solventlerin<\/strong> kullan\u0131ld\u0131\u011f\u0131 i\u015flemler (boya, vernik, temizlik, ya\u011f giderme, aerosoller vb.). Bunlar alifatik hidrokarbonlar (hekzan, siklohekzan, vb.), klorlu hidrokarbonlar (trikloretilen, trikloretan, monoklorobenzen, vb.), aromatik hidrokarbonlar (toluen, ksilen, vb.), alkoller (metanol, glikoller, vb.) ve y\u00fcksek u\u00e7uculu\u011fa sahip hidrokarbonlardan yap\u0131lan u\u00e7ucu organik bile\u015fiklerdir. ), aromatikler (toluen, ksilen, vb.), alkoller (metanol, glikoller, vb.), ketonlar (aseton, etil asetat, metil etil keton MEK veya b\u00fctanon, vb.), glikol eterler, tetrahidrofuran THF, vb&#8230; <\/li>\n\n\n\n<li><strong>Yap\u0131\u015ft\u0131rmadan<\/strong> kaynaklanan kirleticiler (neopren yap\u0131\u015ft\u0131r\u0131c\u0131lardan kaynaklanan kokular ve gaz kirleticiler veya &#8211; Sertle\u015ftiriciler ve priz h\u0131zland\u0131r\u0131c\u0131lar. Kullan\u0131lan sertle\u015ftiriciler alifatik veya aromatik aminler ve poliizosiyanatlard\u0131r. <\/li>\n\n\n\n<li><strong>Re\u00e7inelerden<\/strong> kaynaklanan gaz kirleticiler (siyanoakrilik polimerler, viniller, epoksiler, poli\u00fcretanlar, polyesterler, polikloroprenler, poliamidler, formo-fenolikler, furanikler, polisilanlar, polisiloksanlar, formaldehit, vb) \u00f6nemli bir kirlilik kayna\u011f\u0131d\u0131r.<\/li>\n<\/ul>\n\n\n\n<p>Bo\u015fluklar\u0131n\u0131n \u00e7ok geni\u015f spesifik y\u00fczey alan\u0131 sayesinde, aktif karbon bir\u00e7ok gaz kirletici t\u00fcr\u00fcn\u00fc hapsedebilir.<\/p>\n<\/div>\n\n\n\n<div class=\"wp-block-column is-layout-flow wp-block-column-is-layout-flow\" style=\"flex-basis:33.33%\">\n<p><\/p>\n\n\n\n<p><\/p>\n\n\n\n<p><\/p>\n\n\n\n<figure class=\"wp-block-image aligncenter size-large\"><img decoding=\"async\" width=\"1024\" height=\"549\" src=\"https:\/\/obera.fr\/wp-content\/uploads\/2025\/03\/charbon-actif-mix-1024x549.jpg\" alt=\"akti\u0307f karbon kari\u015fimi\" class=\"wp-image-76515\" srcset=\"https:\/\/obera.fr\/wp-content\/uploads\/2025\/03\/charbon-actif-mix-1024x549.jpg 1024w, https:\/\/obera.fr\/wp-content\/uploads\/2025\/03\/charbon-actif-mix-300x161.jpg 300w, https:\/\/obera.fr\/wp-content\/uploads\/2025\/03\/charbon-actif-mix-768x412.jpg 768w, https:\/\/obera.fr\/wp-content\/uploads\/2025\/03\/charbon-actif-mix.jpg 1200w\" sizes=\"(max-width: 1024px) 100vw, 1024px\" \/><\/figure>\n<\/div>\n<\/div>\n\n\n\n<p><\/p>\n\n\n\n<h2 class=\"wp-block-heading\">Ne i\u00e7in kullan\u0131l\u0131yorlar?<\/h2>\n\n\n\n<p>ePUR CA hava temizleme cihazlar\u0131m\u0131z, ortamda kalan gaz halindeki kirleticileri do\u011frudan atmosfere \u00e7\u0131karmak ve filtrelemek i\u00e7in genellikle kaynakta <strong>ekstraksiyon<\/strong> ile birlikte kullan\u0131l\u0131r. Bu cihazlar\u0131 bir ekstraksiyon kolu, bir ekstraksiyon ba\u015fl\u0131\u011f\u0131 ile donatarak veya do\u011frudan bir \u00fcretim makinesine veya bir emme masas\u0131na ba\u011flayarak kaynak ekstraksiyonu i\u00e7in kullanmak da m\u00fcmk\u00fcnd\u00fcr.   <\/p>\n\n\n\n<blockquote class=\"wp-block-quote is-layout-flow wp-block-quote-is-layout-flow\">\n<p>\u00d6nerilen kullan\u0131m tamamen profesyoneldir.<\/p>\n<\/blockquote>\n\n\n\n<p>Bu aktif karbon hava temizleyicileri metal\u00fcrji, plastik, kimya, tar\u0131msal g\u0131da, tekstil, ah\u015fap, ka\u011f\u0131t ve karton, mineraller, at\u0131k toplama ve geri d\u00f6n\u00fc\u015f\u00fcm ve sanat restorasyonu sekt\u00f6rlerinde kullan\u0131m i\u00e7in idealdir.<\/p>\n\n\n\n<p>  A\u015fa\u011f\u0131da ePUR CA profesyonel hava temizleyicilerimiz i\u00e7in birka\u00e7 <strong>uygulama<\/strong> \u00f6rne\u011fi verilmi\u015ftir.<\/p>\n\n\n\n<div class=\"wp-block-columns is-layout-flex wp-container-core-columns-is-layout-28f84493 wp-block-columns-is-layout-flex\">\n<div class=\"wp-block-column is-layout-flow wp-block-column-is-layout-flow\">\n<h3 class=\"wp-block-heading has-text-align-center\">Kirleticiler<\/h3>\n\n\n\n<hr class=\"wp-block-separator has-css-opacity is-style-wide\"\/>\n\n\n\n<div class=\"wp-block-columns is-layout-flex wp-container-core-columns-is-layout-28f84493 wp-block-columns-is-layout-flex\">\n<div class=\"wp-block-column is-layout-flow wp-block-column-is-layout-flow\">\n<figure class=\"wp-block-image aligncenter size-large\"><img decoding=\"async\" width=\"70\" height=\"70\" src=\"https:\/\/obera.fr\/wp-content\/uploads\/2020\/08\/polluants-poussieres.jpg\" alt=\"Kirleticiler Toz\" class=\"wp-image-675\"\/><figcaption class=\"wp-element-caption\">Toz<\/figcaption><\/figure>\n\n\n\n<figure class=\"wp-block-image aligncenter size-large\"><img decoding=\"async\" width=\"70\" height=\"70\" src=\"https:\/\/obera.fr\/wp-content\/uploads\/2020\/08\/industrie-fumees.jpg\" alt=\"End\u00fcstri Duman\u0131\" class=\"wp-image-722\"\/><figcaption class=\"wp-element-caption\">Dumanlar<\/figcaption><\/figure>\n<\/div>\n\n\n\n<div class=\"wp-block-column is-layout-flow wp-block-column-is-layout-flow\">\n<figure class=\"wp-block-image aligncenter size-large\"><img decoding=\"async\" width=\"70\" height=\"70\" src=\"https:\/\/obera.fr\/wp-content\/uploads\/2020\/10\/industrie-aerosols.jpg\" alt=\"End\u00fcstri Aerosolleri\" class=\"wp-image-1201\"\/><figcaption class=\"wp-element-caption\">VOCS<\/figcaption><\/figure>\n\n\n\n<figure class=\"wp-block-image aligncenter size-large\"><img decoding=\"async\" width=\"70\" height=\"70\" src=\"https:\/\/obera.fr\/wp-content\/uploads\/2020\/08\/industrie-odeur.jpg\" alt=\"End\u00fcstri Kokusu\" class=\"wp-image-723\"\/><figcaption class=\"wp-element-caption\">Kokular<\/figcaption><\/figure>\n<\/div>\n<\/div>\n\n\n\n<p><\/p>\n<\/div>\n\n\n\n<div class=\"wp-block-column is-layout-flow wp-block-column-is-layout-flow\">\n<h3 class=\"wp-block-heading has-text-align-center\">End\u00fcstriler<\/h3>\n\n\n\n<hr class=\"wp-block-separator has-css-opacity is-style-wide\"\/>\n\n\n\n<div class=\"wp-block-columns is-layout-flex wp-container-core-columns-is-layout-28f84493 wp-block-columns-is-layout-flex\">\n<div class=\"wp-block-column is-layout-flow wp-block-column-is-layout-flow\">\n<figure class=\"wp-block-image aligncenter size-large\"><img decoding=\"async\" width=\"70\" height=\"70\" src=\"https:\/\/obera.fr\/wp-content\/uploads\/2020\/08\/industrie-metallurgie.jpg\" alt=\"Metalurji end\u00fcstrisi\" class=\"wp-image-673\"\/><figcaption class=\"wp-element-caption\">Metalurji<\/figcaption><\/figure>\n\n\n\n<figure class=\"wp-block-image aligncenter size-large\"><img decoding=\"async\" width=\"70\" height=\"70\" src=\"https:\/\/obera.fr\/wp-content\/uploads\/2020\/08\/industrie-textile.jpg\" alt=\"Tekstil end\u00fcstrisi\" class=\"wp-image-671\"\/><figcaption class=\"wp-element-caption\">Tekstil<\/figcaption><\/figure>\n\n\n\n<figure class=\"wp-block-image aligncenter size-large\"><img decoding=\"async\" width=\"70\" height=\"70\" src=\"https:\/\/obera.fr\/wp-content\/uploads\/2020\/08\/industrie-plastique.jpg\" alt=\"Plastik end\u00fcstrisi\" class=\"wp-image-669\"\/><figcaption class=\"wp-element-caption\">Plastikler<\/figcaption><\/figure>\n\n\n\n<figure class=\"wp-block-image aligncenter size-large\"><img decoding=\"async\" width=\"70\" height=\"70\" src=\"https:\/\/obera.fr\/wp-content\/uploads\/2020\/08\/industrie-agroalimentaire.jpg\" alt=\"G\u0131da end\u00fcstrisi\" class=\"wp-image-727\"\/><figcaption class=\"wp-element-caption\">G\u0131da end\u00fcstrisi<\/figcaption><\/figure>\n<\/div>\n\n\n\n<div class=\"wp-block-column is-layout-flow wp-block-column-is-layout-flow\">\n<figure class=\"wp-block-image aligncenter size-large\"><img decoding=\"async\" width=\"70\" height=\"70\" src=\"https:\/\/obera.fr\/wp-content\/uploads\/2020\/08\/industrie-bois.jpg\" alt=\"Ah\u015fap end\u00fcstrisi\" class=\"wp-image-672\"\/><figcaption class=\"wp-element-caption\">A\u011fa\u00e7 \u0130\u015fleri<\/figcaption><\/figure>\n\n\n\n<figure class=\"wp-block-image aligncenter size-large\"><img decoding=\"async\" width=\"70\" height=\"70\" src=\"https:\/\/obera.fr\/wp-content\/uploads\/2020\/08\/industrie-papier-carton.jpg\" alt=\"Ka\u011f\u0131t ve karton end\u00fcstrisi\" class=\"wp-image-670\"\/><figcaption class=\"wp-element-caption\">Ka\u011f\u0131t\/karton<\/figcaption><\/figure>\n\n\n\n<figure class=\"wp-block-image aligncenter size-large\"><img decoding=\"async\" width=\"70\" height=\"70\" src=\"https:\/\/obera.fr\/wp-content\/uploads\/2020\/08\/industrie-dechets.jpg\" alt=\"End\u00fcstri At\u0131klar\u0131\" class=\"wp-image-726\"\/><figcaption class=\"wp-element-caption\">At\u0131k toplama ve geri d\u00f6n\u00fc\u015f\u00fcm<\/figcaption><\/figure>\n\n\n\n<figure class=\"wp-block-image aligncenter size-large\"><img decoding=\"async\" width=\"70\" height=\"70\" src=\"https:\/\/obera.fr\/wp-content\/uploads\/2020\/08\/industrie-chimie.jpg\" alt=\"Kimya end\u00fcstrisi\" class=\"wp-image-725\"\/><figcaption class=\"wp-element-caption\">Kimyasallar\/Petrokimyasallar<\/figcaption><\/figure>\n<\/div>\n<\/div>\n<\/div>\n<\/div>\n\n\n\n<h3 class=\"wp-block-heading\">Uygulamam i\u00e7in ne t\u00fcr k\u00f6m\u00fcr se\u00e7meliyim?<\/h3>\n\n\n\n<p><\/p>\n\n\n\n<p>ePUR CA hava temizleyicilere \u00e7ok \u00e7e\u015fitli<strong>adsorbanlar<\/strong> tak\u0131labilir.<\/p>\n\n\n\n<p>OBERA, genel bir y\u00fcksek verimli aktif karbon olan <strong>OBCKV<\/strong>&#8216;ye sahiptir. Bununla birlikte, termal veya kimyasal olarak aktifle\u015ftirilmi\u015f aktif karbonlar\u0131n yan\u0131 s\u0131ra oksitlenmi\u015f bir aktif karbon veya kimyasal emprenye ile aktifle\u015ftirilmi\u015f bir karbon se\u00e7mek de m\u00fcmk\u00fcnd\u00fcr. <\/p>\n\n\n\n<p>Bu &#8220;katk\u0131l\u0131&#8221; aktif karbonlar ar\u0131tma verimlili\u011fini art\u0131r\u0131r.<\/p>\n\n\n\n<div class=\"wp-block-columns is-layout-flex wp-container-core-columns-is-layout-28f84493 wp-block-columns-is-layout-flex\">\n<div class=\"wp-block-column is-layout-flow wp-block-column-is-layout-flow\">\n<figure class=\"wp-block-image aligncenter size-large is-resized\"><img decoding=\"async\" width=\"1024\" height=\"549\" src=\"https:\/\/obera.fr\/wp-content\/uploads\/2025\/03\/charbon-actif-noir-1024x549.jpg\" alt=\"siyah aktif karbon\" class=\"wp-image-76492\" style=\"width:297px;height:auto\" srcset=\"https:\/\/obera.fr\/wp-content\/uploads\/2025\/03\/charbon-actif-noir-1024x549.jpg 1024w, https:\/\/obera.fr\/wp-content\/uploads\/2025\/03\/charbon-actif-noir-300x161.jpg 300w, https:\/\/obera.fr\/wp-content\/uploads\/2025\/03\/charbon-actif-noir-768x412.jpg 768w, https:\/\/obera.fr\/wp-content\/uploads\/2025\/03\/charbon-actif-noir.jpg 1200w\" sizes=\"(max-width: 1024px) 100vw, 1024px\" \/><\/figure>\n<\/div>\n\n\n\n<div class=\"wp-block-column is-layout-flow wp-block-column-is-layout-flow\">\n<figure class=\"wp-block-image aligncenter size-large is-resized\"><img decoding=\"async\" width=\"1024\" height=\"549\" src=\"https:\/\/obera.fr\/wp-content\/uploads\/2025\/03\/charbon-actif-mix-1024x549.jpg\" alt=\"akti\u0307f karbon kari\u015fimi\" class=\"wp-image-76515\" style=\"width:302px;height:auto\" srcset=\"https:\/\/obera.fr\/wp-content\/uploads\/2025\/03\/charbon-actif-mix-1024x549.jpg 1024w, https:\/\/obera.fr\/wp-content\/uploads\/2025\/03\/charbon-actif-mix-300x161.jpg 300w, https:\/\/obera.fr\/wp-content\/uploads\/2025\/03\/charbon-actif-mix-768x412.jpg 768w, https:\/\/obera.fr\/wp-content\/uploads\/2025\/03\/charbon-actif-mix.jpg 1200w\" sizes=\"(max-width: 1024px) 100vw, 1024px\" \/><\/figure>\n<\/div>\n\n\n\n<div class=\"wp-block-column is-layout-flow wp-block-column-is-layout-flow\">\n<figure class=\"wp-block-image aligncenter size-large is-resized\"><img decoding=\"async\" width=\"1024\" height=\"549\" src=\"https:\/\/obera.fr\/wp-content\/uploads\/2025\/03\/charbon-actif-purple-1024x549.png\" alt=\"mor aktif karbon\" class=\"wp-image-76468\" style=\"width:293px;height:auto\" srcset=\"https:\/\/obera.fr\/wp-content\/uploads\/2025\/03\/charbon-actif-purple-1024x549.png 1024w, https:\/\/obera.fr\/wp-content\/uploads\/2025\/03\/charbon-actif-purple-300x161.png 300w, https:\/\/obera.fr\/wp-content\/uploads\/2025\/03\/charbon-actif-purple-768x412.png 768w, https:\/\/obera.fr\/wp-content\/uploads\/2025\/03\/charbon-actif-purple.png 1200w\" sizes=\"(max-width: 1024px) 100vw, 1024px\" \/><\/figure>\n<\/div>\n<\/div>\n\n\n\n<h2 class=\"wp-block-heading\">Profesyonel hava temizleme cihazlar\u0131m\u0131z\u0131n \u00f6zellikleri nelerdir?<\/h2>\n\n\n\n<p>G\u00fc\u00e7l\u00fc ve sessiz ePUR CA hava temizleyicileri kullan\u0131m kolayl\u0131\u011f\u0131 i\u00e7in tasarlanm\u0131\u015ft\u0131r. Montaj veya emi\u015f kanal\u0131 yoktur, sadece elektrik prizine basit bir \u015fekilde tak\u0131n ve kullan\u0131ma haz\u0131rs\u0131n\u0131z. Tekerlekler \u00fczerine monte edilen \u00fcniteleri, maksimum kullan\u0131m kolayl\u0131\u011f\u0131 i\u00e7in hareket ettirebilirsiniz.    <\/p>\n\n\n\n<p>Daha az enerji t\u00fcketir (ev tipi bir s\u00fcp\u00fcrgeden daha az) ve filtre ortam\u0131 tek bir alt\u0131gen anahtar kullan\u0131larak 5 dakikada de\u011fi\u015ftirilebilir, bu da bak\u0131m\u0131 h\u0131zl\u0131 ve kolay hale getirir. Aktif karbon y\u00fckl\u00fc kartu\u015flar ihtiya\u00e7lar\u0131n\u0131za ve ar\u0131t\u0131lacak kirleticilere g\u00f6re se\u00e7ilir. Ak\u0131\u015f h\u0131zlar\u0131 cihaza ba\u011fl\u0131 olarak de\u011fi\u015fir. Serideki en k\u00fc\u00e7\u00fck cihaz olan <strong>ePUR CA 10<\/strong> i\u00e7in ak\u0131\u015f <strong>h\u0131z\u0131 1000m3\/saattir<\/strong>. Serideki orta \u00fcnite olan <strong>ePUR CA 30<\/strong> i\u00e7in <strong>ak\u0131\u015f h\u0131z\u0131 3500 m3\/saattir<\/strong>. Son olarak, yaln\u0131zca talep \u00fczerine temin edilebilen en g\u00fc\u00e7l\u00fc cihaz olan<strong> ePUR CA 100<\/strong>,<strong> 10.000 m3\/sa ak\u0131\u015f h\u0131z<\/strong>\u0131na sahiptir.    <\/p>\n\n\n\n<figure class=\"wp-block-table\"><table class=\"has-fixed-layout\"><thead><tr><th>Cihaz<\/th><th><\/th><th>ePUR 10<\/th><th>ePUR 30<\/th><th>ePUR 100<\/th><\/tr><\/thead><tbody><tr><td>Ak\u0131\u015f<\/td><td>m3\/h<\/td><td>1 000<\/td><td>3 500<\/td><td>10 000<\/td><\/tr><tr><td>Yo\u011funluk<\/td><td>A<\/td><td>0.7<\/td><td>1.1<\/td><td>3.3<\/td><\/tr><tr><td>Besleme gerilimi<\/td><td>V<\/td><td>230<\/td><td>230<\/td><td>230<\/td><\/tr><tr><td>G\u00fc\u00e7<\/td><td>kW<\/td><td>0.08<\/td><td>0.25<\/td><td>0,75<\/td><\/tr><tr><td>Boyutlar<\/td><td>l\/L\/h (cm)<\/td><td>66 x 37 x 78 cm<\/td><td>66 x 68 x 125 cm<\/td><td>90 x 90 x 182<\/td><\/tr><tr><td>Aktif Karbon Y\u00fck\u00fc<\/td><td>kg<\/td><td>7.5<\/td><td>26<\/td><td>\u0130stek \u00fczerine<\/td><\/tr><tr><td>Ses seviyesi<\/td><td>dB(A)<\/td><td>63<\/td><td>65<\/td><td>69<\/td><\/tr><\/tbody><\/table><\/figure>\n\n\n\n<div class=\"wp-block-buttons is-horizontal is-content-justification-center is-layout-flex wp-container-core-buttons-is-layout-03627597 wp-block-buttons-is-layout-flex\">\n<div class=\"wp-block-button is-style-outline is-style-outline--1\"><a class=\"wp-block-button__link wp-element-button\" href=\"https:\/\/obera.fr\/wp-content\/uploads\/2023\/05\/catalogue-epur-10-30-50-100-150.pdf\">T\u00e9l\u00e9charger la fiche produit au format PDF<\/a><\/div>\n<\/div>\n\n\n\n<h2 class=\"wp-block-heading\">Bu ePUR CA profesyonel hava temizleyici serisinin avantajlar\u0131 nelerdir?<\/h2>\n\n\n\n<figure class=\"wp-block-image alignright size-thumbnail\"><img decoding=\"async\" width=\"150\" height=\"150\" src=\"https:\/\/obera.fr\/wp-content\/uploads\/2020\/09\/ePUR-CA-Filtres-150x150.jpg\" alt=\"Epur Ca Filtreler\" class=\"wp-image-1014\"\/><figcaption class=\"wp-element-caption\">ePUR i\u00e7in filtreler<\/figcaption><\/figure>\n\n\n\n<p><strong>Hava kalitesini iyile\u015ftirmenin<\/strong> yan\u0131 s\u0131ra, profesyonel hava temizleyicilerimiz \u00e7al\u0131\u015fanlar\u0131 ince partik\u00fcllerden ve di\u011fer gaz kirleticilerden koruyarak her t\u00fcrl\u00fc akci\u011fer veya kalp hastal\u0131\u011f\u0131na maruz kalmay\u0131 en aza indirir.  <\/p>\n\n\n\n<p>Yukar\u0131dan a\u015fa\u011f\u0131ya do\u011fru s\u0131cak hava getiren ve b\u00f6ylece \u00e7al\u0131\u015fma alan\u0131n\u0131 \u0131l\u0131manla\u015ft\u0131ran makine taraf\u0131ndan olu\u015fturulan hava ak\u0131m\u0131 sayesinde enerji ve temizlik maliyetleri a\u00e7\u0131s\u0131ndan da \u00f6nemli tasarruflar sa\u011flanmaktad\u0131r. Filtrelenen havadan gelen \u0131s\u0131 da binaya geri verilerek \u0131s\u0131tma t\u00fcketimini azalt\u0131yor.   <\/p>\n\n\n\n<p>Di\u011fer bir avantaj ise, \u00fcretim ara\u00e7lar\u0131n\u0131n korunmas\u0131n\u0131n daha az ar\u0131za anlam\u0131na gelmesi ve b\u00f6ylece \u00fcretim makinelerinin \u00f6mr\u00fcn\u00fcn uzamas\u0131na yard\u0131mc\u0131 olmas\u0131d\u0131r. End\u00fcstriyel hava temizleyicilerimiz Mesleki Maruz Kalma S\u0131n\u0131r\u0131na<strong>(<\/strong>OEL) da uygundur. <\/p>\n\n\n\n<p><\/p>\n\n\n\n<div class=\"wp-block-columns is-layout-flex wp-container-core-columns-is-layout-28f84493 wp-block-columns-is-layout-flex\">\n<div class=\"wp-block-column is-layout-flow wp-block-column-is-layout-flow\">\n<h3 class=\"wp-block-heading has-text-align-center\">Avantajlar<\/h3>\n\n\n\n<ul class=\"wp-block-list\">\n<li>Tak ve \u00c7al\u0131\u015ft\u0131r: sadece \u015febekeye tak\u0131n ve kullan\u0131ma haz\u0131r<\/li>\n\n\n\n<li>G\u00fc\u00e7l\u00fc ve sessiz<\/li>\n\n\n\n<li>Tesisat veya emi\u015f kanal\u0131 yok<\/li>\n\n\n\n<li>Tekerlekleri sayesinde kolay hareket ettirilebilecek \u015fekilde tasarlanm\u0131\u015ft\u0131r<\/li>\n\n\n\n<li>\u00c7ok d\u00fc\u015f\u00fck g\u00fc\u00e7 t\u00fcketimi (ev tipi bir s\u00fcp\u00fcrgeden daha az)<\/li>\n<\/ul>\n<\/div>\n\n\n\n<div class=\"wp-block-column is-layout-flow wp-block-column-is-layout-flow\">\n<h3 class=\"wp-block-heading has-text-align-center\">\u00d6zel \u00f6zellikler<\/h3>\n\n\n\n<ul class=\"wp-block-list\">\n<li>Ar\u0131t\u0131lacak kirleticilere g\u00f6re se\u00e7ilen aktif karbon y\u00fckl\u00fc kartu\u015flar.<\/li>\n\n\n\n<li>Yeniden kullan\u0131labilir ve geri d\u00f6n\u00fc\u015ft\u00fcr\u00fclebilir kartu\u015flar<\/li>\n\n\n\n<li>Sadece bir alyan anahtar\u0131 kullanarak filtre medyan\u0131z\u0131 sadece 5 dakikada kendiniz de\u011fi\u015ftirin.<\/li>\n\n\n\n<li>Standart 220V prize tak\u0131l\u0131r<\/li>\n<\/ul>\n<\/div>\n\n\n\n<div class=\"wp-block-column is-layout-flow wp-block-column-is-layout-flow\">\n<h3 class=\"wp-block-heading has-text-align-center\">\u00d6zellikler<\/h3>\n\n\n\n<ul class=\"wp-block-list\">\n<li>Mevcut sistemleri tamamlayarak \u00fcretim at\u00f6lyelerindeki hava kalitesini \u00f6nemli \u00f6l\u00e7\u00fcde iyile\u015ftirir<\/li>\n\n\n\n<li>Kaynakta yakalaman\u0131n m\u00fcmk\u00fcn olmad\u0131\u011f\u0131 yerlerde kirleticileri yakalar<\/li>\n<\/ul>\n<\/div>\n<\/div>\n\n\n\n<div class=\"wp-block-buttons is-horizontal is-content-justification-center is-layout-flex wp-container-core-buttons-is-layout-03627597 wp-block-buttons-is-layout-flex\">\n<div class=\"wp-block-button has-custom-width wp-block-button__width-100\"><a class=\"wp-block-button__link wp-element-button\" href=\"https:\/\/obera.fr\/tr\/bize-ulasin\/\">Daha fazla bilgi edin<\/a><\/div>\n<\/div>\n\n\n\n<p><\/p>\n\n\n\n<h2 class=\"wp-block-heading\">Aktif karbon hava temizleyicilerimiz i\u00e7in uygulama \u00f6rnekleri:<\/h2>\n\n\n\n<h3 class=\"wp-block-heading\">Kuaf\u00f6r salonlar\u0131, t\u0131rnak salonlar\u0131 ve g\u00fczellik salonlar\u0131<\/h3>\n\n\n\n<figure class=\"wp-block-image alignright size-medium\"><img decoding=\"async\" width=\"300\" height=\"200\" src=\"https:\/\/obera.fr\/wp-content\/uploads\/2020\/10\/salon-de-coiffure-300x200.jpg\" alt=\"Kuaf\u00f6r Salonu\" class=\"wp-image-1228\" srcset=\"https:\/\/obera.fr\/wp-content\/uploads\/2020\/10\/salon-de-coiffure-300x200.jpg 300w, https:\/\/obera.fr\/wp-content\/uploads\/2020\/10\/salon-de-coiffure-768x512.jpg 768w, https:\/\/obera.fr\/wp-content\/uploads\/2020\/10\/salon-de-coiffure.jpg 1024w\" sizes=\"(max-width: 300px) 100vw, 300px\" \/><figcaption class=\"wp-element-caption\">Kuaf\u00f6r salonu<\/figcaption><\/figure>\n\n\n\n<p><strong>Kuaf\u00f6rler<\/strong>, t\u0131rnak salonlar\u0131 ve g\u00fczellik salonlar\u0131 \u00f6zellikle hava kalitesi risklerine maruz kalmaktad\u0131r ve faaliyetleri, kulland\u0131klar\u0131 amonyak, perma \u00fcr\u00fcnleri, sa\u00e7 a\u011fartma ve renklendirme \u00fcr\u00fcnleri, spreyler, hidrojen peroksit, formaldehitler ve sa\u00e7 gibi \u00fcr\u00fcnlerden aerosoller, ince tozlar ve \u00e7ok say\u0131da <strong>gaz<\/strong> halinde kirletici \u00fcretmektedir.  <\/p>\n\n\n\n<p>Kuaf\u00f6rler ve g\u00fczellik uzmanlar\u0131 genellikle g\u00fc\u00e7l\u00fc <strong>kokular<\/strong>, <strong>tahri\u015f<\/strong>, <strong>ba\u015f a\u011fr\u0131s\u0131 ve solunum yolu alerjileriyle<\/strong> u\u011fra\u015fmak zorunda kal\u0131rlar. Kuaf\u00f6r salonlar\u0131, manik\u00fcr salonlar\u0131 ve g\u00fczellik salonlar\u0131 genellikle yetersiz havaland\u0131r\u0131l\u0131r. Hava temizleyicileri, genel hava kalitesini iyile\u015ftirmek i\u00e7in bir \u00e7\u00f6z\u00fcmd\u00fcr. Kaynak yakalama i\u00e7in bir kol ile ve\/veya do\u011frudan ortamda kullan\u0131labilirler.     <\/p>\n\n\n\n<blockquote class=\"wp-block-quote is-layout-flow wp-block-quote-is-layout-flow\">\n<p>\u00d6nerilen filtre konfig\u00fcrasyonu: G4 + E11 + Aktif karbon (toplama kolu ile)<\/p>\n<\/blockquote>\n\n\n\n<h3 class=\"wp-block-heading\">A\u00e7\u0131k alanlar\/ofisler<\/h3>\n\n\n\n<figure class=\"wp-block-image alignright size-medium\"><img decoding=\"async\" width=\"300\" height=\"200\" src=\"https:\/\/obera.fr\/wp-content\/uploads\/2020\/10\/salle-open-space-300x200.jpg\" alt=\"A\u00e7\u0131k Alan\" class=\"wp-image-1230\" srcset=\"https:\/\/obera.fr\/wp-content\/uploads\/2020\/10\/salle-open-space-300x200.jpg 300w, https:\/\/obera.fr\/wp-content\/uploads\/2020\/10\/salle-open-space-768x512.jpg 768w, https:\/\/obera.fr\/wp-content\/uploads\/2020\/10\/salle-open-space.jpg 1024w\" sizes=\"(max-width: 300px) 100vw, 300px\" \/><figcaption class=\"wp-element-caption\">A\u00e7\u0131k alan odas\u0131<\/figcaption><\/figure>\n\n\n\n<p>Ofislerde veya a\u00e7\u0131k planl\u0131 ofislerde \u00e7al\u0131\u015fan personel <strong>\u00f6zellikle d\u0131\u015far\u0131dan gelen hava kirlili\u011fine<\/strong> (toz, koku, polen ve kentsel alanlardaki kirlilik), i\u00e7 mekan kirlili\u011fine (biyolojik: vir\u00fcsler, bakteriler, mikroplar) ve kimyasal kirlili\u011fe (kokular, temizlik \u00fcr\u00fcnleri ve mobilya, boya, hal\u0131 ve di\u011fer yap\u0131 malzemelerinden sal\u0131nan kirleticiler) <strong>maruz<\/strong> kalmaktad\u0131r.<\/p>\n\n\n\n<p>Ofisler d\u00fc\u015f\u00fck bas\u0131n\u00e7la havaland\u0131r\u0131l\u0131yorsa ve bir \u00fcretim at\u00f6lyesine veya kirli bir kentsel alana biti\u015fikse bu durum daha da k\u00f6t\u00fcle\u015fir. Bu durumda, hava kirlili\u011fi ofislere iletilir. <\/p>\n\n\n\n<blockquote class=\"wp-block-quote is-layout-flow wp-block-quote-is-layout-flow\">\n<p>\u00d6nerilen filtre yap\u0131land\u0131rmas\u0131: G4 + F8 veya G4 + H14 veya G4 + H14 + aktif karbon<\/p>\n<\/blockquote>\n\n\n\n<p><\/p>\n\n\n\n<h3 class=\"wp-block-heading\">Sa\u011fl\u0131k sekt\u00f6r\u00fc (hastaneler, bak\u0131m evleri, veterinerler, kiropodistler, di\u015f hekimleri ve di\u015f teknisyenleri, doktor muayenehaneleri, cenaze evleri)<\/h3>\n\n\n\n<figure class=\"wp-block-image alignright size-medium\"><img decoding=\"async\" width=\"200\" height=\"300\" src=\"https:\/\/obera.fr\/wp-content\/uploads\/2020\/10\/hopital-200x300.jpg\" alt=\"Hastane\" class=\"wp-image-1232\" srcset=\"https:\/\/obera.fr\/wp-content\/uploads\/2020\/10\/hopital-200x300.jpg 200w, https:\/\/obera.fr\/wp-content\/uploads\/2020\/10\/hopital-683x1024.jpg 683w, https:\/\/obera.fr\/wp-content\/uploads\/2020\/10\/hopital-768x1152.jpg 768w, https:\/\/obera.fr\/wp-content\/uploads\/2020\/10\/hopital.jpg 1024w\" sizes=\"(max-width: 200px) 100vw, 200px\" \/><figcaption class=\"wp-element-caption\">Hastane<\/figcaption><\/figure>\n\n\n\n<p>\u0130htiya\u00e7lar \u00e7ok \u00e7e\u015fitlidir:<\/p>\n\n\n\n<ul class=\"wp-block-list\">\n<li>Hava <strong>kaynakl\u0131 kontaminasyonu<\/strong> (vir\u00fcsler, bakteriler) <strong>azaltmak<\/strong> i\u00e7in hava kalitesinin iyile\u015ftirilmesi.<\/li>\n\n\n\n<li>Dezenfekte edin ve <strong>vir\u00fcslerin<\/strong>, bakterilerin vb. <strong>yay\u0131lmas\u0131n\u0131 \u00f6nleyin<\/strong>.<\/li>\n\n\n\n<li>Rahats\u0131z edici kokular\u0131n giderilmesi ve <strong>koku kirlili\u011finin \u00e7e\u015fitli bi\u00e7imlerinin n\u00f6tralize<\/strong> edilmesi.<\/li>\n\n\n\n<li>Toz \u00fcreten faaliyetlerde toz <strong>seviyelerini azalt\u0131n<\/strong>.<\/li>\n<\/ul>\n\n\n\n<p><\/p>\n\n\n\n<h3 class=\"wp-block-heading\">Halka a\u00e7\u0131k kurulu\u015flar (yerel y\u00f6netimler, kre\u015fler, okullar)<\/h3>\n\n\n\n<p>\u0130\u00e7 mekan hava kalitesinin izlenmesi,<sup>1<\/sup> Ocak 2020 tarihinden itibaren e\u011fitim kurumlar\u0131nda ve<sup>1<\/sup> Ocak 2018 tarihinden itibaren de kre\u015flerde zorunlu hale getirilmi\u015ftir.<\/p>\n\n\n\n<p>Hava kalitesi parametreleri aras\u0131nda <strong>ince partik\u00fcller<\/strong>, <strong>formaldehitler<\/strong>, <strong>VOC<\/strong>&#8216;ler, <strong>benzen<\/strong> ve <strong>karbondioksit<\/strong> bulunmaktad\u0131r. K\u00f6t\u00fc hava kalitesinin belirtileri aras\u0131nda ba\u015f a\u011fr\u0131s\u0131, tahri\u015f ve solunum yolu alerjileri yer almaktad\u0131r.   <\/p>\n\n\n\n<p>Mekanlar yetersiz havaland\u0131r\u0131ld\u0131\u011f\u0131nda veya havaland\u0131r\u0131lmad\u0131\u011f\u0131nda bu durum daha da k\u00f6t\u00fcle\u015fir. Bu farkl\u0131 kirlilik kaynaklar\u0131n\u0131 tedavi etmek i\u00e7in bir oda havas\u0131 temizleyici kurulabilir. <\/p>\n\n\n\n<p><\/p>\n\n\n\n<h2 class=\"wp-block-heading\">Profesyonel aktif karbon hava temizleyicimi nas\u0131l yap\u0131land\u0131rabilirim?<\/h2>\n\n\n\n<p>Gaz halindeki (molek\u00fcler) kirleticilerin <strong>aktif karbon<\/strong> gibi bir adsorban \u00fczerinde durduruldu\u011funu bilmek \u00f6nemlidir. Partik\u00fcl kirleticiler (toz, duman, sis, vb.) bir partik\u00fcl filtresi taraf\u0131ndan durdurulur. <\/p>\n\n\n\n<p>ePUR CA hava temizleyicileri 2 ila 3 yap\u0131land\u0131r\u0131labilir filtreleme a\u015famas\u0131 i\u00e7erebilir.<\/p>\n\n\n\n<p>Kirlilik partik\u00fcl halindeyse, 4 filtrasyon a\u015famas\u0131 farkl\u0131 partik\u00fcl boyutlar\u0131n\u0131n ard\u0131\u015f\u0131k olarak ayr\u0131lmas\u0131na adanm\u0131\u015ft\u0131r. <strong>ISO Coarse %50<\/strong> &#8216;den (eski ad\u0131yla G3) <strong>HEPA H14<\/strong>&#8216;e kadar t\u00fcm filtreleme s\u0131n\u0131flar\u0131 kullan\u0131labilir. <\/p>\n\n\n\n<p>Kirleticiler gaz halindeyse, aktif karbonu korumak i\u00e7in iki a\u015famal\u0131 aktif karbon ve bir ilk a\u015famal\u0131 partik\u00fcl filtresi gereklidir.<\/p>\n\n\n\n<p>Gaz ve partik\u00fcl kirleticilerin bir arada bulundu\u011fu durumlarda, partik\u00fcl filtre a\u015famalar\u0131 bir veya daha fazla aktif karbon filtre a\u015famas\u0131 ile birle\u015ftirilir. Partik\u00fcl filtreleri, aktif karbon filtresini korumak ve b\u00f6ylece uzun \u00f6m\u00fcrl\u00fcl\u00fc\u011f\u00fcn\u00fc ve verimlili\u011fini garanti etmek i\u00e7in vard\u0131r. <\/p>\n\n\n\n<blockquote class=\"wp-block-quote is-layout-flow wp-block-quote-is-layout-flow\">\n<p>Vir\u00fcs, bakteri, CMR veya tehlikeli tozlar\u0131n bulundu\u011fu yerlerde, <strong>y\u00fcksek verimli filtreler<\/strong> (EPE E11 ve \u00fcst\u00fc) se\u00e7ilmelidir.<\/p>\n<\/blockquote>\n\n\n\n<p>Y\u00fcksek toz konsantrasyonlar\u0131n\u0131n oldu\u011fu yerlerde, en y\u00fcksek kaliteli filtreyi korumak i\u00e7in \u00f6n filtreleme a\u015famalar\u0131n\u0131n say\u0131s\u0131n\u0131 art\u0131rmak \u00f6nemlidir. Bir H14 filtre, bir F8 filtrenin fiyat\u0131n\u0131n 4 kat\u0131na kadar de\u011ferli olabilir. <\/p>\n\n\n\n<p>Ayr\u0131ca, ar\u0131t\u0131lacak toz kaba ise y\u00fcksek verimli bir filtrenin mutlaka gerekli olmad\u0131\u011f\u0131n\u0131 da bilmelisiniz. Risk, kaba toz i\u00e7in uygun bir filtreden \u00e7ok daha h\u0131zl\u0131 t\u0131kanmas\u0131 ve bu nedenle de\u011fi\u015ftirilmesinin daha pahal\u0131 olmas\u0131d\u0131r. <\/p>\n\n\n\n<p>A\u015fa\u011f\u0131da olas\u0131 hava filtresi konfig\u00fcrasyonlar\u0131na baz\u0131 \u00f6rnekler verilmi\u015ftir:<\/p>\n\n\n\n<ul class=\"wp-block-list\">\n<li>L toz s\u0131n\u0131flar\u0131 i\u00e7in G4\/F8<\/li>\n\n\n\n<li>M ila H toz s\u0131n\u0131flar\u0131 i\u00e7in G4\/E11<\/li>\n\n\n\n<li>H toz s\u0131n\u0131flar\u0131 i\u00e7in G4 \/F8 \/ HEPA H14<\/li>\n\n\n\n<li>H toz s\u0131n\u0131flar\u0131 i\u00e7in G3\/F8\/H14<\/li>\n\n\n\n<li>M ila H toz s\u0131n\u0131flar\u0131 i\u00e7in G4 \/ F8 \/ E11<\/li>\n\n\n\n<li>M ila H toz s\u0131n\u0131flar\u0131 i\u00e7in G3 \/ F8 \/ E11<\/li>\n\n\n\n<li>G4 \/ F8\/ Toz s\u0131n\u0131f\u0131 L ve koku ar\u0131t\u0131m\u0131 i\u00e7in aktif karbon<\/li>\n\n\n\n<li>G3 \/ F8\/ Toz s\u0131n\u0131f\u0131 L ve koku ar\u0131t\u0131m\u0131 i\u00e7in aktif karbon<\/li>\n\n\n\n<li>F7\/ H14 \/ H s\u0131n\u0131f\u0131 toz ve koku ar\u0131t\u0131m\u0131 i\u00e7in aktif karbon<\/li>\n\n\n\n<li>F7\/E11\/ M&#8217;den H&#8217;ye kadar toz s\u0131n\u0131flar\u0131 ve koku ar\u0131t\u0131m\u0131 i\u00e7in aktif karbon.<\/li>\n\n\n\n<li>G4 \/ CA \/ CA Sadece koku ar\u0131t\u0131m\u0131 i\u00e7in.<\/li>\n<\/ul>\n\n\n\n<blockquote class=\"wp-block-quote is-layout-flow wp-block-quote-is-layout-flow\">\n<p>EPA E11&#8217;e kadar olan filtrelerimizin \u00e7o\u011fu %100 polyesterdir, boya, \u00e7\u00f6z\u00fcc\u00fc veya ba\u011flay\u0131c\u0131 i\u00e7ermez, bu nedenle kanserojen lifler salan cam lifleri kullanm\u0131yoruz.<\/p>\n<\/blockquote>\n\n\n\n<h2 class=\"wp-block-heading\">oberA markal\u0131 di\u011fer hava temizleyicileri<\/h2>\n\n\n\n<div class=\"wp-block-columns is-layout-flex wp-container-core-columns-is-layout-28f84493 wp-block-columns-is-layout-flex\">\n<div class=\"wp-block-column is-layout-flow wp-block-column-is-layout-flow\">\n<figure class=\"wp-block-image aligncenter size-medium\"><a href=\"https:\/\/obera.fr\/produits\/purificateurs-air\/filtower\/\"><img decoding=\"async\" width=\"300\" height=\"300\" src=\"https:\/\/obera.fr\/wp-content\/uploads\/2020\/09\/FILTOWER-SF-300x300.png\" alt=\"Filtower Sf\" class=\"wp-image-1017\" srcset=\"https:\/\/obera.fr\/wp-content\/uploads\/2020\/09\/FILTOWER-SF-300x300.png 300w, https:\/\/obera.fr\/wp-content\/uploads\/2020\/09\/FILTOWER-SF-150x150.png 150w, https:\/\/obera.fr\/wp-content\/uploads\/2020\/09\/FILTOWER-SF.png 600w\" sizes=\"(max-width: 300px) 100vw, 300px\" \/><\/a><figcaption class=\"wp-element-caption\">Filtower<\/figcaption><\/figure>\n<\/div>\n\n\n\n<div class=\"wp-block-column is-layout-flow wp-block-column-is-layout-flow\">\n<figure class=\"wp-block-image aligncenter size-medium\"><a href=\"https:\/\/obera.fr\/produits\/purificateurs-air\/industriel-epur\/\"><img decoding=\"async\" width=\"214\" height=\"300\" src=\"https:\/\/obera.fr\/wp-content\/uploads\/2020\/10\/ePUR100-214x300.png\" alt=\"Epur100\" class=\"wp-image-1210\" srcset=\"https:\/\/obera.fr\/wp-content\/uploads\/2020\/10\/ePUR100-214x300.png 214w, https:\/\/obera.fr\/wp-content\/uploads\/2020\/10\/ePUR100.png 400w\" sizes=\"(max-width: 214px) 100vw, 214px\" \/><\/a><figcaption class=\"wp-element-caption\">ePUR<\/figcaption><\/figure>\n<\/div>\n\n\n\n<div class=\"wp-block-column is-layout-flow wp-block-column-is-layout-flow\">\n<figure class=\"wp-block-image aligncenter size-medium\"><a href=\"https:\/\/obera.fr\/produits\/purificateurs-air\/poussieres-epur-b01-ecoprime\/\"><img decoding=\"async\" width=\"300\" height=\"300\" src=\"https:\/\/obera.fr\/wp-content\/uploads\/2020\/09\/epur-b01-ecoprime-300x300.jpg\" alt=\"Epur B01 Ecoprime\" class=\"wp-image-1008\" srcset=\"https:\/\/obera.fr\/wp-content\/uploads\/2020\/09\/epur-b01-ecoprime-300x300.jpg 300w, https:\/\/obera.fr\/wp-content\/uploads\/2020\/09\/epur-b01-ecoprime-150x150.jpg 150w, https:\/\/obera.fr\/wp-content\/uploads\/2020\/09\/epur-b01-ecoprime.jpg 433w\" sizes=\"(max-width: 300px) 100vw, 300px\" \/><\/a><figcaption class=\"wp-element-caption\">ePUR B01 Ecoprime<\/figcaption><\/figure>\n<\/div>\n<\/div>\n\n\n\n<p><\/p>\n","protected":false},"excerpt":{"rendered":"<p>ePUR CA profesyonel hava temizleyicilerimiz, boru tesisat\u0131 veya montaj gerektirmeyen mobil aktif karbon hava i\u015fleme \u00fcniteleridir. Profesyonel hava temizleme cihazlar\u0131m\u0131z nas\u0131l \u00e7al\u0131\u015f\u0131r? \u00c7al\u0131\u015fmas\u0131 basittir: kirli hava \u00fcnitenin \u00fcst k\u0131sm\u0131ndan i\u00e7eri \u00e7ekilir. Daha sonra, kat\u0131 ve s\u0131v\u0131 partik\u00fcller birbirini takip eden filtre katmanlar\u0131 taraf\u0131ndan ve gaz halindeki kirleticiler de aktif karbon filtre taraf\u0131ndan durdurulur. Hava temizleyici, bir \u00e7al\u0131\u015fma alan\u0131ndaki havay\u0131 \u00e7e\u015fitli filtreleme a\u015famalar\u0131ndan ge\u00e7irerek temizler. Hava temizleyici, yukar\u0131dan hafif\u00e7e daha s\u0131cak bir hava s\u00fctunu \u00e7eker ve bunu zemin seviyesindeki \u00e7al\u0131\u015fma alan\u0131na geri bo\u015falt\u0131r. Bu daha hafif hava odada do\u011fal olarak y\u00fckselir ve hacimdeki t\u00fcm havay\u0131 i\u015fleyen dairesel bir hareket olu\u015fturur. Hava &#8230; <\/p>\n<p class=\"read-more-container\"><a title=\"ePUR CA profesyonel hava temizleyici\" class=\"read-more button\" href=\"https:\/\/obera.fr\/tr\/produits\/purificateurs-air\/professionnel-epur-ca\/#more-51960\" aria-label=\"Read more about ePUR CA profesyonel hava temizleyici\">Lire la suite<\/a><\/p>\n","protected":false},"author":4,"featured_media":83752,"parent":51942,"menu_order":0,"comment_status":"closed","ping_status":"closed","template":"","meta":{"_acf_changed":false,"_seopress_robots_primary_cat":"","_seopress_titles_title":"ePUR CA profesyonel aktif karbon hava temizleyici","_seopress_titles_desc":"oberA ePUR CA profesyonel hava temizleyici, boru tesisat\u0131 gerektirmeyen mobil bir aktif karbon hava i\u015fleme \u00fcnitesidir.","_seopress_robots_index":"","footnotes":""},"class_list":{"0":"post-51960","1":"page","2":"type-page","3":"status-publish","4":"has-post-thumbnail","6":"no-featured-image-padding","7":"resize-featured-image"},"acf":[],"_links":{"self":[{"href":"https:\/\/obera.fr\/tr\/wp-json\/wp\/v2\/pages\/51960","targetHints":{"allow":["GET"]}}],"collection":[{"href":"https:\/\/obera.fr\/tr\/wp-json\/wp\/v2\/pages"}],"about":[{"href":"https:\/\/obera.fr\/tr\/wp-json\/wp\/v2\/types\/page"}],"author":[{"embeddable":true,"href":"https:\/\/obera.fr\/tr\/wp-json\/wp\/v2\/users\/4"}],"replies":[{"embeddable":true,"href":"https:\/\/obera.fr\/tr\/wp-json\/wp\/v2\/comments?post=51960"}],"version-history":[{"count":9,"href":"https:\/\/obera.fr\/tr\/wp-json\/wp\/v2\/pages\/51960\/revisions"}],"predecessor-version":[{"id":88739,"href":"https:\/\/obera.fr\/tr\/wp-json\/wp\/v2\/pages\/51960\/revisions\/88739"}],"up":[{"embeddable":true,"href":"https:\/\/obera.fr\/tr\/wp-json\/wp\/v2\/pages\/51942"}],"wp:featuredmedia":[{"embeddable":true,"href":"https:\/\/obera.fr\/tr\/wp-json\/wp\/v2\/media\/83752"}],"wp:attachment":[{"href":"https:\/\/obera.fr\/tr\/wp-json\/wp\/v2\/media?parent=51960"}],"curies":[{"name":"wp","href":"https:\/\/api.w.org\/{rel}","templated":true}]}}