{"id":65437,"date":"2019-06-19T00:00:09","date_gmt":"2019-06-18T22:00:09","guid":{"rendered":"https:\/\/obera.fr\/politique-sur-les-cookies\/"},"modified":"2025-04-11T10:39:12","modified_gmt":"2025-04-11T08:39:12","slug":"politique-sur-les-cookies","status":"publish","type":"page","link":"https:\/\/obera.fr\/tr\/politique-sur-les-cookies\/","title":{"rendered":"\u00c7erez politikas\u0131"},"content":{"rendered":"\n<h2 class=\"wp-block-heading\" id=\"definition-des-termes-utilises-dans-la-politique-de-confidentialite\">Gizlilik politikas\u0131nda kullan\u0131lan terimlerin tan\u0131m\u0131<\/h2>\n\n<p>A\u015fa\u011f\u0131da &#8216;ye at\u0131fta bulunaca\u011f\u0131z:<\/p>\n\n<ul class=\"wp-block-list\">\n<li><strong>&#8220;Ki\u015fisel veri&#8221; <\/strong>, 6 Ocak 1978 tarihli Frans\u0131z Veri Koruma Kanunu uyar\u0131nca <em>&#8220;bir kimlik numaras\u0131na veya o ki\u015fiye \u00f6zg\u00fc bir veya daha fazla fakt\u00f6re at\u0131fta bulunarak do\u011frudan veya dolayl\u0131<\/em> olarak tan\u0131mlanan <em>veya tan\u0131mlanabilen ger\u00e7ek bir ki\u015fiye ili\u015fkin her t\u00fcrl\u00fc bilgi<\/em> &#8221; olarak tan\u0131mlanmaktad\u0131r.<\/li>\n\n\n\n<li><strong>&#8220;Site&#8221;<\/strong> veya <strong>&#8220;Hizmet&#8221;:<\/strong> https:\/\/obera.fr\/ sitesi ve t\u00fcm sayfalar\u0131.<\/li>\n\n\n\n<li><strong>&#8220;Yay\u0131nc\u0131&#8221;<\/strong> veya <strong>&#8220;Biz&#8221;<\/strong>: oberA, Site&#8217;nin yay\u0131n\u0131ndan ve i\u00e7eri\u011finden sorumlu t\u00fczel veya ger\u00e7ek ki\u015fi.<\/li>\n\n\n\n<li><strong>&#8220;Kullan\u0131c\u0131&#8221; <\/strong>veya <strong>&#8220;Siz&#8221;<\/strong>: Site Hizmetlerini ziyaret eden ve kullanan \u0130nternet kullan\u0131c\u0131s\u0131.<\/li>\n<\/ul>\n\n<h2 class=\"wp-block-heading\" id=\"article-1-introduction-et-role-de-la-politique-de-confidentialite\">Madde 1 &#8211; Giri\u015f ve Gizlilik Politikas\u0131n\u0131n rol\u00fc<\/h2>\n\n<p>Bu t\u00fcz\u00fc\u011f\u00fcn amac\u0131, gizlili\u011finize sayg\u0131 g\u00f6sterilmesi ve Hizmeti kulland\u0131\u011f\u0131n\u0131zda toplanan ve i\u015flenen Ki\u015fisel Verilerinizin korunmas\u0131na ili\u015fkin olarak Sitenin taahh\u00fctleri hakk\u0131nda sizi bilgilendirmektir.<\/p>\n\n<p>Verilerinizi neden ve nas\u0131l kulland\u0131\u011f\u0131m\u0131z\u0131n fark\u0131nda olman\u0131z i\u00e7in bu gizlilik politikas\u0131n\u0131 okuman\u0131z \u00f6nemlidir.<\/p>\n\n<p>Siteye kaydolarak, bize kendiniz hakk\u0131nda do\u011fru bilgi vermeyi taahh\u00fct edersiniz. Yanl\u0131\u015f bilgi vermek, Sitede belirtilen h\u00fck\u00fcm ve ko\u015fullara ayk\u0131r\u0131d\u0131r. <\/p>\n\n<p>Bu Gizlilik Politikas\u0131n\u0131n, \u00f6zellikle mevzuat, y\u00f6netmelik, i\u00e7tihat veya teknolojideki herhangi bir de\u011fi\u015fikli\u011fe uymak i\u00e7in herhangi bir zamanda de\u011fi\u015ftirilebilece\u011fini veya tamamlanabilece\u011fini l\u00fctfen unutmay\u0131n. Herhangi bir g\u00fcncellemenin tarihi a\u00e7\u0131k\u00e7a belirtilecektir. <\/p>\n\n<p>Bu de\u011fi\u015fiklikler \u00e7evrimi\u00e7i olarak yay\u0131nlan\u0131r yay\u0131nlanmaz sizi ba\u011flar. Bu nedenle, de\u011fi\u015fiklikleri not etmek i\u00e7in sizi d\u00fczenli olarak bu Gizlilik Politikas\u0131na ba\u015fvurmaya davet ediyoruz.<\/p>\n\n<p>Ayr\u0131ca gizlilik haklar\u0131n\u0131z\u0131n ve yasalar\u0131n sizi nas\u0131l korudu\u011funun bir a\u00e7\u0131klamas\u0131n\u0131 da bulacaks\u0131n\u0131z.<\/p>\n\n<p>Bu Gizlilik Politikas\u0131 hakk\u0131nda herhangi bir sorunuz varsa veya bu Gizlilik Politikas\u0131n\u0131n 10. Maddesinde a\u00e7\u0131klanan haklar\u0131n\u0131z\u0131 kullanmak istiyorsan\u0131z, l\u00fctfen info@obera.fr adresinden e-posta yoluyla veya posta yoluyla bizimle ileti\u015fime ge\u00e7in: oberA, 4 Rue Denis Papin<br\/>67400 Illkirch-Graffenstaden.<\/p>\n\n<h2 class=\"wp-block-heading\" id=\"article-2-donnees-collectees-sur-le-site\">Madde 2 &#8211; Sitede toplanan veriler<\/h2>\n\n<p>Site taraf\u0131ndan toplanan ve daha sonra i\u015flenen Veriler, Sitedeki \u00e7e\u015fitli formlar\u0131 doldurarak bize g\u00f6n\u00fcll\u00fc olarak iletti\u011finiz verilerdir. \u0130\u00e7erikle ilgili belirli i\u015flemler i\u00e7in, \u00f6zellikle \u00f6deme yapt\u0131\u011f\u0131n\u0131zda, ki\u015fisel verilerinizi kendi hizmetleri arac\u0131l\u0131\u011f\u0131yla \u00fc\u00e7\u00fcnc\u00fc taraf ortaklara iletmeniz istenebilir. Toplanmas\u0131 ve i\u015flenmesi bu taraflara \u00f6zg\u00fc ko\u015fullara tabi oldu\u011fundan, bu verilere eri\u015fimimiz olmayacakt\u0131r. Bu ba\u011flamda Verilerinizi iletmeden \u00f6nce sizi onlar\u0131n ko\u015fullar\u0131na ba\u015fvurmaya davet ediyoruz.   <\/p>\n\n<p>IP adresiniz (internette bilgisayar\u0131n\u0131za atanan kimlik numaras\u0131) otomatik olarak toplan\u0131r. Hizmetin, bu Sitenin genel h\u00fck\u00fcm ve ko\u015fullar\u0131nda a\u00e7\u0131kland\u0131\u011f\u0131 gibi, \u0130nternet taray\u0131c\u0131n\u0131zdaki ilgili ayarlar\u0131 de\u011fi\u015ftirerek \u00f6nleyebilece\u011finiz bir otomatik izleme i\u015flemi (\u00c7erez) uygulayabilece\u011fi konusunda bilgilendirilirsiniz. <\/p>\n\n<p>Genel olarak, https:\/\/obera.fr\/ web sitesini kendiniz hakk\u0131nda herhangi bir ki\u015fisel bilgi vermeden ziyaret edebilirsiniz. Her durumda, bu bilgileri iletme y\u00fck\u00fcml\u00fcl\u00fc\u011f\u00fcn\u00fcz yoktur. Ancak, reddetmeniz halinde, belirli bilgi veya hizmetlerden yararlanamayabilirsiniz.  <\/p>\n\n<p>Ayr\u0131ca herhangi bir ama\u00e7 i\u00e7in istatistiksel veya demografik veriler gibi toplu verileri toplar, kullan\u0131r ve payla\u015f\u0131r\u0131z. Toplu veriler ki\u015fisel bilgilerinizden t\u00fcretilebilir ancak kimli\u011finizi do\u011frudan ortaya koymad\u0131\u011f\u0131 i\u00e7in yasalar taraf\u0131ndan bu \u015fekilde kapsanmaz. \u00d6rne\u011fin, Sitenin belirli bir \u00f6zelli\u011fine eri\u015fen kullan\u0131c\u0131lar\u0131n y\u00fczdesini hesaplamak i\u00e7in kullan\u0131m verilerinizi bir araya getirebiliriz.  <\/p>\n\n<p>Daha iyi i\u00e7erik ve hizmetler sunabilmek i\u00e7in https:\/\/obera.fr\/ web sitesi Google Analytics analiz hizmetini kullanmaktad\u0131r. Google Analytics, \u00fc\u00e7\u00fcnc\u00fc taraf web sitelerindeki gezinme al\u0131\u015fkanl\u0131klar\u0131n\u0131z\u0131 takip etmez. Google Analytics&#8217;in eri\u015febildi\u011fi sizinle ilgili bilgiler, hakk\u0131n\u0131zda herhangi bir ki\u015fisel veri i\u00e7ermez.  <\/p>\n\n<p>&#8220;Hassas&#8221; veri toplam\u0131yoruz.<\/p>\n\n<p>Siteye kay\u0131t yapt\u0131ran Site Kullan\u0131c\u0131lar\u0131n\u0131n ileti\u015fim bilgileri, 6 Ocak 1978 tarihli Frans\u0131z Veri Koruma Yasas\u0131 h\u00fck\u00fcmlerine uygun olarak saklanacakt\u0131r. \u0130kincisine uygun olarak, sa\u011flad\u0131klar\u0131 Verilere eri\u015fme, geri \u00e7ekme, de\u011fi\u015ftirme veya d\u00fczeltme hakk\u0131na sahiptirler. Bunun i\u00e7in a\u015fa\u011f\u0131daki e-posta adresine bir talep g\u00f6ndermeniz yeterlidir: info@obera.fr veya posta yoluyla: oberA, 4 Rue Denis Papin 67400 Illkirch-Graffenstaden.<\/p>\n\n<p>Yay\u0131nc\u0131n\u0131n Kullan\u0131c\u0131lar\u0131n Ki\u015fisel Verilerini toplamas\u0131, Frans\u0131z ki\u015fisel veri koruma otoritesine (Commission Nationale de l&#8217;Informatique et des Libert\u00e9s &#8211; CNIL) herhangi bir beyanda bulunulmas\u0131n\u0131 gerektirmez.<\/p>\n\n<h2 class=\"wp-block-heading\" id=\"article-3-identite-du-responsable-du-traitement\">Madde 3 &#8211; Veri sorumlusunun kimli\u011fi<\/h2>\n\n<p>Veri denetleyicisi, kay\u0131tl\u0131 ofisi 4 Rue Denis Papin 67400 Illkirch-Graffenstaden adresinde bulunan oberA&#8217;d\u0131r.<\/p>\n\n<h2 class=\"wp-block-heading\" id=\"article-4-finalite-des-donnees-collectees\">Madde 4 &#8211; Toplanan Verilerin Amac\u0131<\/h2>\n\n<p>Sitenin formlar\u0131nda zorunlu olarak tan\u0131mlanan Veriler, Sitenin ilgili i\u015flevlerinden ve daha spesifik olarak Sitede sunulan i\u00e7erikle ilgili i\u015flemlerden yararlanabilmek i\u00e7in gereklidir.<\/p>\n\n<p>Site, Kullan\u0131c\u0131 Verilerini toplayabilir ve i\u015fleyebilir:<\/p>\n\n<ul class=\"wp-block-list\">\n<li>Abone oldu\u011funuz bilgi veya hizmetleri size sa\u011flamak amac\u0131yla, \u00f6zellikle: size haber b\u00fcltenleri g\u00f6ndermek.<\/li>\n\n\n\n<li>Sitemizi, \u00fcr\u00fcnlerimizi ve hizmetlerimizi geli\u015ftirmemizi sa\u011flayacak bilgileri toplamak amac\u0131yla (\u00f6zellikle \u00e7erez kullan\u0131m\u0131 yoluyla).<\/li>\n\n\n\n<li>Hakk\u0131nda sizinle ileti\u015fime ge\u00e7mek amac\u0131yla : Web projesi.<\/li>\n<\/ul>\n\n<h2 class=\"wp-block-heading\" id=\"article-5-destinataires-et-utilisation-des-donnees-collectees\">Madde 5 &#8211; Toplanan Verilerin Al\u0131c\u0131lar\u0131 ve Kullan\u0131m\u0131<\/h2>\n\n<p>Taraf\u0131m\u0131zca toplanan Veriler, Hizmetin i\u00e7eri\u011fine ili\u015fkin i\u015flemlerin ger\u00e7ekle\u015ftirilmesi amac\u0131yla i\u015flenmektedir.<\/p>\n\n<p>Hizmetimizden, \u00f6zellikle kabul etti\u011finiz haber b\u00fcltenlerinin bir par\u00e7as\u0131 olarak elektronik posta (e-postalar) alabilirsiniz. info@obera.fr adresinden bizimle ileti\u015fime ge\u00e7erek veya size g\u00f6nderilen e-postalar\u0131n her birinde bu ama\u00e7 i\u00e7in sa\u011flanan ba\u011flant\u0131ya t\u0131klayarak bu e-postalar\u0131 art\u0131k almamay\u0131 isteyebilirsiniz. <\/p>\n\n<p>Ki\u015fisel bilgilerinizi yaln\u0131zca oberA al\u0131r. Bu bilgiler, oberA&#8217;n\u0131n kulland\u0131\u011f\u0131 alt y\u00fcklenicilere bak\u0131lmaks\u0131z\u0131n, asla \u00fc\u00e7\u00fcnc\u00fc bir tarafa aktar\u0131lmaz. Ne oberA ne de alt y\u00fcklenicileri, Site ziyaret\u00e7ilerinin ve kullan\u0131c\u0131lar\u0131n\u0131n ki\u015fisel verilerini pazarlamaz.  <\/p>\n\n<p>Ki\u015fisel verileriniz, bu gizlilik politikas\u0131nda belirtilen ama\u00e7lar do\u011frultusunda a\u015fa\u011f\u0131da listelenen taraflarla payla\u015f\u0131labilir.<\/p>\n\n<p>T\u00fcm \u00fc\u00e7\u00fcnc\u00fc taraflardan ki\u015fisel verilerinizin g\u00fcvenli\u011fini garanti etmelerini ve yasalara uygun \u015fekilde i\u015flem yapmalar\u0131n\u0131 talep ediyoruz. \u00dc\u00e7\u00fcnc\u00fc taraf hizmet sa\u011flay\u0131c\u0131lar\u0131m\u0131z\u0131n verilerinizi kullanmas\u0131na izin vermiyoruz. <\/p>\n\n<h2 class=\"wp-block-heading\" id=\"article-6-fondements-legaux-regissant-le-traitement-des-donnees\">Madde 6 &#8211; Veri i\u015flemenin yasal dayana\u011f\u0131<\/h2>\n\n<p>Genel Veri Koruma Y\u00f6netmeli\u011fi (GDPR) uyar\u0131nca, oberA ki\u015fisel verileri yaln\u0131zca a\u015fa\u011f\u0131daki durumlarda i\u015fler:<\/p>\n\n<ul class=\"wp-block-list\">\n<li>sizin <strong>izninizle<\/strong>;<\/li>\n\n\n\n<li><strong>s\u00f6zle\u015fmeye dayal\u0131 bir y\u00fck\u00fcml\u00fcl\u00fc\u011f\u00fcn<\/strong> (oberA ile sizin aran\u0131zda bir s\u00f6zle\u015fme) oldu\u011fu durumlarda;<\/li>\n\n\n\n<li><strong>yasal <\/strong> bir <strong>y\u00fck\u00fcml\u00fcl\u00fc\u011f\u00fc <\/strong> yerine getirmek i\u00e7in (AB veya ulusal mevzuat kapsam\u0131nda).<\/li>\n<\/ul>\n\n<h2 class=\"wp-block-heading\" id=\"article-7-securite-des-donnees\">Madde 7 &#8211; Veri g\u00fcvenli\u011fi<\/h2>\n\n<p>Verilerinizin bir yasa, y\u00f6netmelik veya yetkili bir d\u00fczenleyici veya adli makam\u0131n karar\u0131 uyar\u0131nca veya gerekirse Yay\u0131nc\u0131n\u0131n hak ve menfaatlerini korumak amac\u0131yla if\u015fa edilebilece\u011fi konusunda bilgilendirilirsiniz.<\/p>\n\n<p>Ki\u015fisel verilerinizin yanl\u0131\u015fl\u0131kla kaybolmas\u0131n\u0131, kullan\u0131lmas\u0131n\u0131, de\u011fi\u015ftirilmesini, if\u015fa edilmesini veya izinsiz olarak eri\u015filmesini \u00f6nlemek i\u00e7in uygun g\u00fcvenlik \u00f6nlemlerini uygulamaya koyduk. Buna ek olarak, ki\u015fisel verilerinize eri\u015fim tan\u0131mlanm\u0131\u015f ve belgelenmi\u015f bir g\u00fcvenlik prosed\u00fcr\u00fcne tabidir. <\/p>\n\n<p>Genel olarak, oberA toplanan verileri y\u00fcr\u00fcrl\u00fckteki mevzuata ve \u00f6zellikle RGPD olarak bilinen ki\u015fisel verilerin i\u015flenmesi ve bu t\u00fcr verilerin serbest dola\u015f\u0131m\u0131na ili\u015fkin olarak bireylerin korunmas\u0131na ili\u015fkin 27 Nisan 2016 tarihli Avrupa Parlamentosu ve Konseyi Y\u00f6netmeli\u011fi (AB) 2016\/679&#8217;a tam olarak uygun \u015fekilde kullanmay\u0131 taahh\u00fct eder.<\/p>\n\n<p>Bu ama\u00e7la, oberA \u00f6zellikle \u015funlar\u0131 taahh\u00fct eder:<\/p>\n\n<ul class=\"wp-block-list\">\n<li>Avrupa Birli\u011fi i\u00e7inde veri bar\u0131nd\u0131rma;<\/li>\n\n\n\n<li>Verileri burada belirtilen ama\u00e7lar d\u0131\u015f\u0131nda kullanmay\u0131n;<\/li>\n\n\n\n<li>Yukar\u0131da belirtilen teknik hizmet sa\u011flay\u0131c\u0131lar\u0131 d\u0131\u015f\u0131nda, \u00f6zel veya kamusal, ger\u00e7ek veya t\u00fczel \u00fc\u00e7\u00fcnc\u00fc \u015fah\u0131slara veri if\u015fa etmemek;<\/li>\n\n\n\n<li>Veriler i\u00e7in do\u011frudan veya dolayl\u0131 sonu\u00e7lar\u0131 olan ve\/veya kazara verilerin if\u015fa edilmesine veya verilere yetkisiz eri\u015fime yol a\u00e7abilecek herhangi bir g\u00fcvenlik ihlali veya g\u00fcvenlik a\u00e7\u0131\u011f\u0131 konusunda kullan\u0131c\u0131lar\u0131 bilgilendirmek.<\/li>\n<\/ul>\n\n<h2 class=\"wp-block-heading\" id=\"article-8-duree-de-conservation-des-donnees\">Madde 8 &#8211; Veri saklama s\u00fcresi<\/h2>\n\n<p>Veriler, ileti\u015fim bilgileri Sitenin yasal bildiriminde verilen site sunucusu taraf\u0131ndan saklan\u0131r ve yukar\u0131da belirtilen ama\u00e7lara ula\u015fmak i\u00e7in kesinlikle gerekli olan ve 36 ay\u0131 a\u015fmayan s\u00fcre boyunca saklan\u0131r. Bu s\u00fcrenin \u00f6tesinde, yaln\u0131zca istatistiksel ama\u00e7lar i\u00e7in saklanacak ve hi\u00e7bir \u015fekilde kullan\u0131lmayacakt\u0131r. <\/p>\n\n<h2 class=\"wp-block-heading\" id=\"article-9-prestataires-habilites-et-transfert-vers-un-pays-tiers-de-l-union-europeenne\">Madde 9 &#8211; Yetkili hizmet sa\u011flay\u0131c\u0131lar ve Avrupa Birli\u011fi d\u0131\u015f\u0131ndaki \u00fclkelere transferler<\/h2>\n\n<p>oberA, bize iletti\u011finiz verilerin toplanmas\u0131n\u0131 ve i\u015flenmesini kolayla\u015ft\u0131rmak i\u00e7in yetkili hizmet sa\u011flay\u0131c\u0131lara ba\u015fvurdu\u011funu size bildirir. Bu hizmet sa\u011flay\u0131c\u0131lar Avrupa Birli\u011fi d\u0131\u015f\u0131nda bulunabilir ve Sitedeki \u00e7e\u015fitli formlar arac\u0131l\u0131\u011f\u0131yla toplanan verileri alabilir. <\/p>\n\n<p>oberA, \u00f6ncelikle hizmet sa\u011flay\u0131c\u0131lar\u0131n\u0131n gizlilik, kullan\u0131m ve veri koruma a\u00e7\u0131s\u0131ndan yeterli garantileri sa\u011flamas\u0131n\u0131 ve kat\u0131 ko\u015fullara uymas\u0131n\u0131 sa\u011flam\u0131\u015ft\u0131r. \u00d6zellikle, verilerin \u00fc\u00e7\u00fcnc\u00fc bir \u00fclkeye aktar\u0131lmas\u0131 i\u00e7in yasal bir dayanak olmas\u0131n\u0131 sa\u011flad\u0131k. Bu ba\u011flamda, hizmet sa\u011flay\u0131c\u0131lar\u0131m\u0131zdan baz\u0131lar\u0131 2016 y\u0131l\u0131nda CNIL taraf\u0131ndan onaylanan i\u00e7 kurallara (veya &#8216;Ba\u011flay\u0131c\u0131 Kurumsal Kurallara&#8217;) tabiyken, di\u011ferleri yaln\u0131zca Standart S\u00f6zle\u015fme Maddelerine de\u011fil, ayn\u0131 zamanda Gizlilik Kalkan\u0131na da uymaktad\u0131r.  <\/p>\n\n<h2 class=\"wp-block-heading\" id=\"article-10-droits-informatiques-et-libertes\">Madde 10 &#8211; Veri i\u015fleme haklar\u0131 ve \u00f6zg\u00fcrl\u00fckleri<\/h2>\n\n<p>Ki\u015fisel verilerin korunmas\u0131na ili\u015fkin mevzuat uyar\u0131nca, yukar\u0131da verilen posta adresinden (oberA, 4 Rue Denis Papin 67400 Illkirch-Graffenstaden) bize yazarak veya info@obera.fr adresine e-posta g\u00f6ndererek bu Gizlilik Politikas\u0131n\u0131n 1. Maddesinde belirtildi\u011fi \u015fekilde kullanabilece\u011finiz a\u015fa\u011f\u0131da ayr\u0131nt\u0131lar\u0131 verilen haklara sahipsiniz:<\/p>\n\n<ul class=\"wp-block-list\">\n<li>Bilgi edinme hakk\u0131: ki\u015fisel verilerinizi nas\u0131l kulland\u0131\u011f\u0131m\u0131z konusunda sizi bilgilendirme y\u00fck\u00fcml\u00fcl\u00fc\u011f\u00fcm\u00fcz bulunmaktad\u0131r (bu gizlilik politikas\u0131nda a\u00e7\u0131kland\u0131\u011f\u0131 \u00fczere).<\/li>\n\n\n\n<li>Eri\u015fim hakk\u0131: Bu, elimizde bulunan ki\u015fisel verilerin bir kopyas\u0131n\u0131 almak i\u00e7in sizinle ilgili verilere eri\u015fim talebinde bulunma hakk\u0131n\u0131zd\u0131r. Ancak, oberA&#8217;n\u0131n ki\u015fisel verilerin i\u015flenmesindeki g\u00fcvenlik ve gizlilik y\u00fck\u00fcml\u00fcl\u00fc\u011f\u00fc nedeniyle, talebinizin, \u00f6zellikle ge\u00e7erli kimlik belgenizin bir taramas\u0131n\u0131 veya fotokopisini sunarak kimli\u011finizi kan\u0131tlaman\u0131za ba\u011fl\u0131 olarak i\u015fleme al\u0131naca\u011f\u0131 konusunda bilgilendirilirsiniz.<\/li>\n\n\n\n<li>D\u00fczeltme hakk\u0131: sizinle ilgili eksik veya yanl\u0131\u015f olabilecek ki\u015fisel verileri d\u00fczeltmemizi isteme hakk\u0131. Bu hak kapsam\u0131nda yasa, sizinle ilgili yanl\u0131\u015f, hatal\u0131, eksik veya eski olabilecek verilerin d\u00fczeltilmesini, g\u00fcncellenmesini, engellenmesini veya silinmesini talep etmenize olanak tan\u0131r. <\/li>\n\n\n\n<li>&#8220;Unutulma hakk\u0131&#8221; olarak da bilinen silme hakk\u0131: belirli durumlarda, hakk\u0131n\u0131zda sahip oldu\u011fumuz ki\u015fisel verileri silmemizi isteyebilirsiniz (saklamam\u0131z i\u00e7in zorlay\u0131c\u0131 bir yasal neden olmad\u0131\u011f\u0131 s\u00fcrece).<\/li>\n\n\n\n<li>\u0130\u015flemeyi k\u0131s\u0131tlama hakk\u0131: belirli durumlarda bizden ki\u015fisel verilerinizin i\u015flenmesini ask\u0131ya almam\u0131z\u0131 isteme hakk\u0131na sahipsiniz,<\/li>\n\n\n\n<li>Veri ta\u015f\u0131nabilirli\u011fi hakk\u0131: ki\u015fisel verilerinizin bir kopyas\u0131n\u0131 ortak bir formatta (\u00f6rne\u011fin bir .csv dosyas\u0131) bizden isteme hakk\u0131na sahipsiniz.<\/li>\n\n\n\n<li>\u0130tiraz hakk\u0131: Ki\u015fisel verilerinizin i\u015flenmesine itiraz etme hakk\u0131na sahipsiniz (\u00f6rne\u011fin, verilerinizi do\u011frudan pazarlama amac\u0131yla i\u015flememizi yasaklayarak).<\/li>\n<\/ul>\n\n<p>Ancak, bu hak yaln\u0131zca \u015fu iki durumdan birinde kullan\u0131labilir: bu hakk\u0131n kullan\u0131m\u0131 me\u015fru gerek\u00e7elere dayand\u0131\u011f\u0131nda veya bu hakk\u0131n kullan\u0131m\u0131 toplanan verilerin ticari ara\u015ft\u0131rma amac\u0131yla kullan\u0131lmas\u0131n\u0131 \u00f6nlemeyi ama\u00e7lad\u0131\u011f\u0131nda.<\/p>\n\n<p>Yukar\u0131da a\u00e7\u0131klanan haklardan herhangi birini kullanmak isterseniz oberA, 4 Rue Denis Papin 67400 Illkirch-Graffenstaden adresine yazarak veya info@obera.fr adresine e-posta g\u00f6ndererek bizimle ileti\u015fime ge\u00e7in.<\/p>\n\n<p>Ki\u015fisel verilerinize eri\u015fim i\u00e7in (veya ba\u015fka herhangi bir hakk\u0131n\u0131z\u0131 kullanmak i\u00e7in) sizden \u00fccret talep edilmeyecektir. Ancak, talebinizin a\u00e7\u0131k\u00e7a temelsiz, tekrarlay\u0131c\u0131 veya a\u015f\u0131r\u0131 olmas\u0131 halinde sizden makul bir \u00fccret talep edebiliriz. Bu durumda, talebinize yan\u0131t vermeyi de reddedebiliriz.  <\/p>\n\n<p>oberA, gerekti\u011finde, sistematik veya tekrarlayan nitelikleri veya say\u0131lar\u0131 nedeniyle a\u00e7\u0131k\u00e7a k\u00f6t\u00fcye kullan\u0131lan taleplere kar\u015f\u0131 \u00e7\u0131kma hakk\u0131na sahip olacakt\u0131r.<\/p>\n\n<p>Kimli\u011finizi do\u011frulamak ve ki\u015fisel verilerinize eri\u015fim hakk\u0131n\u0131z\u0131 sa\u011flamak (veya ba\u015fka herhangi bir hakk\u0131n\u0131z\u0131 kullanmak) i\u00e7in sizden belirli bilgiler isteyebiliriz. Bu, ki\u015fisel verilerin bunlar\u0131 almaya yetkili olmayan ki\u015filere if\u015fa edilmemesini sa\u011flamak i\u00e7in bir g\u00fcvenlik \u00f6nlemidir. Ayr\u0131ca, size daha h\u0131zl\u0131 yan\u0131t verebilmek amac\u0131yla talebiniz hakk\u0131nda daha fazla bilgi almak i\u00e7in sizinle ileti\u015fime ge\u00e7ebiliriz.  <\/p>\n\n<p>T\u00fcm me\u015fru taleplere bir ay i\u00e7inde yan\u0131t vermeye \u00e7al\u0131\u015f\u0131yoruz. Talebiniz \u00f6zellikle karma\u015f\u0131ksa veya birden fazla talepte bulunduysan\u0131z bu bir ayl\u0131k s\u00fcre a\u015f\u0131labilir. Bu durumda, sizi bilgilendirece\u011fiz ve sizi bilgilendirmeye devam edece\u011fiz.  <\/p>\n\n<h2 class=\"wp-block-heading\" id=\"article-11-plainte-aupres-de-l-autorite-de-protection-des-donnees\">Madde 11 &#8211; Veri Koruma Kurumuna \u015eikayetler<\/h2>\n\n<p>oberA&#8217;n\u0131n Ki\u015fisel Bilgilerinizle ilgili y\u00fck\u00fcml\u00fcl\u00fcklerine uymad\u0131\u011f\u0131n\u0131 d\u00fc\u015f\u00fcn\u00fcyorsan\u0131z, yetkili makama bir \u015fikayette veya talepte bulunabilirsiniz. Fransa&#8217;da yetkili makam CNIL&#8217;dir ve bu makama a\u015fa\u011f\u0131daki adresten elektronik olarak bir talep g\u00f6nderebilirsiniz: https: <a href=\"https:\/\/www.cnil.fr\/fr\/plaintes\/internet\">\/\/www.cnil.fr\/fr\/plaintes\/internet<\/a>. <\/p>\n\n<h2 class=\"wp-block-heading\" id=\"article-12-politique-relative-aux-cookies\">Madde 12 &#8211; \u00c7erez politikas\u0131<\/h2>\n\n<p>https:\/\/obera.fr\/ web sitesine ilk ba\u011fland\u0131\u011f\u0131n\u0131zda, ekran\u0131n\u0131z\u0131n alt\u0131ndaki bir ba\u015fl\u0131k, gezinmenizle ilgili bilgilerin &#8220;\u00e7erezler&#8221; olarak bilinen alfan\u00fcmerik dosyalara kaydedilebilece\u011fi konusunda sizi uyar\u0131r. \u00c7erezlerin kullan\u0131m\u0131na ili\u015fkin politikam\u0131z, web sitemizde gezinme konusunda uygulad\u0131\u011f\u0131m\u0131z \u00f6nlemleri daha iyi anlaman\u0131z\u0131 sa\u011flar. \u00d6zellikle, web sitemizdeki t\u00fcm \u00e7erezler, bunlar\u0131n amac\u0131 ve nas\u0131l yap\u0131land\u0131r\u0131laca\u011f\u0131 hakk\u0131nda sizi bilgilendirir.  <\/p>\n\n<h3 class=\"wp-block-heading\" id=\"a-informations-generales-sur-les-cookies-presents-sur-le-site\">a) Sitedeki \u00e7erezler hakk\u0131nda genel bilgiler<\/h3>\n\n<p>oberA, bu web sitesinin yay\u0131nc\u0131s\u0131 olarak, web sitemizde sorunsuz ve en iyi \u015fekilde gezinmenizi sa\u011flamak i\u00e7in terminalinizin (bilgisayar, tablet, cep telefonu vb.) sabit diskine \u00e7erezler y\u00fckleyebilir.<\/p>\n\n<p>\u00c7erezler&#8221;, size sundu\u011fumuz hizmetleri ki\u015fiselle\u015ftirebilmemiz i\u00e7in bilgisayar\u0131n\u0131z\u0131, tabletinizi veya cep telefonunuzu tan\u0131mam\u0131z\u0131 sa\u011flayan s\u0131n\u0131rl\u0131 boyuttaki k\u00fc\u00e7\u00fck metin dosyalar\u0131d\u0131r.<\/p>\n\n<p>\u00c7erezler arac\u0131l\u0131\u011f\u0131yla toplanan bilgiler hi\u00e7bir \u015fekilde isminizle tan\u0131mlanman\u0131za izin vermez. Web sitemizin etkile\u015fimini ve performans\u0131n\u0131 iyile\u015ftirmek ve size ilgi alanlar\u0131n\u0131za g\u00f6re uyarlanm\u0131\u015f i\u00e7erik g\u00f6ndermek i\u00e7in yaln\u0131zca kendi ama\u00e7lar\u0131m\u0131z i\u00e7in kullan\u0131l\u0131r. Bu bilgilerin hi\u00e7biri, oberA&#8217;n\u0131n \u00f6nceden izninizi ald\u0131\u011f\u0131 veya bu bilgilerin if\u015fas\u0131n\u0131n kanun, mahkeme karar\u0131 veya bu t\u00fcr konularla ilgilenme yetkisine sahip herhangi bir idari veya adli makam taraf\u0131ndan gerekli g\u00f6r\u00fcld\u00fc\u011f\u00fc durumlar d\u0131\u015f\u0131nda \u00fc\u00e7\u00fcnc\u00fc taraflara iletilmez.  <\/p>\n\n<p>\u00c7erezlerin tan\u0131mlad\u0131\u011f\u0131 bilgiler hakk\u0131nda size daha net bir fikir vermek i\u00e7in, https:\/\/obera.fr\/politique-de-confidentialite\/ adresinde oberA web sitesinde kullan\u0131lmas\u0131 muhtemel farkl\u0131 \u00e7erez t\u00fcrlerini, adlar\u0131n\u0131, ama\u00e7lar\u0131n\u0131 ve saklama s\u00fcrelerini listeleyen bir tablo bulacaks\u0131n\u0131z.<\/p>\n\n<h3 class=\"wp-block-heading\" id=\"b-configuration-de-vos-preferences-sur-les-cookies\">b) \u00c7erez tercihlerinizi yap\u0131land\u0131rma<\/h3>\n\n<p>\u00c7erezleri istedi\u011finiz zaman kabul edebilir veya reddedebilirsiniz.<\/p>\n\n<p>https:\/\/obera.fr\/ web sitesine ilk ba\u011fland\u0131\u011f\u0131n\u0131zda, ekran\u0131n\u0131z\u0131n alt k\u0131sm\u0131nda \u00e7erezlerin ve benzer teknolojilerin depolanmas\u0131yla ilgili bilgileri k\u0131saca sunan bir banner g\u00f6r\u00fcn\u00fcr. Bu banner, oberA web sitesinde gezinmeye devam ederek (\u00f6rne\u011fin yeni bir sayfa y\u00fckleyerek veya sitenin \u00e7e\u015fitli \u00f6\u011felerine t\u0131klayarak), terminalinize \u00e7erezlerin yerle\u015ftirilmesini kabul etti\u011finiz konusunda sizi uyar\u0131r. <\/p>\n\n<p>S\u00f6z konusu \u00e7erezin t\u00fcr\u00fcne ba\u011fl\u0131 olarak, terminalinize \u00e7erez yerle\u015ftirilmesi ve okunmas\u0131 i\u00e7in onay\u0131n\u0131z gerekebilir.<\/p>\n\n<h3 class=\"wp-block-heading\" id=\"c-les-cookies-exemptes-de-consentement\">c) Onaydan muaf \u00e7erezler<\/h3>\n\n<p>Commission Nationale de l&#8217;Informatique et des Libert\u00e9s (CNIL) tavsiyelerine uygun olarak, baz\u0131 \u00e7erezler, web sitesinin \u00e7al\u0131\u015fmas\u0131 i\u00e7in kesinlikle gerekli olduklar\u0131 veya tek ama\u00e7lar\u0131 elektronik yollarla ileti\u015fimi sa\u011flamak veya kolayla\u015ft\u0131rmak oldu\u011fu s\u00fcrece \u00f6nceden onay\u0131n\u0131z\u0131 gerektirmez. Bu \u00e7erezler oturum tan\u0131mlay\u0131c\u0131lar\u0131, kimlik do\u011frulama \u00e7erezleri, y\u00fck dengeleme oturum \u00e7erezleri ve aray\u00fcz\u00fcn\u00fcz\u00fc ki\u015fiselle\u015ftirmek i\u00e7in kullan\u0131lan \u00e7erezleri i\u00e7erir. Bu \u00e7erezler, oberA taraf\u0131ndan d\u00fczenlendikleri ve y\u00f6netildikleri s\u00fcrece tamamen bu politikaya tabidir.  <\/p>\n\n<h3 class=\"wp-block-heading\" id=\"d-les-cookies-necessitant-le-recueil-prealable-de-votre-consentement\">d) \u00d6nceden onay\u0131n\u0131z\u0131 gerektiren \u00e7erezler<\/h3>\n\n<p>Bu gereklilik, \u00fc\u00e7\u00fcnc\u00fc taraflarca yay\u0131nlanan ve silinene veya s\u00fcreleri dolana kadar terminalinizde kalmalar\u0131 nedeniyle &#8220;kal\u0131c\u0131&#8221; olarak tan\u0131mlanan \u00e7erezler i\u00e7in ge\u00e7erlidir.<\/p>\n\n<p>Bu t\u00fcr \u00e7erezler \u00fc\u00e7\u00fcnc\u00fc taraflarca yay\u0131nland\u0131\u011f\u0131ndan, bunlar\u0131n kullan\u0131m\u0131 ve saklanmas\u0131, a\u015fa\u011f\u0131da bir ba\u011flant\u0131s\u0131 verilen kendi gizlilik politikalar\u0131na tabidir. Bu \u00e7erez ailesi, kitle \u00f6l\u00e7\u00fcm \u00e7erezlerini, oberA&#8217;n\u0131n kullanmad\u0131\u011f\u0131 reklam \u00e7erezlerini ve sosyal a\u011f payla\u015f\u0131m \u00e7erezlerini (Facebook, YouTube, Twitter, LinkedIn, vb.) i\u00e7erir. Sosyal a\u011f payla\u015f\u0131m \u00e7erezleri, ilgili sosyal a\u011f\u0131n yay\u0131nc\u0131s\u0131 taraf\u0131ndan d\u00fczenlenir ve y\u00f6netilir. \u0130zninize tabi olarak, bu \u00e7erezler, sitede yay\u0131nlanan baz\u0131 i\u00e7erikleri, \u00f6zellikle ilgili sosyal a\u011fa ba\u011fl\u0131 olarak bir payla\u015f\u0131m uygulamas\u0131 &#8220;d\u00fc\u011fmesi&#8221; arac\u0131l\u0131\u011f\u0131yla kolayca payla\u015fman\u0131za olanak tan\u0131r.   <\/p>\n\n<p>Kitle \u00f6l\u00e7\u00fcm \u00e7erezleri, ziyaret\u00e7i say\u0131lar\u0131 ve web sitesinin \u00e7e\u015fitli unsurlar\u0131n\u0131n kullan\u0131m\u0131 (ziyaret etti\u011finiz i\u00e7erik\/sayfalar gibi) hakk\u0131nda istatistikler derler. Bu veriler sitenin ergonomisini geli\u015ftirmeye yard\u0131mc\u0131 olur. https:\/\/obera.fr\/ web sitesi bir kitle \u00f6l\u00e7\u00fcm arac\u0131 (Google Analytics) kullanmaktad\u0131r; gizlilik politikas\u0131 a\u015fa\u011f\u0131daki web sitesi adresinde Frans\u0131zca olarak mevcuttur: https:\/\/www.google.com\/analytics\/learn\/privacy.html  <\/p>\n\n<h3 class=\"wp-block-heading\" id=\"e-outils-de-parametrage-des-cookies\">e) \u00c7erez ayarlama ara\u00e7lar\u0131<\/h3>\n\n<p>\u00c7o\u011fu \u0130nternet taray\u0131c\u0131s\u0131 varsay\u0131lan olarak \u00e7erezlerin b\u0131rak\u0131lmas\u0131na izin verecek \u015fekilde yap\u0131land\u0131r\u0131lm\u0131\u015ft\u0131r. Taray\u0131c\u0131n\u0131z size bu standart ayarlar\u0131, t\u00fcm \u00e7erezlerin sistematik olarak reddedilece\u011fi veya g\u00f6nderene ba\u011fl\u0131 olarak yaln\u0131zca baz\u0131 \u00e7erezlerin kabul edilece\u011fi veya reddedilece\u011fi \u015fekilde de\u011fi\u015ftirme f\u0131rsat\u0131 verir. <\/p>\n\n<p>UYARI: Terminalinizde \u00e7erezleri kabul etmeyi reddetmenin kullan\u0131c\u0131 deneyiminizi ve bu web sitesindeki belirli hizmetlere veya i\u015flevlere eri\u015fiminizi de\u011fi\u015ftirebilece\u011fine dikkatinizi \u00e7ekeriz. Uygulanabilir oldu\u011fu durumlarda, oberA, sitenin \u00e7al\u0131\u015fmas\u0131 i\u00e7in gerekli \u00e7erezleri reddetme, silme veya engelleme se\u00e7iminizin bir sonucu olarak ortaya \u00e7\u0131kabilecek tarama ko\u015fullar\u0131n\u0131zdaki herhangi bir bozulman\u0131n sonu\u00e7lar\u0131 i\u00e7in t\u00fcm sorumlulu\u011fu reddeder. Bu sonu\u00e7lar zarar te\u015fkil etmeyecek ve sonu\u00e7 olarak herhangi bir tazminat talep etme hakk\u0131n\u0131z olmayacakt\u0131r.  <\/p>\n\n<p>Taray\u0131c\u0131n\u0131z ayr\u0131ca mevcut \u00e7erezleri terminalinizden silmenize veya terminalinize yeni \u00e7erezler yerle\u015ftirilece\u011fi zaman sizi bilgilendirmesine olanak tan\u0131r. Bu ayarlar\u0131n tarama deneyiminiz \u00fczerinde hi\u00e7bir etkisi yoktur, ancak \u00e7erez taraf\u0131ndan sa\u011flanan t\u00fcm avantajlar\u0131 kaybedersiniz. <\/p>\n\n<p>Terminalinize yerle\u015ftirilen \u00e7erezleri yap\u0131land\u0131rmak i\u00e7in kullanabilece\u011finiz \u00e7e\u015fitli ara\u00e7lar i\u00e7in l\u00fctfen a\u015fa\u011f\u0131ya bak\u0131n.<\/p>\n\n<h3 class=\"wp-block-heading\" id=\"f-parametrage-de-votre-navigateur-internet\">f) Taray\u0131c\u0131 ayarlar\u0131<\/h3>\n\n<p>Her \u0130nternet taray\u0131c\u0131s\u0131n\u0131n kendi \u00e7erez y\u00f6netimi ayarlar\u0131 vard\u0131r. \u00c7erez tercihlerinizi nas\u0131l de\u011fi\u015ftirece\u011finizi \u00f6\u011frenmek i\u00e7in, taray\u0131c\u0131n\u0131z\u0131n \u00e7erez men\u00fcs\u00fcne eri\u015fmek i\u00e7in ihtiya\u00e7 duydu\u011funuz yard\u0131ma ili\u015fkin ba\u011flant\u0131lar\u0131 a\u015fa\u011f\u0131da bulabilirsiniz. <\/p>\n\n<p>Google Chrome: https:\/\/support.google.com\/chrome\/answer\/95647?hl=fr<br\/>Internet Explorer: https:\/\/support.microsoft.com\/fr-fr\/windows\/supprimer-et-g <a href=\"https:\/\/support.microsoft.com\/fr-fr\/windows\/supprimer-et-g%C3%A9rer-les-cookies-168dab11-0753-043d-7c16-ede5947fc64d\" data-type=\"URL\" data-id=\"https:\/\/support.microsoft.com\/fr-fr\/windows\/supprimer-et-g%C3%A9rer-les-cookies-168dab11-0753-043d-7c16-ede5947fc64d\">%C3%A9rer-les-cookies-168dab11-0753-043d-7c16-ede5947fc64d<\/a><br\/>Mozilla Firefox: https:\/\/support.mozilla.org\/fr\/kb\/protection-renforcee-contre-pistage-firefox-ordinateur<br\/>Opera: https:\/\/help.opera.com\/en\/latest\/security-and-privacy\/#tracking<br\/>Safari: https: <a href=\"https:\/\/support.apple.com\/fr-fr\/guide\/safari\/sfri11471\/mac\" data-type=\"URL\" data-id=\"https:\/\/support.apple.com\/fr-fr\/guide\/safari\/sfri11471\/mac\">\/\/support.apple.com\/fr-fr\/guide\/safari\/sfri11471\/mac<\/a><\/p>\n\n<p>\u00c7erez y\u00f6netim ara\u00e7lar\u0131 hakk\u0131nda daha fazla bilgi i\u00e7in <a href=\"https:\/\/www.cnil.fr\/fr\/les-conseils-de-la-cnil-pour-maitriser-votre-navigateur\" data-type=\"URL\" data-id=\"https:\/\/www.cnil.fr\/fr\/les-conseils-de-la-cnil-pour-maitriser-votre-navigateur\">https:\/\/www.cnil.fr\/fr\/les-conseils-de-la-cnil-pour-maitriser-votre-navigateur<\/a> adresindeki CNIL web sitesini ziyaret edin.<\/p>\n\n<p>Bu \u00e7erez politikas\u0131 hakk\u0131nda herhangi bir sorunuz varsa veya daha fazla bilgiye ihtiyac\u0131n\u0131z varsa, l\u00fctfen bizimle ileti\u015fime ge\u00e7in.<\/p>\n\n<p>T\u00fcm haklar\u0131 sakl\u0131d\u0131r &#8211; 1 Ocak 2020<\/p>\n","protected":false},"excerpt":{"rendered":"<p>Gizlilik politikas\u0131nda kullan\u0131lan terimlerin tan\u0131m\u0131 A\u015fa\u011f\u0131da &#8216;ye at\u0131fta bulunaca\u011f\u0131z: Madde 1 &#8211; Giri\u015f ve Gizlilik Politikas\u0131n\u0131n rol\u00fc Bu t\u00fcz\u00fc\u011f\u00fcn amac\u0131, gizlili\u011finize sayg\u0131 g\u00f6sterilmesi ve Hizmeti kulland\u0131\u011f\u0131n\u0131zda toplanan ve i\u015flenen Ki\u015fisel Verilerinizin korunmas\u0131na ili\u015fkin olarak Sitenin taahh\u00fctleri hakk\u0131nda sizi bilgilendirmektir. Verilerinizi neden ve nas\u0131l kulland\u0131\u011f\u0131m\u0131z\u0131n fark\u0131nda olman\u0131z i\u00e7in bu gizlilik politikas\u0131n\u0131 okuman\u0131z \u00f6nemlidir. Siteye kaydolarak, bize kendiniz hakk\u0131nda do\u011fru bilgi vermeyi taahh\u00fct edersiniz. Yanl\u0131\u015f bilgi vermek, Sitede belirtilen h\u00fck\u00fcm ve ko\u015fullara ayk\u0131r\u0131d\u0131r. Bu Gizlilik Politikas\u0131n\u0131n, \u00f6zellikle mevzuat, y\u00f6netmelik, i\u00e7tihat veya teknolojideki herhangi bir de\u011fi\u015fikli\u011fe uymak i\u00e7in herhangi bir zamanda de\u011fi\u015ftirilebilece\u011fini veya tamamlanabilece\u011fini l\u00fctfen unutmay\u0131n. Herhangi bir g\u00fcncellemenin tarihi a\u00e7\u0131k\u00e7a belirtilecektir. Bu &#8230; <\/p>\n<p class=\"read-more-container\"><a title=\"\u00c7erez politikas\u0131\" class=\"read-more button\" href=\"https:\/\/obera.fr\/tr\/politique-sur-les-cookies\/#more-65437\" aria-label=\"Read more about \u00c7erez politikas\u0131\">Lire la suite<\/a><\/p>\n","protected":false},"author":4,"featured_media":103631,"parent":0,"menu_order":0,"comment_status":"closed","ping_status":"open","template":"","meta":{"_acf_changed":false,"_seopress_robots_primary_cat":"","_seopress_titles_title":"\u00c7erez politikas\u0131 - oberA.fr","_seopress_titles_desc":"","_seopress_robots_index":"Evet.","footnotes":""},"class_list":{"0":"post-65437","1":"page","2":"type-page","3":"status-publish","4":"has-post-thumbnail","6":"no-featured-image-padding","7":"resize-featured-image"},"acf":[],"_links":{"self":[{"href":"https:\/\/obera.fr\/tr\/wp-json\/wp\/v2\/pages\/65437","targetHints":{"allow":["GET"]}}],"collection":[{"href":"https:\/\/obera.fr\/tr\/wp-json\/wp\/v2\/pages"}],"about":[{"href":"https:\/\/obera.fr\/tr\/wp-json\/wp\/v2\/types\/page"}],"author":[{"embeddable":true,"href":"https:\/\/obera.fr\/tr\/wp-json\/wp\/v2\/users\/4"}],"replies":[{"embeddable":true,"href":"https:\/\/obera.fr\/tr\/wp-json\/wp\/v2\/comments?post=65437"}],"version-history":[{"count":2,"href":"https:\/\/obera.fr\/tr\/wp-json\/wp\/v2\/pages\/65437\/revisions"}],"predecessor-version":[{"id":79391,"href":"https:\/\/obera.fr\/tr\/wp-json\/wp\/v2\/pages\/65437\/revisions\/79391"}],"wp:featuredmedia":[{"embeddable":true,"href":"https:\/\/obera.fr\/tr\/wp-json\/wp\/v2\/media\/103631"}],"wp:attachment":[{"href":"https:\/\/obera.fr\/tr\/wp-json\/wp\/v2\/media?parent=65437"}],"curies":[{"name":"wp","href":"https:\/\/api.w.org\/{rel}","templated":true}]}}