{"id":67211,"date":"2020-05-01T17:28:48","date_gmt":"2020-05-01T15:28:48","guid":{"rendered":"https:\/\/obera.fr\/mentions-legales\/"},"modified":"2025-04-11T10:40:30","modified_gmt":"2025-04-11T08:40:30","slug":"mentions-legales","status":"publish","type":"page","link":"https:\/\/obera.fr\/tr\/mentions-legales\/","title":{"rendered":"Yasal bilgiler"},"content":{"rendered":"\n<h2 class=\"wp-block-heading\" id=\"l-annonceur\">Reklamveren<\/h2>\n\n<p>Bu web sitesi, kay\u0131tl\u0131 ofisi 4 Rue Denis Papin 67400 Illkirch-Graffenstaden adresinde bulunan 20.000 \u20ac sermayeli oberA taraf\u0131ndan 832 913 487 00027 SIRET numaras\u0131 ve 4674B NAF kodu ile yay\u0131nlanmakta ve size sunulmaktad\u0131r.<\/p>\n\n<p>Sitenin amac\u0131, size reklamveren hakk\u0131nda bilgi ve \u00e7e\u015fitli web sitelerine ba\u011flant\u0131lar sa\u011flamakt\u0131r. Site, reklam verenin m\u00fclkiyetindedir. <\/p>\n\n<p>Bu site ev sahibinin ad\u0131: 100.000 \u20ac sermayeli o2switch SAS, Adres: Chemin des Pardiaux, 63000 Clermont-Ferrand, SIRET: 510 909 807 00032 RCS Clermont Ferrand taraf\u0131ndan bar\u0131nd\u0131r\u0131lmaktad\u0131r<\/p>\n\n<h2 class=\"wp-block-heading\" id=\"respect-des-droits-de-propriete-et-marques\">M\u00fclkiyet haklar\u0131na ve ticari markalara sayg\u0131<\/h2>\n\n<p>Sitede g\u00f6rd\u00fc\u011f\u00fcn\u00fcz, dinledi\u011finiz veya okudu\u011funuz t\u00fcm unsurlar\u0131n yan\u0131 s\u0131ra sitenin kendisi de telif hakk\u0131 yasas\u0131yla korunmaktad\u0131r. Hi\u00e7bir ko\u015ful alt\u0131nda, reklamverenin \u00f6nceden yaz\u0131l\u0131 izni olmadan siteyi veya sitenin p1-metinleri, g\u00f6r\u00fcnt\u00fcleri veya sesleri gibi unsurlar\u0131n\u0131 kullanamaz, da\u011f\u0131tamaz, kopyalayamaz, \u00e7o\u011faltamaz, de\u011fi\u015ftiremez, de\u011fi\u015ftiremez veya iletemezsiniz. Sitede yer alan ticari markalar ve logolar reklam verenin m\u00fclkiyetindedir veya kullan\u0131m iznine tabidir. Reklam verenin veya sitede g\u00f6r\u00fcnen ticari marka veya logonun haklar\u0131n\u0131 elinde bulunduran \u00fc\u00e7\u00fcnc\u00fc taraf\u0131n yaz\u0131l\u0131 izni olmaks\u0131z\u0131n bu unsurlardan herhangi biri ile ilgili olarak hi\u00e7bir hak veya lisans verilemez. Fondation Pierre Berg\u00e9 &#8211; Yves Saint Laurent, fikri m\u00fclkiyet haklar\u0131n\u0131n ihlaline kar\u015f\u0131 cezai kovu\u015fturmalar da dahil olmak \u00fczere yasal i\u015flem ba\u015flatma hakk\u0131n\u0131 sakl\u0131 tutar.    <\/p>\n\n<h2 class=\"wp-block-heading\" id=\"respect-des-images\">G\u00f6r\u00fcnt\u00fclere sayg\u0131<\/h2>\n\n<p>Sitede yer alan ki\u015filerin veya yerlerin g\u00f6r\u00fcnt\u00fcleri veya foto\u011fraflar\u0131 reklam verenin m\u00fclkiyetindedir ve\/veya reklam veren taraf\u0131ndan hak sahiplerinin onay\u0131 ile kullan\u0131lmaktad\u0131r. Bu g\u00f6r\u00fcnt\u00fclerin veya foto\u011fraflar\u0131n reklam verenin \u00f6zel ve a\u00e7\u0131k izni olmadan kullan\u0131lmas\u0131 yasakt\u0131r. Herhangi bir izinsiz kullan\u0131m, telif hakk\u0131, g\u00f6r\u00fcnt\u00fc haklar\u0131, ki\u015fisel haklar veya ileti\u015fim veya reklamc\u0131l\u0131k i\u00e7in ge\u00e7erli olan di\u011fer d\u00fczenlemelerin ihlaline neden olabilir.  <\/p>\n\n<h3 class=\"wp-block-heading\">Krediler<\/h3>\n\n<ul class=\"wp-block-list\">\n<li><a href=\"https:\/\/pleaseagency.com\/\" data-type=\"link\" data-id=\"https:\/\/pleaseagency.com\/\">PLEASE CREATIVE AGENCY <\/a> taraf\u0131ndan ana sayfa tasar\u0131m\u0131  <\/li>\n<\/ul>\n\n<h2 class=\"wp-block-heading\" id=\"mise-en-garde-generale\">Genel uyar\u0131<\/h2>\n\n<p>Fondation Pierre Berg\u00e9 &#8211; Yves Saint Laurent, bilgisayar ekipman\u0131n\u0131za veya ba\u015fka herhangi bir m\u00fclke bula\u015fabilecek herhangi bir bozulma veya vir\u00fcs de dahil olmak \u00fczere, siteye eri\u015fimden veya sitenin kullan\u0131m\u0131ndan kaynaklanabilecek herhangi bir zarardan sorumlu tutulamaz. Fondation Pierre Berg\u00e9 &#8211; Yves Saint Laurent, sitede yay\u0131nlanan do\u011fru bilgileri g\u00fcncellemek i\u00e7in her t\u00fcrl\u00fc makul \u00e7abay\u0131 g\u00f6stermesine ra\u011fmen, Fondation Pierre Berg\u00e9 &#8211; Yves Saint Laurent herhangi bir hata veya eksiklikten sorumlu tutulamaz. <\/p>\n\n<h2 class=\"wp-block-heading\" id=\"exclusion-de-responsabilite-et-indemnisation\">Sorumluluk ve tazminat\u0131n hari\u00e7 tutulmas\u0131<\/h2>\n\n<p>Ne Fondation Pierre Berg\u00e9 &#8211; Yves Saint Laurent ne de site ile ba\u011flant\u0131l\u0131 herhangi bir taraf, siteye veya burada yer alan bilgilere eri\u015fim veya kullan\u0131mdan kaynaklanabilecek do\u011frudan, dolayl\u0131 veya di\u011fer zararlardan sorumlu tutulamaz. Bu kullan\u0131m ko\u015fullar\u0131n\u0131 ihlal etmenizden veya siteyi kullanman\u0131zdan kaynaklanan her t\u00fcrl\u00fc talep, y\u00fck\u00fcml\u00fcl\u00fck, masraf ve harcamaya kar\u015f\u0131 reklamvereni ve ba\u011fl\u0131 kurulu\u015flar\u0131n\u0131, ayr\u0131ca y\u00f6neticilerini, memurlar\u0131n\u0131, \u00e7al\u0131\u015fanlar\u0131n\u0131, temsilcilerini, lisans sahiplerini veya sitenin olu\u015fturulmas\u0131, \u00fcretilmesi ve da\u011f\u0131t\u0131lmas\u0131na dahil olan herkesi tazmin edecek, savunacak ve zarar g\u00f6rmelerini engelleyeceksiniz. <\/p>\n\n<h2 class=\"wp-block-heading\" id=\"informations-personnelles\">Ki\u015fisel bilgiler<\/h2>\n\n<p>Ki\u015fisel bilgi, &#8220;herhangi bir bi\u00e7imde, do\u011frudan veya dolayl\u0131 olarak, ilgili oldu\u011fu ger\u00e7ek ki\u015filerin kimli\u011finin belirlenmesine olanak sa\u011flayan bilgi&#8221; olarak tan\u0131mlanmaktad\u0131r (6 Ocak 1978 tarihli ve 78-17 say\u0131l\u0131 kanunun 4. maddesinden al\u0131nt\u0131).<\/p>\n\n<p>\u00d6rne\u011fin :<\/p>\n\n<ul class=\"wp-block-list\">\n<li>Bir isim,<\/li>\n\n\n\n<li>bir posta adresi,<\/li>\n\n\n\n<li>bir telefon numaras\u0131,<\/li>\n\n\n\n<li>bir e-posta adresi.<\/li>\n<\/ul>\n\n<p>\u00c7erezler, oturum a\u00e7t\u0131\u011f\u0131n\u0131zda siteyi otomatik olarak yap\u0131land\u0131rmak ve bilgileri \u00f6nceden se\u00e7mek i\u00e7in kullan\u0131l\u0131r.<\/p>\n\n<p>Bu, sitenin yap\u0131land\u0131rmas\u0131n\u0131n bilgisayar\u0131n\u0131za ba\u011fl\u0131 oldu\u011fu ve b\u00f6ylece bilgisayar\u0131n\u0131z\u0131 kullanan herkesin ayn\u0131 \u015fekilde yap\u0131land\u0131r\u0131lm\u0131\u015f bir siteye sahip oldu\u011fu anlam\u0131na gelir.<\/p>\n\n<h2 class=\"wp-block-heading\" id=\"utilisation-de-vos-donnees-personnelles-communication-a-des-tiers\">Ki\u015fisel verilerinizin kullan\u0131m\u0131 &#8211; \u00dc\u00e7\u00fcnc\u00fc taraflara if\u015fa<\/h2>\n\n<p>Bu siteyi kullanarak, iletmi\u015f oldu\u011funuz veya sitenin i\u015fletilmesi yoluyla toplanan sizinle ilgili ki\u015fisel verilerin sitemiz taraf\u0131ndan kullan\u0131lmas\u0131na izin vermi\u015f olursunuz. Bu veriler, size haber b\u00fcltenleri g\u00f6ndermek ve bu site taraf\u0131ndan sunulan belirli hizmetlerden yararlanman\u0131z\u0131 sa\u011flamak i\u00e7in gereklidir. <\/p>\n\n<p>Sizinle ilgili olarak toplanan ki\u015fisel verilere 6 Ocak 1978 tarihli yasa uyar\u0131nca eri\u015fme, bunlar\u0131 d\u00fczeltme veya bunlara itiraz etme hakk\u0131na sahipsiniz. Bu haklar, bize bir e-posta veya reklamverene hitaben yaz\u0131lm\u0131\u015f bir mektup g\u00f6ndererek kullan\u0131labilir. <\/p>\n\n<p>Sitenin i\u015fleyi\u015fi s\u0131ras\u0131nda, \u00f6zellikle sitenin ilginizi en \u00e7ok \u00e7eken sayfalar\u0131yla ilgili bilgileri otomatik olarak toplad\u0131\u011f\u0131m\u0131z\u0131 belirtmek isteriz; b\u00f6ylece bu bilgileri, isteklerinizi ve ilgi alanlar\u0131n\u0131z\u0131 daha iyi anlamak amac\u0131yla analizler ve istatistikler yapmak i\u00e7in kullanabiliriz. Bu \u015fekilde ve a\u015fa\u011f\u0131dakilere tabi olarak, size ilgi alanlar\u0131n\u0131za g\u00f6re hedeflenmi\u015f bilgiler g\u00f6nderebilece\u011fiz. Bu ama\u00e7la \u00e7erezler kullanabiliriz.  <\/p>\n\n<p>E-posta adresiniz hari\u00e7 olmak \u00fczere, bu \u015fekilde toplanan ki\u015fisel verileri, hizmet sa\u011flay\u0131c\u0131lar\u0131m\u0131z veya sunulan hizmetlerin sa\u011flanmas\u0131na katk\u0131da bulunan tedarik\u00e7iler gibi se\u00e7ti\u011fimiz \u00fc\u00e7\u00fcnc\u00fc taraflara iletebiliriz. Bu bilgilerin bu tedarik\u00e7ilere ve hizmet sa\u011flay\u0131c\u0131lara iletilmesi, hizmetlerin sa\u011flanmas\u0131 i\u00e7in gerekli olabilir. Verilerinizin \u00fc\u00e7\u00fcnc\u00fc taraflara iletilmesine e-posta ve\/veya reklamverene hitaben yaz\u0131lm\u0131\u015f bir mektupla a\u00e7\u0131k\u00e7a itiraz edebilirsiniz.  <\/p>\n\n<h2 class=\"wp-block-heading\" id=\"concernant-votre-adresse-e-mail\">E-posta adresinizle ilgili olarak<\/h2>\n\n<p>Bize e-posta adresinizi vererek, reklamveren size e-posta yoluyla haber b\u00fcltenleri ve \u00fcr\u00fcnlerimiz ve hizmetlerimiz hakk\u0131nda bilgi g\u00f6nderme hakk\u0131n\u0131 sakl\u0131 tutar. Bu t\u00fcr mesajlar\u0131 almak istemiyorsan\u0131z, g\u00f6nderilen her b\u00fcltende bu ama\u00e7la sa\u011flanan ba\u011flant\u0131ya t\u0131klayarak istedi\u011finiz zaman aboneli\u011finizi iptal edebilirsiniz. <\/p>\n\n<p>Ayr\u0131ca, e-posta adresinizi, ilginizi \u00e7ekebilecek istenmeyen mesajlar\u0131 size e-posta ile g\u00f6nderebilecek \u00fc\u00e7\u00fcnc\u00fc taraflara iletebiliriz. \u0130stedi\u011finiz zaman, \u00f6zellikle e-posta yoluyla, e-posta adresinizi bu \u015fekilde iletmeyi durdurmam\u0131z\u0131 istemek i\u00e7in bizimle ileti\u015fime ge\u00e7ebilirsiniz. <\/p>\n\n<p>Frans\u0131z yasalar\u0131na uygun olarak, bu bilgiler reklamveren taraf\u0131ndan talep edebilecek herhangi bir ger\u00e7ek ki\u015fiye, t\u00fczel ki\u015fiye veya idari kuruma if\u015fa edilebilir.<\/p>\n\n<p>Son olarak, reklamveren kullan\u0131c\u0131 verilerini (ki\u015fisel bilgiler i\u00e7ersin ya da i\u00e7ermesin) kendi ama\u00e7lar\u0131 do\u011frultusunda istatistiksel analizler olu\u015fturmak i\u00e7in kullan\u0131r. Bu analizlerden elde edilen veriler toplula\u015ft\u0131r\u0131lm\u0131\u015f ve dolay\u0131s\u0131yla tamamen anonim oldu\u011fundan, reklamveren bunlar\u0131 \u00fc\u00e7\u00fcnc\u00fc taraflara aktarabilir veya satabilir. <\/p>\n\n<h2 class=\"wp-block-heading\" id=\"abonnement-a-la-newsletter-l-annonceur\">Reklamverenin haber b\u00fcltenine abonelik<\/h2>\n\n<p>Site arac\u0131l\u0131\u011f\u0131yla, reklamverenin haber b\u00fcltenine abone olabilirsiniz.<\/p>\n\n<p>Bu b\u00fclten, sizi reklamverenin hizmetleri ve yeni \u00fcr\u00fcnleri hakk\u0131nda bilgilendirmeyi ama\u00e7lamaktad\u0131r.<\/p>\n\n<p>\u0130stedi\u011finiz zaman ilgili siteye e-posta yoluyla &#8220;Aboneli\u011fi \u0130ptal Et&#8221; veya benzeri bir i\u015farete t\u0131klayarak art\u0131k haber b\u00fcltenine abone olmak istemedi\u011finizi bildirebilirsiniz.<\/p>\n\n<p>Ki\u015fisel verilerinizin kullan\u0131m ko\u015fullar\u0131 ilgili siteye ait olacakt\u0131r. Bu nedenle, ilgili sitedeki h\u00fck\u00fcm ve ko\u015fullar\u0131 okuman\u0131z\u0131 rica ederiz. <\/p>\n\n<h2 class=\"wp-block-heading\" id=\"liens-externes\">D\u0131\u015f ba\u011flant\u0131lar<\/h2>\n\n<p>Reklamveren, kendi sitesinden di\u011fer ba\u011fl\u0131 ve ba\u011fl\u0131 olmayan sitelere ba\u011flant\u0131lar \u00f6nermektedir. Bu siteler siteden ba\u011f\u0131ms\u0131zd\u0131r. Reklamveren bu siteleri yay\u0131nlamaz veya kontrol etmez. Bu sitelere verilen ba\u011flant\u0131lar hi\u00e7bir \u015fekilde reklamveren ile bu siteler aras\u0131nda bir onay veya ortakl\u0131k te\u015fkil etmez. Sonu\u00e7 olarak, Fondation Pierre Berg\u00e9 &#8211; Yves Saint Laurent bu sitelerde sunulan i\u00e7erik, \u00fcr\u00fcn, reklam veya di\u011fer herhangi bir unsur veya hizmetten sorumlu tutulamaz. Ba\u011fl\u0131 ve ba\u011fl\u0131 olmayan sitelerin kendi kullan\u0131m ko\u015fullar\u0131na ve gizlilik koruma politikalar\u0131na tabi oldu\u011funu hat\u0131rlat\u0131r\u0131z.     <\/p>\n\n<h2 class=\"wp-block-heading\" id=\"droit-applicable\">Uygulanabilir yasa<\/h2>\n\n<p>Bu site Frans\u0131z yasalar\u0131na tabidir.<\/p>\n\n<h2 class=\"wp-block-heading\" id=\"modification-des-conditions\">Ko\u015fullar\u0131n de\u011fi\u015ftirilmesi<\/h2>\n\n<p>Reklamveren, bu genel h\u00fck\u00fcm ve ko\u015fullar\u0131 istedi\u011fi zaman ve \u00f6nceden haber vermeksizin de\u011fi\u015ftirme veya daha genel olarak g\u00fcncelleme hakk\u0131n\u0131 sakl\u0131 tutar. Bu nedenle sizi d\u00fczenli olarak bunlara ba\u015fvurmaya davet ediyoruz. <\/p>\n\n<h2 class=\"wp-block-heading\" id=\"comment-nous-contacter-si-vous-avez-des-questions-sur-cette-charte\">Bu t\u00fcz\u00fck hakk\u0131nda herhangi bir sorunuz varsa bizimle nas\u0131l ileti\u015fime ge\u00e7ebilirsiniz?<\/h2>\n\n<p>Bu t\u00fcz\u00fc\u011f\u00fcn amac\u0131 gizlili\u011finizi korumak oldu\u011fundan, isteklerinizi ve yorumlar\u0131n\u0131z\u0131 bize bildirirseniz minnettar oluruz.<\/p>\n\n<p>Bu siteyi ziyaret etti\u011finizde verilerinizin isteklerinize uygun olarak i\u015flenmedi\u011fini d\u00fc\u015f\u00fcn\u00fcyorsan\u0131z, l\u00fctfen bize bildirin. M\u00fcmk\u00fcn olan en k\u0131sa s\u00fcrede yan\u0131t verece\u011fiz. <\/p>\n\n<p>Gelecekte, bu siteyi ziyaret ettikten sonra sizinle ileti\u015fime ge\u00e7ilmesini istemiyorsan\u0131z veya bize iletti\u011finiz herhangi bir nominal bilgiyi kontrol etmek, d\u00fczeltmek veya g\u00fcncellemek istiyorsan\u0131z, l\u00fctfen <a href=\"https:\/\/obera.fr\/tr\/contact\/\" data-type=\"page\" data-id=\"124\">bize yaz\u0131n<\/a>.<\/p>\n\n<p>Son olarak 24 Nisan 2017 tarihinde de\u011fi\u015ftirilmi\u015ftir.<\/p>\n","protected":false},"excerpt":{"rendered":"<p>Reklamveren Bu web sitesi, kay\u0131tl\u0131 ofisi 4 Rue Denis Papin 67400 Illkirch-Graffenstaden adresinde bulunan 20.000 \u20ac sermayeli oberA taraf\u0131ndan 832 913 487 00027 SIRET numaras\u0131 ve 4674B NAF kodu ile yay\u0131nlanmakta ve size sunulmaktad\u0131r. Sitenin amac\u0131, size reklamveren hakk\u0131nda bilgi ve \u00e7e\u015fitli web sitelerine ba\u011flant\u0131lar sa\u011flamakt\u0131r. Site, reklam verenin m\u00fclkiyetindedir. Bu site ev sahibinin ad\u0131: 100.000 \u20ac sermayeli o2switch SAS, Adres: Chemin des Pardiaux, 63000 Clermont-Ferrand, SIRET: 510 909 807 00032 RCS Clermont Ferrand taraf\u0131ndan bar\u0131nd\u0131r\u0131lmaktad\u0131r M\u00fclkiyet haklar\u0131na ve ticari markalara sayg\u0131 Sitede g\u00f6rd\u00fc\u011f\u00fcn\u00fcz, dinledi\u011finiz veya okudu\u011funuz t\u00fcm unsurlar\u0131n yan\u0131 s\u0131ra sitenin kendisi de telif hakk\u0131 yasas\u0131yla korunmaktad\u0131r. Hi\u00e7bir ko\u015ful &#8230; <\/p>\n<p class=\"read-more-container\"><a title=\"Yasal bilgiler\" class=\"read-more button\" href=\"https:\/\/obera.fr\/tr\/mentions-legales\/#more-67211\" aria-label=\"Read more about Yasal bilgiler\">Lire la suite<\/a><\/p>\n","protected":false},"author":4,"featured_media":103631,"parent":0,"menu_order":0,"comment_status":"closed","ping_status":"closed","template":"","meta":{"_acf_changed":false,"_seopress_robots_primary_cat":"","_seopress_titles_title":"oberA.fr yasal uyar\u0131","_seopress_titles_desc":"Bu web sitesi, 20.000 \u20ac sermayeli, SIRET numaras\u0131 832 913 487 00019, NAF kodu 282514 olan bir \u015firket olan oberA taraf\u0131ndan yay\u0131nlan\u0131r ve size sunulur.","_seopress_robots_index":"Evet.","footnotes":""},"class_list":{"0":"post-67211","1":"page","2":"type-page","3":"status-publish","4":"has-post-thumbnail","6":"no-featured-image-padding","7":"resize-featured-image"},"acf":[],"_links":{"self":[{"href":"https:\/\/obera.fr\/tr\/wp-json\/wp\/v2\/pages\/67211","targetHints":{"allow":["GET"]}}],"collection":[{"href":"https:\/\/obera.fr\/tr\/wp-json\/wp\/v2\/pages"}],"about":[{"href":"https:\/\/obera.fr\/tr\/wp-json\/wp\/v2\/types\/page"}],"author":[{"embeddable":true,"href":"https:\/\/obera.fr\/tr\/wp-json\/wp\/v2\/users\/4"}],"replies":[{"embeddable":true,"href":"https:\/\/obera.fr\/tr\/wp-json\/wp\/v2\/comments?post=67211"}],"version-history":[{"count":5,"href":"https:\/\/obera.fr\/tr\/wp-json\/wp\/v2\/pages\/67211\/revisions"}],"predecessor-version":[{"id":79418,"href":"https:\/\/obera.fr\/tr\/wp-json\/wp\/v2\/pages\/67211\/revisions\/79418"}],"wp:featuredmedia":[{"embeddable":true,"href":"https:\/\/obera.fr\/tr\/wp-json\/wp\/v2\/media\/103631"}],"wp:attachment":[{"href":"https:\/\/obera.fr\/tr\/wp-json\/wp\/v2\/media?parent=67211"}],"curies":[{"name":"wp","href":"https:\/\/api.w.org\/{rel}","templated":true}]}}